{"id":1748,"date":"2026-02-11T14:38:55","date_gmt":"2026-02-11T14:38:55","guid":{"rendered":"https:\/\/jn.travelblox.eu\/?page_id=1748"},"modified":"2026-03-24T08:52:36","modified_gmt":"2026-03-24T08:52:36","slug":"jn26a","status":"publish","type":"page","link":"https:\/\/jn.travelblox.eu\/de\/","title":{"rendered":"JN26A"},"content":{"rendered":"<div class=\"tb-header tb-block align-center background-dark pattern-none variant-none\" id=\"header\" data-fallback-background=\"https:\/\/vz-2d98b19f-729.b-cdn.net\/6616b394-e293-4bf7-92e9-0e775033a6e5\/thumbnail.jpg\" style=\"background-image: url('https:\/\/vz-2d98b19f-729.b-cdn.net\/6616b394-e293-4bf7-92e9-0e775033a6e5\/thumbnail.jpg'); background-position:center;\">\n    <div class=\"tb-header-foreground\">\n        <div class=\"inner-block\">\n\n            <div class=\"main-part\">\n                <div class=\"text-part\">\n                                                                                            <h1>\t<span class=\"tb-logo\"  style=\"-webkit-mask-image: url(https:\/\/jn.travelblox.eu\/wp-content\/uploads\/sites\/44\/2023\/10\/round-white.svg); mask-image: url(https:\/\/jn.travelblox.eu\/wp-content\/uploads\/sites\/44\/2023\/10\/round-white.svg)\">\n\t\t<img src='https:\/\/jn.travelblox.eu\/wp-content\/uploads\/sites\/44\/2023\/10\/round-white.svg' width='1024' height='1024' alt='Jordan Nomads Logo' title='Jordan Nomads' loading='lazy'>\n\t<\/span>\n<\/h1>\n                                                                                        <h2 class=\"tb-subtitle\">\t\t<div class=\"translation-block\"><p>Eine Rundreise durch Jordanien zwischen der W\u00fcste Wadi Rum, den historischen Sch\u00e4tzen von Petra und dem Toten Meer<\/p><\/div>\n\t<\/h2>\n                                                                                            <div class=\"tb-properties\">\n                                                                    <div class=\"tb-property\">\n                                                                                    <div class=\"tb-property__icon\">\n                                                \t\t\t\t<i class=\"icon fa-solid fa-calendar-days\" aria-hidden=\"true\"><\/i>\n\t\t\t                                            <\/div>\n                                                                                <div class=\"tb-property__label\">\n                                            7 Tage                                        <\/div>\n                                    <\/div>\n                                    <div class=\"tb-properties__divider\"><\/div>\n                                                                                                    <div class=\"tb-property\">\n                                                                                    <div class=\"tb-property__icon\">\n                                                \t\t\t\t<i class=\"icon fa-solid fa-bed-front\" aria-hidden=\"true\"><\/i>\n\t\t\t                                            <\/div>\n                                                                                <div class=\"tb-property__label\">\n                                            Hotels &amp; Lodges                                        <\/div>\n                                    <\/div>\n                                    <div class=\"tb-properties__divider\"><\/div>\n                                                                                                    <div class=\"tb-property\">\n                                                                                    <div class=\"tb-property__icon\">\n                                                \t\t\t\t<i class=\"icon fa-solid fa-person-simple\" aria-hidden=\"true\"><\/i>\n\t\t\t                                            <\/div>\n                                                                                <div class=\"tb-property__label\">\n                                            2, 3 oder 4 Personen                                        <\/div>\n                                    <\/div>\n                                                            <\/div>\n                                                                                        <div class=\"tb-buttons-part\">\n                                                            \t\t<a href=\"#join\"  target=\"\" class=\"tb-button\">\n\t\t\tVerf\u00fcgbarkeit anzeigen\t\t<\/a>\n\t\t                                                                                        \t\t<a href=\"#concept\"  target=\"\" class=\"tb-buttonlink\">\n\t\t\tWeitere Informationen\t\t<\/a>\n\t\t                                                    <\/div>\n                                                                <div class=\"average-reviews-wrapper\" data-reviews-redirect-url=\"https:\/\/g.page\/r\/CSl3yZlvVLmIEAE\/review\" data-embed-social-id=\"b0ff53b6da69c89beca10ef7bb76aa0ece1708fa\"><\/div>\n                                    <\/div>\n            <\/div>\n            \n                    <\/div>\n    <\/div>\n\n                        <div class=\"tb-header-background tb-header-background--has-iframe\">\n                        <iframe src=\"https:\/\/iframe.mediadelivery.net\/embed\/306445\/6616b394-e293-4bf7-92e9-0e775033a6e5?autoplay=true&#038;preload=true&#038;loop=true&#038;responsive=true&#038;muted=true\" allow=\"accelerometer;gyroscope;encrypted-media;picture-in-picture;autoplay;muted;\" allowfullscreen=\"true\" style=\"border: none;\" loading=\"lazy\"><\/iframe>                    <\/div>\n    \n    \n        <nav class=\"tb-header__subnav\">\n            <div class=\"inner-block\">\n                <div class=\"tb-header__pagename\">\n                                            \t<span class=\"tb-logo\"  style=\"-webkit-mask-image: url(https:\/\/jn.travelblox.eu\/wp-content\/uploads\/sites\/44\/2023\/10\/round-white.svg); mask-image: url(https:\/\/jn.travelblox.eu\/wp-content\/uploads\/sites\/44\/2023\/10\/round-white.svg)\">\n\t\t<img src='https:\/\/jn.travelblox.eu\/wp-content\/uploads\/sites\/44\/2023\/10\/round-white.svg' width='1024' height='1024' alt='Jordan Nomads Logo' title='Jordan Nomads' loading='lazy'>\n\t<\/span>\n                                    <\/div>\n\n                <ul>\n                                            <li>\n                            <a href=\"#route\">Route<\/a>\n                        <\/li>\n\n                                            <li>\n                            <a href=\"#car\">Fahrzeug &amp; Unterk\u00fcnfte<\/a>\n                        <\/li>\n\n                                            <li>\n                            <a href=\"#info\">Praktische Informationen<\/a>\n                        <\/li>\n\n                                            <li>\n                            <a href=\"#activities\">Aktivit\u00e4ten<\/a>\n                        <\/li>\n\n                                            <li>\n                            <a href=\"#transport\">Fl\u00fcge<\/a>\n                        <\/li>\n\n                                            <li>\n                            <a href=\"#faq\">FAQ<\/a>\n                        <\/li>\n\n                    \n                                                <li class=\"tb-header__subnav_cta\">\n                                <a href=\"#join\" class=\"tb-button\" >Buche deine Reise ab 690 \u20ac<\/a>\n                            <\/li>\n                                    <\/ul>\n            <\/div>\n        <\/nav>\n\n    \n<\/div>\n\n\n\n\n\n\n<div class=\"tb-intro tb-block align-none background-middle pattern-none variant-none tb-collapsible-margins\" id=\"intro\">\n    <div class=\"inner-block tb-fade-in tb-fade-in--subtle\">\n\n        \n\n        <div class=\"text-part content-part\">\n            <div class=\"title-meta-inclusive\">\n                <div class=\"title-and-meta\">\n                                            <div class=\"title-part\">\n                                                            <h3>JORDAN NOMADS<\/h3>\n                                                                                                                            <h5>\t\t<div class=\"translation-block\">Entdecke Petra, eines der Sieben Weltwunder, spektakul\u00e4re T\u00e4ler, ockerfarbene Berge und die legend\u00e4re Handelsstra\u00dfe des Nahen Ostens.<\/div>\n\t<\/h5>\n                                                                                    <\/div>\n                                        <ul class=\"meta-data\">\n                                                    <li>\n                                <i class=\"fa fa-regular fa-tag\"><\/i>\n                                <span>Ab 690 \u20ac<\/span>\n                            <\/li>\n                                                                            <li>\n                                <i class=\"fa fa-regular fa-calendar\"><\/i>\n                                <span><p><a href=\"#join\">M\u00e4rz-Mai<\/a> &amp; <a href=\"#join\">Sept.-Nov.<\/a><\/p>\n<\/span>\n                            <\/li>\n                                            <\/ul>\n                <\/div>\n                                    <div class=\"inclusive\">\n                                                    <h6>Highlights<\/h6>\n                                                <ul class=\"\">\n                                                            <li class=\"visible\">\n                                                                            \t\t\t\t<i class=\"icon fa-solid fa-car-side\" aria-hidden=\"true\"><\/i>\n\t\t\t                                                                                                                <span>Erkunde das Land in einem gut ausgestatteten SUV<\/span>\n                                                                    <\/li>\n                                                            <li class=\"visible\">\n                                                                            \t\t\t\t<i class=\"icon fa-solid fa-bed\" aria-hidden=\"true\"><\/i>\n\t\t\t                                                                                                                <span>\u00dcbernachte in authentischen Lodges, inklusive Fr\u00fchst\u00fcck<\/span>\n                                                                    <\/li>\n                                                            <li class=\"visible\">\n                                                                            \t\t\t\t<i class=\"icon fa-solid fa-book-open\" aria-hidden=\"true\"><\/i>\n\t\t\t                                                                                                                <span>Entdecke alle Sehensw\u00fcrdigkeiten mit unserem Roadbook<\/span>\n                                                                    <\/li>\n                                                            <li class=\"visible\">\n                                                                            \t\t\t\t<i class=\"icon fa-solid fa-star\" aria-hidden=\"true\"><\/i>\n\t\t\t                                                                                                                <span>Nimm an unvergesslichen Aktivit\u00e4ten teil, zum Beispiel an einer Jeep-Safari in der W\u00fcste<\/span>\n                                                                    <\/li>\n                                                    <\/ul>\n                                            <\/div>\n                            <\/div>\n\n                            <div class=\"tb-buttons desktop-only\">\n                                            <a href=\"#concept\" class=\"tb-button\">\n                                                            Entdecke die Reise                                                    <\/a>\n                                                                <a href=\"#join\" class=\"tb-buttonlink\">\n                                                            Verf\u00fcgbarkeiten &amp; Preise                                                    <\/a>\n                                    <\/div>\n                    <\/div>\n                                    <div class=\"tb-video-part\">\n                    <iframe src=\"https:\/\/iframe.mediadelivery.net\/embed\/328190\/f3cdbf37-fe2a-4fca-bf7d-def478223f13?autoplay=false&#038;preload=true&#038;loop=true&#038;responsive=true\" allow=\"accelerometer;gyroscope;encrypted-media;picture-in-picture;\" allowfullscreen=\"true\" style=\"border: none;\" loading=\"lazy\"><\/iframe>                <\/div>\n                                        <div class=\"tb-buttons mobile-only\">\n                                    <a href=\"#concept\" class=\"tb-button\">\n                                                    Entdecke die Reise                                            <\/a>\n                                                    <a href=\"#join\" class=\"tb-buttonlink\">\n                                                    Verf\u00fcgbarkeiten &amp; Preise                                            <\/a>\n                            <\/div>\n            <\/div>\n<\/div>\n\n\n\n\n\n\n\n\n<div class=\"tb-gallery tb-block align-center background-light pattern-none variant-grid\" id=\"collage\">\n\t<div>\n\t\t<div class=\"desktop tb-has-popup-content\">\n\t\t\t\t\t\t\t<ul class=\"tb-gallery-grid\">\n\t\t\t\t\t\t\t\t\t\t\t\t\t\t\t\t\t\t<li class=\"slide\">\n\t\t\t\t\t\t\t\t<div class=\"tb-popup-trigger\">\n\t\t\t\t\t\t\t\t\t<img src='https:\/\/jn.travelblox.eu\/wp-content\/uploads\/sites\/44\/2025\/01\/JN23_RoyMosterd_LR_4183313.jpeg' width='788' height='1050' alt='Auto auf einer kargen Stra\u00dfe' loading='lazy'>\t\t\t\t\t\t\t\t<\/div>\n\t\t\t\t\t\t\t<\/li>\n\t\t\t\t\t\t\t\t\t\t\t\t\t<li class=\"slide\">\n\t\t\t\t\t\t\t\t<div class=\"tb-popup-trigger\">\n\t\t\t\t\t\t\t\t\t<img src='https:\/\/jn.travelblox.eu\/wp-content\/uploads\/sites\/44\/2025\/01\/JN23_RoyMosterd_LR_4184231.jpeg' width='2060' height='1545' alt='Sonnenuntergang in der W\u00fcste' loading='lazy'>\t\t\t\t\t\t\t\t<\/div>\n\t\t\t\t\t\t\t<\/li>\n\t\t\t\t\t\t\t\t\t\t\t\t\t<li class=\"slide\">\n\t\t\t\t\t\t\t\t<div class=\"tb-popup-trigger\">\n\t\t\t\t\t\t\t\t\t<img src='https:\/\/jn.travelblox.eu\/wp-content\/uploads\/sites\/44\/2025\/01\/JN23_RoyMosterd_LR_4172462.jpeg' width='700' height='525' alt='Jordan singt in einem Amphitheater' loading='lazy'>\t\t\t\t\t\t\t\t<\/div>\n\t\t\t\t\t\t\t<\/li>\n\t\t\t\t\t\t\t\t\t\t\t\t\t<li class=\"slide\">\n\t\t\t\t\t\t\t\t<div class=\"tb-popup-trigger\">\n\t\t\t\t\t\t\t\t\t<img src='https:\/\/jn.travelblox.eu\/wp-content\/uploads\/sites\/44\/2023\/08\/355650159_1468926126979139_8326167195922637072_n.jpg' width='1080' height='1350' loading='lazy'>\t\t\t\t\t\t\t\t<\/div>\n\t\t\t\t\t\t\t<\/li>\n\t\t\t\t\t\t\t\t\t\t\t\t\t<li class=\"slide\">\n\t\t\t\t\t\t\t\t<div class=\"tb-popup-trigger\">\n\t\t\t\t\t\t\t\t\t<img src='https:\/\/jn.travelblox.eu\/wp-content\/uploads\/sites\/44\/2025\/01\/JORDAN_NOMADS_SJOERDBRACKE_387A9679.jpeg' width='1000' height='1500' alt='Jordanien-Flagge' loading='lazy'>\t\t\t\t\t\t\t\t<\/div>\n\t\t\t\t\t\t\t<\/li>\n\t\t\t\t\t\t\t\t\t\t\t\t\t<li class=\"slide\">\n\t\t\t\t\t\t\t\t<div class=\"tb-popup-trigger\">\n\t\t\t\t\t\t\t\t\t<img src='https:\/\/jn.travelblox.eu\/wp-content\/uploads\/sites\/44\/2025\/01\/JN23_RoyMosterd_LR_4172669.jpeg' width='932' height='699' alt='Totes Meer' loading='lazy'>\t\t\t\t\t\t\t\t<\/div>\n\t\t\t\t\t\t\t<\/li>\n\t\t\t\t\t\t\t\t\t\t\t\t\t\t\t<\/ul>\n\t\t\t\t\t\t<div class=\"tb-popup tb-popup--open-clicked-image\">\n\t\t\t\t<div class=\"tb-gallery-popup\">\n\t\t\t\t\t<div class=\"tb-image-part\">\n\t\t\t\t\t\t\t\t\t\t<div class=\"inner-block-full-width has-tb-carousel tb-carousel-slider\" >\n\t\t\t<div class=\"tb-carousel-container\">\n\t\t\t\t<div class=\"entries tb-cards\" data-slider-first=\"2\">\n\t\t\t\t\t\t\t\t\t<div class=\"entry\">\n\t\t\t\t<div class=\"tb-image-part\">\n\t\t\t\t\t<figure>\n\t\t\t\t\t\t<img src='https:\/\/jn.travelblox.eu\/wp-content\/uploads\/sites\/44\/2025\/01\/JN23_RoyMosterd_LR_4183313.jpeg' width='788' height='1050' alt='Auto auf einer kargen Stra\u00dfe' loading='lazy' image_size='full'>\t\t\t\t\t\t\t\t\t\t\t<\/figure>\n\t\t\t\t<\/div>\n\t\t\t<\/div>\n\t\t\t\t\t<div class=\"entry\">\n\t\t\t\t<div class=\"tb-image-part\">\n\t\t\t\t\t<figure>\n\t\t\t\t\t\t<img src='https:\/\/jn.travelblox.eu\/wp-content\/uploads\/sites\/44\/2025\/01\/JN23_RoyMosterd_LR_4184231.jpeg' width='2060' height='1545' alt='Sonnenuntergang in der W\u00fcste' loading='lazy' image_size='full'>\t\t\t\t\t\t\t\t\t\t\t<\/figure>\n\t\t\t\t<\/div>\n\t\t\t<\/div>\n\t\t\t\t\t<div class=\"entry\">\n\t\t\t\t<div class=\"tb-image-part\">\n\t\t\t\t\t<figure>\n\t\t\t\t\t\t<img src='https:\/\/jn.travelblox.eu\/wp-content\/uploads\/sites\/44\/2025\/01\/JN23_RoyMosterd_LR_4172462.jpeg' width='700' height='525' alt='Jordan singt in einem Amphitheater' loading='lazy' image_size='full'>\t\t\t\t\t\t\t\t\t\t\t<\/figure>\n\t\t\t\t<\/div>\n\t\t\t<\/div>\n\t\t\t\t\t<div class=\"entry\">\n\t\t\t\t<div class=\"tb-image-part\">\n\t\t\t\t\t<figure>\n\t\t\t\t\t\t<img src='https:\/\/jn.travelblox.eu\/wp-content\/uploads\/sites\/44\/2023\/08\/355650159_1468926126979139_8326167195922637072_n.jpg' width='1080' height='1350' loading='lazy' image_size='full'>\t\t\t\t\t\t\t\t\t\t\t<\/figure>\n\t\t\t\t<\/div>\n\t\t\t<\/div>\n\t\t\t\t\t<div class=\"entry\">\n\t\t\t\t<div class=\"tb-image-part\">\n\t\t\t\t\t<figure>\n\t\t\t\t\t\t<img src='https:\/\/jn.travelblox.eu\/wp-content\/uploads\/sites\/44\/2025\/01\/JORDAN_NOMADS_SJOERDBRACKE_387A9679.jpeg' width='1000' height='1500' alt='Jordanien-Flagge' loading='lazy' image_size='full'>\t\t\t\t\t\t\t\t\t\t\t<\/figure>\n\t\t\t\t<\/div>\n\t\t\t<\/div>\n\t\t\t\t\t<div class=\"entry\">\n\t\t\t\t<div class=\"tb-image-part\">\n\t\t\t\t\t<figure>\n\t\t\t\t\t\t<img src='https:\/\/jn.travelblox.eu\/wp-content\/uploads\/sites\/44\/2025\/01\/JN23_RoyMosterd_LR_4172669.jpeg' width='932' height='699' alt='Totes Meer' loading='lazy' image_size='full'>\t\t\t\t\t\t\t\t\t\t\t<\/figure>\n\t\t\t\t<\/div>\n\t\t\t<\/div>\n\t\t\t\t\t\t\t\t<\/div>\n\t\t\t\t\t\t<div class=\"tb-carousel-nav\">\n\t\t\t<div class=\"dots\">\n\t\t\t\t<div class=\"dot active\"><\/div>\n\t\t\t\t<div class=\"dot\"><\/div>\n\t\t\t\t<div class=\"dot\"><\/div>\n\t\t\t<\/div>\n\t\t\t<div class=\"arrows\">\n\t\t\t\t<div class=\"prev disabled\">\n\t\t\t\t\t<span><i class=\"fa fa-chevron-left\"><\/i><\/span>\n\t\t\t\t<\/div>\n\t\t\t\t<div class=\"next\">\n\t\t\t\t\t<span><i class=\"fa fa-chevron-right\"><\/i><\/span>\n\t\t\t\t<\/div>\n\t\t\t<\/div>\n\t\t<\/div>\n\t\t\t\t<\/div>\n\t\t<\/div>\n\t\t\t\t\t\t\t<\/div>\n\t\t\t\t<\/div>\n\t\t\t<\/div>\n\t\t<\/div>\n\t\t<div class=\"mobile\">\n\t\t\t<div class=\"tb-image-part\">\n\t\t\t\t\t\t\t\t<div class=\"inner-block-full-width has-tb-carousel tb-carousel-slider\" >\n\t\t\t<div class=\"tb-carousel-container\">\n\t\t\t\t<div class=\"entries tb-cards\" data-slider-first=\"0\">\n\t\t\t\t\t\t\t\t\t<div class=\"entry\">\n\t\t\t\t<div class=\"tb-image-part\">\n\t\t\t\t\t<figure>\n\t\t\t\t\t\t<img src='https:\/\/jn.travelblox.eu\/wp-content\/uploads\/sites\/44\/2025\/01\/JN23_RoyMosterd_LR_4183313-768x1023.jpeg' width='768' height='1023' alt='Auto auf einer kargen Stra\u00dfe' loading='lazy' image_size='medium_large'>\t\t\t\t\t\t\t\t\t\t\t<\/figure>\n\t\t\t\t<\/div>\n\t\t\t<\/div>\n\t\t\t\t\t<div class=\"entry\">\n\t\t\t\t<div class=\"tb-image-part\">\n\t\t\t\t\t<figure>\n\t\t\t\t\t\t<img src='https:\/\/jn.travelblox.eu\/wp-content\/uploads\/sites\/44\/2025\/01\/JN23_RoyMosterd_LR_4184231-768x576.jpeg' width='768' height='576' alt='Sonnenuntergang in der W\u00fcste' loading='lazy' image_size='medium_large'>\t\t\t\t\t\t\t\t\t\t\t<\/figure>\n\t\t\t\t<\/div>\n\t\t\t<\/div>\n\t\t\t\t\t<div class=\"entry\">\n\t\t\t\t<div class=\"tb-image-part\">\n\t\t\t\t\t<figure>\n\t\t\t\t\t\t<img src='https:\/\/jn.travelblox.eu\/wp-content\/uploads\/sites\/44\/2025\/01\/JN23_RoyMosterd_LR_4172462.jpeg' width='700' height='525' alt='Jordan singt in einem Amphitheater' loading='lazy' image_size='medium_large'>\t\t\t\t\t\t\t\t\t\t\t<\/figure>\n\t\t\t\t<\/div>\n\t\t\t<\/div>\n\t\t\t\t\t<div class=\"entry\">\n\t\t\t\t<div class=\"tb-image-part\">\n\t\t\t\t\t<figure>\n\t\t\t\t\t\t<img src='https:\/\/jn.travelblox.eu\/wp-content\/uploads\/sites\/44\/2023\/08\/355650159_1468926126979139_8326167195922637072_n-768x960.jpg' width='768' height='960' loading='lazy' image_size='medium_large'>\t\t\t\t\t\t\t\t\t\t\t<\/figure>\n\t\t\t\t<\/div>\n\t\t\t<\/div>\n\t\t\t\t\t<div class=\"entry\">\n\t\t\t\t<div class=\"tb-image-part\">\n\t\t\t\t\t<figure>\n\t\t\t\t\t\t<img src='https:\/\/jn.travelblox.eu\/wp-content\/uploads\/sites\/44\/2025\/01\/JORDAN_NOMADS_SJOERDBRACKE_387A9679-768x1152.jpeg' width='768' height='1152' alt='Jordanien-Flagge' loading='lazy' image_size='medium_large'>\t\t\t\t\t\t\t\t\t\t\t<\/figure>\n\t\t\t\t<\/div>\n\t\t\t<\/div>\n\t\t\t\t\t<div class=\"entry\">\n\t\t\t\t<div class=\"tb-image-part\">\n\t\t\t\t\t<figure>\n\t\t\t\t\t\t<img src='https:\/\/jn.travelblox.eu\/wp-content\/uploads\/sites\/44\/2025\/01\/JN23_RoyMosterd_LR_4172669-768x576.jpeg' width='768' height='576' alt='Totes Meer' loading='lazy' image_size='medium_large'>\t\t\t\t\t\t\t\t\t\t\t<\/figure>\n\t\t\t\t<\/div>\n\t\t\t<\/div>\n\t\t\t\t\t\t\t\t<\/div>\n\t\t\t\t\t\t<div class=\"tb-carousel-nav\">\n\t\t\t<div class=\"dots\">\n\t\t\t\t<div class=\"dot active\"><\/div>\n\t\t\t\t<div class=\"dot\"><\/div>\n\t\t\t\t<div class=\"dot\"><\/div>\n\t\t\t<\/div>\n\t\t\t<div class=\"arrows\">\n\t\t\t\t<div class=\"prev disabled\">\n\t\t\t\t\t<span><i class=\"fa fa-chevron-left\"><\/i><\/span>\n\t\t\t\t<\/div>\n\t\t\t\t<div class=\"next\">\n\t\t\t\t\t<span><i class=\"fa fa-chevron-right\"><\/i><\/span>\n\t\t\t\t<\/div>\n\t\t\t<\/div>\n\t\t<\/div>\n\t\t\t\t<\/div>\n\t\t<\/div>\n\t\t\t\t\t<\/div>\n\t\t<\/div>\n\t<\/div>\n<\/div>\n\n\n\n\n\n<div class=\"tb-textimage2 tb-block align-left background-light pattern-none variant-text_first tb-collapsible-margins\" id=\"concept\">\n\t<div class=\"inner-block tb-fade-in\">\n\n\t\t\n\t\t<div class=\"tb-columns\">\n\t\t\t<div class=\"tb-column\">\n\t\t\t\t<div class=\"tb-text-part\">\n\t\t\t\t\t<h2>Die Magie Jordaniens erwartet dich...<\/h2>\n\t\t\t\t\t\t\t<div class=\"translation-block\"><p>Mach dich auf eine <strong>7-t\u00e4gige Rundreise durch Jordanien<\/strong>. Wenn du davon tr\u00e4umst, dieses faszinierende Land und seine einzigartigen Landschaften zu entdecken, dann ist <strong>Jordan Nomads<\/strong> wie f\u00fcr dich gemacht.<\/p><p>Deine Reise startet in <strong>Amman<\/strong>, der lebendigen Hauptstadt voller Geschichte. Du l\u00e4sst dich im <strong>Toten Meer<\/strong> treiben, erkundest <strong>Dana<\/strong> und seine weiten Naturschutzgebiete und wanderst durch die Schluchten von <strong>Wadi Ghuweir<\/strong> bis nach <strong>Wadi Musa<\/strong>, dem Tor zur majest\u00e4tischen <strong>Petra<\/strong> \u2013 einem der sieben Weltwunder. Danach \u00fcberrascht dich die Stille der <strong>W\u00fcste Wadi Rum<\/strong>, bevor du in <strong>Aqaba<\/strong> das <strong>Rote Meer<\/strong> genie\u00dft. Zum Abschluss wartet die historische Stadt <strong>Madaba<\/strong> auf dich.<\/p><p>Jordanien ist eine Rundreise voller Freiheit, Entdeckungen und intensiver Einblicke in die Kultur und Sch\u00e4tze eines Landes mit au\u00dfergew\u00f6hnlichem Erbe.<\/p><\/div>\n\t\t\t\t\t\t\t\t\t\t\t<div class=\"tb-buttons-part\">\n\t\t\t\t\t\t\t\t<a href=\"#route\"  target=\"\" class=\"tb-button\">\n\t\t\tEntdecke die Route\t\t<\/a>\n\t\t\t\t\t\t\t\t\t\t<a href=\"https:\/\/jn.travelblox.eu\/de\/blog\/\"  target=\"\" class=\"tb-buttonlink\">\n\t\t\tMehr \u00fcber Jordanien erfahren\t\t<\/a>\n\t\t\t\t\t\t\t<\/div>\n\t\t\t\t<\/div>\n\t\t\t<\/div>\n\t\t\t<div class=\"tb-column\">\n\t\t\t\t\t\t\t\t\t\t\t\t\t\t\t<div class=\"tb-image-part\">\n\t\t\t\t\t\t\t<img src='https:\/\/jn.travelblox.eu\/wp-content\/uploads\/sites\/44\/2025\/09\/JN-Map-EN.svg' width='768' height='1' class='no-cut-off' style='object-position:50% 50%' loading='lazy' image_size='medium_large'>\t\t\t\t\t\t<\/div>\n\t\t\t\t\t\t\t\t\t\t\t\t<\/div>\n\t\t<\/div>\n\t<\/div>\n<\/div>\n\n\n\n\n<div class=\"tb-dayschedule tb-block align-center background-dark pattern-custom variant-none tb-collapsible-margins\" id=\"route\" style=\"background-image: url(https:\/\/jn.travelblox.eu\/wp-content\/uploads\/sites\/44\/2025\/07\/JN3.png)\">\n\n\t<div class=\"inner-block tb-fade-in tb-fade-in--subtle\">\n\t\t<div class=\"text-part\">\n\t\t\t<h2>Deine Reiseroute durch Jordanien<\/h2>\n\t\t\t\t\t<div class=\"translation-block\"><p>Hier bekommst du einen \u00dcberblick \u00fcber deine <strong>7-t\u00e4gige Reise durch Jordanien<\/strong>.<br>Deine Unterk\u00fcnfte sind bereits organisiert, tags\u00fcber bist du aber v\u00f6llig frei: Du entscheidest selbst, welche Orte du entdecken m\u00f6chtest und wie viel Zeit du dir daf\u00fcr nimmst.<\/p><\/div>\n\t\t\t\t\t\t\t\t\t\t\t\t\t<\/div>\n\t<\/div>\n\t\t\t<div class=\"tb-sections\">\n\t\t\t\t\t\t\t\t\t\t\t\t\t\t<div class=\"inner-block-full-width has-tb-carousel tb-section\" id=\"route-section-0\">\n\t\t\t<div class=\"tb-carousel-container\">\n\t\t\t\t<div class=\"entries tb-cards\" data-slider-first=\"1\">\n\t\t\t\t\t\t\t\t\t\t\t\t\t\t\t<div class=\"tb-card entry tb-popup-trigger tb-unfold-on-hover\">\n\t\t\t\t\t\t\t<div class=\"tb-image-part\">\n\t\t\t\t\t\t\t\t<div class=\"tag\">\n\t\t\t\t\t\t\t\t\t<div>Tag 1<\/div>\n\t\t\t\t\t\t\t\t<\/div>\n\n\t\t\t\t\t\t\t\t<img src='https:\/\/jn.travelblox.eu\/wp-content\/uploads\/sites\/44\/2025\/01\/Capture-decran-2025-01-16-a-16.34.30.png' width='577' height='424' alt='Trip in Jordanien planen' loading='lazy' image_size='medium_large'>\t\t\t\t\t\t\t<\/div>\n\t\t\t\t\t\t\t<div class=\"tb-card-bottom-wrapper\">\n\t\t\t\t\t\t\t\t<div class=\"tb-card-bottom\">\n\n\t\t\t\t\t\t\t\t\t<span class=\"tb-card-bottom__title\">\n\t\t\t\t\t\t\t\t\t\t<span class=\"tb-card-bottom__place\">\n\t\t\t\t\t\t\t\t\t\t\tFlughafen &#8211; Amman\t\t\t\t\t\t\t\t\t\t\t\t\t\t\t\t\t\t\t\t\t<\/span>\n\n\t\t\t\t\t\t\t\t\t<\/span>\n\t\t\t\t\t\t\t\t\t<div class=\"tb-card-bottom__content\">\n\t\t\t\t\t\t\t\t\t\t<div>\n\t\t\t\t\t\t\t\t\t\t\t\t\t\t\t\t\t\t\t\t\t\t\t<i class=\"icon fa-regular fa-car\"><\/i> 50 Min &#8211; 40 km\t\t\t\t\t\t\t\t\t\t\t\t\t\t\t\t\t\t\t\t\t<\/div>\n\t\t\t\t\t\t\t\t\t<\/div>\n\t\t\t\t\t\t\t\t\t<div class=\"tb-card-bottom__teaser tb-unfold-on-hover__content\" data-no-translation>\n\t\t\t\t\t\t\t\t\t\t\t\t\t\t\t\t\t\t\t\t\t\t\t\t\t\t\t\t\t\tKaum gelandet, bist du mittendrin in Jordanien. Weite Landschaften, viel Platz, eine besondere Ruhe &#8230; <span class=\"link\">Mehr lesen<\/span>\t\t\t\t\t\t\t\t\t<\/div>\n\t\t\t\t\t\t\t\t<\/div>\n\n\t\t\t\t\t\t\t<\/div>\n\t\t\t\t\t\t\t<dialog class=\"tb-popup tb-popup-with-padding tb-dayschedule-popup-wrapper\">\n\t\t\t\t\t\t\t\t<div class=\"tb-dayschedule-popup\">\n\t\t\t\t\t\t\t\t\t<h5>\n\t\t\t\t\t\t\t\t\t\t\t\t\t\t\t\t\t\t\t\t\t\t\t\t\t\t\t\t\t\t\t<div>\n\t\t\t\t\t\t\t\t\t\t\t\t\t\t\t\t\t\t\t\t\t\t\t\t\tFlughafen\t\t\t\t\t\t\t\t\t\t\t\t\t\t\t\t\t\t\t\t\t\t\t\t\t\t\t\t\t\t\t\t\t\t\t\t\t\t\t\t\t\t\t\t\t\t\t\t\t\t\t<i class=\"icon fa-solid fa-arrow-right\"><\/i> Amman\t\t\t\t\t\t\t\t\t\t\t\t\t\t\t\t\t\t\t\t\t\t\t\t\t\t\t\t\t\t\t\t\t\t\t\t<\/div>\n\t\t\t\t\t\t\t\t\t\t\t\t\t\t\t\t\t\t\t<\/h5>\n\t\t\t\t\t\t\t\t\t<div class=\"tb-columns\">\n\t\t\t\t\t\t\t\t\t\t<div class=\"tb-column tb-column--text\">\n\t\t\t\t\t\t\t\t\t\t\t<div class=\"text-part\">\n\t\t\t\t\t\t\t\t\t\t\t\t\t\t\t\t\t\t\t\t\t\t\t\t\t<div class=\"tb-dayschedule-popup__icons\">\n\t\t\t\t\t\t\t\t\t\t\t\t\t\t\t\t\t\t\t\t\t\t\t\t\t\t\t\t\t\t\t\t\t\t\t\t\t\t\t\t\t\t\t<div class=\"tb-dayschedule-popup__icon\">\n\t\t\t\t\t\t\t\t\t\t\t\t\t\t\t\t<i class=\"icon fa-regular fa-car\"><\/i>\n\t\t\t\t\t\t\t\t\t\t\t\t\t\t\t\t<span>\n\t\t\t\t\t\t\t\t\t\t\t\t\t\t\t\t\t50 Min &#8211; 40 km\t\t\t\t\t\t\t\t\t\t\t\t\t\t\t\t<\/span>\n\t\t\t\t\t\t\t\t\t\t\t\t\t\t\t<\/div>\n\t\t\t\t\t\t\t\t\t\t\t\t\t\t\t\t\t\t\t\t\t\t\t\t\t\t\t<\/div>\n\t\t\t\t\t\t\t\t\t\t\t\t\n\t\t\t\t\t\t\t\t\t\t\t\t\n\t\t\t\t\t\t\t\t\t\t\t\t<div>\n\t\t\t\t\t\t\t\t\t\t\t\t\t<strong>Tag 1<\/strong>\n\t\t\t\t\t\t\t\t\t\t\t\t\t\t\t<div class=\"translation-block\"><p>Kaum gelandet, bist du mittendrin in Jordanien. Weite Landschaften, viel Platz, eine besondere Ruhe \u2013 der perfekte Start f\u00fcr dein Abenteuer. Am Flughafen gehst du direkt zur <strong>Autovermietung<\/strong>, wo man dich bereits erwartet.<\/p><p><strong>Dort bekommst du die Schl\u00fcssel<\/strong> f\u00fcr dein Auto, das ganz in der N\u00e4he des Flughafenausgangs steht, sowie dein <strong>Roadbook<\/strong> f\u00fcr die kommenden Tage. Kurz die wichtigsten Infos zum Fahren vor Ort, ein schneller Check des Fahrzeugs und schon geht\u2019s los. <strong>Erster Halt: Amman<\/strong>.<\/p><p><strong>Unterkunft:<\/strong> Du \u00fcbernachtest <strong>mitten in der Hauptstadt<\/strong> in einem klassischen Hotel mit Parkplatz. Ideal, um entspannt anzukommen, etwas durchzuatmen, die lokale K\u00fcche zu probieren und Energie f\u00fcr die n\u00e4chsten Tage zu sammeln.<\/p><\/div>\n\t\t\t\t\t\t\t\t\t\t\t\t\t<\/div>\n\n\n\t\t\t\t\t\t\t\t\t\t\t<\/div>\n\t\t\t\t\t\t\t\t\t\t<\/div>\n\t\t\t\t\t\t\t\t\t\t<div class=\"tb-column tb-column--image\">\n\n\t\t\t\t\t\t\t\t\t\t\t<div class=\"tb-image-part\">\n\t\t\t\t\t\t\t\t\t\t\t\t\t\t\t\t<div class=\"inner-block-full-width has-tb-carousel tb-carousel-slider\" >\n\t\t\t<div class=\"tb-carousel-container\">\n\t\t\t\t<div class=\"entries tb-cards\" data-slider-first=\"0\">\n\t\t\t\t\t\t\t\t\t<div class=\"entry\">\n\t\t\t\t<div class=\"tb-image-part\">\n\t\t\t\t\t<figure>\n\t\t\t\t\t\t<img src='https:\/\/jn.travelblox.eu\/wp-content\/uploads\/sites\/44\/2025\/01\/Capture-decran-2025-01-16-a-16.34.30.png' width='577' height='424' alt='Trip in Jordanien planen' loading='lazy' image_size='large'>\t\t\t\t\t\t\t\t\t\t\t<\/figure>\n\t\t\t\t<\/div>\n\t\t\t<\/div>\n\t\t\t\t\t<div class=\"entry\">\n\t\t\t\t<div class=\"tb-image-part\">\n\t\t\t\t\t<figure>\n\t\t\t\t\t\t<img src='https:\/\/jn.travelblox.eu\/wp-content\/uploads\/sites\/44\/2025\/01\/IMG_6644.jpeg' width='639' height='852' alt='Blick auf Amman' loading='lazy' image_size='large'>\t\t\t\t\t\t\t\t\t\t\t<\/figure>\n\t\t\t\t<\/div>\n\t\t\t<\/div>\n\t\t\t\t\t<div class=\"entry\">\n\t\t\t\t<div class=\"tb-image-part\">\n\t\t\t\t\t<figure>\n\t\t\t\t\t\t<img src='https:\/\/jn.travelblox.eu\/wp-content\/uploads\/sites\/44\/2026\/01\/amman-misk-hotel-photo-1-1024x680.jpeg' width='1024' height='680' alt='Misk Hotel Amman Eingang' loading='lazy' image_size='large'>\t\t\t\t\t\t\t\t\t\t\t<\/figure>\n\t\t\t\t<\/div>\n\t\t\t<\/div>\n\t\t\t\t\t<div class=\"entry\">\n\t\t\t\t<div class=\"tb-image-part\">\n\t\t\t\t\t<figure>\n\t\t\t\t\t\t<img src='https:\/\/jn.travelblox.eu\/wp-content\/uploads\/sites\/44\/2026\/01\/misk-hotel_15299527423-1024x682.jpg' width='1024' height='682' alt='Misk Hotel Amman Zimmer' loading='lazy' image_size='large'>\t\t\t\t\t\t\t\t\t\t\t<\/figure>\n\t\t\t\t<\/div>\n\t\t\t<\/div>\n\t\t\t\t\t\t\t\t<\/div>\n\t\t\t\t\t\t<div class=\"tb-carousel-nav\">\n\t\t\t<div class=\"dots\">\n\t\t\t\t<div class=\"dot active\"><\/div>\n\t\t\t\t<div class=\"dot\"><\/div>\n\t\t\t\t<div class=\"dot\"><\/div>\n\t\t\t<\/div>\n\t\t\t<div class=\"arrows\">\n\t\t\t\t<div class=\"prev disabled\">\n\t\t\t\t\t<span><i class=\"fa fa-chevron-left\"><\/i><\/span>\n\t\t\t\t<\/div>\n\t\t\t\t<div class=\"next\">\n\t\t\t\t\t<span><i class=\"fa fa-chevron-right\"><\/i><\/span>\n\t\t\t\t<\/div>\n\t\t\t<\/div>\n\t\t<\/div>\n\t\t\t\t<\/div>\n\t\t<\/div>\n\t\t\t\t\t\t\t\t\t\t\t\t\t<\/div>\n\t\t\t\t\t\t\t\t\t\t<\/div>\n\t\t\t\t\t\t\t\t\t<\/div>\n\t\t\t\t\t\t\t\t\t\t\t<div class=\"tb-popup-nav\">\n\t\t\t<a href=\"#\" class=\"tb-buttonlink-with-icon tb-buttonlink-with-arrow icon-first tb-popup-previous\">\n\t\t\t\t<i class=\"icon fa fa-chevron-left\"><\/i>\n\t\t\t\t<span>Vorheriger Tag<\/span>\n\t\t\t<\/a>\n\t\t\t<a href=\"#\" class=\"tb-buttonlink-with-icon tb-buttonlink-with-arrow tb-popup-next\">\n\t\t\t\t<span>N\u00e4chster Tag<\/span>\n\t\t\t\t<i class=\"icon fa fa-chevron-right\"><\/i>\n\t\t\t<\/a>\n\t\t<\/div>\n\t\n\t\t\t\t\t\t\t\t<\/div>\n\t\t\t\t\t\t\t<\/dialog>\n\t\t\t\t\t\t<\/div>\n\t\t\t\t\t\t\t\t\t\t\t<div class=\"tb-card entry tb-popup-trigger tb-unfold-on-hover\">\n\t\t\t\t\t\t\t<div class=\"tb-image-part\">\n\t\t\t\t\t\t\t\t<div class=\"tag\">\n\t\t\t\t\t\t\t\t\t<div>Tag 2<\/div>\n\t\t\t\t\t\t\t\t<\/div>\n\n\t\t\t\t\t\t\t\t<img src='https:\/\/jn.travelblox.eu\/wp-content\/uploads\/sites\/44\/2025\/01\/JN23_RoyMosterd_LR_4172328-768x576.jpeg' width='768' height='576' alt='Alte Geb\u00e4ude in Amman' loading='lazy' image_size='medium_large'>\t\t\t\t\t\t\t<\/div>\n\t\t\t\t\t\t\t<div class=\"tb-card-bottom-wrapper\">\n\t\t\t\t\t\t\t\t<div class=\"tb-card-bottom\">\n\n\t\t\t\t\t\t\t\t\t<span class=\"tb-card-bottom__title\">\n\t\t\t\t\t\t\t\t\t\t<span class=\"tb-card-bottom__place\">\n\t\t\t\t\t\t\t\t\t\t\tAmman \u2013 Dana\t\t\t\t\t\t\t\t\t\t\t\t\t\t\t\t\t\t\t\t\t<\/span>\n\n\t\t\t\t\t\t\t\t\t<\/span>\n\t\t\t\t\t\t\t\t\t<div class=\"tb-card-bottom__content\">\n\t\t\t\t\t\t\t\t\t\t<div>\n\t\t\t\t\t\t\t\t\t\t\t\t\t\t\t\t\t\t\t\t\t\t\t<i class=\"icon fa-regular fa-car\"><\/i> 4 Std. 20 Min. \u2013 250 km\t\t\t\t\t\t\t\t\t\t\t\t\t\t\t\t\t\t\t\t\t<\/div>\n\t\t\t\t\t\t\t\t\t<\/div>\n\t\t\t\t\t\t\t\t\t<div class=\"tb-card-bottom__teaser tb-unfold-on-hover__content\" data-no-translation>\n\t\t\t\t\t\t\t\t\t\t\t\t\t\t\t\t\t\t\t\t\t\t\t\t\t\t\t\t\t\tDu wachst mitten im Herzen von Amman auf. Heute hast du Zeit, die Highlights der Stadt und ihrer Umg&#8230; <span class=\"link\">Mehr lesen<\/span>\t\t\t\t\t\t\t\t\t<\/div>\n\t\t\t\t\t\t\t\t<\/div>\n\n\t\t\t\t\t\t\t<\/div>\n\t\t\t\t\t\t\t<dialog class=\"tb-popup tb-popup-with-padding tb-dayschedule-popup-wrapper\">\n\t\t\t\t\t\t\t\t<div class=\"tb-dayschedule-popup\">\n\t\t\t\t\t\t\t\t\t<h5>\n\t\t\t\t\t\t\t\t\t\t\t\t\t\t\t\t\t\t\t\t\t\t\t\t\t\t\t\t\t\t\t<div>\n\t\t\t\t\t\t\t\t\t\t\t\t\t\t\t\t\t\t\t\t\t\t\t\t\tAmman\t\t\t\t\t\t\t\t\t\t\t\t\t\t\t\t\t\t\t\t\t\t\t\t\t\t\t\t\t\t\t\t\t\t\t\t\t\t\t\t\t\t\t\t\t\t\t\t\t\t\t<i class=\"icon fa-solid fa-arrow-right\"><\/i> Dana\t\t\t\t\t\t\t\t\t\t\t\t\t\t\t\t\t\t\t\t\t\t\t\t\t\t\t\t\t\t\t\t\t\t\t\t<\/div>\n\t\t\t\t\t\t\t\t\t\t\t\t\t\t\t\t\t\t\t<\/h5>\n\t\t\t\t\t\t\t\t\t<div class=\"tb-columns\">\n\t\t\t\t\t\t\t\t\t\t<div class=\"tb-column tb-column--text\">\n\t\t\t\t\t\t\t\t\t\t\t<div class=\"text-part\">\n\t\t\t\t\t\t\t\t\t\t\t\t\t\t\t\t\t\t\t\t\t\t\t\t\t<div class=\"tb-dayschedule-popup__icons\">\n\t\t\t\t\t\t\t\t\t\t\t\t\t\t\t\t\t\t\t\t\t\t\t\t\t\t\t\t\t\t\t\t\t\t\t\t\t\t\t\t\t\t\t<div class=\"tb-dayschedule-popup__icon\">\n\t\t\t\t\t\t\t\t\t\t\t\t\t\t\t\t<i class=\"icon fa-regular fa-car\"><\/i>\n\t\t\t\t\t\t\t\t\t\t\t\t\t\t\t\t<span>\n\t\t\t\t\t\t\t\t\t\t\t\t\t\t\t\t\t4 Std. 20 Min. \u2013 250 km\t\t\t\t\t\t\t\t\t\t\t\t\t\t\t\t<\/span>\n\t\t\t\t\t\t\t\t\t\t\t\t\t\t\t<\/div>\n\t\t\t\t\t\t\t\t\t\t\t\t\t\t\t\t\t\t\t\t\t\t\t\t\t\t\t<\/div>\n\t\t\t\t\t\t\t\t\t\t\t\t\n\t\t\t\t\t\t\t\t\t\t\t\t\n\t\t\t\t\t\t\t\t\t\t\t\t<div>\n\t\t\t\t\t\t\t\t\t\t\t\t\t<strong>Tag 2<\/strong>\n\t\t\t\t\t\t\t\t\t\t\t\t\t\t\t<div class=\"translation-block\"><p>Du wachst mitten im Herzen von <strong>Amman<\/strong> auf. Heute hast du Zeit, die Highlights der Stadt und ihrer Umgebung zu entdecken: das r\u00f6mische Theater, die Zitadelle, Moscheen und viele weitere historische Orte \u2013 bis hin zu <strong>Al-Maghtas<\/strong>, einem der heiligsten Orte des Christentums.<\/p><p>Danach geht es weiter Richtung <strong>Wadi Mujib<\/strong>. Die spektakul\u00e4re Schlucht wirkt wie eine gr\u00fcne Oase inmitten der kargen Landschaft. Anschlie\u00dfend erreichst du die Ufer des <strong>Toten Meeres<\/strong> \u2013 Zeit zum Baden, Schweben und Staunen.<\/p><p>Am Ende des Tages f\u00e4hrst du weiter in die beeindruckende <strong>Region Dana<\/strong>, ein echtes <strong>Naturparadies<\/strong>. Du erreichst ein kleines, malerisches Dorf mit Steinh\u00e4usern, eingebettet in das Naturschutzgebiet, mit weitem Blick \u00fcber tiefe T\u00e4ler und steile Berge, die bis zum Horizont reichen.<\/p><p><strong>Unterkunft:<\/strong> Du \u00fcbernachtest in einem <strong>Hotel in den H\u00f6hen von Dana<\/strong>, mit traumhaftem Blick auf die Berge. Dein Gastgeber Bassam nimmt sich gerne Zeit, um mit dir \u00fcber diese besondere Region zu plaudern.<\/p><\/div>\n\t\t\t\t\t\t\t\t\t\t\t\t\t<\/div>\n\n\n\t\t\t\t\t\t\t\t\t\t\t<\/div>\n\t\t\t\t\t\t\t\t\t\t<\/div>\n\t\t\t\t\t\t\t\t\t\t<div class=\"tb-column tb-column--image\">\n\n\t\t\t\t\t\t\t\t\t\t\t<div class=\"tb-image-part\">\n\t\t\t\t\t\t\t\t\t\t\t\t\t\t\t\t<div class=\"inner-block-full-width has-tb-carousel tb-carousel-slider\" >\n\t\t\t<div class=\"tb-carousel-container\">\n\t\t\t\t<div class=\"entries tb-cards\" data-slider-first=\"0\">\n\t\t\t\t\t\t\t\t\t<div class=\"entry\">\n\t\t\t\t<div class=\"tb-image-part\">\n\t\t\t\t\t<figure>\n\t\t\t\t\t\t<img src='https:\/\/jn.travelblox.eu\/wp-content\/uploads\/sites\/44\/2025\/01\/JN23_RoyMosterd_LR_4172328-1024x768.jpeg' width='1024' height='768' alt='Alte Geb\u00e4ude in Amman' loading='lazy' image_size='large'>\t\t\t\t\t\t\t\t\t\t\t<\/figure>\n\t\t\t\t<\/div>\n\t\t\t<\/div>\n\t\t\t\t\t<div class=\"entry\">\n\t\t\t\t<div class=\"tb-image-part\">\n\t\t\t\t\t<figure>\n\t\t\t\t\t\t<img src='https:\/\/jn.travelblox.eu\/wp-content\/uploads\/sites\/44\/2025\/01\/JN23_RoyMosterd_LR_4172305.jpeg' width='638' height='850' alt='Aussichtspunkt in Amman' loading='lazy' image_size='large'>\t\t\t\t\t\t\t\t\t\t\t<\/figure>\n\t\t\t\t<\/div>\n\t\t\t<\/div>\n\t\t\t\t\t<div class=\"entry\">\n\t\t\t\t<div class=\"tb-image-part\">\n\t\t\t\t\t<figure>\n\t\t\t\t\t\t<img src='https:\/\/jn.travelblox.eu\/wp-content\/uploads\/sites\/44\/2025\/01\/IMG_6646.jpeg' width='684' height='912' alt='Moschee in Amman' loading='lazy' image_size='large'>\t\t\t\t\t\t\t\t\t\t\t<\/figure>\n\t\t\t\t<\/div>\n\t\t\t<\/div>\n\t\t\t\t\t<div class=\"entry\">\n\t\t\t\t<div class=\"tb-image-part\">\n\t\t\t\t\t<figure>\n\t\t\t\t\t\t<img src='https:\/\/jn.travelblox.eu\/wp-content\/uploads\/sites\/44\/2026\/01\/DSC_0526-684x1024.jpg' width='684' height='1024' alt='Hotel Dana' loading='lazy' image_size='large'>\t\t\t\t\t\t\t\t\t\t\t<\/figure>\n\t\t\t\t<\/div>\n\t\t\t<\/div>\n\t\t\t\t\t<div class=\"entry\">\n\t\t\t\t<div class=\"tb-image-part\">\n\t\t\t\t\t<figure>\n\t\t\t\t\t\t<img src='https:\/\/jn.travelblox.eu\/wp-content\/uploads\/sites\/44\/2026\/01\/IMG_3664-copie-1024x768.jpg' width='1024' height='768' alt='Hotelzimmer Dana' loading='lazy' image_size='large'>\t\t\t\t\t\t\t\t\t\t\t<\/figure>\n\t\t\t\t<\/div>\n\t\t\t<\/div>\n\t\t\t\t\t\t\t\t<\/div>\n\t\t\t\t\t\t<div class=\"tb-carousel-nav\">\n\t\t\t<div class=\"dots\">\n\t\t\t\t<div class=\"dot active\"><\/div>\n\t\t\t\t<div class=\"dot\"><\/div>\n\t\t\t\t<div class=\"dot\"><\/div>\n\t\t\t<\/div>\n\t\t\t<div class=\"arrows\">\n\t\t\t\t<div class=\"prev disabled\">\n\t\t\t\t\t<span><i class=\"fa fa-chevron-left\"><\/i><\/span>\n\t\t\t\t<\/div>\n\t\t\t\t<div class=\"next\">\n\t\t\t\t\t<span><i class=\"fa fa-chevron-right\"><\/i><\/span>\n\t\t\t\t<\/div>\n\t\t\t<\/div>\n\t\t<\/div>\n\t\t\t\t<\/div>\n\t\t<\/div>\n\t\t\t\t\t\t\t\t\t\t\t\t\t<\/div>\n\t\t\t\t\t\t\t\t\t\t<\/div>\n\t\t\t\t\t\t\t\t\t<\/div>\n\t\t\t\t\t\t\t\t\t\t\t<div class=\"tb-popup-nav\">\n\t\t\t<a href=\"#\" class=\"tb-buttonlink-with-icon tb-buttonlink-with-arrow icon-first tb-popup-previous\">\n\t\t\t\t<i class=\"icon fa fa-chevron-left\"><\/i>\n\t\t\t\t<span>Vorheriger Tag<\/span>\n\t\t\t<\/a>\n\t\t\t<a href=\"#\" class=\"tb-buttonlink-with-icon tb-buttonlink-with-arrow tb-popup-next\">\n\t\t\t\t<span>N\u00e4chster Tag<\/span>\n\t\t\t\t<i class=\"icon fa fa-chevron-right\"><\/i>\n\t\t\t<\/a>\n\t\t<\/div>\n\t\n\t\t\t\t\t\t\t\t<\/div>\n\t\t\t\t\t\t\t<\/dialog>\n\t\t\t\t\t\t<\/div>\n\t\t\t\t\t\t\t\t\t\t\t<div class=\"tb-card entry tb-popup-trigger tb-unfold-on-hover\">\n\t\t\t\t\t\t\t<div class=\"tb-image-part\">\n\t\t\t\t\t\t\t\t<div class=\"tag\">\n\t\t\t\t\t\t\t\t\t<div>Tag 3<\/div>\n\t\t\t\t\t\t\t\t<\/div>\n\n\t\t\t\t\t\t\t\t<img src='https:\/\/jn.travelblox.eu\/wp-content\/uploads\/sites\/44\/2025\/01\/IMG_6972.jpeg' width='504' height='672' style='object-position:50% 50%' loading='lazy' image_size='medium_large'>\t\t\t\t\t\t\t<\/div>\n\t\t\t\t\t\t\t<div class=\"tb-card-bottom-wrapper\">\n\t\t\t\t\t\t\t\t<div class=\"tb-card-bottom\">\n\n\t\t\t\t\t\t\t\t\t<span class=\"tb-card-bottom__title\">\n\t\t\t\t\t\t\t\t\t\t<span class=\"tb-card-bottom__place\">\n\t\t\t\t\t\t\t\t\t\t\tDana\t\t\t\t\t\t\t\t\t\t\t\t\t\t\t\t\t\t\t\t\t\t\t&#8211; Petra\t\t\t\t\t\t\t\t\t\t\t\t\t\t\t\t\t\t\t\t\t<\/span>\n\n\t\t\t\t\t\t\t\t\t<\/span>\n\t\t\t\t\t\t\t\t\t<div class=\"tb-card-bottom__content\">\n\t\t\t\t\t\t\t\t\t\t<div>\n\t\t\t\t\t\t\t\t\t\t\t\t\t\t\t\t\t\t\t\t\t\t\t<i class=\"icon fa-regular fa-car\"><\/i> 2 Std. 10 Min. \u2013 100 km\t\t\t\t\t\t\t\t\t\t\t\t\t\t\t\t\t\t\t\t\t<\/div>\n\t\t\t\t\t\t\t\t\t<\/div>\n\t\t\t\t\t\t\t\t\t<div class=\"tb-card-bottom__teaser tb-unfold-on-hover__content\" data-no-translation>\n\t\t\t\t\t\t\t\t\t\t\t\t\t\t\t\t\t\t\t\t\t\t\t\t\t\t\t\t\t\tDein Tag startet in Dana mit einem lokalen Fr\u00fchst\u00fcck. Heute solltest du auf jeden Fall gute Wandersc&#8230; <span class=\"link\">Mehr lesen<\/span>\t\t\t\t\t\t\t\t\t<\/div>\n\t\t\t\t\t\t\t\t<\/div>\n\n\t\t\t\t\t\t\t<\/div>\n\t\t\t\t\t\t\t<dialog class=\"tb-popup tb-popup-with-padding tb-dayschedule-popup-wrapper\">\n\t\t\t\t\t\t\t\t<div class=\"tb-dayschedule-popup\">\n\t\t\t\t\t\t\t\t\t<h5>\n\t\t\t\t\t\t\t\t\t\t\t\t\t\t\t\t\t\t\t\t\t\t\t\t\t\t\t\t\t\t\t<div>\n\t\t\t\t\t\t\t\t\t\t\t\t\t\t\t\t\t\t\t\t\t\t\t\t\tDana\t\t\t\t\t\t\t\t\t\t\t\t\t\t\t\t\t\t\t\t\t\t\t\t\t\t\t\t\t\t\t\t\t\t\t\t\t\t\t\t\t\t\t\t\t\t\t\t\t\t\t<i class=\"icon fa-solid fa-arrow-right\"><\/i> Petra\t\t\t\t\t\t\t\t\t\t\t\t\t\t\t\t\t\t\t\t\t\t\t\t\t\t\t\t\t\t\t\t\t\t\t\t<\/div>\n\t\t\t\t\t\t\t\t\t\t\t\t\t\t\t\t\t\t\t<\/h5>\n\t\t\t\t\t\t\t\t\t<div class=\"tb-columns\">\n\t\t\t\t\t\t\t\t\t\t<div class=\"tb-column tb-column--text\">\n\t\t\t\t\t\t\t\t\t\t\t<div class=\"text-part\">\n\t\t\t\t\t\t\t\t\t\t\t\t\t\t\t\t\t\t\t\t\t\t\t\t\t<div class=\"tb-dayschedule-popup__icons\">\n\t\t\t\t\t\t\t\t\t\t\t\t\t\t\t\t\t\t\t\t\t\t\t\t\t\t\t\t\t\t\t\t\t\t\t\t\t\t\t\t\t\t\t<div class=\"tb-dayschedule-popup__icon\">\n\t\t\t\t\t\t\t\t\t\t\t\t\t\t\t\t<i class=\"icon fa-regular fa-car\"><\/i>\n\t\t\t\t\t\t\t\t\t\t\t\t\t\t\t\t<span>\n\t\t\t\t\t\t\t\t\t\t\t\t\t\t\t\t\t2 Std. 10 Min. \u2013 100 km\t\t\t\t\t\t\t\t\t\t\t\t\t\t\t\t<\/span>\n\t\t\t\t\t\t\t\t\t\t\t\t\t\t\t<\/div>\n\t\t\t\t\t\t\t\t\t\t\t\t\t\t\t\t\t\t\t\t\t\t\t\t\t\t\t<\/div>\n\t\t\t\t\t\t\t\t\t\t\t\t\n\t\t\t\t\t\t\t\t\t\t\t\t\n\t\t\t\t\t\t\t\t\t\t\t\t<div>\n\t\t\t\t\t\t\t\t\t\t\t\t\t<strong>Tag 3<\/strong>\n\t\t\t\t\t\t\t\t\t\t\t\t\t\t\t<div class=\"translation-block\"><p>Dein Tag startet in <strong>Dana<\/strong> mit einem lokalen Fr\u00fchst\u00fcck. Heute solltest du auf jeden Fall gute Wanderschuhe einpacken, denn es steht eine etwa <strong>3,5-st\u00fcndige Wanderung im Wadi Ghuweir<\/strong> auf dem Programm. Dich erwartet ein beeindruckender Canyon mit leuchtenden Farben und abwechslungsreicher Landschaft.<\/p><p>Nach der Wanderung geht es weiter \u00fcber den legend\u00e4ren <strong>Kings Highway<\/strong> \u2013 eine der sch\u00f6nsten und geschichtstr\u00e4chtigsten Stra\u00dfen des Landes. Unterwegs hast du immer wieder Gelegenheit, anzuhalten, die Aussicht zu genie\u00dfen und die spektakul\u00e4ren Landschaften festzuhalten.<\/p><p>Am Ende des Tages erreichst du <strong>Wadi Musa<\/strong>, das Tor zur antiken Stadt <strong>Petra<\/strong>. Nach dem Check-in in deiner Unterkunft kannst du dich entspannen und die besondere Atmosph\u00e4re dieses Ortes auf dich wirken lassen. Wenn du magst, kannst du den Tag mit einem <strong>traditionellen t\u00fcrkischen Bad<\/strong> ausklingen lassen \u2013 perfekt, um die Muskeln nach der Wanderung zu lockern. Diese Aktivit\u00e4t ist optional und nicht im Basisprogramm enthalten, wird aber w\u00e4rmstens empfohlen.<\/p><p><strong>Unterkunft:<\/strong> Du \u00fcbernachtest in einem sehr gut gelegenen Hotel in Wadi Musa. Die Terrasse mit Bar verleiht dem Ort seinen ganz besonderen Charme.<\/p><\/div>\n\t\t\t\t\t\t\t\t\t\t\t\t\t<\/div>\n\n\n\t\t\t\t\t\t\t\t\t\t\t<\/div>\n\t\t\t\t\t\t\t\t\t\t<\/div>\n\t\t\t\t\t\t\t\t\t\t<div class=\"tb-column tb-column--image\">\n\n\t\t\t\t\t\t\t\t\t\t\t<div class=\"tb-image-part\">\n\t\t\t\t\t\t\t\t\t\t\t\t\t\t\t\t<div class=\"inner-block-full-width has-tb-carousel tb-carousel-slider\" >\n\t\t\t<div class=\"tb-carousel-container\">\n\t\t\t\t<div class=\"entries tb-cards\" data-slider-first=\"0\">\n\t\t\t\t\t\t\t\t\t<div class=\"entry\">\n\t\t\t\t<div class=\"tb-image-part\">\n\t\t\t\t\t<figure>\n\t\t\t\t\t\t<img src='https:\/\/jn.travelblox.eu\/wp-content\/uploads\/sites\/44\/2025\/01\/IMG_6972.jpeg' width='504' height='672' style='object-position:50% 50%' loading='lazy' image_size='large'>\t\t\t\t\t\t\t\t\t\t\t<\/figure>\n\t\t\t\t<\/div>\n\t\t\t<\/div>\n\t\t\t\t\t<div class=\"entry\">\n\t\t\t\t<div class=\"tb-image-part\">\n\t\t\t\t\t<figure>\n\t\t\t\t\t\t<img src='https:\/\/jn.travelblox.eu\/wp-content\/uploads\/sites\/44\/2025\/01\/JN23_RoyMosterd_LR_4183188.jpeg' width='740' height='555' alt='Stra\u00dfe auf dem King Highway in Jordanien' loading='lazy' image_size='large'>\t\t\t\t\t\t\t\t\t\t\t<\/figure>\n\t\t\t\t<\/div>\n\t\t\t<\/div>\n\t\t\t\t\t<div class=\"entry\">\n\t\t\t\t<div class=\"tb-image-part\">\n\t\t\t\t\t<figure>\n\t\t\t\t\t\t<img src='https:\/\/jn.travelblox.eu\/wp-content\/uploads\/sites\/44\/2026\/01\/JordanNomadsXWhereSheGoes-06NomadsHotelendiner-Petra1-681x1024.jpg' width='681' height='1024' alt='Terrassenhotel Wadi Musa' loading='lazy' image_size='large'>\t\t\t\t\t\t\t\t\t\t\t<\/figure>\n\t\t\t\t<\/div>\n\t\t\t<\/div>\n\t\t\t\t\t<div class=\"entry\">\n\t\t\t\t<div class=\"tb-image-part\">\n\t\t\t\t\t<figure>\n\t\t\t\t\t\t<img src='https:\/\/jn.travelblox.eu\/wp-content\/uploads\/sites\/44\/2026\/01\/JordanNomadsXWhereSheGoes-06NomadsHotelendiner-Petra9-681x1024.jpg' width='681' height='1024' alt='Hotel Wadi Musa' loading='lazy' image_size='large'>\t\t\t\t\t\t\t\t\t\t\t<\/figure>\n\t\t\t\t<\/div>\n\t\t\t<\/div>\n\t\t\t\t\t\t\t\t<\/div>\n\t\t\t\t\t\t<div class=\"tb-carousel-nav\">\n\t\t\t<div class=\"dots\">\n\t\t\t\t<div class=\"dot active\"><\/div>\n\t\t\t\t<div class=\"dot\"><\/div>\n\t\t\t\t<div class=\"dot\"><\/div>\n\t\t\t<\/div>\n\t\t\t<div class=\"arrows\">\n\t\t\t\t<div class=\"prev disabled\">\n\t\t\t\t\t<span><i class=\"fa fa-chevron-left\"><\/i><\/span>\n\t\t\t\t<\/div>\n\t\t\t\t<div class=\"next\">\n\t\t\t\t\t<span><i class=\"fa fa-chevron-right\"><\/i><\/span>\n\t\t\t\t<\/div>\n\t\t\t<\/div>\n\t\t<\/div>\n\t\t\t\t<\/div>\n\t\t<\/div>\n\t\t\t\t\t\t\t\t\t\t\t\t\t<\/div>\n\t\t\t\t\t\t\t\t\t\t<\/div>\n\t\t\t\t\t\t\t\t\t<\/div>\n\t\t\t\t\t\t\t\t\t\t\t<div class=\"tb-popup-nav\">\n\t\t\t<a href=\"#\" class=\"tb-buttonlink-with-icon tb-buttonlink-with-arrow icon-first tb-popup-previous\">\n\t\t\t\t<i class=\"icon fa fa-chevron-left\"><\/i>\n\t\t\t\t<span>Vorheriger Tag<\/span>\n\t\t\t<\/a>\n\t\t\t<a href=\"#\" class=\"tb-buttonlink-with-icon tb-buttonlink-with-arrow tb-popup-next\">\n\t\t\t\t<span>N\u00e4chster Tag<\/span>\n\t\t\t\t<i class=\"icon fa fa-chevron-right\"><\/i>\n\t\t\t<\/a>\n\t\t<\/div>\n\t\n\t\t\t\t\t\t\t\t<\/div>\n\t\t\t\t\t\t\t<\/dialog>\n\t\t\t\t\t\t<\/div>\n\t\t\t\t\t\t\t\t\t\t\t<div class=\"tb-card entry tb-popup-trigger tb-unfold-on-hover\">\n\t\t\t\t\t\t\t<div class=\"tb-image-part\">\n\t\t\t\t\t\t\t\t<div class=\"tag\">\n\t\t\t\t\t\t\t\t\t<div>Tag 4<\/div>\n\t\t\t\t\t\t\t\t<\/div>\n\n\t\t\t\t\t\t\t\t<img src='https:\/\/jn.travelblox.eu\/wp-content\/uploads\/sites\/44\/2025\/01\/0H4A1294-768x1152.jpeg' width='768' height='1152' alt='Petra, eines der 7 Wunder' loading='lazy' image_size='medium_large'>\t\t\t\t\t\t\t<\/div>\n\t\t\t\t\t\t\t<div class=\"tb-card-bottom-wrapper\">\n\t\t\t\t\t\t\t\t<div class=\"tb-card-bottom\">\n\n\t\t\t\t\t\t\t\t\t<span class=\"tb-card-bottom__title\">\n\t\t\t\t\t\t\t\t\t\t<span class=\"tb-card-bottom__place\">\n\t\t\t\t\t\t\t\t\t\t\tPetra \u2013 Wadi Rum\t\t\t\t\t\t\t\t\t\t\t\t\t\t\t\t\t\t\t\t\t<\/span>\n\n\t\t\t\t\t\t\t\t\t<\/span>\n\t\t\t\t\t\t\t\t\t<div class=\"tb-card-bottom__content\">\n\t\t\t\t\t\t\t\t\t\t<div>\n\t\t\t\t\t\t\t\t\t\t\t\t\t\t\t\t\t\t\t\t\t\t\t<i class=\"icon fa-regular fa-car\"><\/i> 1 Std. 50 Min. \u2013 115 km\t\t\t\t\t\t\t\t\t\t\t\t\t\t\t\t\t\t\t\t\t<\/div>\n\t\t\t\t\t\t\t\t\t<\/div>\n\t\t\t\t\t\t\t\t\t<div class=\"tb-card-bottom__teaser tb-unfold-on-hover__content\" data-no-translation>\n\t\t\t\t\t\t\t\t\t\t\t\t\t\t\t\t\t\t\t\t\t\t\t\t\t\t\t\t\t\tHeute dreht sich alles um die Erkundung von Petra, einem der Sieben Weltwunder der modernen Welt. Du&#8230; <span class=\"link\">Mehr lesen<\/span>\t\t\t\t\t\t\t\t\t<\/div>\n\t\t\t\t\t\t\t\t<\/div>\n\n\t\t\t\t\t\t\t<\/div>\n\t\t\t\t\t\t\t<dialog class=\"tb-popup tb-popup-with-padding tb-dayschedule-popup-wrapper\">\n\t\t\t\t\t\t\t\t<div class=\"tb-dayschedule-popup\">\n\t\t\t\t\t\t\t\t\t<h5>\n\t\t\t\t\t\t\t\t\t\t\t\t\t\t\t\t\t\t\t\t\t\t\t\t\t\t\t\t\t\t\t<div>\n\t\t\t\t\t\t\t\t\t\t\t\t\t\t\t\t\t\t\t\t\t\t\t\t\tPetra\t\t\t\t\t\t\t\t\t\t\t\t\t\t\t\t\t\t\t\t\t\t\t\t\t\t\t\t\t\t\t\t\t\t\t\t\t\t\t\t\t\t\t\t\t\t\t\t\t\t\t<i class=\"icon fa-solid fa-arrow-right\"><\/i> Wadi Rum\t\t\t\t\t\t\t\t\t\t\t\t\t\t\t\t\t\t\t\t\t\t\t\t\t\t\t\t\t\t\t\t\t\t\t\t<\/div>\n\t\t\t\t\t\t\t\t\t\t\t\t\t\t\t\t\t\t\t<\/h5>\n\t\t\t\t\t\t\t\t\t<div class=\"tb-columns\">\n\t\t\t\t\t\t\t\t\t\t<div class=\"tb-column tb-column--text\">\n\t\t\t\t\t\t\t\t\t\t\t<div class=\"text-part\">\n\t\t\t\t\t\t\t\t\t\t\t\t\t\t\t\t\t\t\t\t\t\t\t\t\t<div class=\"tb-dayschedule-popup__icons\">\n\t\t\t\t\t\t\t\t\t\t\t\t\t\t\t\t\t\t\t\t\t\t\t\t\t\t\t\t\t\t\t\t\t\t\t\t\t\t\t\t\t\t\t<div class=\"tb-dayschedule-popup__icon\">\n\t\t\t\t\t\t\t\t\t\t\t\t\t\t\t\t<i class=\"icon fa-regular fa-car\"><\/i>\n\t\t\t\t\t\t\t\t\t\t\t\t\t\t\t\t<span>\n\t\t\t\t\t\t\t\t\t\t\t\t\t\t\t\t\t1 Std. 50 Min. \u2013 115 km\t\t\t\t\t\t\t\t\t\t\t\t\t\t\t\t<\/span>\n\t\t\t\t\t\t\t\t\t\t\t\t\t\t\t<\/div>\n\t\t\t\t\t\t\t\t\t\t\t\t\t\t\t\t\t\t\t\t\t\t\t\t\t\t\t<\/div>\n\t\t\t\t\t\t\t\t\t\t\t\t\n\t\t\t\t\t\t\t\t\t\t\t\t\n\t\t\t\t\t\t\t\t\t\t\t\t<div>\n\t\t\t\t\t\t\t\t\t\t\t\t\t<strong>Tag 4<\/strong>\n\t\t\t\t\t\t\t\t\t\t\t\t\t\t\t<div class=\"translation-block\"><p>Heute dreht sich alles um die Erkundung von <strong>Petra<\/strong>, einem der <strong>Sieben Weltwunder der modernen Welt<\/strong>. Du entdeckst den ber\u00fchmten <strong>Schatz<\/strong> mit seiner direkt in den rosafarbenen Fels gehauenen Fassade und erkundest weitere ikonische Orte wie das <strong>Kloster Al-Deir<\/strong>, die <strong>Fassadenstra\u00dfe<\/strong> und das <strong>nabat\u00e4ische Theater<\/strong>. Ein Tag voller Geschichte, beeindruckender Architektur und echter Wow-Momente.<\/p><p>Am sp\u00e4ten Nachmittag geht es weiter ins <strong>Wadi Rum<\/strong>, auch bekannt als das <strong>\u201eTal des Mondes\u201c<\/strong>. Diese spektakul\u00e4re W\u00fcstenlandschaft mit ihren D\u00fcnen und bizarren Felsformationen bildet die Kulisse f\u00fcr deine Nacht.<\/p><p><strong>Unterkunft:<\/strong> Du \u00fcbernachtest in einem von <strong>Einheimischen gef\u00fchrten Camp unter einem traditionellen Zelt<\/strong>. Am Abend genie\u00dft du ein <strong>typisches Dinner<\/strong>, das im Basispreis enthalten ist. Freu dich auf eine gem\u00fctliche, gesellige Stimmung unter einem beeindruckenden Sternenhimmel.<\/p><\/div>\n\t\t\t\t\t\t\t\t\t\t\t\t\t<\/div>\n\n\n\t\t\t\t\t\t\t\t\t\t\t<\/div>\n\t\t\t\t\t\t\t\t\t\t<\/div>\n\t\t\t\t\t\t\t\t\t\t<div class=\"tb-column tb-column--image\">\n\n\t\t\t\t\t\t\t\t\t\t\t<div class=\"tb-image-part\">\n\t\t\t\t\t\t\t\t\t\t\t\t\t\t\t\t<div class=\"inner-block-full-width has-tb-carousel tb-carousel-slider\" >\n\t\t\t<div class=\"tb-carousel-container\">\n\t\t\t\t<div class=\"entries tb-cards\" data-slider-first=\"0\">\n\t\t\t\t\t\t\t\t\t<div class=\"entry\">\n\t\t\t\t<div class=\"tb-image-part\">\n\t\t\t\t\t<figure>\n\t\t\t\t\t\t<img src='https:\/\/jn.travelblox.eu\/wp-content\/uploads\/sites\/44\/2025\/01\/0H4A1294-683x1024.jpeg' width='683' height='1024' alt='Petra, eines der 7 Wunder' loading='lazy' image_size='large'>\t\t\t\t\t\t\t\t\t\t\t<\/figure>\n\t\t\t\t<\/div>\n\t\t\t<\/div>\n\t\t\t\t\t<div class=\"entry\">\n\t\t\t\t<div class=\"tb-image-part\">\n\t\t\t\t\t<figure>\n\t\t\t\t\t\t<img src='https:\/\/jn.travelblox.eu\/wp-content\/uploads\/sites\/44\/2025\/01\/IMG_9304.jpeg' width='523' height='784' alt='Petra: eines der sieben Weltwunder' loading='lazy' image_size='large'>\t\t\t\t\t\t\t\t\t\t\t<\/figure>\n\t\t\t\t<\/div>\n\t\t\t<\/div>\n\t\t\t\t\t<div class=\"entry\">\n\t\t\t\t<div class=\"tb-image-part\">\n\t\t\t\t\t<figure>\n\t\t\t\t\t\t<img src='https:\/\/jn.travelblox.eu\/wp-content\/uploads\/sites\/44\/2025\/01\/JORDAN_NOMADS_SJOERDBRACKE_387A0041.jpeg' width='800' height='534' loading='lazy' image_size='large'>\t\t\t\t\t\t\t\t\t\t\t<\/figure>\n\t\t\t\t<\/div>\n\t\t\t<\/div>\n\t\t\t\t\t<div class=\"entry\">\n\t\t\t\t<div class=\"tb-image-part\">\n\t\t\t\t\t<figure>\n\t\t\t\t\t\t<img src='https:\/\/jn.travelblox.eu\/wp-content\/uploads\/sites\/44\/2025\/01\/JN23_RoyMosterd_LR_-2.jpeg' width='860' height='645' alt='Schlafzimmer in der W\u00fcste' loading='lazy' image_size='large'>\t\t\t\t\t\t\t\t\t\t\t<\/figure>\n\t\t\t\t<\/div>\n\t\t\t<\/div>\n\t\t\t\t\t\t\t\t<\/div>\n\t\t\t\t\t\t<div class=\"tb-carousel-nav\">\n\t\t\t<div class=\"dots\">\n\t\t\t\t<div class=\"dot active\"><\/div>\n\t\t\t\t<div class=\"dot\"><\/div>\n\t\t\t\t<div class=\"dot\"><\/div>\n\t\t\t<\/div>\n\t\t\t<div class=\"arrows\">\n\t\t\t\t<div class=\"prev disabled\">\n\t\t\t\t\t<span><i class=\"fa fa-chevron-left\"><\/i><\/span>\n\t\t\t\t<\/div>\n\t\t\t\t<div class=\"next\">\n\t\t\t\t\t<span><i class=\"fa fa-chevron-right\"><\/i><\/span>\n\t\t\t\t<\/div>\n\t\t\t<\/div>\n\t\t<\/div>\n\t\t\t\t<\/div>\n\t\t<\/div>\n\t\t\t\t\t\t\t\t\t\t\t\t\t<\/div>\n\t\t\t\t\t\t\t\t\t\t<\/div>\n\t\t\t\t\t\t\t\t\t<\/div>\n\t\t\t\t\t\t\t\t\t\t\t<div class=\"tb-popup-nav\">\n\t\t\t<a href=\"#\" class=\"tb-buttonlink-with-icon tb-buttonlink-with-arrow icon-first tb-popup-previous\">\n\t\t\t\t<i class=\"icon fa fa-chevron-left\"><\/i>\n\t\t\t\t<span>Vorheriger Tag<\/span>\n\t\t\t<\/a>\n\t\t\t<a href=\"#\" class=\"tb-buttonlink-with-icon tb-buttonlink-with-arrow tb-popup-next\">\n\t\t\t\t<span>N\u00e4chster Tag<\/span>\n\t\t\t\t<i class=\"icon fa fa-chevron-right\"><\/i>\n\t\t\t<\/a>\n\t\t<\/div>\n\t\n\t\t\t\t\t\t\t\t<\/div>\n\t\t\t\t\t\t\t<\/dialog>\n\t\t\t\t\t\t<\/div>\n\t\t\t\t\t\t\t\t\t\t\t<div class=\"tb-card entry tb-popup-trigger tb-unfold-on-hover\">\n\t\t\t\t\t\t\t<div class=\"tb-image-part\">\n\t\t\t\t\t\t\t\t<div class=\"tag\">\n\t\t\t\t\t\t\t\t\t<div>Tag 5<\/div>\n\t\t\t\t\t\t\t\t<\/div>\n\n\t\t\t\t\t\t\t\t<img src='https:\/\/jn.travelblox.eu\/wp-content\/uploads\/sites\/44\/2025\/01\/8bc4bc40-a65d-46db-b26e-13e808c54478-768x1024.jpeg' width='768' height='1024' alt='Bogen im Wadi Rum' loading='lazy' image_size='medium_large'>\t\t\t\t\t\t\t<\/div>\n\t\t\t\t\t\t\t<div class=\"tb-card-bottom-wrapper\">\n\t\t\t\t\t\t\t\t<div class=\"tb-card-bottom\">\n\n\t\t\t\t\t\t\t\t\t<span class=\"tb-card-bottom__title\">\n\t\t\t\t\t\t\t\t\t\t<span class=\"tb-card-bottom__place\">\n\t\t\t\t\t\t\t\t\t\t\tWadi Rum \u2013 Aqaba\t\t\t\t\t\t\t\t\t\t\t\t\t\t\t\t\t\t\t\t\t<\/span>\n\n\t\t\t\t\t\t\t\t\t<\/span>\n\t\t\t\t\t\t\t\t\t<div class=\"tb-card-bottom__content\">\n\t\t\t\t\t\t\t\t\t\t<div>\n\t\t\t\t\t\t\t\t\t\t\t\t\t\t\t\t\t\t\t\t\t\t\t<i class=\"icon fa-regular fa-car\"><\/i> Rundreise durch die W\u00fcste\t\t\t\t\t\t\t\t\t\t\t\t\t\t\t\t\t\t\t\t\t<\/div>\n\t\t\t\t\t\t\t\t\t<\/div>\n\t\t\t\t\t\t\t\t\t<div class=\"tb-card-bottom__teaser tb-unfold-on-hover__content\" data-no-translation>\n\t\t\t\t\t\t\t\t\t\t\t\t\t\t\t\t\t\t\t\t\t\t\t\t\t\t\t\t\t\tAm 5. Tag bist du mitten im Herzen der W\u00fcste Wadi Rum. F\u00fcr heute stehen dir mehrere optionale Aktivi&#8230; <span class=\"link\">Mehr lesen<\/span>\t\t\t\t\t\t\t\t\t<\/div>\n\t\t\t\t\t\t\t\t<\/div>\n\n\t\t\t\t\t\t\t<\/div>\n\t\t\t\t\t\t\t<dialog class=\"tb-popup tb-popup-with-padding tb-dayschedule-popup-wrapper\">\n\t\t\t\t\t\t\t\t<div class=\"tb-dayschedule-popup\">\n\t\t\t\t\t\t\t\t\t<h5>\n\t\t\t\t\t\t\t\t\t\t\t\t\t\t\t\t\t\t\t\t\t\t\t\t\t\t\t\t\t\t\t<div>\n\t\t\t\t\t\t\t\t\t\t\t\t\t\t\t\t\t\t\t\t\t\t\t\t\tWadi Rum\t\t\t\t\t\t\t\t\t\t\t\t\t\t\t\t\t\t\t\t\t\t\t\t\t\t\t\t\t\t\t\t\t\t\t\t\t\t\t\t\t\t\t\t\t\t\t\t\t\t\t<i class=\"icon fa-solid fa-arrow-right\"><\/i> Aqaba\t\t\t\t\t\t\t\t\t\t\t\t\t\t\t\t\t\t\t\t\t\t\t\t\t\t\t\t\t\t\t\t\t\t\t\t<\/div>\n\t\t\t\t\t\t\t\t\t\t\t\t\t\t\t\t\t\t\t<\/h5>\n\t\t\t\t\t\t\t\t\t<div class=\"tb-columns\">\n\t\t\t\t\t\t\t\t\t\t<div class=\"tb-column tb-column--text\">\n\t\t\t\t\t\t\t\t\t\t\t<div class=\"text-part\">\n\t\t\t\t\t\t\t\t\t\t\t\t\t\t\t\t\t\t\t\t\t\t\t\t\t<div class=\"tb-dayschedule-popup__icons\">\n\t\t\t\t\t\t\t\t\t\t\t\t\t\t\t\t\t\t\t\t\t\t\t\t\t\t\t\t\t\t\t\t\t\t\t\t\t\t\t\t\t\t\t<div class=\"tb-dayschedule-popup__icon\">\n\t\t\t\t\t\t\t\t\t\t\t\t\t\t\t\t<i class=\"icon fa-regular fa-car\"><\/i>\n\t\t\t\t\t\t\t\t\t\t\t\t\t\t\t\t<span>\n\t\t\t\t\t\t\t\t\t\t\t\t\t\t\t\t\tRundreise durch die W\u00fcste\t\t\t\t\t\t\t\t\t\t\t\t\t\t\t\t<\/span>\n\t\t\t\t\t\t\t\t\t\t\t\t\t\t\t<\/div>\n\t\t\t\t\t\t\t\t\t\t\t\t\t\t\t\t\t\t\t\t\t\t\t\t\t\t\t<\/div>\n\t\t\t\t\t\t\t\t\t\t\t\t\n\t\t\t\t\t\t\t\t\t\t\t\t\n\t\t\t\t\t\t\t\t\t\t\t\t<div>\n\t\t\t\t\t\t\t\t\t\t\t\t\t<strong>Tag 5<\/strong>\n\t\t\t\t\t\t\t\t\t\t\t\t\t\t\t<div class=\"translation-block\"><p>Am <strong>5. Tag<\/strong> bist du mitten im Herzen der <strong>W\u00fcste Wadi Rum<\/strong>. F\u00fcr heute stehen dir mehrere <a href=\"#activities\">optionale Aktivit\u00e4ten<\/a> zur Auswahl. Du kannst dich f\u00fcr eine <strong>Jeep-Safari<\/strong> mit lokalen Guides entscheiden, die dir die ikonischen Landschaften zeigen: nat\u00fcrliche Felsb\u00f6gen, versteckte Canyons und endlose D\u00fcnen.<\/p><p>Wenn du es ruhiger angehen m\u00f6chtest, oder die W\u00fcste auf eigene Art erleben willst, kannst du auch <strong>Sandboarding<\/strong> ausprobieren oder die Umgebung erkunden. Wir empfehlen allerdings, in der N\u00e4he des Camps zu bleiben, denn die W\u00fcste kann unberechenbar sein. Nat\u00fcrlich kannst du den Tag auch ganz entspannt im Camp verbringen.<\/p><p>Egal, wof\u00fcr du dich entscheidest: Dieser Tag l\u00e4sst dich tief in die Magie und Weite des <strong>Wadi Rum<\/strong> eintauchen, umgeben von Beduinen und spektakul\u00e4rer Natur.<\/p><p><strong>Unterkunft:<\/strong> Am Ende des Tages wirst du zu deinem Fahrzeug zur\u00fcckgebracht und f\u00e4hrst weiter nach <strong>Aqaba<\/strong>. Dort \u00fcbernachtest du in <strong>einem Hotel mit Pool in der N\u00e4he des Stadtzentrums<\/strong> und kannst die charmante K\u00fcstenstadt ganz entspannt zu Fu\u00df entdecken.<\/p><\/div>\n\t\t\t\t\t\t\t\t\t\t\t\t\t<\/div>\n\n\n\t\t\t\t\t\t\t\t\t\t\t<\/div>\n\t\t\t\t\t\t\t\t\t\t<\/div>\n\t\t\t\t\t\t\t\t\t\t<div class=\"tb-column tb-column--image\">\n\n\t\t\t\t\t\t\t\t\t\t\t<div class=\"tb-image-part\">\n\t\t\t\t\t\t\t\t\t\t\t\t\t\t\t\t<div class=\"inner-block-full-width has-tb-carousel tb-carousel-slider\" >\n\t\t\t<div class=\"tb-carousel-container\">\n\t\t\t\t<div class=\"entries tb-cards\" data-slider-first=\"0\">\n\t\t\t\t\t\t\t\t\t<div class=\"entry\">\n\t\t\t\t<div class=\"tb-image-part\">\n\t\t\t\t\t<figure>\n\t\t\t\t\t\t<img src='https:\/\/jn.travelblox.eu\/wp-content\/uploads\/sites\/44\/2025\/01\/8bc4bc40-a65d-46db-b26e-13e808c54478-768x1024.jpeg' width='768' height='1024' alt='Bogen im Wadi Rum' loading='lazy' image_size='large'>\t\t\t\t\t\t\t\t\t\t\t<\/figure>\n\t\t\t\t<\/div>\n\t\t\t<\/div>\n\t\t\t\t\t<div class=\"entry\">\n\t\t\t\t<div class=\"tb-image-part\">\n\t\t\t\t\t<figure>\n\t\t\t\t\t\t<img src='https:\/\/jn.travelblox.eu\/wp-content\/uploads\/sites\/44\/2025\/01\/0H4A0684-819x1024.jpeg' width='819' height='1024' alt='Wanderlust in der W\u00fcste' loading='lazy' image_size='large'>\t\t\t\t\t\t\t\t\t\t\t<\/figure>\n\t\t\t\t<\/div>\n\t\t\t<\/div>\n\t\t\t\t\t<div class=\"entry\">\n\t\t\t\t<div class=\"tb-image-part\">\n\t\t\t\t\t<figure>\n\t\t\t\t\t\t<img src='https:\/\/jn.travelblox.eu\/wp-content\/uploads\/sites\/44\/2026\/01\/img-golden-tulip-aqaba-aqaba-33-1024x682.jpeg' width='1024' height='682' loading='lazy' image_size='large'>\t\t\t\t\t\t\t\t\t\t\t<\/figure>\n\t\t\t\t<\/div>\n\t\t\t<\/div>\n\t\t\t\t\t<div class=\"entry\">\n\t\t\t\t<div class=\"tb-image-part\">\n\t\t\t\t\t<figure>\n\t\t\t\t\t\t<img src='https:\/\/jn.travelblox.eu\/wp-content\/uploads\/sites\/44\/2026\/01\/img-golden-tulip-aqaba-aqaba-51-1024x682.jpeg' width='1024' height='682' alt='schwimming pool hotel Aqaba' loading='lazy' image_size='large'>\t\t\t\t\t\t\t\t\t\t\t<\/figure>\n\t\t\t\t<\/div>\n\t\t\t<\/div>\n\t\t\t\t\t\t\t\t<\/div>\n\t\t\t\t\t\t<div class=\"tb-carousel-nav\">\n\t\t\t<div class=\"dots\">\n\t\t\t\t<div class=\"dot active\"><\/div>\n\t\t\t\t<div class=\"dot\"><\/div>\n\t\t\t\t<div class=\"dot\"><\/div>\n\t\t\t<\/div>\n\t\t\t<div class=\"arrows\">\n\t\t\t\t<div class=\"prev disabled\">\n\t\t\t\t\t<span><i class=\"fa fa-chevron-left\"><\/i><\/span>\n\t\t\t\t<\/div>\n\t\t\t\t<div class=\"next\">\n\t\t\t\t\t<span><i class=\"fa fa-chevron-right\"><\/i><\/span>\n\t\t\t\t<\/div>\n\t\t\t<\/div>\n\t\t<\/div>\n\t\t\t\t<\/div>\n\t\t<\/div>\n\t\t\t\t\t\t\t\t\t\t\t\t\t<\/div>\n\t\t\t\t\t\t\t\t\t\t<\/div>\n\t\t\t\t\t\t\t\t\t<\/div>\n\t\t\t\t\t\t\t\t\t\t\t<div class=\"tb-popup-nav\">\n\t\t\t<a href=\"#\" class=\"tb-buttonlink-with-icon tb-buttonlink-with-arrow icon-first tb-popup-previous\">\n\t\t\t\t<i class=\"icon fa fa-chevron-left\"><\/i>\n\t\t\t\t<span>Vorheriger Tag<\/span>\n\t\t\t<\/a>\n\t\t\t<a href=\"#\" class=\"tb-buttonlink-with-icon tb-buttonlink-with-arrow tb-popup-next\">\n\t\t\t\t<span>N\u00e4chster Tag<\/span>\n\t\t\t\t<i class=\"icon fa fa-chevron-right\"><\/i>\n\t\t\t<\/a>\n\t\t<\/div>\n\t\n\t\t\t\t\t\t\t\t<\/div>\n\t\t\t\t\t\t\t<\/dialog>\n\t\t\t\t\t\t<\/div>\n\t\t\t\t\t\t\t\t\t\t\t<div class=\"tb-card entry tb-popup-trigger tb-unfold-on-hover\">\n\t\t\t\t\t\t\t<div class=\"tb-image-part\">\n\t\t\t\t\t\t\t\t<div class=\"tag\">\n\t\t\t\t\t\t\t\t\t<div>Tag 6<\/div>\n\t\t\t\t\t\t\t\t<\/div>\n\n\t\t\t\t\t\t\t\t<img src='https:\/\/jn.travelblox.eu\/wp-content\/uploads\/sites\/44\/2025\/01\/Capture-decran-2025-01-23-a-164724.jpeg' width='458' height='521' alt='Fische im Roten Meer' loading='lazy' image_size='medium_large'>\t\t\t\t\t\t\t<\/div>\n\t\t\t\t\t\t\t<div class=\"tb-card-bottom-wrapper\">\n\t\t\t\t\t\t\t\t<div class=\"tb-card-bottom\">\n\n\t\t\t\t\t\t\t\t\t<span class=\"tb-card-bottom__title\">\n\t\t\t\t\t\t\t\t\t\t<span class=\"tb-card-bottom__place\">\n\t\t\t\t\t\t\t\t\t\t\tAqaba \t\t\t\t\t\t\t\t\t\t\t\t\t\t\t\t\t\t\t\t\t\t\t&#8211; Dana\t\t\t\t\t\t\t\t\t\t\t\t\t\t\t\t\t\t\t\t\t<\/span>\n\n\t\t\t\t\t\t\t\t\t<\/span>\n\t\t\t\t\t\t\t\t\t<div class=\"tb-card-bottom__content\">\n\t\t\t\t\t\t\t\t\t\t<div>\n\t\t\t\t\t\t\t\t\t\t\t\t\t\t\t\t\t\t\t\t\t\t\t<i class=\"icon fa-regular fa-car\"><\/i> 5 Std. \u2013 350 km\t\t\t\t\t\t\t\t\t\t\t\t\t\t\t\t\t\t\t\t\t<\/div>\n\t\t\t\t\t\t\t\t\t<\/div>\n\t\t\t\t\t\t\t\t\t<div class=\"tb-card-bottom__teaser tb-unfold-on-hover__content\" data-no-translation>\n\t\t\t\t\t\t\t\t\t\t\t\t\t\t\t\t\t\t\t\t\t\t\t\t\t\t\t\t\t\tDein 6. Tag startet am Golf von Aqaba, direkt am Roten Meer. Wenn du Lust hast, kannst du an einer o&#8230; <span class=\"link\">Mehr lesen<\/span>\t\t\t\t\t\t\t\t\t<\/div>\n\t\t\t\t\t\t\t\t<\/div>\n\n\t\t\t\t\t\t\t<\/div>\n\t\t\t\t\t\t\t<dialog class=\"tb-popup tb-popup-with-padding tb-dayschedule-popup-wrapper\">\n\t\t\t\t\t\t\t\t<div class=\"tb-dayschedule-popup\">\n\t\t\t\t\t\t\t\t\t<h5>\n\t\t\t\t\t\t\t\t\t\t\t\t\t\t\t\t\t\t\t\t\t\t\t\t\t\t\t\t\t\t\t<div>\n\t\t\t\t\t\t\t\t\t\t\t\t\t\t\t\t\t\t\t\t\t\t\t\t\tAqaba \t\t\t\t\t\t\t\t\t\t\t\t\t\t\t\t\t\t\t\t\t\t\t\t\t\t\t\t\t\t\t\t\t\t\t\t\t\t\t\t\t\t\t\t\t\t\t\t\t\t\t<i class=\"icon fa-solid fa-arrow-right\"><\/i> Dana\t\t\t\t\t\t\t\t\t\t\t\t\t\t\t\t\t\t\t\t\t\t\t\t\t\t\t\t\t\t\t\t\t\t\t\t<\/div>\n\t\t\t\t\t\t\t\t\t\t\t\t\t\t\t\t\t\t\t<\/h5>\n\t\t\t\t\t\t\t\t\t<div class=\"tb-columns\">\n\t\t\t\t\t\t\t\t\t\t<div class=\"tb-column tb-column--text\">\n\t\t\t\t\t\t\t\t\t\t\t<div class=\"text-part\">\n\t\t\t\t\t\t\t\t\t\t\t\t\t\t\t\t\t\t\t\t\t\t\t\t\t<div class=\"tb-dayschedule-popup__icons\">\n\t\t\t\t\t\t\t\t\t\t\t\t\t\t\t\t\t\t\t\t\t\t\t\t\t\t\t\t\t\t\t\t\t\t\t\t\t\t\t\t\t\t\t<div class=\"tb-dayschedule-popup__icon\">\n\t\t\t\t\t\t\t\t\t\t\t\t\t\t\t\t<i class=\"icon fa-regular fa-car\"><\/i>\n\t\t\t\t\t\t\t\t\t\t\t\t\t\t\t\t<span>\n\t\t\t\t\t\t\t\t\t\t\t\t\t\t\t\t\t5 Std. \u2013 350 km\t\t\t\t\t\t\t\t\t\t\t\t\t\t\t\t<\/span>\n\t\t\t\t\t\t\t\t\t\t\t\t\t\t\t<\/div>\n\t\t\t\t\t\t\t\t\t\t\t\t\t\t\t\t\t\t\t\t\t\t\t\t\t\t\t<\/div>\n\t\t\t\t\t\t\t\t\t\t\t\t\n\t\t\t\t\t\t\t\t\t\t\t\t\n\t\t\t\t\t\t\t\t\t\t\t\t<div>\n\t\t\t\t\t\t\t\t\t\t\t\t\t<strong>Tag 6<\/strong>\n\t\t\t\t\t\t\t\t\t\t\t\t\t\t\t<div class=\"translation-block\"><p>Dein <strong>6. Tag<\/strong> startet am <strong>Golf von Aqaba<\/strong>, direkt am <strong>Roten Meer<\/strong>. Wenn du Lust hast, kannst du an einer <a href=\"#activities\">optionalen Aktivit\u00e4t<\/a> teilnehmen und dich f\u00fcr einen <strong>Schnorchelausflug<\/strong> entscheiden (bei der Buchung ausw\u00e4hlbar). Gemeinsam mit Experten entdeckst du die faszinierende Unterwasserwelt der Region und erf\u00e4hrst mehr \u00fcber die Meeresflora, -fauna und die Herausforderungen, denen sie ausgesetzt ist.<\/p><p>Wenn Schnorcheln nicht dein Ding ist, kannst du dich auch <strong>am Strand entspannen<\/strong>. Ein Sprung ins kristallklare Wasser, Sonne tanken oder einfach die ruhige Atmosph\u00e4re genie\u00dfen \u2013 du hast die Wahl.<\/p><p>Am Nachmittag geht deine Reise weiter durch die beeindruckenden D\u00fcnen des <strong>Araba-Tals<\/strong>. Nach einem kurzen Stopp, um diese besondere Landschaft auf dich wirken zu lassen, f\u00e4hrst du weiter ins <strong>Dana-Naturreservat<\/strong>. Dort kannst du den bekannten <strong>Sheq Al-Reesh Trail<\/strong> erkunden, eine Wanderung mit spektakul\u00e4ren Ausblicken auf das Tal und seine imposanten Felsformationen.<\/p><p><strong>Unterkunft:<\/strong> Am Abend erreichst du deine Unterkunft am <strong>Berghang in Dana<\/strong>. Rustikal, charmant und mitten in der Natur \u2013 der perfekte Ort, um den Tag entspannt ausklingen zu lassen.<\/p><\/div>\n\t\t\t\t\t\t\t\t\t\t\t\t\t<\/div>\n\n\n\t\t\t\t\t\t\t\t\t\t\t<\/div>\n\t\t\t\t\t\t\t\t\t\t<\/div>\n\t\t\t\t\t\t\t\t\t\t<div class=\"tb-column tb-column--image\">\n\n\t\t\t\t\t\t\t\t\t\t\t<div class=\"tb-image-part\">\n\t\t\t\t\t\t\t\t\t\t\t\t\t\t\t\t<div class=\"inner-block-full-width has-tb-carousel tb-carousel-slider\" >\n\t\t\t<div class=\"tb-carousel-container\">\n\t\t\t\t<div class=\"entries tb-cards\" data-slider-first=\"0\">\n\t\t\t\t\t\t\t\t\t<div class=\"entry\">\n\t\t\t\t<div class=\"tb-image-part\">\n\t\t\t\t\t<figure>\n\t\t\t\t\t\t<img src='https:\/\/jn.travelblox.eu\/wp-content\/uploads\/sites\/44\/2025\/01\/Capture-decran-2025-01-23-a-164724.jpeg' width='458' height='521' alt='Fische im Roten Meer' loading='lazy' image_size='large'>\t\t\t\t\t\t\t\t\t\t\t<\/figure>\n\t\t\t\t<\/div>\n\t\t\t<\/div>\n\t\t\t\t\t<div class=\"entry\">\n\t\t\t\t<div class=\"tb-image-part\">\n\t\t\t\t\t<figure>\n\t\t\t\t\t\t<img src='https:\/\/jn.travelblox.eu\/wp-content\/uploads\/sites\/44\/2025\/01\/JORDAN_NOMADS_SJOERDBRACKE_387A9548.jpeg' width='880' height='587' alt='Hotel in Dana' loading='lazy' image_size='large'>\t\t\t\t\t\t\t\t\t\t\t<\/figure>\n\t\t\t\t<\/div>\n\t\t\t<\/div>\n\t\t\t\t\t<div class=\"entry\">\n\t\t\t\t<div class=\"tb-image-part\">\n\t\t\t\t\t<figure>\n\t\t\t\t\t\t<img src='https:\/\/jn.travelblox.eu\/wp-content\/uploads\/sites\/44\/2025\/01\/JN23_RoyMosterd_LR_4183055-1024x768.jpeg' width='1024' height='768' alt='Aussichtspunkt im Dana-Tal' loading='lazy' image_size='large'>\t\t\t\t\t\t\t\t\t\t\t<\/figure>\n\t\t\t\t<\/div>\n\t\t\t<\/div>\n\t\t\t\t\t\t\t\t<\/div>\n\t\t\t\t\t\t<div class=\"tb-carousel-nav\">\n\t\t\t<div class=\"dots\">\n\t\t\t\t<div class=\"dot active\"><\/div>\n\t\t\t\t<div class=\"dot\"><\/div>\n\t\t\t\t<div class=\"dot\"><\/div>\n\t\t\t<\/div>\n\t\t\t<div class=\"arrows\">\n\t\t\t\t<div class=\"prev disabled\">\n\t\t\t\t\t<span><i class=\"fa fa-chevron-left\"><\/i><\/span>\n\t\t\t\t<\/div>\n\t\t\t\t<div class=\"next\">\n\t\t\t\t\t<span><i class=\"fa fa-chevron-right\"><\/i><\/span>\n\t\t\t\t<\/div>\n\t\t\t<\/div>\n\t\t<\/div>\n\t\t\t\t<\/div>\n\t\t<\/div>\n\t\t\t\t\t\t\t\t\t\t\t\t\t<\/div>\n\t\t\t\t\t\t\t\t\t\t<\/div>\n\t\t\t\t\t\t\t\t\t<\/div>\n\t\t\t\t\t\t\t\t\t\t\t<div class=\"tb-popup-nav\">\n\t\t\t<a href=\"#\" class=\"tb-buttonlink-with-icon tb-buttonlink-with-arrow icon-first tb-popup-previous\">\n\t\t\t\t<i class=\"icon fa fa-chevron-left\"><\/i>\n\t\t\t\t<span>Vorheriger Tag<\/span>\n\t\t\t<\/a>\n\t\t\t<a href=\"#\" class=\"tb-buttonlink-with-icon tb-buttonlink-with-arrow tb-popup-next\">\n\t\t\t\t<span>N\u00e4chster Tag<\/span>\n\t\t\t\t<i class=\"icon fa fa-chevron-right\"><\/i>\n\t\t\t<\/a>\n\t\t<\/div>\n\t\n\t\t\t\t\t\t\t\t<\/div>\n\t\t\t\t\t\t\t<\/dialog>\n\t\t\t\t\t\t<\/div>\n\t\t\t\t\t\t\t\t\t\t\t<div class=\"tb-card entry tb-popup-trigger tb-unfold-on-hover\">\n\t\t\t\t\t\t\t<div class=\"tb-image-part\">\n\t\t\t\t\t\t\t\t<div class=\"tag\">\n\t\t\t\t\t\t\t\t\t<div>Tag 7<\/div>\n\t\t\t\t\t\t\t\t<\/div>\n\n\t\t\t\t\t\t\t\t<img src='https:\/\/jn.travelblox.eu\/wp-content\/uploads\/sites\/44\/2026\/01\/JordanNomadsXWhereSheGoes-11Madaba13-768x1154.jpg' width='768' height='1154' alt='Madaba Stra\u00dfe' loading='lazy' image_size='medium_large'>\t\t\t\t\t\t\t<\/div>\n\t\t\t\t\t\t\t<div class=\"tb-card-bottom-wrapper\">\n\t\t\t\t\t\t\t\t<div class=\"tb-card-bottom\">\n\n\t\t\t\t\t\t\t\t\t<span class=\"tb-card-bottom__title\">\n\t\t\t\t\t\t\t\t\t\t<span class=\"tb-card-bottom__place\">\n\t\t\t\t\t\t\t\t\t\t\tDana\t\t\t\t\t\t\t\t\t\t\t\t\t\t\t\t\t\t\t\t\t\t\t&#8211; Madaba\t\t\t\t\t\t\t\t\t\t\t\t\t\t\t\t\t\t\t\t\t<\/span>\n\n\t\t\t\t\t\t\t\t\t<\/span>\n\t\t\t\t\t\t\t\t\t<div class=\"tb-card-bottom__content\">\n\t\t\t\t\t\t\t\t\t\t<div>\n\t\t\t\t\t\t\t\t\t\t\t\t\t\t\t\t\t\t\t\t\t\t\t<i class=\"icon fa-regular fa-car\"><\/i> 2 Std. 20 Min. \u2013 180 km\t\t\t\t\t\t\t\t\t\t\t\t\t\t\t\t\t\t\t\t\t<\/div>\n\t\t\t\t\t\t\t\t\t<\/div>\n\t\t\t\t\t\t\t\t\t<div class=\"tb-card-bottom__teaser tb-unfold-on-hover__content\" data-no-translation>\n\t\t\t\t\t\t\t\t\t\t\t\t\t\t\t\t\t\t\t\t\t\t\t\t\t\t\t\t\t\tAm 7. Tag f\u00fchrt dich die Route von Dana nach Madaba \u2013 durch trockene, beeindruckende Landschaften, d&#8230; <span class=\"link\">Mehr lesen<\/span>\t\t\t\t\t\t\t\t\t<\/div>\n\t\t\t\t\t\t\t\t<\/div>\n\n\t\t\t\t\t\t\t<\/div>\n\t\t\t\t\t\t\t<dialog class=\"tb-popup tb-popup-with-padding tb-dayschedule-popup-wrapper\">\n\t\t\t\t\t\t\t\t<div class=\"tb-dayschedule-popup\">\n\t\t\t\t\t\t\t\t\t<h5>\n\t\t\t\t\t\t\t\t\t\t\t\t\t\t\t\t\t\t\t\t\t\t\t\t\t\t\t\t\t\t\t<div>\n\t\t\t\t\t\t\t\t\t\t\t\t\t\t\t\t\t\t\t\t\t\t\t\t\tDana\t\t\t\t\t\t\t\t\t\t\t\t\t\t\t\t\t\t\t\t\t\t\t\t\t\t\t\t\t\t\t\t\t\t\t\t\t\t\t\t\t\t\t\t\t\t\t\t\t\t\t<i class=\"icon fa-solid fa-arrow-right\"><\/i> Madaba\t\t\t\t\t\t\t\t\t\t\t\t\t\t\t\t\t\t\t\t\t\t\t\t\t\t\t\t\t\t\t\t\t\t\t\t<\/div>\n\t\t\t\t\t\t\t\t\t\t\t\t\t\t\t\t\t\t\t<\/h5>\n\t\t\t\t\t\t\t\t\t<div class=\"tb-columns\">\n\t\t\t\t\t\t\t\t\t\t<div class=\"tb-column tb-column--text\">\n\t\t\t\t\t\t\t\t\t\t\t<div class=\"text-part\">\n\t\t\t\t\t\t\t\t\t\t\t\t\t\t\t\t\t\t\t\t\t\t\t\t\t<div class=\"tb-dayschedule-popup__icons\">\n\t\t\t\t\t\t\t\t\t\t\t\t\t\t\t\t\t\t\t\t\t\t\t\t\t\t\t\t\t\t\t\t\t\t\t\t\t\t\t\t\t\t\t<div class=\"tb-dayschedule-popup__icon\">\n\t\t\t\t\t\t\t\t\t\t\t\t\t\t\t\t<i class=\"icon fa-regular fa-car\"><\/i>\n\t\t\t\t\t\t\t\t\t\t\t\t\t\t\t\t<span>\n\t\t\t\t\t\t\t\t\t\t\t\t\t\t\t\t\t2 Std. 20 Min. \u2013 180 km\t\t\t\t\t\t\t\t\t\t\t\t\t\t\t\t<\/span>\n\t\t\t\t\t\t\t\t\t\t\t\t\t\t\t<\/div>\n\t\t\t\t\t\t\t\t\t\t\t\t\t\t\t\t\t\t\t\t\t\t\t\t\t\t\t<\/div>\n\t\t\t\t\t\t\t\t\t\t\t\t\n\t\t\t\t\t\t\t\t\t\t\t\t\n\t\t\t\t\t\t\t\t\t\t\t\t<div>\n\t\t\t\t\t\t\t\t\t\t\t\t\t<strong>Tag 7<\/strong>\n\t\t\t\t\t\t\t\t\t\t\t\t\t\t\t<div class=\"translation-block\"><p>Am <strong>7. Tag<\/strong> f\u00fchrt dich die Route von <strong>Dana<\/strong> nach <strong>Madaba<\/strong> \u2013 durch trockene, beeindruckende Landschaften, die noch einmal zeigen, wie vielf\u00e4ltig Jordanien ist.<\/p><p>Dein erster Stopp ist die <strong>Burg Al-Karak<\/strong>, eine m\u00e4chtige Kreuzritterfestung, die von der bewegten Geschichte der Region erz\u00e4hlt und einen spektakul\u00e4ren Blick \u00fcber das umliegende Tal bietet. Unterwegs genie\u00dft du au\u00dferdem die Aussicht auf das <strong>Wadi Mujib<\/strong>, das oft als der \u201eGro\u00dfe Canyon Jordaniens\u201c bezeichnet wird.<\/p><p>Am Ende des Tages erreichst du <strong>Madaba<\/strong>, die \u201eStadt der Mosaiken\u201c. Hier kannst du die ber\u00fchmten byzantinischen Kunstwerke entdecken, darunter die bekannte <strong>Karte des Heiligen Landes<\/strong>.<\/p><p><strong>Unterkunft:<\/strong> Du \u00fcbernachtest in einem Hotel nur etwa 500 Meter von den Sehensw\u00fcrdigkeiten Madabas entfernt. Das Haus wird von <strong>Yanal und seiner Familie<\/strong> gef\u00fchrt und bietet eine gro\u00dfe Terrasse sowie eine besonders angenehme, famili\u00e4re Atmosph\u00e4re.<\/p><\/div>\n\t\t\t\t\t\t\t\t\t\t\t\t\t<\/div>\n\n\n\t\t\t\t\t\t\t\t\t\t\t<\/div>\n\t\t\t\t\t\t\t\t\t\t<\/div>\n\t\t\t\t\t\t\t\t\t\t<div class=\"tb-column tb-column--image\">\n\n\t\t\t\t\t\t\t\t\t\t\t<div class=\"tb-image-part\">\n\t\t\t\t\t\t\t\t\t\t\t\t\t\t\t\t<div class=\"inner-block-full-width has-tb-carousel tb-carousel-slider\" >\n\t\t\t<div class=\"tb-carousel-container\">\n\t\t\t\t<div class=\"entries tb-cards\" data-slider-first=\"0\">\n\t\t\t\t\t\t\t\t\t<div class=\"entry\">\n\t\t\t\t<div class=\"tb-image-part\">\n\t\t\t\t\t<figure>\n\t\t\t\t\t\t<img src='https:\/\/jn.travelblox.eu\/wp-content\/uploads\/sites\/44\/2026\/01\/JordanNomadsXWhereSheGoes-11Madaba13-681x1024.jpg' width='681' height='1024' alt='Madaba Stra\u00dfe' loading='lazy' image_size='large'>\t\t\t\t\t\t\t\t\t\t\t<\/figure>\n\t\t\t\t<\/div>\n\t\t\t<\/div>\n\t\t\t\t\t<div class=\"entry\">\n\t\t\t\t<div class=\"tb-image-part\">\n\t\t\t\t\t<figure>\n\t\t\t\t\t\t<img src='https:\/\/jn.travelblox.eu\/wp-content\/uploads\/sites\/44\/2026\/01\/JordanNomadsXWhereSheGoes-11Madaba20-681x1024.jpg' width='681' height='1024' alt='Museum Madaba' loading='lazy' image_size='large'>\t\t\t\t\t\t\t\t\t\t\t<\/figure>\n\t\t\t\t<\/div>\n\t\t\t<\/div>\n\t\t\t\t\t<div class=\"entry\">\n\t\t\t\t<div class=\"tb-image-part\">\n\t\t\t\t\t<figure>\n\t\t\t\t\t\t<img src='https:\/\/jn.travelblox.eu\/wp-content\/uploads\/sites\/44\/2025\/01\/JN23_RoyMosterd_LR_4227292.jpeg' width='954' height='716' alt='Mosaiken in Madaba' loading='lazy' image_size='large'>\t\t\t\t\t\t\t\t\t\t\t<\/figure>\n\t\t\t\t<\/div>\n\t\t\t<\/div>\n\t\t\t\t\t<div class=\"entry\">\n\t\t\t\t<div class=\"tb-image-part\">\n\t\t\t\t\t<figure>\n\t\t\t\t\t\t<img src='https:\/\/jn.travelblox.eu\/wp-content\/uploads\/sites\/44\/2026\/01\/461443489.jpg' width='577' height='768' alt='Madaba Schwarze Iris Zimmer' loading='lazy' image_size='large'>\t\t\t\t\t\t\t\t\t\t\t<\/figure>\n\t\t\t\t<\/div>\n\t\t\t<\/div>\n\t\t\t\t\t\t\t\t<\/div>\n\t\t\t\t\t\t<div class=\"tb-carousel-nav\">\n\t\t\t<div class=\"dots\">\n\t\t\t\t<div class=\"dot active\"><\/div>\n\t\t\t\t<div class=\"dot\"><\/div>\n\t\t\t\t<div class=\"dot\"><\/div>\n\t\t\t<\/div>\n\t\t\t<div class=\"arrows\">\n\t\t\t\t<div class=\"prev disabled\">\n\t\t\t\t\t<span><i class=\"fa fa-chevron-left\"><\/i><\/span>\n\t\t\t\t<\/div>\n\t\t\t\t<div class=\"next\">\n\t\t\t\t\t<span><i class=\"fa fa-chevron-right\"><\/i><\/span>\n\t\t\t\t<\/div>\n\t\t\t<\/div>\n\t\t<\/div>\n\t\t\t\t<\/div>\n\t\t<\/div>\n\t\t\t\t\t\t\t\t\t\t\t\t\t<\/div>\n\t\t\t\t\t\t\t\t\t\t<\/div>\n\t\t\t\t\t\t\t\t\t<\/div>\n\t\t\t\t\t\t\t\t\t\t\t<div class=\"tb-popup-nav\">\n\t\t\t<a href=\"#\" class=\"tb-buttonlink-with-icon tb-buttonlink-with-arrow icon-first tb-popup-previous\">\n\t\t\t\t<i class=\"icon fa fa-chevron-left\"><\/i>\n\t\t\t\t<span>Vorheriger Tag<\/span>\n\t\t\t<\/a>\n\t\t\t<a href=\"#\" class=\"tb-buttonlink-with-icon tb-buttonlink-with-arrow tb-popup-next\">\n\t\t\t\t<span>N\u00e4chster Tag<\/span>\n\t\t\t\t<i class=\"icon fa fa-chevron-right\"><\/i>\n\t\t\t<\/a>\n\t\t<\/div>\n\t\n\t\t\t\t\t\t\t\t<\/div>\n\t\t\t\t\t\t\t<\/dialog>\n\t\t\t\t\t\t<\/div>\n\t\t\t\t\t\t\t\t\t\t\t<div class=\"tb-card entry tb-popup-trigger tb-unfold-on-hover\">\n\t\t\t\t\t\t\t<div class=\"tb-image-part\">\n\t\t\t\t\t\t\t\t<div class=\"tag\">\n\t\t\t\t\t\t\t\t\t<div>Tag 8<\/div>\n\t\t\t\t\t\t\t\t<\/div>\n\n\t\t\t\t\t\t\t\t<img src='https:\/\/jn.travelblox.eu\/wp-content\/uploads\/sites\/44\/2025\/01\/JN23_RoyMosterd_LR_4227416-768x1024.jpeg' width='768' height='1024' alt='Auto auf Schotterstra\u00dfe' loading='lazy' image_size='medium_large'>\t\t\t\t\t\t\t<\/div>\n\t\t\t\t\t\t\t<div class=\"tb-card-bottom-wrapper\">\n\t\t\t\t\t\t\t\t<div class=\"tb-card-bottom\">\n\n\t\t\t\t\t\t\t\t\t<span class=\"tb-card-bottom__title\">\n\t\t\t\t\t\t\t\t\t\t<span class=\"tb-card-bottom__place\">\n\t\t\t\t\t\t\t\t\t\t\tMadaba \u2013 Flughafen\t\t\t\t\t\t\t\t\t\t\t\t\t\t\t\t\t\t\t\t\t<\/span>\n\n\t\t\t\t\t\t\t\t\t<\/span>\n\t\t\t\t\t\t\t\t\t<div class=\"tb-card-bottom__content\">\n\t\t\t\t\t\t\t\t\t\t<div>\n\t\t\t\t\t\t\t\t\t\t\t\t\t\t\t\t\t\t\t\t\t\t\t<i class=\"icon fa-regular fa-car\"><\/i> 30 Min. \u2013 20 km\t\t\t\t\t\t\t\t\t\t\t\t\t\t\t\t\t\t\t\t\t<\/div>\n\t\t\t\t\t\t\t\t\t<\/div>\n\t\t\t\t\t\t\t\t\t<div class=\"tb-card-bottom__teaser tb-unfold-on-hover__content\" data-no-translation>\n\t\t\t\t\t\t\t\t\t\t\t\t\t\t\t\t\t\t\t\t\t\t\t\t\t\t\t\t\t\tNach einer erholsamen Nacht hei\u00dft es Abschied nehmen. Am Morgen f\u00e4hrst du zum Flughafen, gibst dein &#8230; <span class=\"link\">Mehr lesen<\/span>\t\t\t\t\t\t\t\t\t<\/div>\n\t\t\t\t\t\t\t\t<\/div>\n\n\t\t\t\t\t\t\t<\/div>\n\t\t\t\t\t\t\t<dialog class=\"tb-popup tb-popup-with-padding tb-dayschedule-popup-wrapper\">\n\t\t\t\t\t\t\t\t<div class=\"tb-dayschedule-popup\">\n\t\t\t\t\t\t\t\t\t<h5>\n\t\t\t\t\t\t\t\t\t\t\t\t\t\t\t\t\t\t\t\t\t\t\t\t\t\t\t\t\t\t\t<div>\n\t\t\t\t\t\t\t\t\t\t\t\t\t\t\t\t\t\t\t\t\t\t\t\t\tMadaba\t\t\t\t\t\t\t\t\t\t\t\t\t\t\t\t\t\t\t\t\t\t\t\t\t\t\t\t\t\t\t\t\t\t\t\t\t\t\t\t\t\t\t\t\t\t\t\t\t\t\t<i class=\"icon fa-solid fa-arrow-right\"><\/i> Flughafen\t\t\t\t\t\t\t\t\t\t\t\t\t\t\t\t\t\t\t\t\t\t\t\t\t\t\t\t\t\t\t\t\t\t\t\t<\/div>\n\t\t\t\t\t\t\t\t\t\t\t\t\t\t\t\t\t\t\t<\/h5>\n\t\t\t\t\t\t\t\t\t<div class=\"tb-columns\">\n\t\t\t\t\t\t\t\t\t\t<div class=\"tb-column tb-column--text\">\n\t\t\t\t\t\t\t\t\t\t\t<div class=\"text-part\">\n\t\t\t\t\t\t\t\t\t\t\t\t\t\t\t\t\t\t\t\t\t\t\t\t\t<div class=\"tb-dayschedule-popup__icons\">\n\t\t\t\t\t\t\t\t\t\t\t\t\t\t\t\t\t\t\t\t\t\t\t\t\t\t\t\t\t\t\t\t\t\t\t\t\t\t\t\t\t\t\t<div class=\"tb-dayschedule-popup__icon\">\n\t\t\t\t\t\t\t\t\t\t\t\t\t\t\t\t<i class=\"icon fa-regular fa-car\"><\/i>\n\t\t\t\t\t\t\t\t\t\t\t\t\t\t\t\t<span>\n\t\t\t\t\t\t\t\t\t\t\t\t\t\t\t\t\t30 Min. \u2013 20 km\t\t\t\t\t\t\t\t\t\t\t\t\t\t\t\t<\/span>\n\t\t\t\t\t\t\t\t\t\t\t\t\t\t\t<\/div>\n\t\t\t\t\t\t\t\t\t\t\t\t\t\t\t\t\t\t\t\t\t\t\t\t\t\t\t<\/div>\n\t\t\t\t\t\t\t\t\t\t\t\t\n\t\t\t\t\t\t\t\t\t\t\t\t\n\t\t\t\t\t\t\t\t\t\t\t\t<div>\n\t\t\t\t\t\t\t\t\t\t\t\t\t<strong>Tag 8<\/strong>\n\t\t\t\t\t\t\t\t\t\t\t\t\t\t\t<div class=\"translation-block\"><p>Nach einer erholsamen Nacht hei\u00dft es Abschied nehmen. <strong>Am Morgen f\u00e4hrst du zum Flughafen<\/strong>, gibst dein Fahrzeug zur\u00fcck und machst dich auf den Weg zu deinem Terminal, im Kopf viele Erinnerungen an eine unvergessliche Reise.<\/p><\/div>\n\t\t\t\t\t\t\t\t\t\t\t\t\t<\/div>\n\n\n\t\t\t\t\t\t\t\t\t\t\t<\/div>\n\t\t\t\t\t\t\t\t\t\t<\/div>\n\t\t\t\t\t\t\t\t\t\t<div class=\"tb-column tb-column--image\">\n\n\t\t\t\t\t\t\t\t\t\t\t<div class=\"tb-image-part\">\n\t\t\t\t\t\t\t\t\t\t\t\t<img src='https:\/\/jn.travelblox.eu\/wp-content\/uploads\/sites\/44\/2025\/01\/JN23_RoyMosterd_LR_4227416-768x1024.jpeg' width='768' height='1024' alt='Auto auf Schotterstra\u00dfe' loading='lazy' image_size='large'>\t\t\t\t\t\t\t\t\t\t\t<\/div>\n\t\t\t\t\t\t\t\t\t\t<\/div>\n\t\t\t\t\t\t\t\t\t<\/div>\n\t\t\t\t\t\t\t\t\t\t\t<div class=\"tb-popup-nav\">\n\t\t\t<a href=\"#\" class=\"tb-buttonlink-with-icon tb-buttonlink-with-arrow icon-first tb-popup-previous\">\n\t\t\t\t<i class=\"icon fa fa-chevron-left\"><\/i>\n\t\t\t\t<span>Vorheriger Tag<\/span>\n\t\t\t<\/a>\n\t\t\t<a href=\"#\" class=\"tb-buttonlink-with-icon tb-buttonlink-with-arrow tb-popup-next\">\n\t\t\t\t<span>N\u00e4chster Tag<\/span>\n\t\t\t\t<i class=\"icon fa fa-chevron-right\"><\/i>\n\t\t\t<\/a>\n\t\t<\/div>\n\t\n\t\t\t\t\t\t\t\t<\/div>\n\t\t\t\t\t\t\t<\/dialog>\n\t\t\t\t\t\t<\/div>\n\t\t\t\t\t\t\t\t\t\t\t\t\t\t<\/div>\n\t\t\t\t\t\t<div class=\"tb-carousel-nav\">\n\t\t\t<div class=\"dots\">\n\t\t\t\t<div class=\"dot active\"><\/div>\n\t\t\t\t<div class=\"dot\"><\/div>\n\t\t\t\t<div class=\"dot\"><\/div>\n\t\t\t<\/div>\n\t\t\t<div class=\"arrows\">\n\t\t\t\t<div class=\"prev disabled\">\n\t\t\t\t\t<span><i class=\"fa fa-chevron-left\"><\/i><\/span>\n\t\t\t\t<\/div>\n\t\t\t\t<div class=\"next\">\n\t\t\t\t\t<span><i class=\"fa fa-chevron-right\"><\/i><\/span>\n\t\t\t\t<\/div>\n\t\t\t<\/div>\n\t\t<\/div>\n\t\t\t\t<\/div>\n\t\t<\/div>\n\t\t\t\t\t\t\t\t\t\t<\/div>\n\t\n<\/div>\n\n\n<div class=\"tb-colcompare tb-block align-center background-light pattern-none variant-cards tb-collapsible-margins\" id=\"car\">\n\t<div class=\"inner-block tb-fade-in tb-fade-in--subtle\">\n\t\t<div class=\"text-part\">\n\t\t\t<h2>Dein Fahrzeug und Unterk\u00fcnfte in Jordanien<\/h2>\n\t\t\t\t\t<div class=\"translation-block\"><\/div>\n\t\t\t<\/div>\n\t<\/div>\n\t\t\t\t\t<div class=\"inner-block-full-width has-tb-carousel tb-justified\" >\n\t\t\t<div class=\"tb-carousel-container\">\n\t\t\t\t<div class=\"entries tb-cards\" data-slider-first=\"1\">\n\t\t\t\t\t\t\t\t\t<div class=\"tb-card entry tb-fade-in tb-fade-in--subtle\">\n\t\t\t\t<div class=\"tb-image-part\">\n\t\t\t\t\t\t\t\t\t<div class=\"inner-block-full-width has-tb-carousel tb-carousel-slider\" >\n\t\t\t<div class=\"tb-carousel-container\">\n\t\t\t\t<div class=\"entries tb-cards\" data-slider-first=\"0\">\n\t\t\t\t\t\t\t\t\t<div class=\"entry\">\n\t\t\t\t<div class=\"tb-image-part\">\n\t\t\t\t\t<figure>\n\t\t\t\t\t\t<img src='https:\/\/jn.travelblox.eu\/wp-content\/uploads\/sites\/44\/2025\/01\/0H4A0931-768x960.jpeg' width='768' height='960' alt='Roadbook' loading='lazy' image_size='medium_large'>\t\t\t\t\t\t\t\t\t\t\t<\/figure>\n\t\t\t\t<\/div>\n\t\t\t<\/div>\n\t\t\t\t\t<div class=\"entry\">\n\t\t\t\t<div class=\"tb-image-part\">\n\t\t\t\t\t<figure>\n\t\t\t\t\t\t<img src='https:\/\/jn.travelblox.eu\/wp-content\/uploads\/sites\/44\/2025\/12\/6715e012-3fb1-4f11-b255-bcba904277c4-768x640.jpg' width='768' height='640' alt='Auto vor der Schlucht' loading='lazy' image_size='medium_large'>\t\t\t\t\t\t\t\t\t\t\t<\/figure>\n\t\t\t\t<\/div>\n\t\t\t<\/div>\n\t\t\t\t\t<div class=\"entry\">\n\t\t\t\t<div class=\"tb-image-part\">\n\t\t\t\t\t<figure>\n\t\t\t\t\t\t<img src='https:\/\/jn.travelblox.eu\/wp-content\/uploads\/sites\/44\/2025\/12\/c180007f-e3a6-418e-8837-d171f9e98b93-768x655.jpg' width='768' height='655' alt='Im Inneren des Autos' loading='lazy' image_size='medium_large'>\t\t\t\t\t\t\t\t\t\t\t<\/figure>\n\t\t\t\t<\/div>\n\t\t\t<\/div>\n\t\t\t\t\t\t\t\t<\/div>\n\t\t\t\t\t\t<div class=\"tb-carousel-nav\">\n\t\t\t<div class=\"dots\">\n\t\t\t\t<div class=\"dot active\"><\/div>\n\t\t\t\t<div class=\"dot\"><\/div>\n\t\t\t\t<div class=\"dot\"><\/div>\n\t\t\t<\/div>\n\t\t\t<div class=\"arrows\">\n\t\t\t\t<div class=\"prev disabled\">\n\t\t\t\t\t<span><i class=\"fa fa-chevron-left\"><\/i><\/span>\n\t\t\t\t<\/div>\n\t\t\t\t<div class=\"next\">\n\t\t\t\t\t<span><i class=\"fa fa-chevron-right\"><\/i><\/span>\n\t\t\t\t<\/div>\n\t\t\t<\/div>\n\t\t<\/div>\n\t\t\t\t<\/div>\n\t\t<\/div>\n\t\t\t\t\t\t<\/div>\n\t\t\t\t<div class=\"tb-card-content text-part\">\n\t\t\t\t\t<h5>\t\t\t\t<i class=\"icon fa-solid fa-car\" aria-hidden=\"true\"><\/i>\n\t\t\t Fahrzeug<\/h5>\n\t\t\t\t\t\t\t<div class=\"translation-block\"><p>Du reist in einem <strong>Chevrolet Captiva SUV<\/strong>, der perfekt auf alle Stra\u00dfenarten in Jordanien ausgelegt ist, von Asphalt \u00fcber Pisten bis hin zu W\u00fcstenspuren.<br><br><strong>Alle Fahrzeuge verf\u00fcgen \u00fcber:<\/strong><\/p><ul><li>Automatikgetriebe<\/li><li>USB-Anschl\u00fcsse zum Laden deiner Ger\u00e4te<\/li><\/ul><p><strong>Roadbook &amp; App:<\/strong><br>Damit du jederzeit den \u00dcberblick beh\u00e4ltst, erh\u00e4ltst du:<\/p><ul><li>ein <strong>Roadbook<\/strong>, das dich Schritt f\u00fcr Schritt durch dein Abenteuer begleitet<\/li><li>Zugang zu unserer <strong>App<\/strong> mit der vollst\u00e4ndigen Route und allen wichtigen Infos<\/li><\/ul><p><strong>Praktischen Infos:<\/strong><\/p><p>Weitere Details zur <strong>Ausr\u00fcstung<\/strong> oder zu den <strong>Versicherungsoptionen<\/strong> findest du in unserem Bereich <a href=\"#info\">\u201ePraktische Informationen\u201c<\/a>.<\/p><\/div>\n\t\t\t\t\t\t<div class=\"tb-buttons-part\">\n\t\t\t\t\t\t\t\t\t\t\t<\/div>\n\t\t\t\t<\/div>\n\t\t\t<\/div>\n\t\t\t\t\t<div class=\"tb-card entry tb-fade-in tb-fade-in--subtle\">\n\t\t\t\t<div class=\"tb-image-part\">\n\t\t\t\t\t\t\t\t\t<div class=\"inner-block-full-width has-tb-carousel tb-carousel-slider\" >\n\t\t\t<div class=\"tb-carousel-container\">\n\t\t\t\t<div class=\"entries tb-cards\" data-slider-first=\"0\">\n\t\t\t\t\t\t\t\t\t<div class=\"entry\">\n\t\t\t\t<div class=\"tb-image-part\">\n\t\t\t\t\t<figure>\n\t\t\t\t\t\t<img src='https:\/\/jn.travelblox.eu\/wp-content\/uploads\/sites\/44\/2025\/01\/JN23_RoyMosterd_LR_-2-768x576.jpeg' width='768' height='576' alt='Schlafzimmer in der W\u00fcste' loading='lazy' image_size='medium_large'>\t\t\t\t\t\t\t\t\t\t\t<\/figure>\n\t\t\t\t<\/div>\n\t\t\t<\/div>\n\t\t\t\t\t<div class=\"entry\">\n\t\t\t\t<div class=\"tb-image-part\">\n\t\t\t\t\t<figure>\n\t\t\t\t\t\t<img src='https:\/\/jn.travelblox.eu\/wp-content\/uploads\/sites\/44\/2025\/11\/IMG_4237-768x576.jpg' width='768' height='576' loading='lazy' image_size='medium_large'>\t\t\t\t\t\t\t\t\t\t\t<\/figure>\n\t\t\t\t<\/div>\n\t\t\t<\/div>\n\t\t\t\t\t<div class=\"entry\">\n\t\t\t\t<div class=\"tb-image-part\">\n\t\t\t\t\t<figure>\n\t\t\t\t\t\t<img src='https:\/\/jn.travelblox.eu\/wp-content\/uploads\/sites\/44\/2025\/11\/IMG_4223-768x576.jpg' width='768' height='576' loading='lazy' image_size='medium_large'>\t\t\t\t\t\t\t\t\t\t\t<\/figure>\n\t\t\t\t<\/div>\n\t\t\t<\/div>\n\t\t\t\t\t<div class=\"entry\">\n\t\t\t\t<div class=\"tb-image-part\">\n\t\t\t\t\t<figure>\n\t\t\t\t\t\t<img src='https:\/\/jn.travelblox.eu\/wp-content\/uploads\/sites\/44\/2025\/01\/c6a04ad6-a5af-48d2-9e2f-340714994562-1.jpg' width='576' height='563' alt='Schlafzimmer in Dana' loading='lazy' image_size='medium_large'>\t\t\t\t\t\t\t\t\t\t\t<\/figure>\n\t\t\t\t<\/div>\n\t\t\t<\/div>\n\t\t\t\t\t<div class=\"entry\">\n\t\t\t\t<div class=\"tb-image-part\">\n\t\t\t\t\t<figure>\n\t\t\t\t\t\t<img src='https:\/\/jn.travelblox.eu\/wp-content\/uploads\/sites\/44\/2025\/11\/IMG_3656-768x576.jpg' width='768' height='576' loading='lazy' image_size='medium_large'>\t\t\t\t\t\t\t\t\t\t\t<\/figure>\n\t\t\t\t<\/div>\n\t\t\t<\/div>\n\t\t\t\t\t<div class=\"entry\">\n\t\t\t\t<div class=\"tb-image-part\">\n\t\t\t\t\t<figure>\n\t\t\t\t\t\t<img src='https:\/\/jn.travelblox.eu\/wp-content\/uploads\/sites\/44\/2025\/12\/9f8e852f-2fa4-4fff-b32e-9a979762de28-768x960.jpg' width='768' height='960' alt='Hotel in Wadi Musa' loading='lazy' image_size='medium_large'>\t\t\t\t\t\t\t\t\t\t\t<\/figure>\n\t\t\t\t<\/div>\n\t\t\t<\/div>\n\t\t\t\t\t\t\t\t<\/div>\n\t\t\t\t\t\t<div class=\"tb-carousel-nav\">\n\t\t\t<div class=\"dots\">\n\t\t\t\t<div class=\"dot active\"><\/div>\n\t\t\t\t<div class=\"dot\"><\/div>\n\t\t\t\t<div class=\"dot\"><\/div>\n\t\t\t<\/div>\n\t\t\t<div class=\"arrows\">\n\t\t\t\t<div class=\"prev disabled\">\n\t\t\t\t\t<span><i class=\"fa fa-chevron-left\"><\/i><\/span>\n\t\t\t\t<\/div>\n\t\t\t\t<div class=\"next\">\n\t\t\t\t\t<span><i class=\"fa fa-chevron-right\"><\/i><\/span>\n\t\t\t\t<\/div>\n\t\t\t<\/div>\n\t\t<\/div>\n\t\t\t\t<\/div>\n\t\t<\/div>\n\t\t\t\t\t\t<\/div>\n\t\t\t\t<div class=\"tb-card-content text-part\">\n\t\t\t\t\t<h5>\t\t\t\t<i class=\"icon fa-solid fa-bed\" aria-hidden=\"true\"><\/i>\n\t\t\t Unterk\u00fcnfte<\/h5>\n\t\t\t\t\t\t\t<div class=\"translation-block\"><p>W\u00e4hrend deiner Rundreise in Jordanien verbringst du <strong>7 N\u00e4chte<\/strong> in sorgf\u00e4ltig ausgew\u00e4hlten <strong>Hotels und Lodges<\/strong> \u2013 komfortabel, charmant und oft an richtig besonderen Orten mit sch\u00f6ner Aussicht.<br>Highlight inklusive: <strong>1 Nacht in der W\u00fcste Wadi Rum<\/strong>.<\/p><p><strong>Fr\u00fchst\u00fcck inklusive:<\/strong><br>Jeden Morgen startest du mit einem <strong>lokalen Fr\u00fchst\u00fcck<\/strong>, das im Basisangebot enthalten ist \u2013 bevor du dich auf den Weg zum n\u00e4chsten Abenteuer machst.<\/p><p><strong>Alles ist organisiert:<\/strong><br>Damit du komplett entspannt reisen kannst, ist alles f\u00fcr dich geregelt:<\/p><ul><li>Unterk\u00fcnfte sind vorab reserviert<\/li><li><strong>Privatzimmer<\/strong> mit <strong>eigenem Bad<\/strong><\/li><\/ul><\/div>\n\t\t\t\t\t\t<div class=\"tb-buttons-part\">\n\t\t\t\t\t\t\t\t\t\t\t<\/div>\n\t\t\t\t<\/div>\n\t\t\t<\/div>\n\t\t\t\t\t\t\t\t<\/div>\n\t\t\t\t\t\t<div class=\"tb-carousel-nav\">\n\t\t\t<div class=\"dots\">\n\t\t\t\t<div class=\"dot active\"><\/div>\n\t\t\t\t<div class=\"dot\"><\/div>\n\t\t\t\t<div class=\"dot\"><\/div>\n\t\t\t<\/div>\n\t\t\t<div class=\"arrows\">\n\t\t\t\t<div class=\"prev disabled\">\n\t\t\t\t\t<span><i class=\"fa fa-chevron-left\"><\/i><\/span>\n\t\t\t\t<\/div>\n\t\t\t\t<div class=\"next\">\n\t\t\t\t\t<span><i class=\"fa fa-chevron-right\"><\/i><\/span>\n\t\t\t\t<\/div>\n\t\t\t<\/div>\n\t\t<\/div>\n\t\t\t\t<\/div>\n\t\t<\/div>\n\t\t\t\t\t<div class=\"inner-block\">\n\t\t\t<div class=\"text-part\">\n\t\t\t\t\t\t<div class=\"translation-block\"><\/div>\n\t\t\t\t\t<div class=\"tb-buttons-part\">\n\t\t\t\t\t\t\t<a href=\"#join\"  target=\"\" class=\"tb-button\">\n\t\t\tBuche deine Reise ab 690 \u20ac\t\t<\/a>\n\t\t\t\t\t\t<\/div>\n\t\t\t<\/div>\n\t\t<\/div>\n\t<\/div>\n\n\n<div class=\"tb-practical tb-block align-none background-light pattern-none variant-none tb-collapsible-margins\" id=\"info\">\n\t<div class=\"inner-block tb-fade-in\">\n\t\t<div class=\"text-part\">\n\t\t\t<h2>Praktische Informationen<\/h2>\n\t\t\t\t\t<div class=\"translation-block\"><\/div>\n\t\t\t<\/div>\n\t<\/div>\n\t<div class=\"inner-block tb-fade-in\">\n\t\t\t\t\t<div class=\"practical-cols\">\n\t\t\t\t<div class=\"practical-nav-container\">\n\t\t\t\t\t<ul class=\"practical-nav tb-style-block\">\n\t\t\t\t\t\t\t\t\t\t\t\t\t<li><a href=\"#info-block-0\">Verf\u00fcgbarkeiten<\/a><\/li>\n\t\t\t\t\t\t\t\t\t\t\t\t\t<li><a href=\"#info-block-1\">Was ist inklusive? <\/a><\/li>\n\t\t\t\t\t\t\t\t\t\t\t\t\t<li><a href=\"#info-block-2\">Zus\u00e4tzliche Optionen<\/a><\/li>\n\t\t\t\t\t\t\t\t\t\t\t\t\t<li><a href=\"#info-block-3\">Essen<\/a><\/li>\n\t\t\t\t\t\t\t\t\t\t\t\t\t<li><a href=\"#info-block-4\">FAQ<\/a><\/li>\n\t\t\t\t\t\t\t\t\t\t\t<\/ul>\n\t\t\t\t<\/div>\n\t\t\t\t<div class=\"tb-accordion tb-accordion--animation tb-accordion-mobile-only text-part\">\n\t\t\t\t\t\t\t\t\t\t\t<div class=\"details\" id=\"info-block-0\">\n\t\t\t\t\t\t\t<div class=\"summary\">\n\t\t\t\t\t\t\t\t\t\t\t\t<i class=\"icon fa-solid fa-calendar tb-style-block\" aria-hidden=\"true\"><\/i>\n\t\t\t Verf\u00fcgbarkeiten\t\t\t\t\t\t\t<\/div>\n\t\t\t\t\t\t\t<div class=\"content\">\n\t\t\t\t\t\t\t\t\t\t<div class=\"translation-block\"><p>Diese Rundreise in Jordanien findet im <strong>Fr\u00fchling<\/strong> und im <strong>Herbst<\/strong> statt. Du kannst alle <strong>Verf\u00fcgbarkeiten<\/strong> entdecken und eine Rundreise \u00fcber den <a href=\"#join\">Kalender<\/a> am Ende der Webseite buchen.<\/p><p><strong>Fr\u00fchling 2026<\/strong><\/p><p>Dringend Sonne n\u00f6tig oder spontan Lust auf dieses faszinierende Land? F\u00fcr den Fr\u00fchling 2026 gibt\u2019s <strong>noch ein paar verf\u00fcgbare Abfahrten<\/strong>.<\/p><p>\ud83d\udc49 <a href=\"#join\">Buche jetzt deine Reise<\/a> oder <a href=\"https:\/\/booking.travelbase.eu\/jn26s\/offer\">fordere ein Preisangebot an<\/a> (kostenlos).<\/p><p><strong>Herbst 2026<\/strong><\/p><p>Die Herbstausgabe 2026 findet vom <strong>16. September<\/strong> bis zum <strong>22. November<\/strong> statt. <a href=\"https:\/\/jordannomads.org\/de\/#join\">Buche jetzt deine Reise<\/a> oder <a href=\"https:\/\/booking.travelbase.eu\/jn26a\/offer?lang=de\">fordere ein pers\u00f6nliches Angebot an<\/a>.<\/p><p>&nbsp;<\/p><p><br><br>.<\/p><\/div>\n\t\t\t\t\t\t\t\t<\/div>\n\t\t\t\t\t\t<\/div>\n\t\t\t\t\t\t\t\t\t\t\t<div class=\"details\" id=\"info-block-1\">\n\t\t\t\t\t\t\t<div class=\"summary\">\n\t\t\t\t\t\t\t\t\t\t\t\t<i class=\"icon fa-solid fa-tag tb-style-block\" aria-hidden=\"true\"><\/i>\n\t\t\t Was ist inklusive? \t\t\t\t\t\t\t<\/div>\n\t\t\t\t\t\t\t<div class=\"content\">\n\t\t\t\t\t\t\t\t\t\t<div class=\"translation-block\"><p>Der Grundpreis f\u00fcr diese Reise beginnt bei 690 \u20ac (ohne Fl\u00fcge) pro Person. Basierend auf 2 Personen pro Auto.<\/p><p>Dieser Preis beinhaltet:<\/p><ul><li>Ein komfortabler 4\u00d74 mit Ausstattung<\/li><li>7 N\u00e4chte in einzigartigen Unterk\u00fcnften (Fr\u00fchst\u00fcck inklusive), darunter eine Nacht in der W\u00fcste (Abendessen und Fr\u00fchst\u00fcck inklusive)<\/li><li>Ein detailliertes Roadbook mit der kompletten Route, Erkl\u00e4rungen zu jedem Tag sowie n\u00fctzlichen Tipps und Tricks<\/li><li>Zugang zu einer exklusiven App mit verschiedenen Informationen und einer interaktiven Karte.<\/li><li>Unterst\u00fctzung vor und w\u00e4hrend Ihrer Reise<\/li><\/ul><\/div>\n\t\t\t\t\t\t\t\t<\/div>\n\t\t\t\t\t\t<\/div>\n\t\t\t\t\t\t\t\t\t\t\t<div class=\"details\" id=\"info-block-2\">\n\t\t\t\t\t\t\t<div class=\"summary\">\n\t\t\t\t\t\t\t\t\t\t\t\t<i class=\"icon fa-solid fa-circle-plus tb-style-block\" aria-hidden=\"true\"><\/i>\n\t\t\t Zus\u00e4tzliche Optionen\t\t\t\t\t\t\t<\/div>\n\t\t\t\t\t\t\t<div class=\"content\">\n\t\t\t\t\t\t\t\t\t\t<div class=\"translation-block\"><p>Du kannst die folgenden Optionen zu deiner Reise hinzuf\u00fcgen:<\/p><ul><li><a href=\"#transport\">Hin- und R\u00fcckflug<\/a><\/li><li>Aufgegebenes Gep\u00e4ck (23 kg): 55 \u20ac pro St\u00fcck<\/li><li><a href=\"https:\/\/admin.travelbase.eu\/u\/source\/Nomads_Trips\/General\/DAMAGE_WAIVER\/Damage_Waiver_DE.pdf\" target=\"_blank\">Schadensversicherung<\/a>: 259 \u20ac pro Auto<\/li><li><a href=\"https:\/\/jordannomads.org\/de\/travelinsurance\/\" target=\"_blank\">Reiseversicherung<\/a>: 49 \u20ac pro Person<\/li><li><a href=\"https:\/\/static.travelbase.eu\/u\/source\/Nomads_Trips\/NOMADS_CANCELLATION_INSURANCE_DE.pdf?_gl=1*1y65yie*_ga*MTM3ODg3MDg1Ny4xNjk4MDY3NDg1*_ga_MNM1Z0RZ2L*MTcwNjY5MzIyNS40NC4xLjE3MDY2OTM2NDEuMC4wLjA.*_ga_W2W4SEC703*MTcwNjY5MzIyNS4yOS4xLjE3MDY2OTM2NDEuNjAuMC4w\" target=\"_blank\">Stornoversicherung<\/a>: 89 \u20ac pro Person<\/li><li>CO2-Emissionen kompensieren: 34 \u20ac pro Person<\/li><li><a href=\"#activities\">Zus\u00e4tzliche Aktivit\u00e4ten<\/a><\/li><li>Jordan Pass: 114 \u20ac. Der Jordan Pass gew\u00e4hrt Zugang zu Petra (1 Tag), Wadi Rum und verschiedenen Sehensw\u00fcrdigkeiten in Amman und Madaba. Der Jordan Pass beinhaltet auch dein <strong>Visum<\/strong> f\u00fcr Jordanien<\/li><\/ul><\/div>\n\t\t\t\t\t\t\t\t<\/div>\n\t\t\t\t\t\t<\/div>\n\t\t\t\t\t\t\t\t\t\t\t<div class=\"details\" id=\"info-block-3\">\n\t\t\t\t\t\t\t<div class=\"summary\">\n\t\t\t\t\t\t\t\t\t\t\t\t<i class=\"icon fa-solid fa-utensils tb-style-block\" aria-hidden=\"true\"><\/i>\n\t\t\t Essen\t\t\t\t\t\t\t<\/div>\n\t\t\t\t\t\t\t<div class=\"content\">\n\t\t\t\t\t\t\t\t\t\t<div class=\"translation-block\"><p><strong>Fr\u00fchst\u00fcck inklusive<\/strong><\/p><p>Alle Fr\u00fchst\u00fccke sind im Grundpreis enthalten und werden jeweils in deiner Unterkunft serviert.<\/p><p><strong>Mittag- &amp; Abendessen<\/strong><\/p><p>F\u00fcr die anderen Mahlzeiten hast du unterwegs und rund um deine Unterk\u00fcnfte meistens plenty Auswahl. In deinem Roadbook findest du au\u00dferdem unsere liebsten Adressen, die wir f\u00fcr dich ausgesucht haben.<\/p><p><strong>Falls mal kein Restaurant in der N\u00e4he ist:<\/strong><\/p><ul><li>zeigen wir dir die n\u00e4chstgelegenen Superm\u00e4rkte<\/li><li>oder du kannst (je nach Unterkunft) dort etwas essen<\/li><\/ul><\/div>\n\t\t\t\t\t\t\t\t<\/div>\n\t\t\t\t\t\t<\/div>\n\t\t\t\t\t\t\t\t\t\t\t<div class=\"details\" id=\"info-block-4\">\n\t\t\t\t\t\t\t<div class=\"summary\">\n\t\t\t\t\t\t\t\t\t\t\t\t<i class=\"icon fa-solid fa-question tb-style-block\" aria-hidden=\"true\"><\/i>\n\t\t\t FAQ\t\t\t\t\t\t\t<\/div>\n\t\t\t\t\t\t\t<div class=\"content\">\n\t\t\t\t\t\t\t\t\t\t<div class=\"translation-block\"><p>Du m\u00f6chtest mehr \u00fcber diese Rundreise erfahren? Dann schau dir <a href=\"#faq\">die FAQ<\/a>'s an.<\/p><\/div>\n\t\t\t\t\t\t\t\t<\/div>\n\t\t\t\t\t\t<\/div>\n\t\t\t\t\t\t\t\t\t<\/div>\n\t\t\t<\/div>\n\t\t\t<\/div>\n<\/div>\n\n\n\n<div class=\"tb-highlights tb-block align-center background-dark pattern-none variant-none tb-collapsible-margins\" id=\"activities\">\n\t<div class=\"inner-block tb-fade-in tb-fade-in--subtle\">\n\t\t<div class=\"text-part\">\n\t\t\t<h2>Unvergessliche Aktivit\u00e4ten in Jordanien<\/h2>\n\t\t\t\t\t<div class=\"translation-block\"><p>Hast du Lust auf ein zus\u00e4tzliches Highlight w\u00e4hrend deiner Rundreise? Erg\u00e4nze dein Abenteuer mit einer oder mehreren Aktivit\u00e4ten, die perfekt zu deiner Route passen!<\/p><\/div>\n\t\t\t\t\t\t<\/div>\n\t<\/div>\n\t\t\t<div class=\"tb-sections tb-fade-in tb-fade-in--subtle\">\n\t\t\t\t\t\t\t\t\t\t\t\t\t\t<div class=\"inner-block-full-width has-tb-carousel tb-section\" id=\"activities-section-0\">\n\t\t\t<div class=\"tb-carousel-container\">\n\t\t\t\t<div class=\"entries tb-cards\" data-slider-first=\"1\">\n\t\t\t\t\t\t\t\t\t\t\t\t\t\t\t<div class=\"tb-card entry tb-popup-trigger desktop-only-popup\">\n\t\t\t\t\t\t\t<div class=\"tb-image-part desktop\">\n\t\t\t\t\t\t\t\t<img src='https:\/\/jn.travelblox.eu\/wp-content\/uploads\/sites\/44\/2023\/08\/16784433431103.jpg' width='510' height='340' loading='lazy'>\t\t\t\t\t\t\t\t\t\t\t\t\t\t\t\t\t<div class=\"tag tiny-body-font\"><p>Tag 3<\/p><\/div>\t\t\t\t\t\t\t\t\t\t\t\t\t\t\t\t\t<div class=\"price tiny-body-font desktop translation-block\"><p>35 \u20ac<\/p><\/div>\t\t\t\t\t\t\t<\/div>\n\t\t\t\t\t\t\t<div class=\"tb-image-part mobile\">\n\t\t\t\t\t\t\t\t\t\t\t\t<div class=\"inner-block-full-width has-tb-carousel tb-carousel-slider\" >\n\t\t\t<div class=\"tb-carousel-container\">\n\t\t\t\t<div class=\"entries tb-cards\" data-slider-first=\"0\">\n\t\t\t\t\t\t\t\t\t<div class=\"entry\">\n\t\t\t\t<div class=\"tb-image-part\">\n\t\t\t\t\t<figure>\n\t\t\t\t\t\t<img src='https:\/\/jn.travelblox.eu\/wp-content\/uploads\/sites\/44\/2023\/08\/16784433431103.jpg' width='510' height='340' loading='lazy' image_size='medium_large'>\t\t\t\t\t\t\t\t\t\t\t<\/figure>\n\t\t\t\t<\/div>\n\t\t\t<\/div>\n\t\t\t\t\t<div class=\"entry\">\n\t\t\t\t<div class=\"tb-image-part\">\n\t\t\t\t\t<figure>\n\t\t\t\t\t\t<img src='https:\/\/jn.travelblox.eu\/wp-content\/uploads\/sites\/44\/2023\/08\/16784432919226.jpg' width='600' height='500' loading='lazy' image_size='medium_large'>\t\t\t\t\t\t\t\t\t\t\t<\/figure>\n\t\t\t\t<\/div>\n\t\t\t<\/div>\n\t\t\t\t\t\t\t\t<\/div>\n\t\t\t\t\t\t<div class=\"tb-carousel-nav\">\n\t\t\t<div class=\"dots\">\n\t\t\t\t<div class=\"dot active\"><\/div>\n\t\t\t\t<div class=\"dot\"><\/div>\n\t\t\t\t<div class=\"dot\"><\/div>\n\t\t\t<\/div>\n\t\t\t<div class=\"arrows\">\n\t\t\t\t<div class=\"prev disabled\">\n\t\t\t\t\t<span><i class=\"fa fa-chevron-left\"><\/i><\/span>\n\t\t\t\t<\/div>\n\t\t\t\t<div class=\"next\">\n\t\t\t\t\t<span><i class=\"fa fa-chevron-right\"><\/i><\/span>\n\t\t\t\t<\/div>\n\t\t\t<\/div>\n\t\t<\/div>\n\t\t\t\t<\/div>\n\t\t<\/div>\n\t\t\t\t\t\t\t\t\t\t\t\t\t\t\t\t\t\t\t<div class=\"tag tiny-body-font\"><p>Tag 3<\/p><\/div>\t\t\t\t\t\t\t<\/div>\n\t\t\t\t\t\t\t<div class=\"tb-card-content\">\n\t\t\t\t\t\t\t\t<h5>\n\t\t\t\t\t\t\t\t\t\t\t\t\t\t\t\t\t\t<span>T\u00fcrkisches Bad<\/span>\n\t\t\t\t\t\t\t\t<\/h5>\n\t\t\t\t\t\t\t\t\t\t\t\t\t\t\t\t\t<div class=\"price tiny-body-font mobile\"><p>35\u20ac<\/p><\/div>\t\t\t\t\t\t\t\t<div class=\"content readmore-content content--clamped\">\t\t<div class=\"translation-block\"><p>Lust auf eine kleine Pause zwischen zwei Etappen deiner Rundreise? Ein <strong>t\u00fcrkisches Bad (Hamam)<\/strong> ist ein traditionelles Ritual, das dich einmal komplett runterfahren l\u00e4sst \u2013 K\u00f6rper und Kopf inklusive. Die Session dauert etwa <strong>1,5 Stunden<\/strong> und findet in einem <strong>authentischen, lokal gef\u00fchrten<\/strong> Hamam statt.<\/p><p><strong>So l\u00e4uft\u2019s ab (klassisch in 3 Schritten)<\/strong><\/p><p><strong>1) W\u00e4rme &amp; Dampf (ca. 15\u201320 Min.)<\/strong><br>Du startest im Hamam: Hitze und Dampf helfen dir, zu entspannen und machen die Haut sch\u00f6n \u201cbereit\u201d.<\/p><p><strong>2) Peeling \/ K\u00f6rperpflege<\/strong><br>Danach folgt ein kr\u00e4ftiges Peeling, das die Haut reinigt und frisch macht.<\/p><p><strong>3) Kurze Massage (ca. 10\u201315 Min.)<\/strong><br>Zum Abschluss bekommst du eine Massage, die die Muskeln lockert und den Moment perfekt abrundet.<\/p><p><i>Gut zu wissen: Die lokale Hamam-Tradition ist manchmal etwas anders, was Privatsph\u00e4re\/Schamgef\u00fchl angeht, als du es vielleicht kennst. Am meisten Spa\u00df macht das Erlebnis, wenn du offen und entspannt damit umgehen kannst.<\/i><\/p><\/div>\n\t<\/div>\n\t\t\t\t\t\t\t\t\t\t\t\t\t\t\t\t<div class=\"readmore link js-readmore\">\n\t\t\t\t\t\t\t\t\t<span><i class=\"fa-solid fa-circle-plus\"><\/i><u>Mehr lesen<\/u><\/span>\n\t\t\t\t\t\t\t\t\t<span><i class=\"fa-solid fa-circle-minus\"><\/i><u>Weniger lesen<\/u><\/span>\n\t\t\t\t\t\t\t\t<\/div>\n\t\t\t\t\t\t\t\t\t\t\t\t\t\t\t\t<dialog class=\"tb-popup\">\n\t\t\t\t\t\t\t\t\t<div class=\"tb-highlights-popup\">\n\t\t\t\t\t\t\t\t\t\t<div class=\"tb-image-part\">\n\t\t\t\t\t\t\t\t\t\t\t\t\t\t\t<div class=\"inner-block-full-width has-tb-carousel tb-carousel-slider\" >\n\t\t\t<div class=\"tb-carousel-container\">\n\t\t\t\t<div class=\"entries tb-cards\" data-slider-first=\"0\">\n\t\t\t\t\t\t\t\t\t<div class=\"entry\">\n\t\t\t\t<div class=\"tb-image-part\">\n\t\t\t\t\t<figure>\n\t\t\t\t\t\t<img src='https:\/\/jn.travelblox.eu\/wp-content\/uploads\/sites\/44\/2023\/08\/16784433431103.jpg' width='510' height='340' loading='lazy' image_size='medium_large'>\t\t\t\t\t\t\t\t\t\t\t<\/figure>\n\t\t\t\t<\/div>\n\t\t\t<\/div>\n\t\t\t\t\t<div class=\"entry\">\n\t\t\t\t<div class=\"tb-image-part\">\n\t\t\t\t\t<figure>\n\t\t\t\t\t\t<img src='https:\/\/jn.travelblox.eu\/wp-content\/uploads\/sites\/44\/2023\/08\/16784432919226.jpg' width='600' height='500' loading='lazy' image_size='medium_large'>\t\t\t\t\t\t\t\t\t\t\t<\/figure>\n\t\t\t\t<\/div>\n\t\t\t<\/div>\n\t\t\t\t\t\t\t\t<\/div>\n\t\t\t\t\t\t<div class=\"tb-carousel-nav\">\n\t\t\t<div class=\"dots\">\n\t\t\t\t<div class=\"dot active\"><\/div>\n\t\t\t\t<div class=\"dot\"><\/div>\n\t\t\t\t<div class=\"dot\"><\/div>\n\t\t\t<\/div>\n\t\t\t<div class=\"arrows\">\n\t\t\t\t<div class=\"prev disabled\">\n\t\t\t\t\t<span><i class=\"fa fa-chevron-left\"><\/i><\/span>\n\t\t\t\t<\/div>\n\t\t\t\t<div class=\"next\">\n\t\t\t\t\t<span><i class=\"fa fa-chevron-right\"><\/i><\/span>\n\t\t\t\t<\/div>\n\t\t\t<\/div>\n\t\t<\/div>\n\t\t\t\t<\/div>\n\t\t<\/div>\n\t\t\t\t\t\t\t\t\t\t\t\t<\/div>\n\t\t\t\t\t\t\t\t\t\t<div class=\"tb-popup-content\">\n\t\t\t\t\t\t\t\t\t\t\t<h5>T\u00fcrkisches Bad<\/h5>\n\t\t\t\t\t\t\t\t\t\t\t<div class=\"content\">\t\t<div class=\"translation-block\"><p>Lust auf eine kleine Pause zwischen zwei Etappen deiner Rundreise? Ein <strong>t\u00fcrkisches Bad (Hamam)<\/strong> ist ein traditionelles Ritual, das dich einmal komplett runterfahren l\u00e4sst \u2013 K\u00f6rper und Kopf inklusive. Die Session dauert etwa <strong>1,5 Stunden<\/strong> und findet in einem <strong>authentischen, lokal gef\u00fchrten<\/strong> Hamam statt.<\/p><p><strong>So l\u00e4uft\u2019s ab (klassisch in 3 Schritten)<\/strong><\/p><p><strong>1) W\u00e4rme &amp; Dampf (ca. 15\u201320 Min.)<\/strong><br>Du startest im Hamam: Hitze und Dampf helfen dir, zu entspannen und machen die Haut sch\u00f6n \u201cbereit\u201d.<\/p><p><strong>2) Peeling \/ K\u00f6rperpflege<\/strong><br>Danach folgt ein kr\u00e4ftiges Peeling, das die Haut reinigt und frisch macht.<\/p><p><strong>3) Kurze Massage (ca. 10\u201315 Min.)<\/strong><br>Zum Abschluss bekommst du eine Massage, die die Muskeln lockert und den Moment perfekt abrundet.<\/p><p><i>Gut zu wissen: Die lokale Hamam-Tradition ist manchmal etwas anders, was Privatsph\u00e4re\/Schamgef\u00fchl angeht, als du es vielleicht kennst. Am meisten Spa\u00df macht das Erlebnis, wenn du offen und entspannt damit umgehen kannst.<\/i><\/p><\/div>\n\t<\/div>\n\t\t\t\t\t\t\t\t\t\t<\/div>\n\t\t\t\t\t\t\t\t\t<\/div>\n\t\t\t\t\t\t\t\t<\/dialog>\n\t\t\t\t\t\t\t<\/div>\n\t\t\t\t\t\t<\/div>\n\t\t\t\t\t\t\t\t\t\t\t<div class=\"tb-card entry tb-popup-trigger desktop-only-popup\">\n\t\t\t\t\t\t\t<div class=\"tb-image-part desktop\">\n\t\t\t\t\t\t\t\t<img src='https:\/\/jn.travelblox.eu\/wp-content\/uploads\/sites\/44\/2026\/02\/1H4A5063.jpg' width='1276' height='1914' alt='Jordanisches Essen, Mansaf' style='object-position:50% 50%' loading='lazy'>\t\t\t\t\t\t\t\t\t\t\t\t\t\t\t\t\t<div class=\"tag tiny-body-font\"><p>Tag 3<\/p><\/div>\t\t\t\t\t\t\t\t\t\t\t\t\t\t\t\t\t<div class=\"price tiny-body-font desktop translation-block\"><p>21 \u20ac<\/p><\/div>\t\t\t\t\t\t\t<\/div>\n\t\t\t\t\t\t\t<div class=\"tb-image-part mobile\">\n\t\t\t\t\t\t\t\t<img src='https:\/\/jn.travelblox.eu\/wp-content\/uploads\/sites\/44\/2026\/02\/1H4A5063-768x1152.jpg' width='768' height='1152' alt='Jordanisches Essen, Mansaf' style='object-position:50% 50%' loading='lazy' image_size='medium_large'>\t\t\t\t\t\t\t\t\t\t\t\t\t\t\t\t\t<div class=\"tag tiny-body-font\"><p>Tag 3<\/p><\/div>\t\t\t\t\t\t\t<\/div>\n\t\t\t\t\t\t\t<div class=\"tb-card-content\">\n\t\t\t\t\t\t\t\t<h5>\n\t\t\t\t\t\t\t\t\t\t\t\t\t\t\t\t\t\t<span>Traditionelles Abendessen<\/span>\n\t\t\t\t\t\t\t\t<\/h5>\n\t\t\t\t\t\t\t\t\t\t\t\t\t\t\t\t\t<div class=\"price tiny-body-font mobile\"><p>21\u20ac<\/p><\/div>\t\t\t\t\t\t\t\t<div class=\"content readmore-content content--clamped\">\t\t<div class=\"translation-block\"><p>Lust auf einen Abend, der mehr ist als \u201cnur\u201d Essen? In <strong>Wadi Musa,<\/strong> ganz in der N\u00e4he von <strong>Petra,<\/strong> erwartet dich ein <strong>traditionelles Dinner<\/strong> mit lokalen Spezialit\u00e4ten. Du setzt dich an einen reich gedeckten Tisch und probierst die authentischen Aromen der jordanisch-arabischen K\u00fcche.<\/p><p><strong>Warum es sich lohnt<\/strong><\/p><p>Das ist kein Restaurantabend, sondern ein echtes <strong>Kulturerlebnis<\/strong>: Du bist zu Gast bei einer <strong>jordanischen Familie<\/strong>, teilst einen warmen, unkomplizierten Moment und bekommst einen kleinen Einblick in Alltag, Traditionen und die ber\u00fchmte Gastfreundschaft vor Ort.<\/p><p><strong>Teilnahmebedingungen<\/strong><\/p><ul><li>Alle sind willkommen<\/li><li>Vegetarisch ist m\u00f6glich (einfach vorher Bescheid geben)<\/li><\/ul><\/div>\n\t<\/div>\n\t\t\t\t\t\t\t\t\t\t\t\t\t\t\t\t<div class=\"readmore link js-readmore\">\n\t\t\t\t\t\t\t\t\t<span><i class=\"fa-solid fa-circle-plus\"><\/i><u>Mehr lesen<\/u><\/span>\n\t\t\t\t\t\t\t\t\t<span><i class=\"fa-solid fa-circle-minus\"><\/i><u>Weniger lesen<\/u><\/span>\n\t\t\t\t\t\t\t\t<\/div>\n\t\t\t\t\t\t\t\t\t\t\t\t\t\t\t\t<dialog class=\"tb-popup\">\n\t\t\t\t\t\t\t\t\t<div class=\"tb-highlights-popup\">\n\t\t\t\t\t\t\t\t\t\t<div class=\"tb-image-part\">\n\t\t\t\t\t\t\t\t\t\t\t<img src='https:\/\/jn.travelblox.eu\/wp-content\/uploads\/sites\/44\/2026\/02\/1H4A5063-768x1152.jpg' width='768' height='1152' alt='Jordanisches Essen, Mansaf' style='object-position:50% 50%' loading='lazy' image_size='medium_large'>\t\t\t\t\t\t\t\t\t\t<\/div>\n\t\t\t\t\t\t\t\t\t\t<div class=\"tb-popup-content\">\n\t\t\t\t\t\t\t\t\t\t\t<h5>Traditionelles Abendessen<\/h5>\n\t\t\t\t\t\t\t\t\t\t\t<div class=\"content\">\t\t<div class=\"translation-block\"><p>Lust auf einen Abend, der mehr ist als \u201cnur\u201d Essen? In <strong>Wadi Musa,<\/strong> ganz in der N\u00e4he von <strong>Petra,<\/strong> erwartet dich ein <strong>traditionelles Dinner<\/strong> mit lokalen Spezialit\u00e4ten. Du setzt dich an einen reich gedeckten Tisch und probierst die authentischen Aromen der jordanisch-arabischen K\u00fcche.<\/p><p><strong>Warum es sich lohnt<\/strong><\/p><p>Das ist kein Restaurantabend, sondern ein echtes <strong>Kulturerlebnis<\/strong>: Du bist zu Gast bei einer <strong>jordanischen Familie<\/strong>, teilst einen warmen, unkomplizierten Moment und bekommst einen kleinen Einblick in Alltag, Traditionen und die ber\u00fchmte Gastfreundschaft vor Ort.<\/p><p><strong>Teilnahmebedingungen<\/strong><\/p><ul><li>Alle sind willkommen<\/li><li>Vegetarisch ist m\u00f6glich (einfach vorher Bescheid geben)<\/li><\/ul><\/div>\n\t<\/div>\n\t\t\t\t\t\t\t\t\t\t<\/div>\n\t\t\t\t\t\t\t\t\t<\/div>\n\t\t\t\t\t\t\t\t<\/dialog>\n\t\t\t\t\t\t\t<\/div>\n\t\t\t\t\t\t<\/div>\n\t\t\t\t\t\t\t\t\t\t\t<div class=\"tb-card entry tb-popup-trigger desktop-only-popup\">\n\t\t\t\t\t\t\t<div class=\"tb-image-part desktop\">\n\t\t\t\t\t\t\t\t<img src='https:\/\/jn.travelblox.eu\/wp-content\/uploads\/sites\/44\/2025\/01\/JN23_RoyMosterd_LR_4205494.jpeg' width='1135' height='851' alt='Jeep-Safari in der W\u00fcste' loading='lazy'>\t\t\t\t\t\t\t\t\t\t\t\t\t\t\t\t\t<div class=\"tag tiny-body-font\"><p>Tag 5<\/p><\/div>\t\t\t\t\t\t\t\t\t\t\t\t\t\t\t\t\t<div class=\"price tiny-body-font desktop translation-block\"><p>50 \u20ac<\/p><\/div>\t\t\t\t\t\t\t<\/div>\n\t\t\t\t\t\t\t<div class=\"tb-image-part mobile\">\n\t\t\t\t\t\t\t\t\t\t\t\t<div class=\"inner-block-full-width has-tb-carousel tb-carousel-slider\" >\n\t\t\t<div class=\"tb-carousel-container\">\n\t\t\t\t<div class=\"entries tb-cards\" data-slider-first=\"0\">\n\t\t\t\t\t\t\t\t\t<div class=\"entry\">\n\t\t\t\t<div class=\"tb-image-part\">\n\t\t\t\t\t<figure>\n\t\t\t\t\t\t<img src='https:\/\/jn.travelblox.eu\/wp-content\/uploads\/sites\/44\/2025\/01\/JN23_RoyMosterd_LR_4205494-768x576.jpeg' width='768' height='576' alt='Jeep-Safari in der W\u00fcste' loading='lazy' image_size='medium_large'>\t\t\t\t\t\t\t\t\t\t\t<\/figure>\n\t\t\t\t<\/div>\n\t\t\t<\/div>\n\t\t\t\t\t<div class=\"entry\">\n\t\t\t\t<div class=\"tb-image-part\">\n\t\t\t\t\t<figure>\n\t\t\t\t\t\t<img src='https:\/\/jn.travelblox.eu\/wp-content\/uploads\/sites\/44\/2025\/01\/Copy-of-DSC00985-768x512.jpeg' width='768' height='512' alt='Gruppe, die eine Jeep-Safari in der W\u00fcste macht' loading='lazy' image_size='medium_large'>\t\t\t\t\t\t\t\t\t\t\t<\/figure>\n\t\t\t\t<\/div>\n\t\t\t<\/div>\n\t\t\t\t\t\t\t\t<\/div>\n\t\t\t\t\t\t<div class=\"tb-carousel-nav\">\n\t\t\t<div class=\"dots\">\n\t\t\t\t<div class=\"dot active\"><\/div>\n\t\t\t\t<div class=\"dot\"><\/div>\n\t\t\t\t<div class=\"dot\"><\/div>\n\t\t\t<\/div>\n\t\t\t<div class=\"arrows\">\n\t\t\t\t<div class=\"prev disabled\">\n\t\t\t\t\t<span><i class=\"fa fa-chevron-left\"><\/i><\/span>\n\t\t\t\t<\/div>\n\t\t\t\t<div class=\"next\">\n\t\t\t\t\t<span><i class=\"fa fa-chevron-right\"><\/i><\/span>\n\t\t\t\t<\/div>\n\t\t\t<\/div>\n\t\t<\/div>\n\t\t\t\t<\/div>\n\t\t<\/div>\n\t\t\t\t\t\t\t\t\t\t\t\t\t\t\t\t\t\t\t<div class=\"tag tiny-body-font\"><p>Tag 5<\/p><\/div>\t\t\t\t\t\t\t<\/div>\n\t\t\t\t\t\t\t<div class=\"tb-card-content\">\n\t\t\t\t\t\t\t\t<h5>\n\t\t\t\t\t\t\t\t\t\t\t\t\t\t\t\t\t\t<span>Jeepfahrt Safari in der W\u00fcste<\/span>\n\t\t\t\t\t\t\t\t<\/h5>\n\t\t\t\t\t\t\t\t\t\t\t\t\t\t\t\t\t<div class=\"price tiny-body-font mobile\"><p>50\u20ac<\/p><\/div>\t\t\t\t\t\t\t\t<div class=\"content readmore-content content--clamped\">\t\t<div class=\"translation-block\"><p>Die <strong>Wadi-Rum-W\u00fcste<\/strong> ist ein Ort wie von einem anderen Planeten: Schluchten, H\u00f6hlen, schillernde Farben \u2013 und ganz viel Weite. Und ja, sie ist genauso wild, wie sie aussieht. Deshalb lohnt es sich, sie mit Menschen zu entdecken, die sich hier wirklich auskennen.<\/p><p><strong>Was dich erwartet<\/strong><\/p><p>Mit lokalen Guides geht\u2019s im Jeep zu den sch\u00f6nsten Spots \u2013 auch abseits der klassischen Wege. Unterwegs teilen sie ihr Wissen \u00fcber die Region und zeigen dir Ecken, die du alleine wahrscheinlich verpassen w\u00fcrdest.<\/p><p><strong>Snack inklusive<\/strong><\/p><p>Zur Mittagszeit gibt\u2019s einen Snack \u2013 serviert mitten in einer der beeindruckendsten Kulissen deiner Reise.<\/p><p><strong>Warum du\u2019s machen solltest<\/strong><\/p><p>Wenn du Wadi Rum nicht nur \u201csehen\u201d, sondern richtig erleben willst, ist diese Tour ein echtes Must-do. Entdecker-Vibes garantiert.<\/p><\/div>\n\t<\/div>\n\t\t\t\t\t\t\t\t\t\t\t\t\t\t\t\t<div class=\"readmore link js-readmore\">\n\t\t\t\t\t\t\t\t\t<span><i class=\"fa-solid fa-circle-plus\"><\/i><u>Mehr lesen<\/u><\/span>\n\t\t\t\t\t\t\t\t\t<span><i class=\"fa-solid fa-circle-minus\"><\/i><u>Weniger lesen<\/u><\/span>\n\t\t\t\t\t\t\t\t<\/div>\n\t\t\t\t\t\t\t\t\t\t\t\t\t\t\t\t<dialog class=\"tb-popup\">\n\t\t\t\t\t\t\t\t\t<div class=\"tb-highlights-popup\">\n\t\t\t\t\t\t\t\t\t\t<div class=\"tb-image-part\">\n\t\t\t\t\t\t\t\t\t\t\t\t\t\t\t<div class=\"inner-block-full-width has-tb-carousel tb-carousel-slider\" >\n\t\t\t<div class=\"tb-carousel-container\">\n\t\t\t\t<div class=\"entries tb-cards\" data-slider-first=\"0\">\n\t\t\t\t\t\t\t\t\t<div class=\"entry\">\n\t\t\t\t<div class=\"tb-image-part\">\n\t\t\t\t\t<figure>\n\t\t\t\t\t\t<img src='https:\/\/jn.travelblox.eu\/wp-content\/uploads\/sites\/44\/2025\/01\/JN23_RoyMosterd_LR_4205494-768x576.jpeg' width='768' height='576' alt='Jeep-Safari in der W\u00fcste' loading='lazy' image_size='medium_large'>\t\t\t\t\t\t\t\t\t\t\t<\/figure>\n\t\t\t\t<\/div>\n\t\t\t<\/div>\n\t\t\t\t\t<div class=\"entry\">\n\t\t\t\t<div class=\"tb-image-part\">\n\t\t\t\t\t<figure>\n\t\t\t\t\t\t<img src='https:\/\/jn.travelblox.eu\/wp-content\/uploads\/sites\/44\/2025\/01\/Copy-of-DSC00985-768x512.jpeg' width='768' height='512' alt='Gruppe, die eine Jeep-Safari in der W\u00fcste macht' loading='lazy' image_size='medium_large'>\t\t\t\t\t\t\t\t\t\t\t<\/figure>\n\t\t\t\t<\/div>\n\t\t\t<\/div>\n\t\t\t\t\t\t\t\t<\/div>\n\t\t\t\t\t\t<div class=\"tb-carousel-nav\">\n\t\t\t<div class=\"dots\">\n\t\t\t\t<div class=\"dot active\"><\/div>\n\t\t\t\t<div class=\"dot\"><\/div>\n\t\t\t\t<div class=\"dot\"><\/div>\n\t\t\t<\/div>\n\t\t\t<div class=\"arrows\">\n\t\t\t\t<div class=\"prev disabled\">\n\t\t\t\t\t<span><i class=\"fa fa-chevron-left\"><\/i><\/span>\n\t\t\t\t<\/div>\n\t\t\t\t<div class=\"next\">\n\t\t\t\t\t<span><i class=\"fa fa-chevron-right\"><\/i><\/span>\n\t\t\t\t<\/div>\n\t\t\t<\/div>\n\t\t<\/div>\n\t\t\t\t<\/div>\n\t\t<\/div>\n\t\t\t\t\t\t\t\t\t\t\t\t<\/div>\n\t\t\t\t\t\t\t\t\t\t<div class=\"tb-popup-content\">\n\t\t\t\t\t\t\t\t\t\t\t<h5>Jeepfahrt Safari in der W\u00fcste<\/h5>\n\t\t\t\t\t\t\t\t\t\t\t<div class=\"content\">\t\t<div class=\"translation-block\"><p>Die <strong>Wadi-Rum-W\u00fcste<\/strong> ist ein Ort wie von einem anderen Planeten: Schluchten, H\u00f6hlen, schillernde Farben \u2013 und ganz viel Weite. Und ja, sie ist genauso wild, wie sie aussieht. Deshalb lohnt es sich, sie mit Menschen zu entdecken, die sich hier wirklich auskennen.<\/p><p><strong>Was dich erwartet<\/strong><\/p><p>Mit lokalen Guides geht\u2019s im Jeep zu den sch\u00f6nsten Spots \u2013 auch abseits der klassischen Wege. Unterwegs teilen sie ihr Wissen \u00fcber die Region und zeigen dir Ecken, die du alleine wahrscheinlich verpassen w\u00fcrdest.<\/p><p><strong>Snack inklusive<\/strong><\/p><p>Zur Mittagszeit gibt\u2019s einen Snack \u2013 serviert mitten in einer der beeindruckendsten Kulissen deiner Reise.<\/p><p><strong>Warum du\u2019s machen solltest<\/strong><\/p><p>Wenn du Wadi Rum nicht nur \u201csehen\u201d, sondern richtig erleben willst, ist diese Tour ein echtes Must-do. Entdecker-Vibes garantiert.<\/p><\/div>\n\t<\/div>\n\t\t\t\t\t\t\t\t\t\t<\/div>\n\t\t\t\t\t\t\t\t\t<\/div>\n\t\t\t\t\t\t\t\t<\/dialog>\n\t\t\t\t\t\t\t<\/div>\n\t\t\t\t\t\t<\/div>\n\t\t\t\t\t\t\t\t\t\t\t<div class=\"tb-card entry tb-popup-trigger desktop-only-popup\">\n\t\t\t\t\t\t\t<div class=\"tb-image-part desktop\">\n\t\t\t\t\t\t\t\t<img src='https:\/\/jn.travelblox.eu\/wp-content\/uploads\/sites\/44\/2026\/02\/IMG_9813-Edited-scaled.jpg' width='2560' height='2149' alt='Sandboarding in Wadi Rum' loading='lazy'>\t\t\t\t\t\t\t\t\t\t\t\t\t\t\t\t\t<div class=\"tag tiny-body-font\"><p>Tag 5<\/p><\/div>\t\t\t\t\t\t\t\t\t\t\t\t\t\t\t\t\t<div class=\"price tiny-body-font desktop translation-block\"><p>Gratis<\/p><\/div>\t\t\t\t\t\t\t<\/div>\n\t\t\t\t\t\t\t<div class=\"tb-image-part mobile\">\n\t\t\t\t\t\t\t\t\t\t\t\t<div class=\"inner-block-full-width has-tb-carousel tb-carousel-slider\" >\n\t\t\t<div class=\"tb-carousel-container\">\n\t\t\t\t<div class=\"entries tb-cards\" data-slider-first=\"0\">\n\t\t\t\t\t\t\t\t\t<div class=\"entry\">\n\t\t\t\t<div class=\"tb-image-part\">\n\t\t\t\t\t<figure>\n\t\t\t\t\t\t<img src='https:\/\/jn.travelblox.eu\/wp-content\/uploads\/sites\/44\/2026\/02\/IMG_9813-Edited-768x645.jpg' width='768' height='645' alt='Sandboarding in Wadi Rum' loading='lazy' image_size='medium_large'>\t\t\t\t\t\t\t\t\t\t\t<\/figure>\n\t\t\t\t<\/div>\n\t\t\t<\/div>\n\t\t\t\t\t<div class=\"entry\">\n\t\t\t\t<div class=\"tb-image-part\">\n\t\t\t\t\t<figure>\n\t\t\t\t\t\t<img src='https:\/\/jn.travelblox.eu\/wp-content\/uploads\/sites\/44\/2025\/02\/pexels-ramon-hernandez-243129494-30296716-768x960.jpeg' width='768' height='960' loading='lazy' image_size='medium_large'>\t\t\t\t\t\t\t\t\t\t\t<\/figure>\n\t\t\t\t<\/div>\n\t\t\t<\/div>\n\t\t\t\t\t\t\t\t<\/div>\n\t\t\t\t\t\t<div class=\"tb-carousel-nav\">\n\t\t\t<div class=\"dots\">\n\t\t\t\t<div class=\"dot active\"><\/div>\n\t\t\t\t<div class=\"dot\"><\/div>\n\t\t\t\t<div class=\"dot\"><\/div>\n\t\t\t<\/div>\n\t\t\t<div class=\"arrows\">\n\t\t\t\t<div class=\"prev disabled\">\n\t\t\t\t\t<span><i class=\"fa fa-chevron-left\"><\/i><\/span>\n\t\t\t\t<\/div>\n\t\t\t\t<div class=\"next\">\n\t\t\t\t\t<span><i class=\"fa fa-chevron-right\"><\/i><\/span>\n\t\t\t\t<\/div>\n\t\t\t<\/div>\n\t\t<\/div>\n\t\t\t\t<\/div>\n\t\t<\/div>\n\t\t\t\t\t\t\t\t\t\t\t\t\t\t\t\t\t\t\t<div class=\"tag tiny-body-font\"><p>Tag 5<\/p><\/div>\t\t\t\t\t\t\t<\/div>\n\t\t\t\t\t\t\t<div class=\"tb-card-content\">\n\t\t\t\t\t\t\t\t<h5>\n\t\t\t\t\t\t\t\t\t\t\t\t\t\t\t\t\t\t<span>Sandboarding<\/span>\n\t\t\t\t\t\t\t\t<\/h5>\n\t\t\t\t\t\t\t\t\t\t\t\t\t\t\t\t\t<div class=\"price tiny-body-font mobile\"><p>Gratuit<\/p><\/div>\t\t\t\t\t\t\t\t<div class=\"content readmore-content content--clamped\">\t\t<div class=\"translation-block\"><p>Rutsch die D\u00fcnen von <strong>Wadi Rum<\/strong> runter und mach die W\u00fcste f\u00fcr einen Moment zu deinem Spielplatz. Mit einem <strong>Board unterm Fu\u00df<\/strong> geht\u2019s die feinen Sandh\u00e4nge hinab, Adrenalin inklusive, Panorama sowieso.<\/p><p><strong>F\u00fcr wen?<\/strong><\/p><p>Egal ob du zum ersten Mal auf dem Board stehst oder schon auf Action aus bist: Sandboarding ist f\u00fcr alle machbar und macht einfach Spa\u00df.<\/p><p><strong>Warum du\u2019s lieben wirst<\/strong><\/p><p>Viel Freiheit, viel Lachen, ein bisschen W\u00fcsten-Action \u2013 und das alles in einer Kulisse, die du so schnell nicht vergisst.<\/p><\/div>\n\t<\/div>\n\t\t\t\t\t\t\t\t\t\t\t\t\t\t\t\t<div class=\"readmore link js-readmore\">\n\t\t\t\t\t\t\t\t\t<span><i class=\"fa-solid fa-circle-plus\"><\/i><u>Mehr lesen<\/u><\/span>\n\t\t\t\t\t\t\t\t\t<span><i class=\"fa-solid fa-circle-minus\"><\/i><u>Weniger lesen<\/u><\/span>\n\t\t\t\t\t\t\t\t<\/div>\n\t\t\t\t\t\t\t\t\t\t\t\t\t\t\t\t<dialog class=\"tb-popup\">\n\t\t\t\t\t\t\t\t\t<div class=\"tb-highlights-popup\">\n\t\t\t\t\t\t\t\t\t\t<div class=\"tb-image-part\">\n\t\t\t\t\t\t\t\t\t\t\t\t\t\t\t<div class=\"inner-block-full-width has-tb-carousel tb-carousel-slider\" >\n\t\t\t<div class=\"tb-carousel-container\">\n\t\t\t\t<div class=\"entries tb-cards\" data-slider-first=\"0\">\n\t\t\t\t\t\t\t\t\t<div class=\"entry\">\n\t\t\t\t<div class=\"tb-image-part\">\n\t\t\t\t\t<figure>\n\t\t\t\t\t\t<img src='https:\/\/jn.travelblox.eu\/wp-content\/uploads\/sites\/44\/2026\/02\/IMG_9813-Edited-768x645.jpg' width='768' height='645' alt='Sandboarding in Wadi Rum' loading='lazy' image_size='medium_large'>\t\t\t\t\t\t\t\t\t\t\t<\/figure>\n\t\t\t\t<\/div>\n\t\t\t<\/div>\n\t\t\t\t\t<div class=\"entry\">\n\t\t\t\t<div class=\"tb-image-part\">\n\t\t\t\t\t<figure>\n\t\t\t\t\t\t<img src='https:\/\/jn.travelblox.eu\/wp-content\/uploads\/sites\/44\/2025\/02\/pexels-ramon-hernandez-243129494-30296716-768x960.jpeg' width='768' height='960' loading='lazy' image_size='medium_large'>\t\t\t\t\t\t\t\t\t\t\t<\/figure>\n\t\t\t\t<\/div>\n\t\t\t<\/div>\n\t\t\t\t\t\t\t\t<\/div>\n\t\t\t\t\t\t<div class=\"tb-carousel-nav\">\n\t\t\t<div class=\"dots\">\n\t\t\t\t<div class=\"dot active\"><\/div>\n\t\t\t\t<div class=\"dot\"><\/div>\n\t\t\t\t<div class=\"dot\"><\/div>\n\t\t\t<\/div>\n\t\t\t<div class=\"arrows\">\n\t\t\t\t<div class=\"prev disabled\">\n\t\t\t\t\t<span><i class=\"fa fa-chevron-left\"><\/i><\/span>\n\t\t\t\t<\/div>\n\t\t\t\t<div class=\"next\">\n\t\t\t\t\t<span><i class=\"fa fa-chevron-right\"><\/i><\/span>\n\t\t\t\t<\/div>\n\t\t\t<\/div>\n\t\t<\/div>\n\t\t\t\t<\/div>\n\t\t<\/div>\n\t\t\t\t\t\t\t\t\t\t\t\t<\/div>\n\t\t\t\t\t\t\t\t\t\t<div class=\"tb-popup-content\">\n\t\t\t\t\t\t\t\t\t\t\t<h5>Sandboarding<\/h5>\n\t\t\t\t\t\t\t\t\t\t\t<div class=\"content\">\t\t<div class=\"translation-block\"><p>Rutsch die D\u00fcnen von <strong>Wadi Rum<\/strong> runter und mach die W\u00fcste f\u00fcr einen Moment zu deinem Spielplatz. Mit einem <strong>Board unterm Fu\u00df<\/strong> geht\u2019s die feinen Sandh\u00e4nge hinab, Adrenalin inklusive, Panorama sowieso.<\/p><p><strong>F\u00fcr wen?<\/strong><\/p><p>Egal ob du zum ersten Mal auf dem Board stehst oder schon auf Action aus bist: Sandboarding ist f\u00fcr alle machbar und macht einfach Spa\u00df.<\/p><p><strong>Warum du\u2019s lieben wirst<\/strong><\/p><p>Viel Freiheit, viel Lachen, ein bisschen W\u00fcsten-Action \u2013 und das alles in einer Kulisse, die du so schnell nicht vergisst.<\/p><\/div>\n\t<\/div>\n\t\t\t\t\t\t\t\t\t\t<\/div>\n\t\t\t\t\t\t\t\t\t<\/div>\n\t\t\t\t\t\t\t\t<\/dialog>\n\t\t\t\t\t\t\t<\/div>\n\t\t\t\t\t\t<\/div>\n\t\t\t\t\t\t\t\t\t\t\t<div class=\"tb-card entry tb-popup-trigger desktop-only-popup\">\n\t\t\t\t\t\t\t<div class=\"tb-image-part desktop\">\n\t\t\t\t\t\t\t\t<img src='https:\/\/jn.travelblox.eu\/wp-content\/uploads\/sites\/44\/2025\/01\/WhatsApp-Image-2024-11-15-at-132014.jpeg' width='750' height='1000' alt='Schnorcheln in Aqaba' loading='lazy'>\t\t\t\t\t\t\t\t\t\t\t\t\t\t\t\t\t<div class=\"tag tiny-body-font\"><p>Tag 6<\/p><\/div>\t\t\t\t\t\t\t\t\t\t\t\t\t\t\t\t\t<div class=\"price tiny-body-font desktop translation-block\"><p>35 \u20ac<\/p><\/div>\t\t\t\t\t\t\t<\/div>\n\t\t\t\t\t\t\t<div class=\"tb-image-part mobile\">\n\t\t\t\t\t\t\t\t\t\t\t\t<div class=\"inner-block-full-width has-tb-carousel tb-carousel-slider\" >\n\t\t\t<div class=\"tb-carousel-container\">\n\t\t\t\t<div class=\"entries tb-cards\" data-slider-first=\"0\">\n\t\t\t\t\t\t\t\t\t<div class=\"entry\">\n\t\t\t\t<div class=\"tb-image-part\">\n\t\t\t\t\t<figure>\n\t\t\t\t\t\t<img src='https:\/\/jn.travelblox.eu\/wp-content\/uploads\/sites\/44\/2025\/01\/WhatsApp-Image-2024-11-15-at-132014.jpeg' width='750' height='1000' alt='Schnorcheln in Aqaba' loading='lazy' image_size='medium_large'>\t\t\t\t\t\t\t\t\t\t\t<\/figure>\n\t\t\t\t<\/div>\n\t\t\t<\/div>\n\t\t\t\t\t<div class=\"entry\">\n\t\t\t\t<div class=\"tb-image-part\">\n\t\t\t\t\t<figure>\n\t\t\t\t\t\t<img src='https:\/\/jn.travelblox.eu\/wp-content\/uploads\/sites\/44\/2025\/02\/neom-WLeWJW_WneE-unsplash.jpeg' width='680' height='453' loading='lazy' image_size='medium_large'>\t\t\t\t\t\t\t\t\t\t\t<\/figure>\n\t\t\t\t<\/div>\n\t\t\t<\/div>\n\t\t\t\t\t\t\t\t<\/div>\n\t\t\t\t\t\t<div class=\"tb-carousel-nav\">\n\t\t\t<div class=\"dots\">\n\t\t\t\t<div class=\"dot active\"><\/div>\n\t\t\t\t<div class=\"dot\"><\/div>\n\t\t\t\t<div class=\"dot\"><\/div>\n\t\t\t<\/div>\n\t\t\t<div class=\"arrows\">\n\t\t\t\t<div class=\"prev disabled\">\n\t\t\t\t\t<span><i class=\"fa fa-chevron-left\"><\/i><\/span>\n\t\t\t\t<\/div>\n\t\t\t\t<div class=\"next\">\n\t\t\t\t\t<span><i class=\"fa fa-chevron-right\"><\/i><\/span>\n\t\t\t\t<\/div>\n\t\t\t<\/div>\n\t\t<\/div>\n\t\t\t\t<\/div>\n\t\t<\/div>\n\t\t\t\t\t\t\t\t\t\t\t\t\t\t\t\t\t\t\t<div class=\"tag tiny-body-font\"><p>Tag 6<\/p><\/div>\t\t\t\t\t\t\t<\/div>\n\t\t\t\t\t\t\t<div class=\"tb-card-content\">\n\t\t\t\t\t\t\t\t<h5>\n\t\t\t\t\t\t\t\t\t\t\t\t\t\t\t\t\t\t<span>Schnorcheln<\/span>\n\t\t\t\t\t\t\t\t<\/h5>\n\t\t\t\t\t\t\t\t\t\t\t\t\t\t\t\t\t<div class=\"price tiny-body-font mobile\"><p>35\u20ac<\/p><\/div>\t\t\t\t\t\t\t\t<div class=\"content readmore-content content--clamped\">\t\t<div class=\"translation-block\"><p>Der <strong>Golf von Aqaba<\/strong> ist bekannt f\u00fcr seine bunte Unterwasserwelt: warmes, kristallklares Wasser und eine beeindruckende Vielfalt an <strong>Meereslebewesen<\/strong>. Genau der richtige Spot, um Schnorcheln auszuprobieren und gleichzeitig mehr dar\u00fcber zu erfahren, warum dieses \u00d6kosystem durch den Klimawandel unter Druck steht.<\/p><p><strong>Was dich erwartet<\/strong><\/p><p>Du bekommst Maske &amp; Schnorchel und gehst mit einem lokalen Guide ins Wasser, um die Unterwasserwelt des Roten Meeres zu entdecken.<\/p><ul><li>Dauer: ca. 2 Stunden<\/li><li>Inklusive: Ausr\u00fcstung + Erkl\u00e4rungen<\/li><li>Extra: Dein Guide filmt und fotografiert mit einer GoPro, du bekommst die Fotos &amp; Videos danach, um die Momente zu teilen<\/li><\/ul><p><strong>Teilnahmebedingungen<\/strong><\/p><ul><li>Mindestens 12 Jahre<\/li><li>Gute k\u00f6rperliche Verfassung und sicher in der Lage, in einer Gruppe zu schwimmen (moderates Niveau)<\/li><li>Grundkenntnisse in Englisch, damit du die Sicherheitsanweisungen verstehst<\/li><\/ul><\/div>\n\t<\/div>\n\t\t\t\t\t\t\t\t\t\t\t\t\t\t\t\t<div class=\"readmore link js-readmore\">\n\t\t\t\t\t\t\t\t\t<span><i class=\"fa-solid fa-circle-plus\"><\/i><u>Mehr lesen<\/u><\/span>\n\t\t\t\t\t\t\t\t\t<span><i class=\"fa-solid fa-circle-minus\"><\/i><u>Weniger lesen<\/u><\/span>\n\t\t\t\t\t\t\t\t<\/div>\n\t\t\t\t\t\t\t\t\t\t\t\t\t\t\t\t<dialog class=\"tb-popup\">\n\t\t\t\t\t\t\t\t\t<div class=\"tb-highlights-popup\">\n\t\t\t\t\t\t\t\t\t\t<div class=\"tb-image-part\">\n\t\t\t\t\t\t\t\t\t\t\t\t\t\t\t<div class=\"inner-block-full-width has-tb-carousel tb-carousel-slider\" >\n\t\t\t<div class=\"tb-carousel-container\">\n\t\t\t\t<div class=\"entries tb-cards\" data-slider-first=\"0\">\n\t\t\t\t\t\t\t\t\t<div class=\"entry\">\n\t\t\t\t<div class=\"tb-image-part\">\n\t\t\t\t\t<figure>\n\t\t\t\t\t\t<img src='https:\/\/jn.travelblox.eu\/wp-content\/uploads\/sites\/44\/2025\/01\/WhatsApp-Image-2024-11-15-at-132014.jpeg' width='750' height='1000' alt='Schnorcheln in Aqaba' loading='lazy' image_size='medium_large'>\t\t\t\t\t\t\t\t\t\t\t<\/figure>\n\t\t\t\t<\/div>\n\t\t\t<\/div>\n\t\t\t\t\t<div class=\"entry\">\n\t\t\t\t<div class=\"tb-image-part\">\n\t\t\t\t\t<figure>\n\t\t\t\t\t\t<img src='https:\/\/jn.travelblox.eu\/wp-content\/uploads\/sites\/44\/2025\/02\/neom-WLeWJW_WneE-unsplash.jpeg' width='680' height='453' loading='lazy' image_size='medium_large'>\t\t\t\t\t\t\t\t\t\t\t<\/figure>\n\t\t\t\t<\/div>\n\t\t\t<\/div>\n\t\t\t\t\t\t\t\t<\/div>\n\t\t\t\t\t\t<div class=\"tb-carousel-nav\">\n\t\t\t<div class=\"dots\">\n\t\t\t\t<div class=\"dot active\"><\/div>\n\t\t\t\t<div class=\"dot\"><\/div>\n\t\t\t\t<div class=\"dot\"><\/div>\n\t\t\t<\/div>\n\t\t\t<div class=\"arrows\">\n\t\t\t\t<div class=\"prev disabled\">\n\t\t\t\t\t<span><i class=\"fa fa-chevron-left\"><\/i><\/span>\n\t\t\t\t<\/div>\n\t\t\t\t<div class=\"next\">\n\t\t\t\t\t<span><i class=\"fa fa-chevron-right\"><\/i><\/span>\n\t\t\t\t<\/div>\n\t\t\t<\/div>\n\t\t<\/div>\n\t\t\t\t<\/div>\n\t\t<\/div>\n\t\t\t\t\t\t\t\t\t\t\t\t<\/div>\n\t\t\t\t\t\t\t\t\t\t<div class=\"tb-popup-content\">\n\t\t\t\t\t\t\t\t\t\t\t<h5>Schnorcheln<\/h5>\n\t\t\t\t\t\t\t\t\t\t\t<div class=\"content\">\t\t<div class=\"translation-block\"><p>Der <strong>Golf von Aqaba<\/strong> ist bekannt f\u00fcr seine bunte Unterwasserwelt: warmes, kristallklares Wasser und eine beeindruckende Vielfalt an <strong>Meereslebewesen<\/strong>. Genau der richtige Spot, um Schnorcheln auszuprobieren und gleichzeitig mehr dar\u00fcber zu erfahren, warum dieses \u00d6kosystem durch den Klimawandel unter Druck steht.<\/p><p><strong>Was dich erwartet<\/strong><\/p><p>Du bekommst Maske &amp; Schnorchel und gehst mit einem lokalen Guide ins Wasser, um die Unterwasserwelt des Roten Meeres zu entdecken.<\/p><ul><li>Dauer: ca. 2 Stunden<\/li><li>Inklusive: Ausr\u00fcstung + Erkl\u00e4rungen<\/li><li>Extra: Dein Guide filmt und fotografiert mit einer GoPro, du bekommst die Fotos &amp; Videos danach, um die Momente zu teilen<\/li><\/ul><p><strong>Teilnahmebedingungen<\/strong><\/p><ul><li>Mindestens 12 Jahre<\/li><li>Gute k\u00f6rperliche Verfassung und sicher in der Lage, in einer Gruppe zu schwimmen (moderates Niveau)<\/li><li>Grundkenntnisse in Englisch, damit du die Sicherheitsanweisungen verstehst<\/li><\/ul><\/div>\n\t<\/div>\n\t\t\t\t\t\t\t\t\t\t<\/div>\n\t\t\t\t\t\t\t\t\t<\/div>\n\t\t\t\t\t\t\t\t<\/dialog>\n\t\t\t\t\t\t\t<\/div>\n\t\t\t\t\t\t<\/div>\n\t\t\t\t\t\t\t\t\t\t\t\t\t\t<\/div>\n\t\t\t\t\t\t<div class=\"tb-carousel-nav\">\n\t\t\t<div class=\"dots\">\n\t\t\t\t<div class=\"dot active\"><\/div>\n\t\t\t\t<div class=\"dot\"><\/div>\n\t\t\t\t<div class=\"dot\"><\/div>\n\t\t\t<\/div>\n\t\t\t<div class=\"arrows\">\n\t\t\t\t<div class=\"prev disabled\">\n\t\t\t\t\t<span><i class=\"fa fa-chevron-left\"><\/i><\/span>\n\t\t\t\t<\/div>\n\t\t\t\t<div class=\"next\">\n\t\t\t\t\t<span><i class=\"fa fa-chevron-right\"><\/i><\/span>\n\t\t\t\t<\/div>\n\t\t\t<\/div>\n\t\t<\/div>\n\t\t\t\t<\/div>\n\t\t<\/div>\n\t\t\t\t\t\t\t\t\t\t<\/div>\n\t\t<\/div>\n\n\n<div class=\"tb-howtogetthere tb-block align-none background-light pattern-none variant-none tb-collapsible-margins\" id=\"transport\">\n\t<div class=\"inner-block tb-fade-in tb-fade-in--subtle\">\n\t\t<div class=\"text-part\">\n\t\t\t<h2>Wo und wie komm ich dorthin?<\/h2>\n\t\t\t\t\t<div class=\"translation-block\"><p>Deine Rundreise startet in <strong>Amman<\/strong>, am <strong>Queen Alia International Airport (AMM)<\/strong>. Am ersten Tag wartet dein Fahrzeug direkt am Flughafen auf dich, so kann das Abenteuer sofort beginnen.<\/p><p><strong>F\u00fcr die Anreise hast du mehrere M\u00f6glichkeiten:<\/strong> Du kannst deine Fl\u00fcge ganz entspannt \u00fcber uns buchen oder sie selbst organisieren, ganz wie du m\u00f6chtest.<\/p><p>Bitte beachte, dass die unten genannten Zeiten f\u00fcr <strong>Herbst 2026<\/strong> gelten. Wenn du im <strong>Fr\u00fchling 2026<\/strong> mit <strong>Jordan Nomads<\/strong> unterwegs bist, bekommst du alle genauen Zeiten und Tickets etwa <strong>15 Tage vor Abreise<\/strong>.<\/p><\/div>\n\t\t\t\t\t\t\t\t<div class=\"select-part\">\n\t\t\t\t\t<label>Reise von<\/label>\n\t\t\t\t\t<select>\n\t\t\t\t\t\t\t\t\t\t\t\t\t<option value=\"0\" data-section=\"transport-section-0\">\ud83c\udde7\ud83c\uddea Belgien<\/option>\n\t\t\t\t\t\t\t\t\t\t\t\t\t<option value=\"1\" data-section=\"transport-section-1\">\ud83c\uddeb\ud83c\uddf7 Frankreich<\/option>\n\t\t\t\t\t\t\t\t\t\t\t\t\t<option value=\"2\" data-section=\"transport-section-2\">\ud83c\udde9\ud83c\uddea Niederlande<\/option>\n\t\t\t\t\t\t\t\t\t\t\t\t\t<option value=\"3\" data-section=\"transport-section-3\">\ud83c\udde9\ud83c\uddea Deutschland<\/option>\n\t\t\t\t\t\t\t\t\t\t\t<\/select>\n\t\t\t\t<\/div>\n\t\t\t\t\t<\/div>\n\t<\/div>\n\t\t\t<div class=\"inner-block tb-fade-in tb-fade-in--subtle\">\n\t\t\t\t\t\t\t<div class=\"tb-sections\">\n\t\t\t\t\t\t\t\t\t\t\t\t\t\t\t\t\t\t<div class=\"tb-section entries\" id=\"transport-section-0\">\n\t\t\t\t\t\t\t\t\t\t\t\t\t\t\t\t\t<div class=\"entry\">\n\t\t\t\t\t\t\t\t\t\t\t\t\t\t<i class=\"icon fa-solid fa-plane\" aria-hidden=\"true\"><\/i>\n\t\t\t\t\t\t\t\t\t\t\t\t\t<div class=\"text-part\">\n\t\t\t\t\t\t\t\t\t\t\t<h4>Fl\u00fcge<\/h4>\n\t\t\t\t\t\t\t\t\t\t\t\t\t<div class=\"translation-block\"><p><strong>Buchen deine Fl\u00fcge mit Jordan Nomads<\/strong><br><br>Wir bieten dir <strong>Direktfl\u00fcge nach Amman ab Br\u00fcssel Zaventem an<\/strong> \u2013 immer sonntags, <strong>ab 490 \u20ac pro Person<\/strong> (zzgl. Gep\u00e4ckkosten).<\/p><p>Hier sind die <strong>Flugzeiten<\/strong> (\u00c4nderungen durch die Airline sind m\u00f6glich):<\/p><ul><li><strong>Hinflug<\/strong>: Abflug <strong>15:15<\/strong>, Ankunft <strong>22:00<\/strong> (Tag 1 deiner Rundreise)<\/li><li><strong>R\u00fcckflug<\/strong>: Abflug <strong>10:45<\/strong>, Ankunft <strong>14:05<\/strong> (Tag 8 deiner Rundreise)<\/li><\/ul><p>Wenn du \u00fcber uns buchst, ist alles perfekt auf deine Rundreise abgestimmt und falls unterwegs etwas schiefl\u00e4uft, sind wir nat\u00fcrlich f\u00fcr dich da.<\/p><p>Wenn du konkrete <strong>Fragen<\/strong> zu den Fl\u00fcgen hast, schreib uns einfach eine <a href=\"mailto:info@jordannomads.org\" target=\"_blank\">Mail<\/a>.<br><br><i>Achtung: Die Pl\u00e4tze pro Flug sind begrenzt.<\/i><\/p><p><strong>Du willst lieber selbst buchen?<\/strong><br>Kein Problem. Wenn du von einem anderen Flughafen fliegen m\u00f6chtest, kannst du das ganz einfach selbst organisieren. Am besten nutzt du daf\u00fcr <a href=\"https:\/\/www.google.com\/travel\/flights\" target=\"_blank\">Google Flights<\/a>, es gibt Direktfl\u00fcge aus mehreren europ\u00e4ischen St\u00e4dten.<\/p><p>Und wenn du unsicher bist: Meld dich jederzeit per <a href=\"mailto:info@jordannomads.org\" target=\"_blank\">Mail<\/a>.<\/p><\/div>\n\t\t\t\t\t\t\t\t\t\t\t<\/div>\n\t\t\t\t\t\t\t\t\t<\/div>\n\t\t\t\t\t\t\t\t\t\t\t\t\t\t\t\t\t<div class=\"entry\">\n\t\t\t\t\t\t\t\t\t\t\t\t\t\t<i class=\"icon fa-kit fa-tb-icon-jeep\" aria-hidden=\"true\"><\/i>\n\t\t\t\t\t\t\t\t\t\t\t\t\t<div class=\"text-part\">\n\t\t\t\t\t\t\t\t\t\t\t<h4>Wann und wie hole ich mein Fahrzeug ab?<\/h4>\n\t\t\t\t\t\t\t\t\t\t\t\t\t<div class=\"translation-block\"><p>Wenn du deine Fl\u00fcge selbst buchen m\u00f6chtest, beachte bitte Folgendes:<\/p><ul><li><strong>Tag 1:<\/strong> Dein Fahrzeug kannst du <strong>ab 18:00 Uhr<\/strong> am Flughafen abholen.<\/li><li><strong>Letzter Tag:<\/strong> Die Schl\u00fcssel m\u00fcssen <strong>sp\u00e4testens um 10:00 Uhr<\/strong> wieder am Flughafen abgegeben werden.<\/li><\/ul><\/div>\n\t\t\t\t\t\t\t\t\t\t\t<\/div>\n\t\t\t\t\t\t\t\t\t<\/div>\n\t\t\t\t\t\t\t\t\t\t\t\t\t\t\t\t\t<div class=\"entry\">\n\t\t\t\t\t\t\t\t\t\t\t\t\t\t<i class=\"icon fa-solid fa-location-pin\" aria-hidden=\"true\"><\/i>\n\t\t\t\t\t\t\t\t\t\t\t\t\t<div class=\"text-part\">\n\t\t\t\t\t\t\t\t\t\t\t<h4>Wo verbringe ich die erste und die letzte Nacht? <\/h4>\n\t\t\t\t\t\t\t\t\t\t\t\t\t<div class=\"translation-block\"><p>Wenn du deinen Aufenthalt verl\u00e4ngern und <strong>zus\u00e4tzliche N\u00e4chte vor oder nach deiner Rundreise<\/strong> in Jordanien buchen m\u00f6chtest, hier ein kurzer \u00dcberblick \u00fcber die Hotels:<\/p><ul><li><strong>Erste Nacht:<\/strong> <a href=\"https:\/\/miskhotel.com-amman.com\" target=\"_blank\"><strong>Misk Hotel<\/strong><\/a> in Amman<br>Wichtig: Dein Auto musst du am <strong>Tag 1 trotzdem am Flughafen<\/strong> abholen.<\/li><li><strong>Letzte Nacht:<\/strong> <a href=\"https:\/\/blackirishotel.com\" target=\"_blank\"><strong>Black Iris Hotel<\/strong><\/a> in Madaba<br>Wichtig: Am <strong>letzten Tag<\/strong> gibst du das Auto <strong>auf jeden Fall am Flughafen<\/strong> wieder ab.<\/li><\/ul><\/div>\n\t\t\t\t\t\t\t\t\t\t\t<\/div>\n\t\t\t\t\t\t\t\t\t<\/div>\n\t\t\t\t\t\t\t\t\t\t\t\t\t\t\t<\/div>\n\t\t\t\t\t\t\t\t\t\t\t\t\t\t\t\t\t\t\t\t\t\t\t\t<div class=\"tb-section entries hidden\" id=\"transport-section-1\">\n\t\t\t\t\t\t\t\t\t\t\t\t\t\t\t\t\t<div class=\"entry\">\n\t\t\t\t\t\t\t\t\t\t\t\t\t\t<i class=\"icon fa-solid fa-plane\" aria-hidden=\"true\"><\/i>\n\t\t\t\t\t\t\t\t\t\t\t\t\t<div class=\"text-part\">\n\t\t\t\t\t\t\t\t\t\t\t<h4>Fl\u00fcge<\/h4>\n\t\t\t\t\t\t\t\t\t\t\t\t\t<div class=\"translation-block\"><p><strong>Buche deine Fl\u00fcge mit Jordan Nomads<\/strong><\/p><p>Wir bieten <strong>Direktfl\u00fcge nach Amman ab Paris CDG<\/strong> an den meisten <strong>Sonntagen und Mittwochs<\/strong> \u2013 ab <strong>520 \u20ac pro Person<\/strong> (ohne Aufgabegep\u00e4ck).<\/p><p>Hier findest du die <strong>Flugzeiten<\/strong> (\u00c4nderungen durch die Airline m\u00f6glich):<\/p><ul><li><strong>Hinflug:<\/strong> Abflug <strong>15:20 Uhr<\/strong>, Ankunft <strong>22:10 Uhr<\/strong> (Tag 1 deiner Rundreise)<\/li><li><strong>R\u00fcckflug:<\/strong> Abflug <strong>10:45 Uhr<\/strong>, Ankunft <strong>14:10 Uhr<\/strong> (Tag 8 deiner Rundreise)<\/li><\/ul><p>Wenn du konkrete <strong>Fragen<\/strong> zu deinen Fl\u00fcgen hast, schreib uns einfach eine <a href=\"mailto:info@jordannomads.org\" target=\"_blank\">E-Mail<\/a>.<\/p><p>Wenn du \u00fcber uns buchst, ist alles perfekt auf deine Rundreise abgestimmt und falls es ein Problem gibt, unterst\u00fctzen wir dich nat\u00fcrlich.<\/p><p><i>Achtung: Die Pl\u00e4tze pro Flug sind begrenzt.<\/i><br><br><strong>Du willst deine Fl\u00fcge lieber selbst buchen?<\/strong><br>Kein Problem: Es gibt Direktfl\u00fcge ab mehreren franz\u00f6sischen St\u00e4dten. Am besten nutzt du daf\u00fcr einen Vergleich wie <a href=\"https:\/\/www.google.com\/travel\/flights\" target=\"_blank\"><strong>Google Flights<\/strong><\/a>.<\/p><p>Wenn du Fragen oder Zweifel hast, melde dich jederzeit per <a href=\"mailto:info@jordannomads.org\" target=\"_blank\">E-Mail<\/a>.<\/p><\/div>\n\t\t\t\t\t\t\t\t\t\t\t<\/div>\n\t\t\t\t\t\t\t\t\t<\/div>\n\t\t\t\t\t\t\t\t\t\t\t\t\t\t\t\t\t<div class=\"entry\">\n\t\t\t\t\t\t\t\t\t\t\t\t\t\t<i class=\"icon fa-kit fa-tb-icon-jeep\" aria-hidden=\"true\"><\/i>\n\t\t\t\t\t\t\t\t\t\t\t\t\t<div class=\"text-part\">\n\t\t\t\t\t\t\t\t\t\t\t<h4>Wann und wie hole ich mein Fahrzeug ab?<\/h4>\n\t\t\t\t\t\t\t\t\t\t\t\t\t<div class=\"translation-block\"><p>Wenn du deine Fl\u00fcge selbst buchen m\u00f6chtest, beachte bitte Folgendes:<\/p><ul><li><strong>Tag 1:<\/strong> Dein Fahrzeug kannst du <strong>ab 18:00 Uhr<\/strong> am Flughafen abholen.<\/li><li><strong>Letzter Tag:<\/strong> Die Schl\u00fcssel m\u00fcssen <strong>sp\u00e4testens um 10:00 Uhr<\/strong> wieder am Flughafen abgegeben werden.<\/li><\/ul><\/div>\n\t\t\t\t\t\t\t\t\t\t\t<\/div>\n\t\t\t\t\t\t\t\t\t<\/div>\n\t\t\t\t\t\t\t\t\t\t\t\t\t\t\t\t\t<div class=\"entry\">\n\t\t\t\t\t\t\t\t\t\t\t\t\t\t<i class=\"icon fa-solid fa-location-pin\" aria-hidden=\"true\"><\/i>\n\t\t\t\t\t\t\t\t\t\t\t\t\t<div class=\"text-part\">\n\t\t\t\t\t\t\t\t\t\t\t<h4>Wo verbringe ich die erste und die letzte Nacht? <\/h4>\n\t\t\t\t\t\t\t\t\t\t\t\t\t<div class=\"translation-block\"><p>Wenn du deinen Aufenthalt verl\u00e4ngern und <strong>zus\u00e4tzliche N\u00e4chte vor oder nach deiner Rundreise<\/strong> in Jordanien buchen m\u00f6chtest, hier ein kurzer \u00dcberblick \u00fcber die Hotels:<\/p><ul><li><strong>Erste Nacht:<\/strong> <a href=\"https:\/\/miskhotel.com-amman.com\" target=\"_blank\"><strong>Misk Hotel<\/strong><\/a> in Amman<br>Wichtig: Dein Auto musst du am <strong>Tag 1 trotzdem am Flughafen<\/strong> abholen.<\/li><li><strong>Letzte Nacht:<\/strong> <a href=\"https:\/\/blackirishotel.com\" target=\"_blank\"><strong>Black Iris Hotel<\/strong><\/a> in Madaba<br>Wichtig: Am <strong>letzten Tag<\/strong> gibst du das Auto <strong>auf jeden Fall am Flughafen<\/strong> wieder ab.<\/li><\/ul><\/div>\n\t\t\t\t\t\t\t\t\t\t\t<\/div>\n\t\t\t\t\t\t\t\t\t<\/div>\n\t\t\t\t\t\t\t\t\t\t\t\t\t\t\t<\/div>\n\t\t\t\t\t\t\t\t\t\t\t\t\t\t\t\t\t\t\t\t\t\t\t\t<div class=\"tb-section entries hidden\" id=\"transport-section-2\">\n\t\t\t\t\t\t\t\t\t\t\t\t\t\t\t\t\t<div class=\"entry\">\n\t\t\t\t\t\t\t\t\t\t\t\t\t\t<i class=\"icon fa-solid fa-plane\" aria-hidden=\"true\"><\/i>\n\t\t\t\t\t\t\t\t\t\t\t\t\t<div class=\"text-part\">\n\t\t\t\t\t\t\t\t\t\t\t<h4>Fl\u00fcge<\/h4>\n\t\t\t\t\t\t\t\t\t\t\t\t\t<div class=\"translation-block\"><p><strong>Buche deine Fl\u00fcge mit Jordan Nomads<\/strong><\/p><p>Wir bieten <strong>Direktfl\u00fcge nach Amman ab Amsterdam<\/strong> an \u2013 jeden <strong>Sonntag und Mittwoch<\/strong> \u2013 ab <strong>520 \u20ac pro Person<\/strong> (ohne Aufgabegep\u00e4ck).<\/p><p>Hier findest du die <strong>Flugzeiten<\/strong> (\u00c4nderungen durch die Airline m\u00f6glich):<\/p><ul><li><strong>Hinflug:<\/strong> Abflug <strong>15:20 Uhr<\/strong>, Ankunft <strong>22:00 Uhr<\/strong> (Tag 1 deiner Rundreise)<\/li><li><strong>R\u00fcckflug:<\/strong> Abflug <strong>10:35 Uhr<\/strong>, Ankunft <strong>14:05 Uhr<\/strong> (Tag 8 deiner Rundreise)<\/li><\/ul><p>Wenn du konkrete Fragen zu deinen Fl\u00fcgen hast, schreib uns einfach eine <a href=\"mailto:info@jordannomads.org\" target=\"_blank\">E-Mail<\/a>.<\/p><p>Wenn du \u00fcber uns buchst, ist alles perfekt auf deine Rundreise abgestimmt und falls es unterwegs ein Problem gibt, unterst\u00fctzen wir dich nat\u00fcrlich.<\/p><p><i>Achtung: Die Pl\u00e4tze pro Flug sind begrenzt.<\/i><\/p><p><strong>Du willst deine Fl\u00fcge lieber selbst buchen?<\/strong><br>Kein Problem: Es gibt Direktfl\u00fcge ab mehreren St\u00e4dten oder \u2013 je nach Verbindung \u2013 Fl\u00fcge mit Zwischenstopp (h\u00e4ufig \u00fcber Istanbul). Am besten nutzt du daf\u00fcr einen Vergleich wie <a href=\"https:\/\/www.google.com\/travel\/flights\" target=\"_blank\"><strong>Google Flights<\/strong><\/a><strong>.<\/strong><\/p><p>Wenn du Fragen oder Zweifel hast, melde dich jederzeit per <a href=\"mailto:info@jordannomads.org\" target=\"_blank\">E-Mail<\/a>.<\/p><\/div>\n\t\t\t\t\t\t\t\t\t\t\t<\/div>\n\t\t\t\t\t\t\t\t\t<\/div>\n\t\t\t\t\t\t\t\t\t\t\t\t\t\t\t\t\t<div class=\"entry\">\n\t\t\t\t\t\t\t\t\t\t\t\t\t\t<i class=\"icon fa-kit fa-tb-icon-jeep\" aria-hidden=\"true\"><\/i>\n\t\t\t\t\t\t\t\t\t\t\t\t\t<div class=\"text-part\">\n\t\t\t\t\t\t\t\t\t\t\t<h4>Wann und wie hole ich mein Fahrzeug ab?<\/h4>\n\t\t\t\t\t\t\t\t\t\t\t\t\t<div class=\"translation-block\"><p>Wenn du deine Fl\u00fcge selbst buchen m\u00f6chtest, beachte bitte Folgendes:<\/p><ul><li><strong>Tag 1:<\/strong> Dein Fahrzeug kannst du <strong>ab 18:00 Uhr<\/strong> am Flughafen abholen.<\/li><li><strong>Letzter Tag:<\/strong> Die Schl\u00fcssel m\u00fcssen <strong>sp\u00e4testens um 10:00 Uhr<\/strong> wieder am Flughafen abgegeben werden.<\/li><\/ul><\/div>\n\t\t\t\t\t\t\t\t\t\t\t<\/div>\n\t\t\t\t\t\t\t\t\t<\/div>\n\t\t\t\t\t\t\t\t\t\t\t\t\t\t\t\t\t<div class=\"entry\">\n\t\t\t\t\t\t\t\t\t\t\t\t\t\t<i class=\"icon fa-solid fa-location-pin\" aria-hidden=\"true\"><\/i>\n\t\t\t\t\t\t\t\t\t\t\t\t\t<div class=\"text-part\">\n\t\t\t\t\t\t\t\t\t\t\t<h4>Wo verbringe ich die erste und die letzte Nacht? <\/h4>\n\t\t\t\t\t\t\t\t\t\t\t\t\t<div class=\"translation-block\"><p>Wenn du deinen Aufenthalt verl\u00e4ngern und <strong>zus\u00e4tzliche N\u00e4chte vor oder nach deiner Rundreise<\/strong> in Jordanien buchen m\u00f6chtest, hier ein kurzer \u00dcberblick \u00fcber die Hotels:<\/p><ul><li><strong>Erste Nacht:<\/strong> <a href=\"https:\/\/miskhotel.com-amman.com\" target=\"_blank\"><strong>Misk Hotel<\/strong><\/a> in Amman<br>Wichtig: Dein Auto musst du am <strong>Tag 1 trotzdem am Flughafen<\/strong> abholen.<\/li><li><strong>Letzte Nacht:<\/strong> <a href=\"https:\/\/blackirishotel.com\" target=\"_blank\"><strong>Black Iris Hotel<\/strong><\/a> in Madaba<br>Wichtig: Am <strong>letzten Tag<\/strong> gibst du das Auto <strong>auf jeden Fall am Flughafen<\/strong> wieder ab.<\/li><\/ul><\/div>\n\t\t\t\t\t\t\t\t\t\t\t<\/div>\n\t\t\t\t\t\t\t\t\t<\/div>\n\t\t\t\t\t\t\t\t\t\t\t\t\t\t\t<\/div>\n\t\t\t\t\t\t\t\t\t\t\t\t\t\t\t\t\t\t\t\t\t\t\t\t<div class=\"tb-section entries hidden\" id=\"transport-section-3\">\n\t\t\t\t\t\t\t\t\t\t\t\t\t\t\t\t\t<div class=\"entry\">\n\t\t\t\t\t\t\t\t\t\t\t\t\t\t<i class=\"icon fa-solid fa-plane\" aria-hidden=\"true\"><\/i>\n\t\t\t\t\t\t\t\t\t\t\t\t\t<div class=\"text-part\">\n\t\t\t\t\t\t\t\t\t\t\t<h4>Fl\u00fcge<\/h4>\n\t\t\t\t\t\t\t\t\t\t\t\t\t<div class=\"translation-block\"><p><strong>Buche deine Fl\u00fcge mit den Jordan Nomads<\/strong><\/p><p>Wir bieten <strong>Direktfl\u00fcge nach Amman<\/strong> von <strong>D\u00fcsseldorf, Frankfurt, Berlin, Hamburg und M\u00fcnchen<\/strong> jeden <strong>Mittwoch<\/strong> ab <strong>520\u20ac<\/strong> pro Person (ohne Gep\u00e4ck).<\/p><p>Die <strong>Flugzeiten<\/strong> h\u00e4ngen von deinem Abreisedatum ab. (Mehr Infos unten in den <a href=\"#join\">Kalendar<\/a>).<\/p><p>Wenn du spezifische <strong>Fragen<\/strong> zu deinen Fl\u00fcgen hast, z\u00f6gere nicht, uns per <a href=\"mailto:info@jordannomads.org\" target=\"_blank\">E-Mail<\/a> zu kontaktieren.<\/p><p>Bei der Buchung deiner Fl\u00fcge \u00fcber uns profitierst du von einem perfekt auf dein Reiseprogramm abgestimmten Zeitplan sowie unserer Unterst\u00fctzung im Falle von Problemen.<\/p><p><i>Achtung: Die Anzahl der Pl\u00e4tze pro Flug ist begrenzt.<\/i><\/p><p><strong>Buche deine eigenen Fl\u00fcge<\/strong><br>Es gibt Direktfl\u00fcge von mehreren St\u00e4dten oder Fl\u00fcge mit einem Zwischenstopp in Istanbul, meistens. Wir empfehlen dir, einen Flugvergleich wie <a href=\"https:\/\/www.google.com\/travel\/flights\">Google Flights<\/a>.<\/p><p>Wenn du Fragen oder Zweifel hast, z\u00f6gere nicht, uns per <a href=\"mailto:info@jordannomads.org\">E-Mail<\/a> zu kontaktieren.<\/p><\/div>\n\t\t\t\t\t\t\t\t\t\t\t<\/div>\n\t\t\t\t\t\t\t\t\t<\/div>\n\t\t\t\t\t\t\t\t\t\t\t\t\t\t\t\t\t<div class=\"entry\">\n\t\t\t\t\t\t\t\t\t\t\t\t\t\t<i class=\"icon fa-kit fa-tb-icon-jeep\" aria-hidden=\"true\"><\/i>\n\t\t\t\t\t\t\t\t\t\t\t\t\t<div class=\"text-part\">\n\t\t\t\t\t\t\t\t\t\t\t<h4>Wann und wie hole ich mein Fahrzeug ab?<\/h4>\n\t\t\t\t\t\t\t\t\t\t\t\t\t<div class=\"translation-block\"><p>Wenn du deine Fl\u00fcge selbst buchen m\u00f6chtest, beachte bitte Folgendes:<\/p><ul><li><strong>Tag 1:<\/strong> Dein Fahrzeug kannst du <strong>ab 18:00 Uhr<\/strong> am Flughafen abholen.<\/li><li><strong>Letzter Tag:<\/strong> Die Schl\u00fcssel m\u00fcssen <strong>sp\u00e4testens um 10:00 Uhr<\/strong> wieder am Flughafen abgegeben werden.<\/li><\/ul><\/div>\n\t\t\t\t\t\t\t\t\t\t\t<\/div>\n\t\t\t\t\t\t\t\t\t<\/div>\n\t\t\t\t\t\t\t\t\t\t\t\t\t\t\t\t\t<div class=\"entry\">\n\t\t\t\t\t\t\t\t\t\t\t\t\t\t<i class=\"icon fa-solid fa-location-pin\" aria-hidden=\"true\"><\/i>\n\t\t\t\t\t\t\t\t\t\t\t\t\t<div class=\"text-part\">\n\t\t\t\t\t\t\t\t\t\t\t<h4>Wo verbringe ich die erste und die letzte Nacht? <\/h4>\n\t\t\t\t\t\t\t\t\t\t\t\t\t<div class=\"translation-block\"><p>Wenn du deinen Aufenthalt verl\u00e4ngern und <strong>zus\u00e4tzliche N\u00e4chte vor oder nach deiner Rundreise<\/strong> in Jordanien buchen m\u00f6chtest, hier ein kurzer \u00dcberblick \u00fcber die Hotels:<\/p><ul><li><strong>Erste Nacht:<\/strong> <a href=\"https:\/\/miskhotel.com-amman.com\" target=\"_blank\"><strong>Misk Hotel<\/strong><\/a> in Amman<br>Wichtig: Dein Auto musst du am <strong>Tag 1 trotzdem am Flughafen<\/strong> abholen.<\/li><li><strong>Letzte Nacht:<\/strong> <a href=\"https:\/\/blackirishotel.com\" target=\"_blank\"><strong>Black Iris Hotel<\/strong><\/a> in Madaba<br>Wichtig: Am <strong>letzten Tag<\/strong> gibst du das Auto <strong>auf jeden Fall am Flughafen<\/strong> wieder ab.<\/li><\/ul><\/div>\n\t\t\t\t\t\t\t\t\t\t\t<\/div>\n\t\t\t\t\t\t\t\t\t<\/div>\n\t\t\t\t\t\t\t\t\t\t\t\t\t\t\t<\/div>\n\t\t\t\t\t\t\t\t\t\t\t\t\t\t\t<\/div>\n\t\t\t\t\t<\/div>\n\t<\/div>\n\n\n\n\n\n\n    <div class=\"tb-calendarv2 tb-block align-center background-light pattern-none variant-none tb-collapsible-margins\" id=\"join\" data-field-packages='[{&quot;package_id&quot;:&quot;JN-JN&quot;,&quot;prereg_url&quot;:&quot;&quot;,&quot;package_summary_content&quot;:&quot;&quot;,&quot;package_summary_inclusive&quot;:false,&quot;rowid&quot;:&quot;67dd68866ceed&quot;}]' data-package-ids='[\"JN-JN\"]' data-brands='[{&quot;type&quot;:&quot;brands&quot;,&quot;id&quot;:&quot;76&quot;,&quot;attributes&quot;:{&quot;name&quot;:&quot;Jordan Nomads&quot;,&quot;translatableName&quot;:{&quot;nl&quot;:&quot;Jordan Nomads&quot;,&quot;en&quot;:&quot;&quot;,&quot;fr&quot;:&quot;Jordan Nomads&quot;,&quot;de&quot;:&quot;Jordan Nomads&quot;}}}]' data-language='de' data-allow-collapse-consecutive-sold-out-items='1' data-show-prereg-items='1' data-show-participants='0' data-show-departure-hours='0' data-no-participants-title=\"0 Teilnehmer\" data-no-participants-text=\"Es sind noch keine Teilnehmer bekannt.\" data-sold-out-cta=\"\" data-show-months-toggle=\"1\" data-show-waiting-list-buttons=\"1\" data-show-price-toggle=\"1\" data-show-quote-request=\"1\" data-sort-filter-options-by-az-order='0' data-launch-unfiltered='0' data-merge-duplicate-filters='0'>\n        <div class=\"inner-block tb-fade-in tb-fade-in--subtle\">\n            <div class=\"text-part tb-fade-in tb-fade-in--subtle\">\n                                    <h2>Plane deine Reise nach Jordanien<\/h2>\n                                                    \t\t<div class=\"translation-block\"><p>Diese Rundreise findet im Herbst und im Fr\u00fchling statt.<\/p><p><strong>Fr\u00fchling 2026<\/strong>: Die Ausgabe wird zwischen dem 25. M\u00e4rz und dem 24. Mai stattfinden. Reserviere deine Reise jetzt.<\/p><p><strong>Herbst 2026<\/strong>: Die Edition findet zwischen dem <strong>16. September und dem 22. November<\/strong> statt.<\/p><\/div>\n\t                                                    <div class=\"tb-buttons-part\">\n                                                                            \t\t<a href=\"https:\/\/booking.travelbase.eu\/jn26a\/book?lang=de\"  target=\"_blank\" class=\"tb-button\">\n\t\t\tAnmeldungen | Herbst 2026\t\t<\/a>\n\t\t                                                                                                                                        <a href=\"https:\/\/booking.travelbase.eu\/jn26a\/offer?lang=de\" class=\"tb-buttonlink tb-quote-request\" target=\"_blank\"><span>Ein Angebot anfordern<\/span><\/a>\n                                                                                                                                                        <\/div>\n                            <\/div>\n\n            \n            \n<div class=\"tb-skeleton tb-skeleton--calendar-v2 tb-skeleton--inactive\">\n    <!-- <div class=\"section-toggler section-toggler--small tb-skeleton__border tb-skeleton__disabled\">\n        <div class=\"section-toggler__inner\">\n            <div class=\"section-toggler__toggle-wrapper\">\n                <div class=\"section-toggler__toggles\">\n                    <input type=\"radio\" name=\"2025\" checked>\n                    <label class=\"tb-skeleton__background tb-skeleton__border\" for=\"\"><span class=\"tb-skeleton__bone\"><span class=\"tb-skeleton__invisible-text\">2025<\/span><\/span><\/label>\n                    <input type=\"radio\" name=\"2026\">\n                    <label class=\"tb-skeleton__border\" for=\"\"><span class=\"tb-skeleton__bone\"><span class=\"tb-skeleton__invisible-text\">2026<\/span><\/span><\/label>\n                <\/div>\n            <\/div>\n        <\/div>\n    <\/div> -->\n    <div class=\"tb-calendar-v2__year\" id=\"year-section-0\">\n        <div class=\"tb-block\">\n            <div class=\"section-toggler section-toggler--fake section-toggler--blocks tb-skeleton__border tb-skeleton__disabled\">\n                <div class=\"section-toggler__inner\">\n                    <div class=\"section-toggler__toggle-wrapper\">\n                        <div class=\"section-toggler__toggles\">\n                            <input type=\"radio\" name=\"Jan\" checked>\n                            <label class=\"tb-skeleton__background tb-skeleton__border\" for=\"\"><span class=\"tb-skeleton__bone\"><span class=\"tb-skeleton__invisible-text\">Jan<\/span><\/span><\/label>\n                            <input type=\"radio\" name=\"Feb\">\n                            <label class=\"tb-skeleton__border\" for=\"\"><span class=\"tb-skeleton__bone\"><span class=\"tb-skeleton__invisible-text\">Feb<\/span><\/span><\/label>\n                            <input type=\"radio\" name=\"Mar\">\n                            <label class=\"tb-skeleton__border\" for=\"\"><span class=\"tb-skeleton__bone\"><span class=\"tb-skeleton__invisible-text\">Mar<\/span><\/span><\/label>\n                            <input type=\"radio\" name=\"Apr\">\n                            <label class=\"tb-skeleton__border\" for=\"\"><span class=\"tb-skeleton__bone\"><span class=\"tb-skeleton__invisible-text\">Apr<\/span><\/span><\/label>\n                            <input type=\"radio\" name=\"May\">\n                            <label class=\"tb-skeleton__border\" for=\"\"><span class=\"tb-skeleton__bone\"><span class=\"tb-skeleton__invisible-text\">May<\/span><\/span><\/label>\n                        <\/div>\n                    <\/div>\n                <\/div>\n            <\/div>\n            <div class=\"tb-calendar-v2__month\" id=\"year-0-month-section-0\">\n                <ul class=\"tb-calendar-v2__departures\">\n                                            <li class=\"tb-calendar-v2__departure tb-calendar-v2-departure tb-skeleton__border\" data-availability=\"free\">\n                            <div class=\"tb-calendar-v2-departure__essential\">\n                                <div class=\"tb-calendar-v2-departure__first-part\">\n                                    <div class=\"tb-calendar-v2-departure__destination desktop-only\">\n                                        <span class=\"tb-skeleton__bone\"><span class=\"tb-skeleton__invisible-text\"><strong>Beispielreise<\/strong><\/span><\/span>\n                                    <\/div>\n                                    <div class=\"tb-calendar-v2-departure__dates\">\n                                        <div class=\"tb-calendar-v2-departure__startdate\">\n                                            <span class=\"tb-skeleton__bone\"><span class=\"tb-skeleton__invisible-text\">Montag<\/span><\/span>\n                                            <span class=\"tb-skeleton__bone\"><span class=\"tb-skeleton__invisible-text\"><strong>20. Jan 2025<\/strong><\/span><\/span>\n                                        <\/div>\n                                        <span class=\"tb-skeleton__bone\"><span class=\"tb-skeleton__invisible-text\"><i class=\"fa-solid fa-arrow-right\"><\/i><\/span><\/span>\n                                        <div class=\"tb-calendar-v2-departure__enddate\">\n                                            <span class=\"tb-skeleton__bone\"><span class=\"tb-skeleton__invisible-text\">Sonntag<\/span><\/span>\n                                            <span class=\"tb-skeleton__bone\"><span class=\"tb-skeleton__invisible-text\"><strong>26. Jan 2025<\/strong><\/span><\/span>\n                                        <\/div>\n                                    <\/div>\n                                    <div class=\"tb-calendar-v2-departure__divider desktop-only tb-skeleton__bone\"><\/div>\n                                    <div class=\"tb-calendar-v2-departure__availability desktop-only\" data-availability=\"free\"><strong>\n                                            <span class=\"tb-skeleton__bone\"><span class=\"tb-skeleton__invisible-text\">Verf\u00fcgbar<\/span><\/span>\n                                        <\/strong><\/div>\n                                    <div class=\"tb-calendar-v2-departure__spots desktop-only\">\n                                        <span class=\"tb-skeleton__bone\"><span class=\"tb-skeleton__invisible-text\">\n                                                                                             <\/span><\/span>\n                                    <\/div>\n                                <\/div>\n                                <div class=\"tb-calendar-v2-departure__last-part\">\n                                    <div class=\"tb-calendar-v2-departure__price\"><span class=\"tb-skeleton__bone\"><span class=\"tb-skeleton__invisible-text\"><strong>\u20ac 1450<\/strong><\/span><\/span><\/div>\n                                    <div class=\"tb-calendar-v2-departure__availability mobile-only\" data-availability=\"free\">\n                                        <strong>\n                                            <span class=\"tb-skeleton__bone\"><span class=\"tb-skeleton__invisible-text\">Verf\u00fcgbar<\/span><\/span>\n                                        <\/strong>\n                                    <\/div>\n                                    <div class=\"tb-calendar-v2-departure__expand-button tb-skeleton__disabled desktop-only\" disabled>\n                                        <span class=\"tb-skeleton__bone\"><span class=\"tb-skeleton__invisible-text\"><i class=\"fa-solid fa-chevron-down\"><\/i><\/span><\/span>\n                                    <\/div>\n                                <\/div>\n                            <\/div>\n                            <div class=\"tb-calendar-v2-departure__divider mobile-only tb-skeleton__bone\"><\/div>\n                            <div class=\"tb-calendar-v2-departure__expand-button mobile-only tb-skeleton__disabled\" disabled>\n                                <span class=\"tb-skeleton__bone\"><span class=\"tb-skeleton__invisible-text\"><span class=\"more-info\">Mehr Infos<\/span> <span class=\"less-info\">Weniger Infos<\/span> <i class=\"fa-solid fa-chevron-down\"><\/i><\/span><\/span>\n                            <\/div>\n                        <\/li>\n                                            <li class=\"tb-calendar-v2__departure tb-calendar-v2-departure tb-skeleton__border\" data-availability=\"free\">\n                            <div class=\"tb-calendar-v2-departure__essential\">\n                                <div class=\"tb-calendar-v2-departure__first-part\">\n                                    <div class=\"tb-calendar-v2-departure__destination desktop-only\">\n                                        <span class=\"tb-skeleton__bone\"><span class=\"tb-skeleton__invisible-text\"><strong>Beispielreise<\/strong><\/span><\/span>\n                                    <\/div>\n                                    <div class=\"tb-calendar-v2-departure__dates\">\n                                        <div class=\"tb-calendar-v2-departure__startdate\">\n                                            <span class=\"tb-skeleton__bone\"><span class=\"tb-skeleton__invisible-text\">Montag<\/span><\/span>\n                                            <span class=\"tb-skeleton__bone\"><span class=\"tb-skeleton__invisible-text\"><strong>20. Jan 2025<\/strong><\/span><\/span>\n                                        <\/div>\n                                        <span class=\"tb-skeleton__bone\"><span class=\"tb-skeleton__invisible-text\"><i class=\"fa-solid fa-arrow-right\"><\/i><\/span><\/span>\n                                        <div class=\"tb-calendar-v2-departure__enddate\">\n                                            <span class=\"tb-skeleton__bone\"><span class=\"tb-skeleton__invisible-text\">Sonntag<\/span><\/span>\n                                            <span class=\"tb-skeleton__bone\"><span class=\"tb-skeleton__invisible-text\"><strong>26. Jan 2025<\/strong><\/span><\/span>\n                                        <\/div>\n                                    <\/div>\n                                    <div class=\"tb-calendar-v2-departure__divider desktop-only tb-skeleton__bone\"><\/div>\n                                    <div class=\"tb-calendar-v2-departure__availability desktop-only\" data-availability=\"free\"><strong>\n                                            <span class=\"tb-skeleton__bone\"><span class=\"tb-skeleton__invisible-text\">Verf\u00fcgbar<\/span><\/span>\n                                        <\/strong><\/div>\n                                    <div class=\"tb-calendar-v2-departure__spots desktop-only\">\n                                        <span class=\"tb-skeleton__bone\"><span class=\"tb-skeleton__invisible-text\">\n                                                                                             <\/span><\/span>\n                                    <\/div>\n                                <\/div>\n                                <div class=\"tb-calendar-v2-departure__last-part\">\n                                    <div class=\"tb-calendar-v2-departure__price\"><span class=\"tb-skeleton__bone\"><span class=\"tb-skeleton__invisible-text\"><strong>\u20ac 1450<\/strong><\/span><\/span><\/div>\n                                    <div class=\"tb-calendar-v2-departure__availability mobile-only\" data-availability=\"free\">\n                                        <strong>\n                                            <span class=\"tb-skeleton__bone\"><span class=\"tb-skeleton__invisible-text\">Verf\u00fcgbar<\/span><\/span>\n                                        <\/strong>\n                                    <\/div>\n                                    <div class=\"tb-calendar-v2-departure__expand-button tb-skeleton__disabled desktop-only\" disabled>\n                                        <span class=\"tb-skeleton__bone\"><span class=\"tb-skeleton__invisible-text\"><i class=\"fa-solid fa-chevron-down\"><\/i><\/span><\/span>\n                                    <\/div>\n                                <\/div>\n                            <\/div>\n                            <div class=\"tb-calendar-v2-departure__divider mobile-only tb-skeleton__bone\"><\/div>\n                            <div class=\"tb-calendar-v2-departure__expand-button mobile-only tb-skeleton__disabled\" disabled>\n                                <span class=\"tb-skeleton__bone\"><span class=\"tb-skeleton__invisible-text\"><span class=\"more-info\">Mehr Infos<\/span> <span class=\"less-info\">Weniger Infos<\/span> <i class=\"fa-solid fa-chevron-down\"><\/i><\/span><\/span>\n                            <\/div>\n                        <\/li>\n                                            <li class=\"tb-calendar-v2__departure tb-calendar-v2-departure tb-skeleton__border\" data-availability=\"free\">\n                            <div class=\"tb-calendar-v2-departure__essential\">\n                                <div class=\"tb-calendar-v2-departure__first-part\">\n                                    <div class=\"tb-calendar-v2-departure__destination desktop-only\">\n                                        <span class=\"tb-skeleton__bone\"><span class=\"tb-skeleton__invisible-text\"><strong>Beispielreise<\/strong><\/span><\/span>\n                                    <\/div>\n                                    <div class=\"tb-calendar-v2-departure__dates\">\n                                        <div class=\"tb-calendar-v2-departure__startdate\">\n                                            <span class=\"tb-skeleton__bone\"><span class=\"tb-skeleton__invisible-text\">Montag<\/span><\/span>\n                                            <span class=\"tb-skeleton__bone\"><span class=\"tb-skeleton__invisible-text\"><strong>20. Jan 2025<\/strong><\/span><\/span>\n                                        <\/div>\n                                        <span class=\"tb-skeleton__bone\"><span class=\"tb-skeleton__invisible-text\"><i class=\"fa-solid fa-arrow-right\"><\/i><\/span><\/span>\n                                        <div class=\"tb-calendar-v2-departure__enddate\">\n                                            <span class=\"tb-skeleton__bone\"><span class=\"tb-skeleton__invisible-text\">Sonntag<\/span><\/span>\n                                            <span class=\"tb-skeleton__bone\"><span class=\"tb-skeleton__invisible-text\"><strong>26. Jan 2025<\/strong><\/span><\/span>\n                                        <\/div>\n                                    <\/div>\n                                    <div class=\"tb-calendar-v2-departure__divider desktop-only tb-skeleton__bone\"><\/div>\n                                    <div class=\"tb-calendar-v2-departure__availability desktop-only\" data-availability=\"free\"><strong>\n                                            <span class=\"tb-skeleton__bone\"><span class=\"tb-skeleton__invisible-text\">Verf\u00fcgbar<\/span><\/span>\n                                        <\/strong><\/div>\n                                    <div class=\"tb-calendar-v2-departure__spots desktop-only\">\n                                        <span class=\"tb-skeleton__bone\"><span class=\"tb-skeleton__invisible-text\">\n                                                                                             <\/span><\/span>\n                                    <\/div>\n                                <\/div>\n                                <div class=\"tb-calendar-v2-departure__last-part\">\n                                    <div class=\"tb-calendar-v2-departure__price\"><span class=\"tb-skeleton__bone\"><span class=\"tb-skeleton__invisible-text\"><strong>\u20ac 1450<\/strong><\/span><\/span><\/div>\n                                    <div class=\"tb-calendar-v2-departure__availability mobile-only\" data-availability=\"free\">\n                                        <strong>\n                                            <span class=\"tb-skeleton__bone\"><span class=\"tb-skeleton__invisible-text\">Verf\u00fcgbar<\/span><\/span>\n                                        <\/strong>\n                                    <\/div>\n                                    <div class=\"tb-calendar-v2-departure__expand-button tb-skeleton__disabled desktop-only\" disabled>\n                                        <span class=\"tb-skeleton__bone\"><span class=\"tb-skeleton__invisible-text\"><i class=\"fa-solid fa-chevron-down\"><\/i><\/span><\/span>\n                                    <\/div>\n                                <\/div>\n                            <\/div>\n                            <div class=\"tb-calendar-v2-departure__divider mobile-only tb-skeleton__bone\"><\/div>\n                            <div class=\"tb-calendar-v2-departure__expand-button mobile-only tb-skeleton__disabled\" disabled>\n                                <span class=\"tb-skeleton__bone\"><span class=\"tb-skeleton__invisible-text\"><span class=\"more-info\">Mehr Infos<\/span> <span class=\"less-info\">Weniger Infos<\/span> <i class=\"fa-solid fa-chevron-down\"><\/i><\/span><\/span>\n                            <\/div>\n                        <\/li>\n                                            <li class=\"tb-calendar-v2__departure tb-calendar-v2-departure tb-skeleton__border\" data-availability=\"free\">\n                            <div class=\"tb-calendar-v2-departure__essential\">\n                                <div class=\"tb-calendar-v2-departure__first-part\">\n                                    <div class=\"tb-calendar-v2-departure__destination desktop-only\">\n                                        <span class=\"tb-skeleton__bone\"><span class=\"tb-skeleton__invisible-text\"><strong>Beispielreise<\/strong><\/span><\/span>\n                                    <\/div>\n                                    <div class=\"tb-calendar-v2-departure__dates\">\n                                        <div class=\"tb-calendar-v2-departure__startdate\">\n                                            <span class=\"tb-skeleton__bone\"><span class=\"tb-skeleton__invisible-text\">Montag<\/span><\/span>\n                                            <span class=\"tb-skeleton__bone\"><span class=\"tb-skeleton__invisible-text\"><strong>20. Jan 2025<\/strong><\/span><\/span>\n                                        <\/div>\n                                        <span class=\"tb-skeleton__bone\"><span class=\"tb-skeleton__invisible-text\"><i class=\"fa-solid fa-arrow-right\"><\/i><\/span><\/span>\n                                        <div class=\"tb-calendar-v2-departure__enddate\">\n                                            <span class=\"tb-skeleton__bone\"><span class=\"tb-skeleton__invisible-text\">Sonntag<\/span><\/span>\n                                            <span class=\"tb-skeleton__bone\"><span class=\"tb-skeleton__invisible-text\"><strong>26. Jan 2025<\/strong><\/span><\/span>\n                                        <\/div>\n                                    <\/div>\n                                    <div class=\"tb-calendar-v2-departure__divider desktop-only tb-skeleton__bone\"><\/div>\n                                    <div class=\"tb-calendar-v2-departure__availability desktop-only\" data-availability=\"free\"><strong>\n                                            <span class=\"tb-skeleton__bone\"><span class=\"tb-skeleton__invisible-text\">Verf\u00fcgbar<\/span><\/span>\n                                        <\/strong><\/div>\n                                    <div class=\"tb-calendar-v2-departure__spots desktop-only\">\n                                        <span class=\"tb-skeleton__bone\"><span class=\"tb-skeleton__invisible-text\">\n                                                                                             <\/span><\/span>\n                                    <\/div>\n                                <\/div>\n                                <div class=\"tb-calendar-v2-departure__last-part\">\n                                    <div class=\"tb-calendar-v2-departure__price\"><span class=\"tb-skeleton__bone\"><span class=\"tb-skeleton__invisible-text\"><strong>\u20ac 1450<\/strong><\/span><\/span><\/div>\n                                    <div class=\"tb-calendar-v2-departure__availability mobile-only\" data-availability=\"free\">\n                                        <strong>\n                                            <span class=\"tb-skeleton__bone\"><span class=\"tb-skeleton__invisible-text\">Verf\u00fcgbar<\/span><\/span>\n                                        <\/strong>\n                                    <\/div>\n                                    <div class=\"tb-calendar-v2-departure__expand-button tb-skeleton__disabled desktop-only\" disabled>\n                                        <span class=\"tb-skeleton__bone\"><span class=\"tb-skeleton__invisible-text\"><i class=\"fa-solid fa-chevron-down\"><\/i><\/span><\/span>\n                                    <\/div>\n                                <\/div>\n                            <\/div>\n                            <div class=\"tb-calendar-v2-departure__divider mobile-only tb-skeleton__bone\"><\/div>\n                            <div class=\"tb-calendar-v2-departure__expand-button mobile-only tb-skeleton__disabled\" disabled>\n                                <span class=\"tb-skeleton__bone\"><span class=\"tb-skeleton__invisible-text\"><span class=\"more-info\">Mehr Infos<\/span> <span class=\"less-info\">Weniger Infos<\/span> <i class=\"fa-solid fa-chevron-down\"><\/i><\/span><\/span>\n                            <\/div>\n                        <\/li>\n                                            <li class=\"tb-calendar-v2__departure tb-calendar-v2-departure tb-skeleton__border\" data-availability=\"free\">\n                            <div class=\"tb-calendar-v2-departure__essential\">\n                                <div class=\"tb-calendar-v2-departure__first-part\">\n                                    <div class=\"tb-calendar-v2-departure__destination desktop-only\">\n                                        <span class=\"tb-skeleton__bone\"><span class=\"tb-skeleton__invisible-text\"><strong>Beispielreise<\/strong><\/span><\/span>\n                                    <\/div>\n                                    <div class=\"tb-calendar-v2-departure__dates\">\n                                        <div class=\"tb-calendar-v2-departure__startdate\">\n                                            <span class=\"tb-skeleton__bone\"><span class=\"tb-skeleton__invisible-text\">Montag<\/span><\/span>\n                                            <span class=\"tb-skeleton__bone\"><span class=\"tb-skeleton__invisible-text\"><strong>20. Jan 2025<\/strong><\/span><\/span>\n                                        <\/div>\n                                        <span class=\"tb-skeleton__bone\"><span class=\"tb-skeleton__invisible-text\"><i class=\"fa-solid fa-arrow-right\"><\/i><\/span><\/span>\n                                        <div class=\"tb-calendar-v2-departure__enddate\">\n                                            <span class=\"tb-skeleton__bone\"><span class=\"tb-skeleton__invisible-text\">Sonntag<\/span><\/span>\n                                            <span class=\"tb-skeleton__bone\"><span class=\"tb-skeleton__invisible-text\"><strong>26. Jan 2025<\/strong><\/span><\/span>\n                                        <\/div>\n                                    <\/div>\n                                    <div class=\"tb-calendar-v2-departure__divider desktop-only tb-skeleton__bone\"><\/div>\n                                    <div class=\"tb-calendar-v2-departure__availability desktop-only\" data-availability=\"free\"><strong>\n                                            <span class=\"tb-skeleton__bone\"><span class=\"tb-skeleton__invisible-text\">Verf\u00fcgbar<\/span><\/span>\n                                        <\/strong><\/div>\n                                    <div class=\"tb-calendar-v2-departure__spots desktop-only\">\n                                        <span class=\"tb-skeleton__bone\"><span class=\"tb-skeleton__invisible-text\">\n                                                                                             <\/span><\/span>\n                                    <\/div>\n                                <\/div>\n                                <div class=\"tb-calendar-v2-departure__last-part\">\n                                    <div class=\"tb-calendar-v2-departure__price\"><span class=\"tb-skeleton__bone\"><span class=\"tb-skeleton__invisible-text\"><strong>\u20ac 1450<\/strong><\/span><\/span><\/div>\n                                    <div class=\"tb-calendar-v2-departure__availability mobile-only\" data-availability=\"free\">\n                                        <strong>\n                                            <span class=\"tb-skeleton__bone\"><span class=\"tb-skeleton__invisible-text\">Verf\u00fcgbar<\/span><\/span>\n                                        <\/strong>\n                                    <\/div>\n                                    <div class=\"tb-calendar-v2-departure__expand-button tb-skeleton__disabled desktop-only\" disabled>\n                                        <span class=\"tb-skeleton__bone\"><span class=\"tb-skeleton__invisible-text\"><i class=\"fa-solid fa-chevron-down\"><\/i><\/span><\/span>\n                                    <\/div>\n                                <\/div>\n                            <\/div>\n                            <div class=\"tb-calendar-v2-departure__divider mobile-only tb-skeleton__bone\"><\/div>\n                            <div class=\"tb-calendar-v2-departure__expand-button mobile-only tb-skeleton__disabled\" disabled>\n                                <span class=\"tb-skeleton__bone\"><span class=\"tb-skeleton__invisible-text\"><span class=\"more-info\">Mehr Infos<\/span> <span class=\"less-info\">Weniger Infos<\/span> <i class=\"fa-solid fa-chevron-down\"><\/i><\/span><\/span>\n                            <\/div>\n                        <\/li>\n                                            <li class=\"tb-calendar-v2__departure tb-calendar-v2-departure tb-skeleton__border\" data-availability=\"free\">\n                            <div class=\"tb-calendar-v2-departure__essential\">\n                                <div class=\"tb-calendar-v2-departure__first-part\">\n                                    <div class=\"tb-calendar-v2-departure__destination desktop-only\">\n                                        <span class=\"tb-skeleton__bone\"><span class=\"tb-skeleton__invisible-text\"><strong>Beispielreise<\/strong><\/span><\/span>\n                                    <\/div>\n                                    <div class=\"tb-calendar-v2-departure__dates\">\n                                        <div class=\"tb-calendar-v2-departure__startdate\">\n                                            <span class=\"tb-skeleton__bone\"><span class=\"tb-skeleton__invisible-text\">Montag<\/span><\/span>\n                                            <span class=\"tb-skeleton__bone\"><span class=\"tb-skeleton__invisible-text\"><strong>20. Jan 2025<\/strong><\/span><\/span>\n                                        <\/div>\n                                        <span class=\"tb-skeleton__bone\"><span class=\"tb-skeleton__invisible-text\"><i class=\"fa-solid fa-arrow-right\"><\/i><\/span><\/span>\n                                        <div class=\"tb-calendar-v2-departure__enddate\">\n                                            <span class=\"tb-skeleton__bone\"><span class=\"tb-skeleton__invisible-text\">Sonntag<\/span><\/span>\n                                            <span class=\"tb-skeleton__bone\"><span class=\"tb-skeleton__invisible-text\"><strong>26. Jan 2025<\/strong><\/span><\/span>\n                                        <\/div>\n                                    <\/div>\n                                    <div class=\"tb-calendar-v2-departure__divider desktop-only tb-skeleton__bone\"><\/div>\n                                    <div class=\"tb-calendar-v2-departure__availability desktop-only\" data-availability=\"free\"><strong>\n                                            <span class=\"tb-skeleton__bone\"><span class=\"tb-skeleton__invisible-text\">Verf\u00fcgbar<\/span><\/span>\n                                        <\/strong><\/div>\n                                    <div class=\"tb-calendar-v2-departure__spots desktop-only\">\n                                        <span class=\"tb-skeleton__bone\"><span class=\"tb-skeleton__invisible-text\">\n                                                                                             <\/span><\/span>\n                                    <\/div>\n                                <\/div>\n                                <div class=\"tb-calendar-v2-departure__last-part\">\n                                    <div class=\"tb-calendar-v2-departure__price\"><span class=\"tb-skeleton__bone\"><span class=\"tb-skeleton__invisible-text\"><strong>\u20ac 1450<\/strong><\/span><\/span><\/div>\n                                    <div class=\"tb-calendar-v2-departure__availability mobile-only\" data-availability=\"free\">\n                                        <strong>\n                                            <span class=\"tb-skeleton__bone\"><span class=\"tb-skeleton__invisible-text\">Verf\u00fcgbar<\/span><\/span>\n                                        <\/strong>\n                                    <\/div>\n                                    <div class=\"tb-calendar-v2-departure__expand-button tb-skeleton__disabled desktop-only\" disabled>\n                                        <span class=\"tb-skeleton__bone\"><span class=\"tb-skeleton__invisible-text\"><i class=\"fa-solid fa-chevron-down\"><\/i><\/span><\/span>\n                                    <\/div>\n                                <\/div>\n                            <\/div>\n                            <div class=\"tb-calendar-v2-departure__divider mobile-only tb-skeleton__bone\"><\/div>\n                            <div class=\"tb-calendar-v2-departure__expand-button mobile-only tb-skeleton__disabled\" disabled>\n                                <span class=\"tb-skeleton__bone\"><span class=\"tb-skeleton__invisible-text\"><span class=\"more-info\">Mehr Infos<\/span> <span class=\"less-info\">Weniger Infos<\/span> <i class=\"fa-solid fa-chevron-down\"><\/i><\/span><\/span>\n                            <\/div>\n                        <\/li>\n                                    <\/ul>\n            <\/div>\n        <\/div>\n    <\/div>\n<\/div>            <div class=\"tb-calendar-v2 tb-sections\" data-calendar-data=\"{&quot;brands&quot;:[{&quot;type&quot;:&quot;brands&quot;,&quot;id&quot;:&quot;76&quot;,&quot;attributes&quot;:{&quot;name&quot;:&quot;Jordan Nomads&quot;,&quot;translatableName&quot;:{&quot;nl&quot;:&quot;Jordan Nomads&quot;,&quot;en&quot;:&quot;&quot;,&quot;fr&quot;:&quot;Jordan Nomads&quot;,&quot;de&quot;:&quot;Jordan Nomads&quot;}}}],&quot;packages&quot;:[{&quot;type&quot;:&quot;packages&quot;,&quot;id&quot;:&quot;JN-JN&quot;,&quot;attributes&quot;:{&quot;name&quot;:&quot;Jordan Nomads - Jordan Nomads &quot;,&quot;destinationName&quot;:&quot;Jordan &quot;,&quot;destinationCountry&quot;:&quot;JO&quot;,&quot;destinationTitle&quot;:{&quot;nl&quot;:&quot;Jordan &quot;,&quot;en&quot;:&quot;Jordan &quot;,&quot;fr&quot;:&quot;Jordan &quot;,&quot;de&quot;:&quot;Jordan &quot;},&quot;status&quot;:&quot;active&quot;,&quot;updatedAt&quot;:&quot;2026-03-11T16:49:33.000000Z&quot;},&quot;relationships&quot;:{&quot;brand&quot;:{&quot;data&quot;:{&quot;type&quot;:&quot;brands&quot;,&quot;id&quot;:&quot;76&quot;}}}}],&quot;departures&quot;:[{&quot;type&quot;:&quot;departures&quot;,&quot;id&quot;:&quot;t9339&quot;,&quot;attributes&quot;:{&quot;name&quot;:&quot;JN26S-W19-SUN&quot;,&quot;start&quot;:&quot;2026-05-03T10:00:00.000000Z&quot;,&quot;end&quot;:&quot;2026-05-10T12:00:00.000000Z&quot;,&quot;cheapestPrice&quot;:790,&quot;languages&quot;:[],&quot;availableSpots&quot;:15,&quot;bookedSpots&quot;:0,&quot;fakeLabel&quot;:&quot;sold out&quot;,&quot;availabilityLabel&quot;:&quot;sold out&quot;,&quot;promoLabel&quot;:&quot;&quot;,&quot;calendarToggles&quot;:[{&quot;value&quot;:&quot;Brussels&quot;,&quot;label&quot;:{&quot;en&quot;:&quot;&quot;,&quot;nl&quot;:&quot;Heen- en retourvlucht Brussels&quot;,&quot;fr&quot;:&quot;Vols aller\\\/retour depuis Bruxelles&quot;,&quot;de&quot;:&quot;&quot;},&quot;price&quot;:490,&quot;status&quot;:&quot;available&quot;,&quot;language_hidden&quot;:[],&quot;startIncrement&quot;:0,&quot;endIncrement&quot;:0,&quot;var_name&quot;:&quot;flights2&quot;,&quot;category_label&quot;:{&quot;en&quot;:&quot;&quot;,&quot;nl&quot;:&quot;Vluchten&quot;,&quot;fr&quot;:&quot;Vols&quot;,&quot;de&quot;:&quot;&quot;}},{&quot;value&quot;:&quot;Amsterdam&quot;,&quot;label&quot;:{&quot;en&quot;:&quot;&quot;,&quot;nl&quot;:&quot;Heen- en retourvlucht Amsterdam&quot;,&quot;fr&quot;:&quot;Vols aller\\\/retour depuis Amsterdam&quot;,&quot;de&quot;:&quot;&quot;},&quot;price&quot;:520,&quot;status&quot;:&quot;available&quot;,&quot;language_hidden&quot;:[],&quot;startIncrement&quot;:0,&quot;endIncrement&quot;:0,&quot;var_name&quot;:&quot;flights2&quot;,&quot;category_label&quot;:{&quot;en&quot;:&quot;&quot;,&quot;nl&quot;:&quot;Vluchten&quot;,&quot;fr&quot;:&quot;Vols&quot;,&quot;de&quot;:&quot;&quot;}},{&quot;value&quot;:&quot;Dusseldorf&quot;,&quot;label&quot;:{&quot;en&quot;:&quot;&quot;,&quot;nl&quot;:&quot;Heen- en retourvlucht D\\u00fcsseldorf&quot;,&quot;fr&quot;:&quot;Vols aller\\\/retour depuis Dusseldorf &quot;,&quot;de&quot;:&quot;&quot;},&quot;price&quot;:0,&quot;status&quot;:&quot;available&quot;,&quot;language_hidden&quot;:[],&quot;startIncrement&quot;:0,&quot;endIncrement&quot;:0,&quot;var_name&quot;:&quot;flights2&quot;,&quot;category_label&quot;:{&quot;en&quot;:&quot;&quot;,&quot;nl&quot;:&quot;Vluchten&quot;,&quot;fr&quot;:&quot;Vols&quot;,&quot;de&quot;:&quot;&quot;}},{&quot;value&quot;:&quot;Paris&quot;,&quot;label&quot;:{&quot;en&quot;:&quot;&quot;,&quot;nl&quot;:&quot;Heen- en retourvlucht Paris&quot;,&quot;fr&quot;:&quot;Vols aller\\\/retour depuis Paris&quot;,&quot;de&quot;:&quot;&quot;},&quot;price&quot;:false,&quot;status&quot;:&quot;disabled&quot;,&quot;language_hidden&quot;:[],&quot;startIncrement&quot;:0,&quot;endIncrement&quot;:0,&quot;var_name&quot;:&quot;flights2&quot;,&quot;category_label&quot;:{&quot;en&quot;:&quot;&quot;,&quot;nl&quot;:&quot;Vluchten&quot;,&quot;fr&quot;:&quot;Vols&quot;,&quot;de&quot;:&quot;&quot;}},{&quot;value&quot;:&quot;no flights&quot;,&quot;label&quot;:{&quot;en&quot;:&quot;&quot;,&quot;nl&quot;:&quot;Geen vluchten&quot;,&quot;fr&quot;:&quot;Pas de vol&quot;,&quot;de&quot;:&quot;&quot;},&quot;price&quot;:0,&quot;status&quot;:&quot;available&quot;,&quot;language_hidden&quot;:[],&quot;startIncrement&quot;:0,&quot;endIncrement&quot;:0,&quot;var_name&quot;:&quot;flights2&quot;,&quot;category_label&quot;:{&quot;en&quot;:&quot;&quot;,&quot;nl&quot;:&quot;Vluchten&quot;,&quot;fr&quot;:&quot;Vols&quot;,&quot;de&quot;:&quot;&quot;}}],&quot;bookable&quot;:false,&quot;bookingUrl&quot;:&quot;https:\\\/\\\/booking.travelbase.eu\\\/jn26s\\\/book?trip=9339&quot;,&quot;packageId&quot;:&quot;JN-JN&quot;}},{&quot;type&quot;:&quot;departures&quot;,&quot;id&quot;:&quot;t9332&quot;,&quot;attributes&quot;:{&quot;name&quot;:&quot;JN26S-W19-WED&quot;,&quot;start&quot;:&quot;2026-05-06T10:00:00.000000Z&quot;,&quot;end&quot;:&quot;2026-05-13T12:00:00.000000Z&quot;,&quot;cheapestPrice&quot;:790,&quot;languages&quot;:[],&quot;availableSpots&quot;:9,&quot;bookedSpots&quot;:0,&quot;fakeLabel&quot;:&quot;&quot;,&quot;availabilityLabel&quot;:&quot;&quot;,&quot;promoLabel&quot;:&quot;new&quot;,&quot;calendarToggles&quot;:[{&quot;value&quot;:&quot;Brussels&quot;,&quot;label&quot;:{&quot;en&quot;:&quot;&quot;,&quot;nl&quot;:&quot;Heen- en retourvlucht Brussels&quot;,&quot;fr&quot;:&quot;Vols aller\\\/retour depuis Bruxelles&quot;,&quot;de&quot;:&quot;&quot;},&quot;price&quot;:false,&quot;status&quot;:&quot;disabled&quot;,&quot;language_hidden&quot;:[],&quot;startIncrement&quot;:0,&quot;endIncrement&quot;:0,&quot;var_name&quot;:&quot;flights2&quot;,&quot;category_label&quot;:{&quot;en&quot;:&quot;&quot;,&quot;nl&quot;:&quot;Vluchten&quot;,&quot;fr&quot;:&quot;Vols&quot;,&quot;de&quot;:&quot;&quot;}},{&quot;value&quot;:&quot;Amsterdam&quot;,&quot;label&quot;:{&quot;en&quot;:&quot;&quot;,&quot;nl&quot;:&quot;Heen- en retourvlucht Amsterdam&quot;,&quot;fr&quot;:&quot;Vols aller\\\/retour depuis Amsterdam&quot;,&quot;de&quot;:&quot;&quot;},&quot;price&quot;:520,&quot;status&quot;:&quot;available&quot;,&quot;language_hidden&quot;:[],&quot;startIncrement&quot;:0,&quot;endIncrement&quot;:0,&quot;var_name&quot;:&quot;flights2&quot;,&quot;category_label&quot;:{&quot;en&quot;:&quot;&quot;,&quot;nl&quot;:&quot;Vluchten&quot;,&quot;fr&quot;:&quot;Vols&quot;,&quot;de&quot;:&quot;&quot;}},{&quot;value&quot;:&quot;Dusseldorf&quot;,&quot;label&quot;:{&quot;en&quot;:&quot;&quot;,&quot;nl&quot;:&quot;Heen- en retourvlucht D\\u00fcsseldorf&quot;,&quot;fr&quot;:&quot;Vols aller\\\/retour depuis Dusseldorf &quot;,&quot;de&quot;:&quot;&quot;},&quot;price&quot;:0,&quot;status&quot;:&quot;available&quot;,&quot;language_hidden&quot;:[],&quot;startIncrement&quot;:0,&quot;endIncrement&quot;:0,&quot;var_name&quot;:&quot;flights2&quot;,&quot;category_label&quot;:{&quot;en&quot;:&quot;&quot;,&quot;nl&quot;:&quot;Vluchten&quot;,&quot;fr&quot;:&quot;Vols&quot;,&quot;de&quot;:&quot;&quot;}},{&quot;value&quot;:&quot;Paris&quot;,&quot;label&quot;:{&quot;en&quot;:&quot;&quot;,&quot;nl&quot;:&quot;Heen- en retourvlucht Paris&quot;,&quot;fr&quot;:&quot;Vols aller\\\/retour depuis Paris&quot;,&quot;de&quot;:&quot;&quot;},&quot;price&quot;:520,&quot;status&quot;:&quot;available&quot;,&quot;language_hidden&quot;:[],&quot;startIncrement&quot;:0,&quot;endIncrement&quot;:0,&quot;var_name&quot;:&quot;flights2&quot;,&quot;category_label&quot;:{&quot;en&quot;:&quot;&quot;,&quot;nl&quot;:&quot;Vluchten&quot;,&quot;fr&quot;:&quot;Vols&quot;,&quot;de&quot;:&quot;&quot;}},{&quot;value&quot;:&quot;no flights&quot;,&quot;label&quot;:{&quot;en&quot;:&quot;&quot;,&quot;nl&quot;:&quot;Geen vluchten&quot;,&quot;fr&quot;:&quot;Pas de vol&quot;,&quot;de&quot;:&quot;&quot;},&quot;price&quot;:0,&quot;status&quot;:&quot;available&quot;,&quot;language_hidden&quot;:[],&quot;startIncrement&quot;:0,&quot;endIncrement&quot;:0,&quot;var_name&quot;:&quot;flights2&quot;,&quot;category_label&quot;:{&quot;en&quot;:&quot;&quot;,&quot;nl&quot;:&quot;Vluchten&quot;,&quot;fr&quot;:&quot;Vols&quot;,&quot;de&quot;:&quot;&quot;}}],&quot;bookable&quot;:true,&quot;bookingUrl&quot;:&quot;https:\\\/\\\/booking.travelbase.eu\\\/jn26s\\\/book?trip=9332&quot;,&quot;packageId&quot;:&quot;JN-JN&quot;}},{&quot;type&quot;:&quot;departures&quot;,&quot;id&quot;:&quot;t9340&quot;,&quot;attributes&quot;:{&quot;name&quot;:&quot;JN26S-W20-SUN&quot;,&quot;start&quot;:&quot;2026-05-10T10:00:00.000000Z&quot;,&quot;end&quot;:&quot;2026-05-17T12:00:00.000000Z&quot;,&quot;cheapestPrice&quot;:790,&quot;languages&quot;:[],&quot;availableSpots&quot;:7,&quot;bookedSpots&quot;:2,&quot;fakeLabel&quot;:&quot;last stock&quot;,&quot;availabilityLabel&quot;:&quot;last spots&quot;,&quot;promoLabel&quot;:&quot;&quot;,&quot;calendarToggles&quot;:[{&quot;value&quot;:&quot;Brussels&quot;,&quot;label&quot;:{&quot;en&quot;:&quot;&quot;,&quot;nl&quot;:&quot;Heen- en retourvlucht Brussels&quot;,&quot;fr&quot;:&quot;Vols aller\\\/retour depuis Bruxelles&quot;,&quot;de&quot;:&quot;&quot;},&quot;price&quot;:490,&quot;status&quot;:&quot;available&quot;,&quot;language_hidden&quot;:[],&quot;startIncrement&quot;:0,&quot;endIncrement&quot;:0,&quot;var_name&quot;:&quot;flights2&quot;,&quot;category_label&quot;:{&quot;en&quot;:&quot;&quot;,&quot;nl&quot;:&quot;Vluchten&quot;,&quot;fr&quot;:&quot;Vols&quot;,&quot;de&quot;:&quot;&quot;}},{&quot;value&quot;:&quot;Amsterdam&quot;,&quot;label&quot;:{&quot;en&quot;:&quot;&quot;,&quot;nl&quot;:&quot;Heen- en retourvlucht Amsterdam&quot;,&quot;fr&quot;:&quot;Vols aller\\\/retour depuis Amsterdam&quot;,&quot;de&quot;:&quot;&quot;},&quot;price&quot;:490,&quot;status&quot;:&quot;available&quot;,&quot;language_hidden&quot;:[],&quot;startIncrement&quot;:0,&quot;endIncrement&quot;:0,&quot;var_name&quot;:&quot;flights2&quot;,&quot;category_label&quot;:{&quot;en&quot;:&quot;&quot;,&quot;nl&quot;:&quot;Vluchten&quot;,&quot;fr&quot;:&quot;Vols&quot;,&quot;de&quot;:&quot;&quot;}},{&quot;value&quot;:&quot;Dusseldorf&quot;,&quot;label&quot;:{&quot;en&quot;:&quot;&quot;,&quot;nl&quot;:&quot;Heen- en retourvlucht D\\u00fcsseldorf&quot;,&quot;fr&quot;:&quot;Vols aller\\\/retour depuis Dusseldorf &quot;,&quot;de&quot;:&quot;&quot;},&quot;price&quot;:0,&quot;status&quot;:&quot;available&quot;,&quot;language_hidden&quot;:[],&quot;startIncrement&quot;:0,&quot;endIncrement&quot;:0,&quot;var_name&quot;:&quot;flights2&quot;,&quot;category_label&quot;:{&quot;en&quot;:&quot;&quot;,&quot;nl&quot;:&quot;Vluchten&quot;,&quot;fr&quot;:&quot;Vols&quot;,&quot;de&quot;:&quot;&quot;}},{&quot;value&quot;:&quot;Paris&quot;,&quot;label&quot;:{&quot;en&quot;:&quot;&quot;,&quot;nl&quot;:&quot;Heen- en retourvlucht Paris&quot;,&quot;fr&quot;:&quot;Vols aller\\\/retour depuis Paris&quot;,&quot;de&quot;:&quot;&quot;},&quot;price&quot;:false,&quot;status&quot;:&quot;disabled&quot;,&quot;language_hidden&quot;:[],&quot;startIncrement&quot;:0,&quot;endIncrement&quot;:0,&quot;var_name&quot;:&quot;flights2&quot;,&quot;category_label&quot;:{&quot;en&quot;:&quot;&quot;,&quot;nl&quot;:&quot;Vluchten&quot;,&quot;fr&quot;:&quot;Vols&quot;,&quot;de&quot;:&quot;&quot;}},{&quot;value&quot;:&quot;no flights&quot;,&quot;label&quot;:{&quot;en&quot;:&quot;&quot;,&quot;nl&quot;:&quot;Geen vluchten&quot;,&quot;fr&quot;:&quot;Pas de vol&quot;,&quot;de&quot;:&quot;&quot;},&quot;price&quot;:0,&quot;status&quot;:&quot;available&quot;,&quot;language_hidden&quot;:[],&quot;startIncrement&quot;:0,&quot;endIncrement&quot;:0,&quot;var_name&quot;:&quot;flights2&quot;,&quot;category_label&quot;:{&quot;en&quot;:&quot;&quot;,&quot;nl&quot;:&quot;Vluchten&quot;,&quot;fr&quot;:&quot;Vols&quot;,&quot;de&quot;:&quot;&quot;}}],&quot;bookable&quot;:true,&quot;bookingUrl&quot;:&quot;https:\\\/\\\/booking.travelbase.eu\\\/jn26s\\\/book?trip=9340&quot;,&quot;packageId&quot;:&quot;JN-JN&quot;}},{&quot;type&quot;:&quot;departures&quot;,&quot;id&quot;:&quot;t9333&quot;,&quot;attributes&quot;:{&quot;name&quot;:&quot;JN26S-W20-WED&quot;,&quot;start&quot;:&quot;2026-05-13T10:00:00.000000Z&quot;,&quot;end&quot;:&quot;2026-05-20T12:00:00.000000Z&quot;,&quot;cheapestPrice&quot;:790,&quot;languages&quot;:[],&quot;availableSpots&quot;:9,&quot;bookedSpots&quot;:0,&quot;fakeLabel&quot;:&quot;sold out&quot;,&quot;availabilityLabel&quot;:&quot;sold out&quot;,&quot;promoLabel&quot;:&quot;&quot;,&quot;calendarToggles&quot;:[{&quot;value&quot;:&quot;Brussels&quot;,&quot;label&quot;:{&quot;en&quot;:&quot;&quot;,&quot;nl&quot;:&quot;Heen- en retourvlucht Brussels&quot;,&quot;fr&quot;:&quot;Vols aller\\\/retour depuis Bruxelles&quot;,&quot;de&quot;:&quot;&quot;},&quot;price&quot;:false,&quot;status&quot;:&quot;disabled&quot;,&quot;language_hidden&quot;:[],&quot;startIncrement&quot;:0,&quot;endIncrement&quot;:0,&quot;var_name&quot;:&quot;flights2&quot;,&quot;category_label&quot;:{&quot;en&quot;:&quot;&quot;,&quot;nl&quot;:&quot;Vluchten&quot;,&quot;fr&quot;:&quot;Vols&quot;,&quot;de&quot;:&quot;&quot;}},{&quot;value&quot;:&quot;Amsterdam&quot;,&quot;label&quot;:{&quot;en&quot;:&quot;&quot;,&quot;nl&quot;:&quot;Heen- en retourvlucht Amsterdam&quot;,&quot;fr&quot;:&quot;Vols aller\\\/retour depuis Amsterdam&quot;,&quot;de&quot;:&quot;&quot;},&quot;price&quot;:520,&quot;status&quot;:&quot;available&quot;,&quot;language_hidden&quot;:[],&quot;startIncrement&quot;:0,&quot;endIncrement&quot;:0,&quot;var_name&quot;:&quot;flights2&quot;,&quot;category_label&quot;:{&quot;en&quot;:&quot;&quot;,&quot;nl&quot;:&quot;Vluchten&quot;,&quot;fr&quot;:&quot;Vols&quot;,&quot;de&quot;:&quot;&quot;}},{&quot;value&quot;:&quot;Dusseldorf&quot;,&quot;label&quot;:{&quot;en&quot;:&quot;&quot;,&quot;nl&quot;:&quot;Heen- en retourvlucht D\\u00fcsseldorf&quot;,&quot;fr&quot;:&quot;Vols aller\\\/retour depuis Dusseldorf &quot;,&quot;de&quot;:&quot;&quot;},&quot;price&quot;:0,&quot;status&quot;:&quot;available&quot;,&quot;language_hidden&quot;:[],&quot;startIncrement&quot;:0,&quot;endIncrement&quot;:0,&quot;var_name&quot;:&quot;flights2&quot;,&quot;category_label&quot;:{&quot;en&quot;:&quot;&quot;,&quot;nl&quot;:&quot;Vluchten&quot;,&quot;fr&quot;:&quot;Vols&quot;,&quot;de&quot;:&quot;&quot;}},{&quot;value&quot;:&quot;Paris&quot;,&quot;label&quot;:{&quot;en&quot;:&quot;&quot;,&quot;nl&quot;:&quot;Heen- en retourvlucht Paris&quot;,&quot;fr&quot;:&quot;Vols aller\\\/retour depuis Paris&quot;,&quot;de&quot;:&quot;&quot;},&quot;price&quot;:520,&quot;status&quot;:&quot;available&quot;,&quot;language_hidden&quot;:[],&quot;startIncrement&quot;:0,&quot;endIncrement&quot;:0,&quot;var_name&quot;:&quot;flights2&quot;,&quot;category_label&quot;:{&quot;en&quot;:&quot;&quot;,&quot;nl&quot;:&quot;Vluchten&quot;,&quot;fr&quot;:&quot;Vols&quot;,&quot;de&quot;:&quot;&quot;}},{&quot;value&quot;:&quot;no flights&quot;,&quot;label&quot;:{&quot;en&quot;:&quot;&quot;,&quot;nl&quot;:&quot;Geen vluchten&quot;,&quot;fr&quot;:&quot;Pas de vol&quot;,&quot;de&quot;:&quot;&quot;},&quot;price&quot;:0,&quot;status&quot;:&quot;available&quot;,&quot;language_hidden&quot;:[],&quot;startIncrement&quot;:0,&quot;endIncrement&quot;:0,&quot;var_name&quot;:&quot;flights2&quot;,&quot;category_label&quot;:{&quot;en&quot;:&quot;&quot;,&quot;nl&quot;:&quot;Vluchten&quot;,&quot;fr&quot;:&quot;Vols&quot;,&quot;de&quot;:&quot;&quot;}}],&quot;bookable&quot;:false,&quot;bookingUrl&quot;:&quot;https:\\\/\\\/booking.travelbase.eu\\\/jn26s\\\/book?trip=9333&quot;,&quot;packageId&quot;:&quot;JN-JN&quot;}},{&quot;type&quot;:&quot;departures&quot;,&quot;id&quot;:&quot;t9341&quot;,&quot;attributes&quot;:{&quot;name&quot;:&quot;JN26S-W21-SUN&quot;,&quot;start&quot;:&quot;2026-05-17T10:00:00.000000Z&quot;,&quot;end&quot;:&quot;2026-05-24T12:00:00.000000Z&quot;,&quot;cheapestPrice&quot;:750,&quot;languages&quot;:[],&quot;availableSpots&quot;:7,&quot;bookedSpots&quot;:2,&quot;fakeLabel&quot;:&quot;&quot;,&quot;availabilityLabel&quot;:&quot;&quot;,&quot;promoLabel&quot;:&quot;&quot;,&quot;calendarToggles&quot;:[{&quot;value&quot;:&quot;Brussels&quot;,&quot;label&quot;:{&quot;en&quot;:&quot;&quot;,&quot;nl&quot;:&quot;Heen- en retourvlucht Brussels&quot;,&quot;fr&quot;:&quot;Vols aller\\\/retour depuis Bruxelles&quot;,&quot;de&quot;:&quot;&quot;},&quot;price&quot;:510,&quot;status&quot;:&quot;available&quot;,&quot;language_hidden&quot;:[],&quot;startIncrement&quot;:0,&quot;endIncrement&quot;:0,&quot;var_name&quot;:&quot;flights2&quot;,&quot;category_label&quot;:{&quot;en&quot;:&quot;&quot;,&quot;nl&quot;:&quot;Vluchten&quot;,&quot;fr&quot;:&quot;Vols&quot;,&quot;de&quot;:&quot;&quot;}},{&quot;value&quot;:&quot;Amsterdam&quot;,&quot;label&quot;:{&quot;en&quot;:&quot;&quot;,&quot;nl&quot;:&quot;Heen- en retourvlucht Amsterdam&quot;,&quot;fr&quot;:&quot;Vols aller\\\/retour depuis Amsterdam&quot;,&quot;de&quot;:&quot;&quot;},&quot;price&quot;:560,&quot;status&quot;:&quot;available&quot;,&quot;language_hidden&quot;:[],&quot;startIncrement&quot;:0,&quot;endIncrement&quot;:0,&quot;var_name&quot;:&quot;flights2&quot;,&quot;category_label&quot;:{&quot;en&quot;:&quot;&quot;,&quot;nl&quot;:&quot;Vluchten&quot;,&quot;fr&quot;:&quot;Vols&quot;,&quot;de&quot;:&quot;&quot;}},{&quot;value&quot;:&quot;Dusseldorf&quot;,&quot;label&quot;:{&quot;en&quot;:&quot;&quot;,&quot;nl&quot;:&quot;Heen- en retourvlucht D\\u00fcsseldorf&quot;,&quot;fr&quot;:&quot;Vols aller\\\/retour depuis Dusseldorf &quot;,&quot;de&quot;:&quot;&quot;},&quot;price&quot;:0,&quot;status&quot;:&quot;available&quot;,&quot;language_hidden&quot;:[],&quot;startIncrement&quot;:0,&quot;endIncrement&quot;:0,&quot;var_name&quot;:&quot;flights2&quot;,&quot;category_label&quot;:{&quot;en&quot;:&quot;&quot;,&quot;nl&quot;:&quot;Vluchten&quot;,&quot;fr&quot;:&quot;Vols&quot;,&quot;de&quot;:&quot;&quot;}},{&quot;value&quot;:&quot;Paris&quot;,&quot;label&quot;:{&quot;en&quot;:&quot;&quot;,&quot;nl&quot;:&quot;Heen- en retourvlucht Paris&quot;,&quot;fr&quot;:&quot;Vols aller\\\/retour depuis Paris&quot;,&quot;de&quot;:&quot;&quot;},&quot;price&quot;:false,&quot;status&quot;:&quot;disabled&quot;,&quot;language_hidden&quot;:[],&quot;startIncrement&quot;:0,&quot;endIncrement&quot;:0,&quot;var_name&quot;:&quot;flights2&quot;,&quot;category_label&quot;:{&quot;en&quot;:&quot;&quot;,&quot;nl&quot;:&quot;Vluchten&quot;,&quot;fr&quot;:&quot;Vols&quot;,&quot;de&quot;:&quot;&quot;}},{&quot;value&quot;:&quot;no flights&quot;,&quot;label&quot;:{&quot;en&quot;:&quot;&quot;,&quot;nl&quot;:&quot;Geen vluchten&quot;,&quot;fr&quot;:&quot;Pas de vol&quot;,&quot;de&quot;:&quot;&quot;},&quot;price&quot;:0,&quot;status&quot;:&quot;available&quot;,&quot;language_hidden&quot;:[],&quot;startIncrement&quot;:0,&quot;endIncrement&quot;:0,&quot;var_name&quot;:&quot;flights2&quot;,&quot;category_label&quot;:{&quot;en&quot;:&quot;&quot;,&quot;nl&quot;:&quot;Vluchten&quot;,&quot;fr&quot;:&quot;Vols&quot;,&quot;de&quot;:&quot;&quot;}}],&quot;bookable&quot;:true,&quot;bookingUrl&quot;:&quot;https:\\\/\\\/booking.travelbase.eu\\\/jn26s\\\/book?trip=9341&quot;,&quot;packageId&quot;:&quot;JN-JN&quot;}},{&quot;type&quot;:&quot;departures&quot;,&quot;id&quot;:&quot;t11395&quot;,&quot;attributes&quot;:{&quot;name&quot;:&quot;JN26A-W38-WED&quot;,&quot;start&quot;:&quot;2026-09-16T10:00:00.000000Z&quot;,&quot;end&quot;:&quot;2026-09-23T12:00:00.000000Z&quot;,&quot;cheapestPrice&quot;:690,&quot;languages&quot;:[&quot;nl&quot;,&quot;fr&quot;,&quot;de&quot;],&quot;availableSpots&quot;:7,&quot;bookedSpots&quot;:4,&quot;fakeLabel&quot;:&quot;last stock&quot;,&quot;availabilityLabel&quot;:&quot;last spots&quot;,&quot;promoLabel&quot;:null,&quot;calendarToggles&quot;:[{&quot;value&quot;:&quot;Brussels&quot;,&quot;label&quot;:{&quot;en&quot;:&quot;&quot;,&quot;nl&quot;:&quot;Heen- en retourvlucht Brussel&quot;,&quot;fr&quot;:&quot;Vols aller\\\/retour depuis Bruxelles&quot;,&quot;de&quot;:&quot;Fl\\u00fcge hin\\\/zur\\u00fcck von Br\\u00fcssel&quot;},&quot;price&quot;:false,&quot;status&quot;:&quot;disabled&quot;,&quot;language_hidden&quot;:[],&quot;startIncrement&quot;:0,&quot;endIncrement&quot;:0,&quot;var_name&quot;:&quot;flights2&quot;,&quot;category_label&quot;:{&quot;en&quot;:&quot;&quot;,&quot;nl&quot;:&quot;Vluchten&quot;,&quot;fr&quot;:&quot;Vols&quot;,&quot;de&quot;:&quot;Fl\\u00fcge&quot;}},{&quot;value&quot;:&quot;Amsterdam&quot;,&quot;label&quot;:{&quot;en&quot;:&quot;&quot;,&quot;nl&quot;:&quot;Heen- en retourvlucht Amsterdam&quot;,&quot;fr&quot;:&quot;Vols aller\\\/retour depuis Amsterdam&quot;,&quot;de&quot;:&quot;Fl\\u00fcge Hin\\\/R\\u00fcck von Amsterdam&quot;},&quot;price&quot;:485,&quot;status&quot;:&quot;available&quot;,&quot;language_hidden&quot;:[],&quot;startIncrement&quot;:0,&quot;endIncrement&quot;:0,&quot;var_name&quot;:&quot;flights2&quot;,&quot;category_label&quot;:{&quot;en&quot;:&quot;&quot;,&quot;nl&quot;:&quot;Vluchten&quot;,&quot;fr&quot;:&quot;Vols&quot;,&quot;de&quot;:&quot;Fl\\u00fcge&quot;}},{&quot;value&quot;:&quot;Paris&quot;,&quot;label&quot;:{&quot;en&quot;:&quot;&quot;,&quot;nl&quot;:&quot;Heen- en retourvlucht Parijs&quot;,&quot;fr&quot;:&quot;Vols aller\\\/retour depuis Paris&quot;,&quot;de&quot;:&quot;Fl\\u00fcge Hin\\\/R\\u00fcck von Paris&quot;},&quot;price&quot;:485,&quot;status&quot;:&quot;available&quot;,&quot;language_hidden&quot;:[],&quot;startIncrement&quot;:0,&quot;endIncrement&quot;:0,&quot;var_name&quot;:&quot;flights2&quot;,&quot;category_label&quot;:{&quot;en&quot;:&quot;&quot;,&quot;nl&quot;:&quot;Vluchten&quot;,&quot;fr&quot;:&quot;Vols&quot;,&quot;de&quot;:&quot;Fl\\u00fcge&quot;}},{&quot;value&quot;:&quot;Dusseldorf&quot;,&quot;label&quot;:{&quot;en&quot;:&quot;&quot;,&quot;nl&quot;:&quot;Heen- en retourvlucht D\\u00fcsseldorf&quot;,&quot;fr&quot;:&quot;Vols aller\\\/retour depuis Dusseldorf &quot;,&quot;de&quot;:&quot;Fl\\u00fcge hin\\\/zur\\u00fcck von D\\u00fcsseldorf&quot;},&quot;price&quot;:false,&quot;status&quot;:&quot;disabled&quot;,&quot;language_hidden&quot;:[],&quot;startIncrement&quot;:0,&quot;endIncrement&quot;:0,&quot;var_name&quot;:&quot;flights2&quot;,&quot;category_label&quot;:{&quot;en&quot;:&quot;&quot;,&quot;nl&quot;:&quot;Vluchten&quot;,&quot;fr&quot;:&quot;Vols&quot;,&quot;de&quot;:&quot;Fl\\u00fcge&quot;}},{&quot;value&quot;:&quot;Frankfurt&quot;,&quot;label&quot;:{&quot;en&quot;:&quot;&quot;,&quot;nl&quot;:&quot;Heen- en retourvlucht Frankfurt&quot;,&quot;fr&quot;:&quot;Vol aller-retour vers Francfort&quot;,&quot;de&quot;:&quot;Voll Hin- und R\\u00fcckflug nach Frankfurt&quot;},&quot;price&quot;:1059,&quot;status&quot;:&quot;available&quot;,&quot;language_hidden&quot;:[],&quot;startIncrement&quot;:0,&quot;endIncrement&quot;:0,&quot;var_name&quot;:&quot;flights2&quot;,&quot;category_label&quot;:{&quot;en&quot;:&quot;&quot;,&quot;nl&quot;:&quot;Vluchten&quot;,&quot;fr&quot;:&quot;Vols&quot;,&quot;de&quot;:&quot;Fl\\u00fcge&quot;}},{&quot;value&quot;:&quot;Berlin&quot;,&quot;label&quot;:{&quot;en&quot;:&quot;&quot;,&quot;nl&quot;:&quot;Heen- en retourvlucht Berlijn&quot;,&quot;fr&quot;:&quot;Vol aller-retour pour Berlin&quot;,&quot;de&quot;:&quot;Vol Hin- und R\\u00fcckflug nach Berlin&quot;},&quot;price&quot;:511,&quot;status&quot;:&quot;available&quot;,&quot;language_hidden&quot;:[],&quot;startIncrement&quot;:0,&quot;endIncrement&quot;:0,&quot;var_name&quot;:&quot;flights2&quot;,&quot;category_label&quot;:{&quot;en&quot;:&quot;&quot;,&quot;nl&quot;:&quot;Vluchten&quot;,&quot;fr&quot;:&quot;Vols&quot;,&quot;de&quot;:&quot;Fl\\u00fcge&quot;}},{&quot;value&quot;:&quot;Hamburg&quot;,&quot;label&quot;:{&quot;en&quot;:&quot;&quot;,&quot;nl&quot;:&quot;Heen- en retourvlucht Hamburg&quot;,&quot;fr&quot;:&quot;Vol aller-retour pour Hambourg&quot;,&quot;de&quot;:&quot;Voll Hin- und R\\u00fcckfahrt nach Hamburg&quot;},&quot;price&quot;:700,&quot;status&quot;:&quot;available&quot;,&quot;language_hidden&quot;:[],&quot;startIncrement&quot;:0,&quot;endIncrement&quot;:0,&quot;var_name&quot;:&quot;flights2&quot;,&quot;category_label&quot;:{&quot;en&quot;:&quot;&quot;,&quot;nl&quot;:&quot;Vluchten&quot;,&quot;fr&quot;:&quot;Vols&quot;,&quot;de&quot;:&quot;Fl\\u00fcge&quot;}},{&quot;value&quot;:&quot;M\\u00fcnchen&quot;,&quot;label&quot;:{&quot;en&quot;:&quot;&quot;,&quot;nl&quot;:&quot;Heen- en retourvlucht M\\u00fcnchen&quot;,&quot;fr&quot;:&quot;Vol aller-retour pour Munich&quot;,&quot;de&quot;:&quot;Voll retour nach M\\u00fcnchen&quot;},&quot;price&quot;:990,&quot;status&quot;:&quot;available&quot;,&quot;language_hidden&quot;:[],&quot;startIncrement&quot;:0,&quot;endIncrement&quot;:0,&quot;var_name&quot;:&quot;flights2&quot;,&quot;category_label&quot;:{&quot;en&quot;:&quot;&quot;,&quot;nl&quot;:&quot;Vluchten&quot;,&quot;fr&quot;:&quot;Vols&quot;,&quot;de&quot;:&quot;Fl\\u00fcge&quot;}},{&quot;value&quot;:&quot;no flights&quot;,&quot;label&quot;:{&quot;en&quot;:&quot;&quot;,&quot;nl&quot;:&quot;Geen vluchten&quot;,&quot;fr&quot;:&quot;Pas de vol&quot;,&quot;de&quot;:&quot;Keine Pl\\u00e4tze mehr&quot;},&quot;price&quot;:0,&quot;status&quot;:&quot;available&quot;,&quot;language_hidden&quot;:[],&quot;startIncrement&quot;:0,&quot;endIncrement&quot;:0,&quot;var_name&quot;:&quot;flights2&quot;,&quot;category_label&quot;:{&quot;en&quot;:&quot;&quot;,&quot;nl&quot;:&quot;Vluchten&quot;,&quot;fr&quot;:&quot;Vols&quot;,&quot;de&quot;:&quot;Fl\\u00fcge&quot;}}],&quot;bookable&quot;:true,&quot;bookingUrl&quot;:&quot;https:\\\/\\\/booking.travelbase.eu\\\/jn26a\\\/book?trip=11395&quot;,&quot;packageId&quot;:&quot;JN-JN&quot;}},{&quot;type&quot;:&quot;departures&quot;,&quot;id&quot;:&quot;t11404&quot;,&quot;attributes&quot;:{&quot;name&quot;:&quot;JN26A-W39-SUN&quot;,&quot;start&quot;:&quot;2026-09-20T10:00:00.000000Z&quot;,&quot;end&quot;:&quot;2026-09-27T12:00:00.000000Z&quot;,&quot;cheapestPrice&quot;:690,&quot;languages&quot;:[&quot;nl&quot;,&quot;fr&quot;,&quot;de&quot;],&quot;availableSpots&quot;:11,&quot;bookedSpots&quot;:0,&quot;fakeLabel&quot;:&quot;&quot;,&quot;availabilityLabel&quot;:&quot;&quot;,&quot;promoLabel&quot;:null,&quot;calendarToggles&quot;:[{&quot;value&quot;:&quot;Brussels&quot;,&quot;label&quot;:{&quot;en&quot;:&quot;&quot;,&quot;nl&quot;:&quot;Heen- en retourvlucht Brussel&quot;,&quot;fr&quot;:&quot;Vols aller\\\/retour depuis Bruxelles&quot;,&quot;de&quot;:&quot;Fl\\u00fcge hin\\\/zur\\u00fcck von Br\\u00fcssel&quot;},&quot;price&quot;:470,&quot;status&quot;:&quot;available&quot;,&quot;language_hidden&quot;:[],&quot;startIncrement&quot;:0,&quot;endIncrement&quot;:0,&quot;var_name&quot;:&quot;flights2&quot;,&quot;category_label&quot;:{&quot;en&quot;:&quot;&quot;,&quot;nl&quot;:&quot;Vluchten&quot;,&quot;fr&quot;:&quot;Vols&quot;,&quot;de&quot;:&quot;Fl\\u00fcge&quot;}},{&quot;value&quot;:&quot;Amsterdam&quot;,&quot;label&quot;:{&quot;en&quot;:&quot;&quot;,&quot;nl&quot;:&quot;Heen- en retourvlucht Amsterdam&quot;,&quot;fr&quot;:&quot;Vols aller\\\/retour depuis Amsterdam&quot;,&quot;de&quot;:&quot;Fl\\u00fcge Hin\\\/R\\u00fcck von Amsterdam&quot;},&quot;price&quot;:485,&quot;status&quot;:&quot;available&quot;,&quot;language_hidden&quot;:[],&quot;startIncrement&quot;:0,&quot;endIncrement&quot;:0,&quot;var_name&quot;:&quot;flights2&quot;,&quot;category_label&quot;:{&quot;en&quot;:&quot;&quot;,&quot;nl&quot;:&quot;Vluchten&quot;,&quot;fr&quot;:&quot;Vols&quot;,&quot;de&quot;:&quot;Fl\\u00fcge&quot;}},{&quot;value&quot;:&quot;Paris&quot;,&quot;label&quot;:{&quot;en&quot;:&quot;&quot;,&quot;nl&quot;:&quot;Heen- en retourvlucht Parijs&quot;,&quot;fr&quot;:&quot;Vols aller\\\/retour depuis Paris&quot;,&quot;de&quot;:&quot;Fl\\u00fcge Hin\\\/R\\u00fcck von Paris&quot;},&quot;price&quot;:false,&quot;status&quot;:&quot;disabled&quot;,&quot;language_hidden&quot;:[],&quot;startIncrement&quot;:0,&quot;endIncrement&quot;:0,&quot;var_name&quot;:&quot;flights2&quot;,&quot;category_label&quot;:{&quot;en&quot;:&quot;&quot;,&quot;nl&quot;:&quot;Vluchten&quot;,&quot;fr&quot;:&quot;Vols&quot;,&quot;de&quot;:&quot;Fl\\u00fcge&quot;}},{&quot;value&quot;:&quot;Dusseldorf&quot;,&quot;label&quot;:{&quot;en&quot;:&quot;&quot;,&quot;nl&quot;:&quot;Heen- en retourvlucht D\\u00fcsseldorf&quot;,&quot;fr&quot;:&quot;Vols aller\\\/retour depuis Dusseldorf &quot;,&quot;de&quot;:&quot;Fl\\u00fcge hin\\\/zur\\u00fcck von D\\u00fcsseldorf&quot;},&quot;price&quot;:false,&quot;status&quot;:&quot;disabled&quot;,&quot;language_hidden&quot;:[],&quot;startIncrement&quot;:0,&quot;endIncrement&quot;:0,&quot;var_name&quot;:&quot;flights2&quot;,&quot;category_label&quot;:{&quot;en&quot;:&quot;&quot;,&quot;nl&quot;:&quot;Vluchten&quot;,&quot;fr&quot;:&quot;Vols&quot;,&quot;de&quot;:&quot;Fl\\u00fcge&quot;}},{&quot;value&quot;:&quot;Frankfurt&quot;,&quot;label&quot;:{&quot;en&quot;:&quot;&quot;,&quot;nl&quot;:&quot;Heen- en retourvlucht Frankfurt&quot;,&quot;fr&quot;:&quot;Vol aller-retour vers Francfort&quot;,&quot;de&quot;:&quot;Voll Hin- und R\\u00fcckflug nach Frankfurt&quot;},&quot;price&quot;:false,&quot;status&quot;:&quot;disabled&quot;,&quot;language_hidden&quot;:[],&quot;startIncrement&quot;:0,&quot;endIncrement&quot;:0,&quot;var_name&quot;:&quot;flights2&quot;,&quot;category_label&quot;:{&quot;en&quot;:&quot;&quot;,&quot;nl&quot;:&quot;Vluchten&quot;,&quot;fr&quot;:&quot;Vols&quot;,&quot;de&quot;:&quot;Fl\\u00fcge&quot;}},{&quot;value&quot;:&quot;Berlin&quot;,&quot;label&quot;:{&quot;en&quot;:&quot;&quot;,&quot;nl&quot;:&quot;Heen- en retourvlucht Berlijn&quot;,&quot;fr&quot;:&quot;Vol aller-retour pour Berlin&quot;,&quot;de&quot;:&quot;Vol Hin- und R\\u00fcckflug nach Berlin&quot;},&quot;price&quot;:false,&quot;status&quot;:&quot;disabled&quot;,&quot;language_hidden&quot;:[],&quot;startIncrement&quot;:0,&quot;endIncrement&quot;:0,&quot;var_name&quot;:&quot;flights2&quot;,&quot;category_label&quot;:{&quot;en&quot;:&quot;&quot;,&quot;nl&quot;:&quot;Vluchten&quot;,&quot;fr&quot;:&quot;Vols&quot;,&quot;de&quot;:&quot;Fl\\u00fcge&quot;}},{&quot;value&quot;:&quot;Hamburg&quot;,&quot;label&quot;:{&quot;en&quot;:&quot;&quot;,&quot;nl&quot;:&quot;Heen- en retourvlucht Hamburg&quot;,&quot;fr&quot;:&quot;Vol aller-retour pour Hambourg&quot;,&quot;de&quot;:&quot;Voll Hin- und R\\u00fcckfahrt nach Hamburg&quot;},&quot;price&quot;:false,&quot;status&quot;:&quot;disabled&quot;,&quot;language_hidden&quot;:[],&quot;startIncrement&quot;:0,&quot;endIncrement&quot;:0,&quot;var_name&quot;:&quot;flights2&quot;,&quot;category_label&quot;:{&quot;en&quot;:&quot;&quot;,&quot;nl&quot;:&quot;Vluchten&quot;,&quot;fr&quot;:&quot;Vols&quot;,&quot;de&quot;:&quot;Fl\\u00fcge&quot;}},{&quot;value&quot;:&quot;M\\u00fcnchen&quot;,&quot;label&quot;:{&quot;en&quot;:&quot;&quot;,&quot;nl&quot;:&quot;Heen- en retourvlucht M\\u00fcnchen&quot;,&quot;fr&quot;:&quot;Vol aller-retour pour Munich&quot;,&quot;de&quot;:&quot;Voll retour nach M\\u00fcnchen&quot;},&quot;price&quot;:false,&quot;status&quot;:&quot;disabled&quot;,&quot;language_hidden&quot;:[],&quot;startIncrement&quot;:0,&quot;endIncrement&quot;:0,&quot;var_name&quot;:&quot;flights2&quot;,&quot;category_label&quot;:{&quot;en&quot;:&quot;&quot;,&quot;nl&quot;:&quot;Vluchten&quot;,&quot;fr&quot;:&quot;Vols&quot;,&quot;de&quot;:&quot;Fl\\u00fcge&quot;}},{&quot;value&quot;:&quot;no flights&quot;,&quot;label&quot;:{&quot;en&quot;:&quot;&quot;,&quot;nl&quot;:&quot;Geen vluchten&quot;,&quot;fr&quot;:&quot;Pas de vol&quot;,&quot;de&quot;:&quot;Keine Pl\\u00e4tze mehr&quot;},&quot;price&quot;:0,&quot;status&quot;:&quot;available&quot;,&quot;language_hidden&quot;:[],&quot;startIncrement&quot;:0,&quot;endIncrement&quot;:0,&quot;var_name&quot;:&quot;flights2&quot;,&quot;category_label&quot;:{&quot;en&quot;:&quot;&quot;,&quot;nl&quot;:&quot;Vluchten&quot;,&quot;fr&quot;:&quot;Vols&quot;,&quot;de&quot;:&quot;Fl\\u00fcge&quot;}}],&quot;bookable&quot;:true,&quot;bookingUrl&quot;:&quot;https:\\\/\\\/booking.travelbase.eu\\\/jn26a\\\/book?trip=11404&quot;,&quot;packageId&quot;:&quot;JN-JN&quot;}},{&quot;type&quot;:&quot;departures&quot;,&quot;id&quot;:&quot;t11396&quot;,&quot;attributes&quot;:{&quot;name&quot;:&quot;JN26A-W39-WED&quot;,&quot;start&quot;:&quot;2026-09-23T10:00:00.000000Z&quot;,&quot;end&quot;:&quot;2026-09-30T12:00:00.000000Z&quot;,&quot;cheapestPrice&quot;:690,&quot;languages&quot;:[&quot;nl&quot;,&quot;fr&quot;,&quot;de&quot;],&quot;availableSpots&quot;:11,&quot;bookedSpots&quot;:0,&quot;fakeLabel&quot;:&quot;&quot;,&quot;availabilityLabel&quot;:&quot;&quot;,&quot;promoLabel&quot;:null,&quot;calendarToggles&quot;:[{&quot;value&quot;:&quot;Brussels&quot;,&quot;label&quot;:{&quot;en&quot;:&quot;&quot;,&quot;nl&quot;:&quot;Heen- en retourvlucht Brussel&quot;,&quot;fr&quot;:&quot;Vols aller\\\/retour depuis Bruxelles&quot;,&quot;de&quot;:&quot;Fl\\u00fcge hin\\\/zur\\u00fcck von Br\\u00fcssel&quot;},&quot;price&quot;:false,&quot;status&quot;:&quot;disabled&quot;,&quot;language_hidden&quot;:[],&quot;startIncrement&quot;:0,&quot;endIncrement&quot;:0,&quot;var_name&quot;:&quot;flights2&quot;,&quot;category_label&quot;:{&quot;en&quot;:&quot;&quot;,&quot;nl&quot;:&quot;Vluchten&quot;,&quot;fr&quot;:&quot;Vols&quot;,&quot;de&quot;:&quot;Fl\\u00fcge&quot;}},{&quot;value&quot;:&quot;Amsterdam&quot;,&quot;label&quot;:{&quot;en&quot;:&quot;&quot;,&quot;nl&quot;:&quot;Heen- en retourvlucht Amsterdam&quot;,&quot;fr&quot;:&quot;Vols aller\\\/retour depuis Amsterdam&quot;,&quot;de&quot;:&quot;Fl\\u00fcge Hin\\\/R\\u00fcck von Amsterdam&quot;},&quot;price&quot;:485,&quot;status&quot;:&quot;available&quot;,&quot;language_hidden&quot;:[],&quot;startIncrement&quot;:0,&quot;endIncrement&quot;:0,&quot;var_name&quot;:&quot;flights2&quot;,&quot;category_label&quot;:{&quot;en&quot;:&quot;&quot;,&quot;nl&quot;:&quot;Vluchten&quot;,&quot;fr&quot;:&quot;Vols&quot;,&quot;de&quot;:&quot;Fl\\u00fcge&quot;}},{&quot;value&quot;:&quot;Paris&quot;,&quot;label&quot;:{&quot;en&quot;:&quot;&quot;,&quot;nl&quot;:&quot;Heen- en retourvlucht Parijs&quot;,&quot;fr&quot;:&quot;Vols aller\\\/retour depuis Paris&quot;,&quot;de&quot;:&quot;Fl\\u00fcge Hin\\\/R\\u00fcck von Paris&quot;},&quot;price&quot;:485,&quot;status&quot;:&quot;available&quot;,&quot;language_hidden&quot;:[],&quot;startIncrement&quot;:0,&quot;endIncrement&quot;:0,&quot;var_name&quot;:&quot;flights2&quot;,&quot;category_label&quot;:{&quot;en&quot;:&quot;&quot;,&quot;nl&quot;:&quot;Vluchten&quot;,&quot;fr&quot;:&quot;Vols&quot;,&quot;de&quot;:&quot;Fl\\u00fcge&quot;}},{&quot;value&quot;:&quot;Dusseldorf&quot;,&quot;label&quot;:{&quot;en&quot;:&quot;&quot;,&quot;nl&quot;:&quot;Heen- en retourvlucht D\\u00fcsseldorf&quot;,&quot;fr&quot;:&quot;Vols aller\\\/retour depuis Dusseldorf &quot;,&quot;de&quot;:&quot;Fl\\u00fcge hin\\\/zur\\u00fcck von D\\u00fcsseldorf&quot;},&quot;price&quot;:false,&quot;status&quot;:&quot;disabled&quot;,&quot;language_hidden&quot;:[],&quot;startIncrement&quot;:0,&quot;endIncrement&quot;:0,&quot;var_name&quot;:&quot;flights2&quot;,&quot;category_label&quot;:{&quot;en&quot;:&quot;&quot;,&quot;nl&quot;:&quot;Vluchten&quot;,&quot;fr&quot;:&quot;Vols&quot;,&quot;de&quot;:&quot;Fl\\u00fcge&quot;}},{&quot;value&quot;:&quot;Frankfurt&quot;,&quot;label&quot;:{&quot;en&quot;:&quot;&quot;,&quot;nl&quot;:&quot;Heen- en retourvlucht Frankfurt&quot;,&quot;fr&quot;:&quot;Vol aller-retour vers Francfort&quot;,&quot;de&quot;:&quot;Voll Hin- und R\\u00fcckflug nach Frankfurt&quot;},&quot;price&quot;:false,&quot;status&quot;:&quot;disabled&quot;,&quot;language_hidden&quot;:[],&quot;startIncrement&quot;:0,&quot;endIncrement&quot;:0,&quot;var_name&quot;:&quot;flights2&quot;,&quot;category_label&quot;:{&quot;en&quot;:&quot;&quot;,&quot;nl&quot;:&quot;Vluchten&quot;,&quot;fr&quot;:&quot;Vols&quot;,&quot;de&quot;:&quot;Fl\\u00fcge&quot;}},{&quot;value&quot;:&quot;Berlin&quot;,&quot;label&quot;:{&quot;en&quot;:&quot;&quot;,&quot;nl&quot;:&quot;Heen- en retourvlucht Berlijn&quot;,&quot;fr&quot;:&quot;Vol aller-retour pour Berlin&quot;,&quot;de&quot;:&quot;Vol Hin- und R\\u00fcckflug nach Berlin&quot;},&quot;price&quot;:501,&quot;status&quot;:&quot;available&quot;,&quot;language_hidden&quot;:[],&quot;startIncrement&quot;:0,&quot;endIncrement&quot;:0,&quot;var_name&quot;:&quot;flights2&quot;,&quot;category_label&quot;:{&quot;en&quot;:&quot;&quot;,&quot;nl&quot;:&quot;Vluchten&quot;,&quot;fr&quot;:&quot;Vols&quot;,&quot;de&quot;:&quot;Fl\\u00fcge&quot;}},{&quot;value&quot;:&quot;Hamburg&quot;,&quot;label&quot;:{&quot;en&quot;:&quot;&quot;,&quot;nl&quot;:&quot;Heen- en retourvlucht Hamburg&quot;,&quot;fr&quot;:&quot;Vol aller-retour pour Hambourg&quot;,&quot;de&quot;:&quot;Voll Hin- und R\\u00fcckfahrt nach Hamburg&quot;},&quot;price&quot;:700,&quot;status&quot;:&quot;available&quot;,&quot;language_hidden&quot;:[],&quot;startIncrement&quot;:0,&quot;endIncrement&quot;:0,&quot;var_name&quot;:&quot;flights2&quot;,&quot;category_label&quot;:{&quot;en&quot;:&quot;&quot;,&quot;nl&quot;:&quot;Vluchten&quot;,&quot;fr&quot;:&quot;Vols&quot;,&quot;de&quot;:&quot;Fl\\u00fcge&quot;}},{&quot;value&quot;:&quot;M\\u00fcnchen&quot;,&quot;label&quot;:{&quot;en&quot;:&quot;&quot;,&quot;nl&quot;:&quot;Heen- en retourvlucht M\\u00fcnchen&quot;,&quot;fr&quot;:&quot;Vol aller-retour pour Munich&quot;,&quot;de&quot;:&quot;Voll retour nach M\\u00fcnchen&quot;},&quot;price&quot;:990,&quot;status&quot;:&quot;available&quot;,&quot;language_hidden&quot;:[],&quot;startIncrement&quot;:0,&quot;endIncrement&quot;:0,&quot;var_name&quot;:&quot;flights2&quot;,&quot;category_label&quot;:{&quot;en&quot;:&quot;&quot;,&quot;nl&quot;:&quot;Vluchten&quot;,&quot;fr&quot;:&quot;Vols&quot;,&quot;de&quot;:&quot;Fl\\u00fcge&quot;}},{&quot;value&quot;:&quot;no flights&quot;,&quot;label&quot;:{&quot;en&quot;:&quot;&quot;,&quot;nl&quot;:&quot;Geen vluchten&quot;,&quot;fr&quot;:&quot;Pas de vol&quot;,&quot;de&quot;:&quot;Keine Pl\\u00e4tze mehr&quot;},&quot;price&quot;:0,&quot;status&quot;:&quot;available&quot;,&quot;language_hidden&quot;:[],&quot;startIncrement&quot;:0,&quot;endIncrement&quot;:0,&quot;var_name&quot;:&quot;flights2&quot;,&quot;category_label&quot;:{&quot;en&quot;:&quot;&quot;,&quot;nl&quot;:&quot;Vluchten&quot;,&quot;fr&quot;:&quot;Vols&quot;,&quot;de&quot;:&quot;Fl\\u00fcge&quot;}}],&quot;bookable&quot;:true,&quot;bookingUrl&quot;:&quot;https:\\\/\\\/booking.travelbase.eu\\\/jn26a\\\/book?trip=11396&quot;,&quot;packageId&quot;:&quot;JN-JN&quot;}},{&quot;type&quot;:&quot;departures&quot;,&quot;id&quot;:&quot;t11405&quot;,&quot;attributes&quot;:{&quot;name&quot;:&quot;JN26A-W40-SUN&quot;,&quot;start&quot;:&quot;2026-09-27T10:00:00.000000Z&quot;,&quot;end&quot;:&quot;2026-10-04T12:00:00.000000Z&quot;,&quot;cheapestPrice&quot;:690,&quot;languages&quot;:[&quot;nl&quot;,&quot;fr&quot;,&quot;de&quot;],&quot;availableSpots&quot;:7,&quot;bookedSpots&quot;:2,&quot;fakeLabel&quot;:&quot;&quot;,&quot;availabilityLabel&quot;:&quot;&quot;,&quot;promoLabel&quot;:null,&quot;calendarToggles&quot;:[{&quot;value&quot;:&quot;Brussels&quot;,&quot;label&quot;:{&quot;en&quot;:&quot;&quot;,&quot;nl&quot;:&quot;Heen- en retourvlucht Brussel&quot;,&quot;fr&quot;:&quot;Vols aller\\\/retour depuis Bruxelles&quot;,&quot;de&quot;:&quot;Fl\\u00fcge hin\\\/zur\\u00fcck von Br\\u00fcssel&quot;},&quot;price&quot;:495,&quot;status&quot;:&quot;available&quot;,&quot;language_hidden&quot;:[],&quot;startIncrement&quot;:0,&quot;endIncrement&quot;:0,&quot;var_name&quot;:&quot;flights2&quot;,&quot;category_label&quot;:{&quot;en&quot;:&quot;&quot;,&quot;nl&quot;:&quot;Vluchten&quot;,&quot;fr&quot;:&quot;Vols&quot;,&quot;de&quot;:&quot;Fl\\u00fcge&quot;}},{&quot;value&quot;:&quot;Amsterdam&quot;,&quot;label&quot;:{&quot;en&quot;:&quot;&quot;,&quot;nl&quot;:&quot;Heen- en retourvlucht Amsterdam&quot;,&quot;fr&quot;:&quot;Vols aller\\\/retour depuis Amsterdam&quot;,&quot;de&quot;:&quot;Fl\\u00fcge Hin\\\/R\\u00fcck von Amsterdam&quot;},&quot;price&quot;:495,&quot;status&quot;:&quot;available&quot;,&quot;language_hidden&quot;:[],&quot;startIncrement&quot;:0,&quot;endIncrement&quot;:0,&quot;var_name&quot;:&quot;flights2&quot;,&quot;category_label&quot;:{&quot;en&quot;:&quot;&quot;,&quot;nl&quot;:&quot;Vluchten&quot;,&quot;fr&quot;:&quot;Vols&quot;,&quot;de&quot;:&quot;Fl\\u00fcge&quot;}},{&quot;value&quot;:&quot;Paris&quot;,&quot;label&quot;:{&quot;en&quot;:&quot;&quot;,&quot;nl&quot;:&quot;Heen- en retourvlucht Parijs&quot;,&quot;fr&quot;:&quot;Vols aller\\\/retour depuis Paris&quot;,&quot;de&quot;:&quot;Fl\\u00fcge Hin\\\/R\\u00fcck von Paris&quot;},&quot;price&quot;:false,&quot;status&quot;:&quot;disabled&quot;,&quot;language_hidden&quot;:[],&quot;startIncrement&quot;:0,&quot;endIncrement&quot;:0,&quot;var_name&quot;:&quot;flights2&quot;,&quot;category_label&quot;:{&quot;en&quot;:&quot;&quot;,&quot;nl&quot;:&quot;Vluchten&quot;,&quot;fr&quot;:&quot;Vols&quot;,&quot;de&quot;:&quot;Fl\\u00fcge&quot;}},{&quot;value&quot;:&quot;Dusseldorf&quot;,&quot;label&quot;:{&quot;en&quot;:&quot;&quot;,&quot;nl&quot;:&quot;Heen- en retourvlucht D\\u00fcsseldorf&quot;,&quot;fr&quot;:&quot;Vols aller\\\/retour depuis Dusseldorf &quot;,&quot;de&quot;:&quot;Fl\\u00fcge hin\\\/zur\\u00fcck von D\\u00fcsseldorf&quot;},&quot;price&quot;:false,&quot;status&quot;:&quot;disabled&quot;,&quot;language_hidden&quot;:[],&quot;startIncrement&quot;:0,&quot;endIncrement&quot;:0,&quot;var_name&quot;:&quot;flights2&quot;,&quot;category_label&quot;:{&quot;en&quot;:&quot;&quot;,&quot;nl&quot;:&quot;Vluchten&quot;,&quot;fr&quot;:&quot;Vols&quot;,&quot;de&quot;:&quot;Fl\\u00fcge&quot;}},{&quot;value&quot;:&quot;Frankfurt&quot;,&quot;label&quot;:{&quot;en&quot;:&quot;&quot;,&quot;nl&quot;:&quot;Heen- en retourvlucht Frankfurt&quot;,&quot;fr&quot;:&quot;Vol aller-retour vers Francfort&quot;,&quot;de&quot;:&quot;Voll Hin- und R\\u00fcckflug nach Frankfurt&quot;},&quot;price&quot;:false,&quot;status&quot;:&quot;disabled&quot;,&quot;language_hidden&quot;:[],&quot;startIncrement&quot;:0,&quot;endIncrement&quot;:0,&quot;var_name&quot;:&quot;flights2&quot;,&quot;category_label&quot;:{&quot;en&quot;:&quot;&quot;,&quot;nl&quot;:&quot;Vluchten&quot;,&quot;fr&quot;:&quot;Vols&quot;,&quot;de&quot;:&quot;Fl\\u00fcge&quot;}},{&quot;value&quot;:&quot;Berlin&quot;,&quot;label&quot;:{&quot;en&quot;:&quot;&quot;,&quot;nl&quot;:&quot;Heen- en retourvlucht Berlijn&quot;,&quot;fr&quot;:&quot;Vol aller-retour pour Berlin&quot;,&quot;de&quot;:&quot;Vol Hin- und R\\u00fcckflug nach Berlin&quot;},&quot;price&quot;:false,&quot;status&quot;:&quot;disabled&quot;,&quot;language_hidden&quot;:[],&quot;startIncrement&quot;:0,&quot;endIncrement&quot;:0,&quot;var_name&quot;:&quot;flights2&quot;,&quot;category_label&quot;:{&quot;en&quot;:&quot;&quot;,&quot;nl&quot;:&quot;Vluchten&quot;,&quot;fr&quot;:&quot;Vols&quot;,&quot;de&quot;:&quot;Fl\\u00fcge&quot;}},{&quot;value&quot;:&quot;Hamburg&quot;,&quot;label&quot;:{&quot;en&quot;:&quot;&quot;,&quot;nl&quot;:&quot;Heen- en retourvlucht Hamburg&quot;,&quot;fr&quot;:&quot;Vol aller-retour pour Hambourg&quot;,&quot;de&quot;:&quot;Voll Hin- und R\\u00fcckfahrt nach Hamburg&quot;},&quot;price&quot;:false,&quot;status&quot;:&quot;disabled&quot;,&quot;language_hidden&quot;:[],&quot;startIncrement&quot;:0,&quot;endIncrement&quot;:0,&quot;var_name&quot;:&quot;flights2&quot;,&quot;category_label&quot;:{&quot;en&quot;:&quot;&quot;,&quot;nl&quot;:&quot;Vluchten&quot;,&quot;fr&quot;:&quot;Vols&quot;,&quot;de&quot;:&quot;Fl\\u00fcge&quot;}},{&quot;value&quot;:&quot;M\\u00fcnchen&quot;,&quot;label&quot;:{&quot;en&quot;:&quot;&quot;,&quot;nl&quot;:&quot;Heen- en retourvlucht M\\u00fcnchen&quot;,&quot;fr&quot;:&quot;Vol aller-retour pour Munich&quot;,&quot;de&quot;:&quot;Voll retour nach M\\u00fcnchen&quot;},&quot;price&quot;:false,&quot;status&quot;:&quot;disabled&quot;,&quot;language_hidden&quot;:[],&quot;startIncrement&quot;:0,&quot;endIncrement&quot;:0,&quot;var_name&quot;:&quot;flights2&quot;,&quot;category_label&quot;:{&quot;en&quot;:&quot;&quot;,&quot;nl&quot;:&quot;Vluchten&quot;,&quot;fr&quot;:&quot;Vols&quot;,&quot;de&quot;:&quot;Fl\\u00fcge&quot;}},{&quot;value&quot;:&quot;no flights&quot;,&quot;label&quot;:{&quot;en&quot;:&quot;&quot;,&quot;nl&quot;:&quot;Geen vluchten&quot;,&quot;fr&quot;:&quot;Pas de vol&quot;,&quot;de&quot;:&quot;Keine Pl\\u00e4tze mehr&quot;},&quot;price&quot;:0,&quot;status&quot;:&quot;available&quot;,&quot;language_hidden&quot;:[],&quot;startIncrement&quot;:0,&quot;endIncrement&quot;:0,&quot;var_name&quot;:&quot;flights2&quot;,&quot;category_label&quot;:{&quot;en&quot;:&quot;&quot;,&quot;nl&quot;:&quot;Vluchten&quot;,&quot;fr&quot;:&quot;Vols&quot;,&quot;de&quot;:&quot;Fl\\u00fcge&quot;}}],&quot;bookable&quot;:true,&quot;bookingUrl&quot;:&quot;https:\\\/\\\/booking.travelbase.eu\\\/jn26a\\\/book?trip=11405&quot;,&quot;packageId&quot;:&quot;JN-JN&quot;}},{&quot;type&quot;:&quot;departures&quot;,&quot;id&quot;:&quot;t11397&quot;,&quot;attributes&quot;:{&quot;name&quot;:&quot;JN26A-W40-WED&quot;,&quot;start&quot;:&quot;2026-09-30T10:00:00.000000Z&quot;,&quot;end&quot;:&quot;2026-10-07T12:00:00.000000Z&quot;,&quot;cheapestPrice&quot;:690,&quot;languages&quot;:[&quot;nl&quot;,&quot;fr&quot;,&quot;de&quot;],&quot;availableSpots&quot;:11,&quot;bookedSpots&quot;:0,&quot;fakeLabel&quot;:&quot;&quot;,&quot;availabilityLabel&quot;:&quot;&quot;,&quot;promoLabel&quot;:null,&quot;calendarToggles&quot;:[{&quot;value&quot;:&quot;Brussels&quot;,&quot;label&quot;:{&quot;en&quot;:&quot;&quot;,&quot;nl&quot;:&quot;Heen- en retourvlucht Brussel&quot;,&quot;fr&quot;:&quot;Vols aller\\\/retour depuis Bruxelles&quot;,&quot;de&quot;:&quot;Fl\\u00fcge hin\\\/zur\\u00fcck von Br\\u00fcssel&quot;},&quot;price&quot;:false,&quot;status&quot;:&quot;disabled&quot;,&quot;language_hidden&quot;:[],&quot;startIncrement&quot;:0,&quot;endIncrement&quot;:0,&quot;var_name&quot;:&quot;flights2&quot;,&quot;category_label&quot;:{&quot;en&quot;:&quot;&quot;,&quot;nl&quot;:&quot;Vluchten&quot;,&quot;fr&quot;:&quot;Vols&quot;,&quot;de&quot;:&quot;Fl\\u00fcge&quot;}},{&quot;value&quot;:&quot;Amsterdam&quot;,&quot;label&quot;:{&quot;en&quot;:&quot;&quot;,&quot;nl&quot;:&quot;Heen- en retourvlucht Amsterdam&quot;,&quot;fr&quot;:&quot;Vols aller\\\/retour depuis Amsterdam&quot;,&quot;de&quot;:&quot;Fl\\u00fcge Hin\\\/R\\u00fcck von Amsterdam&quot;},&quot;price&quot;:495,&quot;status&quot;:&quot;available&quot;,&quot;language_hidden&quot;:[],&quot;startIncrement&quot;:0,&quot;endIncrement&quot;:0,&quot;var_name&quot;:&quot;flights2&quot;,&quot;category_label&quot;:{&quot;en&quot;:&quot;&quot;,&quot;nl&quot;:&quot;Vluchten&quot;,&quot;fr&quot;:&quot;Vols&quot;,&quot;de&quot;:&quot;Fl\\u00fcge&quot;}},{&quot;value&quot;:&quot;Paris&quot;,&quot;label&quot;:{&quot;en&quot;:&quot;&quot;,&quot;nl&quot;:&quot;Heen- en retourvlucht Parijs&quot;,&quot;fr&quot;:&quot;Vols aller\\\/retour depuis Paris&quot;,&quot;de&quot;:&quot;Fl\\u00fcge Hin\\\/R\\u00fcck von Paris&quot;},&quot;price&quot;:490,&quot;status&quot;:&quot;available&quot;,&quot;language_hidden&quot;:[],&quot;startIncrement&quot;:0,&quot;endIncrement&quot;:0,&quot;var_name&quot;:&quot;flights2&quot;,&quot;category_label&quot;:{&quot;en&quot;:&quot;&quot;,&quot;nl&quot;:&quot;Vluchten&quot;,&quot;fr&quot;:&quot;Vols&quot;,&quot;de&quot;:&quot;Fl\\u00fcge&quot;}},{&quot;value&quot;:&quot;Dusseldorf&quot;,&quot;label&quot;:{&quot;en&quot;:&quot;&quot;,&quot;nl&quot;:&quot;Heen- en retourvlucht D\\u00fcsseldorf&quot;,&quot;fr&quot;:&quot;Vols aller\\\/retour depuis Dusseldorf &quot;,&quot;de&quot;:&quot;Fl\\u00fcge hin\\\/zur\\u00fcck von D\\u00fcsseldorf&quot;},&quot;price&quot;:false,&quot;status&quot;:&quot;disabled&quot;,&quot;language_hidden&quot;:[],&quot;startIncrement&quot;:0,&quot;endIncrement&quot;:0,&quot;var_name&quot;:&quot;flights2&quot;,&quot;category_label&quot;:{&quot;en&quot;:&quot;&quot;,&quot;nl&quot;:&quot;Vluchten&quot;,&quot;fr&quot;:&quot;Vols&quot;,&quot;de&quot;:&quot;Fl\\u00fcge&quot;}},{&quot;value&quot;:&quot;Frankfurt&quot;,&quot;label&quot;:{&quot;en&quot;:&quot;&quot;,&quot;nl&quot;:&quot;Heen- en retourvlucht Frankfurt&quot;,&quot;fr&quot;:&quot;Vol aller-retour vers Francfort&quot;,&quot;de&quot;:&quot;Voll Hin- und R\\u00fcckflug nach Frankfurt&quot;},&quot;price&quot;:1107,&quot;status&quot;:&quot;available&quot;,&quot;language_hidden&quot;:[],&quot;startIncrement&quot;:0,&quot;endIncrement&quot;:0,&quot;var_name&quot;:&quot;flights2&quot;,&quot;category_label&quot;:{&quot;en&quot;:&quot;&quot;,&quot;nl&quot;:&quot;Vluchten&quot;,&quot;fr&quot;:&quot;Vols&quot;,&quot;de&quot;:&quot;Fl\\u00fcge&quot;}},{&quot;value&quot;:&quot;Berlin&quot;,&quot;label&quot;:{&quot;en&quot;:&quot;&quot;,&quot;nl&quot;:&quot;Heen- en retourvlucht Berlijn&quot;,&quot;fr&quot;:&quot;Vol aller-retour pour Berlin&quot;,&quot;de&quot;:&quot;Vol Hin- und R\\u00fcckflug nach Berlin&quot;},&quot;price&quot;:false,&quot;status&quot;:&quot;disabled&quot;,&quot;language_hidden&quot;:[],&quot;startIncrement&quot;:0,&quot;endIncrement&quot;:0,&quot;var_name&quot;:&quot;flights2&quot;,&quot;category_label&quot;:{&quot;en&quot;:&quot;&quot;,&quot;nl&quot;:&quot;Vluchten&quot;,&quot;fr&quot;:&quot;Vols&quot;,&quot;de&quot;:&quot;Fl\\u00fcge&quot;}},{&quot;value&quot;:&quot;Hamburg&quot;,&quot;label&quot;:{&quot;en&quot;:&quot;&quot;,&quot;nl&quot;:&quot;Heen- en retourvlucht Hamburg&quot;,&quot;fr&quot;:&quot;Vol aller-retour pour Hambourg&quot;,&quot;de&quot;:&quot;Voll Hin- und R\\u00fcckfahrt nach Hamburg&quot;},&quot;price&quot;:700,&quot;status&quot;:&quot;available&quot;,&quot;language_hidden&quot;:[],&quot;startIncrement&quot;:0,&quot;endIncrement&quot;:0,&quot;var_name&quot;:&quot;flights2&quot;,&quot;category_label&quot;:{&quot;en&quot;:&quot;&quot;,&quot;nl&quot;:&quot;Vluchten&quot;,&quot;fr&quot;:&quot;Vols&quot;,&quot;de&quot;:&quot;Fl\\u00fcge&quot;}},{&quot;value&quot;:&quot;M\\u00fcnchen&quot;,&quot;label&quot;:{&quot;en&quot;:&quot;&quot;,&quot;nl&quot;:&quot;Heen- en retourvlucht M\\u00fcnchen&quot;,&quot;fr&quot;:&quot;Vol aller-retour pour Munich&quot;,&quot;de&quot;:&quot;Voll retour nach M\\u00fcnchen&quot;},&quot;price&quot;:703,&quot;status&quot;:&quot;available&quot;,&quot;language_hidden&quot;:[],&quot;startIncrement&quot;:0,&quot;endIncrement&quot;:0,&quot;var_name&quot;:&quot;flights2&quot;,&quot;category_label&quot;:{&quot;en&quot;:&quot;&quot;,&quot;nl&quot;:&quot;Vluchten&quot;,&quot;fr&quot;:&quot;Vols&quot;,&quot;de&quot;:&quot;Fl\\u00fcge&quot;}},{&quot;value&quot;:&quot;no flights&quot;,&quot;label&quot;:{&quot;en&quot;:&quot;&quot;,&quot;nl&quot;:&quot;Geen vluchten&quot;,&quot;fr&quot;:&quot;Pas de vol&quot;,&quot;de&quot;:&quot;Keine Pl\\u00e4tze mehr&quot;},&quot;price&quot;:0,&quot;status&quot;:&quot;available&quot;,&quot;language_hidden&quot;:[],&quot;startIncrement&quot;:0,&quot;endIncrement&quot;:0,&quot;var_name&quot;:&quot;flights2&quot;,&quot;category_label&quot;:{&quot;en&quot;:&quot;&quot;,&quot;nl&quot;:&quot;Vluchten&quot;,&quot;fr&quot;:&quot;Vols&quot;,&quot;de&quot;:&quot;Fl\\u00fcge&quot;}}],&quot;bookable&quot;:true,&quot;bookingUrl&quot;:&quot;https:\\\/\\\/booking.travelbase.eu\\\/jn26a\\\/book?trip=11397&quot;,&quot;packageId&quot;:&quot;JN-JN&quot;}},{&quot;type&quot;:&quot;departures&quot;,&quot;id&quot;:&quot;t11406&quot;,&quot;attributes&quot;:{&quot;name&quot;:&quot;JN26A-W41-SUN&quot;,&quot;start&quot;:&quot;2026-10-04T10:00:00.000000Z&quot;,&quot;end&quot;:&quot;2026-10-11T12:00:00.000000Z&quot;,&quot;cheapestPrice&quot;:690,&quot;languages&quot;:[&quot;nl&quot;,&quot;fr&quot;,&quot;de&quot;],&quot;availableSpots&quot;:11,&quot;bookedSpots&quot;:0,&quot;fakeLabel&quot;:&quot;&quot;,&quot;availabilityLabel&quot;:&quot;&quot;,&quot;promoLabel&quot;:null,&quot;calendarToggles&quot;:[{&quot;value&quot;:&quot;Brussels&quot;,&quot;label&quot;:{&quot;en&quot;:&quot;&quot;,&quot;nl&quot;:&quot;Heen- en retourvlucht Brussel&quot;,&quot;fr&quot;:&quot;Vols aller\\\/retour depuis Bruxelles&quot;,&quot;de&quot;:&quot;Fl\\u00fcge hin\\\/zur\\u00fcck von Br\\u00fcssel&quot;},&quot;price&quot;:495,&quot;status&quot;:&quot;available&quot;,&quot;language_hidden&quot;:[],&quot;startIncrement&quot;:0,&quot;endIncrement&quot;:0,&quot;var_name&quot;:&quot;flights2&quot;,&quot;category_label&quot;:{&quot;en&quot;:&quot;&quot;,&quot;nl&quot;:&quot;Vluchten&quot;,&quot;fr&quot;:&quot;Vols&quot;,&quot;de&quot;:&quot;Fl\\u00fcge&quot;}},{&quot;value&quot;:&quot;Amsterdam&quot;,&quot;label&quot;:{&quot;en&quot;:&quot;&quot;,&quot;nl&quot;:&quot;Heen- en retourvlucht Amsterdam&quot;,&quot;fr&quot;:&quot;Vols aller\\\/retour depuis Amsterdam&quot;,&quot;de&quot;:&quot;Fl\\u00fcge Hin\\\/R\\u00fcck von Amsterdam&quot;},&quot;price&quot;:495,&quot;status&quot;:&quot;available&quot;,&quot;language_hidden&quot;:[],&quot;startIncrement&quot;:0,&quot;endIncrement&quot;:0,&quot;var_name&quot;:&quot;flights2&quot;,&quot;category_label&quot;:{&quot;en&quot;:&quot;&quot;,&quot;nl&quot;:&quot;Vluchten&quot;,&quot;fr&quot;:&quot;Vols&quot;,&quot;de&quot;:&quot;Fl\\u00fcge&quot;}},{&quot;value&quot;:&quot;Paris&quot;,&quot;label&quot;:{&quot;en&quot;:&quot;&quot;,&quot;nl&quot;:&quot;Heen- en retourvlucht Parijs&quot;,&quot;fr&quot;:&quot;Vols aller\\\/retour depuis Paris&quot;,&quot;de&quot;:&quot;Fl\\u00fcge Hin\\\/R\\u00fcck von Paris&quot;},&quot;price&quot;:false,&quot;status&quot;:&quot;disabled&quot;,&quot;language_hidden&quot;:[],&quot;startIncrement&quot;:0,&quot;endIncrement&quot;:0,&quot;var_name&quot;:&quot;flights2&quot;,&quot;category_label&quot;:{&quot;en&quot;:&quot;&quot;,&quot;nl&quot;:&quot;Vluchten&quot;,&quot;fr&quot;:&quot;Vols&quot;,&quot;de&quot;:&quot;Fl\\u00fcge&quot;}},{&quot;value&quot;:&quot;Dusseldorf&quot;,&quot;label&quot;:{&quot;en&quot;:&quot;&quot;,&quot;nl&quot;:&quot;Heen- en retourvlucht D\\u00fcsseldorf&quot;,&quot;fr&quot;:&quot;Vols aller\\\/retour depuis Dusseldorf &quot;,&quot;de&quot;:&quot;Fl\\u00fcge hin\\\/zur\\u00fcck von D\\u00fcsseldorf&quot;},&quot;price&quot;:false,&quot;status&quot;:&quot;disabled&quot;,&quot;language_hidden&quot;:[],&quot;startIncrement&quot;:0,&quot;endIncrement&quot;:0,&quot;var_name&quot;:&quot;flights2&quot;,&quot;category_label&quot;:{&quot;en&quot;:&quot;&quot;,&quot;nl&quot;:&quot;Vluchten&quot;,&quot;fr&quot;:&quot;Vols&quot;,&quot;de&quot;:&quot;Fl\\u00fcge&quot;}},{&quot;value&quot;:&quot;Frankfurt&quot;,&quot;label&quot;:{&quot;en&quot;:&quot;&quot;,&quot;nl&quot;:&quot;Heen- en retourvlucht Frankfurt&quot;,&quot;fr&quot;:&quot;Vol aller-retour vers Francfort&quot;,&quot;de&quot;:&quot;Voll Hin- und R\\u00fcckflug nach Frankfurt&quot;},&quot;price&quot;:false,&quot;status&quot;:&quot;disabled&quot;,&quot;language_hidden&quot;:[],&quot;startIncrement&quot;:0,&quot;endIncrement&quot;:0,&quot;var_name&quot;:&quot;flights2&quot;,&quot;category_label&quot;:{&quot;en&quot;:&quot;&quot;,&quot;nl&quot;:&quot;Vluchten&quot;,&quot;fr&quot;:&quot;Vols&quot;,&quot;de&quot;:&quot;Fl\\u00fcge&quot;}},{&quot;value&quot;:&quot;Berlin&quot;,&quot;label&quot;:{&quot;en&quot;:&quot;&quot;,&quot;nl&quot;:&quot;Heen- en retourvlucht Berlijn&quot;,&quot;fr&quot;:&quot;Vol aller-retour pour Berlin&quot;,&quot;de&quot;:&quot;Vol Hin- und R\\u00fcckflug nach Berlin&quot;},&quot;price&quot;:false,&quot;status&quot;:&quot;disabled&quot;,&quot;language_hidden&quot;:[],&quot;startIncrement&quot;:0,&quot;endIncrement&quot;:0,&quot;var_name&quot;:&quot;flights2&quot;,&quot;category_label&quot;:{&quot;en&quot;:&quot;&quot;,&quot;nl&quot;:&quot;Vluchten&quot;,&quot;fr&quot;:&quot;Vols&quot;,&quot;de&quot;:&quot;Fl\\u00fcge&quot;}},{&quot;value&quot;:&quot;Hamburg&quot;,&quot;label&quot;:{&quot;en&quot;:&quot;&quot;,&quot;nl&quot;:&quot;Heen- en retourvlucht Hamburg&quot;,&quot;fr&quot;:&quot;Vol aller-retour pour Hambourg&quot;,&quot;de&quot;:&quot;Voll Hin- und R\\u00fcckfahrt nach Hamburg&quot;},&quot;price&quot;:false,&quot;status&quot;:&quot;disabled&quot;,&quot;language_hidden&quot;:[],&quot;startIncrement&quot;:0,&quot;endIncrement&quot;:0,&quot;var_name&quot;:&quot;flights2&quot;,&quot;category_label&quot;:{&quot;en&quot;:&quot;&quot;,&quot;nl&quot;:&quot;Vluchten&quot;,&quot;fr&quot;:&quot;Vols&quot;,&quot;de&quot;:&quot;Fl\\u00fcge&quot;}},{&quot;value&quot;:&quot;M\\u00fcnchen&quot;,&quot;label&quot;:{&quot;en&quot;:&quot;&quot;,&quot;nl&quot;:&quot;Heen- en retourvlucht M\\u00fcnchen&quot;,&quot;fr&quot;:&quot;Vol aller-retour pour Munich&quot;,&quot;de&quot;:&quot;Voll retour nach M\\u00fcnchen&quot;},&quot;price&quot;:false,&quot;status&quot;:&quot;disabled&quot;,&quot;language_hidden&quot;:[],&quot;startIncrement&quot;:0,&quot;endIncrement&quot;:0,&quot;var_name&quot;:&quot;flights2&quot;,&quot;category_label&quot;:{&quot;en&quot;:&quot;&quot;,&quot;nl&quot;:&quot;Vluchten&quot;,&quot;fr&quot;:&quot;Vols&quot;,&quot;de&quot;:&quot;Fl\\u00fcge&quot;}},{&quot;value&quot;:&quot;no flights&quot;,&quot;label&quot;:{&quot;en&quot;:&quot;&quot;,&quot;nl&quot;:&quot;Geen vluchten&quot;,&quot;fr&quot;:&quot;Pas de vol&quot;,&quot;de&quot;:&quot;Keine Pl\\u00e4tze mehr&quot;},&quot;price&quot;:0,&quot;status&quot;:&quot;available&quot;,&quot;language_hidden&quot;:[],&quot;startIncrement&quot;:0,&quot;endIncrement&quot;:0,&quot;var_name&quot;:&quot;flights2&quot;,&quot;category_label&quot;:{&quot;en&quot;:&quot;&quot;,&quot;nl&quot;:&quot;Vluchten&quot;,&quot;fr&quot;:&quot;Vols&quot;,&quot;de&quot;:&quot;Fl\\u00fcge&quot;}}],&quot;bookable&quot;:true,&quot;bookingUrl&quot;:&quot;https:\\\/\\\/booking.travelbase.eu\\\/jn26a\\\/book?trip=11406&quot;,&quot;packageId&quot;:&quot;JN-JN&quot;}},{&quot;type&quot;:&quot;departures&quot;,&quot;id&quot;:&quot;t11398&quot;,&quot;attributes&quot;:{&quot;name&quot;:&quot;JN26A-W41-WED&quot;,&quot;start&quot;:&quot;2026-10-07T10:00:00.000000Z&quot;,&quot;end&quot;:&quot;2026-10-14T12:00:00.000000Z&quot;,&quot;cheapestPrice&quot;:690,&quot;languages&quot;:[&quot;nl&quot;,&quot;fr&quot;,&quot;de&quot;],&quot;availableSpots&quot;:7,&quot;bookedSpots&quot;:4,&quot;fakeLabel&quot;:&quot;&quot;,&quot;availabilityLabel&quot;:&quot;&quot;,&quot;promoLabel&quot;:null,&quot;calendarToggles&quot;:[{&quot;value&quot;:&quot;Brussels&quot;,&quot;label&quot;:{&quot;en&quot;:&quot;&quot;,&quot;nl&quot;:&quot;Heen- en retourvlucht Brussel&quot;,&quot;fr&quot;:&quot;Vols aller\\\/retour depuis Bruxelles&quot;,&quot;de&quot;:&quot;Fl\\u00fcge hin\\\/zur\\u00fcck von Br\\u00fcssel&quot;},&quot;price&quot;:false,&quot;status&quot;:&quot;disabled&quot;,&quot;language_hidden&quot;:[],&quot;startIncrement&quot;:0,&quot;endIncrement&quot;:0,&quot;var_name&quot;:&quot;flights2&quot;,&quot;category_label&quot;:{&quot;en&quot;:&quot;&quot;,&quot;nl&quot;:&quot;Vluchten&quot;,&quot;fr&quot;:&quot;Vols&quot;,&quot;de&quot;:&quot;Fl\\u00fcge&quot;}},{&quot;value&quot;:&quot;Amsterdam&quot;,&quot;label&quot;:{&quot;en&quot;:&quot;&quot;,&quot;nl&quot;:&quot;Heen- en retourvlucht Amsterdam&quot;,&quot;fr&quot;:&quot;Vols aller\\\/retour depuis Amsterdam&quot;,&quot;de&quot;:&quot;Fl\\u00fcge Hin\\\/R\\u00fcck von Amsterdam&quot;},&quot;price&quot;:495,&quot;status&quot;:&quot;available&quot;,&quot;language_hidden&quot;:[],&quot;startIncrement&quot;:0,&quot;endIncrement&quot;:0,&quot;var_name&quot;:&quot;flights2&quot;,&quot;category_label&quot;:{&quot;en&quot;:&quot;&quot;,&quot;nl&quot;:&quot;Vluchten&quot;,&quot;fr&quot;:&quot;Vols&quot;,&quot;de&quot;:&quot;Fl\\u00fcge&quot;}},{&quot;value&quot;:&quot;Paris&quot;,&quot;label&quot;:{&quot;en&quot;:&quot;&quot;,&quot;nl&quot;:&quot;Heen- en retourvlucht Parijs&quot;,&quot;fr&quot;:&quot;Vols aller\\\/retour depuis Paris&quot;,&quot;de&quot;:&quot;Fl\\u00fcge Hin\\\/R\\u00fcck von Paris&quot;},&quot;price&quot;:false,&quot;status&quot;:&quot;sold_out&quot;,&quot;language_hidden&quot;:[],&quot;startIncrement&quot;:0,&quot;endIncrement&quot;:0,&quot;var_name&quot;:&quot;flights2&quot;,&quot;category_label&quot;:{&quot;en&quot;:&quot;&quot;,&quot;nl&quot;:&quot;Vluchten&quot;,&quot;fr&quot;:&quot;Vols&quot;,&quot;de&quot;:&quot;Fl\\u00fcge&quot;}},{&quot;value&quot;:&quot;Dusseldorf&quot;,&quot;label&quot;:{&quot;en&quot;:&quot;&quot;,&quot;nl&quot;:&quot;Heen- en retourvlucht D\\u00fcsseldorf&quot;,&quot;fr&quot;:&quot;Vols aller\\\/retour depuis Dusseldorf &quot;,&quot;de&quot;:&quot;Fl\\u00fcge hin\\\/zur\\u00fcck von D\\u00fcsseldorf&quot;},&quot;price&quot;:772,&quot;status&quot;:&quot;available&quot;,&quot;language_hidden&quot;:[],&quot;startIncrement&quot;:0,&quot;endIncrement&quot;:0,&quot;var_name&quot;:&quot;flights2&quot;,&quot;category_label&quot;:{&quot;en&quot;:&quot;&quot;,&quot;nl&quot;:&quot;Vluchten&quot;,&quot;fr&quot;:&quot;Vols&quot;,&quot;de&quot;:&quot;Fl\\u00fcge&quot;}},{&quot;value&quot;:&quot;Frankfurt&quot;,&quot;label&quot;:{&quot;en&quot;:&quot;&quot;,&quot;nl&quot;:&quot;Heen- en retourvlucht Frankfurt&quot;,&quot;fr&quot;:&quot;Vol aller-retour vers Francfort&quot;,&quot;de&quot;:&quot;Voll Hin- und R\\u00fcckflug nach Frankfurt&quot;},&quot;price&quot;:false,&quot;status&quot;:&quot;disabled&quot;,&quot;language_hidden&quot;:[],&quot;startIncrement&quot;:0,&quot;endIncrement&quot;:0,&quot;var_name&quot;:&quot;flights2&quot;,&quot;category_label&quot;:{&quot;en&quot;:&quot;&quot;,&quot;nl&quot;:&quot;Vluchten&quot;,&quot;fr&quot;:&quot;Vols&quot;,&quot;de&quot;:&quot;Fl\\u00fcge&quot;}},{&quot;value&quot;:&quot;Berlin&quot;,&quot;label&quot;:{&quot;en&quot;:&quot;&quot;,&quot;nl&quot;:&quot;Heen- en retourvlucht Berlijn&quot;,&quot;fr&quot;:&quot;Vol aller-retour pour Berlin&quot;,&quot;de&quot;:&quot;Vol Hin- und R\\u00fcckflug nach Berlin&quot;},&quot;price&quot;:false,&quot;status&quot;:&quot;disabled&quot;,&quot;language_hidden&quot;:[],&quot;startIncrement&quot;:0,&quot;endIncrement&quot;:0,&quot;var_name&quot;:&quot;flights2&quot;,&quot;category_label&quot;:{&quot;en&quot;:&quot;&quot;,&quot;nl&quot;:&quot;Vluchten&quot;,&quot;fr&quot;:&quot;Vols&quot;,&quot;de&quot;:&quot;Fl\\u00fcge&quot;}},{&quot;value&quot;:&quot;Hamburg&quot;,&quot;label&quot;:{&quot;en&quot;:&quot;&quot;,&quot;nl&quot;:&quot;Heen- en retourvlucht Hamburg&quot;,&quot;fr&quot;:&quot;Vol aller-retour pour Hambourg&quot;,&quot;de&quot;:&quot;Voll Hin- und R\\u00fcckfahrt nach Hamburg&quot;},&quot;price&quot;:700,&quot;status&quot;:&quot;available&quot;,&quot;language_hidden&quot;:[],&quot;startIncrement&quot;:0,&quot;endIncrement&quot;:0,&quot;var_name&quot;:&quot;flights2&quot;,&quot;category_label&quot;:{&quot;en&quot;:&quot;&quot;,&quot;nl&quot;:&quot;Vluchten&quot;,&quot;fr&quot;:&quot;Vols&quot;,&quot;de&quot;:&quot;Fl\\u00fcge&quot;}},{&quot;value&quot;:&quot;M\\u00fcnchen&quot;,&quot;label&quot;:{&quot;en&quot;:&quot;&quot;,&quot;nl&quot;:&quot;Heen- en retourvlucht M\\u00fcnchen&quot;,&quot;fr&quot;:&quot;Vol aller-retour pour Munich&quot;,&quot;de&quot;:&quot;Voll retour nach M\\u00fcnchen&quot;},&quot;price&quot;:1047,&quot;status&quot;:&quot;available&quot;,&quot;language_hidden&quot;:[],&quot;startIncrement&quot;:0,&quot;endIncrement&quot;:0,&quot;var_name&quot;:&quot;flights2&quot;,&quot;category_label&quot;:{&quot;en&quot;:&quot;&quot;,&quot;nl&quot;:&quot;Vluchten&quot;,&quot;fr&quot;:&quot;Vols&quot;,&quot;de&quot;:&quot;Fl\\u00fcge&quot;}},{&quot;value&quot;:&quot;no flights&quot;,&quot;label&quot;:{&quot;en&quot;:&quot;&quot;,&quot;nl&quot;:&quot;Geen vluchten&quot;,&quot;fr&quot;:&quot;Pas de vol&quot;,&quot;de&quot;:&quot;Keine Pl\\u00e4tze mehr&quot;},&quot;price&quot;:0,&quot;status&quot;:&quot;available&quot;,&quot;language_hidden&quot;:[],&quot;startIncrement&quot;:0,&quot;endIncrement&quot;:0,&quot;var_name&quot;:&quot;flights2&quot;,&quot;category_label&quot;:{&quot;en&quot;:&quot;&quot;,&quot;nl&quot;:&quot;Vluchten&quot;,&quot;fr&quot;:&quot;Vols&quot;,&quot;de&quot;:&quot;Fl\\u00fcge&quot;}}],&quot;bookable&quot;:true,&quot;bookingUrl&quot;:&quot;https:\\\/\\\/booking.travelbase.eu\\\/jn26a\\\/book?trip=11398&quot;,&quot;packageId&quot;:&quot;JN-JN&quot;}},{&quot;type&quot;:&quot;departures&quot;,&quot;id&quot;:&quot;t11407&quot;,&quot;attributes&quot;:{&quot;name&quot;:&quot;JN26A-W42-SUN&quot;,&quot;start&quot;:&quot;2026-10-11T10:00:00.000000Z&quot;,&quot;end&quot;:&quot;2026-10-18T12:00:00.000000Z&quot;,&quot;cheapestPrice&quot;:690,&quot;languages&quot;:[&quot;nl&quot;,&quot;fr&quot;,&quot;de&quot;],&quot;availableSpots&quot;:1,&quot;bookedSpots&quot;:0,&quot;fakeLabel&quot;:&quot;&quot;,&quot;availabilityLabel&quot;:&quot;&quot;,&quot;promoLabel&quot;:null,&quot;calendarToggles&quot;:[{&quot;value&quot;:&quot;Brussels&quot;,&quot;label&quot;:{&quot;en&quot;:&quot;&quot;,&quot;nl&quot;:&quot;Heen- en retourvlucht Brussel&quot;,&quot;fr&quot;:&quot;Vols aller\\\/retour depuis Bruxelles&quot;,&quot;de&quot;:&quot;Fl\\u00fcge hin\\\/zur\\u00fcck von Br\\u00fcssel&quot;},&quot;price&quot;:false,&quot;status&quot;:&quot;disabled&quot;,&quot;language_hidden&quot;:[],&quot;startIncrement&quot;:0,&quot;endIncrement&quot;:0,&quot;var_name&quot;:&quot;flights2&quot;,&quot;category_label&quot;:{&quot;en&quot;:&quot;&quot;,&quot;nl&quot;:&quot;Vluchten&quot;,&quot;fr&quot;:&quot;Vols&quot;,&quot;de&quot;:&quot;Fl\\u00fcge&quot;}},{&quot;value&quot;:&quot;Amsterdam&quot;,&quot;label&quot;:{&quot;en&quot;:&quot;&quot;,&quot;nl&quot;:&quot;Heen- en retourvlucht Amsterdam&quot;,&quot;fr&quot;:&quot;Vols aller\\\/retour depuis Amsterdam&quot;,&quot;de&quot;:&quot;Fl\\u00fcge Hin\\\/R\\u00fcck von Amsterdam&quot;},&quot;price&quot;:false,&quot;status&quot;:&quot;disabled&quot;,&quot;language_hidden&quot;:[],&quot;startIncrement&quot;:0,&quot;endIncrement&quot;:0,&quot;var_name&quot;:&quot;flights2&quot;,&quot;category_label&quot;:{&quot;en&quot;:&quot;&quot;,&quot;nl&quot;:&quot;Vluchten&quot;,&quot;fr&quot;:&quot;Vols&quot;,&quot;de&quot;:&quot;Fl\\u00fcge&quot;}},{&quot;value&quot;:&quot;Paris&quot;,&quot;label&quot;:{&quot;en&quot;:&quot;&quot;,&quot;nl&quot;:&quot;Heen- en retourvlucht Parijs&quot;,&quot;fr&quot;:&quot;Vols aller\\\/retour depuis Paris&quot;,&quot;de&quot;:&quot;Fl\\u00fcge Hin\\\/R\\u00fcck von Paris&quot;},&quot;price&quot;:false,&quot;status&quot;:&quot;disabled&quot;,&quot;language_hidden&quot;:[],&quot;startIncrement&quot;:0,&quot;endIncrement&quot;:0,&quot;var_name&quot;:&quot;flights2&quot;,&quot;category_label&quot;:{&quot;en&quot;:&quot;&quot;,&quot;nl&quot;:&quot;Vluchten&quot;,&quot;fr&quot;:&quot;Vols&quot;,&quot;de&quot;:&quot;Fl\\u00fcge&quot;}},{&quot;value&quot;:&quot;Dusseldorf&quot;,&quot;label&quot;:{&quot;en&quot;:&quot;&quot;,&quot;nl&quot;:&quot;Heen- en retourvlucht D\\u00fcsseldorf&quot;,&quot;fr&quot;:&quot;Vols aller\\\/retour depuis Dusseldorf &quot;,&quot;de&quot;:&quot;Fl\\u00fcge hin\\\/zur\\u00fcck von D\\u00fcsseldorf&quot;},&quot;price&quot;:false,&quot;status&quot;:&quot;disabled&quot;,&quot;language_hidden&quot;:[],&quot;startIncrement&quot;:0,&quot;endIncrement&quot;:0,&quot;var_name&quot;:&quot;flights2&quot;,&quot;category_label&quot;:{&quot;en&quot;:&quot;&quot;,&quot;nl&quot;:&quot;Vluchten&quot;,&quot;fr&quot;:&quot;Vols&quot;,&quot;de&quot;:&quot;Fl\\u00fcge&quot;}},{&quot;value&quot;:&quot;Frankfurt&quot;,&quot;label&quot;:{&quot;en&quot;:&quot;&quot;,&quot;nl&quot;:&quot;Heen- en retourvlucht Frankfurt&quot;,&quot;fr&quot;:&quot;Vol aller-retour vers Francfort&quot;,&quot;de&quot;:&quot;Voll Hin- und R\\u00fcckflug nach Frankfurt&quot;},&quot;price&quot;:false,&quot;status&quot;:&quot;disabled&quot;,&quot;language_hidden&quot;:[],&quot;startIncrement&quot;:0,&quot;endIncrement&quot;:0,&quot;var_name&quot;:&quot;flights2&quot;,&quot;category_label&quot;:{&quot;en&quot;:&quot;&quot;,&quot;nl&quot;:&quot;Vluchten&quot;,&quot;fr&quot;:&quot;Vols&quot;,&quot;de&quot;:&quot;Fl\\u00fcge&quot;}},{&quot;value&quot;:&quot;Berlin&quot;,&quot;label&quot;:{&quot;en&quot;:&quot;&quot;,&quot;nl&quot;:&quot;Heen- en retourvlucht Berlijn&quot;,&quot;fr&quot;:&quot;Vol aller-retour pour Berlin&quot;,&quot;de&quot;:&quot;Vol Hin- und R\\u00fcckflug nach Berlin&quot;},&quot;price&quot;:false,&quot;status&quot;:&quot;disabled&quot;,&quot;language_hidden&quot;:[],&quot;startIncrement&quot;:0,&quot;endIncrement&quot;:0,&quot;var_name&quot;:&quot;flights2&quot;,&quot;category_label&quot;:{&quot;en&quot;:&quot;&quot;,&quot;nl&quot;:&quot;Vluchten&quot;,&quot;fr&quot;:&quot;Vols&quot;,&quot;de&quot;:&quot;Fl\\u00fcge&quot;}},{&quot;value&quot;:&quot;Hamburg&quot;,&quot;label&quot;:{&quot;en&quot;:&quot;&quot;,&quot;nl&quot;:&quot;Heen- en retourvlucht Hamburg&quot;,&quot;fr&quot;:&quot;Vol aller-retour pour Hambourg&quot;,&quot;de&quot;:&quot;Voll Hin- und R\\u00fcckfahrt nach Hamburg&quot;},&quot;price&quot;:false,&quot;status&quot;:&quot;disabled&quot;,&quot;language_hidden&quot;:[],&quot;startIncrement&quot;:0,&quot;endIncrement&quot;:0,&quot;var_name&quot;:&quot;flights2&quot;,&quot;category_label&quot;:{&quot;en&quot;:&quot;&quot;,&quot;nl&quot;:&quot;Vluchten&quot;,&quot;fr&quot;:&quot;Vols&quot;,&quot;de&quot;:&quot;Fl\\u00fcge&quot;}},{&quot;value&quot;:&quot;M\\u00fcnchen&quot;,&quot;label&quot;:{&quot;en&quot;:&quot;&quot;,&quot;nl&quot;:&quot;Heen- en retourvlucht M\\u00fcnchen&quot;,&quot;fr&quot;:&quot;Vol aller-retour pour Munich&quot;,&quot;de&quot;:&quot;Voll retour nach M\\u00fcnchen&quot;},&quot;price&quot;:0,&quot;status&quot;:&quot;available&quot;,&quot;language_hidden&quot;:[],&quot;startIncrement&quot;:0,&quot;endIncrement&quot;:0,&quot;var_name&quot;:&quot;flights2&quot;,&quot;category_label&quot;:{&quot;en&quot;:&quot;&quot;,&quot;nl&quot;:&quot;Vluchten&quot;,&quot;fr&quot;:&quot;Vols&quot;,&quot;de&quot;:&quot;Fl\\u00fcge&quot;}},{&quot;value&quot;:&quot;no flights&quot;,&quot;label&quot;:{&quot;en&quot;:&quot;&quot;,&quot;nl&quot;:&quot;Geen vluchten&quot;,&quot;fr&quot;:&quot;Pas de vol&quot;,&quot;de&quot;:&quot;Keine Pl\\u00e4tze mehr&quot;},&quot;price&quot;:0,&quot;status&quot;:&quot;available&quot;,&quot;language_hidden&quot;:[],&quot;startIncrement&quot;:0,&quot;endIncrement&quot;:0,&quot;var_name&quot;:&quot;flights2&quot;,&quot;category_label&quot;:{&quot;en&quot;:&quot;&quot;,&quot;nl&quot;:&quot;Vluchten&quot;,&quot;fr&quot;:&quot;Vols&quot;,&quot;de&quot;:&quot;Fl\\u00fcge&quot;}}],&quot;bookable&quot;:true,&quot;bookingUrl&quot;:&quot;https:\\\/\\\/booking.travelbase.eu\\\/jn26a\\\/book?trip=11407&quot;,&quot;packageId&quot;:&quot;JN-JN&quot;}},{&quot;type&quot;:&quot;departures&quot;,&quot;id&quot;:&quot;t11399&quot;,&quot;attributes&quot;:{&quot;name&quot;:&quot;JN26A-W42-WED&quot;,&quot;start&quot;:&quot;2026-10-14T10:00:00.000000Z&quot;,&quot;end&quot;:&quot;2026-10-21T12:00:00.000000Z&quot;,&quot;cheapestPrice&quot;:690,&quot;languages&quot;:[&quot;nl&quot;,&quot;fr&quot;,&quot;de&quot;],&quot;availableSpots&quot;:7,&quot;bookedSpots&quot;:4,&quot;fakeLabel&quot;:&quot;&quot;,&quot;availabilityLabel&quot;:&quot;&quot;,&quot;promoLabel&quot;:null,&quot;calendarToggles&quot;:[{&quot;value&quot;:&quot;Brussels&quot;,&quot;label&quot;:{&quot;en&quot;:&quot;&quot;,&quot;nl&quot;:&quot;Heen- en retourvlucht Brussel&quot;,&quot;fr&quot;:&quot;Vols aller\\\/retour depuis Bruxelles&quot;,&quot;de&quot;:&quot;Fl\\u00fcge hin\\\/zur\\u00fcck von Br\\u00fcssel&quot;},&quot;price&quot;:false,&quot;status&quot;:&quot;disabled&quot;,&quot;language_hidden&quot;:[],&quot;startIncrement&quot;:0,&quot;endIncrement&quot;:0,&quot;var_name&quot;:&quot;flights2&quot;,&quot;category_label&quot;:{&quot;en&quot;:&quot;&quot;,&quot;nl&quot;:&quot;Vluchten&quot;,&quot;fr&quot;:&quot;Vols&quot;,&quot;de&quot;:&quot;Fl\\u00fcge&quot;}},{&quot;value&quot;:&quot;Amsterdam&quot;,&quot;label&quot;:{&quot;en&quot;:&quot;&quot;,&quot;nl&quot;:&quot;Heen- en retourvlucht Amsterdam&quot;,&quot;fr&quot;:&quot;Vols aller\\\/retour depuis Amsterdam&quot;,&quot;de&quot;:&quot;Fl\\u00fcge Hin\\\/R\\u00fcck von Amsterdam&quot;},&quot;price&quot;:515,&quot;status&quot;:&quot;available&quot;,&quot;language_hidden&quot;:[],&quot;startIncrement&quot;:0,&quot;endIncrement&quot;:0,&quot;var_name&quot;:&quot;flights2&quot;,&quot;category_label&quot;:{&quot;en&quot;:&quot;&quot;,&quot;nl&quot;:&quot;Vluchten&quot;,&quot;fr&quot;:&quot;Vols&quot;,&quot;de&quot;:&quot;Fl\\u00fcge&quot;}},{&quot;value&quot;:&quot;Paris&quot;,&quot;label&quot;:{&quot;en&quot;:&quot;&quot;,&quot;nl&quot;:&quot;Heen- en retourvlucht Parijs&quot;,&quot;fr&quot;:&quot;Vols aller\\\/retour depuis Paris&quot;,&quot;de&quot;:&quot;Fl\\u00fcge Hin\\\/R\\u00fcck von Paris&quot;},&quot;price&quot;:495,&quot;status&quot;:&quot;available&quot;,&quot;language_hidden&quot;:[],&quot;startIncrement&quot;:0,&quot;endIncrement&quot;:0,&quot;var_name&quot;:&quot;flights2&quot;,&quot;category_label&quot;:{&quot;en&quot;:&quot;&quot;,&quot;nl&quot;:&quot;Vluchten&quot;,&quot;fr&quot;:&quot;Vols&quot;,&quot;de&quot;:&quot;Fl\\u00fcge&quot;}},{&quot;value&quot;:&quot;Dusseldorf&quot;,&quot;label&quot;:{&quot;en&quot;:&quot;&quot;,&quot;nl&quot;:&quot;Heen- en retourvlucht D\\u00fcsseldorf&quot;,&quot;fr&quot;:&quot;Vols aller\\\/retour depuis Dusseldorf &quot;,&quot;de&quot;:&quot;Fl\\u00fcge hin\\\/zur\\u00fcck von D\\u00fcsseldorf&quot;},&quot;price&quot;:861,&quot;status&quot;:&quot;available&quot;,&quot;language_hidden&quot;:[],&quot;startIncrement&quot;:0,&quot;endIncrement&quot;:0,&quot;var_name&quot;:&quot;flights2&quot;,&quot;category_label&quot;:{&quot;en&quot;:&quot;&quot;,&quot;nl&quot;:&quot;Vluchten&quot;,&quot;fr&quot;:&quot;Vols&quot;,&quot;de&quot;:&quot;Fl\\u00fcge&quot;}},{&quot;value&quot;:&quot;Frankfurt&quot;,&quot;label&quot;:{&quot;en&quot;:&quot;&quot;,&quot;nl&quot;:&quot;Heen- en retourvlucht Frankfurt&quot;,&quot;fr&quot;:&quot;Vol aller-retour vers Francfort&quot;,&quot;de&quot;:&quot;Voll Hin- und R\\u00fcckflug nach Frankfurt&quot;},&quot;price&quot;:886,&quot;status&quot;:&quot;available&quot;,&quot;language_hidden&quot;:[],&quot;startIncrement&quot;:0,&quot;endIncrement&quot;:0,&quot;var_name&quot;:&quot;flights2&quot;,&quot;category_label&quot;:{&quot;en&quot;:&quot;&quot;,&quot;nl&quot;:&quot;Vluchten&quot;,&quot;fr&quot;:&quot;Vols&quot;,&quot;de&quot;:&quot;Fl\\u00fcge&quot;}},{&quot;value&quot;:&quot;Berlin&quot;,&quot;label&quot;:{&quot;en&quot;:&quot;&quot;,&quot;nl&quot;:&quot;Heen- en retourvlucht Berlijn&quot;,&quot;fr&quot;:&quot;Vol aller-retour pour Berlin&quot;,&quot;de&quot;:&quot;Vol Hin- und R\\u00fcckflug nach Berlin&quot;},&quot;price&quot;:491,&quot;status&quot;:&quot;available&quot;,&quot;language_hidden&quot;:[],&quot;startIncrement&quot;:0,&quot;endIncrement&quot;:0,&quot;var_name&quot;:&quot;flights2&quot;,&quot;category_label&quot;:{&quot;en&quot;:&quot;&quot;,&quot;nl&quot;:&quot;Vluchten&quot;,&quot;fr&quot;:&quot;Vols&quot;,&quot;de&quot;:&quot;Fl\\u00fcge&quot;}},{&quot;value&quot;:&quot;Hamburg&quot;,&quot;label&quot;:{&quot;en&quot;:&quot;&quot;,&quot;nl&quot;:&quot;Heen- en retourvlucht Hamburg&quot;,&quot;fr&quot;:&quot;Vol aller-retour pour Hambourg&quot;,&quot;de&quot;:&quot;Voll Hin- und R\\u00fcckfahrt nach Hamburg&quot;},&quot;price&quot;:700,&quot;status&quot;:&quot;available&quot;,&quot;language_hidden&quot;:[],&quot;startIncrement&quot;:0,&quot;endIncrement&quot;:0,&quot;var_name&quot;:&quot;flights2&quot;,&quot;category_label&quot;:{&quot;en&quot;:&quot;&quot;,&quot;nl&quot;:&quot;Vluchten&quot;,&quot;fr&quot;:&quot;Vols&quot;,&quot;de&quot;:&quot;Fl\\u00fcge&quot;}},{&quot;value&quot;:&quot;M\\u00fcnchen&quot;,&quot;label&quot;:{&quot;en&quot;:&quot;&quot;,&quot;nl&quot;:&quot;Heen- en retourvlucht M\\u00fcnchen&quot;,&quot;fr&quot;:&quot;Vol aller-retour pour Munich&quot;,&quot;de&quot;:&quot;Voll retour nach M\\u00fcnchen&quot;},&quot;price&quot;:703,&quot;status&quot;:&quot;available&quot;,&quot;language_hidden&quot;:[],&quot;startIncrement&quot;:0,&quot;endIncrement&quot;:0,&quot;var_name&quot;:&quot;flights2&quot;,&quot;category_label&quot;:{&quot;en&quot;:&quot;&quot;,&quot;nl&quot;:&quot;Vluchten&quot;,&quot;fr&quot;:&quot;Vols&quot;,&quot;de&quot;:&quot;Fl\\u00fcge&quot;}},{&quot;value&quot;:&quot;no flights&quot;,&quot;label&quot;:{&quot;en&quot;:&quot;&quot;,&quot;nl&quot;:&quot;Geen vluchten&quot;,&quot;fr&quot;:&quot;Pas de vol&quot;,&quot;de&quot;:&quot;Keine Pl\\u00e4tze mehr&quot;},&quot;price&quot;:0,&quot;status&quot;:&quot;available&quot;,&quot;language_hidden&quot;:[],&quot;startIncrement&quot;:0,&quot;endIncrement&quot;:0,&quot;var_name&quot;:&quot;flights2&quot;,&quot;category_label&quot;:{&quot;en&quot;:&quot;&quot;,&quot;nl&quot;:&quot;Vluchten&quot;,&quot;fr&quot;:&quot;Vols&quot;,&quot;de&quot;:&quot;Fl\\u00fcge&quot;}}],&quot;bookable&quot;:true,&quot;bookingUrl&quot;:&quot;https:\\\/\\\/booking.travelbase.eu\\\/jn26a\\\/book?trip=11399&quot;,&quot;packageId&quot;:&quot;JN-JN&quot;}},{&quot;type&quot;:&quot;departures&quot;,&quot;id&quot;:&quot;t11408&quot;,&quot;attributes&quot;:{&quot;name&quot;:&quot;JN26A-W43-SUN&quot;,&quot;start&quot;:&quot;2026-10-18T10:00:00.000000Z&quot;,&quot;end&quot;:&quot;2026-10-25T13:00:00.000000Z&quot;,&quot;cheapestPrice&quot;:690,&quot;languages&quot;:[&quot;nl&quot;,&quot;fr&quot;,&quot;de&quot;],&quot;availableSpots&quot;:1,&quot;bookedSpots&quot;:0,&quot;fakeLabel&quot;:&quot;sold out&quot;,&quot;availabilityLabel&quot;:&quot;sold out&quot;,&quot;promoLabel&quot;:null,&quot;calendarToggles&quot;:[{&quot;value&quot;:&quot;Brussels&quot;,&quot;label&quot;:{&quot;en&quot;:&quot;&quot;,&quot;nl&quot;:&quot;Heen- en retourvlucht Brussel&quot;,&quot;fr&quot;:&quot;Vols aller\\\/retour depuis Bruxelles&quot;,&quot;de&quot;:&quot;Fl\\u00fcge hin\\\/zur\\u00fcck von Br\\u00fcssel&quot;},&quot;price&quot;:false,&quot;status&quot;:&quot;disabled&quot;,&quot;language_hidden&quot;:[],&quot;startIncrement&quot;:0,&quot;endIncrement&quot;:0,&quot;var_name&quot;:&quot;flights2&quot;,&quot;category_label&quot;:{&quot;en&quot;:&quot;&quot;,&quot;nl&quot;:&quot;Vluchten&quot;,&quot;fr&quot;:&quot;Vols&quot;,&quot;de&quot;:&quot;Fl\\u00fcge&quot;}},{&quot;value&quot;:&quot;Amsterdam&quot;,&quot;label&quot;:{&quot;en&quot;:&quot;&quot;,&quot;nl&quot;:&quot;Heen- en retourvlucht Amsterdam&quot;,&quot;fr&quot;:&quot;Vols aller\\\/retour depuis Amsterdam&quot;,&quot;de&quot;:&quot;Fl\\u00fcge Hin\\\/R\\u00fcck von Amsterdam&quot;},&quot;price&quot;:false,&quot;status&quot;:&quot;disabled&quot;,&quot;language_hidden&quot;:[],&quot;startIncrement&quot;:0,&quot;endIncrement&quot;:0,&quot;var_name&quot;:&quot;flights2&quot;,&quot;category_label&quot;:{&quot;en&quot;:&quot;&quot;,&quot;nl&quot;:&quot;Vluchten&quot;,&quot;fr&quot;:&quot;Vols&quot;,&quot;de&quot;:&quot;Fl\\u00fcge&quot;}},{&quot;value&quot;:&quot;Paris&quot;,&quot;label&quot;:{&quot;en&quot;:&quot;&quot;,&quot;nl&quot;:&quot;Heen- en retourvlucht Parijs&quot;,&quot;fr&quot;:&quot;Vols aller\\\/retour depuis Paris&quot;,&quot;de&quot;:&quot;Fl\\u00fcge Hin\\\/R\\u00fcck von Paris&quot;},&quot;price&quot;:false,&quot;status&quot;:&quot;disabled&quot;,&quot;language_hidden&quot;:[],&quot;startIncrement&quot;:0,&quot;endIncrement&quot;:0,&quot;var_name&quot;:&quot;flights2&quot;,&quot;category_label&quot;:{&quot;en&quot;:&quot;&quot;,&quot;nl&quot;:&quot;Vluchten&quot;,&quot;fr&quot;:&quot;Vols&quot;,&quot;de&quot;:&quot;Fl\\u00fcge&quot;}},{&quot;value&quot;:&quot;Dusseldorf&quot;,&quot;label&quot;:{&quot;en&quot;:&quot;&quot;,&quot;nl&quot;:&quot;Heen- en retourvlucht D\\u00fcsseldorf&quot;,&quot;fr&quot;:&quot;Vols aller\\\/retour depuis Dusseldorf &quot;,&quot;de&quot;:&quot;Fl\\u00fcge hin\\\/zur\\u00fcck von D\\u00fcsseldorf&quot;},&quot;price&quot;:false,&quot;status&quot;:&quot;disabled&quot;,&quot;language_hidden&quot;:[],&quot;startIncrement&quot;:0,&quot;endIncrement&quot;:0,&quot;var_name&quot;:&quot;flights2&quot;,&quot;category_label&quot;:{&quot;en&quot;:&quot;&quot;,&quot;nl&quot;:&quot;Vluchten&quot;,&quot;fr&quot;:&quot;Vols&quot;,&quot;de&quot;:&quot;Fl\\u00fcge&quot;}},{&quot;value&quot;:&quot;Frankfurt&quot;,&quot;label&quot;:{&quot;en&quot;:&quot;&quot;,&quot;nl&quot;:&quot;Heen- en retourvlucht Frankfurt&quot;,&quot;fr&quot;:&quot;Vol aller-retour vers Francfort&quot;,&quot;de&quot;:&quot;Voll Hin- und R\\u00fcckflug nach Frankfurt&quot;},&quot;price&quot;:false,&quot;status&quot;:&quot;disabled&quot;,&quot;language_hidden&quot;:[],&quot;startIncrement&quot;:0,&quot;endIncrement&quot;:0,&quot;var_name&quot;:&quot;flights2&quot;,&quot;category_label&quot;:{&quot;en&quot;:&quot;&quot;,&quot;nl&quot;:&quot;Vluchten&quot;,&quot;fr&quot;:&quot;Vols&quot;,&quot;de&quot;:&quot;Fl\\u00fcge&quot;}},{&quot;value&quot;:&quot;Berlin&quot;,&quot;label&quot;:{&quot;en&quot;:&quot;&quot;,&quot;nl&quot;:&quot;Heen- en retourvlucht Berlijn&quot;,&quot;fr&quot;:&quot;Vol aller-retour pour Berlin&quot;,&quot;de&quot;:&quot;Vol Hin- und R\\u00fcckflug nach Berlin&quot;},&quot;price&quot;:false,&quot;status&quot;:&quot;disabled&quot;,&quot;language_hidden&quot;:[],&quot;startIncrement&quot;:0,&quot;endIncrement&quot;:0,&quot;var_name&quot;:&quot;flights2&quot;,&quot;category_label&quot;:{&quot;en&quot;:&quot;&quot;,&quot;nl&quot;:&quot;Vluchten&quot;,&quot;fr&quot;:&quot;Vols&quot;,&quot;de&quot;:&quot;Fl\\u00fcge&quot;}},{&quot;value&quot;:&quot;Hamburg&quot;,&quot;label&quot;:{&quot;en&quot;:&quot;&quot;,&quot;nl&quot;:&quot;Heen- en retourvlucht Hamburg&quot;,&quot;fr&quot;:&quot;Vol aller-retour pour Hambourg&quot;,&quot;de&quot;:&quot;Voll Hin- und R\\u00fcckfahrt nach Hamburg&quot;},&quot;price&quot;:false,&quot;status&quot;:&quot;disabled&quot;,&quot;language_hidden&quot;:[],&quot;startIncrement&quot;:0,&quot;endIncrement&quot;:0,&quot;var_name&quot;:&quot;flights2&quot;,&quot;category_label&quot;:{&quot;en&quot;:&quot;&quot;,&quot;nl&quot;:&quot;Vluchten&quot;,&quot;fr&quot;:&quot;Vols&quot;,&quot;de&quot;:&quot;Fl\\u00fcge&quot;}},{&quot;value&quot;:&quot;M\\u00fcnchen&quot;,&quot;label&quot;:{&quot;en&quot;:&quot;&quot;,&quot;nl&quot;:&quot;Heen- en retourvlucht M\\u00fcnchen&quot;,&quot;fr&quot;:&quot;Vol aller-retour pour Munich&quot;,&quot;de&quot;:&quot;Voll retour nach M\\u00fcnchen&quot;},&quot;price&quot;:false,&quot;status&quot;:&quot;disabled&quot;,&quot;language_hidden&quot;:[],&quot;startIncrement&quot;:0,&quot;endIncrement&quot;:0,&quot;var_name&quot;:&quot;flights2&quot;,&quot;category_label&quot;:{&quot;en&quot;:&quot;&quot;,&quot;nl&quot;:&quot;Vluchten&quot;,&quot;fr&quot;:&quot;Vols&quot;,&quot;de&quot;:&quot;Fl\\u00fcge&quot;}},{&quot;value&quot;:&quot;no flights&quot;,&quot;label&quot;:{&quot;en&quot;:&quot;&quot;,&quot;nl&quot;:&quot;Geen vluchten&quot;,&quot;fr&quot;:&quot;Pas de vol&quot;,&quot;de&quot;:&quot;Keine Pl\\u00e4tze mehr&quot;},&quot;price&quot;:0,&quot;status&quot;:&quot;available&quot;,&quot;language_hidden&quot;:[],&quot;startIncrement&quot;:0,&quot;endIncrement&quot;:0,&quot;var_name&quot;:&quot;flights2&quot;,&quot;category_label&quot;:{&quot;en&quot;:&quot;&quot;,&quot;nl&quot;:&quot;Vluchten&quot;,&quot;fr&quot;:&quot;Vols&quot;,&quot;de&quot;:&quot;Fl\\u00fcge&quot;}}],&quot;bookable&quot;:false,&quot;bookingUrl&quot;:&quot;https:\\\/\\\/booking.travelbase.eu\\\/jn26a\\\/book?trip=11408&quot;,&quot;packageId&quot;:&quot;JN-JN&quot;}},{&quot;type&quot;:&quot;departures&quot;,&quot;id&quot;:&quot;t11400&quot;,&quot;attributes&quot;:{&quot;name&quot;:&quot;JN26A-W43-WED&quot;,&quot;start&quot;:&quot;2026-10-21T10:00:00.000000Z&quot;,&quot;end&quot;:&quot;2026-10-28T13:00:00.000000Z&quot;,&quot;cheapestPrice&quot;:690,&quot;languages&quot;:[&quot;nl&quot;,&quot;fr&quot;,&quot;de&quot;],&quot;availableSpots&quot;:9,&quot;bookedSpots&quot;:2,&quot;fakeLabel&quot;:&quot;&quot;,&quot;availabilityLabel&quot;:&quot;&quot;,&quot;promoLabel&quot;:null,&quot;calendarToggles&quot;:[{&quot;value&quot;:&quot;Brussels&quot;,&quot;label&quot;:{&quot;en&quot;:&quot;&quot;,&quot;nl&quot;:&quot;Heen- en retourvlucht Brussel&quot;,&quot;fr&quot;:&quot;Vols aller\\\/retour depuis Bruxelles&quot;,&quot;de&quot;:&quot;Fl\\u00fcge hin\\\/zur\\u00fcck von Br\\u00fcssel&quot;},&quot;price&quot;:false,&quot;status&quot;:&quot;disabled&quot;,&quot;language_hidden&quot;:[],&quot;startIncrement&quot;:0,&quot;endIncrement&quot;:0,&quot;var_name&quot;:&quot;flights2&quot;,&quot;category_label&quot;:{&quot;en&quot;:&quot;&quot;,&quot;nl&quot;:&quot;Vluchten&quot;,&quot;fr&quot;:&quot;Vols&quot;,&quot;de&quot;:&quot;Fl\\u00fcge&quot;}},{&quot;value&quot;:&quot;Amsterdam&quot;,&quot;label&quot;:{&quot;en&quot;:&quot;&quot;,&quot;nl&quot;:&quot;Heen- en retourvlucht Amsterdam&quot;,&quot;fr&quot;:&quot;Vols aller\\\/retour depuis Amsterdam&quot;,&quot;de&quot;:&quot;Fl\\u00fcge Hin\\\/R\\u00fcck von Amsterdam&quot;},&quot;price&quot;:515,&quot;status&quot;:&quot;available&quot;,&quot;language_hidden&quot;:[],&quot;startIncrement&quot;:0,&quot;endIncrement&quot;:0,&quot;var_name&quot;:&quot;flights2&quot;,&quot;category_label&quot;:{&quot;en&quot;:&quot;&quot;,&quot;nl&quot;:&quot;Vluchten&quot;,&quot;fr&quot;:&quot;Vols&quot;,&quot;de&quot;:&quot;Fl\\u00fcge&quot;}},{&quot;value&quot;:&quot;Paris&quot;,&quot;label&quot;:{&quot;en&quot;:&quot;&quot;,&quot;nl&quot;:&quot;Heen- en retourvlucht Parijs&quot;,&quot;fr&quot;:&quot;Vols aller\\\/retour depuis Paris&quot;,&quot;de&quot;:&quot;Fl\\u00fcge Hin\\\/R\\u00fcck von Paris&quot;},&quot;price&quot;:515,&quot;status&quot;:&quot;available&quot;,&quot;language_hidden&quot;:[],&quot;startIncrement&quot;:0,&quot;endIncrement&quot;:0,&quot;var_name&quot;:&quot;flights2&quot;,&quot;category_label&quot;:{&quot;en&quot;:&quot;&quot;,&quot;nl&quot;:&quot;Vluchten&quot;,&quot;fr&quot;:&quot;Vols&quot;,&quot;de&quot;:&quot;Fl\\u00fcge&quot;}},{&quot;value&quot;:&quot;Dusseldorf&quot;,&quot;label&quot;:{&quot;en&quot;:&quot;&quot;,&quot;nl&quot;:&quot;Heen- en retourvlucht D\\u00fcsseldorf&quot;,&quot;fr&quot;:&quot;Vols aller\\\/retour depuis Dusseldorf &quot;,&quot;de&quot;:&quot;Fl\\u00fcge hin\\\/zur\\u00fcck von D\\u00fcsseldorf&quot;},&quot;price&quot;:772,&quot;status&quot;:&quot;available&quot;,&quot;language_hidden&quot;:[],&quot;startIncrement&quot;:0,&quot;endIncrement&quot;:0,&quot;var_name&quot;:&quot;flights2&quot;,&quot;category_label&quot;:{&quot;en&quot;:&quot;&quot;,&quot;nl&quot;:&quot;Vluchten&quot;,&quot;fr&quot;:&quot;Vols&quot;,&quot;de&quot;:&quot;Fl\\u00fcge&quot;}},{&quot;value&quot;:&quot;Frankfurt&quot;,&quot;label&quot;:{&quot;en&quot;:&quot;&quot;,&quot;nl&quot;:&quot;Heen- en retourvlucht Frankfurt&quot;,&quot;fr&quot;:&quot;Vol aller-retour vers Francfort&quot;,&quot;de&quot;:&quot;Voll Hin- und R\\u00fcckflug nach Frankfurt&quot;},&quot;price&quot;:false,&quot;status&quot;:&quot;disabled&quot;,&quot;language_hidden&quot;:[],&quot;startIncrement&quot;:0,&quot;endIncrement&quot;:0,&quot;var_name&quot;:&quot;flights2&quot;,&quot;category_label&quot;:{&quot;en&quot;:&quot;&quot;,&quot;nl&quot;:&quot;Vluchten&quot;,&quot;fr&quot;:&quot;Vols&quot;,&quot;de&quot;:&quot;Fl\\u00fcge&quot;}},{&quot;value&quot;:&quot;Berlin&quot;,&quot;label&quot;:{&quot;en&quot;:&quot;&quot;,&quot;nl&quot;:&quot;Heen- en retourvlucht Berlijn&quot;,&quot;fr&quot;:&quot;Vol aller-retour pour Berlin&quot;,&quot;de&quot;:&quot;Vol Hin- und R\\u00fcckflug nach Berlin&quot;},&quot;price&quot;:531,&quot;status&quot;:&quot;available&quot;,&quot;language_hidden&quot;:[],&quot;startIncrement&quot;:0,&quot;endIncrement&quot;:0,&quot;var_name&quot;:&quot;flights2&quot;,&quot;category_label&quot;:{&quot;en&quot;:&quot;&quot;,&quot;nl&quot;:&quot;Vluchten&quot;,&quot;fr&quot;:&quot;Vols&quot;,&quot;de&quot;:&quot;Fl\\u00fcge&quot;}},{&quot;value&quot;:&quot;Hamburg&quot;,&quot;label&quot;:{&quot;en&quot;:&quot;&quot;,&quot;nl&quot;:&quot;Heen- en retourvlucht Hamburg&quot;,&quot;fr&quot;:&quot;Vol aller-retour pour Hambourg&quot;,&quot;de&quot;:&quot;Voll Hin- und R\\u00fcckfahrt nach Hamburg&quot;},&quot;price&quot;:992,&quot;status&quot;:&quot;available&quot;,&quot;language_hidden&quot;:[],&quot;startIncrement&quot;:0,&quot;endIncrement&quot;:0,&quot;var_name&quot;:&quot;flights2&quot;,&quot;category_label&quot;:{&quot;en&quot;:&quot;&quot;,&quot;nl&quot;:&quot;Vluchten&quot;,&quot;fr&quot;:&quot;Vols&quot;,&quot;de&quot;:&quot;Fl\\u00fcge&quot;}},{&quot;value&quot;:&quot;M\\u00fcnchen&quot;,&quot;label&quot;:{&quot;en&quot;:&quot;&quot;,&quot;nl&quot;:&quot;Heen- en retourvlucht M\\u00fcnchen&quot;,&quot;fr&quot;:&quot;Vol aller-retour pour Munich&quot;,&quot;de&quot;:&quot;Voll retour nach M\\u00fcnchen&quot;},&quot;price&quot;:false,&quot;status&quot;:&quot;disabled&quot;,&quot;language_hidden&quot;:[],&quot;startIncrement&quot;:0,&quot;endIncrement&quot;:0,&quot;var_name&quot;:&quot;flights2&quot;,&quot;category_label&quot;:{&quot;en&quot;:&quot;&quot;,&quot;nl&quot;:&quot;Vluchten&quot;,&quot;fr&quot;:&quot;Vols&quot;,&quot;de&quot;:&quot;Fl\\u00fcge&quot;}},{&quot;value&quot;:&quot;no flights&quot;,&quot;label&quot;:{&quot;en&quot;:&quot;&quot;,&quot;nl&quot;:&quot;Geen vluchten&quot;,&quot;fr&quot;:&quot;Pas de vol&quot;,&quot;de&quot;:&quot;Keine Pl\\u00e4tze mehr&quot;},&quot;price&quot;:0,&quot;status&quot;:&quot;available&quot;,&quot;language_hidden&quot;:[],&quot;startIncrement&quot;:0,&quot;endIncrement&quot;:0,&quot;var_name&quot;:&quot;flights2&quot;,&quot;category_label&quot;:{&quot;en&quot;:&quot;&quot;,&quot;nl&quot;:&quot;Vluchten&quot;,&quot;fr&quot;:&quot;Vols&quot;,&quot;de&quot;:&quot;Fl\\u00fcge&quot;}}],&quot;bookable&quot;:true,&quot;bookingUrl&quot;:&quot;https:\\\/\\\/booking.travelbase.eu\\\/jn26a\\\/book?trip=11400&quot;,&quot;packageId&quot;:&quot;JN-JN&quot;}},{&quot;type&quot;:&quot;departures&quot;,&quot;id&quot;:&quot;t11409&quot;,&quot;attributes&quot;:{&quot;name&quot;:&quot;JN26A-W44-SUN&quot;,&quot;start&quot;:&quot;2026-10-25T11:00:00.000000Z&quot;,&quot;end&quot;:&quot;2026-11-01T13:00:00.000000Z&quot;,&quot;cheapestPrice&quot;:690,&quot;languages&quot;:[&quot;nl&quot;,&quot;fr&quot;,&quot;de&quot;],&quot;availableSpots&quot;:1,&quot;bookedSpots&quot;:0,&quot;fakeLabel&quot;:&quot;sold out&quot;,&quot;availabilityLabel&quot;:&quot;sold out&quot;,&quot;promoLabel&quot;:null,&quot;calendarToggles&quot;:[{&quot;value&quot;:&quot;Brussels&quot;,&quot;label&quot;:{&quot;en&quot;:&quot;&quot;,&quot;nl&quot;:&quot;Heen- en retourvlucht Brussel&quot;,&quot;fr&quot;:&quot;Vols aller\\\/retour depuis Bruxelles&quot;,&quot;de&quot;:&quot;Fl\\u00fcge hin\\\/zur\\u00fcck von Br\\u00fcssel&quot;},&quot;price&quot;:false,&quot;status&quot;:&quot;disabled&quot;,&quot;language_hidden&quot;:[],&quot;startIncrement&quot;:0,&quot;endIncrement&quot;:0,&quot;var_name&quot;:&quot;flights2&quot;,&quot;category_label&quot;:{&quot;en&quot;:&quot;&quot;,&quot;nl&quot;:&quot;Vluchten&quot;,&quot;fr&quot;:&quot;Vols&quot;,&quot;de&quot;:&quot;Fl\\u00fcge&quot;}},{&quot;value&quot;:&quot;Amsterdam&quot;,&quot;label&quot;:{&quot;en&quot;:&quot;&quot;,&quot;nl&quot;:&quot;Heen- en retourvlucht Amsterdam&quot;,&quot;fr&quot;:&quot;Vols aller\\\/retour depuis Amsterdam&quot;,&quot;de&quot;:&quot;Fl\\u00fcge Hin\\\/R\\u00fcck von Amsterdam&quot;},&quot;price&quot;:false,&quot;status&quot;:&quot;disabled&quot;,&quot;language_hidden&quot;:[],&quot;startIncrement&quot;:0,&quot;endIncrement&quot;:0,&quot;var_name&quot;:&quot;flights2&quot;,&quot;category_label&quot;:{&quot;en&quot;:&quot;&quot;,&quot;nl&quot;:&quot;Vluchten&quot;,&quot;fr&quot;:&quot;Vols&quot;,&quot;de&quot;:&quot;Fl\\u00fcge&quot;}},{&quot;value&quot;:&quot;Paris&quot;,&quot;label&quot;:{&quot;en&quot;:&quot;&quot;,&quot;nl&quot;:&quot;Heen- en retourvlucht Parijs&quot;,&quot;fr&quot;:&quot;Vols aller\\\/retour depuis Paris&quot;,&quot;de&quot;:&quot;Fl\\u00fcge Hin\\\/R\\u00fcck von Paris&quot;},&quot;price&quot;:false,&quot;status&quot;:&quot;disabled&quot;,&quot;language_hidden&quot;:[],&quot;startIncrement&quot;:0,&quot;endIncrement&quot;:0,&quot;var_name&quot;:&quot;flights2&quot;,&quot;category_label&quot;:{&quot;en&quot;:&quot;&quot;,&quot;nl&quot;:&quot;Vluchten&quot;,&quot;fr&quot;:&quot;Vols&quot;,&quot;de&quot;:&quot;Fl\\u00fcge&quot;}},{&quot;value&quot;:&quot;Dusseldorf&quot;,&quot;label&quot;:{&quot;en&quot;:&quot;&quot;,&quot;nl&quot;:&quot;Heen- en retourvlucht D\\u00fcsseldorf&quot;,&quot;fr&quot;:&quot;Vols aller\\\/retour depuis Dusseldorf &quot;,&quot;de&quot;:&quot;Fl\\u00fcge hin\\\/zur\\u00fcck von D\\u00fcsseldorf&quot;},&quot;price&quot;:false,&quot;status&quot;:&quot;disabled&quot;,&quot;language_hidden&quot;:[],&quot;startIncrement&quot;:0,&quot;endIncrement&quot;:0,&quot;var_name&quot;:&quot;flights2&quot;,&quot;category_label&quot;:{&quot;en&quot;:&quot;&quot;,&quot;nl&quot;:&quot;Vluchten&quot;,&quot;fr&quot;:&quot;Vols&quot;,&quot;de&quot;:&quot;Fl\\u00fcge&quot;}},{&quot;value&quot;:&quot;Frankfurt&quot;,&quot;label&quot;:{&quot;en&quot;:&quot;&quot;,&quot;nl&quot;:&quot;Heen- en retourvlucht Frankfurt&quot;,&quot;fr&quot;:&quot;Vol aller-retour vers Francfort&quot;,&quot;de&quot;:&quot;Voll Hin- und R\\u00fcckflug nach Frankfurt&quot;},&quot;price&quot;:false,&quot;status&quot;:&quot;disabled&quot;,&quot;language_hidden&quot;:[],&quot;startIncrement&quot;:0,&quot;endIncrement&quot;:0,&quot;var_name&quot;:&quot;flights2&quot;,&quot;category_label&quot;:{&quot;en&quot;:&quot;&quot;,&quot;nl&quot;:&quot;Vluchten&quot;,&quot;fr&quot;:&quot;Vols&quot;,&quot;de&quot;:&quot;Fl\\u00fcge&quot;}},{&quot;value&quot;:&quot;Berlin&quot;,&quot;label&quot;:{&quot;en&quot;:&quot;&quot;,&quot;nl&quot;:&quot;Heen- en retourvlucht Berlijn&quot;,&quot;fr&quot;:&quot;Vol aller-retour pour Berlin&quot;,&quot;de&quot;:&quot;Vol Hin- und R\\u00fcckflug nach Berlin&quot;},&quot;price&quot;:false,&quot;status&quot;:&quot;disabled&quot;,&quot;language_hidden&quot;:[],&quot;startIncrement&quot;:0,&quot;endIncrement&quot;:0,&quot;var_name&quot;:&quot;flights2&quot;,&quot;category_label&quot;:{&quot;en&quot;:&quot;&quot;,&quot;nl&quot;:&quot;Vluchten&quot;,&quot;fr&quot;:&quot;Vols&quot;,&quot;de&quot;:&quot;Fl\\u00fcge&quot;}},{&quot;value&quot;:&quot;Hamburg&quot;,&quot;label&quot;:{&quot;en&quot;:&quot;&quot;,&quot;nl&quot;:&quot;Heen- en retourvlucht Hamburg&quot;,&quot;fr&quot;:&quot;Vol aller-retour pour Hambourg&quot;,&quot;de&quot;:&quot;Voll Hin- und R\\u00fcckfahrt nach Hamburg&quot;},&quot;price&quot;:false,&quot;status&quot;:&quot;disabled&quot;,&quot;language_hidden&quot;:[],&quot;startIncrement&quot;:0,&quot;endIncrement&quot;:0,&quot;var_name&quot;:&quot;flights2&quot;,&quot;category_label&quot;:{&quot;en&quot;:&quot;&quot;,&quot;nl&quot;:&quot;Vluchten&quot;,&quot;fr&quot;:&quot;Vols&quot;,&quot;de&quot;:&quot;Fl\\u00fcge&quot;}},{&quot;value&quot;:&quot;M\\u00fcnchen&quot;,&quot;label&quot;:{&quot;en&quot;:&quot;&quot;,&quot;nl&quot;:&quot;Heen- en retourvlucht M\\u00fcnchen&quot;,&quot;fr&quot;:&quot;Vol aller-retour pour Munich&quot;,&quot;de&quot;:&quot;Voll retour nach M\\u00fcnchen&quot;},&quot;price&quot;:false,&quot;status&quot;:&quot;disabled&quot;,&quot;language_hidden&quot;:[],&quot;startIncrement&quot;:0,&quot;endIncrement&quot;:0,&quot;var_name&quot;:&quot;flights2&quot;,&quot;category_label&quot;:{&quot;en&quot;:&quot;&quot;,&quot;nl&quot;:&quot;Vluchten&quot;,&quot;fr&quot;:&quot;Vols&quot;,&quot;de&quot;:&quot;Fl\\u00fcge&quot;}},{&quot;value&quot;:&quot;no flights&quot;,&quot;label&quot;:{&quot;en&quot;:&quot;&quot;,&quot;nl&quot;:&quot;Geen vluchten&quot;,&quot;fr&quot;:&quot;Pas de vol&quot;,&quot;de&quot;:&quot;Keine Pl\\u00e4tze mehr&quot;},&quot;price&quot;:0,&quot;status&quot;:&quot;available&quot;,&quot;language_hidden&quot;:[],&quot;startIncrement&quot;:0,&quot;endIncrement&quot;:0,&quot;var_name&quot;:&quot;flights2&quot;,&quot;category_label&quot;:{&quot;en&quot;:&quot;&quot;,&quot;nl&quot;:&quot;Vluchten&quot;,&quot;fr&quot;:&quot;Vols&quot;,&quot;de&quot;:&quot;Fl\\u00fcge&quot;}}],&quot;bookable&quot;:false,&quot;bookingUrl&quot;:&quot;https:\\\/\\\/booking.travelbase.eu\\\/jn26a\\\/book?trip=11409&quot;,&quot;packageId&quot;:&quot;JN-JN&quot;}},{&quot;type&quot;:&quot;departures&quot;,&quot;id&quot;:&quot;t11401&quot;,&quot;attributes&quot;:{&quot;name&quot;:&quot;JN26A-W44-WED&quot;,&quot;start&quot;:&quot;2026-10-28T11:00:00.000000Z&quot;,&quot;end&quot;:&quot;2026-11-04T13:00:00.000000Z&quot;,&quot;cheapestPrice&quot;:690,&quot;languages&quot;:[&quot;nl&quot;,&quot;fr&quot;,&quot;de&quot;],&quot;availableSpots&quot;:7,&quot;bookedSpots&quot;:4,&quot;fakeLabel&quot;:&quot;&quot;,&quot;availabilityLabel&quot;:&quot;&quot;,&quot;promoLabel&quot;:null,&quot;calendarToggles&quot;:[{&quot;value&quot;:&quot;Brussels&quot;,&quot;label&quot;:{&quot;en&quot;:&quot;&quot;,&quot;nl&quot;:&quot;Heen- en retourvlucht Brussel&quot;,&quot;fr&quot;:&quot;Vols aller\\\/retour depuis Bruxelles&quot;,&quot;de&quot;:&quot;Fl\\u00fcge hin\\\/zur\\u00fcck von Br\\u00fcssel&quot;},&quot;price&quot;:false,&quot;status&quot;:&quot;disabled&quot;,&quot;language_hidden&quot;:[],&quot;startIncrement&quot;:0,&quot;endIncrement&quot;:0,&quot;var_name&quot;:&quot;flights2&quot;,&quot;category_label&quot;:{&quot;en&quot;:&quot;&quot;,&quot;nl&quot;:&quot;Vluchten&quot;,&quot;fr&quot;:&quot;Vols&quot;,&quot;de&quot;:&quot;Fl\\u00fcge&quot;}},{&quot;value&quot;:&quot;Amsterdam&quot;,&quot;label&quot;:{&quot;en&quot;:&quot;&quot;,&quot;nl&quot;:&quot;Heen- en retourvlucht Amsterdam&quot;,&quot;fr&quot;:&quot;Vols aller\\\/retour depuis Amsterdam&quot;,&quot;de&quot;:&quot;Fl\\u00fcge Hin\\\/R\\u00fcck von Amsterdam&quot;},&quot;price&quot;:false,&quot;status&quot;:&quot;sold_out&quot;,&quot;language_hidden&quot;:[],&quot;startIncrement&quot;:0,&quot;endIncrement&quot;:0,&quot;var_name&quot;:&quot;flights2&quot;,&quot;category_label&quot;:{&quot;en&quot;:&quot;&quot;,&quot;nl&quot;:&quot;Vluchten&quot;,&quot;fr&quot;:&quot;Vols&quot;,&quot;de&quot;:&quot;Fl\\u00fcge&quot;}},{&quot;value&quot;:&quot;Paris&quot;,&quot;label&quot;:{&quot;en&quot;:&quot;&quot;,&quot;nl&quot;:&quot;Heen- en retourvlucht Parijs&quot;,&quot;fr&quot;:&quot;Vols aller\\\/retour depuis Paris&quot;,&quot;de&quot;:&quot;Fl\\u00fcge Hin\\\/R\\u00fcck von Paris&quot;},&quot;price&quot;:515,&quot;status&quot;:&quot;available&quot;,&quot;language_hidden&quot;:[],&quot;startIncrement&quot;:0,&quot;endIncrement&quot;:0,&quot;var_name&quot;:&quot;flights2&quot;,&quot;category_label&quot;:{&quot;en&quot;:&quot;&quot;,&quot;nl&quot;:&quot;Vluchten&quot;,&quot;fr&quot;:&quot;Vols&quot;,&quot;de&quot;:&quot;Fl\\u00fcge&quot;}},{&quot;value&quot;:&quot;Dusseldorf&quot;,&quot;label&quot;:{&quot;en&quot;:&quot;&quot;,&quot;nl&quot;:&quot;Heen- en retourvlucht D\\u00fcsseldorf&quot;,&quot;fr&quot;:&quot;Vols aller\\\/retour depuis Dusseldorf &quot;,&quot;de&quot;:&quot;Fl\\u00fcge hin\\\/zur\\u00fcck von D\\u00fcsseldorf&quot;},&quot;price&quot;:772,&quot;status&quot;:&quot;available&quot;,&quot;language_hidden&quot;:[],&quot;startIncrement&quot;:0,&quot;endIncrement&quot;:0,&quot;var_name&quot;:&quot;flights2&quot;,&quot;category_label&quot;:{&quot;en&quot;:&quot;&quot;,&quot;nl&quot;:&quot;Vluchten&quot;,&quot;fr&quot;:&quot;Vols&quot;,&quot;de&quot;:&quot;Fl\\u00fcge&quot;}},{&quot;value&quot;:&quot;Frankfurt&quot;,&quot;label&quot;:{&quot;en&quot;:&quot;&quot;,&quot;nl&quot;:&quot;Heen- en retourvlucht Frankfurt&quot;,&quot;fr&quot;:&quot;Vol aller-retour vers Francfort&quot;,&quot;de&quot;:&quot;Voll Hin- und R\\u00fcckflug nach Frankfurt&quot;},&quot;price&quot;:1107,&quot;status&quot;:&quot;available&quot;,&quot;language_hidden&quot;:[],&quot;startIncrement&quot;:0,&quot;endIncrement&quot;:0,&quot;var_name&quot;:&quot;flights2&quot;,&quot;category_label&quot;:{&quot;en&quot;:&quot;&quot;,&quot;nl&quot;:&quot;Vluchten&quot;,&quot;fr&quot;:&quot;Vols&quot;,&quot;de&quot;:&quot;Fl\\u00fcge&quot;}},{&quot;value&quot;:&quot;Berlin&quot;,&quot;label&quot;:{&quot;en&quot;:&quot;&quot;,&quot;nl&quot;:&quot;Heen- en retourvlucht Berlijn&quot;,&quot;fr&quot;:&quot;Vol aller-retour pour Berlin&quot;,&quot;de&quot;:&quot;Vol Hin- und R\\u00fcckflug nach Berlin&quot;},&quot;price&quot;:false,&quot;status&quot;:&quot;disabled&quot;,&quot;language_hidden&quot;:[],&quot;startIncrement&quot;:0,&quot;endIncrement&quot;:0,&quot;var_name&quot;:&quot;flights2&quot;,&quot;category_label&quot;:{&quot;en&quot;:&quot;&quot;,&quot;nl&quot;:&quot;Vluchten&quot;,&quot;fr&quot;:&quot;Vols&quot;,&quot;de&quot;:&quot;Fl\\u00fcge&quot;}},{&quot;value&quot;:&quot;Hamburg&quot;,&quot;label&quot;:{&quot;en&quot;:&quot;&quot;,&quot;nl&quot;:&quot;Heen- en retourvlucht Hamburg&quot;,&quot;fr&quot;:&quot;Vol aller-retour pour Hambourg&quot;,&quot;de&quot;:&quot;Voll Hin- und R\\u00fcckfahrt nach Hamburg&quot;},&quot;price&quot;:700,&quot;status&quot;:&quot;available&quot;,&quot;language_hidden&quot;:[],&quot;startIncrement&quot;:0,&quot;endIncrement&quot;:0,&quot;var_name&quot;:&quot;flights2&quot;,&quot;category_label&quot;:{&quot;en&quot;:&quot;&quot;,&quot;nl&quot;:&quot;Vluchten&quot;,&quot;fr&quot;:&quot;Vols&quot;,&quot;de&quot;:&quot;Fl\\u00fcge&quot;}},{&quot;value&quot;:&quot;M\\u00fcnchen&quot;,&quot;label&quot;:{&quot;en&quot;:&quot;&quot;,&quot;nl&quot;:&quot;Heen- en retourvlucht M\\u00fcnchen&quot;,&quot;fr&quot;:&quot;Vol aller-retour pour Munich&quot;,&quot;de&quot;:&quot;Voll retour nach M\\u00fcnchen&quot;},&quot;price&quot;:703,&quot;status&quot;:&quot;available&quot;,&quot;language_hidden&quot;:[],&quot;startIncrement&quot;:0,&quot;endIncrement&quot;:0,&quot;var_name&quot;:&quot;flights2&quot;,&quot;category_label&quot;:{&quot;en&quot;:&quot;&quot;,&quot;nl&quot;:&quot;Vluchten&quot;,&quot;fr&quot;:&quot;Vols&quot;,&quot;de&quot;:&quot;Fl\\u00fcge&quot;}},{&quot;value&quot;:&quot;no flights&quot;,&quot;label&quot;:{&quot;en&quot;:&quot;&quot;,&quot;nl&quot;:&quot;Geen vluchten&quot;,&quot;fr&quot;:&quot;Pas de vol&quot;,&quot;de&quot;:&quot;Keine Pl\\u00e4tze mehr&quot;},&quot;price&quot;:0,&quot;status&quot;:&quot;available&quot;,&quot;language_hidden&quot;:[],&quot;startIncrement&quot;:0,&quot;endIncrement&quot;:0,&quot;var_name&quot;:&quot;flights2&quot;,&quot;category_label&quot;:{&quot;en&quot;:&quot;&quot;,&quot;nl&quot;:&quot;Vluchten&quot;,&quot;fr&quot;:&quot;Vols&quot;,&quot;de&quot;:&quot;Fl\\u00fcge&quot;}}],&quot;bookable&quot;:true,&quot;bookingUrl&quot;:&quot;https:\\\/\\\/booking.travelbase.eu\\\/jn26a\\\/book?trip=11401&quot;,&quot;packageId&quot;:&quot;JN-JN&quot;}},{&quot;type&quot;:&quot;departures&quot;,&quot;id&quot;:&quot;t11410&quot;,&quot;attributes&quot;:{&quot;name&quot;:&quot;JN26A-W45-SUN&quot;,&quot;start&quot;:&quot;2026-11-01T11:00:00.000000Z&quot;,&quot;end&quot;:&quot;2026-11-08T13:00:00.000000Z&quot;,&quot;cheapestPrice&quot;:690,&quot;languages&quot;:[&quot;nl&quot;,&quot;fr&quot;,&quot;de&quot;],&quot;availableSpots&quot;:1,&quot;bookedSpots&quot;:10,&quot;fakeLabel&quot;:&quot;sold out&quot;,&quot;availabilityLabel&quot;:&quot;sold out&quot;,&quot;promoLabel&quot;:null,&quot;calendarToggles&quot;:[{&quot;value&quot;:&quot;Brussels&quot;,&quot;label&quot;:{&quot;en&quot;:&quot;&quot;,&quot;nl&quot;:&quot;Heen- en retourvlucht Brussel&quot;,&quot;fr&quot;:&quot;Vols aller\\\/retour depuis Bruxelles&quot;,&quot;de&quot;:&quot;Fl\\u00fcge hin\\\/zur\\u00fcck von Br\\u00fcssel&quot;},&quot;price&quot;:false,&quot;status&quot;:&quot;sold_out&quot;,&quot;language_hidden&quot;:[],&quot;startIncrement&quot;:0,&quot;endIncrement&quot;:0,&quot;var_name&quot;:&quot;flights2&quot;,&quot;category_label&quot;:{&quot;en&quot;:&quot;&quot;,&quot;nl&quot;:&quot;Vluchten&quot;,&quot;fr&quot;:&quot;Vols&quot;,&quot;de&quot;:&quot;Fl\\u00fcge&quot;}},{&quot;value&quot;:&quot;Amsterdam&quot;,&quot;label&quot;:{&quot;en&quot;:&quot;&quot;,&quot;nl&quot;:&quot;Heen- en retourvlucht Amsterdam&quot;,&quot;fr&quot;:&quot;Vols aller\\\/retour depuis Amsterdam&quot;,&quot;de&quot;:&quot;Fl\\u00fcge Hin\\\/R\\u00fcck von Amsterdam&quot;},&quot;price&quot;:495,&quot;status&quot;:&quot;available&quot;,&quot;language_hidden&quot;:[],&quot;startIncrement&quot;:0,&quot;endIncrement&quot;:0,&quot;var_name&quot;:&quot;flights2&quot;,&quot;category_label&quot;:{&quot;en&quot;:&quot;&quot;,&quot;nl&quot;:&quot;Vluchten&quot;,&quot;fr&quot;:&quot;Vols&quot;,&quot;de&quot;:&quot;Fl\\u00fcge&quot;}},{&quot;value&quot;:&quot;Paris&quot;,&quot;label&quot;:{&quot;en&quot;:&quot;&quot;,&quot;nl&quot;:&quot;Heen- en retourvlucht Parijs&quot;,&quot;fr&quot;:&quot;Vols aller\\\/retour depuis Paris&quot;,&quot;de&quot;:&quot;Fl\\u00fcge Hin\\\/R\\u00fcck von Paris&quot;},&quot;price&quot;:1109,&quot;status&quot;:&quot;available&quot;,&quot;language_hidden&quot;:[],&quot;startIncrement&quot;:0,&quot;endIncrement&quot;:0,&quot;var_name&quot;:&quot;flights2&quot;,&quot;category_label&quot;:{&quot;en&quot;:&quot;&quot;,&quot;nl&quot;:&quot;Vluchten&quot;,&quot;fr&quot;:&quot;Vols&quot;,&quot;de&quot;:&quot;Fl\\u00fcge&quot;}},{&quot;value&quot;:&quot;Dusseldorf&quot;,&quot;label&quot;:{&quot;en&quot;:&quot;&quot;,&quot;nl&quot;:&quot;Heen- en retourvlucht D\\u00fcsseldorf&quot;,&quot;fr&quot;:&quot;Vols aller\\\/retour depuis Dusseldorf &quot;,&quot;de&quot;:&quot;Fl\\u00fcge hin\\\/zur\\u00fcck von D\\u00fcsseldorf&quot;},&quot;price&quot;:false,&quot;status&quot;:&quot;disabled&quot;,&quot;language_hidden&quot;:[],&quot;startIncrement&quot;:0,&quot;endIncrement&quot;:0,&quot;var_name&quot;:&quot;flights2&quot;,&quot;category_label&quot;:{&quot;en&quot;:&quot;&quot;,&quot;nl&quot;:&quot;Vluchten&quot;,&quot;fr&quot;:&quot;Vols&quot;,&quot;de&quot;:&quot;Fl\\u00fcge&quot;}},{&quot;value&quot;:&quot;Frankfurt&quot;,&quot;label&quot;:{&quot;en&quot;:&quot;&quot;,&quot;nl&quot;:&quot;Heen- en retourvlucht Frankfurt&quot;,&quot;fr&quot;:&quot;Vol aller-retour vers Francfort&quot;,&quot;de&quot;:&quot;Voll Hin- und R\\u00fcckflug nach Frankfurt&quot;},&quot;price&quot;:false,&quot;status&quot;:&quot;disabled&quot;,&quot;language_hidden&quot;:[],&quot;startIncrement&quot;:0,&quot;endIncrement&quot;:0,&quot;var_name&quot;:&quot;flights2&quot;,&quot;category_label&quot;:{&quot;en&quot;:&quot;&quot;,&quot;nl&quot;:&quot;Vluchten&quot;,&quot;fr&quot;:&quot;Vols&quot;,&quot;de&quot;:&quot;Fl\\u00fcge&quot;}},{&quot;value&quot;:&quot;Berlin&quot;,&quot;label&quot;:{&quot;en&quot;:&quot;&quot;,&quot;nl&quot;:&quot;Heen- en retourvlucht Berlijn&quot;,&quot;fr&quot;:&quot;Vol aller-retour pour Berlin&quot;,&quot;de&quot;:&quot;Vol Hin- und R\\u00fcckflug nach Berlin&quot;},&quot;price&quot;:false,&quot;status&quot;:&quot;disabled&quot;,&quot;language_hidden&quot;:[],&quot;startIncrement&quot;:0,&quot;endIncrement&quot;:0,&quot;var_name&quot;:&quot;flights2&quot;,&quot;category_label&quot;:{&quot;en&quot;:&quot;&quot;,&quot;nl&quot;:&quot;Vluchten&quot;,&quot;fr&quot;:&quot;Vols&quot;,&quot;de&quot;:&quot;Fl\\u00fcge&quot;}},{&quot;value&quot;:&quot;Hamburg&quot;,&quot;label&quot;:{&quot;en&quot;:&quot;&quot;,&quot;nl&quot;:&quot;Heen- en retourvlucht Hamburg&quot;,&quot;fr&quot;:&quot;Vol aller-retour pour Hambourg&quot;,&quot;de&quot;:&quot;Voll Hin- und R\\u00fcckfahrt nach Hamburg&quot;},&quot;price&quot;:false,&quot;status&quot;:&quot;disabled&quot;,&quot;language_hidden&quot;:[],&quot;startIncrement&quot;:0,&quot;endIncrement&quot;:0,&quot;var_name&quot;:&quot;flights2&quot;,&quot;category_label&quot;:{&quot;en&quot;:&quot;&quot;,&quot;nl&quot;:&quot;Vluchten&quot;,&quot;fr&quot;:&quot;Vols&quot;,&quot;de&quot;:&quot;Fl\\u00fcge&quot;}},{&quot;value&quot;:&quot;M\\u00fcnchen&quot;,&quot;label&quot;:{&quot;en&quot;:&quot;&quot;,&quot;nl&quot;:&quot;Heen- en retourvlucht M\\u00fcnchen&quot;,&quot;fr&quot;:&quot;Vol aller-retour pour Munich&quot;,&quot;de&quot;:&quot;Voll retour nach M\\u00fcnchen&quot;},&quot;price&quot;:false,&quot;status&quot;:&quot;disabled&quot;,&quot;language_hidden&quot;:[],&quot;startIncrement&quot;:0,&quot;endIncrement&quot;:0,&quot;var_name&quot;:&quot;flights2&quot;,&quot;category_label&quot;:{&quot;en&quot;:&quot;&quot;,&quot;nl&quot;:&quot;Vluchten&quot;,&quot;fr&quot;:&quot;Vols&quot;,&quot;de&quot;:&quot;Fl\\u00fcge&quot;}},{&quot;value&quot;:&quot;no flights&quot;,&quot;label&quot;:{&quot;en&quot;:&quot;&quot;,&quot;nl&quot;:&quot;Geen vluchten&quot;,&quot;fr&quot;:&quot;Pas de vol&quot;,&quot;de&quot;:&quot;Keine Pl\\u00e4tze mehr&quot;},&quot;price&quot;:0,&quot;status&quot;:&quot;available&quot;,&quot;language_hidden&quot;:[],&quot;startIncrement&quot;:0,&quot;endIncrement&quot;:0,&quot;var_name&quot;:&quot;flights2&quot;,&quot;category_label&quot;:{&quot;en&quot;:&quot;&quot;,&quot;nl&quot;:&quot;Vluchten&quot;,&quot;fr&quot;:&quot;Vols&quot;,&quot;de&quot;:&quot;Fl\\u00fcge&quot;}}],&quot;bookable&quot;:false,&quot;bookingUrl&quot;:&quot;https:\\\/\\\/booking.travelbase.eu\\\/jn26a\\\/book?trip=11410&quot;,&quot;packageId&quot;:&quot;JN-JN&quot;}},{&quot;type&quot;:&quot;departures&quot;,&quot;id&quot;:&quot;t11402&quot;,&quot;attributes&quot;:{&quot;name&quot;:&quot;JN26A-W45-WED&quot;,&quot;start&quot;:&quot;2026-11-04T11:00:00.000000Z&quot;,&quot;end&quot;:&quot;2026-11-11T13:00:00.000000Z&quot;,&quot;cheapestPrice&quot;:690,&quot;languages&quot;:[&quot;nl&quot;,&quot;fr&quot;,&quot;de&quot;],&quot;availableSpots&quot;:1,&quot;bookedSpots&quot;:0,&quot;fakeLabel&quot;:&quot;sold out&quot;,&quot;availabilityLabel&quot;:&quot;sold out&quot;,&quot;promoLabel&quot;:null,&quot;calendarToggles&quot;:[{&quot;value&quot;:&quot;Brussels&quot;,&quot;label&quot;:{&quot;en&quot;:&quot;&quot;,&quot;nl&quot;:&quot;Heen- en retourvlucht Brussel&quot;,&quot;fr&quot;:&quot;Vols aller\\\/retour depuis Bruxelles&quot;,&quot;de&quot;:&quot;Fl\\u00fcge hin\\\/zur\\u00fcck von Br\\u00fcssel&quot;},&quot;price&quot;:false,&quot;status&quot;:&quot;disabled&quot;,&quot;language_hidden&quot;:[],&quot;startIncrement&quot;:0,&quot;endIncrement&quot;:0,&quot;var_name&quot;:&quot;flights2&quot;,&quot;category_label&quot;:{&quot;en&quot;:&quot;&quot;,&quot;nl&quot;:&quot;Vluchten&quot;,&quot;fr&quot;:&quot;Vols&quot;,&quot;de&quot;:&quot;Fl\\u00fcge&quot;}},{&quot;value&quot;:&quot;Amsterdam&quot;,&quot;label&quot;:{&quot;en&quot;:&quot;&quot;,&quot;nl&quot;:&quot;Heen- en retourvlucht Amsterdam&quot;,&quot;fr&quot;:&quot;Vols aller\\\/retour depuis Amsterdam&quot;,&quot;de&quot;:&quot;Fl\\u00fcge Hin\\\/R\\u00fcck von Amsterdam&quot;},&quot;price&quot;:false,&quot;status&quot;:&quot;disabled&quot;,&quot;language_hidden&quot;:[],&quot;startIncrement&quot;:0,&quot;endIncrement&quot;:0,&quot;var_name&quot;:&quot;flights2&quot;,&quot;category_label&quot;:{&quot;en&quot;:&quot;&quot;,&quot;nl&quot;:&quot;Vluchten&quot;,&quot;fr&quot;:&quot;Vols&quot;,&quot;de&quot;:&quot;Fl\\u00fcge&quot;}},{&quot;value&quot;:&quot;Paris&quot;,&quot;label&quot;:{&quot;en&quot;:&quot;&quot;,&quot;nl&quot;:&quot;Heen- en retourvlucht Parijs&quot;,&quot;fr&quot;:&quot;Vols aller\\\/retour depuis Paris&quot;,&quot;de&quot;:&quot;Fl\\u00fcge Hin\\\/R\\u00fcck von Paris&quot;},&quot;price&quot;:false,&quot;status&quot;:&quot;disabled&quot;,&quot;language_hidden&quot;:[],&quot;startIncrement&quot;:0,&quot;endIncrement&quot;:0,&quot;var_name&quot;:&quot;flights2&quot;,&quot;category_label&quot;:{&quot;en&quot;:&quot;&quot;,&quot;nl&quot;:&quot;Vluchten&quot;,&quot;fr&quot;:&quot;Vols&quot;,&quot;de&quot;:&quot;Fl\\u00fcge&quot;}},{&quot;value&quot;:&quot;Dusseldorf&quot;,&quot;label&quot;:{&quot;en&quot;:&quot;&quot;,&quot;nl&quot;:&quot;Heen- en retourvlucht D\\u00fcsseldorf&quot;,&quot;fr&quot;:&quot;Vols aller\\\/retour depuis Dusseldorf &quot;,&quot;de&quot;:&quot;Fl\\u00fcge hin\\\/zur\\u00fcck von D\\u00fcsseldorf&quot;},&quot;price&quot;:false,&quot;status&quot;:&quot;disabled&quot;,&quot;language_hidden&quot;:[],&quot;startIncrement&quot;:0,&quot;endIncrement&quot;:0,&quot;var_name&quot;:&quot;flights2&quot;,&quot;category_label&quot;:{&quot;en&quot;:&quot;&quot;,&quot;nl&quot;:&quot;Vluchten&quot;,&quot;fr&quot;:&quot;Vols&quot;,&quot;de&quot;:&quot;Fl\\u00fcge&quot;}},{&quot;value&quot;:&quot;Frankfurt&quot;,&quot;label&quot;:{&quot;en&quot;:&quot;&quot;,&quot;nl&quot;:&quot;Heen- en retourvlucht Frankfurt&quot;,&quot;fr&quot;:&quot;Vol aller-retour vers Francfort&quot;,&quot;de&quot;:&quot;Voll Hin- und R\\u00fcckflug nach Frankfurt&quot;},&quot;price&quot;:false,&quot;status&quot;:&quot;disabled&quot;,&quot;language_hidden&quot;:[],&quot;startIncrement&quot;:0,&quot;endIncrement&quot;:0,&quot;var_name&quot;:&quot;flights2&quot;,&quot;category_label&quot;:{&quot;en&quot;:&quot;&quot;,&quot;nl&quot;:&quot;Vluchten&quot;,&quot;fr&quot;:&quot;Vols&quot;,&quot;de&quot;:&quot;Fl\\u00fcge&quot;}},{&quot;value&quot;:&quot;Berlin&quot;,&quot;label&quot;:{&quot;en&quot;:&quot;&quot;,&quot;nl&quot;:&quot;Heen- en retourvlucht Berlijn&quot;,&quot;fr&quot;:&quot;Vol aller-retour pour Berlin&quot;,&quot;de&quot;:&quot;Vol Hin- und R\\u00fcckflug nach Berlin&quot;},&quot;price&quot;:false,&quot;status&quot;:&quot;disabled&quot;,&quot;language_hidden&quot;:[],&quot;startIncrement&quot;:0,&quot;endIncrement&quot;:0,&quot;var_name&quot;:&quot;flights2&quot;,&quot;category_label&quot;:{&quot;en&quot;:&quot;&quot;,&quot;nl&quot;:&quot;Vluchten&quot;,&quot;fr&quot;:&quot;Vols&quot;,&quot;de&quot;:&quot;Fl\\u00fcge&quot;}},{&quot;value&quot;:&quot;Hamburg&quot;,&quot;label&quot;:{&quot;en&quot;:&quot;&quot;,&quot;nl&quot;:&quot;Heen- en retourvlucht Hamburg&quot;,&quot;fr&quot;:&quot;Vol aller-retour pour Hambourg&quot;,&quot;de&quot;:&quot;Voll Hin- und R\\u00fcckfahrt nach Hamburg&quot;},&quot;price&quot;:966,&quot;status&quot;:&quot;available&quot;,&quot;language_hidden&quot;:[],&quot;startIncrement&quot;:0,&quot;endIncrement&quot;:0,&quot;var_name&quot;:&quot;flights2&quot;,&quot;category_label&quot;:{&quot;en&quot;:&quot;&quot;,&quot;nl&quot;:&quot;Vluchten&quot;,&quot;fr&quot;:&quot;Vols&quot;,&quot;de&quot;:&quot;Fl\\u00fcge&quot;}},{&quot;value&quot;:&quot;M\\u00fcnchen&quot;,&quot;label&quot;:{&quot;en&quot;:&quot;&quot;,&quot;nl&quot;:&quot;Heen- en retourvlucht M\\u00fcnchen&quot;,&quot;fr&quot;:&quot;Vol aller-retour pour Munich&quot;,&quot;de&quot;:&quot;Voll retour nach M\\u00fcnchen&quot;},&quot;price&quot;:783,&quot;status&quot;:&quot;available&quot;,&quot;language_hidden&quot;:[],&quot;startIncrement&quot;:0,&quot;endIncrement&quot;:0,&quot;var_name&quot;:&quot;flights2&quot;,&quot;category_label&quot;:{&quot;en&quot;:&quot;&quot;,&quot;nl&quot;:&quot;Vluchten&quot;,&quot;fr&quot;:&quot;Vols&quot;,&quot;de&quot;:&quot;Fl\\u00fcge&quot;}},{&quot;value&quot;:&quot;no flights&quot;,&quot;label&quot;:{&quot;en&quot;:&quot;&quot;,&quot;nl&quot;:&quot;Geen vluchten&quot;,&quot;fr&quot;:&quot;Pas de vol&quot;,&quot;de&quot;:&quot;Keine Pl\\u00e4tze mehr&quot;},&quot;price&quot;:0,&quot;status&quot;:&quot;available&quot;,&quot;language_hidden&quot;:[],&quot;startIncrement&quot;:0,&quot;endIncrement&quot;:0,&quot;var_name&quot;:&quot;flights2&quot;,&quot;category_label&quot;:{&quot;en&quot;:&quot;&quot;,&quot;nl&quot;:&quot;Vluchten&quot;,&quot;fr&quot;:&quot;Vols&quot;,&quot;de&quot;:&quot;Fl\\u00fcge&quot;}}],&quot;bookable&quot;:false,&quot;bookingUrl&quot;:&quot;https:\\\/\\\/booking.travelbase.eu\\\/jn26a\\\/book?trip=11402&quot;,&quot;packageId&quot;:&quot;JN-JN&quot;}},{&quot;type&quot;:&quot;departures&quot;,&quot;id&quot;:&quot;t11411&quot;,&quot;attributes&quot;:{&quot;name&quot;:&quot;JN26A-W46-SUN&quot;,&quot;start&quot;:&quot;2026-11-08T11:00:00.000000Z&quot;,&quot;end&quot;:&quot;2026-11-15T13:00:00.000000Z&quot;,&quot;cheapestPrice&quot;:690,&quot;languages&quot;:[&quot;nl&quot;,&quot;fr&quot;,&quot;de&quot;],&quot;availableSpots&quot;:7,&quot;bookedSpots&quot;:2,&quot;fakeLabel&quot;:&quot;&quot;,&quot;availabilityLabel&quot;:&quot;&quot;,&quot;promoLabel&quot;:null,&quot;calendarToggles&quot;:[{&quot;value&quot;:&quot;Brussels&quot;,&quot;label&quot;:{&quot;en&quot;:&quot;&quot;,&quot;nl&quot;:&quot;Heen- en retourvlucht Brussel&quot;,&quot;fr&quot;:&quot;Vols aller\\\/retour depuis Bruxelles&quot;,&quot;de&quot;:&quot;Fl\\u00fcge hin\\\/zur\\u00fcck von Br\\u00fcssel&quot;},&quot;price&quot;:490,&quot;status&quot;:&quot;available&quot;,&quot;language_hidden&quot;:[],&quot;startIncrement&quot;:0,&quot;endIncrement&quot;:0,&quot;var_name&quot;:&quot;flights2&quot;,&quot;category_label&quot;:{&quot;en&quot;:&quot;&quot;,&quot;nl&quot;:&quot;Vluchten&quot;,&quot;fr&quot;:&quot;Vols&quot;,&quot;de&quot;:&quot;Fl\\u00fcge&quot;}},{&quot;value&quot;:&quot;Amsterdam&quot;,&quot;label&quot;:{&quot;en&quot;:&quot;&quot;,&quot;nl&quot;:&quot;Heen- en retourvlucht Amsterdam&quot;,&quot;fr&quot;:&quot;Vols aller\\\/retour depuis Amsterdam&quot;,&quot;de&quot;:&quot;Fl\\u00fcge Hin\\\/R\\u00fcck von Amsterdam&quot;},&quot;price&quot;:495,&quot;status&quot;:&quot;available&quot;,&quot;language_hidden&quot;:[],&quot;startIncrement&quot;:0,&quot;endIncrement&quot;:0,&quot;var_name&quot;:&quot;flights2&quot;,&quot;category_label&quot;:{&quot;en&quot;:&quot;&quot;,&quot;nl&quot;:&quot;Vluchten&quot;,&quot;fr&quot;:&quot;Vols&quot;,&quot;de&quot;:&quot;Fl\\u00fcge&quot;}},{&quot;value&quot;:&quot;Paris&quot;,&quot;label&quot;:{&quot;en&quot;:&quot;&quot;,&quot;nl&quot;:&quot;Heen- en retourvlucht Parijs&quot;,&quot;fr&quot;:&quot;Vols aller\\\/retour depuis Paris&quot;,&quot;de&quot;:&quot;Fl\\u00fcge Hin\\\/R\\u00fcck von Paris&quot;},&quot;price&quot;:false,&quot;status&quot;:&quot;disabled&quot;,&quot;language_hidden&quot;:[],&quot;startIncrement&quot;:0,&quot;endIncrement&quot;:0,&quot;var_name&quot;:&quot;flights2&quot;,&quot;category_label&quot;:{&quot;en&quot;:&quot;&quot;,&quot;nl&quot;:&quot;Vluchten&quot;,&quot;fr&quot;:&quot;Vols&quot;,&quot;de&quot;:&quot;Fl\\u00fcge&quot;}},{&quot;value&quot;:&quot;Dusseldorf&quot;,&quot;label&quot;:{&quot;en&quot;:&quot;&quot;,&quot;nl&quot;:&quot;Heen- en retourvlucht D\\u00fcsseldorf&quot;,&quot;fr&quot;:&quot;Vols aller\\\/retour depuis Dusseldorf &quot;,&quot;de&quot;:&quot;Fl\\u00fcge hin\\\/zur\\u00fcck von D\\u00fcsseldorf&quot;},&quot;price&quot;:false,&quot;status&quot;:&quot;disabled&quot;,&quot;language_hidden&quot;:[],&quot;startIncrement&quot;:0,&quot;endIncrement&quot;:0,&quot;var_name&quot;:&quot;flights2&quot;,&quot;category_label&quot;:{&quot;en&quot;:&quot;&quot;,&quot;nl&quot;:&quot;Vluchten&quot;,&quot;fr&quot;:&quot;Vols&quot;,&quot;de&quot;:&quot;Fl\\u00fcge&quot;}},{&quot;value&quot;:&quot;Frankfurt&quot;,&quot;label&quot;:{&quot;en&quot;:&quot;&quot;,&quot;nl&quot;:&quot;Heen- en retourvlucht Frankfurt&quot;,&quot;fr&quot;:&quot;Vol aller-retour vers Francfort&quot;,&quot;de&quot;:&quot;Voll Hin- und R\\u00fcckflug nach Frankfurt&quot;},&quot;price&quot;:false,&quot;status&quot;:&quot;disabled&quot;,&quot;language_hidden&quot;:[],&quot;startIncrement&quot;:0,&quot;endIncrement&quot;:0,&quot;var_name&quot;:&quot;flights2&quot;,&quot;category_label&quot;:{&quot;en&quot;:&quot;&quot;,&quot;nl&quot;:&quot;Vluchten&quot;,&quot;fr&quot;:&quot;Vols&quot;,&quot;de&quot;:&quot;Fl\\u00fcge&quot;}},{&quot;value&quot;:&quot;Berlin&quot;,&quot;label&quot;:{&quot;en&quot;:&quot;&quot;,&quot;nl&quot;:&quot;Heen- en retourvlucht Berlijn&quot;,&quot;fr&quot;:&quot;Vol aller-retour pour Berlin&quot;,&quot;de&quot;:&quot;Vol Hin- und R\\u00fcckflug nach Berlin&quot;},&quot;price&quot;:false,&quot;status&quot;:&quot;disabled&quot;,&quot;language_hidden&quot;:[],&quot;startIncrement&quot;:0,&quot;endIncrement&quot;:0,&quot;var_name&quot;:&quot;flights2&quot;,&quot;category_label&quot;:{&quot;en&quot;:&quot;&quot;,&quot;nl&quot;:&quot;Vluchten&quot;,&quot;fr&quot;:&quot;Vols&quot;,&quot;de&quot;:&quot;Fl\\u00fcge&quot;}},{&quot;value&quot;:&quot;Hamburg&quot;,&quot;label&quot;:{&quot;en&quot;:&quot;&quot;,&quot;nl&quot;:&quot;Heen- en retourvlucht Hamburg&quot;,&quot;fr&quot;:&quot;Vol aller-retour pour Hambourg&quot;,&quot;de&quot;:&quot;Voll Hin- und R\\u00fcckfahrt nach Hamburg&quot;},&quot;price&quot;:false,&quot;status&quot;:&quot;disabled&quot;,&quot;language_hidden&quot;:[],&quot;startIncrement&quot;:0,&quot;endIncrement&quot;:0,&quot;var_name&quot;:&quot;flights2&quot;,&quot;category_label&quot;:{&quot;en&quot;:&quot;&quot;,&quot;nl&quot;:&quot;Vluchten&quot;,&quot;fr&quot;:&quot;Vols&quot;,&quot;de&quot;:&quot;Fl\\u00fcge&quot;}},{&quot;value&quot;:&quot;M\\u00fcnchen&quot;,&quot;label&quot;:{&quot;en&quot;:&quot;&quot;,&quot;nl&quot;:&quot;Heen- en retourvlucht M\\u00fcnchen&quot;,&quot;fr&quot;:&quot;Vol aller-retour pour Munich&quot;,&quot;de&quot;:&quot;Voll retour nach M\\u00fcnchen&quot;},&quot;price&quot;:false,&quot;status&quot;:&quot;disabled&quot;,&quot;language_hidden&quot;:[],&quot;startIncrement&quot;:0,&quot;endIncrement&quot;:0,&quot;var_name&quot;:&quot;flights2&quot;,&quot;category_label&quot;:{&quot;en&quot;:&quot;&quot;,&quot;nl&quot;:&quot;Vluchten&quot;,&quot;fr&quot;:&quot;Vols&quot;,&quot;de&quot;:&quot;Fl\\u00fcge&quot;}},{&quot;value&quot;:&quot;no flights&quot;,&quot;label&quot;:{&quot;en&quot;:&quot;&quot;,&quot;nl&quot;:&quot;Geen vluchten&quot;,&quot;fr&quot;:&quot;Pas de vol&quot;,&quot;de&quot;:&quot;Keine Pl\\u00e4tze mehr&quot;},&quot;price&quot;:0,&quot;status&quot;:&quot;available&quot;,&quot;language_hidden&quot;:[],&quot;startIncrement&quot;:0,&quot;endIncrement&quot;:0,&quot;var_name&quot;:&quot;flights2&quot;,&quot;category_label&quot;:{&quot;en&quot;:&quot;&quot;,&quot;nl&quot;:&quot;Vluchten&quot;,&quot;fr&quot;:&quot;Vols&quot;,&quot;de&quot;:&quot;Fl\\u00fcge&quot;}}],&quot;bookable&quot;:true,&quot;bookingUrl&quot;:&quot;https:\\\/\\\/booking.travelbase.eu\\\/jn26a\\\/book?trip=11411&quot;,&quot;packageId&quot;:&quot;JN-JN&quot;}},{&quot;type&quot;:&quot;departures&quot;,&quot;id&quot;:&quot;t11403&quot;,&quot;attributes&quot;:{&quot;name&quot;:&quot;JN26A-W46-WED&quot;,&quot;start&quot;:&quot;2026-11-11T11:00:00.000000Z&quot;,&quot;end&quot;:&quot;2026-11-18T13:00:00.000000Z&quot;,&quot;cheapestPrice&quot;:690,&quot;languages&quot;:[&quot;nl&quot;,&quot;fr&quot;,&quot;de&quot;],&quot;availableSpots&quot;:1,&quot;bookedSpots&quot;:0,&quot;fakeLabel&quot;:&quot;sold out&quot;,&quot;availabilityLabel&quot;:&quot;sold out&quot;,&quot;promoLabel&quot;:null,&quot;calendarToggles&quot;:[{&quot;value&quot;:&quot;Brussels&quot;,&quot;label&quot;:{&quot;en&quot;:&quot;&quot;,&quot;nl&quot;:&quot;Heen- en retourvlucht Brussel&quot;,&quot;fr&quot;:&quot;Vols aller\\\/retour depuis Bruxelles&quot;,&quot;de&quot;:&quot;Fl\\u00fcge hin\\\/zur\\u00fcck von Br\\u00fcssel&quot;},&quot;price&quot;:false,&quot;status&quot;:&quot;disabled&quot;,&quot;language_hidden&quot;:[],&quot;startIncrement&quot;:0,&quot;endIncrement&quot;:0,&quot;var_name&quot;:&quot;flights2&quot;,&quot;category_label&quot;:{&quot;en&quot;:&quot;&quot;,&quot;nl&quot;:&quot;Vluchten&quot;,&quot;fr&quot;:&quot;Vols&quot;,&quot;de&quot;:&quot;Fl\\u00fcge&quot;}},{&quot;value&quot;:&quot;Amsterdam&quot;,&quot;label&quot;:{&quot;en&quot;:&quot;&quot;,&quot;nl&quot;:&quot;Heen- en retourvlucht Amsterdam&quot;,&quot;fr&quot;:&quot;Vols aller\\\/retour depuis Amsterdam&quot;,&quot;de&quot;:&quot;Fl\\u00fcge Hin\\\/R\\u00fcck von Amsterdam&quot;},&quot;price&quot;:495,&quot;status&quot;:&quot;available&quot;,&quot;language_hidden&quot;:[],&quot;startIncrement&quot;:0,&quot;endIncrement&quot;:0,&quot;var_name&quot;:&quot;flights2&quot;,&quot;category_label&quot;:{&quot;en&quot;:&quot;&quot;,&quot;nl&quot;:&quot;Vluchten&quot;,&quot;fr&quot;:&quot;Vols&quot;,&quot;de&quot;:&quot;Fl\\u00fcge&quot;}},{&quot;value&quot;:&quot;Paris&quot;,&quot;label&quot;:{&quot;en&quot;:&quot;&quot;,&quot;nl&quot;:&quot;Heen- en retourvlucht Parijs&quot;,&quot;fr&quot;:&quot;Vols aller\\\/retour depuis Paris&quot;,&quot;de&quot;:&quot;Fl\\u00fcge Hin\\\/R\\u00fcck von Paris&quot;},&quot;price&quot;:495,&quot;status&quot;:&quot;available&quot;,&quot;language_hidden&quot;:[],&quot;startIncrement&quot;:0,&quot;endIncrement&quot;:0,&quot;var_name&quot;:&quot;flights2&quot;,&quot;category_label&quot;:{&quot;en&quot;:&quot;&quot;,&quot;nl&quot;:&quot;Vluchten&quot;,&quot;fr&quot;:&quot;Vols&quot;,&quot;de&quot;:&quot;Fl\\u00fcge&quot;}},{&quot;value&quot;:&quot;Dusseldorf&quot;,&quot;label&quot;:{&quot;en&quot;:&quot;&quot;,&quot;nl&quot;:&quot;Heen- en retourvlucht D\\u00fcsseldorf&quot;,&quot;fr&quot;:&quot;Vols aller\\\/retour depuis Dusseldorf &quot;,&quot;de&quot;:&quot;Fl\\u00fcge hin\\\/zur\\u00fcck von D\\u00fcsseldorf&quot;},&quot;price&quot;:782,&quot;status&quot;:&quot;available&quot;,&quot;language_hidden&quot;:[],&quot;startIncrement&quot;:0,&quot;endIncrement&quot;:0,&quot;var_name&quot;:&quot;flights2&quot;,&quot;category_label&quot;:{&quot;en&quot;:&quot;&quot;,&quot;nl&quot;:&quot;Vluchten&quot;,&quot;fr&quot;:&quot;Vols&quot;,&quot;de&quot;:&quot;Fl\\u00fcge&quot;}},{&quot;value&quot;:&quot;Frankfurt&quot;,&quot;label&quot;:{&quot;en&quot;:&quot;&quot;,&quot;nl&quot;:&quot;Heen- en retourvlucht Frankfurt&quot;,&quot;fr&quot;:&quot;Vol aller-retour vers Francfort&quot;,&quot;de&quot;:&quot;Voll Hin- und R\\u00fcckflug nach Frankfurt&quot;},&quot;price&quot;:false,&quot;status&quot;:&quot;disabled&quot;,&quot;language_hidden&quot;:[],&quot;startIncrement&quot;:0,&quot;endIncrement&quot;:0,&quot;var_name&quot;:&quot;flights2&quot;,&quot;category_label&quot;:{&quot;en&quot;:&quot;&quot;,&quot;nl&quot;:&quot;Vluchten&quot;,&quot;fr&quot;:&quot;Vols&quot;,&quot;de&quot;:&quot;Fl\\u00fcge&quot;}},{&quot;value&quot;:&quot;Berlin&quot;,&quot;label&quot;:{&quot;en&quot;:&quot;&quot;,&quot;nl&quot;:&quot;Heen- en retourvlucht Berlijn&quot;,&quot;fr&quot;:&quot;Vol aller-retour pour Berlin&quot;,&quot;de&quot;:&quot;Vol Hin- und R\\u00fcckflug nach Berlin&quot;},&quot;price&quot;:511,&quot;status&quot;:&quot;available&quot;,&quot;language_hidden&quot;:[],&quot;startIncrement&quot;:0,&quot;endIncrement&quot;:0,&quot;var_name&quot;:&quot;flights2&quot;,&quot;category_label&quot;:{&quot;en&quot;:&quot;&quot;,&quot;nl&quot;:&quot;Vluchten&quot;,&quot;fr&quot;:&quot;Vols&quot;,&quot;de&quot;:&quot;Fl\\u00fcge&quot;}},{&quot;value&quot;:&quot;Hamburg&quot;,&quot;label&quot;:{&quot;en&quot;:&quot;&quot;,&quot;nl&quot;:&quot;Heen- en retourvlucht Hamburg&quot;,&quot;fr&quot;:&quot;Vol aller-retour pour Hambourg&quot;,&quot;de&quot;:&quot;Voll Hin- und R\\u00fcckfahrt nach Hamburg&quot;},&quot;price&quot;:785,&quot;status&quot;:&quot;available&quot;,&quot;language_hidden&quot;:[],&quot;startIncrement&quot;:0,&quot;endIncrement&quot;:0,&quot;var_name&quot;:&quot;flights2&quot;,&quot;category_label&quot;:{&quot;en&quot;:&quot;&quot;,&quot;nl&quot;:&quot;Vluchten&quot;,&quot;fr&quot;:&quot;Vols&quot;,&quot;de&quot;:&quot;Fl\\u00fcge&quot;}},{&quot;value&quot;:&quot;M\\u00fcnchen&quot;,&quot;label&quot;:{&quot;en&quot;:&quot;&quot;,&quot;nl&quot;:&quot;Heen- en retourvlucht M\\u00fcnchen&quot;,&quot;fr&quot;:&quot;Vol aller-retour pour Munich&quot;,&quot;de&quot;:&quot;Voll retour nach M\\u00fcnchen&quot;},&quot;price&quot;:703,&quot;status&quot;:&quot;available&quot;,&quot;language_hidden&quot;:[],&quot;startIncrement&quot;:0,&quot;endIncrement&quot;:0,&quot;var_name&quot;:&quot;flights2&quot;,&quot;category_label&quot;:{&quot;en&quot;:&quot;&quot;,&quot;nl&quot;:&quot;Vluchten&quot;,&quot;fr&quot;:&quot;Vols&quot;,&quot;de&quot;:&quot;Fl\\u00fcge&quot;}},{&quot;value&quot;:&quot;no flights&quot;,&quot;label&quot;:{&quot;en&quot;:&quot;&quot;,&quot;nl&quot;:&quot;Geen vluchten&quot;,&quot;fr&quot;:&quot;Pas de vol&quot;,&quot;de&quot;:&quot;Keine Pl\\u00e4tze mehr&quot;},&quot;price&quot;:0,&quot;status&quot;:&quot;available&quot;,&quot;language_hidden&quot;:[],&quot;startIncrement&quot;:0,&quot;endIncrement&quot;:0,&quot;var_name&quot;:&quot;flights2&quot;,&quot;category_label&quot;:{&quot;en&quot;:&quot;&quot;,&quot;nl&quot;:&quot;Vluchten&quot;,&quot;fr&quot;:&quot;Vols&quot;,&quot;de&quot;:&quot;Fl\\u00fcge&quot;}}],&quot;bookable&quot;:false,&quot;bookingUrl&quot;:&quot;https:\\\/\\\/booking.travelbase.eu\\\/jn26a\\\/book?trip=11403&quot;,&quot;packageId&quot;:&quot;JN-JN&quot;}},{&quot;type&quot;:&quot;departures&quot;,&quot;id&quot;:&quot;t11412&quot;,&quot;attributes&quot;:{&quot;name&quot;:&quot;JN26A-W47-SUN&quot;,&quot;start&quot;:&quot;2026-11-15T11:00:00.000000Z&quot;,&quot;end&quot;:&quot;2026-11-22T13:00:00.000000Z&quot;,&quot;cheapestPrice&quot;:690,&quot;languages&quot;:[&quot;nl&quot;,&quot;fr&quot;,&quot;de&quot;],&quot;availableSpots&quot;:11,&quot;bookedSpots&quot;:0,&quot;fakeLabel&quot;:&quot;&quot;,&quot;availabilityLabel&quot;:&quot;&quot;,&quot;promoLabel&quot;:null,&quot;calendarToggles&quot;:[{&quot;value&quot;:&quot;Brussels&quot;,&quot;label&quot;:{&quot;en&quot;:&quot;&quot;,&quot;nl&quot;:&quot;Heen- en retourvlucht Brussel&quot;,&quot;fr&quot;:&quot;Vols aller\\\/retour depuis Bruxelles&quot;,&quot;de&quot;:&quot;Fl\\u00fcge hin\\\/zur\\u00fcck von Br\\u00fcssel&quot;},&quot;price&quot;:490,&quot;status&quot;:&quot;available&quot;,&quot;language_hidden&quot;:[],&quot;startIncrement&quot;:0,&quot;endIncrement&quot;:0,&quot;var_name&quot;:&quot;flights2&quot;,&quot;category_label&quot;:{&quot;en&quot;:&quot;&quot;,&quot;nl&quot;:&quot;Vluchten&quot;,&quot;fr&quot;:&quot;Vols&quot;,&quot;de&quot;:&quot;Fl\\u00fcge&quot;}},{&quot;value&quot;:&quot;Amsterdam&quot;,&quot;label&quot;:{&quot;en&quot;:&quot;&quot;,&quot;nl&quot;:&quot;Heen- en retourvlucht Amsterdam&quot;,&quot;fr&quot;:&quot;Vols aller\\\/retour depuis Amsterdam&quot;,&quot;de&quot;:&quot;Fl\\u00fcge Hin\\\/R\\u00fcck von Amsterdam&quot;},&quot;price&quot;:495,&quot;status&quot;:&quot;available&quot;,&quot;language_hidden&quot;:[],&quot;startIncrement&quot;:0,&quot;endIncrement&quot;:0,&quot;var_name&quot;:&quot;flights2&quot;,&quot;category_label&quot;:{&quot;en&quot;:&quot;&quot;,&quot;nl&quot;:&quot;Vluchten&quot;,&quot;fr&quot;:&quot;Vols&quot;,&quot;de&quot;:&quot;Fl\\u00fcge&quot;}},{&quot;value&quot;:&quot;Paris&quot;,&quot;label&quot;:{&quot;en&quot;:&quot;&quot;,&quot;nl&quot;:&quot;Heen- en retourvlucht Parijs&quot;,&quot;fr&quot;:&quot;Vols aller\\\/retour depuis Paris&quot;,&quot;de&quot;:&quot;Fl\\u00fcge Hin\\\/R\\u00fcck von Paris&quot;},&quot;price&quot;:false,&quot;status&quot;:&quot;disabled&quot;,&quot;language_hidden&quot;:[],&quot;startIncrement&quot;:0,&quot;endIncrement&quot;:0,&quot;var_name&quot;:&quot;flights2&quot;,&quot;category_label&quot;:{&quot;en&quot;:&quot;&quot;,&quot;nl&quot;:&quot;Vluchten&quot;,&quot;fr&quot;:&quot;Vols&quot;,&quot;de&quot;:&quot;Fl\\u00fcge&quot;}},{&quot;value&quot;:&quot;Dusseldorf&quot;,&quot;label&quot;:{&quot;en&quot;:&quot;&quot;,&quot;nl&quot;:&quot;Heen- en retourvlucht D\\u00fcsseldorf&quot;,&quot;fr&quot;:&quot;Vols aller\\\/retour depuis Dusseldorf &quot;,&quot;de&quot;:&quot;Fl\\u00fcge hin\\\/zur\\u00fcck von D\\u00fcsseldorf&quot;},&quot;price&quot;:false,&quot;status&quot;:&quot;disabled&quot;,&quot;language_hidden&quot;:[],&quot;startIncrement&quot;:0,&quot;endIncrement&quot;:0,&quot;var_name&quot;:&quot;flights2&quot;,&quot;category_label&quot;:{&quot;en&quot;:&quot;&quot;,&quot;nl&quot;:&quot;Vluchten&quot;,&quot;fr&quot;:&quot;Vols&quot;,&quot;de&quot;:&quot;Fl\\u00fcge&quot;}},{&quot;value&quot;:&quot;Frankfurt&quot;,&quot;label&quot;:{&quot;en&quot;:&quot;&quot;,&quot;nl&quot;:&quot;Heen- en retourvlucht Frankfurt&quot;,&quot;fr&quot;:&quot;Vol aller-retour vers Francfort&quot;,&quot;de&quot;:&quot;Voll Hin- und R\\u00fcckflug nach Frankfurt&quot;},&quot;price&quot;:false,&quot;status&quot;:&quot;disabled&quot;,&quot;language_hidden&quot;:[],&quot;startIncrement&quot;:0,&quot;endIncrement&quot;:0,&quot;var_name&quot;:&quot;flights2&quot;,&quot;category_label&quot;:{&quot;en&quot;:&quot;&quot;,&quot;nl&quot;:&quot;Vluchten&quot;,&quot;fr&quot;:&quot;Vols&quot;,&quot;de&quot;:&quot;Fl\\u00fcge&quot;}},{&quot;value&quot;:&quot;Berlin&quot;,&quot;label&quot;:{&quot;en&quot;:&quot;&quot;,&quot;nl&quot;:&quot;Heen- en retourvlucht Berlijn&quot;,&quot;fr&quot;:&quot;Vol aller-retour pour Berlin&quot;,&quot;de&quot;:&quot;Vol Hin- und R\\u00fcckflug nach Berlin&quot;},&quot;price&quot;:false,&quot;status&quot;:&quot;disabled&quot;,&quot;language_hidden&quot;:[],&quot;startIncrement&quot;:0,&quot;endIncrement&quot;:0,&quot;var_name&quot;:&quot;flights2&quot;,&quot;category_label&quot;:{&quot;en&quot;:&quot;&quot;,&quot;nl&quot;:&quot;Vluchten&quot;,&quot;fr&quot;:&quot;Vols&quot;,&quot;de&quot;:&quot;Fl\\u00fcge&quot;}},{&quot;value&quot;:&quot;Hamburg&quot;,&quot;label&quot;:{&quot;en&quot;:&quot;&quot;,&quot;nl&quot;:&quot;Heen- en retourvlucht Hamburg&quot;,&quot;fr&quot;:&quot;Vol aller-retour pour Hambourg&quot;,&quot;de&quot;:&quot;Voll Hin- und R\\u00fcckfahrt nach Hamburg&quot;},&quot;price&quot;:false,&quot;status&quot;:&quot;disabled&quot;,&quot;language_hidden&quot;:[],&quot;startIncrement&quot;:0,&quot;endIncrement&quot;:0,&quot;var_name&quot;:&quot;flights2&quot;,&quot;category_label&quot;:{&quot;en&quot;:&quot;&quot;,&quot;nl&quot;:&quot;Vluchten&quot;,&quot;fr&quot;:&quot;Vols&quot;,&quot;de&quot;:&quot;Fl\\u00fcge&quot;}},{&quot;value&quot;:&quot;M\\u00fcnchen&quot;,&quot;label&quot;:{&quot;en&quot;:&quot;&quot;,&quot;nl&quot;:&quot;Heen- en retourvlucht M\\u00fcnchen&quot;,&quot;fr&quot;:&quot;Vol aller-retour pour Munich&quot;,&quot;de&quot;:&quot;Voll retour nach M\\u00fcnchen&quot;},&quot;price&quot;:false,&quot;status&quot;:&quot;disabled&quot;,&quot;language_hidden&quot;:[],&quot;startIncrement&quot;:0,&quot;endIncrement&quot;:0,&quot;var_name&quot;:&quot;flights2&quot;,&quot;category_label&quot;:{&quot;en&quot;:&quot;&quot;,&quot;nl&quot;:&quot;Vluchten&quot;,&quot;fr&quot;:&quot;Vols&quot;,&quot;de&quot;:&quot;Fl\\u00fcge&quot;}},{&quot;value&quot;:&quot;no flights&quot;,&quot;label&quot;:{&quot;en&quot;:&quot;&quot;,&quot;nl&quot;:&quot;Geen vluchten&quot;,&quot;fr&quot;:&quot;Pas de vol&quot;,&quot;de&quot;:&quot;Keine Pl\\u00e4tze mehr&quot;},&quot;price&quot;:0,&quot;status&quot;:&quot;available&quot;,&quot;language_hidden&quot;:[],&quot;startIncrement&quot;:0,&quot;endIncrement&quot;:0,&quot;var_name&quot;:&quot;flights2&quot;,&quot;category_label&quot;:{&quot;en&quot;:&quot;&quot;,&quot;nl&quot;:&quot;Vluchten&quot;,&quot;fr&quot;:&quot;Vols&quot;,&quot;de&quot;:&quot;Fl\\u00fcge&quot;}}],&quot;bookable&quot;:true,&quot;bookingUrl&quot;:&quot;https:\\\/\\\/booking.travelbase.eu\\\/jn26a\\\/book?trip=11412&quot;,&quot;packageId&quot;:&quot;JN-JN&quot;}}]}\" data-summary-content=\"Pour valider votre participation, nous vous demandons de payer le montant de l\u2019acompte, soit 35% de la somme totale de votre voyage, dans les 5 jours.\" data-summary-inclusive='[{&quot;remark&quot;:&quot;Un 4x4 enti\\u00e8rement \\u00e9quip\\u00e9&quot;,&quot;rowid&quot;:&quot;67dd6d9c2e254&quot;},{&quot;remark&quot;:&quot;6 nuits dans des h\\u00f4tels (petits d\\u00e9jeuners compris)&quot;,&quot;rowid&quot;:&quot;67dd6d9c2e271&quot;},{&quot;remark&quot;:&quot;1 nuit dans un campement (petit d\\u00e9jeuner et repas du soir inclus)&quot;,&quot;rowid&quot;:&quot;67dd6d9c2e28b&quot;},{&quot;remark&quot;:&quot;Acc\\u00e8s \\u00e0 un syst\\u00e8me de navigation avec l&#039;itin\\u00e9raire complet&quot;,&quot;rowid&quot;:&quot;67dd6d9c2e2a5&quot;},{&quot;remark&quot;:&quot;Assistance avant et pendant votre voyage&quot;,&quot;rowid&quot;:&quot;67dd6d9c2e2bf&quot;}]'><\/div>\n        <\/div>\n    <\/div>\n\n\n\n\n\n\n\n<div class=\"hide-some tb-faq tb-block align-center background-dark pattern-none variant-none tb-collapsible-margins\" id=\"faq\">\n\t<div class=\"inner-block tb-fade-in tb-fade-in--subtle\">\n\t\t<div class=\"text-part\">\n\t\t\t<h2>FAQ<\/h2>\n\t\t\t\t\t<div class=\"translation-block\"><p>Hier sind einige <strong>h\u00e4ufig gestellte Fragen<\/strong>. Wenn du weitere Fragen hast, z\u00f6gere nicht, uns per <a href=\"mailto:info@jordannomads.org\" target=\"_blank\">E-Mail<\/a> zu kontaktieren.<\/p><\/div>\n\t\t\t<\/div>\n\t<\/div>\n\t<div class=\"inner-block\">\n\n\t\t\t\t\t<div class=\"faq-list tb-accordion tb-accordion--animation two-col\">\n\t\t\t\t\t\t\t\t\t<details class=\"details\">\n\t\t\t\t\t\t<summary class=\"summary\"><div>Welche Dokumente muss ich mitbringen?<\/div><\/summary>\n\t\t\t\t\t\t<div class=\"content text-part\">\n\t\t\t\t\t\t\t\t\t<div class=\"translation-block\"><p>Die wichtigsten Dokumente, die du dabei haben solltest, sind dein <strong>nationaler oder europ\u00e4ischer F\u00fchrerschein<\/strong> sowie dein <strong>Reisepass<\/strong>, der noch mindestens <strong>6 Monate g\u00fcltig<\/strong> ist.<\/p><p>F\u00fcr die Einreise nach Jordanien brauchst du au\u00dferdem ein <strong>Visum<\/strong>. Das kannst du direkt am Flughafen erhalten oder den <strong>Jordan Pass<\/strong> \u00fcber uns buchen. Damit sind sowohl das Visum als auch die Eintrittskarten f\u00fcr mehrere Sehensw\u00fcrdigkeiten inklusive. Mehr Infos dazu findest du im Abschnitt <strong>\u201e<\/strong><a href=\"#practical\"><strong>Praktische Informationen<\/strong><\/a><strong>\u201c<\/strong>.<\/p><p>Wir empfehlen dir, deine Dokumente immer bei dir zu haben, wenn du das Fahrzeug verl\u00e4sst.<\/p><\/div>\n\t\t\t\t\t\t\t<\/div>\n\t\t\t\t\t<\/details>\n\t\t\t\t\t\t\t\t\t<details class=\"details\">\n\t\t\t\t\t\t<summary class=\"summary\"><div>Wie ist die geopolitische Lage in diesem Land? <\/div><\/summary>\n\t\t\t\t\t\t<div class=\"content text-part\">\n\t\t\t\t\t\t\t\t\t<div class=\"translation-block\"><p>Jordanien ist ein Land, das f\u00fcr seine Stabilit\u00e4t und Sicherheit f\u00fcr Reisende bekannt ist. Obwohl es sich in einer Region befindet, die gelegentlich von Spannungen betroffen ist, verfolgt Jordanien seit jeher eine friedliche Au\u00dfenpolitik, die die innere Stabilit\u00e4t und die diplomatischen Beziehungen zu seinen Nachbarn sichert. Dies macht das Land seit langem zu einem verl\u00e4sslichen und gesch\u00e4tzten Reiseziel.<\/p><p>Wir sind uns jedoch bewusst, dass die aktuelle geopolitische Lage Fragen aufwerfen kann. Deshalb beobachten wir die Situation sehr genau, in Zusammenarbeit mit unseren lokalen Partnern und auf Basis der offiziellen Empfehlungen der zust\u00e4ndigen Beh\u00f6rden.<\/p><p>Reisende, die im Fr\u00fchjahr starten wollten, wurden <strong>bereits pers\u00f6nlich informiert<\/strong>, mit klaren Informationen \u00fcber die verschiedenen M\u00f6glichkeiten: Verschiebung auf eine andere Travelbase-Reise, ein Travelbase-Gutschein mit einer G\u00fcltigkeit von zwei Jahren oder Abwarten einer endg\u00fcltigen Entscheidung, abh\u00e4ngig von der weiteren Entwicklung der Reisehinweise.<\/p><p>Unsere oberste Priorit\u00e4t bleibt die Sicherheit und das Wohlbefinden unserer Teilnehmer. Wir m\u00f6chten vor allem, dass jeder Jordanien unter den besten Bedingungen erleben kann und das Land als gastfreundliches Reiseziel in Erinnerung beh\u00e4lt \u2013 reich an Geschichte und atemberaubenden Landschaften, fernab unmittelbarer politischer Sorgen.<\/p><p><i>(Aktualisiert am 11.03.)<\/i><\/p><\/div>\n\t\t\t\t\t\t\t<\/div>\n\t\t\t\t\t<\/details>\n\t\t\t\t\t\t\t\t\t<details class=\"details\">\n\t\t\t\t\t\t<summary class=\"summary\"><div>Wie alt muss ich sein um zu fahren?<\/div><\/summary>\n\t\t\t\t\t\t<div class=\"content text-part\">\n\t\t\t\t\t\t\t\t\t<div class=\"translation-block\"><p>F\u00fcr diese Rundreise musst du mindestens <strong>21 Jahre alt<\/strong> sein und deinen F\u00fchrerschein seit mindestens <strong>2 Jahren<\/strong> besitzen, um fahren zu d\u00fcrfen.<\/p><\/div>\n\t\t\t\t\t\t\t<\/div>\n\t\t\t\t\t<\/details>\n\t\t\t\t\t\t\t\t\t<details class=\"details\">\n\t\t\t\t\t\t<summary class=\"summary\"><div>Wir sind mehr als zwei, wie k\u00f6nnen wir buchen?<\/div><\/summary>\n\t\t\t\t\t\t<div class=\"content text-part\">\n\t\t\t\t\t\t\t\t\t<div class=\"translation-block\"><p>Diese Reise richtet sich <strong>an Gruppen von 2, 3 und 4 Personen<\/strong>, je nach Verf\u00fcgbarkeit.<\/p>\n<p>F\u00fcr jedes Abreisedatum haben wir ein Fahrzeug f\u00fcr eine Gruppe von 3 Personen und ein Dreibettzimmer in jedem Hotel vorgesehen. Gruppen von 3 erhalten einen Rabatt von 250\u20ac auf die Endrechnung.<\/p>\n<p>Die anderen Fahrzeuge sind f\u00fcr Paare gedacht. Wenn ihr zu viert reisen m\u00f6chtet, ist das m\u00f6glich und es wird ein Rabatt von 350\u20ac auf eure Rechnung angewendet. Bitte beachtet, dass ihr h\u00e4ufig in 2 Zimmern mit je 2 Betten untergebracht werdet.<\/p><\/div>\n\t\t\t\t\t\t\t<\/div>\n\t\t\t\t\t<\/details>\n\t\t\t\t\t\t\t\t\t<details class=\"details\">\n\t\t\t\t\t\t<summary class=\"summary\"><div>Welche zus\u00e4tzlichen Geb\u00fchren fallen an?<\/div><\/summary>\n\t\t\t\t\t\t<div class=\"content text-part\">\n\t\t\t\t\t\t\t\t\t<div class=\"translation-block\"><ul>\n<li>Kraftstoff: \u00b1 100 JOD, also 150 \u20ac pro Auto f\u00fcr die gesamte Reise<\/li>\n<li>Lebensmittel und Getr\u00e4nke au\u00dferhalb der Fr\u00fchst\u00fccke, die in deinem Basis-Paket enthalten sind.<\/li>\n<li>Eine Prepaid-SIM-Karte: zwischen 3 und 7 \u20ac<\/li>\n<\/ul><\/div>\n\t\t\t\t\t\t\t<\/div>\n\t\t\t\t\t<\/details>\n\t\t\t\t\t\t\t\t\t<details class=\"details\">\n\t\t\t\t\t\t<summary class=\"summary\"><div>Muss ich eine Schadensversicherung abschlie\u00dfen?<\/div><\/summary>\n\t\t\t\t\t\t<div class=\"content text-part\">\n\t\t\t\t\t\t\t\t\t<div class=\"translation-block\"><p><strong>Schadenversicherung<\/strong><\/p><p>Ein Unfall ist schnell passiert, deshalb empfehlen wir dir, eine <a href=\"https:\/\/admin.travelbase.eu\/u\/source\/Nomads_Trips\/General\/DAMAGE_WAIVER\/Damage_Waiver_DE.pdf\" target=\"_blank\">Schadensversicherung<\/a> zu deiner Buchung hinzuzuf\u00fcgen. Diese Versicherung kostet 37\u20ac pro Tag und deckt das Fahrzeug ab, solange ein Mitglied deines Teams am Steuer sitzt. Wenn du diese Versicherung w\u00e4hlst, musst du keine Kaution zahlen.<\/p><p>Wenn du dich entscheidest, keine Versicherung abzuschlie\u00dfen, musst du vor deiner Abreise eine Kaution von 1000\u20ac hinterlegen, und im Falle von Sch\u00e4den kann eine Selbstbeteiligung von bis zu 3000\u20ac f\u00e4llig werden.<\/p><\/div>\n\t\t\t\t\t\t\t<\/div>\n\t\t\t\t\t<\/details>\n\t\t\t\t\t\t\t\t\t<details class=\"details\">\n\t\t\t\t\t\t<summary class=\"summary\"><div>Wie l\u00e4uft der Zahlungsprozess ab?<\/div><\/summary>\n\t\t\t\t\t\t<div class=\"content text-part\">\n\t\t\t\t\t\t\t\t\t<div class=\"translation-block\"><p>Innerhalb von <strong>5 Tagen nach deiner Anmeldung<\/strong> musst du eine <strong>Anzahlung von 35 %<\/strong> leisten, um deine Rundreise zu best\u00e4tigen. Danach hast du bis <strong>45 Tage vor Abreise<\/strong> Zeit, deine Optionen zu \u00e4ndern und den Restbetrag zu zahlen. Wenn du Optionen anpasst, wird die Anzahlung automatisch neu berechnet.<\/p><p>Wenn du <strong>keine Schadensversicherung<\/strong> ausgew\u00e4hlt hast, musst du kurz vor der Abreise au\u00dferdem eine <strong>Kaution von 1.000 \u20ac<\/strong> hinterlegen (mehr Infos findest du im Abschnitt <a href=\"#info\">\"Praktische Informationen\"<\/a>).<\/p><p>Du hast verschiedene Zahlungsm\u00f6glichkeiten. Falls deine Zahlung fehlgeschlagen ist, liegt es meist an einer falsch eingegebenen Referenznummer oder daran, dass das Limit deines Kontos erreicht wurde.<\/p><\/div>\n\t\t\t\t\t\t\t<\/div>\n\t\t\t\t\t<\/details>\n\t\t\t\t\t\t\t\t\t<details class=\"details\">\n\t\t\t\t\t\t<summary class=\"summary\"><div>Gibt es vor Ort Unterst\u00fctzung?<\/div><\/summary>\n\t\t\t\t\t\t<div class=\"content text-part\">\n\t\t\t\t\t\t\t\t\t<div class=\"translation-block\"><p>W\u00e4hrend deiner Rundreise findest du in unserer App jede Menge praktische Infos. Kurz vor der Abreise bekommst du au\u00dferdem eine Einladung zu einer WhatsApp-Gruppe mit allen, die am selben Datum starten. Dort k\u00f6nnt ihr euch austauschen und falls es mal dringend wird, ist auch immer ein Teammitglied erreichbar.<\/p><\/div>\n\t\t\t\t\t\t\t<\/div>\n\t\t\t\t\t<\/details>\n\t\t\t\t\t\t\t\t\t<details class=\"details\">\n\t\t\t\t\t\t<summary class=\"summary\"><div>Kann ich meine Reise noch stornieren?<\/div><\/summary>\n\t\t\t\t\t\t<div class=\"content text-part\">\n\t\t\t\t\t\t\t\t\t<div class=\"translation-block\"><p>Du kannst deine Reise jederzeit stornieren. Die Stornierungsbedingungen findest du hier. Au\u00dferdem kannst du dich auf die Superflex-Buchungsbedingungen bis zum 1. Juni 2026 beziehen f\u00fcr die Herbstausgabe 2026. Mehr Infos dazu findest du in den FAQ unter \u201eWas sind die Superflex-Buchungsbedingungen?\u201c.<\/p><\/div>\n\t\t\t\t\t\t\t<\/div>\n\t\t\t\t\t<\/details>\n\t\t\t\t\t\t\t\t\t<details class=\"details\">\n\t\t\t\t\t\t<summary class=\"summary\"><div>Was enth\u00e4lt das Roadbook? <\/div><\/summary>\n\t\t\t\t\t\t<div class=\"content text-part\">\n\t\t\t\t\t\t\t\t\t<div class=\"translation-block\"><p>Das Roadbook ist dein Guide f\u00fcr die Rundreise durch Jordanien. Es enth\u00e4lt eine detaillierte Route zu den bekanntesten Highlights des Landes, aber auch zu weniger bekannten Orten, die in vielen Reisef\u00fchrern oft untergehen. So entdeckst du Pl\u00e4tze, die sich wirklich besonders anf\u00fchlen.<\/p><p>Du bekommst zwar klare Vorschl\u00e4ge f\u00fcr Stopps, bleibst aber komplett frei: Du kannst die Route jederzeit anpassen und ganz nach Lust und Laune zus\u00e4tzliche Stopps einbauen.<\/p><p>Au\u00dferdem findest du im Roadbook eine Auswahl an guten Adressen f\u00fcr den Abend \u2013 f\u00fcr ein Getr\u00e4nk oder ein leckeres Essen, damit du die lokale Stimmung richtig genie\u00dfen kannst.<\/p><\/div>\n\t\t\t\t\t\t\t<\/div>\n\t\t\t\t\t<\/details>\n\t\t\t\t\t\t\t\t\t<details class=\"details\">\n\t\t\t\t\t\t<summary class=\"summary\"><div>Wollt ihr etwas f\u00fcr die Natur tun?<\/div><\/summary>\n\t\t\t\t\t\t<div class=\"content text-part\">\n\t\t\t\t\t\t\t\t\t<div class=\"translation-block\"><p>Dank unserer Partnerschaft mit <strong>Greentripper<\/strong> kannst du die CO2-Emissionen deiner Reise kompensieren. Dein Beitrag flie\u00dft in das zertifizierte <strong>Projekt Wildlife Cambodia<\/strong>, das verschiedene Waldarten und die dort lebende Tierwelt sch\u00fctzt. Au\u00dferdem leistet auch Travelbase einen eigenen Beitrag.<\/p><p>Um mehr \u00fcber das Engagement von Travelbase zu erfahren, klicke <a href=\"https:\/\/travelbase.de\/nachhaltigkeit\/?_gl=1*m31mbg*_gcl_au*MTUwOTc1MzA3OC4xNzY2MDQ4NjQz*_ga*MTM0MjgzNjk0OS4xNzQ3NzM2Mjg5*_ga_MNM1Z0RZ2L*czE3NzAzODkzODkkbzM0OSRnMSR0MTc3MDM4OTM5MyRqNTYkbDAkaDkxMDYzNzM1Mw..\" target=\"_blank\">hier<\/a>.<\/p><\/div>\n\t\t\t\t\t\t\t<\/div>\n\t\t\t\t\t<\/details>\n\t\t\t\t\t\t\t\t\t<details class=\"details\">\n\t\t\t\t\t\t<summary class=\"summary\"><div>Was sind die Superflex-Buchungsbedingungen?<\/div><\/summary>\n\t\t\t\t\t\t<div class=\"content text-part\">\n\t\t\t\t\t\t\t\t\t<div class=\"translation-block\"><p>Die Superflex-Stornobedingungen* sind f\u00fcr alle verf\u00fcgbar, die fr\u00fch buchen. Damit kannst du deine <strong>Rundreise<\/strong> in einen anderen Zeitraum innerhalb derselben Saison <strong>verschieben<\/strong> (je nach Verf\u00fcgbarkeit) oder bis zum <strong>1. Dezember 2026 (f\u00fcr die Fr\u00fchjahrsausgabe 2026) oder bis zum 1. Juli (f\u00fcr die Herbstausgabe 2026)<\/strong> <strong>kostenlos<\/strong> <strong>stornieren<\/strong>.<br><br><i>*Achtung: Die Fl\u00fcge sind hier immer ausgeschlossen und k\u00f6nnen nicht kostenlos storniert werden.<\/i><\/p><\/div>\n\t\t\t\t\t\t\t<\/div>\n\t\t\t\t\t<\/details>\n\t\t\t\t\t\t\t\t\t<details class=\"details\">\n\t\t\t\t\t\t<summary class=\"summary\"><div>Muss ich die Route folgen?<\/div><\/summary>\n\t\t\t\t\t\t<div class=\"content text-part\">\n\t\t\t\t\t\t\t\t\t<div class=\"translation-block\"><p>Du bist <strong>nicht verpflichtet<\/strong>, der von uns vorgeschlagenen Route zu folgen. <strong>Du reist semi-unabh\u00e4ngig:<\/strong> Deine Unterk\u00fcnfte bzw. \u00dcbernachtungspl\u00e4tze sind f\u00fcr die Nacht fix reserviert, tags\u00fcber bist du aber komplett frei in deiner Gestaltung.<\/p><p>Unser Reisef\u00fchrer und unsere App liefern dir jede Menge Ideen f\u00fcr Aktivit\u00e4ten und Sehensw\u00fcrdigkeiten \u2013 du entscheidest selbst, worauf du Lust hast und was du erleben m\u00f6chtest.<\/p><\/div>\n\t\t\t\t\t\t\t<\/div>\n\t\t\t\t\t<\/details>\n\t\t\t\t\t\t\t\t\t<details class=\"details\">\n\t\t\t\t\t\t<summary class=\"summary\"><div>Sind Drohnen in Jordanien erlaubt? <\/div><\/summary>\n\t\t\t\t\t\t<div class=\"content text-part\">\n\t\t\t\t\t\t\t\t\t<div class=\"translation-block\"><p>Die Nutzung von Drohnen in Jordanien ist streng geregelt und f\u00fcr Reisende im Allgemeinen verboten. Um eine Drohne fliegen zu d\u00fcrfen, ist es notwendig, eine spezielle Genehmigung von den jordanischen Beh\u00f6rden zu erhalten, was langwierig und schwierig sein kann. Daher empfehlen wir, deine Drohne zu Hause zu lassen.<\/p><\/div>\n\t\t\t\t\t\t\t<\/div>\n\t\t\t\t\t<\/details>\n\t\t\t\t\t\t\t\t\t<details class=\"details\">\n\t\t\t\t\t\t<summary class=\"summary\"><div>Muss ich vor meiner Abreise Geld wechseln?<\/div><\/summary>\n\t\t\t\t\t\t<div class=\"content text-part\">\n\t\t\t\t\t\t\t\t\t<div class=\"translation-block\"><p>Es ist deutlich sinnvoller, deine <strong>Euro oder US-Dollar erst vor Ort in Jordanien<\/strong> zu wechseln, statt schon vor der Abreise jordanische Dinar (JOD) zu kaufen. In Jordanien sind die Wechselkurse in Wechselstuben in der Regel besser als in Europa.<\/p><p><strong>Praktische Tipps:<\/strong><\/p><ul><li>Nimm am besten <strong>neue, gut erhaltene Scheine<\/strong> mit, besch\u00e4digte oder sehr alte Banknoten werden manchmal nicht angenommen.<\/li><li>Wechsle am Flughafen nur <strong>einen kleinen Betrag<\/strong> f\u00fcr die ersten Ausgaben (Taxi, Trinkgeld) und tausche den Rest sp\u00e4ter in der Stadt zum besseren Kurs.<\/li><li>In den gr\u00f6\u00dferen St\u00e4dten kannst du meist gut mit Karte zahlen, aber <strong>Bargeld<\/strong> bleibt in W\u00fcstenregionen, D\u00f6rfern und auf M\u00e4rkten oft unverzichtbar.<\/li><\/ul><\/div>\n\t\t\t\t\t\t\t<\/div>\n\t\t\t\t\t<\/details>\n\t\t\t\t\t\t\t<\/div>\n\t\t\t\t<div class=\"load-more-faqs-container\">\n\t\t\t<div class=\"load-more-faqs-link\">\n\t\t\t\t<a href=\"#\" class=\"tb-buttonlink-with-icon load-more\">\n\t\t\t\t\t<span>Mehr FAQs laden<\/span>\n\t\t\t\t\t<i class=\"icon fa fa-plus\"><\/i>\n\t\t\t\t<\/a>\n\t\t\t\t<a href=\"#\" class=\"tb-buttonlink-with-icon load-less\">\n\t\t\t\t\t<span>Weniger FAQs laden<\/span>\n\t\t\t\t\t<i class=\"icon fa fa-minus\"><\/i>\n\t\t\t\t<\/a>\n\t\t\t<\/div>\n\t\t<\/div>\n\t<\/div>\n\t\t\t<div class=\"inner-block tb-fade-in tb-fade-in--subtle\">\n\t\t\t<div class=\"faq-footer text-part\">\n\t\t\t\t<h3>Hast du noch andere Fragen? <\/h3>\t\t\t\t\t\t\t\t\t\t\t\t\t\t\t\t\t<a href=\"https:\/\/jn.travelblox.eu\/de\/contact\/\" class=\"tb-buttonlink-with-icon\">\n\t\t\t\t\t\t<span>Kontaktiere uns<\/span>\n\t\t\t\t\t\t<i class=\"icon fa fa-arrow-right\"><\/i>\n\t\t\t\t\t<\/a>\n\t\t\t\t\t\t\t<\/div>\n\t\t<\/div>\n\t<\/div>\n\n<div class=\"tb-similartrips tb-block align-center background-light pattern-none variant-none tb-collapsible-margins\" id=\"othertrips\">\n\t\t\t<div class=\"inner-block tb-fade-in tb-fade-in--subtle\">\n\t\t\t<div class=\"text-part\">\n\t\t\t\t\t\t\t\t\t<h2>Lust, unsere anderen Reiseziele zu entdecken?<\/h2>\n\t\t\t\t\t\t\t\t\t\t\t<\/div>\n\t\t<\/div>\n\t\t\t\t<p class=\"tb-no-trips\">Keine \u00e4hnlichen Reisen gefunden.<\/p>\n\t\t\t\t<div class=\"inner-block tb-buttons tb-fade-in tb-fade-in--subtle\">\n\t\t\t<div class=\"text-part\">\n\t\t\t\t\t\t<a href=\"https:\/\/travelbase.fr\/fr\/\"  target=\"\" class=\"tb-buttonlink\">\n\t\t\tAlle unsere Reisen\t\t<\/a>\n\t\t\t\t\t<\/div>\n\t\t<\/div>\n\t<\/div>\n\n\n<div class=\"tb-instagramroll tb-block align-center background-light pattern-none variant-none tb-collapsible-margins\" id=\"ig\">\n\n\t\n\t<div class=\"inner-block tb-fade-in tb-fade-in--subtle\">\n\t\t<div class=\"text-part\">\n\t\t\t<h2>Entdecke Travelbase Nomads auf Instagram<\/h2>\n\t\t<\/div>\n\t\t\t\t\t<div class=\"embedsocial-hashtag\" data-ref=\"390c07f2e27048c43020650158adae08d0c93516\"><\/div> <script> (function(d, s, id) { var js; if (d.getElementById(id)) {return;} js = d.createElement(s); js.id = id; js.src = \"https:\/\/embedsocial.com\/cdn\/ht.js\"; d.getElementsByTagName(\"head\")[0].appendChild(js); }(document, \"script\", \"EmbedSocialHashtagScript\")); <\/script>\n\t\t\t<\/div>\n\t\n<\/div>","protected":false},"excerpt":{"rendered":"","protected":false},"author":118,"featured_media":1045,"parent":0,"menu_order":0,"comment_status":"closed","ping_status":"closed","template":"","meta":{"_acf_changed":false,"inline_featured_image":false,"footnotes":""},"class_list":["post-1748","page","type-page","status-publish","has-post-thumbnail","hentry"],"acf":{"page_package_ids":"JN-JN","is_main_package_page":true,"additional_linked_packages":[],"feed_page_to_atlas":true},"_links":{"self":[{"href":"https:\/\/jn.travelblox.eu\/de\/wp-json\/wp\/v2\/pages\/1748","targetHints":{"allow":["GET"]}}],"collection":[{"href":"https:\/\/jn.travelblox.eu\/de\/wp-json\/wp\/v2\/pages"}],"about":[{"href":"https:\/\/jn.travelblox.eu\/de\/wp-json\/wp\/v2\/types\/page"}],"author":[{"embeddable":true,"href":"https:\/\/jn.travelblox.eu\/de\/wp-json\/wp\/v2\/users\/118"}],"replies":[{"embeddable":true,"href":"https:\/\/jn.travelblox.eu\/de\/wp-json\/wp\/v2\/comments?post=1748"}],"version-history":[{"count":51,"href":"https:\/\/jn.travelblox.eu\/de\/wp-json\/wp\/v2\/pages\/1748\/revisions"}],"predecessor-version":[{"id":1966,"href":"https:\/\/jn.travelblox.eu\/de\/wp-json\/wp\/v2\/pages\/1748\/revisions\/1966"}],"wp:featuredmedia":[{"embeddable":true,"href":"https:\/\/jn.travelblox.eu\/de\/wp-json\/wp\/v2\/media\/1045"}],"wp:attachment":[{"href":"https:\/\/jn.travelblox.eu\/de\/wp-json\/wp\/v2\/media?parent=1748"}],"curies":[{"name":"wp","href":"https:\/\/api.w.org\/{rel}","templated":true}]}}