{"id":1748,"date":"2026-02-11T14:38:55","date_gmt":"2026-02-11T14:38:55","guid":{"rendered":"https:\/\/jn.travelblox.eu\/?page_id=1748"},"modified":"2026-03-24T08:52:36","modified_gmt":"2026-03-24T08:52:36","slug":"jn26a","status":"publish","type":"page","link":"https:\/\/jn.travelblox.eu\/fr\/","title":{"rendered":"JN26A"},"content":{"rendered":"\n<div class=\" tb-header tb-block align-center background-dark pattern-none variant-none\" id=\"header\" data-fallback-background=\"https:\/\/vz-2d98b19f-729.b-cdn.net\/6616b394-e293-4bf7-92e9-0e775033a6e5\/thumbnail.jpg\" style=\"background-image: url('https:\/\/vz-2d98b19f-729.b-cdn.net\/6616b394-e293-4bf7-92e9-0e775033a6e5\/thumbnail.jpg'); background-position:center;\">\n    <div class=\"tb-header-foreground\">\n        <div class=\"inner-block\">\n\n            <div class=\"main-part\">\n                <div class=\"text-part\">\n                                                                                            <h1>\t<span class=\"tb-logo \"  style=\"-webkit-mask-image: url(https:\/\/jn.travelblox.eu\/wp-content\/uploads\/sites\/44\/2023\/10\/round-white.svg); mask-image: url(https:\/\/jn.travelblox.eu\/wp-content\/uploads\/sites\/44\/2023\/10\/round-white.svg)\">\n\t\t<img src='https:\/\/jn.travelblox.eu\/wp-content\/uploads\/sites\/44\/2023\/10\/round-white.svg' width='1024' height='1024' alt='Jordan Nomads logo' title='Jordan Nomads' loading='lazy'>\n\t<\/span>\n<\/h1>\n                                                                                        <h2 class=\"tb-subtitle\">\t\t<div class=\"translation-block\"><p>Un road trip en Jordanie entre le d\u00e9sert du Wadi Rum, les tr\u00e9sors historiques de Petra et la Mer morte<\/p><\/div>\n\t<\/h2>\n                                                                                            <div class=\"tb-properties\">\n                                                                    <div class=\"tb-property\">\n                                                                                    <div class=\"tb-property__icon\">\n                                                \t\t\t\t<i class=\"icon fa-solid fa-calendar-days \" aria-hidden=\"true\"><\/i>\n\t\t\t                                            <\/div>\n                                                                                <div class=\"tb-property__label\">\n                                            7 jours                                        <\/div>\n                                    <\/div>\n                                    <div class=\"tb-properties__divider\"><\/div>\n                                                                                                    <div class=\"tb-property\">\n                                                                                    <div class=\"tb-property__icon\">\n                                                \t\t\t\t<i class=\"icon fa-solid fa-bed-front \" aria-hidden=\"true\"><\/i>\n\t\t\t                                            <\/div>\n                                                                                <div class=\"tb-property__label\">\n                                            H\u00f4tels &amp; lodges                                        <\/div>\n                                    <\/div>\n                                    <div class=\"tb-properties__divider\"><\/div>\n                                                                                                    <div class=\"tb-property\">\n                                                                                    <div class=\"tb-property__icon\">\n                                                \t\t\t\t<i class=\"icon fa-solid fa-person-simple \" aria-hidden=\"true\"><\/i>\n\t\t\t                                            <\/div>\n                                                                                <div class=\"tb-property__label\">\n                                            2, 3 ou 4 personnes                                        <\/div>\n                                    <\/div>\n                                                            <\/div>\n                                                                                        <div class=\"tb-buttons-part\">\n                                                            \t\t<a href=\"#join\"  target=\"\" class=\"tb-button\">\n\t\t\tVoir les disponibilit\u00e9s\t\t<\/a>\n\t\t                                                                                        \t\t<a href=\"#concept\"  target=\"\" class=\"tb-buttonlink\">\n\t\t\tPlus d&rsquo;informations\t\t<\/a>\n\t\t                                                    <\/div>\n                                                                <div class=\"average-reviews-wrapper\" data-reviews-redirect-url=\"https:\/\/g.page\/r\/CSl3yZlvVLmIEAE\/review\" data-embed-social-id=\"b0ff53b6da69c89beca10ef7bb76aa0ece1708fa\"><\/div>\n                                    <\/div>\n            <\/div>\n            \n                    <\/div>\n    <\/div>\n\n                        <div class=\"tb-header-background tb-header-background--has-iframe\">\n                        <iframe src=\"https:\/\/iframe.mediadelivery.net\/embed\/306445\/6616b394-e293-4bf7-92e9-0e775033a6e5?autoplay=true&#038;preload=true&#038;loop=true&#038;responsive=true&#038;muted=true\" allow=\"accelerometer;gyroscope;encrypted-media;picture-in-picture;autoplay;muted;\" allowfullscreen=\"true\" style=\"border: none;\" loading=\"lazy\"><\/iframe>                    <\/div>\n    \n    \n        <nav class=\"tb-header__subnav\">\n            <div class=\"inner-block\">\n                <div class=\"tb-header__pagename\">\n                                            \t<span class=\"tb-logo \"  style=\"-webkit-mask-image: url(https:\/\/jn.travelblox.eu\/wp-content\/uploads\/sites\/44\/2023\/10\/round-white.svg); mask-image: url(https:\/\/jn.travelblox.eu\/wp-content\/uploads\/sites\/44\/2023\/10\/round-white.svg)\">\n\t\t<img src='https:\/\/jn.travelblox.eu\/wp-content\/uploads\/sites\/44\/2023\/10\/round-white.svg' width='1024' height='1024' alt='Jordan Nomads logo' title='Jordan Nomads' loading='lazy'>\n\t<\/span>\n                                    <\/div>\n\n                <ul>\n                                            <li>\n                            <a href=\"#route\">Itin\u00e9raire<\/a>\n                        <\/li>\n\n                                            <li>\n                            <a href=\"#car\">V\u00e9hicule &amp; logements<\/a>\n                        <\/li>\n\n                                            <li>\n                            <a href=\"#info\">Infos pratiques<\/a>\n                        <\/li>\n\n                                            <li>\n                            <a href=\"#activities\">Activit\u00e9s<\/a>\n                        <\/li>\n\n                                            <li>\n                            <a href=\"#transport\">Vols<\/a>\n                        <\/li>\n\n                                            <li>\n                            <a href=\"#faq\">FAQ<\/a>\n                        <\/li>\n\n                    \n                                                <li class=\"tb-header__subnav_cta\">\n                                <a href=\"#join\" class=\"tb-button\" >R\u00e9servez votre voyage<\/a>\n                            <\/li>\n                                    <\/ul>\n            <\/div>\n        <\/nav>\n\n    \n<\/div>\n\n\n\n\n\n\n<div class=\" tb-intro tb-block align-none background-middle pattern-none variant-none tb-collapsible-margins\" id=\"intro\">\n    <div class=\"inner-block tb-fade-in tb-fade-in--subtle\">\n\n        \n\n        <div class=\"text-part content-part\">\n            <div class=\"title-meta-inclusive\">\n                <div class=\"title-and-meta\">\n                                            <div class=\"title-part\">\n                                                            <h3>JORDAN NOMADS<\/h3>\n                                                                                                                            <h5>\t\t<div class=\"translation-block\">D\u00e9couvrez une des 7 merveilles du monde, des vall\u00e9es spectaculaires, des montagnes aux teintes ocres et la l\u00e9gendaire route commerciale du Moyen-Orient<\/div>\n\t<\/h5>\n                                                                                    <\/div>\n                                        <ul class=\"meta-data\">\n                                                    <li>\n                                <i class=\"fa fa-regular fa-tag\"><\/i>\n                                <span>\u00c0 partir de 690 \u20ac<\/span>\n                            <\/li>\n                                                                            <li>\n                                <i class=\"fa fa-regular fa-calendar\"><\/i>\n                                <span><p><a href=\"#join\">mars-mai<\/a> (derniers v\u00e9hicules) &amp; <a href=\"#join\">sept.-nov.<\/a><\/p>\n<\/span>\n                            <\/li>\n                                            <\/ul>\n                <\/div>\n                                    <div class=\"inclusive \">\n                                                    <h6>Immanquables<\/h6>\n                                                <ul class=\"\">\n                                                            <li class=\"visible\">\n                                                                            \t\t\t\t<i class=\"icon fa-solid fa-car-side \" aria-hidden=\"true\"><\/i>\n\t\t\t                                                                                                                <span>Partez \u00e0 la d\u00e9couverte \u00e0 bord d\u2019un SUV bien \u00e9quip\u00e9<\/span>\n                                                                    <\/li>\n                                                            <li class=\"visible\">\n                                                                            \t\t\t\t<i class=\"icon fa-solid fa-bed \" aria-hidden=\"true\"><\/i>\n\t\t\t                                                                                                                <span>S\u00e9journez dans des lodges authentiques, petit-d\u00e9jeuner compris<\/span>\n                                                                    <\/li>\n                                                            <li class=\"visible\">\n                                                                            \t\t\t\t<i class=\"icon fa-solid fa-book-open \" aria-hidden=\"true\"><\/i>\n\t\t\t                                                                                                                <span>D\u00e9couvrez tous les sites touristiques gr\u00e2ce \u00e0 notre carnet de route<\/span>\n                                                                    <\/li>\n                                                            <li class=\"visible\">\n                                                                            \t\t\t\t<i class=\"icon fa-solid fa-star \" aria-hidden=\"true\"><\/i>\n\t\t\t                                                                                                                <span>Participez \u00e0 des activit\u00e9s inoubliables, comme un safari en jeep dans le d\u00e9sert<\/span>\n                                                                    <\/li>\n                                                    <\/ul>\n                                            <\/div>\n                            <\/div>\n\n                            <div class=\"tb-buttons desktop-only\">\n                                            <a href=\"#concept\" class=\"tb-button\">\n                                                            D\u00e9couvrez le voyage                                                    <\/a>\n                                                                <a href=\"#join\" class=\"tb-buttonlink\">\n                                                            Dates &amp; prix                                                    <\/a>\n                                    <\/div>\n                    <\/div>\n                                    <div class=\"tb-video-part\">\n                    <iframe src=\"https:\/\/iframe.mediadelivery.net\/embed\/328190\/f3cdbf37-fe2a-4fca-bf7d-def478223f13?autoplay=false&#038;preload=true&#038;loop=true&#038;responsive=true\" allow=\"accelerometer;gyroscope;encrypted-media;picture-in-picture;\" allowfullscreen=\"true\" style=\"border: none;\" loading=\"lazy\"><\/iframe>                <\/div>\n                                        <div class=\"tb-buttons mobile-only\">\n                                    <a href=\"#concept\" class=\"tb-button\">\n                                                    D\u00e9couvrez le voyage                                            <\/a>\n                                                    <a href=\"#join\" class=\"tb-buttonlink\">\n                                                    Dates &amp; prix                                            <\/a>\n                            <\/div>\n            <\/div>\n<\/div>\n\n\n\n\n\n\n\n\n<div class=\" tb-gallery tb-block align-center background-light pattern-none variant-grid\" id=\"collage\">\n\t<div>\n\t\t<div class=\"desktop tb-has-popup-content\">\n\t\t\t\t\t\t\t<ul class=\"tb-gallery-grid\">\n\t\t\t\t\t\t\t\t\t\t\t\t\t\t\t\t\t\t<li class=\"slide\">\n\t\t\t\t\t\t\t\t<div class=\"tb-popup-trigger\">\n\t\t\t\t\t\t\t\t\t<img src='https:\/\/jn.travelblox.eu\/wp-content\/uploads\/sites\/44\/2025\/01\/JN23_RoyMosterd_LR_4183313.jpeg' width='788' height='1050' alt='Car on a barren road' loading='lazy'>\t\t\t\t\t\t\t\t<\/div>\n\t\t\t\t\t\t\t<\/li>\n\t\t\t\t\t\t\t\t\t\t\t\t\t<li class=\"slide\">\n\t\t\t\t\t\t\t\t<div class=\"tb-popup-trigger\">\n\t\t\t\t\t\t\t\t\t<img src='https:\/\/jn.travelblox.eu\/wp-content\/uploads\/sites\/44\/2025\/01\/JN23_RoyMosterd_LR_4184231.jpeg' width='2060' height='1545' alt='Sunset in the desert' loading='lazy'>\t\t\t\t\t\t\t\t<\/div>\n\t\t\t\t\t\t\t<\/li>\n\t\t\t\t\t\t\t\t\t\t\t\t\t<li class=\"slide\">\n\t\t\t\t\t\t\t\t<div class=\"tb-popup-trigger\">\n\t\t\t\t\t\t\t\t\t<img src='https:\/\/jn.travelblox.eu\/wp-content\/uploads\/sites\/44\/2025\/01\/JN23_RoyMosterd_LR_4172462.jpeg' width='700' height='525' alt='Jordan singing in an amphitheater' loading='lazy'>\t\t\t\t\t\t\t\t<\/div>\n\t\t\t\t\t\t\t<\/li>\n\t\t\t\t\t\t\t\t\t\t\t\t\t<li class=\"slide\">\n\t\t\t\t\t\t\t\t<div class=\"tb-popup-trigger\">\n\t\t\t\t\t\t\t\t\t<img src='https:\/\/jn.travelblox.eu\/wp-content\/uploads\/sites\/44\/2023\/08\/355650159_1468926126979139_8326167195922637072_n.jpg' width='1080' height='1350' loading='lazy'>\t\t\t\t\t\t\t\t<\/div>\n\t\t\t\t\t\t\t<\/li>\n\t\t\t\t\t\t\t\t\t\t\t\t\t<li class=\"slide\">\n\t\t\t\t\t\t\t\t<div class=\"tb-popup-trigger\">\n\t\t\t\t\t\t\t\t\t<img src='https:\/\/jn.travelblox.eu\/wp-content\/uploads\/sites\/44\/2025\/01\/JORDAN_NOMADS_SJOERDBRACKE_387A9679.jpeg' width='1000' height='1500' alt='Jordan flag' loading='lazy'>\t\t\t\t\t\t\t\t<\/div>\n\t\t\t\t\t\t\t<\/li>\n\t\t\t\t\t\t\t\t\t\t\t\t\t<li class=\"slide\">\n\t\t\t\t\t\t\t\t<div class=\"tb-popup-trigger\">\n\t\t\t\t\t\t\t\t\t<img src='https:\/\/jn.travelblox.eu\/wp-content\/uploads\/sites\/44\/2025\/01\/JN23_RoyMosterd_LR_4172669.jpeg' width='932' height='699' alt='Dead Sea' loading='lazy'>\t\t\t\t\t\t\t\t<\/div>\n\t\t\t\t\t\t\t<\/li>\n\t\t\t\t\t\t\t\t\t\t\t\t\t\t\t<\/ul>\n\t\t\t\t\t\t<div class=\"tb-popup tb-popup--open-clicked-image\">\n\t\t\t\t<div class=\"tb-gallery-popup\">\n\t\t\t\t\t<div class=\"tb-image-part\">\n\t\t\t\t\t\t\t\t\t\t<div class=\"inner-block-full-width has-tb-carousel tb-carousel-slider\" >\n\t\t\t<div class=\"tb-carousel-container\">\n\t\t\t\t<div class=\"entries tb-cards\" data-slider-first=\"2\">\n\t\t\t\t\t\t\t\t\t<div class=\"entry\">\n\t\t\t\t<div class=\"tb-image-part\">\n\t\t\t\t\t<figure>\n\t\t\t\t\t\t<img src='https:\/\/jn.travelblox.eu\/wp-content\/uploads\/sites\/44\/2025\/01\/JN23_RoyMosterd_LR_4183313.jpeg' width='788' height='1050' alt='Car on a barren road' loading='lazy' image_size='full'>\t\t\t\t\t\t\t\t\t\t\t<\/figure>\n\t\t\t\t<\/div>\n\t\t\t<\/div>\n\t\t\t\t\t<div class=\"entry\">\n\t\t\t\t<div class=\"tb-image-part\">\n\t\t\t\t\t<figure>\n\t\t\t\t\t\t<img src='https:\/\/jn.travelblox.eu\/wp-content\/uploads\/sites\/44\/2025\/01\/JN23_RoyMosterd_LR_4184231.jpeg' width='2060' height='1545' alt='Sunset in the desert' loading='lazy' image_size='full'>\t\t\t\t\t\t\t\t\t\t\t<\/figure>\n\t\t\t\t<\/div>\n\t\t\t<\/div>\n\t\t\t\t\t<div class=\"entry\">\n\t\t\t\t<div class=\"tb-image-part\">\n\t\t\t\t\t<figure>\n\t\t\t\t\t\t<img src='https:\/\/jn.travelblox.eu\/wp-content\/uploads\/sites\/44\/2025\/01\/JN23_RoyMosterd_LR_4172462.jpeg' width='700' height='525' alt='Jordan singing in an amphitheater' loading='lazy' image_size='full'>\t\t\t\t\t\t\t\t\t\t\t<\/figure>\n\t\t\t\t<\/div>\n\t\t\t<\/div>\n\t\t\t\t\t<div class=\"entry\">\n\t\t\t\t<div class=\"tb-image-part\">\n\t\t\t\t\t<figure>\n\t\t\t\t\t\t<img src='https:\/\/jn.travelblox.eu\/wp-content\/uploads\/sites\/44\/2023\/08\/355650159_1468926126979139_8326167195922637072_n.jpg' width='1080' height='1350' loading='lazy' image_size='full'>\t\t\t\t\t\t\t\t\t\t\t<\/figure>\n\t\t\t\t<\/div>\n\t\t\t<\/div>\n\t\t\t\t\t<div class=\"entry\">\n\t\t\t\t<div class=\"tb-image-part\">\n\t\t\t\t\t<figure>\n\t\t\t\t\t\t<img src='https:\/\/jn.travelblox.eu\/wp-content\/uploads\/sites\/44\/2025\/01\/JORDAN_NOMADS_SJOERDBRACKE_387A9679.jpeg' width='1000' height='1500' alt='Jordan flag' loading='lazy' image_size='full'>\t\t\t\t\t\t\t\t\t\t\t<\/figure>\n\t\t\t\t<\/div>\n\t\t\t<\/div>\n\t\t\t\t\t<div class=\"entry\">\n\t\t\t\t<div class=\"tb-image-part\">\n\t\t\t\t\t<figure>\n\t\t\t\t\t\t<img src='https:\/\/jn.travelblox.eu\/wp-content\/uploads\/sites\/44\/2025\/01\/JN23_RoyMosterd_LR_4172669.jpeg' width='932' height='699' alt='Dead Sea' loading='lazy' image_size='full'>\t\t\t\t\t\t\t\t\t\t\t<\/figure>\n\t\t\t\t<\/div>\n\t\t\t<\/div>\n\t\t\t\t\t\t\t\t<\/div>\n\t\t\t\t\t\t<div class=\"tb-carousel-nav\">\n\t\t\t<div class=\"dots\">\n\t\t\t\t<div class=\"dot active\"><\/div>\n\t\t\t\t<div class=\"dot\"><\/div>\n\t\t\t\t<div class=\"dot\"><\/div>\n\t\t\t<\/div>\n\t\t\t<div class=\"arrows\">\n\t\t\t\t<div class=\"prev disabled\">\n\t\t\t\t\t<span><i class=\"fa fa-chevron-left\"><\/i><\/span>\n\t\t\t\t<\/div>\n\t\t\t\t<div class=\"next\">\n\t\t\t\t\t<span><i class=\"fa fa-chevron-right\"><\/i><\/span>\n\t\t\t\t<\/div>\n\t\t\t<\/div>\n\t\t<\/div>\n\t\t\t\t<\/div>\n\t\t<\/div>\n\t\t\t\t\t\t\t<\/div>\n\t\t\t\t<\/div>\n\t\t\t<\/div>\n\t\t<\/div>\n\t\t<div class=\"mobile\">\n\t\t\t<div class=\"tb-image-part\">\n\t\t\t\t\t\t\t\t<div class=\"inner-block-full-width has-tb-carousel tb-carousel-slider\" >\n\t\t\t<div class=\"tb-carousel-container\">\n\t\t\t\t<div class=\"entries tb-cards\" data-slider-first=\"0\">\n\t\t\t\t\t\t\t\t\t<div class=\"entry\">\n\t\t\t\t<div class=\"tb-image-part\">\n\t\t\t\t\t<figure>\n\t\t\t\t\t\t<img src='https:\/\/jn.travelblox.eu\/wp-content\/uploads\/sites\/44\/2025\/01\/JN23_RoyMosterd_LR_4183313-768x1023.jpeg' width='768' height='1023' alt='Car on a barren road' loading='lazy' image_size='medium_large'>\t\t\t\t\t\t\t\t\t\t\t<\/figure>\n\t\t\t\t<\/div>\n\t\t\t<\/div>\n\t\t\t\t\t<div class=\"entry\">\n\t\t\t\t<div class=\"tb-image-part\">\n\t\t\t\t\t<figure>\n\t\t\t\t\t\t<img src='https:\/\/jn.travelblox.eu\/wp-content\/uploads\/sites\/44\/2025\/01\/JN23_RoyMosterd_LR_4184231-768x576.jpeg' width='768' height='576' alt='Sunset in the desert' loading='lazy' image_size='medium_large'>\t\t\t\t\t\t\t\t\t\t\t<\/figure>\n\t\t\t\t<\/div>\n\t\t\t<\/div>\n\t\t\t\t\t<div class=\"entry\">\n\t\t\t\t<div class=\"tb-image-part\">\n\t\t\t\t\t<figure>\n\t\t\t\t\t\t<img src='https:\/\/jn.travelblox.eu\/wp-content\/uploads\/sites\/44\/2025\/01\/JN23_RoyMosterd_LR_4172462.jpeg' width='700' height='525' alt='Jordan singing in an amphitheater' loading='lazy' image_size='medium_large'>\t\t\t\t\t\t\t\t\t\t\t<\/figure>\n\t\t\t\t<\/div>\n\t\t\t<\/div>\n\t\t\t\t\t<div class=\"entry\">\n\t\t\t\t<div class=\"tb-image-part\">\n\t\t\t\t\t<figure>\n\t\t\t\t\t\t<img src='https:\/\/jn.travelblox.eu\/wp-content\/uploads\/sites\/44\/2023\/08\/355650159_1468926126979139_8326167195922637072_n-768x960.jpg' width='768' height='960' loading='lazy' image_size='medium_large'>\t\t\t\t\t\t\t\t\t\t\t<\/figure>\n\t\t\t\t<\/div>\n\t\t\t<\/div>\n\t\t\t\t\t<div class=\"entry\">\n\t\t\t\t<div class=\"tb-image-part\">\n\t\t\t\t\t<figure>\n\t\t\t\t\t\t<img src='https:\/\/jn.travelblox.eu\/wp-content\/uploads\/sites\/44\/2025\/01\/JORDAN_NOMADS_SJOERDBRACKE_387A9679-768x1152.jpeg' width='768' height='1152' alt='Jordan flag' loading='lazy' image_size='medium_large'>\t\t\t\t\t\t\t\t\t\t\t<\/figure>\n\t\t\t\t<\/div>\n\t\t\t<\/div>\n\t\t\t\t\t<div class=\"entry\">\n\t\t\t\t<div class=\"tb-image-part\">\n\t\t\t\t\t<figure>\n\t\t\t\t\t\t<img src='https:\/\/jn.travelblox.eu\/wp-content\/uploads\/sites\/44\/2025\/01\/JN23_RoyMosterd_LR_4172669-768x576.jpeg' width='768' height='576' alt='Dead Sea' loading='lazy' image_size='medium_large'>\t\t\t\t\t\t\t\t\t\t\t<\/figure>\n\t\t\t\t<\/div>\n\t\t\t<\/div>\n\t\t\t\t\t\t\t\t<\/div>\n\t\t\t\t\t\t<div class=\"tb-carousel-nav\">\n\t\t\t<div class=\"dots\">\n\t\t\t\t<div class=\"dot active\"><\/div>\n\t\t\t\t<div class=\"dot\"><\/div>\n\t\t\t\t<div class=\"dot\"><\/div>\n\t\t\t<\/div>\n\t\t\t<div class=\"arrows\">\n\t\t\t\t<div class=\"prev disabled\">\n\t\t\t\t\t<span><i class=\"fa fa-chevron-left\"><\/i><\/span>\n\t\t\t\t<\/div>\n\t\t\t\t<div class=\"next\">\n\t\t\t\t\t<span><i class=\"fa fa-chevron-right\"><\/i><\/span>\n\t\t\t\t<\/div>\n\t\t\t<\/div>\n\t\t<\/div>\n\t\t\t\t<\/div>\n\t\t<\/div>\n\t\t\t\t\t<\/div>\n\t\t<\/div>\n\t<\/div>\n<\/div>\n\n\n\n\n\n<div class=\" tb-textimage2 tb-block align-left background-light pattern-none variant-text_first tb-collapsible-margins\" id=\"concept\">\n\t<div class=\"inner-block tb-fade-in\">\n\n\t\t\n\t\t<div class=\"tb-columns\">\n\t\t\t<div class=\"tb-column\">\n\t\t\t\t<div class=\"tb-text-part\">\n\t\t\t\t\t<h2>La magie de la Jordanie vous attend&#8230;<\/h2>\n\t\t\t\t\t\t\t<div class=\"translation-block\"><p>Partez explorer la Jordanie lors d&rsquo;un <b>road trip de 7 jours<\/b>. Si vous r\u00eavez de d\u00e9couvrir ce pays fascinant et ses paysages uniques, alors les <b>Jordan Nomads<\/b> sont faits pour vous !<\/p>\n<p>Le d\u00e9part se fait d\u2019<b>Amman<\/b>, capitale vibrante et riche en histoire. Laissez-vous flotter dans la mer Morte, d\u00e9couvrez <b>Dana<\/b> et ses vastes r\u00e9serves naturelles avant de parcourir les canyons de <b>Wadi Ghuweir<\/b> en direction de <b>Wadi Musa<\/b>, porte d\u2019entr\u00e9e de la majestueuse <b>Petra<\/b>, une des 7 merveilles du monde. Laissez-vous surprendre par le silence du d\u00e9sert de <b>Wadi Rum<\/b>, avant de faire une halte \u00e0 <b>Aqaba<\/b> pour profiter de la mer Rouge. Terminez votre p\u00e9riple en beaut\u00e9 avec la visite de la ville historique de <b>Madaba<\/b>.<\/p>\n<p><strong>Une aventure d\u00e9paysante qui combine libert\u00e9, exploration et immersion dans les traditions et richesses d\u2019un pays au patrimoine exceptionnel !<\/strong><\/p>\n<p>\u00c0&nbsp;lire aussi : <a href=\"https:\/\/jordannomads.org\/fr\/voyage-en-jordanie-nos-endroits-preferes-et-5-conseils-dinities\/\">\u00ab\u00a0Voyage en Jordanie : nos endroits pr\u00e9f\u00e9r\u00e9s et 5 conseils d\u2019initi\u00e9s\u00a0\u00bb<\/a><\/p>\n<p><br class=\"c2\" \/><br class=\"c2\" \/><\/p><\/div>\n\t\t\t\t\t\t\t\t\t\t\t<div class=\"tb-buttons-part\">\n\t\t\t\t\t\t\t\t<a href=\"#route\"  target=\"\" class=\"tb-button\">\n\t\t\tVoir l\u2019itin\u00e9raire complet\t\t<\/a>\n\t\t\t\t\t\t\t\t\t\t<a href=\"https:\/\/jn.travelblox.eu\/blog\/\"  target=\"\" class=\"tb-buttonlink\">\n\t\t\tEn savoir plus sur la Jordanie\t\t<\/a>\n\t\t\t\t\t\t\t<\/div>\n\t\t\t\t<\/div>\n\t\t\t<\/div>\n\t\t\t<div class=\"tb-column\">\n\t\t\t\t\t\t\t\t\t\t\t\t\t\t\t<div class=\"tb-image-part\">\n\t\t\t\t\t\t\t<img src='https:\/\/jn.travelblox.eu\/wp-content\/uploads\/sites\/44\/2025\/09\/JN-Map-EN.svg' width='768' height='1' class=' no-cut-off' style='object-position:50% 50%' loading='lazy' image_size='medium_large'>\t\t\t\t\t\t<\/div>\n\t\t\t\t\t\t\t\t\t\t\t\t<\/div>\n\t\t<\/div>\n\t<\/div>\n<\/div>\n\n\n\n\n<div class=\" tb-dayschedule tb-block align-center background-dark pattern-custom variant-none tb-collapsible-margins\" id=\"route\" style=\"background-image: url(https:\/\/jn.travelblox.eu\/wp-content\/uploads\/sites\/44\/2025\/07\/JN3.png)\">\n\n\t<div class=\"inner-block tb-fade-in tb-fade-in--subtle\">\n\t\t<div class=\"text-part\">\n\t\t\t<h2>Votre itin\u00e9raire \u00e0 travers la Jordanie<\/h2>\n\t\t\t\t\t<div class=\"translation-block\"><p>Voici un aper\u00e7u de votre voyage de 7 jours en Jordanie. Les h\u00e9bergements de votre s\u00e9jour sont d\u00e9j\u00e0 pr\u00e9vus, mais durant la journ\u00e9e, vous \u00eates libre de faire un choix parmi les lieux \u00e0 explorer et le temps que vous souhaitez y consacrer.<\/p>\n<p><br class=\"c2\" \/><br class=\"c2\" \/><\/p><\/div>\n\t\t\t\t\t\t\t\t\t\t\t\t\t<\/div>\n\t<\/div>\n\t\t\t<div class=\"tb-sections\">\n\t\t\t\t\t\t\t\t\t\t\t\t\t\t<div class=\"inner-block-full-width has-tb-carousel tb-section\" id=\"route-section-0\">\n\t\t\t<div class=\"tb-carousel-container\">\n\t\t\t\t<div class=\"entries tb-cards\" data-slider-first=\"1\">\n\t\t\t\t\t\t\t\t\t\t\t\t\t\t\t<div class=\"tb-card entry tb-popup-trigger tb-unfold-on-hover\">\n\t\t\t\t\t\t\t<div class=\"tb-image-part\">\n\t\t\t\t\t\t\t\t<div class=\"tag\">\n\t\t\t\t\t\t\t\t\t<div>Jour 1<\/div>\n\t\t\t\t\t\t\t\t<\/div>\n\n\t\t\t\t\t\t\t\t<img src='https:\/\/jn.travelblox.eu\/wp-content\/uploads\/sites\/44\/2025\/01\/Capture-decran-2025-01-16-a-16.34.30.png' width='577' height='424' alt='Trip in Jordan-Plane' loading='lazy' image_size='medium_large'>\t\t\t\t\t\t\t<\/div>\n\t\t\t\t\t\t\t<div class=\"tb-card-bottom-wrapper\">\n\t\t\t\t\t\t\t\t<div class=\"tb-card-bottom\">\n\n\t\t\t\t\t\t\t\t\t<span class=\"tb-card-bottom__title\">\n\t\t\t\t\t\t\t\t\t\t<span class=\"tb-card-bottom__place\">\n\t\t\t\t\t\t\t\t\t\t\tA\u00e9roport\t\t\t\t\t\t\t\t\t\t\t\t\t\t\t\t\t\t\t\t\t\t\t&#8211; Amman\t\t\t\t\t\t\t\t\t\t\t\t\t\t\t\t\t\t\t\t\t<\/span>\n\n\t\t\t\t\t\t\t\t\t<\/span>\n\t\t\t\t\t\t\t\t\t<div class=\"tb-card-bottom__content\">\n\t\t\t\t\t\t\t\t\t\t<div>\n\t\t\t\t\t\t\t\t\t\t\t\t\t\t\t\t\t\t\t\t\t\t\t<i class=\"icon fa-regular fa-car\"><\/i> 50 min &#8211; 40 km\t\t\t\t\t\t\t\t\t\t\t\t\t\t\t\t\t\t\t\t\t<\/div>\n\t\t\t\t\t\t\t\t\t<\/div>\n\t\t\t\t\t\t\t\t\t<div class=\"tb-card-bottom__teaser tb-unfold-on-hover__content\" data-no-translation>\n\t\t\t\t\t\t\t\t\t\t\t\t\t\t\t\t\t\t\t\t\t\t\t\t\t\t\t\t\t\tDepuis la fen\u00eatre de l\u2019avion, vous apercevrez les vastes \u00e9tendues de sable qui composent ce pays. Un&#8230; <span class=\"link\">Lire la suite<\/span>\t\t\t\t\t\t\t\t\t<\/div>\n\t\t\t\t\t\t\t\t<\/div>\n\n\t\t\t\t\t\t\t<\/div>\n\t\t\t\t\t\t\t<dialog class=\"tb-popup tb-popup-with-padding tb-dayschedule-popup-wrapper\">\n\t\t\t\t\t\t\t\t<div class=\"tb-dayschedule-popup\">\n\t\t\t\t\t\t\t\t\t<h5>\n\t\t\t\t\t\t\t\t\t\t\t\t\t\t\t\t\t\t\t\t\t\t\t\t\t\t\t\t\t\t\t<div>\n\t\t\t\t\t\t\t\t\t\t\t\t\t\t\t\t\t\t\t\t\t\t\t\t\tA\u00e9roport\t\t\t\t\t\t\t\t\t\t\t\t\t\t\t\t\t\t\t\t\t\t\t\t\t\t\t\t\t\t\t\t\t\t\t\t\t\t\t\t\t\t\t\t\t\t\t\t\t\t\t<i class=\"icon fa-solid fa-arrow-right\"><\/i> Amman\t\t\t\t\t\t\t\t\t\t\t\t\t\t\t\t\t\t\t\t\t\t\t\t\t\t\t\t\t\t\t\t\t\t\t\t<\/div>\n\t\t\t\t\t\t\t\t\t\t\t\t\t\t\t\t\t\t\t<\/h5>\n\t\t\t\t\t\t\t\t\t<div class=\"tb-columns\">\n\t\t\t\t\t\t\t\t\t\t<div class=\"tb-column tb-column--text\">\n\t\t\t\t\t\t\t\t\t\t\t<div class=\"text-part\">\n\t\t\t\t\t\t\t\t\t\t\t\t\t\t\t\t\t\t\t\t\t\t\t\t\t<div class=\"tb-dayschedule-popup__icons\">\n\t\t\t\t\t\t\t\t\t\t\t\t\t\t\t\t\t\t\t\t\t\t\t\t\t\t\t\t\t\t\t\t\t\t\t\t\t\t\t\t\t\t\t<div class=\"tb-dayschedule-popup__icon\">\n\t\t\t\t\t\t\t\t\t\t\t\t\t\t\t\t<i class=\"icon fa-regular fa-car\"><\/i>\n\t\t\t\t\t\t\t\t\t\t\t\t\t\t\t\t<span>\n\t\t\t\t\t\t\t\t\t\t\t\t\t\t\t\t\t50 min &#8211; 40 km\t\t\t\t\t\t\t\t\t\t\t\t\t\t\t\t<\/span>\n\t\t\t\t\t\t\t\t\t\t\t\t\t\t\t<\/div>\n\t\t\t\t\t\t\t\t\t\t\t\t\t\t\t\t\t\t\t\t\t\t\t\t\t\t\t<\/div>\n\t\t\t\t\t\t\t\t\t\t\t\t\n\t\t\t\t\t\t\t\t\t\t\t\t\n\t\t\t\t\t\t\t\t\t\t\t\t<div>\n\t\t\t\t\t\t\t\t\t\t\t\t\t<strong>Jour 1<\/strong>\n\t\t\t\t\t\t\t\t\t\t\t\t\t\t\t<div class=\"translation-block\"><p>Depuis la fen\u00eatre de l\u2019avion, vous apercevrez les vastes \u00e9tendues de sable qui composent ce pays. Une fois que votre avion aura atterri, vous pourrez vous rendre aux bureaux de l\u2019agence de location qui seront pr\u00eats \u00e0 vous accueillir.<\/p>\n<p>Vous pourrez y <strong>r\u00e9cup\u00e9rer les cl\u00e9s de votre v\u00e9hicule<\/strong>, qui sera gar\u00e9 \u00e0 quelques m\u00e8tres de la sortie de l\u2019a\u00e9roport, ainsi que votre carnet de route qui vous accompagnera tout au long de votre road trip. Apr\u00e8s quelques explications sur les r\u00e8gles de conduite et de courtoisie, ainsi qu\u2019une v\u00e9rification de la voiture, vous serez pr\u00eat \u00e0 vous rendre \u00e0 votre premi\u00e8re destination : <strong>Amman<\/strong>.<\/p>\n<p><strong>Logement :<\/strong> Au c\u0153ur de cette capitale de 4 millions d\u2019habitants, vous d\u00e9couvrirez votre chambre dans un h\u00f4tel classique (parking accessible). Vous aurez l\u2019occasion de vous d\u00e9tendre, go\u00fbter la cuisine locale et vous reposer avant de d\u00e9buter le road trip.<\/p><\/div>\n\t\t\t\t\t\t\t\t\t\t\t\t\t<\/div>\n\n\n\t\t\t\t\t\t\t\t\t\t\t<\/div>\n\t\t\t\t\t\t\t\t\t\t<\/div>\n\t\t\t\t\t\t\t\t\t\t<div class=\"tb-column tb-column--image\">\n\n\t\t\t\t\t\t\t\t\t\t\t<div class=\"tb-image-part\">\n\t\t\t\t\t\t\t\t\t\t\t\t\t\t\t\t<div class=\"inner-block-full-width has-tb-carousel tb-carousel-slider\" >\n\t\t\t<div class=\"tb-carousel-container\">\n\t\t\t\t<div class=\"entries tb-cards\" data-slider-first=\"0\">\n\t\t\t\t\t\t\t\t\t<div class=\"entry\">\n\t\t\t\t<div class=\"tb-image-part\">\n\t\t\t\t\t<figure>\n\t\t\t\t\t\t<img src='https:\/\/jn.travelblox.eu\/wp-content\/uploads\/sites\/44\/2025\/01\/Capture-decran-2025-01-16-a-16.34.30.png' width='577' height='424' alt='Trip in Jordan-Plane' loading='lazy' image_size='large'>\t\t\t\t\t\t\t\t\t\t\t<\/figure>\n\t\t\t\t<\/div>\n\t\t\t<\/div>\n\t\t\t\t\t<div class=\"entry\">\n\t\t\t\t<div class=\"tb-image-part\">\n\t\t\t\t\t<figure>\n\t\t\t\t\t\t<img src='https:\/\/jn.travelblox.eu\/wp-content\/uploads\/sites\/44\/2025\/01\/IMG_6644.jpeg' width='639' height='852' alt='View on Amman' loading='lazy' image_size='large'>\t\t\t\t\t\t\t\t\t\t\t<\/figure>\n\t\t\t\t<\/div>\n\t\t\t<\/div>\n\t\t\t\t\t<div class=\"entry\">\n\t\t\t\t<div class=\"tb-image-part\">\n\t\t\t\t\t<figure>\n\t\t\t\t\t\t<img src='https:\/\/jn.travelblox.eu\/wp-content\/uploads\/sites\/44\/2026\/01\/amman-misk-hotel-photo-1-1024x680.jpeg' width='1024' height='680' alt='Misk hotel amman entrance' loading='lazy' image_size='large'>\t\t\t\t\t\t\t\t\t\t\t<\/figure>\n\t\t\t\t<\/div>\n\t\t\t<\/div>\n\t\t\t\t\t<div class=\"entry\">\n\t\t\t\t<div class=\"tb-image-part\">\n\t\t\t\t\t<figure>\n\t\t\t\t\t\t<img src='https:\/\/jn.travelblox.eu\/wp-content\/uploads\/sites\/44\/2026\/01\/misk-hotel_15299527423-1024x682.jpg' width='1024' height='682' alt='Misk Hotel Amman room' loading='lazy' image_size='large'>\t\t\t\t\t\t\t\t\t\t\t<\/figure>\n\t\t\t\t<\/div>\n\t\t\t<\/div>\n\t\t\t\t\t\t\t\t<\/div>\n\t\t\t\t\t\t<div class=\"tb-carousel-nav\">\n\t\t\t<div class=\"dots\">\n\t\t\t\t<div class=\"dot active\"><\/div>\n\t\t\t\t<div class=\"dot\"><\/div>\n\t\t\t\t<div class=\"dot\"><\/div>\n\t\t\t<\/div>\n\t\t\t<div class=\"arrows\">\n\t\t\t\t<div class=\"prev disabled\">\n\t\t\t\t\t<span><i class=\"fa fa-chevron-left\"><\/i><\/span>\n\t\t\t\t<\/div>\n\t\t\t\t<div class=\"next\">\n\t\t\t\t\t<span><i class=\"fa fa-chevron-right\"><\/i><\/span>\n\t\t\t\t<\/div>\n\t\t\t<\/div>\n\t\t<\/div>\n\t\t\t\t<\/div>\n\t\t<\/div>\n\t\t\t\t\t\t\t\t\t\t\t\t\t<\/div>\n\t\t\t\t\t\t\t\t\t\t<\/div>\n\t\t\t\t\t\t\t\t\t<\/div>\n\t\t\t\t\t\t\t\t\t\t\t<div class=\"tb-popup-nav\">\n\t\t\t<a href=\"#\" class=\"tb-buttonlink-with-icon tb-buttonlink-with-arrow icon-first tb-popup-previous\">\n\t\t\t\t<i class=\"icon fa fa-chevron-left\"><\/i>\n\t\t\t\t<span>Jour pr\u00e9c\u00e9dent<\/span>\n\t\t\t<\/a>\n\t\t\t<a href=\"#\" class=\"tb-buttonlink-with-icon tb-buttonlink-with-arrow tb-popup-next\">\n\t\t\t\t<span>Jour suivant<\/span>\n\t\t\t\t<i class=\"icon fa fa-chevron-right\"><\/i>\n\t\t\t<\/a>\n\t\t<\/div>\n\t\n\t\t\t\t\t\t\t\t<\/div>\n\t\t\t\t\t\t\t<\/dialog>\n\t\t\t\t\t\t<\/div>\n\t\t\t\t\t\t\t\t\t\t\t<div class=\"tb-card entry tb-popup-trigger tb-unfold-on-hover\">\n\t\t\t\t\t\t\t<div class=\"tb-image-part\">\n\t\t\t\t\t\t\t\t<div class=\"tag\">\n\t\t\t\t\t\t\t\t\t<div>Jour 2<\/div>\n\t\t\t\t\t\t\t\t<\/div>\n\n\t\t\t\t\t\t\t\t<img src='https:\/\/jn.travelblox.eu\/wp-content\/uploads\/sites\/44\/2025\/01\/JN23_RoyMosterd_LR_4172328-768x576.jpeg' width='768' height='576' alt='Old buildings in Amman' loading='lazy' image_size='medium_large'>\t\t\t\t\t\t\t<\/div>\n\t\t\t\t\t\t\t<div class=\"tb-card-bottom-wrapper\">\n\t\t\t\t\t\t\t\t<div class=\"tb-card-bottom\">\n\n\t\t\t\t\t\t\t\t\t<span class=\"tb-card-bottom__title\">\n\t\t\t\t\t\t\t\t\t\t<span class=\"tb-card-bottom__place\">\n\t\t\t\t\t\t\t\t\t\t\tAmman\t\t\t\t\t\t\t\t\t\t\t\t\t\t\t\t\t\t\t\t\t\t\t&#8211; Dana\t\t\t\t\t\t\t\t\t\t\t\t\t\t\t\t\t\t\t\t\t<\/span>\n\n\t\t\t\t\t\t\t\t\t<\/span>\n\t\t\t\t\t\t\t\t\t<div class=\"tb-card-bottom__content\">\n\t\t\t\t\t\t\t\t\t\t<div>\n\t\t\t\t\t\t\t\t\t\t\t\t\t\t\t\t\t\t\t\t\t\t\t<i class=\"icon fa-regular fa-car\"><\/i> 4h20 &#8211; 250 km\t\t\t\t\t\t\t\t\t\t\t\t\t\t\t\t\t\t\t\t\t<\/div>\n\t\t\t\t\t\t\t\t\t<\/div>\n\t\t\t\t\t\t\t\t\t<div class=\"tb-card-bottom__teaser tb-unfold-on-hover__content\" data-no-translation>\n\t\t\t\t\t\t\t\t\t\t\t\t\t\t\t\t\t\t\t\t\t\t\t\t\t\t\t\t\t\tVous vous r\u00e9veillerez au c\u0153ur d\u2019Amman, o\u00f9 vous serez amen\u00e9s \u00e0 visiter plusieurs sites arch\u00e9ologiques&#8230; <span class=\"link\">Lire la suite<\/span>\t\t\t\t\t\t\t\t\t<\/div>\n\t\t\t\t\t\t\t\t<\/div>\n\n\t\t\t\t\t\t\t<\/div>\n\t\t\t\t\t\t\t<dialog class=\"tb-popup tb-popup-with-padding tb-dayschedule-popup-wrapper\">\n\t\t\t\t\t\t\t\t<div class=\"tb-dayschedule-popup\">\n\t\t\t\t\t\t\t\t\t<h5>\n\t\t\t\t\t\t\t\t\t\t\t\t\t\t\t\t\t\t\t\t\t\t\t\t\t\t\t\t\t\t\t<div>\n\t\t\t\t\t\t\t\t\t\t\t\t\t\t\t\t\t\t\t\t\t\t\t\t\tAmman\t\t\t\t\t\t\t\t\t\t\t\t\t\t\t\t\t\t\t\t\t\t\t\t\t\t\t\t\t\t\t\t\t\t\t\t\t\t\t\t\t\t\t\t\t\t\t\t\t\t\t<i class=\"icon fa-solid fa-arrow-right\"><\/i> Dana\t\t\t\t\t\t\t\t\t\t\t\t\t\t\t\t\t\t\t\t\t\t\t\t\t\t\t\t\t\t\t\t\t\t\t\t<\/div>\n\t\t\t\t\t\t\t\t\t\t\t\t\t\t\t\t\t\t\t<\/h5>\n\t\t\t\t\t\t\t\t\t<div class=\"tb-columns\">\n\t\t\t\t\t\t\t\t\t\t<div class=\"tb-column tb-column--text\">\n\t\t\t\t\t\t\t\t\t\t\t<div class=\"text-part\">\n\t\t\t\t\t\t\t\t\t\t\t\t\t\t\t\t\t\t\t\t\t\t\t\t\t<div class=\"tb-dayschedule-popup__icons\">\n\t\t\t\t\t\t\t\t\t\t\t\t\t\t\t\t\t\t\t\t\t\t\t\t\t\t\t\t\t\t\t\t\t\t\t\t\t\t\t\t\t\t\t<div class=\"tb-dayschedule-popup__icon\">\n\t\t\t\t\t\t\t\t\t\t\t\t\t\t\t\t<i class=\"icon fa-regular fa-car\"><\/i>\n\t\t\t\t\t\t\t\t\t\t\t\t\t\t\t\t<span>\n\t\t\t\t\t\t\t\t\t\t\t\t\t\t\t\t\t4h20 &#8211; 250 km\t\t\t\t\t\t\t\t\t\t\t\t\t\t\t\t<\/span>\n\t\t\t\t\t\t\t\t\t\t\t\t\t\t\t<\/div>\n\t\t\t\t\t\t\t\t\t\t\t\t\t\t\t\t\t\t\t\t\t\t\t\t\t\t\t<\/div>\n\t\t\t\t\t\t\t\t\t\t\t\t\n\t\t\t\t\t\t\t\t\t\t\t\t\n\t\t\t\t\t\t\t\t\t\t\t\t<div>\n\t\t\t\t\t\t\t\t\t\t\t\t\t<strong>Jour 2<\/strong>\n\t\t\t\t\t\t\t\t\t\t\t\t\t\t\t<div class=\"translation-block\"><p>Vous vous r\u00e9veillerez au c\u0153ur d\u2019<strong>Amman<\/strong>, o\u00f9 vous serez amen\u00e9s \u00e0 visiter plusieurs sites arch\u00e9ologiques et monuments historiques aux alentours d\u2019Amman, tels que le <strong>th\u00e9\u00e2tre romain<\/strong>, la <strong>citadelle<\/strong>, une <strong>mosqu\u00e9e<\/strong>, et bien d\u2019autres\u2026jusqu\u2019\u00e0 <strong>Al-Maghtas<\/strong>, l\u2019un des sites les plus sacr\u00e9s du christianisme.<\/p>\n<p>Ensuite, vous roulerez en direction du <strong>Wadi Mujib<\/strong>, le c\u00e9l\u00e8bre canyon aux allures d\u2019oasis avant de vous rendre sur les rives de la <strong>Mer Morte<\/strong>, o\u00f9 vous pourrez vous baigner et faire l\u2019exp\u00e9rience d\u2019une flottaison parfaite.<\/p>\n<p>Vous terminerez la journ\u00e9e en rejoignant la splendide <strong>r\u00e9gion de Dana<\/strong>, v\u00e9ritable sanctuaire de biodiversit\u00e9. Vous arriverez dans un village pittoresque nich\u00e9 dans la r\u00e9serve naturelle aux maisons en pierre, offrant une vue imprenable sur les vall\u00e9es arides et les montagnes escarp\u00e9es qui s\u2019\u00e9tendent \u00e0 perte de vue.<\/p>\n<p><strong>Logement<\/strong> : Vous dormirez dans un h\u00f4tel sur les hauteurs de Dana, avec une vue imprenable sur les montagnes, et Bassam, votre h\u00f4te, se fera un plaisir d&rsquo;\u00e9changer avec vous sur cette magnifique r\u00e9gion.<\/p><\/div>\n\t\t\t\t\t\t\t\t\t\t\t\t\t<\/div>\n\n\n\t\t\t\t\t\t\t\t\t\t\t<\/div>\n\t\t\t\t\t\t\t\t\t\t<\/div>\n\t\t\t\t\t\t\t\t\t\t<div class=\"tb-column tb-column--image\">\n\n\t\t\t\t\t\t\t\t\t\t\t<div class=\"tb-image-part\">\n\t\t\t\t\t\t\t\t\t\t\t\t\t\t\t\t<div class=\"inner-block-full-width has-tb-carousel tb-carousel-slider\" >\n\t\t\t<div class=\"tb-carousel-container\">\n\t\t\t\t<div class=\"entries tb-cards\" data-slider-first=\"0\">\n\t\t\t\t\t\t\t\t\t<div class=\"entry\">\n\t\t\t\t<div class=\"tb-image-part\">\n\t\t\t\t\t<figure>\n\t\t\t\t\t\t<img src='https:\/\/jn.travelblox.eu\/wp-content\/uploads\/sites\/44\/2025\/01\/JN23_RoyMosterd_LR_4172328-1024x768.jpeg' width='1024' height='768' alt='Old buildings in Amman' loading='lazy' image_size='large'>\t\t\t\t\t\t\t\t\t\t\t<\/figure>\n\t\t\t\t<\/div>\n\t\t\t<\/div>\n\t\t\t\t\t<div class=\"entry\">\n\t\t\t\t<div class=\"tb-image-part\">\n\t\t\t\t\t<figure>\n\t\t\t\t\t\t<img src='https:\/\/jn.travelblox.eu\/wp-content\/uploads\/sites\/44\/2025\/01\/JN23_RoyMosterd_LR_4172305.jpeg' width='638' height='850' alt='Viewpoint in Amman' loading='lazy' image_size='large'>\t\t\t\t\t\t\t\t\t\t\t<\/figure>\n\t\t\t\t<\/div>\n\t\t\t<\/div>\n\t\t\t\t\t<div class=\"entry\">\n\t\t\t\t<div class=\"tb-image-part\">\n\t\t\t\t\t<figure>\n\t\t\t\t\t\t<img src='https:\/\/jn.travelblox.eu\/wp-content\/uploads\/sites\/44\/2025\/01\/IMG_6646.jpeg' width='684' height='912' alt='Mosquee in Amman' loading='lazy' image_size='large'>\t\t\t\t\t\t\t\t\t\t\t<\/figure>\n\t\t\t\t<\/div>\n\t\t\t<\/div>\n\t\t\t\t\t<div class=\"entry\">\n\t\t\t\t<div class=\"tb-image-part\">\n\t\t\t\t\t<figure>\n\t\t\t\t\t\t<img src='https:\/\/jn.travelblox.eu\/wp-content\/uploads\/sites\/44\/2026\/01\/DSC_0526-684x1024.jpg' width='684' height='1024' alt='Hotel Dana' loading='lazy' image_size='large'>\t\t\t\t\t\t\t\t\t\t\t<\/figure>\n\t\t\t\t<\/div>\n\t\t\t<\/div>\n\t\t\t\t\t<div class=\"entry\">\n\t\t\t\t<div class=\"tb-image-part\">\n\t\t\t\t\t<figure>\n\t\t\t\t\t\t<img src='https:\/\/jn.travelblox.eu\/wp-content\/uploads\/sites\/44\/2026\/01\/IMG_3664-copie-1024x768.jpg' width='1024' height='768' alt='Hotel room Dana' loading='lazy' image_size='large'>\t\t\t\t\t\t\t\t\t\t\t<\/figure>\n\t\t\t\t<\/div>\n\t\t\t<\/div>\n\t\t\t\t\t\t\t\t<\/div>\n\t\t\t\t\t\t<div class=\"tb-carousel-nav\">\n\t\t\t<div class=\"dots\">\n\t\t\t\t<div class=\"dot active\"><\/div>\n\t\t\t\t<div class=\"dot\"><\/div>\n\t\t\t\t<div class=\"dot\"><\/div>\n\t\t\t<\/div>\n\t\t\t<div class=\"arrows\">\n\t\t\t\t<div class=\"prev disabled\">\n\t\t\t\t\t<span><i class=\"fa fa-chevron-left\"><\/i><\/span>\n\t\t\t\t<\/div>\n\t\t\t\t<div class=\"next\">\n\t\t\t\t\t<span><i class=\"fa fa-chevron-right\"><\/i><\/span>\n\t\t\t\t<\/div>\n\t\t\t<\/div>\n\t\t<\/div>\n\t\t\t\t<\/div>\n\t\t<\/div>\n\t\t\t\t\t\t\t\t\t\t\t\t\t<\/div>\n\t\t\t\t\t\t\t\t\t\t<\/div>\n\t\t\t\t\t\t\t\t\t<\/div>\n\t\t\t\t\t\t\t\t\t\t\t<div class=\"tb-popup-nav\">\n\t\t\t<a href=\"#\" class=\"tb-buttonlink-with-icon tb-buttonlink-with-arrow icon-first tb-popup-previous\">\n\t\t\t\t<i class=\"icon fa fa-chevron-left\"><\/i>\n\t\t\t\t<span>Jour pr\u00e9c\u00e9dent<\/span>\n\t\t\t<\/a>\n\t\t\t<a href=\"#\" class=\"tb-buttonlink-with-icon tb-buttonlink-with-arrow tb-popup-next\">\n\t\t\t\t<span>Jour suivant<\/span>\n\t\t\t\t<i class=\"icon fa fa-chevron-right\"><\/i>\n\t\t\t<\/a>\n\t\t<\/div>\n\t\n\t\t\t\t\t\t\t\t<\/div>\n\t\t\t\t\t\t\t<\/dialog>\n\t\t\t\t\t\t<\/div>\n\t\t\t\t\t\t\t\t\t\t\t<div class=\"tb-card entry tb-popup-trigger tb-unfold-on-hover\">\n\t\t\t\t\t\t\t<div class=\"tb-image-part\">\n\t\t\t\t\t\t\t\t<div class=\"tag\">\n\t\t\t\t\t\t\t\t\t<div>Jour 3<\/div>\n\t\t\t\t\t\t\t\t<\/div>\n\n\t\t\t\t\t\t\t\t<img src='https:\/\/jn.travelblox.eu\/wp-content\/uploads\/sites\/44\/2025\/01\/IMG_6972.jpeg' width='504' height='672' style='object-position:50% 50%' loading='lazy' image_size='medium_large'>\t\t\t\t\t\t\t<\/div>\n\t\t\t\t\t\t\t<div class=\"tb-card-bottom-wrapper\">\n\t\t\t\t\t\t\t\t<div class=\"tb-card-bottom\">\n\n\t\t\t\t\t\t\t\t\t<span class=\"tb-card-bottom__title\">\n\t\t\t\t\t\t\t\t\t\t<span class=\"tb-card-bottom__place\">\n\t\t\t\t\t\t\t\t\t\t\tDana\t\t\t\t\t\t\t\t\t\t\t\t\t\t\t\t\t\t\t\t\t\t\t&#8211; Petra\t\t\t\t\t\t\t\t\t\t\t\t\t\t\t\t\t\t\t\t\t<\/span>\n\n\t\t\t\t\t\t\t\t\t<\/span>\n\t\t\t\t\t\t\t\t\t<div class=\"tb-card-bottom__content\">\n\t\t\t\t\t\t\t\t\t\t<div>\n\t\t\t\t\t\t\t\t\t\t\t\t\t\t\t\t\t\t\t\t\t\t\t<i class=\"icon fa-regular fa-car\"><\/i> 2h10 &#8211; 100 km\t\t\t\t\t\t\t\t\t\t\t\t\t\t\t\t\t\t\t\t\t<\/div>\n\t\t\t\t\t\t\t\t\t<\/div>\n\t\t\t\t\t\t\t\t\t<div class=\"tb-card-bottom__teaser tb-unfold-on-hover__content\" data-no-translation>\n\t\t\t\t\t\t\t\t\t\t\t\t\t\t\t\t\t\t\t\t\t\t\t\t\t\t\t\t\t\tVous d\u00e9buterez votre journ\u00e9e \u00e0 Dana et pourrez savourer un petit d\u00e9jeuner local. Nous vous conseillo&#8230; <span class=\"link\">Lire la suite<\/span>\t\t\t\t\t\t\t\t\t<\/div>\n\t\t\t\t\t\t\t\t<\/div>\n\n\t\t\t\t\t\t\t<\/div>\n\t\t\t\t\t\t\t<dialog class=\"tb-popup tb-popup-with-padding tb-dayschedule-popup-wrapper\">\n\t\t\t\t\t\t\t\t<div class=\"tb-dayschedule-popup\">\n\t\t\t\t\t\t\t\t\t<h5>\n\t\t\t\t\t\t\t\t\t\t\t\t\t\t\t\t\t\t\t\t\t\t\t\t\t\t\t\t\t\t\t<div>\n\t\t\t\t\t\t\t\t\t\t\t\t\t\t\t\t\t\t\t\t\t\t\t\t\tDana\t\t\t\t\t\t\t\t\t\t\t\t\t\t\t\t\t\t\t\t\t\t\t\t\t\t\t\t\t\t\t\t\t\t\t\t\t\t\t\t\t\t\t\t\t\t\t\t\t\t\t<i class=\"icon fa-solid fa-arrow-right\"><\/i> Petra\t\t\t\t\t\t\t\t\t\t\t\t\t\t\t\t\t\t\t\t\t\t\t\t\t\t\t\t\t\t\t\t\t\t\t\t<\/div>\n\t\t\t\t\t\t\t\t\t\t\t\t\t\t\t\t\t\t\t<\/h5>\n\t\t\t\t\t\t\t\t\t<div class=\"tb-columns\">\n\t\t\t\t\t\t\t\t\t\t<div class=\"tb-column tb-column--text\">\n\t\t\t\t\t\t\t\t\t\t\t<div class=\"text-part\">\n\t\t\t\t\t\t\t\t\t\t\t\t\t\t\t\t\t\t\t\t\t\t\t\t\t<div class=\"tb-dayschedule-popup__icons\">\n\t\t\t\t\t\t\t\t\t\t\t\t\t\t\t\t\t\t\t\t\t\t\t\t\t\t\t\t\t\t\t\t\t\t\t\t\t\t\t\t\t\t\t<div class=\"tb-dayschedule-popup__icon\">\n\t\t\t\t\t\t\t\t\t\t\t\t\t\t\t\t<i class=\"icon fa-regular fa-car\"><\/i>\n\t\t\t\t\t\t\t\t\t\t\t\t\t\t\t\t<span>\n\t\t\t\t\t\t\t\t\t\t\t\t\t\t\t\t\t2h10 &#8211; 100 km\t\t\t\t\t\t\t\t\t\t\t\t\t\t\t\t<\/span>\n\t\t\t\t\t\t\t\t\t\t\t\t\t\t\t<\/div>\n\t\t\t\t\t\t\t\t\t\t\t\t\t\t\t\t\t\t\t\t\t\t\t\t\t\t\t<\/div>\n\t\t\t\t\t\t\t\t\t\t\t\t\n\t\t\t\t\t\t\t\t\t\t\t\t\n\t\t\t\t\t\t\t\t\t\t\t\t<div>\n\t\t\t\t\t\t\t\t\t\t\t\t\t<strong>Jour 3<\/strong>\n\t\t\t\t\t\t\t\t\t\t\t\t\t\t\t<div class=\"translation-block\"><p>Vous d\u00e9buterez votre journ\u00e9e \u00e0 <strong>Dana<\/strong> et pourrez savourer un petit d\u00e9jeuner local. Nous vous conseillons de pr\u00e9voir de bonnes chaussures de marche pour cette journ\u00e9e au cours de laquelle nous vous proposerons une randonn\u00e9e d&rsquo;environ 3h30 dans le <strong>Wadi Ghuweir<\/strong>, canyon aux couleurs resplendissantes.<\/p>\n<p>Apr\u00e8s cette exploration, vous reprendrez la route et suivrez l\u2019iconique <strong>Kings Highway<\/strong>, une route historique bord\u00e9e de paysages exceptionnels. En chemin, vous aurez de multiples occasions de faire des arr\u00eats pour admirer des panoramas \u00e0 couper le souffle et immortaliser ces moments uniques.<\/p>\n<p>Vous atteindrez en fin de journ\u00e9e <strong>Wadi Musa<\/strong>, la <strong>porte d\u2019entr\u00e9e de la c\u00e9l\u00e8bre cit\u00e9 antique de Petra<\/strong>. Une fois install\u00e9s dans votre h\u00e9bergement, vous pourrez vous d\u00e9tendre et profiter de l\u2019atmosph\u00e8re particuli\u00e8re de cette ville empreinte d\u2019histoire. Pour une exp\u00e9rience encore plus m\u00e9morable, vous aurez la possibilit\u00e9 de conclure votre journ\u00e9e par un <strong>bain turc traditionnel<\/strong>, id\u00e9al pour apaiser les muscles apr\u00e8s la randonn\u00e9e. Veuillez noter que cette activit\u00e9 est facultative et n\u2019est pas incluse dans le programme de base, mais elle est fortement recommand\u00e9e pour une fin de journ\u00e9e relaxante.<\/p>\n<p><strong>Logement<\/strong> : Vous dormirez dans un h\u00f4tel tr\u00e8s bien situ\u00e9 dans Wadi Musa. La terrasse &#8211; bar fait tout le charme de cet endroit.<\/p><\/div>\n\t\t\t\t\t\t\t\t\t\t\t\t\t<\/div>\n\n\n\t\t\t\t\t\t\t\t\t\t\t<\/div>\n\t\t\t\t\t\t\t\t\t\t<\/div>\n\t\t\t\t\t\t\t\t\t\t<div class=\"tb-column tb-column--image\">\n\n\t\t\t\t\t\t\t\t\t\t\t<div class=\"tb-image-part\">\n\t\t\t\t\t\t\t\t\t\t\t\t\t\t\t\t<div class=\"inner-block-full-width has-tb-carousel tb-carousel-slider\" >\n\t\t\t<div class=\"tb-carousel-container\">\n\t\t\t\t<div class=\"entries tb-cards\" data-slider-first=\"0\">\n\t\t\t\t\t\t\t\t\t<div class=\"entry\">\n\t\t\t\t<div class=\"tb-image-part\">\n\t\t\t\t\t<figure>\n\t\t\t\t\t\t<img src='https:\/\/jn.travelblox.eu\/wp-content\/uploads\/sites\/44\/2025\/01\/IMG_6972.jpeg' width='504' height='672' style='object-position:50% 50%' loading='lazy' image_size='large'>\t\t\t\t\t\t\t\t\t\t\t<\/figure>\n\t\t\t\t<\/div>\n\t\t\t<\/div>\n\t\t\t\t\t<div class=\"entry\">\n\t\t\t\t<div class=\"tb-image-part\">\n\t\t\t\t\t<figure>\n\t\t\t\t\t\t<img src='https:\/\/jn.travelblox.eu\/wp-content\/uploads\/sites\/44\/2025\/01\/JN23_RoyMosterd_LR_4183188.jpeg' width='740' height='555' alt='Road on the King Highway in Jordan' loading='lazy' image_size='large'>\t\t\t\t\t\t\t\t\t\t\t<\/figure>\n\t\t\t\t<\/div>\n\t\t\t<\/div>\n\t\t\t\t\t<div class=\"entry\">\n\t\t\t\t<div class=\"tb-image-part\">\n\t\t\t\t\t<figure>\n\t\t\t\t\t\t<img src='https:\/\/jn.travelblox.eu\/wp-content\/uploads\/sites\/44\/2026\/01\/JordanNomadsXWhereSheGoes-06NomadsHotelendiner-Petra1-681x1024.jpg' width='681' height='1024' alt='Terass hotel Wadi Musa' loading='lazy' image_size='large'>\t\t\t\t\t\t\t\t\t\t\t<\/figure>\n\t\t\t\t<\/div>\n\t\t\t<\/div>\n\t\t\t\t\t<div class=\"entry\">\n\t\t\t\t<div class=\"tb-image-part\">\n\t\t\t\t\t<figure>\n\t\t\t\t\t\t<img src='https:\/\/jn.travelblox.eu\/wp-content\/uploads\/sites\/44\/2026\/01\/JordanNomadsXWhereSheGoes-06NomadsHotelendiner-Petra9-681x1024.jpg' width='681' height='1024' alt='Hotel Wadi Musa' loading='lazy' image_size='large'>\t\t\t\t\t\t\t\t\t\t\t<\/figure>\n\t\t\t\t<\/div>\n\t\t\t<\/div>\n\t\t\t\t\t\t\t\t<\/div>\n\t\t\t\t\t\t<div class=\"tb-carousel-nav\">\n\t\t\t<div class=\"dots\">\n\t\t\t\t<div class=\"dot active\"><\/div>\n\t\t\t\t<div class=\"dot\"><\/div>\n\t\t\t\t<div class=\"dot\"><\/div>\n\t\t\t<\/div>\n\t\t\t<div class=\"arrows\">\n\t\t\t\t<div class=\"prev disabled\">\n\t\t\t\t\t<span><i class=\"fa fa-chevron-left\"><\/i><\/span>\n\t\t\t\t<\/div>\n\t\t\t\t<div class=\"next\">\n\t\t\t\t\t<span><i class=\"fa fa-chevron-right\"><\/i><\/span>\n\t\t\t\t<\/div>\n\t\t\t<\/div>\n\t\t<\/div>\n\t\t\t\t<\/div>\n\t\t<\/div>\n\t\t\t\t\t\t\t\t\t\t\t\t\t<\/div>\n\t\t\t\t\t\t\t\t\t\t<\/div>\n\t\t\t\t\t\t\t\t\t<\/div>\n\t\t\t\t\t\t\t\t\t\t\t<div class=\"tb-popup-nav\">\n\t\t\t<a href=\"#\" class=\"tb-buttonlink-with-icon tb-buttonlink-with-arrow icon-first tb-popup-previous\">\n\t\t\t\t<i class=\"icon fa fa-chevron-left\"><\/i>\n\t\t\t\t<span>Jour pr\u00e9c\u00e9dent<\/span>\n\t\t\t<\/a>\n\t\t\t<a href=\"#\" class=\"tb-buttonlink-with-icon tb-buttonlink-with-arrow tb-popup-next\">\n\t\t\t\t<span>Jour suivant<\/span>\n\t\t\t\t<i class=\"icon fa fa-chevron-right\"><\/i>\n\t\t\t<\/a>\n\t\t<\/div>\n\t\n\t\t\t\t\t\t\t\t<\/div>\n\t\t\t\t\t\t\t<\/dialog>\n\t\t\t\t\t\t<\/div>\n\t\t\t\t\t\t\t\t\t\t\t<div class=\"tb-card entry tb-popup-trigger tb-unfold-on-hover\">\n\t\t\t\t\t\t\t<div class=\"tb-image-part\">\n\t\t\t\t\t\t\t\t<div class=\"tag\">\n\t\t\t\t\t\t\t\t\t<div>Jour 4<\/div>\n\t\t\t\t\t\t\t\t<\/div>\n\n\t\t\t\t\t\t\t\t<img src='https:\/\/jn.travelblox.eu\/wp-content\/uploads\/sites\/44\/2025\/01\/0H4A1294-768x1152.jpeg' width='768' height='1152' alt='Petra, one of the 7 wonders' loading='lazy' image_size='medium_large'>\t\t\t\t\t\t\t<\/div>\n\t\t\t\t\t\t\t<div class=\"tb-card-bottom-wrapper\">\n\t\t\t\t\t\t\t\t<div class=\"tb-card-bottom\">\n\n\t\t\t\t\t\t\t\t\t<span class=\"tb-card-bottom__title\">\n\t\t\t\t\t\t\t\t\t\t<span class=\"tb-card-bottom__place\">\n\t\t\t\t\t\t\t\t\t\t\tPetra\t\t\t\t\t\t\t\t\t\t\t\t\t\t\t\t\t\t\t\t\t\t\t&#8211; Wadi Rum\t\t\t\t\t\t\t\t\t\t\t\t\t\t\t\t\t\t\t\t\t<\/span>\n\n\t\t\t\t\t\t\t\t\t<\/span>\n\t\t\t\t\t\t\t\t\t<div class=\"tb-card-bottom__content\">\n\t\t\t\t\t\t\t\t\t\t<div>\n\t\t\t\t\t\t\t\t\t\t\t\t\t\t\t\t\t\t\t\t\t\t\t<i class=\"icon fa-regular fa-car\"><\/i> 1h50 &#8211; 115 km\t\t\t\t\t\t\t\t\t\t\t\t\t\t\t\t\t\t\t\t\t<\/div>\n\t\t\t\t\t\t\t\t\t<\/div>\n\t\t\t\t\t\t\t\t\t<div class=\"tb-card-bottom__teaser tb-unfold-on-hover__content\" data-no-translation>\n\t\t\t\t\t\t\t\t\t\t\t\t\t\t\t\t\t\t\t\t\t\t\t\t\t\t\t\t\t\tCette journ\u00e9e sera enti\u00e8rement d\u00e9di\u00e9e \u00e0 l\u2019exploration du site arch\u00e9ologique de Petra, l\u2019une des sept&#8230; <span class=\"link\">Lire la suite<\/span>\t\t\t\t\t\t\t\t\t<\/div>\n\t\t\t\t\t\t\t\t<\/div>\n\n\t\t\t\t\t\t\t<\/div>\n\t\t\t\t\t\t\t<dialog class=\"tb-popup tb-popup-with-padding tb-dayschedule-popup-wrapper\">\n\t\t\t\t\t\t\t\t<div class=\"tb-dayschedule-popup\">\n\t\t\t\t\t\t\t\t\t<h5>\n\t\t\t\t\t\t\t\t\t\t\t\t\t\t\t\t\t\t\t\t\t\t\t\t\t\t\t\t\t\t\t<div>\n\t\t\t\t\t\t\t\t\t\t\t\t\t\t\t\t\t\t\t\t\t\t\t\t\tPetra\t\t\t\t\t\t\t\t\t\t\t\t\t\t\t\t\t\t\t\t\t\t\t\t\t\t\t\t\t\t\t\t\t\t\t\t\t\t\t\t\t\t\t\t\t\t\t\t\t\t\t<i class=\"icon fa-solid fa-arrow-right\"><\/i> Wadi Rum\t\t\t\t\t\t\t\t\t\t\t\t\t\t\t\t\t\t\t\t\t\t\t\t\t\t\t\t\t\t\t\t\t\t\t\t<\/div>\n\t\t\t\t\t\t\t\t\t\t\t\t\t\t\t\t\t\t\t<\/h5>\n\t\t\t\t\t\t\t\t\t<div class=\"tb-columns\">\n\t\t\t\t\t\t\t\t\t\t<div class=\"tb-column tb-column--text\">\n\t\t\t\t\t\t\t\t\t\t\t<div class=\"text-part\">\n\t\t\t\t\t\t\t\t\t\t\t\t\t\t\t\t\t\t\t\t\t\t\t\t\t<div class=\"tb-dayschedule-popup__icons\">\n\t\t\t\t\t\t\t\t\t\t\t\t\t\t\t\t\t\t\t\t\t\t\t\t\t\t\t\t\t\t\t\t\t\t\t\t\t\t\t\t\t\t\t<div class=\"tb-dayschedule-popup__icon\">\n\t\t\t\t\t\t\t\t\t\t\t\t\t\t\t\t<i class=\"icon fa-regular fa-car\"><\/i>\n\t\t\t\t\t\t\t\t\t\t\t\t\t\t\t\t<span>\n\t\t\t\t\t\t\t\t\t\t\t\t\t\t\t\t\t1h50 &#8211; 115 km\t\t\t\t\t\t\t\t\t\t\t\t\t\t\t\t<\/span>\n\t\t\t\t\t\t\t\t\t\t\t\t\t\t\t<\/div>\n\t\t\t\t\t\t\t\t\t\t\t\t\t\t\t\t\t\t\t\t\t\t\t\t\t\t\t<\/div>\n\t\t\t\t\t\t\t\t\t\t\t\t\n\t\t\t\t\t\t\t\t\t\t\t\t\n\t\t\t\t\t\t\t\t\t\t\t\t<div>\n\t\t\t\t\t\t\t\t\t\t\t\t\t<strong>Jour 4<\/strong>\n\t\t\t\t\t\t\t\t\t\t\t\t\t\t\t<div class=\"translation-block\"><p>Cette journ\u00e9e sera enti\u00e8rement d\u00e9di\u00e9e \u00e0 l\u2019exploration du <strong>site arch\u00e9ologique de Petra<\/strong>, l\u2019une des sept merveilles du monde moderne. Vous d\u00e9couvrirez le c\u00e9l\u00e8bre Tr\u00e9sor, avec sa fa\u00e7ade taill\u00e9e dans la roche rose, ainsi que d\u2019autres monuments embl\u00e9matiques tels que le monast\u00e8re Al-Deir, la rue des fa\u00e7ades et le th\u00e9\u00e2tre nabat\u00e9en. Une immersion fascinante dans l\u2019histoire et la grandeur de cette cit\u00e9 mill\u00e9naire.<\/p>\n<p>En fin de journ\u00e9e, vous prendrez la route vers le <strong>Wadi Rum<\/strong>, \u00e9galement appel\u00e9 \u00ab\u00a0la vall\u00e9e de la Lune\u00a0\u00bb. Ce d\u00e9sert spectaculaire, avec ses dunes et formations rocheuses, sera le d\u00e9cor de votre nuit.<\/p>\n<p><strong>Logement<\/strong> : Vous s\u00e9journerez dans un camp tenu par les locaux, sous une <strong>tente traditionnelle<\/strong> et profiterez d\u2019un repas typique, inclus dans votre prix de base. Une soir\u00e9e conviviale et festive vous attend sous un ciel \u00e9toil\u00e9.<\/p>\n<p><br class=\"c2\" \/><br class=\"c2\" \/><\/p><\/div>\n\t\t\t\t\t\t\t\t\t\t\t\t\t<\/div>\n\n\n\t\t\t\t\t\t\t\t\t\t\t<\/div>\n\t\t\t\t\t\t\t\t\t\t<\/div>\n\t\t\t\t\t\t\t\t\t\t<div class=\"tb-column tb-column--image\">\n\n\t\t\t\t\t\t\t\t\t\t\t<div class=\"tb-image-part\">\n\t\t\t\t\t\t\t\t\t\t\t\t\t\t\t\t<div class=\"inner-block-full-width has-tb-carousel tb-carousel-slider\" >\n\t\t\t<div class=\"tb-carousel-container\">\n\t\t\t\t<div class=\"entries tb-cards\" data-slider-first=\"0\">\n\t\t\t\t\t\t\t\t\t<div class=\"entry\">\n\t\t\t\t<div class=\"tb-image-part\">\n\t\t\t\t\t<figure>\n\t\t\t\t\t\t<img src='https:\/\/jn.travelblox.eu\/wp-content\/uploads\/sites\/44\/2025\/01\/0H4A1294-683x1024.jpeg' width='683' height='1024' alt='Petra, one of the 7 wonders' loading='lazy' image_size='large'>\t\t\t\t\t\t\t\t\t\t\t<\/figure>\n\t\t\t\t<\/div>\n\t\t\t<\/div>\n\t\t\t\t\t<div class=\"entry\">\n\t\t\t\t<div class=\"tb-image-part\">\n\t\t\t\t\t<figure>\n\t\t\t\t\t\t<img src='https:\/\/jn.travelblox.eu\/wp-content\/uploads\/sites\/44\/2025\/01\/IMG_9304.jpeg' width='523' height='784' alt='Petra : one of the seven wonders' loading='lazy' image_size='large'>\t\t\t\t\t\t\t\t\t\t\t<\/figure>\n\t\t\t\t<\/div>\n\t\t\t<\/div>\n\t\t\t\t\t<div class=\"entry\">\n\t\t\t\t<div class=\"tb-image-part\">\n\t\t\t\t\t<figure>\n\t\t\t\t\t\t<img src='https:\/\/jn.travelblox.eu\/wp-content\/uploads\/sites\/44\/2025\/01\/JORDAN_NOMADS_SJOERDBRACKE_387A0041.jpeg' width='800' height='534' loading='lazy' image_size='large'>\t\t\t\t\t\t\t\t\t\t\t<\/figure>\n\t\t\t\t<\/div>\n\t\t\t<\/div>\n\t\t\t\t\t<div class=\"entry\">\n\t\t\t\t<div class=\"tb-image-part\">\n\t\t\t\t\t<figure>\n\t\t\t\t\t\t<img src='https:\/\/jn.travelblox.eu\/wp-content\/uploads\/sites\/44\/2025\/01\/JN23_RoyMosterd_LR_-2.jpeg' width='860' height='645' alt='Bedroom in the desert' loading='lazy' image_size='large'>\t\t\t\t\t\t\t\t\t\t\t<\/figure>\n\t\t\t\t<\/div>\n\t\t\t<\/div>\n\t\t\t\t\t\t\t\t<\/div>\n\t\t\t\t\t\t<div class=\"tb-carousel-nav\">\n\t\t\t<div class=\"dots\">\n\t\t\t\t<div class=\"dot active\"><\/div>\n\t\t\t\t<div class=\"dot\"><\/div>\n\t\t\t\t<div class=\"dot\"><\/div>\n\t\t\t<\/div>\n\t\t\t<div class=\"arrows\">\n\t\t\t\t<div class=\"prev disabled\">\n\t\t\t\t\t<span><i class=\"fa fa-chevron-left\"><\/i><\/span>\n\t\t\t\t<\/div>\n\t\t\t\t<div class=\"next\">\n\t\t\t\t\t<span><i class=\"fa fa-chevron-right\"><\/i><\/span>\n\t\t\t\t<\/div>\n\t\t\t<\/div>\n\t\t<\/div>\n\t\t\t\t<\/div>\n\t\t<\/div>\n\t\t\t\t\t\t\t\t\t\t\t\t\t<\/div>\n\t\t\t\t\t\t\t\t\t\t<\/div>\n\t\t\t\t\t\t\t\t\t<\/div>\n\t\t\t\t\t\t\t\t\t\t\t<div class=\"tb-popup-nav\">\n\t\t\t<a href=\"#\" class=\"tb-buttonlink-with-icon tb-buttonlink-with-arrow icon-first tb-popup-previous\">\n\t\t\t\t<i class=\"icon fa fa-chevron-left\"><\/i>\n\t\t\t\t<span>Jour pr\u00e9c\u00e9dent<\/span>\n\t\t\t<\/a>\n\t\t\t<a href=\"#\" class=\"tb-buttonlink-with-icon tb-buttonlink-with-arrow tb-popup-next\">\n\t\t\t\t<span>Jour suivant<\/span>\n\t\t\t\t<i class=\"icon fa fa-chevron-right\"><\/i>\n\t\t\t<\/a>\n\t\t<\/div>\n\t\n\t\t\t\t\t\t\t\t<\/div>\n\t\t\t\t\t\t\t<\/dialog>\n\t\t\t\t\t\t<\/div>\n\t\t\t\t\t\t\t\t\t\t\t<div class=\"tb-card entry tb-popup-trigger tb-unfold-on-hover\">\n\t\t\t\t\t\t\t<div class=\"tb-image-part\">\n\t\t\t\t\t\t\t\t<div class=\"tag\">\n\t\t\t\t\t\t\t\t\t<div>Jour 5<\/div>\n\t\t\t\t\t\t\t\t<\/div>\n\n\t\t\t\t\t\t\t\t<img src='https:\/\/jn.travelblox.eu\/wp-content\/uploads\/sites\/44\/2025\/01\/8bc4bc40-a65d-46db-b26e-13e808c54478-768x1024.jpeg' width='768' height='1024' alt='Arch in the Wadi Rum' loading='lazy' image_size='medium_large'>\t\t\t\t\t\t\t<\/div>\n\t\t\t\t\t\t\t<div class=\"tb-card-bottom-wrapper\">\n\t\t\t\t\t\t\t\t<div class=\"tb-card-bottom\">\n\n\t\t\t\t\t\t\t\t\t<span class=\"tb-card-bottom__title\">\n\t\t\t\t\t\t\t\t\t\t<span class=\"tb-card-bottom__place\">\n\t\t\t\t\t\t\t\t\t\t\tWadi Rum\t\t\t\t\t\t\t\t\t\t\t\t\t\t\t\t\t\t\t\t\t\t\t&#8211; Aqaba\t\t\t\t\t\t\t\t\t\t\t\t\t\t\t\t\t\t\t\t\t<\/span>\n\n\t\t\t\t\t\t\t\t\t<\/span>\n\t\t\t\t\t\t\t\t\t<div class=\"tb-card-bottom__content\">\n\t\t\t\t\t\t\t\t\t\t<div>\n\t\t\t\t\t\t\t\t\t\t\t\t\t\t\t\t\t\t\t\t\t\t\t<i class=\"icon fa-regular fa-car\"><\/i> Road trip dans le d\u00e9sert\t\t\t\t\t\t\t\t\t\t\t\t\t\t\t\t\t\t\t\t\t<\/div>\n\t\t\t\t\t\t\t\t\t<\/div>\n\t\t\t\t\t\t\t\t\t<div class=\"tb-card-bottom__teaser tb-unfold-on-hover__content\" data-no-translation>\n\t\t\t\t\t\t\t\t\t\t\t\t\t\t\t\t\t\t\t\t\t\t\t\t\t\t\t\t\t\tPlusieurs activit\u00e9s optionnelles vous sont propos\u00e9es pour ce 5\u1d49 jour au c\u0153ur du d\u00e9sert de Wadi Rum. &#8230; <span class=\"link\">Lire la suite<\/span>\t\t\t\t\t\t\t\t\t<\/div>\n\t\t\t\t\t\t\t\t<\/div>\n\n\t\t\t\t\t\t\t<\/div>\n\t\t\t\t\t\t\t<dialog class=\"tb-popup tb-popup-with-padding tb-dayschedule-popup-wrapper\">\n\t\t\t\t\t\t\t\t<div class=\"tb-dayschedule-popup\">\n\t\t\t\t\t\t\t\t\t<h5>\n\t\t\t\t\t\t\t\t\t\t\t\t\t\t\t\t\t\t\t\t\t\t\t\t\t\t\t\t\t\t\t<div>\n\t\t\t\t\t\t\t\t\t\t\t\t\t\t\t\t\t\t\t\t\t\t\t\t\tWadi Rum\t\t\t\t\t\t\t\t\t\t\t\t\t\t\t\t\t\t\t\t\t\t\t\t\t\t\t\t\t\t\t\t\t\t\t\t\t\t\t\t\t\t\t\t\t\t\t\t\t\t\t<i class=\"icon fa-solid fa-arrow-right\"><\/i> Aqaba\t\t\t\t\t\t\t\t\t\t\t\t\t\t\t\t\t\t\t\t\t\t\t\t\t\t\t\t\t\t\t\t\t\t\t\t<\/div>\n\t\t\t\t\t\t\t\t\t\t\t\t\t\t\t\t\t\t\t<\/h5>\n\t\t\t\t\t\t\t\t\t<div class=\"tb-columns\">\n\t\t\t\t\t\t\t\t\t\t<div class=\"tb-column tb-column--text\">\n\t\t\t\t\t\t\t\t\t\t\t<div class=\"text-part\">\n\t\t\t\t\t\t\t\t\t\t\t\t\t\t\t\t\t\t\t\t\t\t\t\t\t<div class=\"tb-dayschedule-popup__icons\">\n\t\t\t\t\t\t\t\t\t\t\t\t\t\t\t\t\t\t\t\t\t\t\t\t\t\t\t\t\t\t\t\t\t\t\t\t\t\t\t\t\t\t\t<div class=\"tb-dayschedule-popup__icon\">\n\t\t\t\t\t\t\t\t\t\t\t\t\t\t\t\t<i class=\"icon fa-regular fa-car\"><\/i>\n\t\t\t\t\t\t\t\t\t\t\t\t\t\t\t\t<span>\n\t\t\t\t\t\t\t\t\t\t\t\t\t\t\t\t\tRoad trip dans le d\u00e9sert\t\t\t\t\t\t\t\t\t\t\t\t\t\t\t\t<\/span>\n\t\t\t\t\t\t\t\t\t\t\t\t\t\t\t<\/div>\n\t\t\t\t\t\t\t\t\t\t\t\t\t\t\t\t\t\t\t\t\t\t\t\t\t\t\t<\/div>\n\t\t\t\t\t\t\t\t\t\t\t\t\n\t\t\t\t\t\t\t\t\t\t\t\t\n\t\t\t\t\t\t\t\t\t\t\t\t<div>\n\t\t\t\t\t\t\t\t\t\t\t\t\t<strong>Jour 5<\/strong>\n\t\t\t\t\t\t\t\t\t\t\t\t\t\t\t<div class=\"translation-block\"><p>Plusieurs <a href=\"#activities\">activit\u00e9s optionnelles<\/a> vous sont propos\u00e9es pour ce 5\u1d49 jour au c\u0153ur du d\u00e9sert de Wadi Rum. Vous pourrez opter pour un <strong>safari en jeep<\/strong>, accompagn\u00e9 de guides locaux qui vous feront d\u00e9couvrir les paysages embl\u00e9matiques : arches naturelles, canyons secrets et dunes.<\/p>\n<p>Pour une journ\u00e9e plus calme, ou pour prolonger l&rsquo;exp\u00e9rience du safari en jeep, vous aurez \u00e9galement la possibilit\u00e9 de tester gratuitement le <strong>sandboarding<\/strong> ou explorer les alentours. Nous vous recommandons toutefois de rester proche du campement, car le d\u00e9sert peut \u00eatre impr\u00e9visible. Vous pouvez \u00e9galement d\u00e9cider de rester au campement pour vous d\u00e9tendre.<\/p>\n<p>Quelle que soit l\u2019option choisie, cette journ\u00e9e vous plongera dans la magie et la grandeur du Wadi Rum, entour\u00e9s par les b\u00e9douins.<\/p>\n<p><strong>Logement<\/strong> : en fin de journ\u00e9e, vous serez raccompagn\u00e9s \u00e0 votre v\u00e9hicule afin de rejoindre la ville d&rsquo;Aqaba et de s\u00e9journer dans un h\u00f4tel avec piscine non loin du centre ville. Vous pourrez alors visiter cette charmante ville baln\u00e9aire \u00e0 pieds.<\/p><\/div>\n\t\t\t\t\t\t\t\t\t\t\t\t\t<\/div>\n\n\n\t\t\t\t\t\t\t\t\t\t\t<\/div>\n\t\t\t\t\t\t\t\t\t\t<\/div>\n\t\t\t\t\t\t\t\t\t\t<div class=\"tb-column tb-column--image\">\n\n\t\t\t\t\t\t\t\t\t\t\t<div class=\"tb-image-part\">\n\t\t\t\t\t\t\t\t\t\t\t\t\t\t\t\t<div class=\"inner-block-full-width has-tb-carousel tb-carousel-slider\" >\n\t\t\t<div class=\"tb-carousel-container\">\n\t\t\t\t<div class=\"entries tb-cards\" data-slider-first=\"0\">\n\t\t\t\t\t\t\t\t\t<div class=\"entry\">\n\t\t\t\t<div class=\"tb-image-part\">\n\t\t\t\t\t<figure>\n\t\t\t\t\t\t<img src='https:\/\/jn.travelblox.eu\/wp-content\/uploads\/sites\/44\/2025\/01\/8bc4bc40-a65d-46db-b26e-13e808c54478-768x1024.jpeg' width='768' height='1024' alt='Arch in the Wadi Rum' loading='lazy' image_size='large'>\t\t\t\t\t\t\t\t\t\t\t<\/figure>\n\t\t\t\t<\/div>\n\t\t\t<\/div>\n\t\t\t\t\t<div class=\"entry\">\n\t\t\t\t<div class=\"tb-image-part\">\n\t\t\t\t\t<figure>\n\t\t\t\t\t\t<img src='https:\/\/jn.travelblox.eu\/wp-content\/uploads\/sites\/44\/2025\/01\/0H4A0684-819x1024.jpeg' width='819' height='1024' alt='Wanderlust in the desert' loading='lazy' image_size='large'>\t\t\t\t\t\t\t\t\t\t\t<\/figure>\n\t\t\t\t<\/div>\n\t\t\t<\/div>\n\t\t\t\t\t<div class=\"entry\">\n\t\t\t\t<div class=\"tb-image-part\">\n\t\t\t\t\t<figure>\n\t\t\t\t\t\t<img src='https:\/\/jn.travelblox.eu\/wp-content\/uploads\/sites\/44\/2026\/01\/img-golden-tulip-aqaba-aqaba-33-1024x682.jpeg' width='1024' height='682' loading='lazy' image_size='large'>\t\t\t\t\t\t\t\t\t\t\t<\/figure>\n\t\t\t\t<\/div>\n\t\t\t<\/div>\n\t\t\t\t\t<div class=\"entry\">\n\t\t\t\t<div class=\"tb-image-part\">\n\t\t\t\t\t<figure>\n\t\t\t\t\t\t<img src='https:\/\/jn.travelblox.eu\/wp-content\/uploads\/sites\/44\/2026\/01\/img-golden-tulip-aqaba-aqaba-51-1024x682.jpeg' width='1024' height='682' alt='swimming pool hotel Aqaba' loading='lazy' image_size='large'>\t\t\t\t\t\t\t\t\t\t\t<\/figure>\n\t\t\t\t<\/div>\n\t\t\t<\/div>\n\t\t\t\t\t\t\t\t<\/div>\n\t\t\t\t\t\t<div class=\"tb-carousel-nav\">\n\t\t\t<div class=\"dots\">\n\t\t\t\t<div class=\"dot active\"><\/div>\n\t\t\t\t<div class=\"dot\"><\/div>\n\t\t\t\t<div class=\"dot\"><\/div>\n\t\t\t<\/div>\n\t\t\t<div class=\"arrows\">\n\t\t\t\t<div class=\"prev disabled\">\n\t\t\t\t\t<span><i class=\"fa fa-chevron-left\"><\/i><\/span>\n\t\t\t\t<\/div>\n\t\t\t\t<div class=\"next\">\n\t\t\t\t\t<span><i class=\"fa fa-chevron-right\"><\/i><\/span>\n\t\t\t\t<\/div>\n\t\t\t<\/div>\n\t\t<\/div>\n\t\t\t\t<\/div>\n\t\t<\/div>\n\t\t\t\t\t\t\t\t\t\t\t\t\t<\/div>\n\t\t\t\t\t\t\t\t\t\t<\/div>\n\t\t\t\t\t\t\t\t\t<\/div>\n\t\t\t\t\t\t\t\t\t\t\t<div class=\"tb-popup-nav\">\n\t\t\t<a href=\"#\" class=\"tb-buttonlink-with-icon tb-buttonlink-with-arrow icon-first tb-popup-previous\">\n\t\t\t\t<i class=\"icon fa fa-chevron-left\"><\/i>\n\t\t\t\t<span>Jour pr\u00e9c\u00e9dent<\/span>\n\t\t\t<\/a>\n\t\t\t<a href=\"#\" class=\"tb-buttonlink-with-icon tb-buttonlink-with-arrow tb-popup-next\">\n\t\t\t\t<span>Jour suivant<\/span>\n\t\t\t\t<i class=\"icon fa fa-chevron-right\"><\/i>\n\t\t\t<\/a>\n\t\t<\/div>\n\t\n\t\t\t\t\t\t\t\t<\/div>\n\t\t\t\t\t\t\t<\/dialog>\n\t\t\t\t\t\t<\/div>\n\t\t\t\t\t\t\t\t\t\t\t<div class=\"tb-card entry tb-popup-trigger tb-unfold-on-hover\">\n\t\t\t\t\t\t\t<div class=\"tb-image-part\">\n\t\t\t\t\t\t\t\t<div class=\"tag\">\n\t\t\t\t\t\t\t\t\t<div>Jour 6<\/div>\n\t\t\t\t\t\t\t\t<\/div>\n\n\t\t\t\t\t\t\t\t<img src='https:\/\/jn.travelblox.eu\/wp-content\/uploads\/sites\/44\/2025\/01\/Capture-decran-2025-01-23-a-164724.jpeg' width='458' height='521' alt='Fish in the Red Sea' loading='lazy' image_size='medium_large'>\t\t\t\t\t\t\t<\/div>\n\t\t\t\t\t\t\t<div class=\"tb-card-bottom-wrapper\">\n\t\t\t\t\t\t\t\t<div class=\"tb-card-bottom\">\n\n\t\t\t\t\t\t\t\t\t<span class=\"tb-card-bottom__title\">\n\t\t\t\t\t\t\t\t\t\t<span class=\"tb-card-bottom__place\">\n\t\t\t\t\t\t\t\t\t\t\tAqaba \t\t\t\t\t\t\t\t\t\t\t\t\t\t\t\t\t\t\t\t\t\t\t&#8211; Dana\t\t\t\t\t\t\t\t\t\t\t\t\t\t\t\t\t\t\t\t\t<\/span>\n\n\t\t\t\t\t\t\t\t\t<\/span>\n\t\t\t\t\t\t\t\t\t<div class=\"tb-card-bottom__content\">\n\t\t\t\t\t\t\t\t\t\t<div>\n\t\t\t\t\t\t\t\t\t\t\t\t\t\t\t\t\t\t\t\t\t\t\t<i class=\"icon fa-regular fa-car\"><\/i> 5h00 &#8211; 350 km\t\t\t\t\t\t\t\t\t\t\t\t\t\t\t\t\t\t\t\t\t<\/div>\n\t\t\t\t\t\t\t\t\t<\/div>\n\t\t\t\t\t\t\t\t\t<div class=\"tb-card-bottom__teaser tb-unfold-on-hover__content\" data-no-translation>\n\t\t\t\t\t\t\t\t\t\t\t\t\t\t\t\t\t\t\t\t\t\t\t\t\t\t\t\t\t\tCette 6\u00e8 journ\u00e9e d\u00e9butera dans le golfe d\u2019Aqaba, le long de la Mer Rouge. Vous avez le choix de part&#8230; <span class=\"link\">Lire la suite<\/span>\t\t\t\t\t\t\t\t\t<\/div>\n\t\t\t\t\t\t\t\t<\/div>\n\n\t\t\t\t\t\t\t<\/div>\n\t\t\t\t\t\t\t<dialog class=\"tb-popup tb-popup-with-padding tb-dayschedule-popup-wrapper\">\n\t\t\t\t\t\t\t\t<div class=\"tb-dayschedule-popup\">\n\t\t\t\t\t\t\t\t\t<h5>\n\t\t\t\t\t\t\t\t\t\t\t\t\t\t\t\t\t\t\t\t\t\t\t\t\t\t\t\t\t\t\t<div>\n\t\t\t\t\t\t\t\t\t\t\t\t\t\t\t\t\t\t\t\t\t\t\t\t\tAqaba \t\t\t\t\t\t\t\t\t\t\t\t\t\t\t\t\t\t\t\t\t\t\t\t\t\t\t\t\t\t\t\t\t\t\t\t\t\t\t\t\t\t\t\t\t\t\t\t\t\t\t<i class=\"icon fa-solid fa-arrow-right\"><\/i> Dana\t\t\t\t\t\t\t\t\t\t\t\t\t\t\t\t\t\t\t\t\t\t\t\t\t\t\t\t\t\t\t\t\t\t\t\t<\/div>\n\t\t\t\t\t\t\t\t\t\t\t\t\t\t\t\t\t\t\t<\/h5>\n\t\t\t\t\t\t\t\t\t<div class=\"tb-columns\">\n\t\t\t\t\t\t\t\t\t\t<div class=\"tb-column tb-column--text\">\n\t\t\t\t\t\t\t\t\t\t\t<div class=\"text-part\">\n\t\t\t\t\t\t\t\t\t\t\t\t\t\t\t\t\t\t\t\t\t\t\t\t\t<div class=\"tb-dayschedule-popup__icons\">\n\t\t\t\t\t\t\t\t\t\t\t\t\t\t\t\t\t\t\t\t\t\t\t\t\t\t\t\t\t\t\t\t\t\t\t\t\t\t\t\t\t\t\t<div class=\"tb-dayschedule-popup__icon\">\n\t\t\t\t\t\t\t\t\t\t\t\t\t\t\t\t<i class=\"icon fa-regular fa-car\"><\/i>\n\t\t\t\t\t\t\t\t\t\t\t\t\t\t\t\t<span>\n\t\t\t\t\t\t\t\t\t\t\t\t\t\t\t\t\t5h00 &#8211; 350 km\t\t\t\t\t\t\t\t\t\t\t\t\t\t\t\t<\/span>\n\t\t\t\t\t\t\t\t\t\t\t\t\t\t\t<\/div>\n\t\t\t\t\t\t\t\t\t\t\t\t\t\t\t\t\t\t\t\t\t\t\t\t\t\t\t<\/div>\n\t\t\t\t\t\t\t\t\t\t\t\t\n\t\t\t\t\t\t\t\t\t\t\t\t\n\t\t\t\t\t\t\t\t\t\t\t\t<div>\n\t\t\t\t\t\t\t\t\t\t\t\t\t<strong>Jour 6<\/strong>\n\t\t\t\t\t\t\t\t\t\t\t\t\t\t\t<div class=\"translation-block\"><p>Cette 6\u00e8 journ\u00e9e d\u00e9butera dans le golfe d\u2019<strong>Aqaba<\/strong>, le long de la Mer Rouge. Vous avez le choix de participer \u00e0 une de nos <a href=\"#activities\">activit\u00e9s optionnelles<\/a> en prenant pas \u00e0 une vir\u00e9e <strong>snorkeling<\/strong> (\u00e0 r\u00e9server lors de votre inscription) pour d\u00e9couvrir la faune et la flore de cette r\u00e9gion, et les enjeux auxquels ces esp\u00e8ces font face, accompagn\u00e9s de professionnels.<\/p>\n<p>Pour ceux qui ne souhaitent pas faire de snorkeling, la plage reste un lieu id\u00e9al pour se d\u00e9tendre. Vous pourrez profiter d\u2019une baignade rafra\u00eechissante dans les eaux cristallines ou simplement vous reposer au soleil dans un cadre paisible.<\/p>\n<p>Dans l\u2019apr\u00e8s-midi, vous reprendrez la route en direction des impressionnantes <strong>dunes de la Vall\u00e9e d\u2019Araba<\/strong>. Apr\u00e8s une courte pause pour admirer ce paysage captivant, vous poursuivrez vers la r\u00e9serve naturelle de Dana. L\u00e0, vous aurez l\u2019occasion d\u2019explorer le <strong>c\u00e9l\u00e8bre sentier \u201cSheq Al-Reesh\u201d<\/strong>, une randonn\u00e9e offrant des vues spectaculaires sur la vall\u00e9e et ses formations rocheuses majestueuses.<\/p>\n<p><strong>Logement<\/strong> : Votre journ\u00e9e s\u2019ach\u00e8vera en beaut\u00e9 lorsque vous arriverez \u00e0 votre logement nich\u00e9 \u00e0 flanc de montagne, \u00e0 Dana. Rustique et charme feront de ce lieu une belle exp\u00e9rience.<\/p><\/div>\n\t\t\t\t\t\t\t\t\t\t\t\t\t<\/div>\n\n\n\t\t\t\t\t\t\t\t\t\t\t<\/div>\n\t\t\t\t\t\t\t\t\t\t<\/div>\n\t\t\t\t\t\t\t\t\t\t<div class=\"tb-column tb-column--image\">\n\n\t\t\t\t\t\t\t\t\t\t\t<div class=\"tb-image-part\">\n\t\t\t\t\t\t\t\t\t\t\t\t\t\t\t\t<div class=\"inner-block-full-width has-tb-carousel tb-carousel-slider\" >\n\t\t\t<div class=\"tb-carousel-container\">\n\t\t\t\t<div class=\"entries tb-cards\" data-slider-first=\"0\">\n\t\t\t\t\t\t\t\t\t<div class=\"entry\">\n\t\t\t\t<div class=\"tb-image-part\">\n\t\t\t\t\t<figure>\n\t\t\t\t\t\t<img src='https:\/\/jn.travelblox.eu\/wp-content\/uploads\/sites\/44\/2025\/01\/Capture-decran-2025-01-23-a-164724.jpeg' width='458' height='521' alt='Fish in the Red Sea' loading='lazy' image_size='large'>\t\t\t\t\t\t\t\t\t\t\t<\/figure>\n\t\t\t\t<\/div>\n\t\t\t<\/div>\n\t\t\t\t\t<div class=\"entry\">\n\t\t\t\t<div class=\"tb-image-part\">\n\t\t\t\t\t<figure>\n\t\t\t\t\t\t<img src='https:\/\/jn.travelblox.eu\/wp-content\/uploads\/sites\/44\/2025\/01\/JORDAN_NOMADS_SJOERDBRACKE_387A9548.jpeg' width='880' height='587' alt='Hotel in Dana' loading='lazy' image_size='large'>\t\t\t\t\t\t\t\t\t\t\t<\/figure>\n\t\t\t\t<\/div>\n\t\t\t<\/div>\n\t\t\t\t\t<div class=\"entry\">\n\t\t\t\t<div class=\"tb-image-part\">\n\t\t\t\t\t<figure>\n\t\t\t\t\t\t<img src='https:\/\/jn.travelblox.eu\/wp-content\/uploads\/sites\/44\/2025\/01\/JN23_RoyMosterd_LR_4183055-1024x768.jpeg' width='1024' height='768' alt='Viewpoint on the Dana Valley' loading='lazy' image_size='large'>\t\t\t\t\t\t\t\t\t\t\t<\/figure>\n\t\t\t\t<\/div>\n\t\t\t<\/div>\n\t\t\t\t\t\t\t\t<\/div>\n\t\t\t\t\t\t<div class=\"tb-carousel-nav\">\n\t\t\t<div class=\"dots\">\n\t\t\t\t<div class=\"dot active\"><\/div>\n\t\t\t\t<div class=\"dot\"><\/div>\n\t\t\t\t<div class=\"dot\"><\/div>\n\t\t\t<\/div>\n\t\t\t<div class=\"arrows\">\n\t\t\t\t<div class=\"prev disabled\">\n\t\t\t\t\t<span><i class=\"fa fa-chevron-left\"><\/i><\/span>\n\t\t\t\t<\/div>\n\t\t\t\t<div class=\"next\">\n\t\t\t\t\t<span><i class=\"fa fa-chevron-right\"><\/i><\/span>\n\t\t\t\t<\/div>\n\t\t\t<\/div>\n\t\t<\/div>\n\t\t\t\t<\/div>\n\t\t<\/div>\n\t\t\t\t\t\t\t\t\t\t\t\t\t<\/div>\n\t\t\t\t\t\t\t\t\t\t<\/div>\n\t\t\t\t\t\t\t\t\t<\/div>\n\t\t\t\t\t\t\t\t\t\t\t<div class=\"tb-popup-nav\">\n\t\t\t<a href=\"#\" class=\"tb-buttonlink-with-icon tb-buttonlink-with-arrow icon-first tb-popup-previous\">\n\t\t\t\t<i class=\"icon fa fa-chevron-left\"><\/i>\n\t\t\t\t<span>Jour pr\u00e9c\u00e9dent<\/span>\n\t\t\t<\/a>\n\t\t\t<a href=\"#\" class=\"tb-buttonlink-with-icon tb-buttonlink-with-arrow tb-popup-next\">\n\t\t\t\t<span>Jour suivant<\/span>\n\t\t\t\t<i class=\"icon fa fa-chevron-right\"><\/i>\n\t\t\t<\/a>\n\t\t<\/div>\n\t\n\t\t\t\t\t\t\t\t<\/div>\n\t\t\t\t\t\t\t<\/dialog>\n\t\t\t\t\t\t<\/div>\n\t\t\t\t\t\t\t\t\t\t\t<div class=\"tb-card entry tb-popup-trigger tb-unfold-on-hover\">\n\t\t\t\t\t\t\t<div class=\"tb-image-part\">\n\t\t\t\t\t\t\t\t<div class=\"tag\">\n\t\t\t\t\t\t\t\t\t<div>Jour 7<\/div>\n\t\t\t\t\t\t\t\t<\/div>\n\n\t\t\t\t\t\t\t\t<img src='https:\/\/jn.travelblox.eu\/wp-content\/uploads\/sites\/44\/2026\/01\/JordanNomadsXWhereSheGoes-11Madaba13-768x1154.jpg' width='768' height='1154' alt='Madaba Street' loading='lazy' image_size='medium_large'>\t\t\t\t\t\t\t<\/div>\n\t\t\t\t\t\t\t<div class=\"tb-card-bottom-wrapper\">\n\t\t\t\t\t\t\t\t<div class=\"tb-card-bottom\">\n\n\t\t\t\t\t\t\t\t\t<span class=\"tb-card-bottom__title\">\n\t\t\t\t\t\t\t\t\t\t<span class=\"tb-card-bottom__place\">\n\t\t\t\t\t\t\t\t\t\t\tDana\t\t\t\t\t\t\t\t\t\t\t\t\t\t\t\t\t\t\t\t\t\t\t&#8211; Madaba\t\t\t\t\t\t\t\t\t\t\t\t\t\t\t\t\t\t\t\t\t<\/span>\n\n\t\t\t\t\t\t\t\t\t<\/span>\n\t\t\t\t\t\t\t\t\t<div class=\"tb-card-bottom__content\">\n\t\t\t\t\t\t\t\t\t\t<div>\n\t\t\t\t\t\t\t\t\t\t\t\t\t\t\t\t\t\t\t\t\t\t\t<i class=\"icon fa-regular fa-car\"><\/i> 2h20 &#8211; 180 km\t\t\t\t\t\t\t\t\t\t\t\t\t\t\t\t\t\t\t\t\t<\/div>\n\t\t\t\t\t\t\t\t\t<\/div>\n\t\t\t\t\t\t\t\t\t<div class=\"tb-card-bottom__teaser tb-unfold-on-hover__content\" data-no-translation>\n\t\t\t\t\t\t\t\t\t\t\t\t\t\t\t\t\t\t\t\t\t\t\t\t\t\t\t\t\t\tLa route du 7\u1d49 jours vous emm\u00e8nera de Dana \u00e0 Madaba \u00e0 travers des paysages \u00e9poustouflants et arides&#8230;. <span class=\"link\">Lire la suite<\/span>\t\t\t\t\t\t\t\t\t<\/div>\n\t\t\t\t\t\t\t\t<\/div>\n\n\t\t\t\t\t\t\t<\/div>\n\t\t\t\t\t\t\t<dialog class=\"tb-popup tb-popup-with-padding tb-dayschedule-popup-wrapper\">\n\t\t\t\t\t\t\t\t<div class=\"tb-dayschedule-popup\">\n\t\t\t\t\t\t\t\t\t<h5>\n\t\t\t\t\t\t\t\t\t\t\t\t\t\t\t\t\t\t\t\t\t\t\t\t\t\t\t\t\t\t\t<div>\n\t\t\t\t\t\t\t\t\t\t\t\t\t\t\t\t\t\t\t\t\t\t\t\t\tDana\t\t\t\t\t\t\t\t\t\t\t\t\t\t\t\t\t\t\t\t\t\t\t\t\t\t\t\t\t\t\t\t\t\t\t\t\t\t\t\t\t\t\t\t\t\t\t\t\t\t\t<i class=\"icon fa-solid fa-arrow-right\"><\/i> Madaba\t\t\t\t\t\t\t\t\t\t\t\t\t\t\t\t\t\t\t\t\t\t\t\t\t\t\t\t\t\t\t\t\t\t\t\t<\/div>\n\t\t\t\t\t\t\t\t\t\t\t\t\t\t\t\t\t\t\t<\/h5>\n\t\t\t\t\t\t\t\t\t<div class=\"tb-columns\">\n\t\t\t\t\t\t\t\t\t\t<div class=\"tb-column tb-column--text\">\n\t\t\t\t\t\t\t\t\t\t\t<div class=\"text-part\">\n\t\t\t\t\t\t\t\t\t\t\t\t\t\t\t\t\t\t\t\t\t\t\t\t\t<div class=\"tb-dayschedule-popup__icons\">\n\t\t\t\t\t\t\t\t\t\t\t\t\t\t\t\t\t\t\t\t\t\t\t\t\t\t\t\t\t\t\t\t\t\t\t\t\t\t\t\t\t\t\t<div class=\"tb-dayschedule-popup__icon\">\n\t\t\t\t\t\t\t\t\t\t\t\t\t\t\t\t<i class=\"icon fa-regular fa-car\"><\/i>\n\t\t\t\t\t\t\t\t\t\t\t\t\t\t\t\t<span>\n\t\t\t\t\t\t\t\t\t\t\t\t\t\t\t\t\t2h20 &#8211; 180 km\t\t\t\t\t\t\t\t\t\t\t\t\t\t\t\t<\/span>\n\t\t\t\t\t\t\t\t\t\t\t\t\t\t\t<\/div>\n\t\t\t\t\t\t\t\t\t\t\t\t\t\t\t\t\t\t\t\t\t\t\t\t\t\t\t<\/div>\n\t\t\t\t\t\t\t\t\t\t\t\t\n\t\t\t\t\t\t\t\t\t\t\t\t\n\t\t\t\t\t\t\t\t\t\t\t\t<div>\n\t\t\t\t\t\t\t\t\t\t\t\t\t<strong>Jour 7<\/strong>\n\t\t\t\t\t\t\t\t\t\t\t\t\t\t\t<div class=\"translation-block\"><p>La route du 7\u1d49 jours vous emm\u00e8nera <strong>de Dana \u00e0 Madaba<\/strong> \u00e0 travers des paysages \u00e9poustouflants et arides.<\/p>\n<p>Vous ferez un premier arr\u00eat au <strong>ch\u00e2teau d\u2019Al-Karak<\/strong>, une imposante forteresse crois\u00e9e t\u00e9moignant de l\u2019histoire m\u00e9di\u00e9vale de la r\u00e9gion et offrant des vues spectaculaires sur la vall\u00e9e environnante. En poursuivant votre route, vous profiterez du <strong>panorama incroyable du Wadi Mujib<\/strong>, souvent surnomm\u00e9 le \u00ab\u00a0Grand Canyon de Jordanie\u00a0\u00bb. La journ\u00e9e se conclura \u00e0 <strong>Madaba, la \u00ab\u00a0ville des mosa\u00efques\u00a0\u00bb<\/strong>, o\u00f9 vous pourrez d\u00e9couvrir ses c\u00e9l\u00e8bres chefs-d&rsquo;\u0153uvre byzantins, notamment la carte de la Terre Sainte.<\/p>\n<p><strong>Logement<\/strong> : Le soir venu, vous dormirez dans un h\u00f4tel situ\u00e9 \u00e0 500 m\u00e8tres des points d&rsquo;int\u00e9r\u00eat de Madaba. Cet \u00e9tablissement tenu par Yanal et sa famille , b\u00e9n\u00e9ficie d&rsquo;une grande terrasse et d&rsquo;un cadre agr\u00e9able.<\/p><\/div>\n\t\t\t\t\t\t\t\t\t\t\t\t\t<\/div>\n\n\n\t\t\t\t\t\t\t\t\t\t\t<\/div>\n\t\t\t\t\t\t\t\t\t\t<\/div>\n\t\t\t\t\t\t\t\t\t\t<div class=\"tb-column tb-column--image\">\n\n\t\t\t\t\t\t\t\t\t\t\t<div class=\"tb-image-part\">\n\t\t\t\t\t\t\t\t\t\t\t\t\t\t\t\t<div class=\"inner-block-full-width has-tb-carousel tb-carousel-slider\" >\n\t\t\t<div class=\"tb-carousel-container\">\n\t\t\t\t<div class=\"entries tb-cards\" data-slider-first=\"0\">\n\t\t\t\t\t\t\t\t\t<div class=\"entry\">\n\t\t\t\t<div class=\"tb-image-part\">\n\t\t\t\t\t<figure>\n\t\t\t\t\t\t<img src='https:\/\/jn.travelblox.eu\/wp-content\/uploads\/sites\/44\/2026\/01\/JordanNomadsXWhereSheGoes-11Madaba13-681x1024.jpg' width='681' height='1024' alt='Madaba Street' loading='lazy' image_size='large'>\t\t\t\t\t\t\t\t\t\t\t<\/figure>\n\t\t\t\t<\/div>\n\t\t\t<\/div>\n\t\t\t\t\t<div class=\"entry\">\n\t\t\t\t<div class=\"tb-image-part\">\n\t\t\t\t\t<figure>\n\t\t\t\t\t\t<img src='https:\/\/jn.travelblox.eu\/wp-content\/uploads\/sites\/44\/2026\/01\/JordanNomadsXWhereSheGoes-11Madaba20-681x1024.jpg' width='681' height='1024' alt='museum Madaba' loading='lazy' image_size='large'>\t\t\t\t\t\t\t\t\t\t\t<\/figure>\n\t\t\t\t<\/div>\n\t\t\t<\/div>\n\t\t\t\t\t<div class=\"entry\">\n\t\t\t\t<div class=\"tb-image-part\">\n\t\t\t\t\t<figure>\n\t\t\t\t\t\t<img src='https:\/\/jn.travelblox.eu\/wp-content\/uploads\/sites\/44\/2025\/01\/JN23_RoyMosterd_LR_4227292.jpeg' width='954' height='716' alt='Mosa\u00efcs in Madaba' loading='lazy' image_size='large'>\t\t\t\t\t\t\t\t\t\t\t<\/figure>\n\t\t\t\t<\/div>\n\t\t\t<\/div>\n\t\t\t\t\t<div class=\"entry\">\n\t\t\t\t<div class=\"tb-image-part\">\n\t\t\t\t\t<figure>\n\t\t\t\t\t\t<img src='https:\/\/jn.travelblox.eu\/wp-content\/uploads\/sites\/44\/2026\/01\/461443489.jpg' width='577' height='768' alt='Madaba black iris room' loading='lazy' image_size='large'>\t\t\t\t\t\t\t\t\t\t\t<\/figure>\n\t\t\t\t<\/div>\n\t\t\t<\/div>\n\t\t\t\t\t\t\t\t<\/div>\n\t\t\t\t\t\t<div class=\"tb-carousel-nav\">\n\t\t\t<div class=\"dots\">\n\t\t\t\t<div class=\"dot active\"><\/div>\n\t\t\t\t<div class=\"dot\"><\/div>\n\t\t\t\t<div class=\"dot\"><\/div>\n\t\t\t<\/div>\n\t\t\t<div class=\"arrows\">\n\t\t\t\t<div class=\"prev disabled\">\n\t\t\t\t\t<span><i class=\"fa fa-chevron-left\"><\/i><\/span>\n\t\t\t\t<\/div>\n\t\t\t\t<div class=\"next\">\n\t\t\t\t\t<span><i class=\"fa fa-chevron-right\"><\/i><\/span>\n\t\t\t\t<\/div>\n\t\t\t<\/div>\n\t\t<\/div>\n\t\t\t\t<\/div>\n\t\t<\/div>\n\t\t\t\t\t\t\t\t\t\t\t\t\t<\/div>\n\t\t\t\t\t\t\t\t\t\t<\/div>\n\t\t\t\t\t\t\t\t\t<\/div>\n\t\t\t\t\t\t\t\t\t\t\t<div class=\"tb-popup-nav\">\n\t\t\t<a href=\"#\" class=\"tb-buttonlink-with-icon tb-buttonlink-with-arrow icon-first tb-popup-previous\">\n\t\t\t\t<i class=\"icon fa fa-chevron-left\"><\/i>\n\t\t\t\t<span>Jour pr\u00e9c\u00e9dent<\/span>\n\t\t\t<\/a>\n\t\t\t<a href=\"#\" class=\"tb-buttonlink-with-icon tb-buttonlink-with-arrow tb-popup-next\">\n\t\t\t\t<span>Jour suivant<\/span>\n\t\t\t\t<i class=\"icon fa fa-chevron-right\"><\/i>\n\t\t\t<\/a>\n\t\t<\/div>\n\t\n\t\t\t\t\t\t\t\t<\/div>\n\t\t\t\t\t\t\t<\/dialog>\n\t\t\t\t\t\t<\/div>\n\t\t\t\t\t\t\t\t\t\t\t<div class=\"tb-card entry tb-popup-trigger tb-unfold-on-hover\">\n\t\t\t\t\t\t\t<div class=\"tb-image-part\">\n\t\t\t\t\t\t\t\t<div class=\"tag\">\n\t\t\t\t\t\t\t\t\t<div>Jour 8<\/div>\n\t\t\t\t\t\t\t\t<\/div>\n\n\t\t\t\t\t\t\t\t<img src='https:\/\/jn.travelblox.eu\/wp-content\/uploads\/sites\/44\/2025\/01\/JN23_RoyMosterd_LR_4227416-768x1024.jpeg' width='768' height='1024' alt='Car on dirt road' loading='lazy' image_size='medium_large'>\t\t\t\t\t\t\t<\/div>\n\t\t\t\t\t\t\t<div class=\"tb-card-bottom-wrapper\">\n\t\t\t\t\t\t\t\t<div class=\"tb-card-bottom\">\n\n\t\t\t\t\t\t\t\t\t<span class=\"tb-card-bottom__title\">\n\t\t\t\t\t\t\t\t\t\t<span class=\"tb-card-bottom__place\">\n\t\t\t\t\t\t\t\t\t\t\tMadaba\t\t\t\t\t\t\t\t\t\t\t\t\t\t\t\t\t\t\t\t\t\t\t&#8211; A\u00e9roport\t\t\t\t\t\t\t\t\t\t\t\t\t\t\t\t\t\t\t\t\t<\/span>\n\n\t\t\t\t\t\t\t\t\t<\/span>\n\t\t\t\t\t\t\t\t\t<div class=\"tb-card-bottom__content\">\n\t\t\t\t\t\t\t\t\t\t<div>\n\t\t\t\t\t\t\t\t\t\t\t\t\t\t\t\t\t\t\t\t\t\t\t<i class=\"icon fa-regular fa-car\"><\/i> 30 min &#8211; 20 km\t\t\t\t\t\t\t\t\t\t\t\t\t\t\t\t\t\t\t\t\t<\/div>\n\t\t\t\t\t\t\t\t\t<\/div>\n\t\t\t\t\t\t\t\t\t<div class=\"tb-card-bottom__teaser tb-unfold-on-hover__content\" data-no-translation>\n\t\t\t\t\t\t\t\t\t\t\t\t\t\t\t\t\t\t\t\t\t\t\t\t\t\t\t\t\t\tApr\u00e8s une bonne nuit de sommeil, il sera temps de prendre la route direction l\u2019a\u00e9roport. Votre avion&#8230; <span class=\"link\">Lire la suite<\/span>\t\t\t\t\t\t\t\t\t<\/div>\n\t\t\t\t\t\t\t\t<\/div>\n\n\t\t\t\t\t\t\t<\/div>\n\t\t\t\t\t\t\t<dialog class=\"tb-popup tb-popup-with-padding tb-dayschedule-popup-wrapper\">\n\t\t\t\t\t\t\t\t<div class=\"tb-dayschedule-popup\">\n\t\t\t\t\t\t\t\t\t<h5>\n\t\t\t\t\t\t\t\t\t\t\t\t\t\t\t\t\t\t\t\t\t\t\t\t\t\t\t\t\t\t\t<div>\n\t\t\t\t\t\t\t\t\t\t\t\t\t\t\t\t\t\t\t\t\t\t\t\t\tMadaba\t\t\t\t\t\t\t\t\t\t\t\t\t\t\t\t\t\t\t\t\t\t\t\t\t\t\t\t\t\t\t\t\t\t\t\t\t\t\t\t\t\t\t\t\t\t\t\t\t\t\t<i class=\"icon fa-solid fa-arrow-right\"><\/i> A\u00e9roport\t\t\t\t\t\t\t\t\t\t\t\t\t\t\t\t\t\t\t\t\t\t\t\t\t\t\t\t\t\t\t\t\t\t\t\t<\/div>\n\t\t\t\t\t\t\t\t\t\t\t\t\t\t\t\t\t\t\t<\/h5>\n\t\t\t\t\t\t\t\t\t<div class=\"tb-columns\">\n\t\t\t\t\t\t\t\t\t\t<div class=\"tb-column tb-column--text\">\n\t\t\t\t\t\t\t\t\t\t\t<div class=\"text-part\">\n\t\t\t\t\t\t\t\t\t\t\t\t\t\t\t\t\t\t\t\t\t\t\t\t\t<div class=\"tb-dayschedule-popup__icons\">\n\t\t\t\t\t\t\t\t\t\t\t\t\t\t\t\t\t\t\t\t\t\t\t\t\t\t\t\t\t\t\t\t\t\t\t\t\t\t\t\t\t\t\t<div class=\"tb-dayschedule-popup__icon\">\n\t\t\t\t\t\t\t\t\t\t\t\t\t\t\t\t<i class=\"icon fa-regular fa-car\"><\/i>\n\t\t\t\t\t\t\t\t\t\t\t\t\t\t\t\t<span>\n\t\t\t\t\t\t\t\t\t\t\t\t\t\t\t\t\t30 min &#8211; 20 km\t\t\t\t\t\t\t\t\t\t\t\t\t\t\t\t<\/span>\n\t\t\t\t\t\t\t\t\t\t\t\t\t\t\t<\/div>\n\t\t\t\t\t\t\t\t\t\t\t\t\t\t\t\t\t\t\t\t\t\t\t\t\t\t\t<\/div>\n\t\t\t\t\t\t\t\t\t\t\t\t\n\t\t\t\t\t\t\t\t\t\t\t\t\n\t\t\t\t\t\t\t\t\t\t\t\t<div>\n\t\t\t\t\t\t\t\t\t\t\t\t\t<strong>Jour 8<\/strong>\n\t\t\t\t\t\t\t\t\t\t\t\t\t\t\t<div class=\"translation-block\"><p>Apr\u00e8s une bonne nuit de sommeil, il sera temps de prendre la route direction l\u2019a\u00e9roport. Votre avion d\u00e9collera dans la matin\u00e9e, nous vous inviterons donc \u00e0 y rendre le v\u00e9hicule avant de vous diriger vers votre terminal, la t\u00eate remplie de souvenirs.<\/p><\/div>\n\t\t\t\t\t\t\t\t\t\t\t\t\t<\/div>\n\n\n\t\t\t\t\t\t\t\t\t\t\t<\/div>\n\t\t\t\t\t\t\t\t\t\t<\/div>\n\t\t\t\t\t\t\t\t\t\t<div class=\"tb-column tb-column--image\">\n\n\t\t\t\t\t\t\t\t\t\t\t<div class=\"tb-image-part\">\n\t\t\t\t\t\t\t\t\t\t\t\t<img src='https:\/\/jn.travelblox.eu\/wp-content\/uploads\/sites\/44\/2025\/01\/JN23_RoyMosterd_LR_4227416-768x1024.jpeg' width='768' height='1024' alt='Car on dirt road' loading='lazy' image_size='large'>\t\t\t\t\t\t\t\t\t\t\t<\/div>\n\t\t\t\t\t\t\t\t\t\t<\/div>\n\t\t\t\t\t\t\t\t\t<\/div>\n\t\t\t\t\t\t\t\t\t\t\t<div class=\"tb-popup-nav\">\n\t\t\t<a href=\"#\" class=\"tb-buttonlink-with-icon tb-buttonlink-with-arrow icon-first tb-popup-previous\">\n\t\t\t\t<i class=\"icon fa fa-chevron-left\"><\/i>\n\t\t\t\t<span>Jour pr\u00e9c\u00e9dent<\/span>\n\t\t\t<\/a>\n\t\t\t<a href=\"#\" class=\"tb-buttonlink-with-icon tb-buttonlink-with-arrow tb-popup-next\">\n\t\t\t\t<span>Jour suivant<\/span>\n\t\t\t\t<i class=\"icon fa fa-chevron-right\"><\/i>\n\t\t\t<\/a>\n\t\t<\/div>\n\t\n\t\t\t\t\t\t\t\t<\/div>\n\t\t\t\t\t\t\t<\/dialog>\n\t\t\t\t\t\t<\/div>\n\t\t\t\t\t\t\t\t\t\t\t\t\t\t<\/div>\n\t\t\t\t\t\t<div class=\"tb-carousel-nav\">\n\t\t\t<div class=\"dots\">\n\t\t\t\t<div class=\"dot active\"><\/div>\n\t\t\t\t<div class=\"dot\"><\/div>\n\t\t\t\t<div class=\"dot\"><\/div>\n\t\t\t<\/div>\n\t\t\t<div class=\"arrows\">\n\t\t\t\t<div class=\"prev disabled\">\n\t\t\t\t\t<span><i class=\"fa fa-chevron-left\"><\/i><\/span>\n\t\t\t\t<\/div>\n\t\t\t\t<div class=\"next\">\n\t\t\t\t\t<span><i class=\"fa fa-chevron-right\"><\/i><\/span>\n\t\t\t\t<\/div>\n\t\t\t<\/div>\n\t\t<\/div>\n\t\t\t\t<\/div>\n\t\t<\/div>\n\t\t\t\t\t\t\t\t\t\t<\/div>\n\t\n<\/div>\n\n\n<div class=\" tb-colcompare tb-block align-center background-light pattern-none variant-cards tb-collapsible-margins\" id=\"car\">\n\t<div class=\"inner-block tb-fade-in tb-fade-in--subtle\">\n\t\t<div class=\"text-part\">\n\t\t\t<h2>Mon v\u00e9hicule et mes logements en Jordanie<\/h2>\n\t\t\t\t\t<div class=\"translation-block\"><\/div>\n\t\t\t<\/div>\n\t<\/div>\n\t\t\t\t\t<div class=\"inner-block-full-width has-tb-carousel tb-justified\" >\n\t\t\t<div class=\"tb-carousel-container\">\n\t\t\t\t<div class=\"entries tb-cards\" data-slider-first=\"1\">\n\t\t\t\t\t\t\t\t\t<div class=\"tb-card entry tb-fade-in tb-fade-in--subtle\">\n\t\t\t\t<div class=\"tb-image-part\">\n\t\t\t\t\t\t\t\t\t<div class=\"inner-block-full-width has-tb-carousel tb-carousel-slider\" >\n\t\t\t<div class=\"tb-carousel-container\">\n\t\t\t\t<div class=\"entries tb-cards\" data-slider-first=\"0\">\n\t\t\t\t\t\t\t\t\t<div class=\"entry\">\n\t\t\t\t<div class=\"tb-image-part\">\n\t\t\t\t\t<figure>\n\t\t\t\t\t\t<img src='https:\/\/jn.travelblox.eu\/wp-content\/uploads\/sites\/44\/2025\/01\/0H4A0931-768x960.jpeg' width='768' height='960' alt='Roadbook' loading='lazy' image_size='medium_large'>\t\t\t\t\t\t\t\t\t\t\t<\/figure>\n\t\t\t\t<\/div>\n\t\t\t<\/div>\n\t\t\t\t\t<div class=\"entry\">\n\t\t\t\t<div class=\"tb-image-part\">\n\t\t\t\t\t<figure>\n\t\t\t\t\t\t<img src='https:\/\/jn.travelblox.eu\/wp-content\/uploads\/sites\/44\/2025\/12\/6715e012-3fb1-4f11-b255-bcba904277c4-768x640.jpg' width='768' height='640' alt='Car in front of canyon' loading='lazy' image_size='medium_large'>\t\t\t\t\t\t\t\t\t\t\t<\/figure>\n\t\t\t\t<\/div>\n\t\t\t<\/div>\n\t\t\t\t\t<div class=\"entry\">\n\t\t\t\t<div class=\"tb-image-part\">\n\t\t\t\t\t<figure>\n\t\t\t\t\t\t<img src='https:\/\/jn.travelblox.eu\/wp-content\/uploads\/sites\/44\/2025\/12\/c180007f-e3a6-418e-8837-d171f9e98b93-768x655.jpg' width='768' height='655' alt='Inside of the car' loading='lazy' image_size='medium_large'>\t\t\t\t\t\t\t\t\t\t\t<\/figure>\n\t\t\t\t<\/div>\n\t\t\t<\/div>\n\t\t\t\t\t\t\t\t<\/div>\n\t\t\t\t\t\t<div class=\"tb-carousel-nav\">\n\t\t\t<div class=\"dots\">\n\t\t\t\t<div class=\"dot active\"><\/div>\n\t\t\t\t<div class=\"dot\"><\/div>\n\t\t\t\t<div class=\"dot\"><\/div>\n\t\t\t<\/div>\n\t\t\t<div class=\"arrows\">\n\t\t\t\t<div class=\"prev disabled\">\n\t\t\t\t\t<span><i class=\"fa fa-chevron-left\"><\/i><\/span>\n\t\t\t\t<\/div>\n\t\t\t\t<div class=\"next\">\n\t\t\t\t\t<span><i class=\"fa fa-chevron-right\"><\/i><\/span>\n\t\t\t\t<\/div>\n\t\t\t<\/div>\n\t\t<\/div>\n\t\t\t\t<\/div>\n\t\t<\/div>\n\t\t\t\t\t\t<\/div>\n\t\t\t\t<div class=\"tb-card-content text-part\">\n\t\t\t\t\t<h5>\t\t\t\t<i class=\"icon fa-solid fa-car \" aria-hidden=\"true\"><\/i>\n\t\t\t Votre v\u00e9hicule<\/h5>\n\t\t\t\t\t\t\t<div class=\"translation-block\"><p><i class=\"icon fa-solid fa-car-side\" aria-hidden=\"true\">&nbsp;<\/i> Vous traverserez la Jordanie \u00e0 bord d&rsquo;un<strong>&nbsp;SUV Chevrolet Captiva<\/strong> , sp\u00e9cialement \u00e9quip\u00e9s pour s\u2019adapter \u00e0 tous les types de routes, qu\u2019il s\u2019agisse de routes asphalt\u00e9es, de pistes ou de sentiers d\u00e9sertiques. Chaque v\u00e9hicule est dot\u00e9 d\u2019une <strong>bo\u00eete automatique<\/strong> et de ports USB pour charger vos appareils<\/p>\n<p><i class=\"icon fa-solid fa-map\" aria-hidden=\"true\">&nbsp;<\/i> Vous sera \u00e9galement remis un <strong>carnet de route<\/strong> d\u00e9taill\u00e9 qui vous guidera \u00e0 chaque \u00e9tape de votre aventure. Vous aurez \u00e9galement acc\u00e8s \u00e0 l&rsquo;<strong>application<\/strong> avec l\u2019itin\u00e9raire complet<\/p>\n<p><i class=\"icon fa-solid fa-user\" aria-hidden=\"true\">&nbsp;<\/i> Pour plus de d\u00e9tails sur l\u2019\u00e9quipement ou les options d\u2019<strong>assurance<\/strong>, consultez notre section <a href=\"#info\">informations pratiques<\/a>. Pr\u00e9parez-vous \u00e0 une exp\u00e9rience inoubliable au volant !<\/p><\/div>\n\t\t\t\t\t\t<div class=\"tb-buttons-part\">\n\t\t\t\t\t\t\t\t\t\t\t<\/div>\n\t\t\t\t<\/div>\n\t\t\t<\/div>\n\t\t\t\t\t<div class=\"tb-card entry tb-fade-in tb-fade-in--subtle\">\n\t\t\t\t<div class=\"tb-image-part\">\n\t\t\t\t\t\t\t\t\t<div class=\"inner-block-full-width has-tb-carousel tb-carousel-slider\" >\n\t\t\t<div class=\"tb-carousel-container\">\n\t\t\t\t<div class=\"entries tb-cards\" data-slider-first=\"0\">\n\t\t\t\t\t\t\t\t\t<div class=\"entry\">\n\t\t\t\t<div class=\"tb-image-part\">\n\t\t\t\t\t<figure>\n\t\t\t\t\t\t<img src='https:\/\/jn.travelblox.eu\/wp-content\/uploads\/sites\/44\/2025\/01\/JN23_RoyMosterd_LR_-2-768x576.jpeg' width='768' height='576' alt='Bedroom in the desert' loading='lazy' image_size='medium_large'>\t\t\t\t\t\t\t\t\t\t\t<\/figure>\n\t\t\t\t<\/div>\n\t\t\t<\/div>\n\t\t\t\t\t<div class=\"entry\">\n\t\t\t\t<div class=\"tb-image-part\">\n\t\t\t\t\t<figure>\n\t\t\t\t\t\t<img src='https:\/\/jn.travelblox.eu\/wp-content\/uploads\/sites\/44\/2025\/11\/IMG_4237-768x576.jpg' width='768' height='576' loading='lazy' image_size='medium_large'>\t\t\t\t\t\t\t\t\t\t\t<\/figure>\n\t\t\t\t<\/div>\n\t\t\t<\/div>\n\t\t\t\t\t<div class=\"entry\">\n\t\t\t\t<div class=\"tb-image-part\">\n\t\t\t\t\t<figure>\n\t\t\t\t\t\t<img src='https:\/\/jn.travelblox.eu\/wp-content\/uploads\/sites\/44\/2025\/11\/IMG_4223-768x576.jpg' width='768' height='576' loading='lazy' image_size='medium_large'>\t\t\t\t\t\t\t\t\t\t\t<\/figure>\n\t\t\t\t<\/div>\n\t\t\t<\/div>\n\t\t\t\t\t<div class=\"entry\">\n\t\t\t\t<div class=\"tb-image-part\">\n\t\t\t\t\t<figure>\n\t\t\t\t\t\t<img src='https:\/\/jn.travelblox.eu\/wp-content\/uploads\/sites\/44\/2025\/01\/c6a04ad6-a5af-48d2-9e2f-340714994562-1.jpg' width='576' height='563' alt='Bedroom in Dana' loading='lazy' image_size='medium_large'>\t\t\t\t\t\t\t\t\t\t\t<\/figure>\n\t\t\t\t<\/div>\n\t\t\t<\/div>\n\t\t\t\t\t<div class=\"entry\">\n\t\t\t\t<div class=\"tb-image-part\">\n\t\t\t\t\t<figure>\n\t\t\t\t\t\t<img src='https:\/\/jn.travelblox.eu\/wp-content\/uploads\/sites\/44\/2025\/11\/IMG_3656-768x576.jpg' width='768' height='576' loading='lazy' image_size='medium_large'>\t\t\t\t\t\t\t\t\t\t\t<\/figure>\n\t\t\t\t<\/div>\n\t\t\t<\/div>\n\t\t\t\t\t<div class=\"entry\">\n\t\t\t\t<div class=\"tb-image-part\">\n\t\t\t\t\t<figure>\n\t\t\t\t\t\t<img src='https:\/\/jn.travelblox.eu\/wp-content\/uploads\/sites\/44\/2025\/12\/9f8e852f-2fa4-4fff-b32e-9a979762de28-768x960.jpg' width='768' height='960' alt='Hotel in Wadi Musa' loading='lazy' image_size='medium_large'>\t\t\t\t\t\t\t\t\t\t\t<\/figure>\n\t\t\t\t<\/div>\n\t\t\t<\/div>\n\t\t\t\t\t\t\t\t<\/div>\n\t\t\t\t\t\t<div class=\"tb-carousel-nav\">\n\t\t\t<div class=\"dots\">\n\t\t\t\t<div class=\"dot active\"><\/div>\n\t\t\t\t<div class=\"dot\"><\/div>\n\t\t\t\t<div class=\"dot\"><\/div>\n\t\t\t<\/div>\n\t\t\t<div class=\"arrows\">\n\t\t\t\t<div class=\"prev disabled\">\n\t\t\t\t\t<span><i class=\"fa fa-chevron-left\"><\/i><\/span>\n\t\t\t\t<\/div>\n\t\t\t\t<div class=\"next\">\n\t\t\t\t\t<span><i class=\"fa fa-chevron-right\"><\/i><\/span>\n\t\t\t\t<\/div>\n\t\t\t<\/div>\n\t\t<\/div>\n\t\t\t\t<\/div>\n\t\t<\/div>\n\t\t\t\t\t\t<\/div>\n\t\t\t\t<div class=\"tb-card-content text-part\">\n\t\t\t\t\t<h5>\t\t\t\t<i class=\"icon fa-solid fa-bed \" aria-hidden=\"true\"><\/i>\n\t\t\t Vos logements<\/h5>\n\t\t\t\t\t\t\t<div class=\"translation-block\"><p><i class=\"icon fa-regular fa-calendar\" aria-hidden=\"true\">&nbsp;<\/i> Pendant votre road trip en Jordanie, vous aurez l\u2019occasion de s\u00e9journer <strong>7 nuits<\/strong> dans des h\u00f4tels et lodges soigneusement s\u00e9lectionn\u00e9s, offrant confort et charme, souvent situ\u00e9s dans des lieux uniques avec des vues imprenables.&nbsp;(incl. 1 nuit dans le d\u00e9sert du Wadi Rum)<\/p>\n<p><i class=\"icon fa-regular fa-bread-slice\" aria-hidden=\"true\">&nbsp;<\/i> Chaque matin, vous savourerez un <strong>petit-d\u00e9jeuner local<\/strong>, compris dans l\u2019offre de base, avant de reprendre la route pour une nouvelle journ\u00e9e d\u2019exploration.<\/p>\n<p><i class=\"icon fa-solid fa-home\" aria-hidden=\"true\">&nbsp;<\/i> Nous avons pens\u00e9 \u00e0 tout : les h\u00e9bergements sont r\u00e9serv\u00e9s et compos\u00e9s de <strong>chambres priv\u00e9es<\/strong> avec salle de bain, pour que vous puissiez profiter de votre voyage sans le moindre souci logistique. Le point d\u2019orgue de votre aventure sera sans aucun doute votre s\u00e9jour au c\u0153ur du d\u00e9sert, une exp\u00e9rience peu commune.<\/p><\/div>\n\t\t\t\t\t\t<div class=\"tb-buttons-part\">\n\t\t\t\t\t\t\t\t\t\t\t<\/div>\n\t\t\t\t<\/div>\n\t\t\t<\/div>\n\t\t\t\t\t\t\t\t<\/div>\n\t\t\t\t\t\t<div class=\"tb-carousel-nav\">\n\t\t\t<div class=\"dots\">\n\t\t\t\t<div class=\"dot active\"><\/div>\n\t\t\t\t<div class=\"dot\"><\/div>\n\t\t\t\t<div class=\"dot\"><\/div>\n\t\t\t<\/div>\n\t\t\t<div class=\"arrows\">\n\t\t\t\t<div class=\"prev disabled\">\n\t\t\t\t\t<span><i class=\"fa fa-chevron-left\"><\/i><\/span>\n\t\t\t\t<\/div>\n\t\t\t\t<div class=\"next\">\n\t\t\t\t\t<span><i class=\"fa fa-chevron-right\"><\/i><\/span>\n\t\t\t\t<\/div>\n\t\t\t<\/div>\n\t\t<\/div>\n\t\t\t\t<\/div>\n\t\t<\/div>\n\t\t\t\t\t<div class=\"inner-block\">\n\t\t\t<div class=\"text-part\">\n\t\t\t\t\t\t<div class=\"translation-block\"><\/div>\n\t\t\t\t\t<div class=\"tb-buttons-part\">\n\t\t\t\t\t\t\t<a href=\"#join\"  target=\"\" class=\"tb-button\">\n\t\t\tR\u00e9servez votre voyage\t\t<\/a>\n\t\t\t\t\t\t<\/div>\n\t\t\t<\/div>\n\t\t<\/div>\n\t<\/div>\n\n\n<div class=\" tb-practical tb-block align-none background-light pattern-none variant-none tb-collapsible-margins\" id=\"info\">\n\t<div class=\"inner-block tb-fade-in\">\n\t\t<div class=\"text-part\">\n\t\t\t<h2>Informations pratiques<\/h2>\n\t\t\t\t\t<div class=\"translation-block\"><\/div>\n\t\t\t<\/div>\n\t<\/div>\n\t<div class=\"inner-block tb-fade-in\">\n\t\t\t\t\t<div class=\"practical-cols\">\n\t\t\t\t<div class=\"practical-nav-container\">\n\t\t\t\t\t<ul class=\"practical-nav tb-style-block\">\n\t\t\t\t\t\t\t\t\t\t\t\t\t<li><a href=\"#info-block-0\">Disponibilit\u00e9s<\/a><\/li>\n\t\t\t\t\t\t\t\t\t\t\t\t\t<li><a href=\"#info-block-1\">Qu&rsquo;est ce qui est inclus ? <\/a><\/li>\n\t\t\t\t\t\t\t\t\t\t\t\t\t<li><a href=\"#info-block-2\">Options suppl\u00e9mentaires<\/a><\/li>\n\t\t\t\t\t\t\t\t\t\t\t\t\t<li><a href=\"#info-block-3\">Boire et manger<\/a><\/li>\n\t\t\t\t\t\t\t\t\t\t\t\t\t<li><a href=\"#info-block-4\">FAQ<\/a><\/li>\n\t\t\t\t\t\t\t\t\t\t\t<\/ul>\n\t\t\t\t<\/div>\n\t\t\t\t<div class=\"tb-accordion tb-accordion--animation tb-accordion-mobile-only text-part\">\n\t\t\t\t\t\t\t\t\t\t\t<div class=\"details\" id=\"info-block-0\">\n\t\t\t\t\t\t\t<div class=\"summary\">\n\t\t\t\t\t\t\t\t\t\t\t\t<i class=\"icon fa-solid fa-calendar tb-style-block\" aria-hidden=\"true\"><\/i>\n\t\t\t Disponibilit\u00e9s\t\t\t\t\t\t\t<\/div>\n\t\t\t\t\t\t\t<div class=\"content\">\n\t\t\t\t\t\t\t\t\t\t<div class=\"translation-block\"><p>Ce roadtrip se d\u00e9roule au printemps et \u00e0 l\u2019automne. Vous pouvez d\u00e9couvrir toutes les disponibilit\u00e9s et r\u00e9server un road trip via le <a href=\"#join\">calendrier<\/a> au bas du site web.<\/p>\n<p><strong>Printemps 2026<\/strong><\/p>\n<p>Besoin urgent de soleil ou envie de derni\u00e8re minute de visiter ce pays fascinant ? Il reste quelques d\u00e9parts disponibles pour le printemps 2026. <a href=\"#join\">R\u00e9servez votre voyage<\/a> d\u00e8s maintenant ou <a href=\"https:\/\/booking.travelbase.eu\/jn26s\/offer\">demandez une offre de prix<\/a>.<\/p>\n<p><strong>Automne 2026<\/strong><\/p>\n<p>L\u2019\u00e9dition automne 2026 aura lieu entre le <strong>16&nbsp;septembre<\/strong> et <strong>le 22 novembre<\/strong>. <a href=\"https:\/\/jordannomads.org\/fr\/#join\">R\u00e9servez votre voyage<\/a>&nbsp;d\u00e8s maintenant ou&nbsp;<a href=\"https:\/\/booking.travelbase.eu\/jn26a\/offer\">demandez une offre de prix<\/a>.<\/p><\/div>\n\t\t\t\t\t\t\t\t<\/div>\n\t\t\t\t\t\t<\/div>\n\t\t\t\t\t\t\t\t\t\t\t<div class=\"details\" id=\"info-block-1\">\n\t\t\t\t\t\t\t<div class=\"summary\">\n\t\t\t\t\t\t\t\t\t\t\t\t<i class=\"icon fa-solid fa-tag tb-style-block\" aria-hidden=\"true\"><\/i>\n\t\t\t Qu&rsquo;est ce qui est inclus ? \t\t\t\t\t\t\t<\/div>\n\t\t\t\t\t\t\t<div class=\"content\">\n\t\t\t\t\t\t\t\t\t\t<div class=\"translation-block\"><p>Le prix de base de ce voyage est \u00e0 partir de 690 \u20ac (hors vols) par personne. Sur base de 2 personnes par voiture.<\/p>\n<p>Ce prix comprend :<\/p>\n<ul>\n<li>Un 4\u00d74 confortable \u00e9quip\u00e9<\/li>\n<li>7 nuits dans des logements uniques (petit-d\u00e9jeuner compris) dont une nuit dans le d\u00e9sert (repas du soir et petit d\u00e9jeuner compris)<\/li>\n<li>Un carnet de route d\u00e9taill\u00e9 avec l\u2019itin\u00e9raire complet, des explications sur chaque journ\u00e9e et des conseils et astuces utiles<\/li>\n<li>Acc\u00e8s \u00e0 une application exclusive contenant toutes sortes d&rsquo;informations et une carte interactive.<\/li>\n<li>Assistance avant et pendant votre voyage<\/li>\n<\/ul><\/div>\n\t\t\t\t\t\t\t\t<\/div>\n\t\t\t\t\t\t<\/div>\n\t\t\t\t\t\t\t\t\t\t\t<div class=\"details\" id=\"info-block-2\">\n\t\t\t\t\t\t\t<div class=\"summary\">\n\t\t\t\t\t\t\t\t\t\t\t\t<i class=\"icon fa-solid fa-circle-plus tb-style-block\" aria-hidden=\"true\"><\/i>\n\t\t\t Options suppl\u00e9mentaires\t\t\t\t\t\t\t<\/div>\n\t\t\t\t\t\t\t<div class=\"content\">\n\t\t\t\t\t\t\t\t\t\t<div class=\"translation-block\"><p>Vous pouvez ajouter les options suivantes \u00e0 votre voyage :<\/p>\n<ul>\n<li><a href=\"#transport\">Vol aller\/retour<\/a><\/li>\n<li>Bagages en soute (23kg) : 55\u20ac par pi\u00e8ce<\/li>\n<li><a href=\"https:\/\/admin.travelbase.eu\/u\/source\/Nomads_Trips\/General\/DAMAGE_WAIVER\/Damage_Waiver_FR.pdf\" target=\"_blank\" rel=\"noopener\">Couverture d\u00e9g\u00e2ts<\/a> : 259\u20ac par voiture<\/li>\n<li><a href=\"https:\/\/jordannomads.org\/fr\/travelinsurance\/\" target=\"_blank\" rel=\"noopener\">Assurance voyage<\/a> : 49\u20ac p.p<\/li>\n<li><a href=\"https:\/\/static.travelbase.eu\/u\/source\/Nomads_Trips\/NOMADS_CANCELLATION_INSURANCE_FR.pdf?_gl=1*1y65yie*_ga*MTM3ODg3MDg1Ny4xNjk4MDY3NDg1*_ga_MNM1Z0RZ2L*MTcwNjY5MzIyNS40NC4xLjE3MDY2OTM2NDEuMC4wLjA.*_ga_W2W4SEC703*MTcwNjY5MzIyNS4yOS4xLjE3MDY2OTM2NDEuNjAuMC4w\" target=\"_blank\" rel=\"noopener\">Assurance annulation<\/a> : \u20ac89 p.p.<\/li>\n<li>R\u00e9duire l\u2019impact CO2 de votre voyage : 34\u20ac p.p.<\/li>\n<li><a href=\"#activities\">Les activit\u00e9s suppl\u00e9mentaires<\/a> telles que d\u00e9crites ci-dessous.<\/li>\n<li>Jordan Pass : 114 \u20ac. Le Jordan Pass donne acc\u00e8s \u00e0 Petra (1 jour), Wadi Rum et divers sites touristiques \u00e0 Amman et Madaba. Le Jordan Pass comprend \u00e9galement votre <strong>visa<\/strong> pour la Jordanie.<\/li>\n<\/ul><\/div>\n\t\t\t\t\t\t\t\t<\/div>\n\t\t\t\t\t\t<\/div>\n\t\t\t\t\t\t\t\t\t\t\t<div class=\"details\" id=\"info-block-3\">\n\t\t\t\t\t\t\t<div class=\"summary\">\n\t\t\t\t\t\t\t\t\t\t\t\t<i class=\"icon fa-solid fa-utensils tb-style-block\" aria-hidden=\"true\"><\/i>\n\t\t\t Boire et manger\t\t\t\t\t\t\t<\/div>\n\t\t\t\t\t\t\t<div class=\"content\">\n\t\t\t\t\t\t\t\t\t\t<div class=\"translation-block\"><p>Tous les <strong>petits-d\u00e9jeuners<\/strong> sont inclus dans le prix de base et sont servis dans les logements o\u00f9 vous s\u00e9journerez.<\/p>\n<p>Concernant les autres repas, il y a g\u00e9n\u00e9ralement des endroits o\u00f9 se restaurer aux alentours de vos logements ou sur votre route. Vous retrouverez dans votre <strong>carnet de route<\/strong> plusieurs de nos meilleures adresses que nous avons s\u00e9lectionn\u00e9es pour vous. Lorsqu\u2019aucun restaurant n\u2019est disponible \u00e0 proximit\u00e9, nous vous renseignons sur les <strong>supermarch\u00e9s<\/strong> \u00e0 proximit\u00e9 ou bien vous aurez la possibilit\u00e9 de manger dans votre <strong>logement<\/strong>.<\/p><\/div>\n\t\t\t\t\t\t\t\t<\/div>\n\t\t\t\t\t\t<\/div>\n\t\t\t\t\t\t\t\t\t\t\t<div class=\"details\" id=\"info-block-4\">\n\t\t\t\t\t\t\t<div class=\"summary\">\n\t\t\t\t\t\t\t\t\t\t\t\t<i class=\"icon fa-solid fa-question tb-style-block\" aria-hidden=\"true\"><\/i>\n\t\t\t FAQ\t\t\t\t\t\t\t<\/div>\n\t\t\t\t\t\t\t<div class=\"content\">\n\t\t\t\t\t\t\t\t\t\t<div class=\"translation-block\"><p>Vous souhaitez en savoir plus sur ce road trip ? Alors, jetez un \u0153il \u00e0 <a href=\"#faq\">la foire aux questions<\/a>.<\/p><\/div>\n\t\t\t\t\t\t\t\t<\/div>\n\t\t\t\t\t\t<\/div>\n\t\t\t\t\t\t\t\t\t<\/div>\n\t\t\t<\/div>\n\t\t\t<\/div>\n<\/div>\n\n\n\n<div class=\" tb-highlights tb-block align-center background-dark pattern-none variant-none tb-collapsible-margins\" id=\"activities\">\n\t<div class=\"inner-block tb-fade-in tb-fade-in--subtle\">\n\t\t<div class=\"text-part\">\n\t\t\t<h2>Des activit\u00e9s inoubliables en Jordanie<\/h2>\n\t\t\t\t\t<div class=\"translation-block\"><p>Envie d\u2019une exp\u00e9rience suppl\u00e9mentaire lors de votre road trip ? Compl\u00e9tez votre aventure par une ou plusieurs activit\u00e9s adapt\u00e9es \u00e0 votre itin\u00e9raire !<\/p><\/div>\n\t\t\t\t\t\t<\/div>\n\t<\/div>\n\t\t\t<div class=\"tb-sections tb-fade-in tb-fade-in--subtle\">\n\t\t\t\t\t\t\t\t\t\t\t\t\t\t<div class=\"inner-block-full-width has-tb-carousel tb-section\" id=\"activities-section-0\">\n\t\t\t<div class=\"tb-carousel-container\">\n\t\t\t\t<div class=\"entries tb-cards\" data-slider-first=\"1\">\n\t\t\t\t\t\t\t\t\t\t\t\t\t\t\t<div class=\"tb-card entry tb-popup-trigger desktop-only-popup\">\n\t\t\t\t\t\t\t<div class=\"tb-image-part desktop\">\n\t\t\t\t\t\t\t\t<img src='https:\/\/jn.travelblox.eu\/wp-content\/uploads\/sites\/44\/2023\/08\/16784433431103.jpg' width='510' height='340' loading='lazy'>\t\t\t\t\t\t\t\t\t\t\t\t\t\t\t\t\t<div class=\"tag tiny-body-font\"><p>Jour 3<\/p><\/div>\t\t\t\t\t\t\t\t\t\t\t\t\t\t\t\t\t<div class=\"price tiny-body-font desktop translation-block\"><p>35\u20ac<\/p><\/div>\t\t\t\t\t\t\t<\/div>\n\t\t\t\t\t\t\t<div class=\"tb-image-part mobile\">\n\t\t\t\t\t\t\t\t\t\t\t\t<div class=\"inner-block-full-width has-tb-carousel tb-carousel-slider\" >\n\t\t\t<div class=\"tb-carousel-container\">\n\t\t\t\t<div class=\"entries tb-cards\" data-slider-first=\"0\">\n\t\t\t\t\t\t\t\t\t<div class=\"entry\">\n\t\t\t\t<div class=\"tb-image-part\">\n\t\t\t\t\t<figure>\n\t\t\t\t\t\t<img src='https:\/\/jn.travelblox.eu\/wp-content\/uploads\/sites\/44\/2023\/08\/16784433431103.jpg' width='510' height='340' loading='lazy' image_size='medium_large'>\t\t\t\t\t\t\t\t\t\t\t<\/figure>\n\t\t\t\t<\/div>\n\t\t\t<\/div>\n\t\t\t\t\t<div class=\"entry\">\n\t\t\t\t<div class=\"tb-image-part\">\n\t\t\t\t\t<figure>\n\t\t\t\t\t\t<img src='https:\/\/jn.travelblox.eu\/wp-content\/uploads\/sites\/44\/2023\/08\/16784432919226.jpg' width='600' height='500' loading='lazy' image_size='medium_large'>\t\t\t\t\t\t\t\t\t\t\t<\/figure>\n\t\t\t\t<\/div>\n\t\t\t<\/div>\n\t\t\t\t\t\t\t\t<\/div>\n\t\t\t\t\t\t<div class=\"tb-carousel-nav\">\n\t\t\t<div class=\"dots\">\n\t\t\t\t<div class=\"dot active\"><\/div>\n\t\t\t\t<div class=\"dot\"><\/div>\n\t\t\t\t<div class=\"dot\"><\/div>\n\t\t\t<\/div>\n\t\t\t<div class=\"arrows\">\n\t\t\t\t<div class=\"prev disabled\">\n\t\t\t\t\t<span><i class=\"fa fa-chevron-left\"><\/i><\/span>\n\t\t\t\t<\/div>\n\t\t\t\t<div class=\"next\">\n\t\t\t\t\t<span><i class=\"fa fa-chevron-right\"><\/i><\/span>\n\t\t\t\t<\/div>\n\t\t\t<\/div>\n\t\t<\/div>\n\t\t\t\t<\/div>\n\t\t<\/div>\n\t\t\t\t\t\t\t\t\t\t\t\t\t\t\t\t\t\t\t<div class=\"tag tiny-body-font\"><p>Jour 3<\/p><\/div>\t\t\t\t\t\t\t<\/div>\n\t\t\t\t\t\t\t<div class=\"tb-card-content\">\n\t\t\t\t\t\t\t\t<h5>\n\t\t\t\t\t\t\t\t\t\t\t\t\t\t\t\t\t\t<span>Bain turc<\/span>\n\t\t\t\t\t\t\t\t<\/h5>\n\t\t\t\t\t\t\t\t\t\t\t\t\t\t\t\t\t<div class=\"price tiny-body-font mobile\"><p>35\u20ac<\/p><\/div>\t\t\t\t\t\t\t\t<div class=\"content readmore-content content--clamped\">\t\t<div class=\"translation-block\"><p>Offrez-vous une parenth\u00e8se d\u00e9tente avec une s\u00e9ance de <strong>bain turc<\/strong>, un rituel ancestral pens\u00e9 pour apaiser le corps et l\u2019esprit. Cette exp\u00e9rience bien-\u00eatre d\u2019environ 1h30 se d\u00e9roule dans un cadre authentique, g\u00e9r\u00e9 par des locaux. Selon la tradition, cette activit\u00e9 se fait en <strong>trois \u00e9tapes :<\/strong><\/p>\n<p>Vous commencerez par un passage dans un <strong>hammam<\/strong>, o\u00f9 la chaleur et la vapeur d\u00e9noueront vos tensions et purifieront votre peau pendant 15 \u00e0 20 minutes.<\/p>\n<p>Puis, un soin complet de la peau vous sera propos\u00e9, avec une <strong>exfoliation<\/strong> qui revitalise.<\/p>\n<p>Enfin, un <strong>massage<\/strong> de 10 \u00e0 15 minutes viendra apaiser vos muscles et parfaire ce moment de relaxation.<\/p>\n<p><b>Conditions de participation :<\/b><\/p>\n<ul>\n<li>Il est important de noter que la tradition locale implique parfois un niveau de pudeur diff\u00e9rent de ce que l\u2019on conna\u00eet ailleurs. Nous recommandons donc cette activit\u00e9 aux voyageurs ouverts et \u00e0 l\u2019aise avec ce type d\u2019exp\u00e9rience culturelle.<\/li>\n<\/ul>\n<p>&nbsp;<\/p><\/div>\n\t<\/div>\n\t\t\t\t\t\t\t\t\t\t\t\t\t\t\t\t<div class=\"readmore link js-readmore\">\n\t\t\t\t\t\t\t\t\t<span><i class=\"fa-solid fa-circle-plus\"><\/i><u>Lire la suite<\/u><\/span>\n\t\t\t\t\t\t\t\t\t<span><i class=\"fa-solid fa-circle-minus\"><\/i><u>Lire moins<\/u><\/span>\n\t\t\t\t\t\t\t\t<\/div>\n\t\t\t\t\t\t\t\t\t\t\t\t\t\t\t\t<dialog class=\"tb-popup\">\n\t\t\t\t\t\t\t\t\t<div class=\"tb-highlights-popup\">\n\t\t\t\t\t\t\t\t\t\t<div class=\"tb-image-part\">\n\t\t\t\t\t\t\t\t\t\t\t\t\t\t\t<div class=\"inner-block-full-width has-tb-carousel tb-carousel-slider\" >\n\t\t\t<div class=\"tb-carousel-container\">\n\t\t\t\t<div class=\"entries tb-cards\" data-slider-first=\"0\">\n\t\t\t\t\t\t\t\t\t<div class=\"entry\">\n\t\t\t\t<div class=\"tb-image-part\">\n\t\t\t\t\t<figure>\n\t\t\t\t\t\t<img src='https:\/\/jn.travelblox.eu\/wp-content\/uploads\/sites\/44\/2023\/08\/16784433431103.jpg' width='510' height='340' loading='lazy' image_size='medium_large'>\t\t\t\t\t\t\t\t\t\t\t<\/figure>\n\t\t\t\t<\/div>\n\t\t\t<\/div>\n\t\t\t\t\t<div class=\"entry\">\n\t\t\t\t<div class=\"tb-image-part\">\n\t\t\t\t\t<figure>\n\t\t\t\t\t\t<img src='https:\/\/jn.travelblox.eu\/wp-content\/uploads\/sites\/44\/2023\/08\/16784432919226.jpg' width='600' height='500' loading='lazy' image_size='medium_large'>\t\t\t\t\t\t\t\t\t\t\t<\/figure>\n\t\t\t\t<\/div>\n\t\t\t<\/div>\n\t\t\t\t\t\t\t\t<\/div>\n\t\t\t\t\t\t<div class=\"tb-carousel-nav\">\n\t\t\t<div class=\"dots\">\n\t\t\t\t<div class=\"dot active\"><\/div>\n\t\t\t\t<div class=\"dot\"><\/div>\n\t\t\t\t<div class=\"dot\"><\/div>\n\t\t\t<\/div>\n\t\t\t<div class=\"arrows\">\n\t\t\t\t<div class=\"prev disabled\">\n\t\t\t\t\t<span><i class=\"fa fa-chevron-left\"><\/i><\/span>\n\t\t\t\t<\/div>\n\t\t\t\t<div class=\"next\">\n\t\t\t\t\t<span><i class=\"fa fa-chevron-right\"><\/i><\/span>\n\t\t\t\t<\/div>\n\t\t\t<\/div>\n\t\t<\/div>\n\t\t\t\t<\/div>\n\t\t<\/div>\n\t\t\t\t\t\t\t\t\t\t\t\t<\/div>\n\t\t\t\t\t\t\t\t\t\t<div class=\"tb-popup-content\">\n\t\t\t\t\t\t\t\t\t\t\t<h5>Bain turc<\/h5>\n\t\t\t\t\t\t\t\t\t\t\t<div class=\"content\">\t\t<div class=\"translation-block\"><p>Offrez-vous une parenth\u00e8se d\u00e9tente avec une s\u00e9ance de <strong>bain turc<\/strong>, un rituel ancestral pens\u00e9 pour apaiser le corps et l\u2019esprit. Cette exp\u00e9rience bien-\u00eatre d\u2019environ 1h30 se d\u00e9roule dans un cadre authentique, g\u00e9r\u00e9 par des locaux. Selon la tradition, cette activit\u00e9 se fait en <strong>trois \u00e9tapes :<\/strong><\/p>\n<p>Vous commencerez par un passage dans un <strong>hammam<\/strong>, o\u00f9 la chaleur et la vapeur d\u00e9noueront vos tensions et purifieront votre peau pendant 15 \u00e0 20 minutes.<\/p>\n<p>Puis, un soin complet de la peau vous sera propos\u00e9, avec une <strong>exfoliation<\/strong> qui revitalise.<\/p>\n<p>Enfin, un <strong>massage<\/strong> de 10 \u00e0 15 minutes viendra apaiser vos muscles et parfaire ce moment de relaxation.<\/p>\n<p><b>Conditions de participation :<\/b><\/p>\n<ul>\n<li>Il est important de noter que la tradition locale implique parfois un niveau de pudeur diff\u00e9rent de ce que l\u2019on conna\u00eet ailleurs. Nous recommandons donc cette activit\u00e9 aux voyageurs ouverts et \u00e0 l\u2019aise avec ce type d\u2019exp\u00e9rience culturelle.<\/li>\n<\/ul>\n<p>&nbsp;<\/p><\/div>\n\t<\/div>\n\t\t\t\t\t\t\t\t\t\t<\/div>\n\t\t\t\t\t\t\t\t\t<\/div>\n\t\t\t\t\t\t\t\t<\/dialog>\n\t\t\t\t\t\t\t<\/div>\n\t\t\t\t\t\t<\/div>\n\t\t\t\t\t\t\t\t\t\t\t<div class=\"tb-card entry tb-popup-trigger desktop-only-popup\">\n\t\t\t\t\t\t\t<div class=\"tb-image-part desktop\">\n\t\t\t\t\t\t\t\t<img src='https:\/\/jn.travelblox.eu\/wp-content\/uploads\/sites\/44\/2026\/02\/1H4A5063.jpg' width='1276' height='1914' alt='Jordan food, Mansaf' style='object-position:50% 50%' loading='lazy'>\t\t\t\t\t\t\t\t\t\t\t\t\t\t\t\t\t<div class=\"tag tiny-body-font\"><p>Jour 3<\/p><\/div>\t\t\t\t\t\t\t\t\t\t\t\t\t\t\t\t\t<div class=\"price tiny-body-font desktop translation-block\"><p>21\u20ac<\/p><\/div>\t\t\t\t\t\t\t<\/div>\n\t\t\t\t\t\t\t<div class=\"tb-image-part mobile\">\n\t\t\t\t\t\t\t\t<img src='https:\/\/jn.travelblox.eu\/wp-content\/uploads\/sites\/44\/2026\/02\/1H4A5063-768x1152.jpg' width='768' height='1152' alt='Jordan food, Mansaf' style='object-position:50% 50%' loading='lazy' image_size='medium_large'>\t\t\t\t\t\t\t\t\t\t\t\t\t\t\t\t\t<div class=\"tag tiny-body-font\"><p>Jour 3<\/p><\/div>\t\t\t\t\t\t\t<\/div>\n\t\t\t\t\t\t\t<div class=\"tb-card-content\">\n\t\t\t\t\t\t\t\t<h5>\n\t\t\t\t\t\t\t\t\t\t\t\t\t\t\t\t\t\t<span>D\u00eener traditionnel<\/span>\n\t\t\t\t\t\t\t\t<\/h5>\n\t\t\t\t\t\t\t\t\t\t\t\t\t\t\t\t\t<div class=\"price tiny-body-font mobile\"><p>21\u20ac<\/p><\/div>\t\t\t\t\t\t\t\t<div class=\"content readmore-content content--clamped\">\t\t<div class=\"translation-block\"><p>Participez \u00e0 un d\u00eener traditionnel inoubliable dans la charmante ville de <strong>Wadi Musa<\/strong>, non loin de la cit\u00e9 de Petra. Installez-vous autour d\u2019une table g\u00e9n\u00e9reusement garnie de <strong>sp\u00e9cialit\u00e9s locales<\/strong>, o\u00f9 les saveurs authentiques de la cuisine arabe \u00e9veilleront vos papilles.<\/p>\n<p>Ce repas est bien plus qu\u2019un simple d\u00eener : c\u2019est une v\u00e9ritable immersion dans la <strong>culture locale<\/strong>, dans une famille jordanienne.<\/p>\n<p>En compagnie des habitants, partagez un <strong>moment chaleureux<\/strong>. D\u00e9couvrez leurs traditions et savourez l\u2019hospitalit\u00e9 l\u00e9gendaire de ce peuple. Une soir\u00e9e unique qui marie gastronomie, culture et rencontres humaines au c\u0153ur de l\u2019une des merveilles du monde.<\/p>\n<p><b>Conditions de participation :<\/b><\/p>\n<ul>\n<li>Tout le monde est bienvenu et la famille peut s&rsquo;adapter \u00e0 un \u00e9ventuel r\u00e9gime v\u00e9g\u00e9tarien.<\/li>\n<\/ul><\/div>\n\t<\/div>\n\t\t\t\t\t\t\t\t\t\t\t\t\t\t\t\t<div class=\"readmore link js-readmore\">\n\t\t\t\t\t\t\t\t\t<span><i class=\"fa-solid fa-circle-plus\"><\/i><u>Lire la suite<\/u><\/span>\n\t\t\t\t\t\t\t\t\t<span><i class=\"fa-solid fa-circle-minus\"><\/i><u>Lire moins<\/u><\/span>\n\t\t\t\t\t\t\t\t<\/div>\n\t\t\t\t\t\t\t\t\t\t\t\t\t\t\t\t<dialog class=\"tb-popup\">\n\t\t\t\t\t\t\t\t\t<div class=\"tb-highlights-popup\">\n\t\t\t\t\t\t\t\t\t\t<div class=\"tb-image-part\">\n\t\t\t\t\t\t\t\t\t\t\t<img src='https:\/\/jn.travelblox.eu\/wp-content\/uploads\/sites\/44\/2026\/02\/1H4A5063-768x1152.jpg' width='768' height='1152' alt='Jordan food, Mansaf' style='object-position:50% 50%' loading='lazy' image_size='medium_large'>\t\t\t\t\t\t\t\t\t\t<\/div>\n\t\t\t\t\t\t\t\t\t\t<div class=\"tb-popup-content\">\n\t\t\t\t\t\t\t\t\t\t\t<h5>D\u00eener traditionnel<\/h5>\n\t\t\t\t\t\t\t\t\t\t\t<div class=\"content\">\t\t<div class=\"translation-block\"><p>Participez \u00e0 un d\u00eener traditionnel inoubliable dans la charmante ville de <strong>Wadi Musa<\/strong>, non loin de la cit\u00e9 de Petra. Installez-vous autour d\u2019une table g\u00e9n\u00e9reusement garnie de <strong>sp\u00e9cialit\u00e9s locales<\/strong>, o\u00f9 les saveurs authentiques de la cuisine arabe \u00e9veilleront vos papilles.<\/p>\n<p>Ce repas est bien plus qu\u2019un simple d\u00eener : c\u2019est une v\u00e9ritable immersion dans la <strong>culture locale<\/strong>, dans une famille jordanienne.<\/p>\n<p>En compagnie des habitants, partagez un <strong>moment chaleureux<\/strong>. D\u00e9couvrez leurs traditions et savourez l\u2019hospitalit\u00e9 l\u00e9gendaire de ce peuple. Une soir\u00e9e unique qui marie gastronomie, culture et rencontres humaines au c\u0153ur de l\u2019une des merveilles du monde.<\/p>\n<p><b>Conditions de participation :<\/b><\/p>\n<ul>\n<li>Tout le monde est bienvenu et la famille peut s&rsquo;adapter \u00e0 un \u00e9ventuel r\u00e9gime v\u00e9g\u00e9tarien.<\/li>\n<\/ul><\/div>\n\t<\/div>\n\t\t\t\t\t\t\t\t\t\t<\/div>\n\t\t\t\t\t\t\t\t\t<\/div>\n\t\t\t\t\t\t\t\t<\/dialog>\n\t\t\t\t\t\t\t<\/div>\n\t\t\t\t\t\t<\/div>\n\t\t\t\t\t\t\t\t\t\t\t<div class=\"tb-card entry tb-popup-trigger desktop-only-popup\">\n\t\t\t\t\t\t\t<div class=\"tb-image-part desktop\">\n\t\t\t\t\t\t\t\t<img src='https:\/\/jn.travelblox.eu\/wp-content\/uploads\/sites\/44\/2025\/01\/JN23_RoyMosterd_LR_4205494.jpeg' width='1135' height='851' alt='Jeep Safari in the desert' loading='lazy'>\t\t\t\t\t\t\t\t\t\t\t\t\t\t\t\t\t<div class=\"tag tiny-body-font\"><p>Jour 5<\/p><\/div>\t\t\t\t\t\t\t\t\t\t\t\t\t\t\t\t\t<div class=\"price tiny-body-font desktop translation-block\"><p>50\u20ac<\/p><\/div>\t\t\t\t\t\t\t<\/div>\n\t\t\t\t\t\t\t<div class=\"tb-image-part mobile\">\n\t\t\t\t\t\t\t\t\t\t\t\t<div class=\"inner-block-full-width has-tb-carousel tb-carousel-slider\" >\n\t\t\t<div class=\"tb-carousel-container\">\n\t\t\t\t<div class=\"entries tb-cards\" data-slider-first=\"0\">\n\t\t\t\t\t\t\t\t\t<div class=\"entry\">\n\t\t\t\t<div class=\"tb-image-part\">\n\t\t\t\t\t<figure>\n\t\t\t\t\t\t<img src='https:\/\/jn.travelblox.eu\/wp-content\/uploads\/sites\/44\/2025\/01\/JN23_RoyMosterd_LR_4205494-768x576.jpeg' width='768' height='576' alt='Jeep Safari in the desert' loading='lazy' image_size='medium_large'>\t\t\t\t\t\t\t\t\t\t\t<\/figure>\n\t\t\t\t<\/div>\n\t\t\t<\/div>\n\t\t\t\t\t<div class=\"entry\">\n\t\t\t\t<div class=\"tb-image-part\">\n\t\t\t\t\t<figure>\n\t\t\t\t\t\t<img src='https:\/\/jn.travelblox.eu\/wp-content\/uploads\/sites\/44\/2025\/01\/Copy-of-DSC00985-768x512.jpeg' width='768' height='512' alt='Group doing a jeep safari in the desert' loading='lazy' image_size='medium_large'>\t\t\t\t\t\t\t\t\t\t\t<\/figure>\n\t\t\t\t<\/div>\n\t\t\t<\/div>\n\t\t\t\t\t\t\t\t<\/div>\n\t\t\t\t\t\t<div class=\"tb-carousel-nav\">\n\t\t\t<div class=\"dots\">\n\t\t\t\t<div class=\"dot active\"><\/div>\n\t\t\t\t<div class=\"dot\"><\/div>\n\t\t\t\t<div class=\"dot\"><\/div>\n\t\t\t<\/div>\n\t\t\t<div class=\"arrows\">\n\t\t\t\t<div class=\"prev disabled\">\n\t\t\t\t\t<span><i class=\"fa fa-chevron-left\"><\/i><\/span>\n\t\t\t\t<\/div>\n\t\t\t\t<div class=\"next\">\n\t\t\t\t\t<span><i class=\"fa fa-chevron-right\"><\/i><\/span>\n\t\t\t\t<\/div>\n\t\t\t<\/div>\n\t\t<\/div>\n\t\t\t\t<\/div>\n\t\t<\/div>\n\t\t\t\t\t\t\t\t\t\t\t\t\t\t\t\t\t\t\t<div class=\"tag tiny-body-font\"><p>Jour 5<\/p><\/div>\t\t\t\t\t\t\t<\/div>\n\t\t\t\t\t\t\t<div class=\"tb-card-content\">\n\t\t\t\t\t\t\t\t<h5>\n\t\t\t\t\t\t\t\t\t\t\t\t\t\t\t\t\t\t<span>Safari en jeep dans le d\u00e9sert<\/span>\n\t\t\t\t\t\t\t\t<\/h5>\n\t\t\t\t\t\t\t\t\t\t\t\t\t\t\t\t\t<div class=\"price tiny-body-font mobile\"><p>50\u20ac<\/p><\/div>\t\t\t\t\t\t\t\t<div class=\"content readmore-content content--clamped\">\t\t<div class=\"translation-block\"><p>Le d\u00e9sert de Wadi Rum, avec ses canyons, ses grottes et ses couleurs chatoyantes, est un endroit d\u2019une beaut\u00e9 fascinante et unique. Ce vaste paysage offre un v\u00e9ritable <strong>terrain d\u2019aventure<\/strong>, mais rappelez-vous, c\u2019est aussi un d\u00e9sert : mieux vaut explorer ses secrets accompagn\u00e9 de ceux qui le connaissent par c\u0153ur.<\/p>\n<p>Pour profiter pleinement de ce lieu magique, nous vous proposons une excursion en jeep&nbsp;avec des <strong>guides locaux<\/strong>. Ils vous emm\u00e8neront hors des sentiers battus \u00e0 la d\u00e9couverte des coins les plus spectaculaires et partageront avec vous leur savoir sur cette r\u00e9gion exceptionnelle.<\/p>\n<p>\u00c0 la mi-journ\u00e9e, une collation vous sera servie dans l&rsquo;un des plus majestueux panoramas du voyage.<\/p>\n<p>Ajoutez une touche d\u2019exploration \u00e0 votre aventure en optant pour cette activit\u00e9 incontournable, parfaite pour vivre Wadi Rum comme un v\u00e9ritable explorateur\u202f!<\/p>\n<p>\u00c0 lire aussi : <a href=\"https:\/\/jordannomads.org\/fr\/top-4-des-activites-dans-le-desert-du-wadi-rum-jordanie\/\">\u00ab\u00a0Top 4 des activit\u00e9s dans le d\u00e9sert du Wadi Rum, Jordanie\u00a0\u00bb<\/a><\/p><\/div>\n\t<\/div>\n\t\t\t\t\t\t\t\t\t\t\t\t\t\t\t\t<div class=\"readmore link js-readmore\">\n\t\t\t\t\t\t\t\t\t<span><i class=\"fa-solid fa-circle-plus\"><\/i><u>Lire la suite<\/u><\/span>\n\t\t\t\t\t\t\t\t\t<span><i class=\"fa-solid fa-circle-minus\"><\/i><u>Lire moins<\/u><\/span>\n\t\t\t\t\t\t\t\t<\/div>\n\t\t\t\t\t\t\t\t\t\t\t\t\t\t\t\t<dialog class=\"tb-popup\">\n\t\t\t\t\t\t\t\t\t<div class=\"tb-highlights-popup\">\n\t\t\t\t\t\t\t\t\t\t<div class=\"tb-image-part\">\n\t\t\t\t\t\t\t\t\t\t\t\t\t\t\t<div class=\"inner-block-full-width has-tb-carousel tb-carousel-slider\" >\n\t\t\t<div class=\"tb-carousel-container\">\n\t\t\t\t<div class=\"entries tb-cards\" data-slider-first=\"0\">\n\t\t\t\t\t\t\t\t\t<div class=\"entry\">\n\t\t\t\t<div class=\"tb-image-part\">\n\t\t\t\t\t<figure>\n\t\t\t\t\t\t<img src='https:\/\/jn.travelblox.eu\/wp-content\/uploads\/sites\/44\/2025\/01\/JN23_RoyMosterd_LR_4205494-768x576.jpeg' width='768' height='576' alt='Jeep Safari in the desert' loading='lazy' image_size='medium_large'>\t\t\t\t\t\t\t\t\t\t\t<\/figure>\n\t\t\t\t<\/div>\n\t\t\t<\/div>\n\t\t\t\t\t<div class=\"entry\">\n\t\t\t\t<div class=\"tb-image-part\">\n\t\t\t\t\t<figure>\n\t\t\t\t\t\t<img src='https:\/\/jn.travelblox.eu\/wp-content\/uploads\/sites\/44\/2025\/01\/Copy-of-DSC00985-768x512.jpeg' width='768' height='512' alt='Group doing a jeep safari in the desert' loading='lazy' image_size='medium_large'>\t\t\t\t\t\t\t\t\t\t\t<\/figure>\n\t\t\t\t<\/div>\n\t\t\t<\/div>\n\t\t\t\t\t\t\t\t<\/div>\n\t\t\t\t\t\t<div class=\"tb-carousel-nav\">\n\t\t\t<div class=\"dots\">\n\t\t\t\t<div class=\"dot active\"><\/div>\n\t\t\t\t<div class=\"dot\"><\/div>\n\t\t\t\t<div class=\"dot\"><\/div>\n\t\t\t<\/div>\n\t\t\t<div class=\"arrows\">\n\t\t\t\t<div class=\"prev disabled\">\n\t\t\t\t\t<span><i class=\"fa fa-chevron-left\"><\/i><\/span>\n\t\t\t\t<\/div>\n\t\t\t\t<div class=\"next\">\n\t\t\t\t\t<span><i class=\"fa fa-chevron-right\"><\/i><\/span>\n\t\t\t\t<\/div>\n\t\t\t<\/div>\n\t\t<\/div>\n\t\t\t\t<\/div>\n\t\t<\/div>\n\t\t\t\t\t\t\t\t\t\t\t\t<\/div>\n\t\t\t\t\t\t\t\t\t\t<div class=\"tb-popup-content\">\n\t\t\t\t\t\t\t\t\t\t\t<h5>Safari en jeep dans le d\u00e9sert<\/h5>\n\t\t\t\t\t\t\t\t\t\t\t<div class=\"content\">\t\t<div class=\"translation-block\"><p>Le d\u00e9sert de Wadi Rum, avec ses canyons, ses grottes et ses couleurs chatoyantes, est un endroit d\u2019une beaut\u00e9 fascinante et unique. Ce vaste paysage offre un v\u00e9ritable <strong>terrain d\u2019aventure<\/strong>, mais rappelez-vous, c\u2019est aussi un d\u00e9sert : mieux vaut explorer ses secrets accompagn\u00e9 de ceux qui le connaissent par c\u0153ur.<\/p>\n<p>Pour profiter pleinement de ce lieu magique, nous vous proposons une excursion en jeep&nbsp;avec des <strong>guides locaux<\/strong>. Ils vous emm\u00e8neront hors des sentiers battus \u00e0 la d\u00e9couverte des coins les plus spectaculaires et partageront avec vous leur savoir sur cette r\u00e9gion exceptionnelle.<\/p>\n<p>\u00c0 la mi-journ\u00e9e, une collation vous sera servie dans l&rsquo;un des plus majestueux panoramas du voyage.<\/p>\n<p>Ajoutez une touche d\u2019exploration \u00e0 votre aventure en optant pour cette activit\u00e9 incontournable, parfaite pour vivre Wadi Rum comme un v\u00e9ritable explorateur\u202f!<\/p>\n<p>\u00c0 lire aussi : <a href=\"https:\/\/jordannomads.org\/fr\/top-4-des-activites-dans-le-desert-du-wadi-rum-jordanie\/\">\u00ab\u00a0Top 4 des activit\u00e9s dans le d\u00e9sert du Wadi Rum, Jordanie\u00a0\u00bb<\/a><\/p><\/div>\n\t<\/div>\n\t\t\t\t\t\t\t\t\t\t<\/div>\n\t\t\t\t\t\t\t\t\t<\/div>\n\t\t\t\t\t\t\t\t<\/dialog>\n\t\t\t\t\t\t\t<\/div>\n\t\t\t\t\t\t<\/div>\n\t\t\t\t\t\t\t\t\t\t\t<div class=\"tb-card entry tb-popup-trigger desktop-only-popup\">\n\t\t\t\t\t\t\t<div class=\"tb-image-part desktop\">\n\t\t\t\t\t\t\t\t<img src='https:\/\/jn.travelblox.eu\/wp-content\/uploads\/sites\/44\/2026\/02\/IMG_9813-Edited-scaled.jpg' width='2560' height='2149' alt='Sand boarding in Wadi Rum' loading='lazy'>\t\t\t\t\t\t\t\t\t\t\t\t\t\t\t\t\t<div class=\"tag tiny-body-font\"><p>Jour 5<\/p><\/div>\t\t\t\t\t\t\t\t\t\t\t\t\t\t\t\t\t<div class=\"price tiny-body-font desktop translation-block\"><p>Gratuit<\/p><\/div>\t\t\t\t\t\t\t<\/div>\n\t\t\t\t\t\t\t<div class=\"tb-image-part mobile\">\n\t\t\t\t\t\t\t\t\t\t\t\t<div class=\"inner-block-full-width has-tb-carousel tb-carousel-slider\" >\n\t\t\t<div class=\"tb-carousel-container\">\n\t\t\t\t<div class=\"entries tb-cards\" data-slider-first=\"0\">\n\t\t\t\t\t\t\t\t\t<div class=\"entry\">\n\t\t\t\t<div class=\"tb-image-part\">\n\t\t\t\t\t<figure>\n\t\t\t\t\t\t<img src='https:\/\/jn.travelblox.eu\/wp-content\/uploads\/sites\/44\/2026\/02\/IMG_9813-Edited-768x645.jpg' width='768' height='645' alt='Sand boarding in Wadi Rum' loading='lazy' image_size='medium_large'>\t\t\t\t\t\t\t\t\t\t\t<\/figure>\n\t\t\t\t<\/div>\n\t\t\t<\/div>\n\t\t\t\t\t<div class=\"entry\">\n\t\t\t\t<div class=\"tb-image-part\">\n\t\t\t\t\t<figure>\n\t\t\t\t\t\t<img src='https:\/\/jn.travelblox.eu\/wp-content\/uploads\/sites\/44\/2025\/02\/pexels-ramon-hernandez-243129494-30296716-768x960.jpeg' width='768' height='960' loading='lazy' image_size='medium_large'>\t\t\t\t\t\t\t\t\t\t\t<\/figure>\n\t\t\t\t<\/div>\n\t\t\t<\/div>\n\t\t\t\t\t\t\t\t<\/div>\n\t\t\t\t\t\t<div class=\"tb-carousel-nav\">\n\t\t\t<div class=\"dots\">\n\t\t\t\t<div class=\"dot active\"><\/div>\n\t\t\t\t<div class=\"dot\"><\/div>\n\t\t\t\t<div class=\"dot\"><\/div>\n\t\t\t<\/div>\n\t\t\t<div class=\"arrows\">\n\t\t\t\t<div class=\"prev disabled\">\n\t\t\t\t\t<span><i class=\"fa fa-chevron-left\"><\/i><\/span>\n\t\t\t\t<\/div>\n\t\t\t\t<div class=\"next\">\n\t\t\t\t\t<span><i class=\"fa fa-chevron-right\"><\/i><\/span>\n\t\t\t\t<\/div>\n\t\t\t<\/div>\n\t\t<\/div>\n\t\t\t\t<\/div>\n\t\t<\/div>\n\t\t\t\t\t\t\t\t\t\t\t\t\t\t\t\t\t\t\t<div class=\"tag tiny-body-font\"><p>Jour 5<\/p><\/div>\t\t\t\t\t\t\t<\/div>\n\t\t\t\t\t\t\t<div class=\"tb-card-content\">\n\t\t\t\t\t\t\t\t<h5>\n\t\t\t\t\t\t\t\t\t\t\t\t\t\t\t\t\t\t<span>Surf dans le d\u00e9sert<\/span>\n\t\t\t\t\t\t\t\t<\/h5>\n\t\t\t\t\t\t\t\t\t\t\t\t\t\t\t\t\t<div class=\"price tiny-body-font mobile\"><p>Gratuit<\/p><\/div>\t\t\t\t\t\t\t\t<div class=\"content readmore-content content--clamped\">\t\t<div class=\"translation-block\"><p>Glissez sur les dunes du Wadi Rum lors d\u2019une session de sandboarding inoubliable. \u00c9quip\u00e9 d\u2019une planche, laissez-vous porter par l\u2019<strong>adr\u00e9naline<\/strong> en d\u00e9valant les pentes de sable fin, entour\u00e9 par les <strong>paysages spectaculaires<\/strong> du d\u00e9sert jordanien.<\/p>\n<p>Que vous soyez d\u00e9butant ou adepte de sensations fortes, cette activit\u00e9 accessible \u00e0 tous promet fun, libert\u00e9 et aventure au c\u0153ur d\u2019un d\u00e9cor \u00e9poustouflant. Pr\u00e9parez-vous \u00e0 une exp\u00e9rience unique, o\u00f9 <strong>le d\u00e9sert devient votre terrain de jeu<\/strong> !<\/p><\/div>\n\t<\/div>\n\t\t\t\t\t\t\t\t\t\t\t\t\t\t\t\t<div class=\"readmore link js-readmore\">\n\t\t\t\t\t\t\t\t\t<span><i class=\"fa-solid fa-circle-plus\"><\/i><u>Lire la suite<\/u><\/span>\n\t\t\t\t\t\t\t\t\t<span><i class=\"fa-solid fa-circle-minus\"><\/i><u>Lire moins<\/u><\/span>\n\t\t\t\t\t\t\t\t<\/div>\n\t\t\t\t\t\t\t\t\t\t\t\t\t\t\t\t<dialog class=\"tb-popup\">\n\t\t\t\t\t\t\t\t\t<div class=\"tb-highlights-popup\">\n\t\t\t\t\t\t\t\t\t\t<div class=\"tb-image-part\">\n\t\t\t\t\t\t\t\t\t\t\t\t\t\t\t<div class=\"inner-block-full-width has-tb-carousel tb-carousel-slider\" >\n\t\t\t<div class=\"tb-carousel-container\">\n\t\t\t\t<div class=\"entries tb-cards\" data-slider-first=\"0\">\n\t\t\t\t\t\t\t\t\t<div class=\"entry\">\n\t\t\t\t<div class=\"tb-image-part\">\n\t\t\t\t\t<figure>\n\t\t\t\t\t\t<img src='https:\/\/jn.travelblox.eu\/wp-content\/uploads\/sites\/44\/2026\/02\/IMG_9813-Edited-768x645.jpg' width='768' height='645' alt='Sand boarding in Wadi Rum' loading='lazy' image_size='medium_large'>\t\t\t\t\t\t\t\t\t\t\t<\/figure>\n\t\t\t\t<\/div>\n\t\t\t<\/div>\n\t\t\t\t\t<div class=\"entry\">\n\t\t\t\t<div class=\"tb-image-part\">\n\t\t\t\t\t<figure>\n\t\t\t\t\t\t<img src='https:\/\/jn.travelblox.eu\/wp-content\/uploads\/sites\/44\/2025\/02\/pexels-ramon-hernandez-243129494-30296716-768x960.jpeg' width='768' height='960' loading='lazy' image_size='medium_large'>\t\t\t\t\t\t\t\t\t\t\t<\/figure>\n\t\t\t\t<\/div>\n\t\t\t<\/div>\n\t\t\t\t\t\t\t\t<\/div>\n\t\t\t\t\t\t<div class=\"tb-carousel-nav\">\n\t\t\t<div class=\"dots\">\n\t\t\t\t<div class=\"dot active\"><\/div>\n\t\t\t\t<div class=\"dot\"><\/div>\n\t\t\t\t<div class=\"dot\"><\/div>\n\t\t\t<\/div>\n\t\t\t<div class=\"arrows\">\n\t\t\t\t<div class=\"prev disabled\">\n\t\t\t\t\t<span><i class=\"fa fa-chevron-left\"><\/i><\/span>\n\t\t\t\t<\/div>\n\t\t\t\t<div class=\"next\">\n\t\t\t\t\t<span><i class=\"fa fa-chevron-right\"><\/i><\/span>\n\t\t\t\t<\/div>\n\t\t\t<\/div>\n\t\t<\/div>\n\t\t\t\t<\/div>\n\t\t<\/div>\n\t\t\t\t\t\t\t\t\t\t\t\t<\/div>\n\t\t\t\t\t\t\t\t\t\t<div class=\"tb-popup-content\">\n\t\t\t\t\t\t\t\t\t\t\t<h5>Surf dans le d\u00e9sert<\/h5>\n\t\t\t\t\t\t\t\t\t\t\t<div class=\"content\">\t\t<div class=\"translation-block\"><p>Glissez sur les dunes du Wadi Rum lors d\u2019une session de sandboarding inoubliable. \u00c9quip\u00e9 d\u2019une planche, laissez-vous porter par l\u2019<strong>adr\u00e9naline<\/strong> en d\u00e9valant les pentes de sable fin, entour\u00e9 par les <strong>paysages spectaculaires<\/strong> du d\u00e9sert jordanien.<\/p>\n<p>Que vous soyez d\u00e9butant ou adepte de sensations fortes, cette activit\u00e9 accessible \u00e0 tous promet fun, libert\u00e9 et aventure au c\u0153ur d\u2019un d\u00e9cor \u00e9poustouflant. Pr\u00e9parez-vous \u00e0 une exp\u00e9rience unique, o\u00f9 <strong>le d\u00e9sert devient votre terrain de jeu<\/strong> !<\/p><\/div>\n\t<\/div>\n\t\t\t\t\t\t\t\t\t\t<\/div>\n\t\t\t\t\t\t\t\t\t<\/div>\n\t\t\t\t\t\t\t\t<\/dialog>\n\t\t\t\t\t\t\t<\/div>\n\t\t\t\t\t\t<\/div>\n\t\t\t\t\t\t\t\t\t\t\t<div class=\"tb-card entry tb-popup-trigger desktop-only-popup\">\n\t\t\t\t\t\t\t<div class=\"tb-image-part desktop\">\n\t\t\t\t\t\t\t\t<img src='https:\/\/jn.travelblox.eu\/wp-content\/uploads\/sites\/44\/2025\/01\/WhatsApp-Image-2024-11-15-at-132014.jpeg' width='750' height='1000' alt='Snorkeling in Aqaba' loading='lazy'>\t\t\t\t\t\t\t\t\t\t\t\t\t\t\t\t\t<div class=\"tag tiny-body-font\"><p>Jour 6<\/p><\/div>\t\t\t\t\t\t\t\t\t\t\t\t\t\t\t\t\t<div class=\"price tiny-body-font desktop translation-block\"><p>35\u20ac<\/p><\/div>\t\t\t\t\t\t\t<\/div>\n\t\t\t\t\t\t\t<div class=\"tb-image-part mobile\">\n\t\t\t\t\t\t\t\t\t\t\t\t<div class=\"inner-block-full-width has-tb-carousel tb-carousel-slider\" >\n\t\t\t<div class=\"tb-carousel-container\">\n\t\t\t\t<div class=\"entries tb-cards\" data-slider-first=\"0\">\n\t\t\t\t\t\t\t\t\t<div class=\"entry\">\n\t\t\t\t<div class=\"tb-image-part\">\n\t\t\t\t\t<figure>\n\t\t\t\t\t\t<img src='https:\/\/jn.travelblox.eu\/wp-content\/uploads\/sites\/44\/2025\/01\/WhatsApp-Image-2024-11-15-at-132014.jpeg' width='750' height='1000' alt='Snorkeling in Aqaba' loading='lazy' image_size='medium_large'>\t\t\t\t\t\t\t\t\t\t\t<\/figure>\n\t\t\t\t<\/div>\n\t\t\t<\/div>\n\t\t\t\t\t<div class=\"entry\">\n\t\t\t\t<div class=\"tb-image-part\">\n\t\t\t\t\t<figure>\n\t\t\t\t\t\t<img src='https:\/\/jn.travelblox.eu\/wp-content\/uploads\/sites\/44\/2025\/02\/neom-WLeWJW_WneE-unsplash.jpeg' width='680' height='453' loading='lazy' image_size='medium_large'>\t\t\t\t\t\t\t\t\t\t\t<\/figure>\n\t\t\t\t<\/div>\n\t\t\t<\/div>\n\t\t\t\t\t\t\t\t<\/div>\n\t\t\t\t\t\t<div class=\"tb-carousel-nav\">\n\t\t\t<div class=\"dots\">\n\t\t\t\t<div class=\"dot active\"><\/div>\n\t\t\t\t<div class=\"dot\"><\/div>\n\t\t\t\t<div class=\"dot\"><\/div>\n\t\t\t<\/div>\n\t\t\t<div class=\"arrows\">\n\t\t\t\t<div class=\"prev disabled\">\n\t\t\t\t\t<span><i class=\"fa fa-chevron-left\"><\/i><\/span>\n\t\t\t\t<\/div>\n\t\t\t\t<div class=\"next\">\n\t\t\t\t\t<span><i class=\"fa fa-chevron-right\"><\/i><\/span>\n\t\t\t\t<\/div>\n\t\t\t<\/div>\n\t\t<\/div>\n\t\t\t\t<\/div>\n\t\t<\/div>\n\t\t\t\t\t\t\t\t\t\t\t\t\t\t\t\t\t\t\t<div class=\"tag tiny-body-font\"><p>Jour 6<\/p><\/div>\t\t\t\t\t\t\t<\/div>\n\t\t\t\t\t\t\t<div class=\"tb-card-content\">\n\t\t\t\t\t\t\t\t<h5>\n\t\t\t\t\t\t\t\t\t\t\t\t\t\t\t\t\t\t<span>Snorkeling<\/span>\n\t\t\t\t\t\t\t\t<\/h5>\n\t\t\t\t\t\t\t\t\t\t\t\t\t\t\t\t\t<div class=\"price tiny-body-font mobile\"><p>35\u20ac<\/p><\/div>\t\t\t\t\t\t\t\t<div class=\"content readmore-content content--clamped\">\t\t<div class=\"translation-block\"><p>Le golfe d\u2019Aqaba est r\u00e9put\u00e9 dans le monde entier pour sa <strong>richesse marine exceptionnelle<\/strong>. Avec ses eaux chaudes et cristallines abritant une biodiversit\u00e9 fascinante, bien que menac\u00e9e par le r\u00e9chauffement climatique, c\u2019est l\u2019endroit id\u00e9al pour s\u2019initier au snorkeling. \u00c9quipez-vous d\u2019un masque et d\u2019un tuba pour suivre notre <strong>guide local<\/strong> et explorez les merveilles sous-marines de la c\u00e9l\u00e8bre Mer Rouge.<\/p>\n<p>Cette exp\u00e9rience d\u2019environ 2 heures (explications et \u00e9quipement inclus) comprend des photos et vid\u00e9os captur\u00e9es avec une GoPro par votre guide, pour immortaliser ces instants magiques et les partager \u00e0 votre retour.<\/p>\n<p><b>Conditions de participation :<\/b><\/p>\n<ul>\n<li>\u00catre \u00e2g\u00e9 de <strong>12 ans minimum<\/strong><\/li>\n<li>\u00catre en <strong>bonne condition physique et savoir nager en suivant un groupe<\/strong>&nbsp;(activit\u00e9 de niveau mod\u00e9r\u00e9)<\/li>\n<li>Avoir une&nbsp;<b data-stringify-type=\"bold\">connaissance de base de l\u2019anglais<\/b> (pour comprendre les consignes de s\u00e9curit\u00e9 fournies par le guide)<\/li>\n<\/ul><\/div>\n\t<\/div>\n\t\t\t\t\t\t\t\t\t\t\t\t\t\t\t\t<div class=\"readmore link js-readmore\">\n\t\t\t\t\t\t\t\t\t<span><i class=\"fa-solid fa-circle-plus\"><\/i><u>Lire la suite<\/u><\/span>\n\t\t\t\t\t\t\t\t\t<span><i class=\"fa-solid fa-circle-minus\"><\/i><u>Lire moins<\/u><\/span>\n\t\t\t\t\t\t\t\t<\/div>\n\t\t\t\t\t\t\t\t\t\t\t\t\t\t\t\t<dialog class=\"tb-popup\">\n\t\t\t\t\t\t\t\t\t<div class=\"tb-highlights-popup\">\n\t\t\t\t\t\t\t\t\t\t<div class=\"tb-image-part\">\n\t\t\t\t\t\t\t\t\t\t\t\t\t\t\t<div class=\"inner-block-full-width has-tb-carousel tb-carousel-slider\" >\n\t\t\t<div class=\"tb-carousel-container\">\n\t\t\t\t<div class=\"entries tb-cards\" data-slider-first=\"0\">\n\t\t\t\t\t\t\t\t\t<div class=\"entry\">\n\t\t\t\t<div class=\"tb-image-part\">\n\t\t\t\t\t<figure>\n\t\t\t\t\t\t<img src='https:\/\/jn.travelblox.eu\/wp-content\/uploads\/sites\/44\/2025\/01\/WhatsApp-Image-2024-11-15-at-132014.jpeg' width='750' height='1000' alt='Snorkeling in Aqaba' loading='lazy' image_size='medium_large'>\t\t\t\t\t\t\t\t\t\t\t<\/figure>\n\t\t\t\t<\/div>\n\t\t\t<\/div>\n\t\t\t\t\t<div class=\"entry\">\n\t\t\t\t<div class=\"tb-image-part\">\n\t\t\t\t\t<figure>\n\t\t\t\t\t\t<img src='https:\/\/jn.travelblox.eu\/wp-content\/uploads\/sites\/44\/2025\/02\/neom-WLeWJW_WneE-unsplash.jpeg' width='680' height='453' loading='lazy' image_size='medium_large'>\t\t\t\t\t\t\t\t\t\t\t<\/figure>\n\t\t\t\t<\/div>\n\t\t\t<\/div>\n\t\t\t\t\t\t\t\t<\/div>\n\t\t\t\t\t\t<div class=\"tb-carousel-nav\">\n\t\t\t<div class=\"dots\">\n\t\t\t\t<div class=\"dot active\"><\/div>\n\t\t\t\t<div class=\"dot\"><\/div>\n\t\t\t\t<div class=\"dot\"><\/div>\n\t\t\t<\/div>\n\t\t\t<div class=\"arrows\">\n\t\t\t\t<div class=\"prev disabled\">\n\t\t\t\t\t<span><i class=\"fa fa-chevron-left\"><\/i><\/span>\n\t\t\t\t<\/div>\n\t\t\t\t<div class=\"next\">\n\t\t\t\t\t<span><i class=\"fa fa-chevron-right\"><\/i><\/span>\n\t\t\t\t<\/div>\n\t\t\t<\/div>\n\t\t<\/div>\n\t\t\t\t<\/div>\n\t\t<\/div>\n\t\t\t\t\t\t\t\t\t\t\t\t<\/div>\n\t\t\t\t\t\t\t\t\t\t<div class=\"tb-popup-content\">\n\t\t\t\t\t\t\t\t\t\t\t<h5>Snorkeling<\/h5>\n\t\t\t\t\t\t\t\t\t\t\t<div class=\"content\">\t\t<div class=\"translation-block\"><p>Le golfe d\u2019Aqaba est r\u00e9put\u00e9 dans le monde entier pour sa <strong>richesse marine exceptionnelle<\/strong>. Avec ses eaux chaudes et cristallines abritant une biodiversit\u00e9 fascinante, bien que menac\u00e9e par le r\u00e9chauffement climatique, c\u2019est l\u2019endroit id\u00e9al pour s\u2019initier au snorkeling. \u00c9quipez-vous d\u2019un masque et d\u2019un tuba pour suivre notre <strong>guide local<\/strong> et explorez les merveilles sous-marines de la c\u00e9l\u00e8bre Mer Rouge.<\/p>\n<p>Cette exp\u00e9rience d\u2019environ 2 heures (explications et \u00e9quipement inclus) comprend des photos et vid\u00e9os captur\u00e9es avec une GoPro par votre guide, pour immortaliser ces instants magiques et les partager \u00e0 votre retour.<\/p>\n<p><b>Conditions de participation :<\/b><\/p>\n<ul>\n<li>\u00catre \u00e2g\u00e9 de <strong>12 ans minimum<\/strong><\/li>\n<li>\u00catre en <strong>bonne condition physique et savoir nager en suivant un groupe<\/strong>&nbsp;(activit\u00e9 de niveau mod\u00e9r\u00e9)<\/li>\n<li>Avoir une&nbsp;<b data-stringify-type=\"bold\">connaissance de base de l\u2019anglais<\/b> (pour comprendre les consignes de s\u00e9curit\u00e9 fournies par le guide)<\/li>\n<\/ul><\/div>\n\t<\/div>\n\t\t\t\t\t\t\t\t\t\t<\/div>\n\t\t\t\t\t\t\t\t\t<\/div>\n\t\t\t\t\t\t\t\t<\/dialog>\n\t\t\t\t\t\t\t<\/div>\n\t\t\t\t\t\t<\/div>\n\t\t\t\t\t\t\t\t\t\t\t\t\t\t<\/div>\n\t\t\t\t\t\t<div class=\"tb-carousel-nav\">\n\t\t\t<div class=\"dots\">\n\t\t\t\t<div class=\"dot active\"><\/div>\n\t\t\t\t<div class=\"dot\"><\/div>\n\t\t\t\t<div class=\"dot\"><\/div>\n\t\t\t<\/div>\n\t\t\t<div class=\"arrows\">\n\t\t\t\t<div class=\"prev disabled\">\n\t\t\t\t\t<span><i class=\"fa fa-chevron-left\"><\/i><\/span>\n\t\t\t\t<\/div>\n\t\t\t\t<div class=\"next\">\n\t\t\t\t\t<span><i class=\"fa fa-chevron-right\"><\/i><\/span>\n\t\t\t\t<\/div>\n\t\t\t<\/div>\n\t\t<\/div>\n\t\t\t\t<\/div>\n\t\t<\/div>\n\t\t\t\t\t\t\t\t\t\t<\/div>\n\t\t<\/div>\n\n\n<div class=\" tb-howtogetthere tb-block align-none background-light pattern-none variant-none tb-collapsible-margins\" id=\"transport\">\n\t<div class=\"inner-block tb-fade-in tb-fade-in--subtle\">\n\t\t<div class=\"text-part\">\n\t\t\t<h2>O\u00f9 et comment se rendre sur place ?<\/h2>\n\t\t\t\t\t<div class=\"translation-block\"><p>Votre voyage commence \u00e0 Amman, \u00e0 <strong>l&rsquo;<\/strong><b>A\u00e9roport international Reine-Alia \u00e0 Amman (AMM).<\/b> Nous vous attendons le premier jour \u00e0 l\u2019a\u00e9roport pour r\u00e9cup\u00e9rer votre voiture.<\/p>\n<p>Plusieurs options s\u2019offrent \u00e0 vous pour vous rendre sur place : vous pouvez r\u00e9server vos vols via nos services ou organiser votre propre trajet.<\/p>\n<p>Attention, les horaires ci-dessous valent pour l&rsquo;automne 2026. Pour les participants des Jordan Nomads en printemps 2026, vous recevrez vos horaires et billets 15 jours avant votre d\u00e9part.<\/p><\/div>\n\t\t\t\t\t\t\t\t<div class=\"select-part\">\n\t\t\t\t\t<label>Voyage depuis<\/label>\n\t\t\t\t\t<select>\n\t\t\t\t\t\t\t\t\t\t\t\t\t<option value=\"0\" data-section=\"transport-section-0\">\ud83c\udde7\ud83c\uddea Belgique<\/option>\n\t\t\t\t\t\t\t\t\t\t\t\t\t<option value=\"1\" data-section=\"transport-section-1\">\ud83c\uddeb\ud83c\uddf7 France<\/option>\n\t\t\t\t\t\t\t\t\t\t\t\t\t<option value=\"2\" data-section=\"transport-section-2\">\ud83c\uddf3\ud83c\uddf1 Pays-Bas<\/option>\n\t\t\t\t\t\t\t\t\t\t\t\t\t<option value=\"3\" data-section=\"transport-section-3\">\ud83c\udde9\ud83c\uddea Allemagne<\/option>\n\t\t\t\t\t\t\t\t\t\t\t<\/select>\n\t\t\t\t<\/div>\n\t\t\t\t\t<\/div>\n\t<\/div>\n\t\t\t<div class=\"inner-block tb-fade-in tb-fade-in--subtle\">\n\t\t\t\t\t\t\t<div class=\"tb-sections\">\n\t\t\t\t\t\t\t\t\t\t\t\t\t\t\t\t\t\t<div class=\"tb-section entries \" id=\"transport-section-0\">\n\t\t\t\t\t\t\t\t\t\t\t\t\t\t\t\t\t<div class=\"entry\">\n\t\t\t\t\t\t\t\t\t\t\t\t\t\t<i class=\"icon fa-solid fa-plane \" aria-hidden=\"true\"><\/i>\n\t\t\t\t\t\t\t\t\t\t\t\t\t<div class=\"text-part\">\n\t\t\t\t\t\t\t\t\t\t\t<h4>R\u00e9server vos vols avec les Jordan Nomads<\/h4>\n\t\t\t\t\t\t\t\t\t\t\t\t\t<div class=\"translation-block\"><p>Nous proposons des <strong>vols directs vers Amman<\/strong> depuis <strong>Bruxelles Zaventem<\/strong> les <strong>dimanches<\/strong> \u00e0 partir de <strong>490\u20ac<\/strong> par personne (hors bagage en soute).<\/p>\n<p>Ci-dessous vous trouverez un aper\u00e7u des horaires de vol (*sous r\u00e9serve de modifications par la compagnie a\u00e9rienne) :<\/p>\n<p><strong>Vol aller<\/strong> : D\u00e9part \u00e0 15h15, arriv\u00e9e \u00e0 22h00 le premier jour de votre road trip.<\/p>\n<p><strong>Vol retour<\/strong> : D\u00e9part \u00e0 10h45, arriv\u00e9e \u00e0 14h05 le huiti\u00e8me jour de votre road trip.<\/p>\n<p>Si vous avez des questions sp\u00e9cifiques concernant vos vols, n\u2019h\u00e9sitez pas \u00e0&nbsp;nous contacter par <a href=\"mailto:info@jordannomads.org\" target=\"_blank\" rel=\"noopener\">email<\/a>.<\/p>\n<p>En r\u00e9servant vos vols avec nous, vous b\u00e9n\u00e9ficiez d\u2019un itin\u00e9raire parfaitement adapt\u00e9 \u00e0 votre programme de voyage ainsi que de notre assistance en cas de probl\u00e8me.<\/p>\n<p>*Nombre de places par vol limit\u00e9.<\/p>\n<p><strong>R\u00e9server vos propres vols<\/strong><\/p>\n<p>Si vous souhaitez vous rendre en Jordanie au d\u00e9part d\u2019un autre a\u00e9roport, c\u2019est possible. Nous vous invitons \u00e0 vous rendre sur un comparateur de vol comme <a href=\"https:\/\/www.google.com\/travel\/flights\" target=\"_blank\" rel=\"noopener\">Google flights<\/a> ou <a href=\"https:\/\/www.skyscanner.net\" target=\"_blank\" rel=\"noopener\">Skyscanner<\/a>.<\/p>\n<p>Il existe des vols directs au d\u00e9part de plusieurs villes d\u2019Europe.<\/p>\n<p>Si vous avez des questions ou des doutes, n\u2019h\u00e9sitez pas \u00e0 nous contacter par <a href=\"mailto:info@jordannomads.org\">email<\/a>.<\/p><\/div>\n\t\t\t\t\t\t\t\t\t\t\t<\/div>\n\t\t\t\t\t\t\t\t\t<\/div>\n\t\t\t\t\t\t\t\t\t\t\t\t\t\t\t\t\t<div class=\"entry\">\n\t\t\t\t\t\t\t\t\t\t\t\t\t\t<i class=\"icon fa-kit fa-tb-icon-jeep \" aria-hidden=\"true\"><\/i>\n\t\t\t\t\t\t\t\t\t\t\t\t\t<div class=\"text-part\">\n\t\t\t\t\t\t\t\t\t\t\t<h4>Quand et comment r\u00e9cup\u00e9rer votre v\u00e9hicule ?<\/h4>\n\t\t\t\t\t\t\t\t\t\t\t\t\t<div class=\"translation-block\"><p>Si vous souhaitez r\u00e9server des vols de votre c\u00f4t\u00e9, nous vous invitons \u00e0 prendre note du fait que les v\u00e9hicules se r\u00e9cup\u00e8rent <strong>\u00e0 l&rsquo;a\u00e9roport \u00e0 partir de 18h le jour 1<\/strong> du voyage et que les clefs se remettent <strong>\u00e0 l&rsquo;a\u00e9roport pour 10h maximum le dernier jour<\/strong>&nbsp;du voyage.<\/p><\/div>\n\t\t\t\t\t\t\t\t\t\t\t<\/div>\n\t\t\t\t\t\t\t\t\t<\/div>\n\t\t\t\t\t\t\t\t\t\t\t\t\t\t\t\t\t<div class=\"entry\">\n\t\t\t\t\t\t\t\t\t\t\t\t\t\t<i class=\"icon fa-solid fa-location-pin \" aria-hidden=\"true\"><\/i>\n\t\t\t\t\t\t\t\t\t\t\t\t\t<div class=\"text-part\">\n\t\t\t\t\t\t\t\t\t\t\t<h4>O\u00f9 passez-vous la premi\u00e8re et la derni\u00e8re nuit ? <\/h4>\n\t\t\t\t\t\t\t\t\t\t\t\t\t<div class=\"translation-block\"><p>Si vous souhaitez prolonger votre s\u00e9jour et r\u00e9server des nuits suppl\u00e9mentaires avant ou apr\u00e8s, de votre cot\u00e9, voici un aper\u00e7u des h\u00f4tels o\u00f9 vous s\u00e9journerez.<\/p>\n<p>Votre premi\u00e8re nuit est pr\u00e9vue au <a href=\"https:\/\/miskhotel.com-amman.com\" target=\"_blank\" rel=\"noopener\">Misk Hotel<\/a> \u00e0 Amman (\u00e0 noter que la voiture sera dans tous les cas \u00e0 r\u00e9cup\u00e9rer \u00e0 l&rsquo;a\u00e9roport le premier jour du road trip).<\/p>\n<p>La derni\u00e8re nuit de votre voyage se d\u00e9roule au <a href=\"https:\/\/blackirishotel.com\" target=\"_blank\" rel=\"noopener\">Black Iris Hotel<\/a> \u00e0 Madaba (\u00e0 noter que la voiture sera dans tous les cas \u00e0 remettre \u00e0 l&rsquo;a\u00e9roport le dernier jour du road trip).<\/p><\/div>\n\t\t\t\t\t\t\t\t\t\t\t<\/div>\n\t\t\t\t\t\t\t\t\t<\/div>\n\t\t\t\t\t\t\t\t\t\t\t\t\t\t\t<\/div>\n\t\t\t\t\t\t\t\t\t\t\t\t\t\t\t\t\t\t\t\t\t\t\t\t<div class=\"tb-section entries hidden\" id=\"transport-section-1\">\n\t\t\t\t\t\t\t\t\t\t\t\t\t\t\t\t\t<div class=\"entry\">\n\t\t\t\t\t\t\t\t\t\t\t\t\t\t<i class=\"icon fa-solid fa-plane \" aria-hidden=\"true\"><\/i>\n\t\t\t\t\t\t\t\t\t\t\t\t\t<div class=\"text-part\">\n\t\t\t\t\t\t\t\t\t\t\t<h4>Vols<\/h4>\n\t\t\t\t\t\t\t\t\t\t\t\t\t<div class=\"translation-block\"><p><strong>R\u00e9server vos vols avec les Jordan Nomads<\/strong><\/p>\n<p>Nous proposons des <strong>vols directs vers Amman<\/strong> depuis <b>Paris CDG<\/b> la plupart des <strong>dimanches<\/strong> et <strong>mercredis<\/strong> \u00e0 partir de <strong>520\u20ac<\/strong> par personne (hors bagage en soute).<\/p>\n<p>Ci-dessous vous trouverez un aper\u00e7u des horaires de vol (*sous r\u00e9serve de modifications par la compagnie a\u00e9rienne) :<\/p>\n<p><strong>Vol aller<\/strong> : D\u00e9part \u00e0 15h20, arriv\u00e9e \u00e0 22h10 le premier jour de votre road trip.<\/p>\n<p><strong>Vol retour<\/strong> : D\u00e9part \u00e0 10h45, arriv\u00e9e \u00e0 14h10 le huiti\u00e8me jour de votre road trip.<\/p>\n<p>Si vous avez des questions sp\u00e9cifiques concernant vos vols, n\u2019h\u00e9sitez pas&nbsp;\u00e0 nous contacter par <a href=\"mailto:info@jordannomads.org\" target=\"_blank\" rel=\"noopener\">email<\/a>.<\/p>\n<p>En r\u00e9servant vos vols avec nous, vous b\u00e9n\u00e9ficiez d\u2019un itin\u00e9raire parfaitement adapt\u00e9 \u00e0 votre programme de voyage ainsi que de notre assistance en cas de probl\u00e8me.<\/p>\n<p>*Nombre de places par vol limit\u00e9.<\/p>\n<p><strong>R\u00e9server vos propres vols<\/strong><\/p>\n<p>Il existe des vols directs au d\u00e9part de plusieurs villes fran\u00e7aises. Nous vous invitons \u00e0 vous rendre sur un comparateur de vol comme <a href=\"https:\/\/www.google.com\/travel\/flights\">Google flights<\/a> ou <a href=\"https:\/\/www.skyscanner.net\">Skyscanner<\/a>.<\/p>\n<p>Si vous avez des questions ou des doutes, n\u2019h\u00e9sitez pas \u00e0 nous contacter par <a href=\"mailto:info@jordannomads.org\">email<\/a>.<\/p><\/div>\n\t\t\t\t\t\t\t\t\t\t\t<\/div>\n\t\t\t\t\t\t\t\t\t<\/div>\n\t\t\t\t\t\t\t\t\t\t\t\t\t\t\t\t\t<div class=\"entry\">\n\t\t\t\t\t\t\t\t\t\t\t\t\t\t<i class=\"icon fa-kit fa-tb-icon-jeep \" aria-hidden=\"true\"><\/i>\n\t\t\t\t\t\t\t\t\t\t\t\t\t<div class=\"text-part\">\n\t\t\t\t\t\t\t\t\t\t\t<h4>Quand et comment r\u00e9cup\u00e9rer votre v\u00e9hicule ?<\/h4>\n\t\t\t\t\t\t\t\t\t\t\t\t\t<div class=\"translation-block\"><p>Si vous souhaitez r\u00e9server des vols de votre c\u00f4t\u00e9, nous vous invitons \u00e0 prendre note du fait que les v\u00e9hicules se r\u00e9cup\u00e8rent <strong>\u00e0 l&rsquo;a\u00e9roport \u00e0 partir de 18h le jour 1<\/strong> du voyage et que les clefs se remettent <strong>\u00e0 l&rsquo;a\u00e9roport pour 10h maximum le jour 8<\/strong> du voyage.<\/p><\/div>\n\t\t\t\t\t\t\t\t\t\t\t<\/div>\n\t\t\t\t\t\t\t\t\t<\/div>\n\t\t\t\t\t\t\t\t\t\t\t\t\t\t\t\t\t<div class=\"entry\">\n\t\t\t\t\t\t\t\t\t\t\t\t\t\t<i class=\"icon fa-solid fa-location-pin \" aria-hidden=\"true\"><\/i>\n\t\t\t\t\t\t\t\t\t\t\t\t\t<div class=\"text-part\">\n\t\t\t\t\t\t\t\t\t\t\t<h4>O\u00f9 passez-vous la premi\u00e8re et la derni\u00e8re nuit ? <\/h4>\n\t\t\t\t\t\t\t\t\t\t\t\t\t<div class=\"translation-block\"><p>Si vous souhaitez prolonger votre s\u00e9jour et r\u00e9server des nuits suppl\u00e9mentaires avant ou apr\u00e8s, voici un aper\u00e7u des h\u00f4tels o\u00f9 vous s\u00e9journerez.<\/p>\n<p>Votre premi\u00e8re nuit est pr\u00e9vue au <a href=\"https:\/\/miskhotel.com-amman.com\">Misk Hotel<\/a> \u00e0 Amman (\u00e0 noter que la voiture sera dans tous les cas \u00e0 r\u00e9cup\u00e9rer \u00e0 l&rsquo;a\u00e9roport le premier jour du road trip).<\/p>\n<p>La derni\u00e8re nuit de votre voyage se d\u00e9roule au <a href=\"https:\/\/blackirishotel.com\">Black Iris Hotel<\/a> \u00e0 Madaba (\u00e0 noter que la voiture sera dans tous les cas \u00e0 remettre \u00e0 l&rsquo;a\u00e9roport le dernier jour du road trip).<\/p><\/div>\n\t\t\t\t\t\t\t\t\t\t\t<\/div>\n\t\t\t\t\t\t\t\t\t<\/div>\n\t\t\t\t\t\t\t\t\t\t\t\t\t\t\t<\/div>\n\t\t\t\t\t\t\t\t\t\t\t\t\t\t\t\t\t\t\t\t\t\t\t\t<div class=\"tb-section entries hidden\" id=\"transport-section-2\">\n\t\t\t\t\t\t\t\t\t\t\t\t\t\t\t\t\t<div class=\"entry\">\n\t\t\t\t\t\t\t\t\t\t\t\t\t\t<i class=\"icon fa-solid fa-plane \" aria-hidden=\"true\"><\/i>\n\t\t\t\t\t\t\t\t\t\t\t\t\t<div class=\"text-part\">\n\t\t\t\t\t\t\t\t\t\t\t<h4>Vols<\/h4>\n\t\t\t\t\t\t\t\t\t\t\t\t\t<div class=\"translation-block\"><p><strong>R\u00e9server vos vols avec les Jordan Nomads<\/strong><\/p>\n<p>Nous proposons des <strong>vols directs vers Amman<\/strong> depuis <strong>Amsterdam<\/strong> les <strong>dimanches<\/strong> et <strong>mercredis<\/strong> \u00e0 partir de <strong>520\u20ac<\/strong> par personne (hors bagage en soute).<\/p>\n<p>Ci-dessous vous trouverez un aper\u00e7u des horaires de vol (*sous r\u00e9serve de modifications par la compagnie a\u00e9rienne) :<\/p>\n<p><strong>Vol aller<\/strong> : D\u00e9part \u00e0 15h20, arriv\u00e9e \u00e0 22h00 le premier jour de votre road trip.<\/p>\n<p><strong>Vol retour<\/strong> : D\u00e9part \u00e0 10h35, arriv\u00e9e \u00e0 14h05 le huiti\u00e8me jour de votre road trip.<\/p>\n<p>Si vous avez des questions sp\u00e9cifiques concernant vos vols, n\u2019h\u00e9sitez pas \u00e0 nous contacter par <a href=\"mailto:info@jordannomads.org\" target=\"_blank\" rel=\"noopener\">email<\/a>.<\/p>\n<p>En r\u00e9servant vos vols avec nous, vous b\u00e9n\u00e9ficiez d\u2019un itin\u00e9raire parfaitement adapt\u00e9 \u00e0 votre programme de voyage ainsi que de notre assistance en cas de probl\u00e8me.<\/p>\n<p>*Nombre de places par vol limit\u00e9.<\/p>\n<p><strong>R\u00e9server vos propres vols<\/strong><\/p>\n<p>Il existe des vols directs au d\u00e9part de plusieurs villes ou des vols avec escale \u00e0 Istanbul la plupart du temps. Nous vous invitons \u00e0 vous rendre sur un comparateur de vol comme <a href=\"https:\/\/www.google.com\/travel\/flights\">Google flights<\/a> ou <a href=\"https:\/\/www.skyscanner.net\">Skyscanner<\/a>.<\/p>\n<p>Si vous avez des questions ou des doutes, n\u2019h\u00e9sitez pas \u00e0 nous contacter par <a href=\"mailto:info@jordannomads.org\">email<\/a>.<\/p><\/div>\n\t\t\t\t\t\t\t\t\t\t\t<\/div>\n\t\t\t\t\t\t\t\t\t<\/div>\n\t\t\t\t\t\t\t\t\t\t\t\t\t\t\t\t\t<div class=\"entry\">\n\t\t\t\t\t\t\t\t\t\t\t\t\t\t<i class=\"icon fa-kit fa-tb-icon-jeep \" aria-hidden=\"true\"><\/i>\n\t\t\t\t\t\t\t\t\t\t\t\t\t<div class=\"text-part\">\n\t\t\t\t\t\t\t\t\t\t\t<h4>Quand et comment r\u00e9cup\u00e9rer votre v\u00e9hicule ?<\/h4>\n\t\t\t\t\t\t\t\t\t\t\t\t\t<div class=\"translation-block\"><p>Si vous souhaitez r\u00e9server des vols de votre c\u00f4t\u00e9, nous vous invitons \u00e0 prendre note du fait que les v\u00e9hicules se r\u00e9cup\u00e8rent <strong>\u00e0 l&rsquo;a\u00e9roport \u00e0 partir de 18h le jour 1<\/strong> du voyage et que les clefs se remettent <strong>\u00e0 l&rsquo;a\u00e9roport pour 10h maximum le jour 8<\/strong> du voyage.<\/p><\/div>\n\t\t\t\t\t\t\t\t\t\t\t<\/div>\n\t\t\t\t\t\t\t\t\t<\/div>\n\t\t\t\t\t\t\t\t\t\t\t\t\t\t\t\t\t<div class=\"entry\">\n\t\t\t\t\t\t\t\t\t\t\t\t\t\t<i class=\"icon fa-solid fa-location-pin \" aria-hidden=\"true\"><\/i>\n\t\t\t\t\t\t\t\t\t\t\t\t\t<div class=\"text-part\">\n\t\t\t\t\t\t\t\t\t\t\t<h4>O\u00f9 passez-vous la premi\u00e8re et la derni\u00e8re nuit ? <\/h4>\n\t\t\t\t\t\t\t\t\t\t\t\t\t<div class=\"translation-block\"><p>Si vous souhaitez prolonger votre s\u00e9jour et r\u00e9server des nuits suppl\u00e9mentaires avant ou apr\u00e8s, voici un aper\u00e7u des h\u00f4tels o\u00f9 vous s\u00e9journerez.<\/p>\n<p>Votre premi\u00e8re nuit est pr\u00e9vue au <a href=\"https:\/\/miskhotel.com-amman.com\">Misk Hotel<\/a> \u00e0 Amman (\u00e0 noter que la voiture sera dans tous les cas \u00e0 r\u00e9cup\u00e9rer \u00e0 l&rsquo;a\u00e9roport le premier jour du road trip).<\/p>\n<p>La derni\u00e8re nuit de votre voyage se d\u00e9roule au <a href=\"https:\/\/blackirishotel.com\">Black Iris Hotel<\/a> \u00e0 Madaba (\u00e0 noter que la voiture sera dans tous les cas \u00e0 remettre \u00e0 l&rsquo;a\u00e9roport le dernier jour du road trip).<\/p><\/div>\n\t\t\t\t\t\t\t\t\t\t\t<\/div>\n\t\t\t\t\t\t\t\t\t<\/div>\n\t\t\t\t\t\t\t\t\t\t\t\t\t\t\t<\/div>\n\t\t\t\t\t\t\t\t\t\t\t\t\t\t\t\t\t\t\t\t\t\t\t\t<div class=\"tb-section entries hidden\" id=\"transport-section-3\">\n\t\t\t\t\t\t\t\t\t\t\t\t\t\t\t\t\t<div class=\"entry\">\n\t\t\t\t\t\t\t\t\t\t\t\t\t\t<i class=\"icon fa-solid fa-plane \" aria-hidden=\"true\"><\/i>\n\t\t\t\t\t\t\t\t\t\t\t\t\t<div class=\"text-part\">\n\t\t\t\t\t\t\t\t\t\t\t<h4>Vols<\/h4>\n\t\t\t\t\t\t\t\t\t\t\t\t\t<div class=\"translation-block\"><p><strong>R\u00e9server vos vols avec les Jordan Nomads<\/strong><\/p>\n<p>Nous proposons des <strong>vols directs vers Amman<\/strong> depuis <b>D\u00fcsseldorf, Frankfort, Berlin, Hambourg et Munich<\/b> les&nbsp;<strong>mercredis<\/strong> \u00e0 partir de <strong>520\u20ac<\/strong> par personne (hors bagage en soute).<\/p>\n<p>Les horaires de vol d\u00e9pendront de votre jour de d\u00e9part.<\/p>\n<p>Si vous avez des questions sp\u00e9cifiques concernant vos vols, n\u2019h\u00e9sitez pas \u00e0 nous contacter par <a href=\"mailto:info@jordannomads.org\" target=\"_blank\" rel=\"noopener\">email<\/a>.<\/p>\n<p>En r\u00e9servant vos vols avec nous, vous b\u00e9n\u00e9ficiez d\u2019un itin\u00e9raire parfaitement adapt\u00e9 \u00e0 votre programme de voyage ainsi que de notre assistance en cas de probl\u00e8me.<\/p>\n<p>*Nombre de places par vol limit\u00e9.<\/p>\n<p><strong>R\u00e9server vos propres vols<\/strong><\/p>\n<p>Il existe des vols directs au d\u00e9part de plusieurs villes ou des vols avec escale \u00e0 Istanbul la plupart du temps. Nous vous invitons \u00e0 vous rendre sur un comparateur de vol comme <a href=\"https:\/\/www.google.com\/travel\/flights\">Google flights<\/a> ou <a href=\"https:\/\/www.skyscanner.net\">Skyscanner<\/a>.<\/p>\n<p>Si vous avez des questions ou des doutes, n\u2019h\u00e9sitez pas \u00e0 nous contacter par <a href=\"mailto:info@jordannomads.org\">email<\/a>.<\/p><\/div>\n\t\t\t\t\t\t\t\t\t\t\t<\/div>\n\t\t\t\t\t\t\t\t\t<\/div>\n\t\t\t\t\t\t\t\t\t\t\t\t\t\t\t\t\t<div class=\"entry\">\n\t\t\t\t\t\t\t\t\t\t\t\t\t\t<i class=\"icon fa-kit fa-tb-icon-jeep \" aria-hidden=\"true\"><\/i>\n\t\t\t\t\t\t\t\t\t\t\t\t\t<div class=\"text-part\">\n\t\t\t\t\t\t\t\t\t\t\t<h4>Quand et comment r\u00e9cup\u00e9rer votre v\u00e9hicule ?<\/h4>\n\t\t\t\t\t\t\t\t\t\t\t\t\t<div class=\"translation-block\"><p>Si vous souhaitez r\u00e9server des vols de votre c\u00f4t\u00e9, nous vous invitons \u00e0 prendre note du fait que les v\u00e9hicules se r\u00e9cup\u00e8rent <strong>\u00e0 l&rsquo;a\u00e9roport \u00e0 partir de 18h le jour 1<\/strong> du voyage et que les clefs se remettent <strong>\u00e0 l&rsquo;a\u00e9roport pour 10h maximum le jour 8<\/strong> du voyage.<\/p><\/div>\n\t\t\t\t\t\t\t\t\t\t\t<\/div>\n\t\t\t\t\t\t\t\t\t<\/div>\n\t\t\t\t\t\t\t\t\t\t\t\t\t\t\t\t\t<div class=\"entry\">\n\t\t\t\t\t\t\t\t\t\t\t\t\t\t<i class=\"icon fa-solid fa-location-pin \" aria-hidden=\"true\"><\/i>\n\t\t\t\t\t\t\t\t\t\t\t\t\t<div class=\"text-part\">\n\t\t\t\t\t\t\t\t\t\t\t<h4>O\u00f9 passez-vous la premi\u00e8re et la derni\u00e8re nuit ? <\/h4>\n\t\t\t\t\t\t\t\t\t\t\t\t\t<div class=\"translation-block\"><p>Si vous souhaitez prolonger votre s\u00e9jour et r\u00e9server des nuits suppl\u00e9mentaires avant ou apr\u00e8s, voici un aper\u00e7u des h\u00f4tels o\u00f9 vous s\u00e9journerez.<\/p>\n<p>Votre premi\u00e8re nuit est pr\u00e9vue au <a href=\"https:\/\/miskhotel.com-amman.com\">Misk Hotel<\/a> \u00e0 Amman (\u00e0 noter que la voiture sera dans tous les cas \u00e0 r\u00e9cup\u00e9rer \u00e0 l&rsquo;a\u00e9roport le premier jour du road trip).<\/p>\n<p>La derni\u00e8re nuit de votre voyage se d\u00e9roule au <a href=\"https:\/\/blackirishotel.com\">Black Iris Hotel<\/a> \u00e0 Madaba (\u00e0 noter que la voiture sera dans tous les cas \u00e0 remettre \u00e0 l&rsquo;a\u00e9roport le dernier jour du road trip).<\/p><\/div>\n\t\t\t\t\t\t\t\t\t\t\t<\/div>\n\t\t\t\t\t\t\t\t\t<\/div>\n\t\t\t\t\t\t\t\t\t\t\t\t\t\t\t<\/div>\n\t\t\t\t\t\t\t\t\t\t\t\t\t\t\t<\/div>\n\t\t\t\t\t<\/div>\n\t<\/div>\n\n\n<div class=\" tb-blog tb-block align-center background-light pattern-none variant-none tb-collapsible-margins\" id=\"blog\">\n    <div class=\"inner-block tb-fade-in tb-fade-in--subtle\">\n        <div class=\"text-part\">\n            <h2>Ils sont partis avec nous ! <\/h2>\n                    <\/div>\n    <\/div>\n    <div class=\"tb-sections tb-fade-in tb-fade-in--subtle \">\n                    \t\t<div class=\"inner-block-full-width has-tb-carousel \" >\n\t\t\t<div class=\"tb-carousel-container\">\n\t\t\t\t<div class=\"entries tb-cards\" data-slider-first=\"1\">\n\t\t\t\t                                                <a class=\"tb-card entry \" href=\"https:\/\/amoureux-du-monde.com\/destinations\/road-trip-en-jordanie-que-faire\/\"  target=\"_blank\">\n                                                            <div class=\"tb-image-part\">\n                                                                                                                <img src='https:\/\/jn.travelblox.eu\/wp-content\/uploads\/sites\/44\/2025\/12\/Dead-sea.png' width='567' height='323' loading='lazy' image_size='medium_large'>                                                                    <\/div>\n                                                        <div class=\"tb-card-bottom\">\n                                                                <h4 class=\"tb-card-bottom__title\">Road Trip en Jordanie : une Semaine, que faire ?<\/h4>\n                                                                    <div class=\"tb-card-bottom__content\">\n                                        <div class=\"tb-card__author\"><small>par Amoureux du monde<\/small><\/div>\n                                    <\/div>\n                                                                                            <\/div>\n                        <\/a>\n                                        <a class=\"tb-card entry \" href=\"https:\/\/aufildenosdecouvertes.com\/tag\/jordan-nomads\/\"  target=\"_blank\">\n                                                            <div class=\"tb-image-part\">\n                                                                                                                <img src='https:\/\/jn.travelblox.eu\/wp-content\/uploads\/sites\/44\/2025\/01\/JN23_RoyMosterd_LR_4172328-768x576.jpeg' width='768' height='576' alt='Old buildings in Amman' loading='lazy' image_size='medium_large'>                                                                    <\/div>\n                                                        <div class=\"tb-card-bottom\">\n                                                                <h4 class=\"tb-card-bottom__title\">Un s\u00e9jour de 7 jours en Jordanie!<\/h4>\n                                                                    <div class=\"tb-card-bottom__content\">\n                                        <div class=\"tb-card__author\"><small>par Au fil de nos d\u00e9couvertes <\/small><\/div>\n                                    <\/div>\n                                                                                            <\/div>\n                        <\/a>\n                                        <a class=\"tb-card entry \" href=\"https:\/\/www.leblogcashpistache.fr\/road-trip-jordanie-travelbase\/\"  target=\"_blank\">\n                                                            <div class=\"tb-image-part\">\n                                                                                                                <img src='https:\/\/jn.travelblox.eu\/wp-content\/uploads\/sites\/44\/2025\/12\/DSC_1242-768x513.jpg' width='768' height='513' loading='lazy' image_size='medium_large'>                                                                    <\/div>\n                                                        <div class=\"tb-card-bottom\">\n                                                                <h4 class=\"tb-card-bottom__title\">Une semaine de road trip en Jordanie avec Travelbase<\/h4>\n                                                                    <div class=\"tb-card-bottom__content\">\n                                        <div class=\"tb-card__author\"><small>par Cash Pistache<\/small><\/div>\n                                    <\/div>\n                                                                                            <\/div>\n                        <\/a>\n                                                                    \t\t\t\t<\/div>\n\t\t\t\t\t\t<div class=\"tb-carousel-nav\">\n\t\t\t<div class=\"dots\">\n\t\t\t\t<div class=\"dot active\"><\/div>\n\t\t\t\t<div class=\"dot\"><\/div>\n\t\t\t\t<div class=\"dot\"><\/div>\n\t\t\t<\/div>\n\t\t\t<div class=\"arrows\">\n\t\t\t\t<div class=\"prev disabled\">\n\t\t\t\t\t<span><i class=\"fa fa-chevron-left\"><\/i><\/span>\n\t\t\t\t<\/div>\n\t\t\t\t<div class=\"next\">\n\t\t\t\t\t<span><i class=\"fa fa-chevron-right\"><\/i><\/span>\n\t\t\t\t<\/div>\n\t\t\t<\/div>\n\t\t<\/div>\n\t\t\t\t<\/div>\n\t\t<\/div>\n\t                    <\/div>\n    <\/div>\n\n\n\n\n    <div class=\" tb-calendarv2 tb-block align-center background-light pattern-none variant-none tb-collapsible-margins\" id=\"join\" data-field-packages='[{&quot;package_id&quot;:&quot;JN-JN&quot;,&quot;prereg_url&quot;:&quot;&quot;,&quot;package_summary_content&quot;:&quot;&quot;,&quot;package_summary_inclusive&quot;:false,&quot;rowid&quot;:&quot;67dd68866ceed&quot;}]' data-package-ids='[\"JN-JN\"]' data-brands='[{&quot;type&quot;:&quot;brands&quot;,&quot;id&quot;:&quot;76&quot;,&quot;attributes&quot;:{&quot;name&quot;:&quot;Jordan Nomads&quot;,&quot;translatableName&quot;:{&quot;nl&quot;:&quot;Jordan Nomads&quot;,&quot;en&quot;:&quot;&quot;,&quot;fr&quot;:&quot;Jordan Nomads&quot;,&quot;de&quot;:&quot;Jordan Nomads&quot;}}}]' data-language='fr' data-allow-collapse-consecutive-sold-out-items='1' data-show-prereg-items='1' data-show-participants='0' data-show-departure-hours='0' data-no-participants-title=\"0 participants\" data-no-participants-text=\"Il n'y a pas encore de participants\" data-sold-out-cta=\"\" data-show-months-toggle=\"1\" data-show-waiting-list-buttons=\"1\" data-show-price-toggle=\"1\" data-show-quote-request=\"1\" data-sort-filter-options-by-az-order='0' data-launch-unfiltered='0' data-merge-duplicate-filters='0'>\n        <div class=\"inner-block tb-fade-in tb-fade-in--subtle\">\n            <div class=\"text-part tb-fade-in tb-fade-in--subtle\">\n                                    <h2>Planifiez votre voyage en Jordanie<\/h2>\n                                                    \t\t<div class=\"translation-block\"><p>Ce roadtrip se d\u00e9roule \u00e0 l&rsquo;automne et au printemps.<\/p>\n<p><b>Printemps 2026<\/b> : L\u2019\u00e9dition aura lieu entre le <strong>25 mars<\/strong> et le <strong>24 mai<\/strong>. R\u00e9servez votre voyage d\u00e8s maintenant.<\/p>\n<p><strong>Automne 2026<\/strong> : L\u2019\u00e9dition automne 2026 aura lieu entre le <strong>16&nbsp;septembre<\/strong> et <strong>le 22 novembre<\/strong>. <a href=\"https:\/\/jordannomads.org\/fr\/#join\">R\u00e9servez votre voyage<\/a>&nbsp;d\u00e8s maintenant ou&nbsp;<a href=\"https:\/\/booking.travelbase.eu\/jn26a\/offer\">demandez une offre de prix<\/a>.<\/p><\/div>\n\t                                                    <div class=\"tb-buttons-part\">\n                                                                            \t\t<a href=\"https:\/\/booking.travelbase.eu\/jn26a\/book\"  target=\"_blank\" class=\"tb-button\">\n\t\t\tInscriptions | automne 2026\t\t<\/a>\n\t\t                                                                                                                                        <a href=\"https:\/\/booking.travelbase.eu\/jn26a\/offer\" class=\"tb-buttonlink tb-quote-request\" target=\"_blank\"><span>Demander un devis<\/span><\/a>\n                                                                                                                                                        <\/div>\n                            <\/div>\n\n            \n            \n<div class=\"tb-skeleton tb-skeleton--calendar-v2 tb-skeleton--inactive\">\n    <!-- <div class=\"section-toggler section-toggler--small tb-skeleton__border tb-skeleton__disabled\">\n        <div class=\"section-toggler__inner\">\n            <div class=\"section-toggler__toggle-wrapper\">\n                <div class=\"section-toggler__toggles\">\n                    <input type=\"radio\" name=\"2025\" checked>\n                    <label class=\"tb-skeleton__background tb-skeleton__border\" for=\"\"><span class=\"tb-skeleton__bone\"><span class=\"tb-skeleton__invisible-text\">2025<\/span><\/span><\/label>\n                    <input type=\"radio\" name=\"2026\">\n                    <label class=\"tb-skeleton__border\" for=\"\"><span class=\"tb-skeleton__bone\"><span class=\"tb-skeleton__invisible-text\">2026<\/span><\/span><\/label>\n                <\/div>\n            <\/div>\n        <\/div>\n    <\/div> -->\n    <div class=\"tb-calendar-v2__year\" id=\"year-section-0\">\n        <div class=\"tb-block\">\n            <div class=\"section-toggler section-toggler--fake section-toggler--blocks tb-skeleton__border tb-skeleton__disabled\">\n                <div class=\"section-toggler__inner\">\n                    <div class=\"section-toggler__toggle-wrapper\">\n                        <div class=\"section-toggler__toggles\">\n                            <input type=\"radio\" name=\"Jan\" checked>\n                            <label class=\"tb-skeleton__background tb-skeleton__border\" for=\"\"><span class=\"tb-skeleton__bone\"><span class=\"tb-skeleton__invisible-text\">Jan<\/span><\/span><\/label>\n                            <input type=\"radio\" name=\"Feb\">\n                            <label class=\"tb-skeleton__border\" for=\"\"><span class=\"tb-skeleton__bone\"><span class=\"tb-skeleton__invisible-text\">Feb<\/span><\/span><\/label>\n                            <input type=\"radio\" name=\"Mar\">\n                            <label class=\"tb-skeleton__border\" for=\"\"><span class=\"tb-skeleton__bone\"><span class=\"tb-skeleton__invisible-text\">Mar<\/span><\/span><\/label>\n                            <input type=\"radio\" name=\"Apr\">\n                            <label class=\"tb-skeleton__border\" for=\"\"><span class=\"tb-skeleton__bone\"><span class=\"tb-skeleton__invisible-text\">Apr<\/span><\/span><\/label>\n                            <input type=\"radio\" name=\"May\">\n                            <label class=\"tb-skeleton__border\" for=\"\"><span class=\"tb-skeleton__bone\"><span class=\"tb-skeleton__invisible-text\">May<\/span><\/span><\/label>\n                        <\/div>\n                    <\/div>\n                <\/div>\n            <\/div>\n            <div class=\"tb-calendar-v2__month\" id=\"year-0-month-section-0\">\n                <ul class=\" tb-calendar-v2__departures\">\n                                            <li class=\"tb-calendar-v2__departure tb-calendar-v2-departure tb-skeleton__border\" data-availability=\"free\">\n                            <div class=\"tb-calendar-v2-departure__essential\">\n                                <div class=\"tb-calendar-v2-departure__first-part\">\n                                    <div class=\"tb-calendar-v2-departure__destination desktop-only\">\n                                        <span class=\"tb-skeleton__bone\"><span class=\"tb-skeleton__invisible-text\"><strong>Example trip<\/strong><\/span><\/span>\n                                    <\/div>\n                                    <div class=\"tb-calendar-v2-departure__dates\">\n                                        <div class=\"tb-calendar-v2-departure__startdate \">\n                                            <span class=\"tb-skeleton__bone\"><span class=\"tb-skeleton__invisible-text\">Monday<\/span><\/span>\n                                            <span class=\"tb-skeleton__bone\"><span class=\"tb-skeleton__invisible-text\"><strong>20 Jan 2025<\/strong><\/span><\/span>\n                                        <\/div>\n                                        <span class=\"tb-skeleton__bone\"><span class=\"tb-skeleton__invisible-text\"><i class=\"fa-solid fa-arrow-right\"><\/i><\/span><\/span>\n                                        <div class=\"tb-calendar-v2-departure__enddate\">\n                                            <span class=\"tb-skeleton__bone\"><span class=\"tb-skeleton__invisible-text\">Sunday<\/span><\/span>\n                                            <span class=\"tb-skeleton__bone\"><span class=\"tb-skeleton__invisible-text\"><strong>26 Jan 2025<\/strong><\/span><\/span>\n                                        <\/div>\n                                    <\/div>\n                                    <div class=\"tb-calendar-v2-departure__divider desktop-only tb-skeleton__bone\"><\/div>\n                                    <div class=\"tb-calendar-v2-departure__availability desktop-only\" data-availability=\"free\"><strong>\n                                            <span class=\"tb-skeleton__bone\"><span class=\"tb-skeleton__invisible-text\">Disponible<\/span><\/span>\n                                        <\/strong><\/div>\n                                    <div class=\"tb-calendar-v2-departure__spots desktop-only\">\n                                        <span class=\"tb-skeleton__bone\"><span class=\"tb-skeleton__invisible-text\">\n                                                                                             <\/span><\/span>\n                                    <\/div>\n                                <\/div>\n                                <div class=\"tb-calendar-v2-departure__last-part\">\n                                    <div class=\"tb-calendar-v2-departure__price\"><span class=\"tb-skeleton__bone\"><span class=\"tb-skeleton__invisible-text\"><strong>\u20ac 1450<\/strong><\/span><\/span><\/div>\n                                    <div class=\"tb-calendar-v2-departure__availability mobile-only\" data-availability=\"free\">\n                                        <strong>\n                                            <span class=\"tb-skeleton__bone\"><span class=\"tb-skeleton__invisible-text\">Disponible<\/span><\/span>\n                                        <\/strong>\n                                    <\/div>\n                                    <div class=\"tb-calendar-v2-departure__expand-button tb-skeleton__disabled desktop-only\" disabled>\n                                        <span class=\"tb-skeleton__bone\"><span class=\"tb-skeleton__invisible-text\"><i class=\"fa-solid fa-chevron-down\"><\/i><\/span><\/span>\n                                    <\/div>\n                                <\/div>\n                            <\/div>\n                            <div class=\"tb-calendar-v2-departure__divider mobile-only tb-skeleton__bone\"><\/div>\n                            <div class=\"tb-calendar-v2-departure__expand-button mobile-only tb-skeleton__disabled\" disabled>\n                                <span class=\"tb-skeleton__bone\"><span class=\"tb-skeleton__invisible-text\"><span class=\"more-info\">Plus d&rsquo;infos<\/span> <span class=\"less-info\">Voir moins<\/span> <i class=\"fa-solid fa-chevron-down\"><\/i><\/span><\/span>\n                            <\/div>\n                        <\/li>\n                                            <li class=\"tb-calendar-v2__departure tb-calendar-v2-departure tb-skeleton__border\" data-availability=\"free\">\n                            <div class=\"tb-calendar-v2-departure__essential\">\n                                <div class=\"tb-calendar-v2-departure__first-part\">\n                                    <div class=\"tb-calendar-v2-departure__destination desktop-only\">\n                                        <span class=\"tb-skeleton__bone\"><span class=\"tb-skeleton__invisible-text\"><strong>Example trip<\/strong><\/span><\/span>\n                                    <\/div>\n                                    <div class=\"tb-calendar-v2-departure__dates\">\n                                        <div class=\"tb-calendar-v2-departure__startdate \">\n                                            <span class=\"tb-skeleton__bone\"><span class=\"tb-skeleton__invisible-text\">Monday<\/span><\/span>\n                                            <span class=\"tb-skeleton__bone\"><span class=\"tb-skeleton__invisible-text\"><strong>20 Jan 2025<\/strong><\/span><\/span>\n                                        <\/div>\n                                        <span class=\"tb-skeleton__bone\"><span class=\"tb-skeleton__invisible-text\"><i class=\"fa-solid fa-arrow-right\"><\/i><\/span><\/span>\n                                        <div class=\"tb-calendar-v2-departure__enddate\">\n                                            <span class=\"tb-skeleton__bone\"><span class=\"tb-skeleton__invisible-text\">Sunday<\/span><\/span>\n                                            <span class=\"tb-skeleton__bone\"><span class=\"tb-skeleton__invisible-text\"><strong>26 Jan 2025<\/strong><\/span><\/span>\n                                        <\/div>\n                                    <\/div>\n                                    <div class=\"tb-calendar-v2-departure__divider desktop-only tb-skeleton__bone\"><\/div>\n                                    <div class=\"tb-calendar-v2-departure__availability desktop-only\" data-availability=\"free\"><strong>\n                                            <span class=\"tb-skeleton__bone\"><span class=\"tb-skeleton__invisible-text\">Disponible<\/span><\/span>\n                                        <\/strong><\/div>\n                                    <div class=\"tb-calendar-v2-departure__spots desktop-only\">\n                                        <span class=\"tb-skeleton__bone\"><span class=\"tb-skeleton__invisible-text\">\n                                                                                             <\/span><\/span>\n                                    <\/div>\n                                <\/div>\n                                <div class=\"tb-calendar-v2-departure__last-part\">\n                                    <div class=\"tb-calendar-v2-departure__price\"><span class=\"tb-skeleton__bone\"><span class=\"tb-skeleton__invisible-text\"><strong>\u20ac 1450<\/strong><\/span><\/span><\/div>\n                                    <div class=\"tb-calendar-v2-departure__availability mobile-only\" data-availability=\"free\">\n                                        <strong>\n                                            <span class=\"tb-skeleton__bone\"><span class=\"tb-skeleton__invisible-text\">Disponible<\/span><\/span>\n                                        <\/strong>\n                                    <\/div>\n                                    <div class=\"tb-calendar-v2-departure__expand-button tb-skeleton__disabled desktop-only\" disabled>\n                                        <span class=\"tb-skeleton__bone\"><span class=\"tb-skeleton__invisible-text\"><i class=\"fa-solid fa-chevron-down\"><\/i><\/span><\/span>\n                                    <\/div>\n                                <\/div>\n                            <\/div>\n                            <div class=\"tb-calendar-v2-departure__divider mobile-only tb-skeleton__bone\"><\/div>\n                            <div class=\"tb-calendar-v2-departure__expand-button mobile-only tb-skeleton__disabled\" disabled>\n                                <span class=\"tb-skeleton__bone\"><span class=\"tb-skeleton__invisible-text\"><span class=\"more-info\">Plus d&rsquo;infos<\/span> <span class=\"less-info\">Voir moins<\/span> <i class=\"fa-solid fa-chevron-down\"><\/i><\/span><\/span>\n                            <\/div>\n                        <\/li>\n                                            <li class=\"tb-calendar-v2__departure tb-calendar-v2-departure tb-skeleton__border\" data-availability=\"free\">\n                            <div class=\"tb-calendar-v2-departure__essential\">\n                                <div class=\"tb-calendar-v2-departure__first-part\">\n                                    <div class=\"tb-calendar-v2-departure__destination desktop-only\">\n                                        <span class=\"tb-skeleton__bone\"><span class=\"tb-skeleton__invisible-text\"><strong>Example trip<\/strong><\/span><\/span>\n                                    <\/div>\n                                    <div class=\"tb-calendar-v2-departure__dates\">\n                                        <div class=\"tb-calendar-v2-departure__startdate \">\n                                            <span class=\"tb-skeleton__bone\"><span class=\"tb-skeleton__invisible-text\">Monday<\/span><\/span>\n                                            <span class=\"tb-skeleton__bone\"><span class=\"tb-skeleton__invisible-text\"><strong>20 Jan 2025<\/strong><\/span><\/span>\n                                        <\/div>\n                                        <span class=\"tb-skeleton__bone\"><span class=\"tb-skeleton__invisible-text\"><i class=\"fa-solid fa-arrow-right\"><\/i><\/span><\/span>\n                                        <div class=\"tb-calendar-v2-departure__enddate\">\n                                            <span class=\"tb-skeleton__bone\"><span class=\"tb-skeleton__invisible-text\">Sunday<\/span><\/span>\n                                            <span class=\"tb-skeleton__bone\"><span class=\"tb-skeleton__invisible-text\"><strong>26 Jan 2025<\/strong><\/span><\/span>\n                                        <\/div>\n                                    <\/div>\n                                    <div class=\"tb-calendar-v2-departure__divider desktop-only tb-skeleton__bone\"><\/div>\n                                    <div class=\"tb-calendar-v2-departure__availability desktop-only\" data-availability=\"free\"><strong>\n                                            <span class=\"tb-skeleton__bone\"><span class=\"tb-skeleton__invisible-text\">Disponible<\/span><\/span>\n                                        <\/strong><\/div>\n                                    <div class=\"tb-calendar-v2-departure__spots desktop-only\">\n                                        <span class=\"tb-skeleton__bone\"><span class=\"tb-skeleton__invisible-text\">\n                                                                                             <\/span><\/span>\n                                    <\/div>\n                                <\/div>\n                                <div class=\"tb-calendar-v2-departure__last-part\">\n                                    <div class=\"tb-calendar-v2-departure__price\"><span class=\"tb-skeleton__bone\"><span class=\"tb-skeleton__invisible-text\"><strong>\u20ac 1450<\/strong><\/span><\/span><\/div>\n                                    <div class=\"tb-calendar-v2-departure__availability mobile-only\" data-availability=\"free\">\n                                        <strong>\n                                            <span class=\"tb-skeleton__bone\"><span class=\"tb-skeleton__invisible-text\">Disponible<\/span><\/span>\n                                        <\/strong>\n                                    <\/div>\n                                    <div class=\"tb-calendar-v2-departure__expand-button tb-skeleton__disabled desktop-only\" disabled>\n                                        <span class=\"tb-skeleton__bone\"><span class=\"tb-skeleton__invisible-text\"><i class=\"fa-solid fa-chevron-down\"><\/i><\/span><\/span>\n                                    <\/div>\n                                <\/div>\n                            <\/div>\n                            <div class=\"tb-calendar-v2-departure__divider mobile-only tb-skeleton__bone\"><\/div>\n                            <div class=\"tb-calendar-v2-departure__expand-button mobile-only tb-skeleton__disabled\" disabled>\n                                <span class=\"tb-skeleton__bone\"><span class=\"tb-skeleton__invisible-text\"><span class=\"more-info\">Plus d&rsquo;infos<\/span> <span class=\"less-info\">Voir moins<\/span> <i class=\"fa-solid fa-chevron-down\"><\/i><\/span><\/span>\n                            <\/div>\n                        <\/li>\n                                            <li class=\"tb-calendar-v2__departure tb-calendar-v2-departure tb-skeleton__border\" data-availability=\"free\">\n                            <div class=\"tb-calendar-v2-departure__essential\">\n                                <div class=\"tb-calendar-v2-departure__first-part\">\n                                    <div class=\"tb-calendar-v2-departure__destination desktop-only\">\n                                        <span class=\"tb-skeleton__bone\"><span class=\"tb-skeleton__invisible-text\"><strong>Example trip<\/strong><\/span><\/span>\n                                    <\/div>\n                                    <div class=\"tb-calendar-v2-departure__dates\">\n                                        <div class=\"tb-calendar-v2-departure__startdate \">\n                                            <span class=\"tb-skeleton__bone\"><span class=\"tb-skeleton__invisible-text\">Monday<\/span><\/span>\n                                            <span class=\"tb-skeleton__bone\"><span class=\"tb-skeleton__invisible-text\"><strong>20 Jan 2025<\/strong><\/span><\/span>\n                                        <\/div>\n                                        <span class=\"tb-skeleton__bone\"><span class=\"tb-skeleton__invisible-text\"><i class=\"fa-solid fa-arrow-right\"><\/i><\/span><\/span>\n                                        <div class=\"tb-calendar-v2-departure__enddate\">\n                                            <span class=\"tb-skeleton__bone\"><span class=\"tb-skeleton__invisible-text\">Sunday<\/span><\/span>\n                                            <span class=\"tb-skeleton__bone\"><span class=\"tb-skeleton__invisible-text\"><strong>26 Jan 2025<\/strong><\/span><\/span>\n                                        <\/div>\n                                    <\/div>\n                                    <div class=\"tb-calendar-v2-departure__divider desktop-only tb-skeleton__bone\"><\/div>\n                                    <div class=\"tb-calendar-v2-departure__availability desktop-only\" data-availability=\"free\"><strong>\n                                            <span class=\"tb-skeleton__bone\"><span class=\"tb-skeleton__invisible-text\">Disponible<\/span><\/span>\n                                        <\/strong><\/div>\n                                    <div class=\"tb-calendar-v2-departure__spots desktop-only\">\n                                        <span class=\"tb-skeleton__bone\"><span class=\"tb-skeleton__invisible-text\">\n                                                                                             <\/span><\/span>\n                                    <\/div>\n                                <\/div>\n                                <div class=\"tb-calendar-v2-departure__last-part\">\n                                    <div class=\"tb-calendar-v2-departure__price\"><span class=\"tb-skeleton__bone\"><span class=\"tb-skeleton__invisible-text\"><strong>\u20ac 1450<\/strong><\/span><\/span><\/div>\n                                    <div class=\"tb-calendar-v2-departure__availability mobile-only\" data-availability=\"free\">\n                                        <strong>\n                                            <span class=\"tb-skeleton__bone\"><span class=\"tb-skeleton__invisible-text\">Disponible<\/span><\/span>\n                                        <\/strong>\n                                    <\/div>\n                                    <div class=\"tb-calendar-v2-departure__expand-button tb-skeleton__disabled desktop-only\" disabled>\n                                        <span class=\"tb-skeleton__bone\"><span class=\"tb-skeleton__invisible-text\"><i class=\"fa-solid fa-chevron-down\"><\/i><\/span><\/span>\n                                    <\/div>\n                                <\/div>\n                            <\/div>\n                            <div class=\"tb-calendar-v2-departure__divider mobile-only tb-skeleton__bone\"><\/div>\n                            <div class=\"tb-calendar-v2-departure__expand-button mobile-only tb-skeleton__disabled\" disabled>\n                                <span class=\"tb-skeleton__bone\"><span class=\"tb-skeleton__invisible-text\"><span class=\"more-info\">Plus d&rsquo;infos<\/span> <span class=\"less-info\">Voir moins<\/span> <i class=\"fa-solid fa-chevron-down\"><\/i><\/span><\/span>\n                            <\/div>\n                        <\/li>\n                                            <li class=\"tb-calendar-v2__departure tb-calendar-v2-departure tb-skeleton__border\" data-availability=\"free\">\n                            <div class=\"tb-calendar-v2-departure__essential\">\n                                <div class=\"tb-calendar-v2-departure__first-part\">\n                                    <div class=\"tb-calendar-v2-departure__destination desktop-only\">\n                                        <span class=\"tb-skeleton__bone\"><span class=\"tb-skeleton__invisible-text\"><strong>Example trip<\/strong><\/span><\/span>\n                                    <\/div>\n                                    <div class=\"tb-calendar-v2-departure__dates\">\n                                        <div class=\"tb-calendar-v2-departure__startdate \">\n                                            <span class=\"tb-skeleton__bone\"><span class=\"tb-skeleton__invisible-text\">Monday<\/span><\/span>\n                                            <span class=\"tb-skeleton__bone\"><span class=\"tb-skeleton__invisible-text\"><strong>20 Jan 2025<\/strong><\/span><\/span>\n                                        <\/div>\n                                        <span class=\"tb-skeleton__bone\"><span class=\"tb-skeleton__invisible-text\"><i class=\"fa-solid fa-arrow-right\"><\/i><\/span><\/span>\n                                        <div class=\"tb-calendar-v2-departure__enddate\">\n                                            <span class=\"tb-skeleton__bone\"><span class=\"tb-skeleton__invisible-text\">Sunday<\/span><\/span>\n                                            <span class=\"tb-skeleton__bone\"><span class=\"tb-skeleton__invisible-text\"><strong>26 Jan 2025<\/strong><\/span><\/span>\n                                        <\/div>\n                                    <\/div>\n                                    <div class=\"tb-calendar-v2-departure__divider desktop-only tb-skeleton__bone\"><\/div>\n                                    <div class=\"tb-calendar-v2-departure__availability desktop-only\" data-availability=\"free\"><strong>\n                                            <span class=\"tb-skeleton__bone\"><span class=\"tb-skeleton__invisible-text\">Disponible<\/span><\/span>\n                                        <\/strong><\/div>\n                                    <div class=\"tb-calendar-v2-departure__spots desktop-only\">\n                                        <span class=\"tb-skeleton__bone\"><span class=\"tb-skeleton__invisible-text\">\n                                                                                             <\/span><\/span>\n                                    <\/div>\n                                <\/div>\n                                <div class=\"tb-calendar-v2-departure__last-part\">\n                                    <div class=\"tb-calendar-v2-departure__price\"><span class=\"tb-skeleton__bone\"><span class=\"tb-skeleton__invisible-text\"><strong>\u20ac 1450<\/strong><\/span><\/span><\/div>\n                                    <div class=\"tb-calendar-v2-departure__availability mobile-only\" data-availability=\"free\">\n                                        <strong>\n                                            <span class=\"tb-skeleton__bone\"><span class=\"tb-skeleton__invisible-text\">Disponible<\/span><\/span>\n                                        <\/strong>\n                                    <\/div>\n                                    <div class=\"tb-calendar-v2-departure__expand-button tb-skeleton__disabled desktop-only\" disabled>\n                                        <span class=\"tb-skeleton__bone\"><span class=\"tb-skeleton__invisible-text\"><i class=\"fa-solid fa-chevron-down\"><\/i><\/span><\/span>\n                                    <\/div>\n                                <\/div>\n                            <\/div>\n                            <div class=\"tb-calendar-v2-departure__divider mobile-only tb-skeleton__bone\"><\/div>\n                            <div class=\"tb-calendar-v2-departure__expand-button mobile-only tb-skeleton__disabled\" disabled>\n                                <span class=\"tb-skeleton__bone\"><span class=\"tb-skeleton__invisible-text\"><span class=\"more-info\">Plus d&rsquo;infos<\/span> <span class=\"less-info\">Voir moins<\/span> <i class=\"fa-solid fa-chevron-down\"><\/i><\/span><\/span>\n                            <\/div>\n                        <\/li>\n                                            <li class=\"tb-calendar-v2__departure tb-calendar-v2-departure tb-skeleton__border\" data-availability=\"free\">\n                            <div class=\"tb-calendar-v2-departure__essential\">\n                                <div class=\"tb-calendar-v2-departure__first-part\">\n                                    <div class=\"tb-calendar-v2-departure__destination desktop-only\">\n                                        <span class=\"tb-skeleton__bone\"><span class=\"tb-skeleton__invisible-text\"><strong>Example trip<\/strong><\/span><\/span>\n                                    <\/div>\n                                    <div class=\"tb-calendar-v2-departure__dates\">\n                                        <div class=\"tb-calendar-v2-departure__startdate \">\n                                            <span class=\"tb-skeleton__bone\"><span class=\"tb-skeleton__invisible-text\">Monday<\/span><\/span>\n                                            <span class=\"tb-skeleton__bone\"><span class=\"tb-skeleton__invisible-text\"><strong>20 Jan 2025<\/strong><\/span><\/span>\n                                        <\/div>\n                                        <span class=\"tb-skeleton__bone\"><span class=\"tb-skeleton__invisible-text\"><i class=\"fa-solid fa-arrow-right\"><\/i><\/span><\/span>\n                                        <div class=\"tb-calendar-v2-departure__enddate\">\n                                            <span class=\"tb-skeleton__bone\"><span class=\"tb-skeleton__invisible-text\">Sunday<\/span><\/span>\n                                            <span class=\"tb-skeleton__bone\"><span class=\"tb-skeleton__invisible-text\"><strong>26 Jan 2025<\/strong><\/span><\/span>\n                                        <\/div>\n                                    <\/div>\n                                    <div class=\"tb-calendar-v2-departure__divider desktop-only tb-skeleton__bone\"><\/div>\n                                    <div class=\"tb-calendar-v2-departure__availability desktop-only\" data-availability=\"free\"><strong>\n                                            <span class=\"tb-skeleton__bone\"><span class=\"tb-skeleton__invisible-text\">Disponible<\/span><\/span>\n                                        <\/strong><\/div>\n                                    <div class=\"tb-calendar-v2-departure__spots desktop-only\">\n                                        <span class=\"tb-skeleton__bone\"><span class=\"tb-skeleton__invisible-text\">\n                                                                                             <\/span><\/span>\n                                    <\/div>\n                                <\/div>\n                                <div class=\"tb-calendar-v2-departure__last-part\">\n                                    <div class=\"tb-calendar-v2-departure__price\"><span class=\"tb-skeleton__bone\"><span class=\"tb-skeleton__invisible-text\"><strong>\u20ac 1450<\/strong><\/span><\/span><\/div>\n                                    <div class=\"tb-calendar-v2-departure__availability mobile-only\" data-availability=\"free\">\n                                        <strong>\n                                            <span class=\"tb-skeleton__bone\"><span class=\"tb-skeleton__invisible-text\">Disponible<\/span><\/span>\n                                        <\/strong>\n                                    <\/div>\n                                    <div class=\"tb-calendar-v2-departure__expand-button tb-skeleton__disabled desktop-only\" disabled>\n                                        <span class=\"tb-skeleton__bone\"><span class=\"tb-skeleton__invisible-text\"><i class=\"fa-solid fa-chevron-down\"><\/i><\/span><\/span>\n                                    <\/div>\n                                <\/div>\n                            <\/div>\n                            <div class=\"tb-calendar-v2-departure__divider mobile-only tb-skeleton__bone\"><\/div>\n                            <div class=\"tb-calendar-v2-departure__expand-button mobile-only tb-skeleton__disabled\" disabled>\n                                <span class=\"tb-skeleton__bone\"><span class=\"tb-skeleton__invisible-text\"><span class=\"more-info\">Plus d&rsquo;infos<\/span> <span class=\"less-info\">Voir moins<\/span> <i class=\"fa-solid fa-chevron-down\"><\/i><\/span><\/span>\n                            <\/div>\n                        <\/li>\n                                    <\/ul>\n            <\/div>\n        <\/div>\n    <\/div>\n<\/div>            <div class=\"tb-calendar-v2 tb-sections\" data-calendar-data=\"{&quot;brands&quot;:[{&quot;type&quot;:&quot;brands&quot;,&quot;id&quot;:&quot;76&quot;,&quot;attributes&quot;:{&quot;name&quot;:&quot;Jordan Nomads&quot;,&quot;translatableName&quot;:{&quot;nl&quot;:&quot;Jordan Nomads&quot;,&quot;en&quot;:&quot;&quot;,&quot;fr&quot;:&quot;Jordan Nomads&quot;,&quot;de&quot;:&quot;Jordan Nomads&quot;}}}],&quot;packages&quot;:[{&quot;type&quot;:&quot;packages&quot;,&quot;id&quot;:&quot;JN-JN&quot;,&quot;attributes&quot;:{&quot;name&quot;:&quot;Jordan Nomads - Jordan Nomads &quot;,&quot;destinationName&quot;:&quot;Jordan &quot;,&quot;destinationCountry&quot;:&quot;JO&quot;,&quot;destinationTitle&quot;:{&quot;nl&quot;:&quot;Jordan &quot;,&quot;en&quot;:&quot;Jordan &quot;,&quot;fr&quot;:&quot;Jordan &quot;,&quot;de&quot;:&quot;Jordan &quot;},&quot;status&quot;:&quot;active&quot;,&quot;updatedAt&quot;:&quot;2026-03-11T16:49:33.000000Z&quot;},&quot;relationships&quot;:{&quot;brand&quot;:{&quot;data&quot;:{&quot;type&quot;:&quot;brands&quot;,&quot;id&quot;:&quot;76&quot;}}}}],&quot;departures&quot;:[{&quot;type&quot;:&quot;departures&quot;,&quot;id&quot;:&quot;t9339&quot;,&quot;attributes&quot;:{&quot;name&quot;:&quot;JN26S-W19-SUN&quot;,&quot;start&quot;:&quot;2026-05-03T10:00:00.000000Z&quot;,&quot;end&quot;:&quot;2026-05-10T12:00:00.000000Z&quot;,&quot;cheapestPrice&quot;:790,&quot;languages&quot;:[],&quot;availableSpots&quot;:15,&quot;bookedSpots&quot;:0,&quot;fakeLabel&quot;:&quot;sold out&quot;,&quot;availabilityLabel&quot;:&quot;sold out&quot;,&quot;promoLabel&quot;:&quot;&quot;,&quot;calendarToggles&quot;:[{&quot;value&quot;:&quot;Brussels&quot;,&quot;label&quot;:{&quot;en&quot;:&quot;&quot;,&quot;nl&quot;:&quot;Heen- en retourvlucht Brussels&quot;,&quot;fr&quot;:&quot;Vols aller\\\/retour depuis Bruxelles&quot;,&quot;de&quot;:&quot;&quot;},&quot;price&quot;:490,&quot;status&quot;:&quot;available&quot;,&quot;language_hidden&quot;:[],&quot;startIncrement&quot;:0,&quot;endIncrement&quot;:0,&quot;var_name&quot;:&quot;flights2&quot;,&quot;category_label&quot;:{&quot;en&quot;:&quot;&quot;,&quot;nl&quot;:&quot;Vluchten&quot;,&quot;fr&quot;:&quot;Vols&quot;,&quot;de&quot;:&quot;&quot;}},{&quot;value&quot;:&quot;Amsterdam&quot;,&quot;label&quot;:{&quot;en&quot;:&quot;&quot;,&quot;nl&quot;:&quot;Heen- en retourvlucht Amsterdam&quot;,&quot;fr&quot;:&quot;Vols aller\\\/retour depuis Amsterdam&quot;,&quot;de&quot;:&quot;&quot;},&quot;price&quot;:520,&quot;status&quot;:&quot;available&quot;,&quot;language_hidden&quot;:[],&quot;startIncrement&quot;:0,&quot;endIncrement&quot;:0,&quot;var_name&quot;:&quot;flights2&quot;,&quot;category_label&quot;:{&quot;en&quot;:&quot;&quot;,&quot;nl&quot;:&quot;Vluchten&quot;,&quot;fr&quot;:&quot;Vols&quot;,&quot;de&quot;:&quot;&quot;}},{&quot;value&quot;:&quot;Dusseldorf&quot;,&quot;label&quot;:{&quot;en&quot;:&quot;&quot;,&quot;nl&quot;:&quot;Heen- en retourvlucht D\\u00fcsseldorf&quot;,&quot;fr&quot;:&quot;Vols aller\\\/retour depuis Dusseldorf &quot;,&quot;de&quot;:&quot;&quot;},&quot;price&quot;:0,&quot;status&quot;:&quot;available&quot;,&quot;language_hidden&quot;:[],&quot;startIncrement&quot;:0,&quot;endIncrement&quot;:0,&quot;var_name&quot;:&quot;flights2&quot;,&quot;category_label&quot;:{&quot;en&quot;:&quot;&quot;,&quot;nl&quot;:&quot;Vluchten&quot;,&quot;fr&quot;:&quot;Vols&quot;,&quot;de&quot;:&quot;&quot;}},{&quot;value&quot;:&quot;Paris&quot;,&quot;label&quot;:{&quot;en&quot;:&quot;&quot;,&quot;nl&quot;:&quot;Heen- en retourvlucht Paris&quot;,&quot;fr&quot;:&quot;Vols aller\\\/retour depuis Paris&quot;,&quot;de&quot;:&quot;&quot;},&quot;price&quot;:false,&quot;status&quot;:&quot;disabled&quot;,&quot;language_hidden&quot;:[],&quot;startIncrement&quot;:0,&quot;endIncrement&quot;:0,&quot;var_name&quot;:&quot;flights2&quot;,&quot;category_label&quot;:{&quot;en&quot;:&quot;&quot;,&quot;nl&quot;:&quot;Vluchten&quot;,&quot;fr&quot;:&quot;Vols&quot;,&quot;de&quot;:&quot;&quot;}},{&quot;value&quot;:&quot;no flights&quot;,&quot;label&quot;:{&quot;en&quot;:&quot;&quot;,&quot;nl&quot;:&quot;Geen vluchten&quot;,&quot;fr&quot;:&quot;Pas de vol&quot;,&quot;de&quot;:&quot;&quot;},&quot;price&quot;:0,&quot;status&quot;:&quot;available&quot;,&quot;language_hidden&quot;:[],&quot;startIncrement&quot;:0,&quot;endIncrement&quot;:0,&quot;var_name&quot;:&quot;flights2&quot;,&quot;category_label&quot;:{&quot;en&quot;:&quot;&quot;,&quot;nl&quot;:&quot;Vluchten&quot;,&quot;fr&quot;:&quot;Vols&quot;,&quot;de&quot;:&quot;&quot;}}],&quot;bookable&quot;:false,&quot;bookingUrl&quot;:&quot;https:\\\/\\\/booking.travelbase.eu\\\/jn26s\\\/book?trip=9339&quot;,&quot;packageId&quot;:&quot;JN-JN&quot;}},{&quot;type&quot;:&quot;departures&quot;,&quot;id&quot;:&quot;t9332&quot;,&quot;attributes&quot;:{&quot;name&quot;:&quot;JN26S-W19-WED&quot;,&quot;start&quot;:&quot;2026-05-06T10:00:00.000000Z&quot;,&quot;end&quot;:&quot;2026-05-13T12:00:00.000000Z&quot;,&quot;cheapestPrice&quot;:790,&quot;languages&quot;:[],&quot;availableSpots&quot;:9,&quot;bookedSpots&quot;:0,&quot;fakeLabel&quot;:&quot;&quot;,&quot;availabilityLabel&quot;:&quot;&quot;,&quot;promoLabel&quot;:&quot;new&quot;,&quot;calendarToggles&quot;:[{&quot;value&quot;:&quot;Brussels&quot;,&quot;label&quot;:{&quot;en&quot;:&quot;&quot;,&quot;nl&quot;:&quot;Heen- en retourvlucht Brussels&quot;,&quot;fr&quot;:&quot;Vols aller\\\/retour depuis Bruxelles&quot;,&quot;de&quot;:&quot;&quot;},&quot;price&quot;:false,&quot;status&quot;:&quot;disabled&quot;,&quot;language_hidden&quot;:[],&quot;startIncrement&quot;:0,&quot;endIncrement&quot;:0,&quot;var_name&quot;:&quot;flights2&quot;,&quot;category_label&quot;:{&quot;en&quot;:&quot;&quot;,&quot;nl&quot;:&quot;Vluchten&quot;,&quot;fr&quot;:&quot;Vols&quot;,&quot;de&quot;:&quot;&quot;}},{&quot;value&quot;:&quot;Amsterdam&quot;,&quot;label&quot;:{&quot;en&quot;:&quot;&quot;,&quot;nl&quot;:&quot;Heen- en retourvlucht Amsterdam&quot;,&quot;fr&quot;:&quot;Vols aller\\\/retour depuis Amsterdam&quot;,&quot;de&quot;:&quot;&quot;},&quot;price&quot;:520,&quot;status&quot;:&quot;available&quot;,&quot;language_hidden&quot;:[],&quot;startIncrement&quot;:0,&quot;endIncrement&quot;:0,&quot;var_name&quot;:&quot;flights2&quot;,&quot;category_label&quot;:{&quot;en&quot;:&quot;&quot;,&quot;nl&quot;:&quot;Vluchten&quot;,&quot;fr&quot;:&quot;Vols&quot;,&quot;de&quot;:&quot;&quot;}},{&quot;value&quot;:&quot;Dusseldorf&quot;,&quot;label&quot;:{&quot;en&quot;:&quot;&quot;,&quot;nl&quot;:&quot;Heen- en retourvlucht D\\u00fcsseldorf&quot;,&quot;fr&quot;:&quot;Vols aller\\\/retour depuis Dusseldorf &quot;,&quot;de&quot;:&quot;&quot;},&quot;price&quot;:0,&quot;status&quot;:&quot;available&quot;,&quot;language_hidden&quot;:[],&quot;startIncrement&quot;:0,&quot;endIncrement&quot;:0,&quot;var_name&quot;:&quot;flights2&quot;,&quot;category_label&quot;:{&quot;en&quot;:&quot;&quot;,&quot;nl&quot;:&quot;Vluchten&quot;,&quot;fr&quot;:&quot;Vols&quot;,&quot;de&quot;:&quot;&quot;}},{&quot;value&quot;:&quot;Paris&quot;,&quot;label&quot;:{&quot;en&quot;:&quot;&quot;,&quot;nl&quot;:&quot;Heen- en retourvlucht Paris&quot;,&quot;fr&quot;:&quot;Vols aller\\\/retour depuis Paris&quot;,&quot;de&quot;:&quot;&quot;},&quot;price&quot;:520,&quot;status&quot;:&quot;available&quot;,&quot;language_hidden&quot;:[],&quot;startIncrement&quot;:0,&quot;endIncrement&quot;:0,&quot;var_name&quot;:&quot;flights2&quot;,&quot;category_label&quot;:{&quot;en&quot;:&quot;&quot;,&quot;nl&quot;:&quot;Vluchten&quot;,&quot;fr&quot;:&quot;Vols&quot;,&quot;de&quot;:&quot;&quot;}},{&quot;value&quot;:&quot;no flights&quot;,&quot;label&quot;:{&quot;en&quot;:&quot;&quot;,&quot;nl&quot;:&quot;Geen vluchten&quot;,&quot;fr&quot;:&quot;Pas de vol&quot;,&quot;de&quot;:&quot;&quot;},&quot;price&quot;:0,&quot;status&quot;:&quot;available&quot;,&quot;language_hidden&quot;:[],&quot;startIncrement&quot;:0,&quot;endIncrement&quot;:0,&quot;var_name&quot;:&quot;flights2&quot;,&quot;category_label&quot;:{&quot;en&quot;:&quot;&quot;,&quot;nl&quot;:&quot;Vluchten&quot;,&quot;fr&quot;:&quot;Vols&quot;,&quot;de&quot;:&quot;&quot;}}],&quot;bookable&quot;:true,&quot;bookingUrl&quot;:&quot;https:\\\/\\\/booking.travelbase.eu\\\/jn26s\\\/book?trip=9332&quot;,&quot;packageId&quot;:&quot;JN-JN&quot;}},{&quot;type&quot;:&quot;departures&quot;,&quot;id&quot;:&quot;t9340&quot;,&quot;attributes&quot;:{&quot;name&quot;:&quot;JN26S-W20-SUN&quot;,&quot;start&quot;:&quot;2026-05-10T10:00:00.000000Z&quot;,&quot;end&quot;:&quot;2026-05-17T12:00:00.000000Z&quot;,&quot;cheapestPrice&quot;:790,&quot;languages&quot;:[],&quot;availableSpots&quot;:7,&quot;bookedSpots&quot;:2,&quot;fakeLabel&quot;:&quot;last stock&quot;,&quot;availabilityLabel&quot;:&quot;last spots&quot;,&quot;promoLabel&quot;:&quot;&quot;,&quot;calendarToggles&quot;:[{&quot;value&quot;:&quot;Brussels&quot;,&quot;label&quot;:{&quot;en&quot;:&quot;&quot;,&quot;nl&quot;:&quot;Heen- en retourvlucht Brussels&quot;,&quot;fr&quot;:&quot;Vols aller\\\/retour depuis Bruxelles&quot;,&quot;de&quot;:&quot;&quot;},&quot;price&quot;:490,&quot;status&quot;:&quot;available&quot;,&quot;language_hidden&quot;:[],&quot;startIncrement&quot;:0,&quot;endIncrement&quot;:0,&quot;var_name&quot;:&quot;flights2&quot;,&quot;category_label&quot;:{&quot;en&quot;:&quot;&quot;,&quot;nl&quot;:&quot;Vluchten&quot;,&quot;fr&quot;:&quot;Vols&quot;,&quot;de&quot;:&quot;&quot;}},{&quot;value&quot;:&quot;Amsterdam&quot;,&quot;label&quot;:{&quot;en&quot;:&quot;&quot;,&quot;nl&quot;:&quot;Heen- en retourvlucht Amsterdam&quot;,&quot;fr&quot;:&quot;Vols aller\\\/retour depuis Amsterdam&quot;,&quot;de&quot;:&quot;&quot;},&quot;price&quot;:490,&quot;status&quot;:&quot;available&quot;,&quot;language_hidden&quot;:[],&quot;startIncrement&quot;:0,&quot;endIncrement&quot;:0,&quot;var_name&quot;:&quot;flights2&quot;,&quot;category_label&quot;:{&quot;en&quot;:&quot;&quot;,&quot;nl&quot;:&quot;Vluchten&quot;,&quot;fr&quot;:&quot;Vols&quot;,&quot;de&quot;:&quot;&quot;}},{&quot;value&quot;:&quot;Dusseldorf&quot;,&quot;label&quot;:{&quot;en&quot;:&quot;&quot;,&quot;nl&quot;:&quot;Heen- en retourvlucht D\\u00fcsseldorf&quot;,&quot;fr&quot;:&quot;Vols aller\\\/retour depuis Dusseldorf &quot;,&quot;de&quot;:&quot;&quot;},&quot;price&quot;:0,&quot;status&quot;:&quot;available&quot;,&quot;language_hidden&quot;:[],&quot;startIncrement&quot;:0,&quot;endIncrement&quot;:0,&quot;var_name&quot;:&quot;flights2&quot;,&quot;category_label&quot;:{&quot;en&quot;:&quot;&quot;,&quot;nl&quot;:&quot;Vluchten&quot;,&quot;fr&quot;:&quot;Vols&quot;,&quot;de&quot;:&quot;&quot;}},{&quot;value&quot;:&quot;Paris&quot;,&quot;label&quot;:{&quot;en&quot;:&quot;&quot;,&quot;nl&quot;:&quot;Heen- en retourvlucht Paris&quot;,&quot;fr&quot;:&quot;Vols aller\\\/retour depuis Paris&quot;,&quot;de&quot;:&quot;&quot;},&quot;price&quot;:false,&quot;status&quot;:&quot;disabled&quot;,&quot;language_hidden&quot;:[],&quot;startIncrement&quot;:0,&quot;endIncrement&quot;:0,&quot;var_name&quot;:&quot;flights2&quot;,&quot;category_label&quot;:{&quot;en&quot;:&quot;&quot;,&quot;nl&quot;:&quot;Vluchten&quot;,&quot;fr&quot;:&quot;Vols&quot;,&quot;de&quot;:&quot;&quot;}},{&quot;value&quot;:&quot;no flights&quot;,&quot;label&quot;:{&quot;en&quot;:&quot;&quot;,&quot;nl&quot;:&quot;Geen vluchten&quot;,&quot;fr&quot;:&quot;Pas de vol&quot;,&quot;de&quot;:&quot;&quot;},&quot;price&quot;:0,&quot;status&quot;:&quot;available&quot;,&quot;language_hidden&quot;:[],&quot;startIncrement&quot;:0,&quot;endIncrement&quot;:0,&quot;var_name&quot;:&quot;flights2&quot;,&quot;category_label&quot;:{&quot;en&quot;:&quot;&quot;,&quot;nl&quot;:&quot;Vluchten&quot;,&quot;fr&quot;:&quot;Vols&quot;,&quot;de&quot;:&quot;&quot;}}],&quot;bookable&quot;:true,&quot;bookingUrl&quot;:&quot;https:\\\/\\\/booking.travelbase.eu\\\/jn26s\\\/book?trip=9340&quot;,&quot;packageId&quot;:&quot;JN-JN&quot;}},{&quot;type&quot;:&quot;departures&quot;,&quot;id&quot;:&quot;t9333&quot;,&quot;attributes&quot;:{&quot;name&quot;:&quot;JN26S-W20-WED&quot;,&quot;start&quot;:&quot;2026-05-13T10:00:00.000000Z&quot;,&quot;end&quot;:&quot;2026-05-20T12:00:00.000000Z&quot;,&quot;cheapestPrice&quot;:790,&quot;languages&quot;:[],&quot;availableSpots&quot;:9,&quot;bookedSpots&quot;:0,&quot;fakeLabel&quot;:&quot;sold out&quot;,&quot;availabilityLabel&quot;:&quot;sold out&quot;,&quot;promoLabel&quot;:&quot;&quot;,&quot;calendarToggles&quot;:[{&quot;value&quot;:&quot;Brussels&quot;,&quot;label&quot;:{&quot;en&quot;:&quot;&quot;,&quot;nl&quot;:&quot;Heen- en retourvlucht Brussels&quot;,&quot;fr&quot;:&quot;Vols aller\\\/retour depuis Bruxelles&quot;,&quot;de&quot;:&quot;&quot;},&quot;price&quot;:false,&quot;status&quot;:&quot;disabled&quot;,&quot;language_hidden&quot;:[],&quot;startIncrement&quot;:0,&quot;endIncrement&quot;:0,&quot;var_name&quot;:&quot;flights2&quot;,&quot;category_label&quot;:{&quot;en&quot;:&quot;&quot;,&quot;nl&quot;:&quot;Vluchten&quot;,&quot;fr&quot;:&quot;Vols&quot;,&quot;de&quot;:&quot;&quot;}},{&quot;value&quot;:&quot;Amsterdam&quot;,&quot;label&quot;:{&quot;en&quot;:&quot;&quot;,&quot;nl&quot;:&quot;Heen- en retourvlucht Amsterdam&quot;,&quot;fr&quot;:&quot;Vols aller\\\/retour depuis Amsterdam&quot;,&quot;de&quot;:&quot;&quot;},&quot;price&quot;:520,&quot;status&quot;:&quot;available&quot;,&quot;language_hidden&quot;:[],&quot;startIncrement&quot;:0,&quot;endIncrement&quot;:0,&quot;var_name&quot;:&quot;flights2&quot;,&quot;category_label&quot;:{&quot;en&quot;:&quot;&quot;,&quot;nl&quot;:&quot;Vluchten&quot;,&quot;fr&quot;:&quot;Vols&quot;,&quot;de&quot;:&quot;&quot;}},{&quot;value&quot;:&quot;Dusseldorf&quot;,&quot;label&quot;:{&quot;en&quot;:&quot;&quot;,&quot;nl&quot;:&quot;Heen- en retourvlucht D\\u00fcsseldorf&quot;,&quot;fr&quot;:&quot;Vols aller\\\/retour depuis Dusseldorf &quot;,&quot;de&quot;:&quot;&quot;},&quot;price&quot;:0,&quot;status&quot;:&quot;available&quot;,&quot;language_hidden&quot;:[],&quot;startIncrement&quot;:0,&quot;endIncrement&quot;:0,&quot;var_name&quot;:&quot;flights2&quot;,&quot;category_label&quot;:{&quot;en&quot;:&quot;&quot;,&quot;nl&quot;:&quot;Vluchten&quot;,&quot;fr&quot;:&quot;Vols&quot;,&quot;de&quot;:&quot;&quot;}},{&quot;value&quot;:&quot;Paris&quot;,&quot;label&quot;:{&quot;en&quot;:&quot;&quot;,&quot;nl&quot;:&quot;Heen- en retourvlucht Paris&quot;,&quot;fr&quot;:&quot;Vols aller\\\/retour depuis Paris&quot;,&quot;de&quot;:&quot;&quot;},&quot;price&quot;:520,&quot;status&quot;:&quot;available&quot;,&quot;language_hidden&quot;:[],&quot;startIncrement&quot;:0,&quot;endIncrement&quot;:0,&quot;var_name&quot;:&quot;flights2&quot;,&quot;category_label&quot;:{&quot;en&quot;:&quot;&quot;,&quot;nl&quot;:&quot;Vluchten&quot;,&quot;fr&quot;:&quot;Vols&quot;,&quot;de&quot;:&quot;&quot;}},{&quot;value&quot;:&quot;no flights&quot;,&quot;label&quot;:{&quot;en&quot;:&quot;&quot;,&quot;nl&quot;:&quot;Geen vluchten&quot;,&quot;fr&quot;:&quot;Pas de vol&quot;,&quot;de&quot;:&quot;&quot;},&quot;price&quot;:0,&quot;status&quot;:&quot;available&quot;,&quot;language_hidden&quot;:[],&quot;startIncrement&quot;:0,&quot;endIncrement&quot;:0,&quot;var_name&quot;:&quot;flights2&quot;,&quot;category_label&quot;:{&quot;en&quot;:&quot;&quot;,&quot;nl&quot;:&quot;Vluchten&quot;,&quot;fr&quot;:&quot;Vols&quot;,&quot;de&quot;:&quot;&quot;}}],&quot;bookable&quot;:false,&quot;bookingUrl&quot;:&quot;https:\\\/\\\/booking.travelbase.eu\\\/jn26s\\\/book?trip=9333&quot;,&quot;packageId&quot;:&quot;JN-JN&quot;}},{&quot;type&quot;:&quot;departures&quot;,&quot;id&quot;:&quot;t9341&quot;,&quot;attributes&quot;:{&quot;name&quot;:&quot;JN26S-W21-SUN&quot;,&quot;start&quot;:&quot;2026-05-17T10:00:00.000000Z&quot;,&quot;end&quot;:&quot;2026-05-24T12:00:00.000000Z&quot;,&quot;cheapestPrice&quot;:750,&quot;languages&quot;:[],&quot;availableSpots&quot;:7,&quot;bookedSpots&quot;:2,&quot;fakeLabel&quot;:&quot;&quot;,&quot;availabilityLabel&quot;:&quot;&quot;,&quot;promoLabel&quot;:&quot;&quot;,&quot;calendarToggles&quot;:[{&quot;value&quot;:&quot;Brussels&quot;,&quot;label&quot;:{&quot;en&quot;:&quot;&quot;,&quot;nl&quot;:&quot;Heen- en retourvlucht Brussels&quot;,&quot;fr&quot;:&quot;Vols aller\\\/retour depuis Bruxelles&quot;,&quot;de&quot;:&quot;&quot;},&quot;price&quot;:510,&quot;status&quot;:&quot;available&quot;,&quot;language_hidden&quot;:[],&quot;startIncrement&quot;:0,&quot;endIncrement&quot;:0,&quot;var_name&quot;:&quot;flights2&quot;,&quot;category_label&quot;:{&quot;en&quot;:&quot;&quot;,&quot;nl&quot;:&quot;Vluchten&quot;,&quot;fr&quot;:&quot;Vols&quot;,&quot;de&quot;:&quot;&quot;}},{&quot;value&quot;:&quot;Amsterdam&quot;,&quot;label&quot;:{&quot;en&quot;:&quot;&quot;,&quot;nl&quot;:&quot;Heen- en retourvlucht Amsterdam&quot;,&quot;fr&quot;:&quot;Vols aller\\\/retour depuis Amsterdam&quot;,&quot;de&quot;:&quot;&quot;},&quot;price&quot;:560,&quot;status&quot;:&quot;available&quot;,&quot;language_hidden&quot;:[],&quot;startIncrement&quot;:0,&quot;endIncrement&quot;:0,&quot;var_name&quot;:&quot;flights2&quot;,&quot;category_label&quot;:{&quot;en&quot;:&quot;&quot;,&quot;nl&quot;:&quot;Vluchten&quot;,&quot;fr&quot;:&quot;Vols&quot;,&quot;de&quot;:&quot;&quot;}},{&quot;value&quot;:&quot;Dusseldorf&quot;,&quot;label&quot;:{&quot;en&quot;:&quot;&quot;,&quot;nl&quot;:&quot;Heen- en retourvlucht D\\u00fcsseldorf&quot;,&quot;fr&quot;:&quot;Vols aller\\\/retour depuis Dusseldorf &quot;,&quot;de&quot;:&quot;&quot;},&quot;price&quot;:0,&quot;status&quot;:&quot;available&quot;,&quot;language_hidden&quot;:[],&quot;startIncrement&quot;:0,&quot;endIncrement&quot;:0,&quot;var_name&quot;:&quot;flights2&quot;,&quot;category_label&quot;:{&quot;en&quot;:&quot;&quot;,&quot;nl&quot;:&quot;Vluchten&quot;,&quot;fr&quot;:&quot;Vols&quot;,&quot;de&quot;:&quot;&quot;}},{&quot;value&quot;:&quot;Paris&quot;,&quot;label&quot;:{&quot;en&quot;:&quot;&quot;,&quot;nl&quot;:&quot;Heen- en retourvlucht Paris&quot;,&quot;fr&quot;:&quot;Vols aller\\\/retour depuis Paris&quot;,&quot;de&quot;:&quot;&quot;},&quot;price&quot;:false,&quot;status&quot;:&quot;disabled&quot;,&quot;language_hidden&quot;:[],&quot;startIncrement&quot;:0,&quot;endIncrement&quot;:0,&quot;var_name&quot;:&quot;flights2&quot;,&quot;category_label&quot;:{&quot;en&quot;:&quot;&quot;,&quot;nl&quot;:&quot;Vluchten&quot;,&quot;fr&quot;:&quot;Vols&quot;,&quot;de&quot;:&quot;&quot;}},{&quot;value&quot;:&quot;no flights&quot;,&quot;label&quot;:{&quot;en&quot;:&quot;&quot;,&quot;nl&quot;:&quot;Geen vluchten&quot;,&quot;fr&quot;:&quot;Pas de vol&quot;,&quot;de&quot;:&quot;&quot;},&quot;price&quot;:0,&quot;status&quot;:&quot;available&quot;,&quot;language_hidden&quot;:[],&quot;startIncrement&quot;:0,&quot;endIncrement&quot;:0,&quot;var_name&quot;:&quot;flights2&quot;,&quot;category_label&quot;:{&quot;en&quot;:&quot;&quot;,&quot;nl&quot;:&quot;Vluchten&quot;,&quot;fr&quot;:&quot;Vols&quot;,&quot;de&quot;:&quot;&quot;}}],&quot;bookable&quot;:true,&quot;bookingUrl&quot;:&quot;https:\\\/\\\/booking.travelbase.eu\\\/jn26s\\\/book?trip=9341&quot;,&quot;packageId&quot;:&quot;JN-JN&quot;}},{&quot;type&quot;:&quot;departures&quot;,&quot;id&quot;:&quot;t11395&quot;,&quot;attributes&quot;:{&quot;name&quot;:&quot;JN26A-W38-WED&quot;,&quot;start&quot;:&quot;2026-09-16T10:00:00.000000Z&quot;,&quot;end&quot;:&quot;2026-09-23T12:00:00.000000Z&quot;,&quot;cheapestPrice&quot;:690,&quot;languages&quot;:[&quot;nl&quot;,&quot;fr&quot;,&quot;de&quot;],&quot;availableSpots&quot;:7,&quot;bookedSpots&quot;:4,&quot;fakeLabel&quot;:&quot;last stock&quot;,&quot;availabilityLabel&quot;:&quot;last spots&quot;,&quot;promoLabel&quot;:null,&quot;calendarToggles&quot;:[{&quot;value&quot;:&quot;Brussels&quot;,&quot;label&quot;:{&quot;en&quot;:&quot;&quot;,&quot;nl&quot;:&quot;Heen- en retourvlucht Brussel&quot;,&quot;fr&quot;:&quot;Vols aller\\\/retour depuis Bruxelles&quot;,&quot;de&quot;:&quot;Fl\\u00fcge hin\\\/zur\\u00fcck von Br\\u00fcssel&quot;},&quot;price&quot;:false,&quot;status&quot;:&quot;disabled&quot;,&quot;language_hidden&quot;:[],&quot;startIncrement&quot;:0,&quot;endIncrement&quot;:0,&quot;var_name&quot;:&quot;flights2&quot;,&quot;category_label&quot;:{&quot;en&quot;:&quot;&quot;,&quot;nl&quot;:&quot;Vluchten&quot;,&quot;fr&quot;:&quot;Vols&quot;,&quot;de&quot;:&quot;Fl\\u00fcge&quot;}},{&quot;value&quot;:&quot;Amsterdam&quot;,&quot;label&quot;:{&quot;en&quot;:&quot;&quot;,&quot;nl&quot;:&quot;Heen- en retourvlucht Amsterdam&quot;,&quot;fr&quot;:&quot;Vols aller\\\/retour depuis Amsterdam&quot;,&quot;de&quot;:&quot;Fl\\u00fcge Hin\\\/R\\u00fcck von Amsterdam&quot;},&quot;price&quot;:485,&quot;status&quot;:&quot;available&quot;,&quot;language_hidden&quot;:[],&quot;startIncrement&quot;:0,&quot;endIncrement&quot;:0,&quot;var_name&quot;:&quot;flights2&quot;,&quot;category_label&quot;:{&quot;en&quot;:&quot;&quot;,&quot;nl&quot;:&quot;Vluchten&quot;,&quot;fr&quot;:&quot;Vols&quot;,&quot;de&quot;:&quot;Fl\\u00fcge&quot;}},{&quot;value&quot;:&quot;Paris&quot;,&quot;label&quot;:{&quot;en&quot;:&quot;&quot;,&quot;nl&quot;:&quot;Heen- en retourvlucht Parijs&quot;,&quot;fr&quot;:&quot;Vols aller\\\/retour depuis Paris&quot;,&quot;de&quot;:&quot;Fl\\u00fcge Hin\\\/R\\u00fcck von Paris&quot;},&quot;price&quot;:485,&quot;status&quot;:&quot;available&quot;,&quot;language_hidden&quot;:[],&quot;startIncrement&quot;:0,&quot;endIncrement&quot;:0,&quot;var_name&quot;:&quot;flights2&quot;,&quot;category_label&quot;:{&quot;en&quot;:&quot;&quot;,&quot;nl&quot;:&quot;Vluchten&quot;,&quot;fr&quot;:&quot;Vols&quot;,&quot;de&quot;:&quot;Fl\\u00fcge&quot;}},{&quot;value&quot;:&quot;Dusseldorf&quot;,&quot;label&quot;:{&quot;en&quot;:&quot;&quot;,&quot;nl&quot;:&quot;Heen- en retourvlucht D\\u00fcsseldorf&quot;,&quot;fr&quot;:&quot;Vols aller\\\/retour depuis Dusseldorf &quot;,&quot;de&quot;:&quot;Fl\\u00fcge hin\\\/zur\\u00fcck von D\\u00fcsseldorf&quot;},&quot;price&quot;:false,&quot;status&quot;:&quot;disabled&quot;,&quot;language_hidden&quot;:[],&quot;startIncrement&quot;:0,&quot;endIncrement&quot;:0,&quot;var_name&quot;:&quot;flights2&quot;,&quot;category_label&quot;:{&quot;en&quot;:&quot;&quot;,&quot;nl&quot;:&quot;Vluchten&quot;,&quot;fr&quot;:&quot;Vols&quot;,&quot;de&quot;:&quot;Fl\\u00fcge&quot;}},{&quot;value&quot;:&quot;Frankfurt&quot;,&quot;label&quot;:{&quot;en&quot;:&quot;&quot;,&quot;nl&quot;:&quot;Heen- en retourvlucht Frankfurt&quot;,&quot;fr&quot;:&quot;Vol aller-retour vers Francfort&quot;,&quot;de&quot;:&quot;Voll Hin- und R\\u00fcckflug nach Frankfurt&quot;},&quot;price&quot;:1059,&quot;status&quot;:&quot;available&quot;,&quot;language_hidden&quot;:[],&quot;startIncrement&quot;:0,&quot;endIncrement&quot;:0,&quot;var_name&quot;:&quot;flights2&quot;,&quot;category_label&quot;:{&quot;en&quot;:&quot;&quot;,&quot;nl&quot;:&quot;Vluchten&quot;,&quot;fr&quot;:&quot;Vols&quot;,&quot;de&quot;:&quot;Fl\\u00fcge&quot;}},{&quot;value&quot;:&quot;Berlin&quot;,&quot;label&quot;:{&quot;en&quot;:&quot;&quot;,&quot;nl&quot;:&quot;Heen- en retourvlucht Berlijn&quot;,&quot;fr&quot;:&quot;Vol aller-retour pour Berlin&quot;,&quot;de&quot;:&quot;Vol Hin- und R\\u00fcckflug nach Berlin&quot;},&quot;price&quot;:511,&quot;status&quot;:&quot;available&quot;,&quot;language_hidden&quot;:[],&quot;startIncrement&quot;:0,&quot;endIncrement&quot;:0,&quot;var_name&quot;:&quot;flights2&quot;,&quot;category_label&quot;:{&quot;en&quot;:&quot;&quot;,&quot;nl&quot;:&quot;Vluchten&quot;,&quot;fr&quot;:&quot;Vols&quot;,&quot;de&quot;:&quot;Fl\\u00fcge&quot;}},{&quot;value&quot;:&quot;Hamburg&quot;,&quot;label&quot;:{&quot;en&quot;:&quot;&quot;,&quot;nl&quot;:&quot;Heen- en retourvlucht Hamburg&quot;,&quot;fr&quot;:&quot;Vol aller-retour pour Hambourg&quot;,&quot;de&quot;:&quot;Voll Hin- und R\\u00fcckfahrt nach Hamburg&quot;},&quot;price&quot;:700,&quot;status&quot;:&quot;available&quot;,&quot;language_hidden&quot;:[],&quot;startIncrement&quot;:0,&quot;endIncrement&quot;:0,&quot;var_name&quot;:&quot;flights2&quot;,&quot;category_label&quot;:{&quot;en&quot;:&quot;&quot;,&quot;nl&quot;:&quot;Vluchten&quot;,&quot;fr&quot;:&quot;Vols&quot;,&quot;de&quot;:&quot;Fl\\u00fcge&quot;}},{&quot;value&quot;:&quot;M\\u00fcnchen&quot;,&quot;label&quot;:{&quot;en&quot;:&quot;&quot;,&quot;nl&quot;:&quot;Heen- en retourvlucht M\\u00fcnchen&quot;,&quot;fr&quot;:&quot;Vol aller-retour pour Munich&quot;,&quot;de&quot;:&quot;Voll retour nach M\\u00fcnchen&quot;},&quot;price&quot;:990,&quot;status&quot;:&quot;available&quot;,&quot;language_hidden&quot;:[],&quot;startIncrement&quot;:0,&quot;endIncrement&quot;:0,&quot;var_name&quot;:&quot;flights2&quot;,&quot;category_label&quot;:{&quot;en&quot;:&quot;&quot;,&quot;nl&quot;:&quot;Vluchten&quot;,&quot;fr&quot;:&quot;Vols&quot;,&quot;de&quot;:&quot;Fl\\u00fcge&quot;}},{&quot;value&quot;:&quot;no flights&quot;,&quot;label&quot;:{&quot;en&quot;:&quot;&quot;,&quot;nl&quot;:&quot;Geen vluchten&quot;,&quot;fr&quot;:&quot;Pas de vol&quot;,&quot;de&quot;:&quot;Keine Pl\\u00e4tze mehr&quot;},&quot;price&quot;:0,&quot;status&quot;:&quot;available&quot;,&quot;language_hidden&quot;:[],&quot;startIncrement&quot;:0,&quot;endIncrement&quot;:0,&quot;var_name&quot;:&quot;flights2&quot;,&quot;category_label&quot;:{&quot;en&quot;:&quot;&quot;,&quot;nl&quot;:&quot;Vluchten&quot;,&quot;fr&quot;:&quot;Vols&quot;,&quot;de&quot;:&quot;Fl\\u00fcge&quot;}}],&quot;bookable&quot;:true,&quot;bookingUrl&quot;:&quot;https:\\\/\\\/booking.travelbase.eu\\\/jn26a\\\/book?trip=11395&quot;,&quot;packageId&quot;:&quot;JN-JN&quot;}},{&quot;type&quot;:&quot;departures&quot;,&quot;id&quot;:&quot;t11404&quot;,&quot;attributes&quot;:{&quot;name&quot;:&quot;JN26A-W39-SUN&quot;,&quot;start&quot;:&quot;2026-09-20T10:00:00.000000Z&quot;,&quot;end&quot;:&quot;2026-09-27T12:00:00.000000Z&quot;,&quot;cheapestPrice&quot;:690,&quot;languages&quot;:[&quot;nl&quot;,&quot;fr&quot;,&quot;de&quot;],&quot;availableSpots&quot;:11,&quot;bookedSpots&quot;:0,&quot;fakeLabel&quot;:&quot;&quot;,&quot;availabilityLabel&quot;:&quot;&quot;,&quot;promoLabel&quot;:null,&quot;calendarToggles&quot;:[{&quot;value&quot;:&quot;Brussels&quot;,&quot;label&quot;:{&quot;en&quot;:&quot;&quot;,&quot;nl&quot;:&quot;Heen- en retourvlucht Brussel&quot;,&quot;fr&quot;:&quot;Vols aller\\\/retour depuis Bruxelles&quot;,&quot;de&quot;:&quot;Fl\\u00fcge hin\\\/zur\\u00fcck von Br\\u00fcssel&quot;},&quot;price&quot;:470,&quot;status&quot;:&quot;available&quot;,&quot;language_hidden&quot;:[],&quot;startIncrement&quot;:0,&quot;endIncrement&quot;:0,&quot;var_name&quot;:&quot;flights2&quot;,&quot;category_label&quot;:{&quot;en&quot;:&quot;&quot;,&quot;nl&quot;:&quot;Vluchten&quot;,&quot;fr&quot;:&quot;Vols&quot;,&quot;de&quot;:&quot;Fl\\u00fcge&quot;}},{&quot;value&quot;:&quot;Amsterdam&quot;,&quot;label&quot;:{&quot;en&quot;:&quot;&quot;,&quot;nl&quot;:&quot;Heen- en retourvlucht Amsterdam&quot;,&quot;fr&quot;:&quot;Vols aller\\\/retour depuis Amsterdam&quot;,&quot;de&quot;:&quot;Fl\\u00fcge Hin\\\/R\\u00fcck von Amsterdam&quot;},&quot;price&quot;:485,&quot;status&quot;:&quot;available&quot;,&quot;language_hidden&quot;:[],&quot;startIncrement&quot;:0,&quot;endIncrement&quot;:0,&quot;var_name&quot;:&quot;flights2&quot;,&quot;category_label&quot;:{&quot;en&quot;:&quot;&quot;,&quot;nl&quot;:&quot;Vluchten&quot;,&quot;fr&quot;:&quot;Vols&quot;,&quot;de&quot;:&quot;Fl\\u00fcge&quot;}},{&quot;value&quot;:&quot;Paris&quot;,&quot;label&quot;:{&quot;en&quot;:&quot;&quot;,&quot;nl&quot;:&quot;Heen- en retourvlucht Parijs&quot;,&quot;fr&quot;:&quot;Vols aller\\\/retour depuis Paris&quot;,&quot;de&quot;:&quot;Fl\\u00fcge Hin\\\/R\\u00fcck von Paris&quot;},&quot;price&quot;:false,&quot;status&quot;:&quot;disabled&quot;,&quot;language_hidden&quot;:[],&quot;startIncrement&quot;:0,&quot;endIncrement&quot;:0,&quot;var_name&quot;:&quot;flights2&quot;,&quot;category_label&quot;:{&quot;en&quot;:&quot;&quot;,&quot;nl&quot;:&quot;Vluchten&quot;,&quot;fr&quot;:&quot;Vols&quot;,&quot;de&quot;:&quot;Fl\\u00fcge&quot;}},{&quot;value&quot;:&quot;Dusseldorf&quot;,&quot;label&quot;:{&quot;en&quot;:&quot;&quot;,&quot;nl&quot;:&quot;Heen- en retourvlucht D\\u00fcsseldorf&quot;,&quot;fr&quot;:&quot;Vols aller\\\/retour depuis Dusseldorf &quot;,&quot;de&quot;:&quot;Fl\\u00fcge hin\\\/zur\\u00fcck von D\\u00fcsseldorf&quot;},&quot;price&quot;:false,&quot;status&quot;:&quot;disabled&quot;,&quot;language_hidden&quot;:[],&quot;startIncrement&quot;:0,&quot;endIncrement&quot;:0,&quot;var_name&quot;:&quot;flights2&quot;,&quot;category_label&quot;:{&quot;en&quot;:&quot;&quot;,&quot;nl&quot;:&quot;Vluchten&quot;,&quot;fr&quot;:&quot;Vols&quot;,&quot;de&quot;:&quot;Fl\\u00fcge&quot;}},{&quot;value&quot;:&quot;Frankfurt&quot;,&quot;label&quot;:{&quot;en&quot;:&quot;&quot;,&quot;nl&quot;:&quot;Heen- en retourvlucht Frankfurt&quot;,&quot;fr&quot;:&quot;Vol aller-retour vers Francfort&quot;,&quot;de&quot;:&quot;Voll Hin- und R\\u00fcckflug nach Frankfurt&quot;},&quot;price&quot;:false,&quot;status&quot;:&quot;disabled&quot;,&quot;language_hidden&quot;:[],&quot;startIncrement&quot;:0,&quot;endIncrement&quot;:0,&quot;var_name&quot;:&quot;flights2&quot;,&quot;category_label&quot;:{&quot;en&quot;:&quot;&quot;,&quot;nl&quot;:&quot;Vluchten&quot;,&quot;fr&quot;:&quot;Vols&quot;,&quot;de&quot;:&quot;Fl\\u00fcge&quot;}},{&quot;value&quot;:&quot;Berlin&quot;,&quot;label&quot;:{&quot;en&quot;:&quot;&quot;,&quot;nl&quot;:&quot;Heen- en retourvlucht Berlijn&quot;,&quot;fr&quot;:&quot;Vol aller-retour pour Berlin&quot;,&quot;de&quot;:&quot;Vol Hin- und R\\u00fcckflug nach Berlin&quot;},&quot;price&quot;:false,&quot;status&quot;:&quot;disabled&quot;,&quot;language_hidden&quot;:[],&quot;startIncrement&quot;:0,&quot;endIncrement&quot;:0,&quot;var_name&quot;:&quot;flights2&quot;,&quot;category_label&quot;:{&quot;en&quot;:&quot;&quot;,&quot;nl&quot;:&quot;Vluchten&quot;,&quot;fr&quot;:&quot;Vols&quot;,&quot;de&quot;:&quot;Fl\\u00fcge&quot;}},{&quot;value&quot;:&quot;Hamburg&quot;,&quot;label&quot;:{&quot;en&quot;:&quot;&quot;,&quot;nl&quot;:&quot;Heen- en retourvlucht Hamburg&quot;,&quot;fr&quot;:&quot;Vol aller-retour pour Hambourg&quot;,&quot;de&quot;:&quot;Voll Hin- und R\\u00fcckfahrt nach Hamburg&quot;},&quot;price&quot;:false,&quot;status&quot;:&quot;disabled&quot;,&quot;language_hidden&quot;:[],&quot;startIncrement&quot;:0,&quot;endIncrement&quot;:0,&quot;var_name&quot;:&quot;flights2&quot;,&quot;category_label&quot;:{&quot;en&quot;:&quot;&quot;,&quot;nl&quot;:&quot;Vluchten&quot;,&quot;fr&quot;:&quot;Vols&quot;,&quot;de&quot;:&quot;Fl\\u00fcge&quot;}},{&quot;value&quot;:&quot;M\\u00fcnchen&quot;,&quot;label&quot;:{&quot;en&quot;:&quot;&quot;,&quot;nl&quot;:&quot;Heen- en retourvlucht M\\u00fcnchen&quot;,&quot;fr&quot;:&quot;Vol aller-retour pour Munich&quot;,&quot;de&quot;:&quot;Voll retour nach M\\u00fcnchen&quot;},&quot;price&quot;:false,&quot;status&quot;:&quot;disabled&quot;,&quot;language_hidden&quot;:[],&quot;startIncrement&quot;:0,&quot;endIncrement&quot;:0,&quot;var_name&quot;:&quot;flights2&quot;,&quot;category_label&quot;:{&quot;en&quot;:&quot;&quot;,&quot;nl&quot;:&quot;Vluchten&quot;,&quot;fr&quot;:&quot;Vols&quot;,&quot;de&quot;:&quot;Fl\\u00fcge&quot;}},{&quot;value&quot;:&quot;no flights&quot;,&quot;label&quot;:{&quot;en&quot;:&quot;&quot;,&quot;nl&quot;:&quot;Geen vluchten&quot;,&quot;fr&quot;:&quot;Pas de vol&quot;,&quot;de&quot;:&quot;Keine Pl\\u00e4tze mehr&quot;},&quot;price&quot;:0,&quot;status&quot;:&quot;available&quot;,&quot;language_hidden&quot;:[],&quot;startIncrement&quot;:0,&quot;endIncrement&quot;:0,&quot;var_name&quot;:&quot;flights2&quot;,&quot;category_label&quot;:{&quot;en&quot;:&quot;&quot;,&quot;nl&quot;:&quot;Vluchten&quot;,&quot;fr&quot;:&quot;Vols&quot;,&quot;de&quot;:&quot;Fl\\u00fcge&quot;}}],&quot;bookable&quot;:true,&quot;bookingUrl&quot;:&quot;https:\\\/\\\/booking.travelbase.eu\\\/jn26a\\\/book?trip=11404&quot;,&quot;packageId&quot;:&quot;JN-JN&quot;}},{&quot;type&quot;:&quot;departures&quot;,&quot;id&quot;:&quot;t11396&quot;,&quot;attributes&quot;:{&quot;name&quot;:&quot;JN26A-W39-WED&quot;,&quot;start&quot;:&quot;2026-09-23T10:00:00.000000Z&quot;,&quot;end&quot;:&quot;2026-09-30T12:00:00.000000Z&quot;,&quot;cheapestPrice&quot;:690,&quot;languages&quot;:[&quot;nl&quot;,&quot;fr&quot;,&quot;de&quot;],&quot;availableSpots&quot;:11,&quot;bookedSpots&quot;:0,&quot;fakeLabel&quot;:&quot;&quot;,&quot;availabilityLabel&quot;:&quot;&quot;,&quot;promoLabel&quot;:null,&quot;calendarToggles&quot;:[{&quot;value&quot;:&quot;Brussels&quot;,&quot;label&quot;:{&quot;en&quot;:&quot;&quot;,&quot;nl&quot;:&quot;Heen- en retourvlucht Brussel&quot;,&quot;fr&quot;:&quot;Vols aller\\\/retour depuis Bruxelles&quot;,&quot;de&quot;:&quot;Fl\\u00fcge hin\\\/zur\\u00fcck von Br\\u00fcssel&quot;},&quot;price&quot;:false,&quot;status&quot;:&quot;disabled&quot;,&quot;language_hidden&quot;:[],&quot;startIncrement&quot;:0,&quot;endIncrement&quot;:0,&quot;var_name&quot;:&quot;flights2&quot;,&quot;category_label&quot;:{&quot;en&quot;:&quot;&quot;,&quot;nl&quot;:&quot;Vluchten&quot;,&quot;fr&quot;:&quot;Vols&quot;,&quot;de&quot;:&quot;Fl\\u00fcge&quot;}},{&quot;value&quot;:&quot;Amsterdam&quot;,&quot;label&quot;:{&quot;en&quot;:&quot;&quot;,&quot;nl&quot;:&quot;Heen- en retourvlucht Amsterdam&quot;,&quot;fr&quot;:&quot;Vols aller\\\/retour depuis Amsterdam&quot;,&quot;de&quot;:&quot;Fl\\u00fcge Hin\\\/R\\u00fcck von Amsterdam&quot;},&quot;price&quot;:485,&quot;status&quot;:&quot;available&quot;,&quot;language_hidden&quot;:[],&quot;startIncrement&quot;:0,&quot;endIncrement&quot;:0,&quot;var_name&quot;:&quot;flights2&quot;,&quot;category_label&quot;:{&quot;en&quot;:&quot;&quot;,&quot;nl&quot;:&quot;Vluchten&quot;,&quot;fr&quot;:&quot;Vols&quot;,&quot;de&quot;:&quot;Fl\\u00fcge&quot;}},{&quot;value&quot;:&quot;Paris&quot;,&quot;label&quot;:{&quot;en&quot;:&quot;&quot;,&quot;nl&quot;:&quot;Heen- en retourvlucht Parijs&quot;,&quot;fr&quot;:&quot;Vols aller\\\/retour depuis Paris&quot;,&quot;de&quot;:&quot;Fl\\u00fcge Hin\\\/R\\u00fcck von Paris&quot;},&quot;price&quot;:485,&quot;status&quot;:&quot;available&quot;,&quot;language_hidden&quot;:[],&quot;startIncrement&quot;:0,&quot;endIncrement&quot;:0,&quot;var_name&quot;:&quot;flights2&quot;,&quot;category_label&quot;:{&quot;en&quot;:&quot;&quot;,&quot;nl&quot;:&quot;Vluchten&quot;,&quot;fr&quot;:&quot;Vols&quot;,&quot;de&quot;:&quot;Fl\\u00fcge&quot;}},{&quot;value&quot;:&quot;Dusseldorf&quot;,&quot;label&quot;:{&quot;en&quot;:&quot;&quot;,&quot;nl&quot;:&quot;Heen- en retourvlucht D\\u00fcsseldorf&quot;,&quot;fr&quot;:&quot;Vols aller\\\/retour depuis Dusseldorf &quot;,&quot;de&quot;:&quot;Fl\\u00fcge hin\\\/zur\\u00fcck von D\\u00fcsseldorf&quot;},&quot;price&quot;:false,&quot;status&quot;:&quot;disabled&quot;,&quot;language_hidden&quot;:[],&quot;startIncrement&quot;:0,&quot;endIncrement&quot;:0,&quot;var_name&quot;:&quot;flights2&quot;,&quot;category_label&quot;:{&quot;en&quot;:&quot;&quot;,&quot;nl&quot;:&quot;Vluchten&quot;,&quot;fr&quot;:&quot;Vols&quot;,&quot;de&quot;:&quot;Fl\\u00fcge&quot;}},{&quot;value&quot;:&quot;Frankfurt&quot;,&quot;label&quot;:{&quot;en&quot;:&quot;&quot;,&quot;nl&quot;:&quot;Heen- en retourvlucht Frankfurt&quot;,&quot;fr&quot;:&quot;Vol aller-retour vers Francfort&quot;,&quot;de&quot;:&quot;Voll Hin- und R\\u00fcckflug nach Frankfurt&quot;},&quot;price&quot;:false,&quot;status&quot;:&quot;disabled&quot;,&quot;language_hidden&quot;:[],&quot;startIncrement&quot;:0,&quot;endIncrement&quot;:0,&quot;var_name&quot;:&quot;flights2&quot;,&quot;category_label&quot;:{&quot;en&quot;:&quot;&quot;,&quot;nl&quot;:&quot;Vluchten&quot;,&quot;fr&quot;:&quot;Vols&quot;,&quot;de&quot;:&quot;Fl\\u00fcge&quot;}},{&quot;value&quot;:&quot;Berlin&quot;,&quot;label&quot;:{&quot;en&quot;:&quot;&quot;,&quot;nl&quot;:&quot;Heen- en retourvlucht Berlijn&quot;,&quot;fr&quot;:&quot;Vol aller-retour pour Berlin&quot;,&quot;de&quot;:&quot;Vol Hin- und R\\u00fcckflug nach Berlin&quot;},&quot;price&quot;:501,&quot;status&quot;:&quot;available&quot;,&quot;language_hidden&quot;:[],&quot;startIncrement&quot;:0,&quot;endIncrement&quot;:0,&quot;var_name&quot;:&quot;flights2&quot;,&quot;category_label&quot;:{&quot;en&quot;:&quot;&quot;,&quot;nl&quot;:&quot;Vluchten&quot;,&quot;fr&quot;:&quot;Vols&quot;,&quot;de&quot;:&quot;Fl\\u00fcge&quot;}},{&quot;value&quot;:&quot;Hamburg&quot;,&quot;label&quot;:{&quot;en&quot;:&quot;&quot;,&quot;nl&quot;:&quot;Heen- en retourvlucht Hamburg&quot;,&quot;fr&quot;:&quot;Vol aller-retour pour Hambourg&quot;,&quot;de&quot;:&quot;Voll Hin- und R\\u00fcckfahrt nach Hamburg&quot;},&quot;price&quot;:700,&quot;status&quot;:&quot;available&quot;,&quot;language_hidden&quot;:[],&quot;startIncrement&quot;:0,&quot;endIncrement&quot;:0,&quot;var_name&quot;:&quot;flights2&quot;,&quot;category_label&quot;:{&quot;en&quot;:&quot;&quot;,&quot;nl&quot;:&quot;Vluchten&quot;,&quot;fr&quot;:&quot;Vols&quot;,&quot;de&quot;:&quot;Fl\\u00fcge&quot;}},{&quot;value&quot;:&quot;M\\u00fcnchen&quot;,&quot;label&quot;:{&quot;en&quot;:&quot;&quot;,&quot;nl&quot;:&quot;Heen- en retourvlucht M\\u00fcnchen&quot;,&quot;fr&quot;:&quot;Vol aller-retour pour Munich&quot;,&quot;de&quot;:&quot;Voll retour nach M\\u00fcnchen&quot;},&quot;price&quot;:990,&quot;status&quot;:&quot;available&quot;,&quot;language_hidden&quot;:[],&quot;startIncrement&quot;:0,&quot;endIncrement&quot;:0,&quot;var_name&quot;:&quot;flights2&quot;,&quot;category_label&quot;:{&quot;en&quot;:&quot;&quot;,&quot;nl&quot;:&quot;Vluchten&quot;,&quot;fr&quot;:&quot;Vols&quot;,&quot;de&quot;:&quot;Fl\\u00fcge&quot;}},{&quot;value&quot;:&quot;no flights&quot;,&quot;label&quot;:{&quot;en&quot;:&quot;&quot;,&quot;nl&quot;:&quot;Geen vluchten&quot;,&quot;fr&quot;:&quot;Pas de vol&quot;,&quot;de&quot;:&quot;Keine Pl\\u00e4tze mehr&quot;},&quot;price&quot;:0,&quot;status&quot;:&quot;available&quot;,&quot;language_hidden&quot;:[],&quot;startIncrement&quot;:0,&quot;endIncrement&quot;:0,&quot;var_name&quot;:&quot;flights2&quot;,&quot;category_label&quot;:{&quot;en&quot;:&quot;&quot;,&quot;nl&quot;:&quot;Vluchten&quot;,&quot;fr&quot;:&quot;Vols&quot;,&quot;de&quot;:&quot;Fl\\u00fcge&quot;}}],&quot;bookable&quot;:true,&quot;bookingUrl&quot;:&quot;https:\\\/\\\/booking.travelbase.eu\\\/jn26a\\\/book?trip=11396&quot;,&quot;packageId&quot;:&quot;JN-JN&quot;}},{&quot;type&quot;:&quot;departures&quot;,&quot;id&quot;:&quot;t11405&quot;,&quot;attributes&quot;:{&quot;name&quot;:&quot;JN26A-W40-SUN&quot;,&quot;start&quot;:&quot;2026-09-27T10:00:00.000000Z&quot;,&quot;end&quot;:&quot;2026-10-04T12:00:00.000000Z&quot;,&quot;cheapestPrice&quot;:690,&quot;languages&quot;:[&quot;nl&quot;,&quot;fr&quot;,&quot;de&quot;],&quot;availableSpots&quot;:7,&quot;bookedSpots&quot;:2,&quot;fakeLabel&quot;:&quot;&quot;,&quot;availabilityLabel&quot;:&quot;&quot;,&quot;promoLabel&quot;:null,&quot;calendarToggles&quot;:[{&quot;value&quot;:&quot;Brussels&quot;,&quot;label&quot;:{&quot;en&quot;:&quot;&quot;,&quot;nl&quot;:&quot;Heen- en retourvlucht Brussel&quot;,&quot;fr&quot;:&quot;Vols aller\\\/retour depuis Bruxelles&quot;,&quot;de&quot;:&quot;Fl\\u00fcge hin\\\/zur\\u00fcck von Br\\u00fcssel&quot;},&quot;price&quot;:495,&quot;status&quot;:&quot;available&quot;,&quot;language_hidden&quot;:[],&quot;startIncrement&quot;:0,&quot;endIncrement&quot;:0,&quot;var_name&quot;:&quot;flights2&quot;,&quot;category_label&quot;:{&quot;en&quot;:&quot;&quot;,&quot;nl&quot;:&quot;Vluchten&quot;,&quot;fr&quot;:&quot;Vols&quot;,&quot;de&quot;:&quot;Fl\\u00fcge&quot;}},{&quot;value&quot;:&quot;Amsterdam&quot;,&quot;label&quot;:{&quot;en&quot;:&quot;&quot;,&quot;nl&quot;:&quot;Heen- en retourvlucht Amsterdam&quot;,&quot;fr&quot;:&quot;Vols aller\\\/retour depuis Amsterdam&quot;,&quot;de&quot;:&quot;Fl\\u00fcge Hin\\\/R\\u00fcck von Amsterdam&quot;},&quot;price&quot;:495,&quot;status&quot;:&quot;available&quot;,&quot;language_hidden&quot;:[],&quot;startIncrement&quot;:0,&quot;endIncrement&quot;:0,&quot;var_name&quot;:&quot;flights2&quot;,&quot;category_label&quot;:{&quot;en&quot;:&quot;&quot;,&quot;nl&quot;:&quot;Vluchten&quot;,&quot;fr&quot;:&quot;Vols&quot;,&quot;de&quot;:&quot;Fl\\u00fcge&quot;}},{&quot;value&quot;:&quot;Paris&quot;,&quot;label&quot;:{&quot;en&quot;:&quot;&quot;,&quot;nl&quot;:&quot;Heen- en retourvlucht Parijs&quot;,&quot;fr&quot;:&quot;Vols aller\\\/retour depuis Paris&quot;,&quot;de&quot;:&quot;Fl\\u00fcge Hin\\\/R\\u00fcck von Paris&quot;},&quot;price&quot;:false,&quot;status&quot;:&quot;disabled&quot;,&quot;language_hidden&quot;:[],&quot;startIncrement&quot;:0,&quot;endIncrement&quot;:0,&quot;var_name&quot;:&quot;flights2&quot;,&quot;category_label&quot;:{&quot;en&quot;:&quot;&quot;,&quot;nl&quot;:&quot;Vluchten&quot;,&quot;fr&quot;:&quot;Vols&quot;,&quot;de&quot;:&quot;Fl\\u00fcge&quot;}},{&quot;value&quot;:&quot;Dusseldorf&quot;,&quot;label&quot;:{&quot;en&quot;:&quot;&quot;,&quot;nl&quot;:&quot;Heen- en retourvlucht D\\u00fcsseldorf&quot;,&quot;fr&quot;:&quot;Vols aller\\\/retour depuis Dusseldorf &quot;,&quot;de&quot;:&quot;Fl\\u00fcge hin\\\/zur\\u00fcck von D\\u00fcsseldorf&quot;},&quot;price&quot;:false,&quot;status&quot;:&quot;disabled&quot;,&quot;language_hidden&quot;:[],&quot;startIncrement&quot;:0,&quot;endIncrement&quot;:0,&quot;var_name&quot;:&quot;flights2&quot;,&quot;category_label&quot;:{&quot;en&quot;:&quot;&quot;,&quot;nl&quot;:&quot;Vluchten&quot;,&quot;fr&quot;:&quot;Vols&quot;,&quot;de&quot;:&quot;Fl\\u00fcge&quot;}},{&quot;value&quot;:&quot;Frankfurt&quot;,&quot;label&quot;:{&quot;en&quot;:&quot;&quot;,&quot;nl&quot;:&quot;Heen- en retourvlucht Frankfurt&quot;,&quot;fr&quot;:&quot;Vol aller-retour vers Francfort&quot;,&quot;de&quot;:&quot;Voll Hin- und R\\u00fcckflug nach Frankfurt&quot;},&quot;price&quot;:false,&quot;status&quot;:&quot;disabled&quot;,&quot;language_hidden&quot;:[],&quot;startIncrement&quot;:0,&quot;endIncrement&quot;:0,&quot;var_name&quot;:&quot;flights2&quot;,&quot;category_label&quot;:{&quot;en&quot;:&quot;&quot;,&quot;nl&quot;:&quot;Vluchten&quot;,&quot;fr&quot;:&quot;Vols&quot;,&quot;de&quot;:&quot;Fl\\u00fcge&quot;}},{&quot;value&quot;:&quot;Berlin&quot;,&quot;label&quot;:{&quot;en&quot;:&quot;&quot;,&quot;nl&quot;:&quot;Heen- en retourvlucht Berlijn&quot;,&quot;fr&quot;:&quot;Vol aller-retour pour Berlin&quot;,&quot;de&quot;:&quot;Vol Hin- und R\\u00fcckflug nach Berlin&quot;},&quot;price&quot;:false,&quot;status&quot;:&quot;disabled&quot;,&quot;language_hidden&quot;:[],&quot;startIncrement&quot;:0,&quot;endIncrement&quot;:0,&quot;var_name&quot;:&quot;flights2&quot;,&quot;category_label&quot;:{&quot;en&quot;:&quot;&quot;,&quot;nl&quot;:&quot;Vluchten&quot;,&quot;fr&quot;:&quot;Vols&quot;,&quot;de&quot;:&quot;Fl\\u00fcge&quot;}},{&quot;value&quot;:&quot;Hamburg&quot;,&quot;label&quot;:{&quot;en&quot;:&quot;&quot;,&quot;nl&quot;:&quot;Heen- en retourvlucht Hamburg&quot;,&quot;fr&quot;:&quot;Vol aller-retour pour Hambourg&quot;,&quot;de&quot;:&quot;Voll Hin- und R\\u00fcckfahrt nach Hamburg&quot;},&quot;price&quot;:false,&quot;status&quot;:&quot;disabled&quot;,&quot;language_hidden&quot;:[],&quot;startIncrement&quot;:0,&quot;endIncrement&quot;:0,&quot;var_name&quot;:&quot;flights2&quot;,&quot;category_label&quot;:{&quot;en&quot;:&quot;&quot;,&quot;nl&quot;:&quot;Vluchten&quot;,&quot;fr&quot;:&quot;Vols&quot;,&quot;de&quot;:&quot;Fl\\u00fcge&quot;}},{&quot;value&quot;:&quot;M\\u00fcnchen&quot;,&quot;label&quot;:{&quot;en&quot;:&quot;&quot;,&quot;nl&quot;:&quot;Heen- en retourvlucht M\\u00fcnchen&quot;,&quot;fr&quot;:&quot;Vol aller-retour pour Munich&quot;,&quot;de&quot;:&quot;Voll retour nach M\\u00fcnchen&quot;},&quot;price&quot;:false,&quot;status&quot;:&quot;disabled&quot;,&quot;language_hidden&quot;:[],&quot;startIncrement&quot;:0,&quot;endIncrement&quot;:0,&quot;var_name&quot;:&quot;flights2&quot;,&quot;category_label&quot;:{&quot;en&quot;:&quot;&quot;,&quot;nl&quot;:&quot;Vluchten&quot;,&quot;fr&quot;:&quot;Vols&quot;,&quot;de&quot;:&quot;Fl\\u00fcge&quot;}},{&quot;value&quot;:&quot;no flights&quot;,&quot;label&quot;:{&quot;en&quot;:&quot;&quot;,&quot;nl&quot;:&quot;Geen vluchten&quot;,&quot;fr&quot;:&quot;Pas de vol&quot;,&quot;de&quot;:&quot;Keine Pl\\u00e4tze mehr&quot;},&quot;price&quot;:0,&quot;status&quot;:&quot;available&quot;,&quot;language_hidden&quot;:[],&quot;startIncrement&quot;:0,&quot;endIncrement&quot;:0,&quot;var_name&quot;:&quot;flights2&quot;,&quot;category_label&quot;:{&quot;en&quot;:&quot;&quot;,&quot;nl&quot;:&quot;Vluchten&quot;,&quot;fr&quot;:&quot;Vols&quot;,&quot;de&quot;:&quot;Fl\\u00fcge&quot;}}],&quot;bookable&quot;:true,&quot;bookingUrl&quot;:&quot;https:\\\/\\\/booking.travelbase.eu\\\/jn26a\\\/book?trip=11405&quot;,&quot;packageId&quot;:&quot;JN-JN&quot;}},{&quot;type&quot;:&quot;departures&quot;,&quot;id&quot;:&quot;t11397&quot;,&quot;attributes&quot;:{&quot;name&quot;:&quot;JN26A-W40-WED&quot;,&quot;start&quot;:&quot;2026-09-30T10:00:00.000000Z&quot;,&quot;end&quot;:&quot;2026-10-07T12:00:00.000000Z&quot;,&quot;cheapestPrice&quot;:690,&quot;languages&quot;:[&quot;nl&quot;,&quot;fr&quot;,&quot;de&quot;],&quot;availableSpots&quot;:11,&quot;bookedSpots&quot;:0,&quot;fakeLabel&quot;:&quot;&quot;,&quot;availabilityLabel&quot;:&quot;&quot;,&quot;promoLabel&quot;:null,&quot;calendarToggles&quot;:[{&quot;value&quot;:&quot;Brussels&quot;,&quot;label&quot;:{&quot;en&quot;:&quot;&quot;,&quot;nl&quot;:&quot;Heen- en retourvlucht Brussel&quot;,&quot;fr&quot;:&quot;Vols aller\\\/retour depuis Bruxelles&quot;,&quot;de&quot;:&quot;Fl\\u00fcge hin\\\/zur\\u00fcck von Br\\u00fcssel&quot;},&quot;price&quot;:false,&quot;status&quot;:&quot;disabled&quot;,&quot;language_hidden&quot;:[],&quot;startIncrement&quot;:0,&quot;endIncrement&quot;:0,&quot;var_name&quot;:&quot;flights2&quot;,&quot;category_label&quot;:{&quot;en&quot;:&quot;&quot;,&quot;nl&quot;:&quot;Vluchten&quot;,&quot;fr&quot;:&quot;Vols&quot;,&quot;de&quot;:&quot;Fl\\u00fcge&quot;}},{&quot;value&quot;:&quot;Amsterdam&quot;,&quot;label&quot;:{&quot;en&quot;:&quot;&quot;,&quot;nl&quot;:&quot;Heen- en retourvlucht Amsterdam&quot;,&quot;fr&quot;:&quot;Vols aller\\\/retour depuis Amsterdam&quot;,&quot;de&quot;:&quot;Fl\\u00fcge Hin\\\/R\\u00fcck von Amsterdam&quot;},&quot;price&quot;:495,&quot;status&quot;:&quot;available&quot;,&quot;language_hidden&quot;:[],&quot;startIncrement&quot;:0,&quot;endIncrement&quot;:0,&quot;var_name&quot;:&quot;flights2&quot;,&quot;category_label&quot;:{&quot;en&quot;:&quot;&quot;,&quot;nl&quot;:&quot;Vluchten&quot;,&quot;fr&quot;:&quot;Vols&quot;,&quot;de&quot;:&quot;Fl\\u00fcge&quot;}},{&quot;value&quot;:&quot;Paris&quot;,&quot;label&quot;:{&quot;en&quot;:&quot;&quot;,&quot;nl&quot;:&quot;Heen- en retourvlucht Parijs&quot;,&quot;fr&quot;:&quot;Vols aller\\\/retour depuis Paris&quot;,&quot;de&quot;:&quot;Fl\\u00fcge Hin\\\/R\\u00fcck von Paris&quot;},&quot;price&quot;:490,&quot;status&quot;:&quot;available&quot;,&quot;language_hidden&quot;:[],&quot;startIncrement&quot;:0,&quot;endIncrement&quot;:0,&quot;var_name&quot;:&quot;flights2&quot;,&quot;category_label&quot;:{&quot;en&quot;:&quot;&quot;,&quot;nl&quot;:&quot;Vluchten&quot;,&quot;fr&quot;:&quot;Vols&quot;,&quot;de&quot;:&quot;Fl\\u00fcge&quot;}},{&quot;value&quot;:&quot;Dusseldorf&quot;,&quot;label&quot;:{&quot;en&quot;:&quot;&quot;,&quot;nl&quot;:&quot;Heen- en retourvlucht D\\u00fcsseldorf&quot;,&quot;fr&quot;:&quot;Vols aller\\\/retour depuis Dusseldorf &quot;,&quot;de&quot;:&quot;Fl\\u00fcge hin\\\/zur\\u00fcck von D\\u00fcsseldorf&quot;},&quot;price&quot;:false,&quot;status&quot;:&quot;disabled&quot;,&quot;language_hidden&quot;:[],&quot;startIncrement&quot;:0,&quot;endIncrement&quot;:0,&quot;var_name&quot;:&quot;flights2&quot;,&quot;category_label&quot;:{&quot;en&quot;:&quot;&quot;,&quot;nl&quot;:&quot;Vluchten&quot;,&quot;fr&quot;:&quot;Vols&quot;,&quot;de&quot;:&quot;Fl\\u00fcge&quot;}},{&quot;value&quot;:&quot;Frankfurt&quot;,&quot;label&quot;:{&quot;en&quot;:&quot;&quot;,&quot;nl&quot;:&quot;Heen- en retourvlucht Frankfurt&quot;,&quot;fr&quot;:&quot;Vol aller-retour vers Francfort&quot;,&quot;de&quot;:&quot;Voll Hin- und R\\u00fcckflug nach Frankfurt&quot;},&quot;price&quot;:1107,&quot;status&quot;:&quot;available&quot;,&quot;language_hidden&quot;:[],&quot;startIncrement&quot;:0,&quot;endIncrement&quot;:0,&quot;var_name&quot;:&quot;flights2&quot;,&quot;category_label&quot;:{&quot;en&quot;:&quot;&quot;,&quot;nl&quot;:&quot;Vluchten&quot;,&quot;fr&quot;:&quot;Vols&quot;,&quot;de&quot;:&quot;Fl\\u00fcge&quot;}},{&quot;value&quot;:&quot;Berlin&quot;,&quot;label&quot;:{&quot;en&quot;:&quot;&quot;,&quot;nl&quot;:&quot;Heen- en retourvlucht Berlijn&quot;,&quot;fr&quot;:&quot;Vol aller-retour pour Berlin&quot;,&quot;de&quot;:&quot;Vol Hin- und R\\u00fcckflug nach Berlin&quot;},&quot;price&quot;:false,&quot;status&quot;:&quot;disabled&quot;,&quot;language_hidden&quot;:[],&quot;startIncrement&quot;:0,&quot;endIncrement&quot;:0,&quot;var_name&quot;:&quot;flights2&quot;,&quot;category_label&quot;:{&quot;en&quot;:&quot;&quot;,&quot;nl&quot;:&quot;Vluchten&quot;,&quot;fr&quot;:&quot;Vols&quot;,&quot;de&quot;:&quot;Fl\\u00fcge&quot;}},{&quot;value&quot;:&quot;Hamburg&quot;,&quot;label&quot;:{&quot;en&quot;:&quot;&quot;,&quot;nl&quot;:&quot;Heen- en retourvlucht Hamburg&quot;,&quot;fr&quot;:&quot;Vol aller-retour pour Hambourg&quot;,&quot;de&quot;:&quot;Voll Hin- und R\\u00fcckfahrt nach Hamburg&quot;},&quot;price&quot;:700,&quot;status&quot;:&quot;available&quot;,&quot;language_hidden&quot;:[],&quot;startIncrement&quot;:0,&quot;endIncrement&quot;:0,&quot;var_name&quot;:&quot;flights2&quot;,&quot;category_label&quot;:{&quot;en&quot;:&quot;&quot;,&quot;nl&quot;:&quot;Vluchten&quot;,&quot;fr&quot;:&quot;Vols&quot;,&quot;de&quot;:&quot;Fl\\u00fcge&quot;}},{&quot;value&quot;:&quot;M\\u00fcnchen&quot;,&quot;label&quot;:{&quot;en&quot;:&quot;&quot;,&quot;nl&quot;:&quot;Heen- en retourvlucht M\\u00fcnchen&quot;,&quot;fr&quot;:&quot;Vol aller-retour pour Munich&quot;,&quot;de&quot;:&quot;Voll retour nach M\\u00fcnchen&quot;},&quot;price&quot;:703,&quot;status&quot;:&quot;available&quot;,&quot;language_hidden&quot;:[],&quot;startIncrement&quot;:0,&quot;endIncrement&quot;:0,&quot;var_name&quot;:&quot;flights2&quot;,&quot;category_label&quot;:{&quot;en&quot;:&quot;&quot;,&quot;nl&quot;:&quot;Vluchten&quot;,&quot;fr&quot;:&quot;Vols&quot;,&quot;de&quot;:&quot;Fl\\u00fcge&quot;}},{&quot;value&quot;:&quot;no flights&quot;,&quot;label&quot;:{&quot;en&quot;:&quot;&quot;,&quot;nl&quot;:&quot;Geen vluchten&quot;,&quot;fr&quot;:&quot;Pas de vol&quot;,&quot;de&quot;:&quot;Keine Pl\\u00e4tze mehr&quot;},&quot;price&quot;:0,&quot;status&quot;:&quot;available&quot;,&quot;language_hidden&quot;:[],&quot;startIncrement&quot;:0,&quot;endIncrement&quot;:0,&quot;var_name&quot;:&quot;flights2&quot;,&quot;category_label&quot;:{&quot;en&quot;:&quot;&quot;,&quot;nl&quot;:&quot;Vluchten&quot;,&quot;fr&quot;:&quot;Vols&quot;,&quot;de&quot;:&quot;Fl\\u00fcge&quot;}}],&quot;bookable&quot;:true,&quot;bookingUrl&quot;:&quot;https:\\\/\\\/booking.travelbase.eu\\\/jn26a\\\/book?trip=11397&quot;,&quot;packageId&quot;:&quot;JN-JN&quot;}},{&quot;type&quot;:&quot;departures&quot;,&quot;id&quot;:&quot;t11406&quot;,&quot;attributes&quot;:{&quot;name&quot;:&quot;JN26A-W41-SUN&quot;,&quot;start&quot;:&quot;2026-10-04T10:00:00.000000Z&quot;,&quot;end&quot;:&quot;2026-10-11T12:00:00.000000Z&quot;,&quot;cheapestPrice&quot;:690,&quot;languages&quot;:[&quot;nl&quot;,&quot;fr&quot;,&quot;de&quot;],&quot;availableSpots&quot;:11,&quot;bookedSpots&quot;:0,&quot;fakeLabel&quot;:&quot;&quot;,&quot;availabilityLabel&quot;:&quot;&quot;,&quot;promoLabel&quot;:null,&quot;calendarToggles&quot;:[{&quot;value&quot;:&quot;Brussels&quot;,&quot;label&quot;:{&quot;en&quot;:&quot;&quot;,&quot;nl&quot;:&quot;Heen- en retourvlucht Brussel&quot;,&quot;fr&quot;:&quot;Vols aller\\\/retour depuis Bruxelles&quot;,&quot;de&quot;:&quot;Fl\\u00fcge hin\\\/zur\\u00fcck von Br\\u00fcssel&quot;},&quot;price&quot;:495,&quot;status&quot;:&quot;available&quot;,&quot;language_hidden&quot;:[],&quot;startIncrement&quot;:0,&quot;endIncrement&quot;:0,&quot;var_name&quot;:&quot;flights2&quot;,&quot;category_label&quot;:{&quot;en&quot;:&quot;&quot;,&quot;nl&quot;:&quot;Vluchten&quot;,&quot;fr&quot;:&quot;Vols&quot;,&quot;de&quot;:&quot;Fl\\u00fcge&quot;}},{&quot;value&quot;:&quot;Amsterdam&quot;,&quot;label&quot;:{&quot;en&quot;:&quot;&quot;,&quot;nl&quot;:&quot;Heen- en retourvlucht Amsterdam&quot;,&quot;fr&quot;:&quot;Vols aller\\\/retour depuis Amsterdam&quot;,&quot;de&quot;:&quot;Fl\\u00fcge Hin\\\/R\\u00fcck von Amsterdam&quot;},&quot;price&quot;:495,&quot;status&quot;:&quot;available&quot;,&quot;language_hidden&quot;:[],&quot;startIncrement&quot;:0,&quot;endIncrement&quot;:0,&quot;var_name&quot;:&quot;flights2&quot;,&quot;category_label&quot;:{&quot;en&quot;:&quot;&quot;,&quot;nl&quot;:&quot;Vluchten&quot;,&quot;fr&quot;:&quot;Vols&quot;,&quot;de&quot;:&quot;Fl\\u00fcge&quot;}},{&quot;value&quot;:&quot;Paris&quot;,&quot;label&quot;:{&quot;en&quot;:&quot;&quot;,&quot;nl&quot;:&quot;Heen- en retourvlucht Parijs&quot;,&quot;fr&quot;:&quot;Vols aller\\\/retour depuis Paris&quot;,&quot;de&quot;:&quot;Fl\\u00fcge Hin\\\/R\\u00fcck von Paris&quot;},&quot;price&quot;:false,&quot;status&quot;:&quot;disabled&quot;,&quot;language_hidden&quot;:[],&quot;startIncrement&quot;:0,&quot;endIncrement&quot;:0,&quot;var_name&quot;:&quot;flights2&quot;,&quot;category_label&quot;:{&quot;en&quot;:&quot;&quot;,&quot;nl&quot;:&quot;Vluchten&quot;,&quot;fr&quot;:&quot;Vols&quot;,&quot;de&quot;:&quot;Fl\\u00fcge&quot;}},{&quot;value&quot;:&quot;Dusseldorf&quot;,&quot;label&quot;:{&quot;en&quot;:&quot;&quot;,&quot;nl&quot;:&quot;Heen- en retourvlucht D\\u00fcsseldorf&quot;,&quot;fr&quot;:&quot;Vols aller\\\/retour depuis Dusseldorf &quot;,&quot;de&quot;:&quot;Fl\\u00fcge hin\\\/zur\\u00fcck von D\\u00fcsseldorf&quot;},&quot;price&quot;:false,&quot;status&quot;:&quot;disabled&quot;,&quot;language_hidden&quot;:[],&quot;startIncrement&quot;:0,&quot;endIncrement&quot;:0,&quot;var_name&quot;:&quot;flights2&quot;,&quot;category_label&quot;:{&quot;en&quot;:&quot;&quot;,&quot;nl&quot;:&quot;Vluchten&quot;,&quot;fr&quot;:&quot;Vols&quot;,&quot;de&quot;:&quot;Fl\\u00fcge&quot;}},{&quot;value&quot;:&quot;Frankfurt&quot;,&quot;label&quot;:{&quot;en&quot;:&quot;&quot;,&quot;nl&quot;:&quot;Heen- en retourvlucht Frankfurt&quot;,&quot;fr&quot;:&quot;Vol aller-retour vers Francfort&quot;,&quot;de&quot;:&quot;Voll Hin- und R\\u00fcckflug nach Frankfurt&quot;},&quot;price&quot;:false,&quot;status&quot;:&quot;disabled&quot;,&quot;language_hidden&quot;:[],&quot;startIncrement&quot;:0,&quot;endIncrement&quot;:0,&quot;var_name&quot;:&quot;flights2&quot;,&quot;category_label&quot;:{&quot;en&quot;:&quot;&quot;,&quot;nl&quot;:&quot;Vluchten&quot;,&quot;fr&quot;:&quot;Vols&quot;,&quot;de&quot;:&quot;Fl\\u00fcge&quot;}},{&quot;value&quot;:&quot;Berlin&quot;,&quot;label&quot;:{&quot;en&quot;:&quot;&quot;,&quot;nl&quot;:&quot;Heen- en retourvlucht Berlijn&quot;,&quot;fr&quot;:&quot;Vol aller-retour pour Berlin&quot;,&quot;de&quot;:&quot;Vol Hin- und R\\u00fcckflug nach Berlin&quot;},&quot;price&quot;:false,&quot;status&quot;:&quot;disabled&quot;,&quot;language_hidden&quot;:[],&quot;startIncrement&quot;:0,&quot;endIncrement&quot;:0,&quot;var_name&quot;:&quot;flights2&quot;,&quot;category_label&quot;:{&quot;en&quot;:&quot;&quot;,&quot;nl&quot;:&quot;Vluchten&quot;,&quot;fr&quot;:&quot;Vols&quot;,&quot;de&quot;:&quot;Fl\\u00fcge&quot;}},{&quot;value&quot;:&quot;Hamburg&quot;,&quot;label&quot;:{&quot;en&quot;:&quot;&quot;,&quot;nl&quot;:&quot;Heen- en retourvlucht Hamburg&quot;,&quot;fr&quot;:&quot;Vol aller-retour pour Hambourg&quot;,&quot;de&quot;:&quot;Voll Hin- und R\\u00fcckfahrt nach Hamburg&quot;},&quot;price&quot;:false,&quot;status&quot;:&quot;disabled&quot;,&quot;language_hidden&quot;:[],&quot;startIncrement&quot;:0,&quot;endIncrement&quot;:0,&quot;var_name&quot;:&quot;flights2&quot;,&quot;category_label&quot;:{&quot;en&quot;:&quot;&quot;,&quot;nl&quot;:&quot;Vluchten&quot;,&quot;fr&quot;:&quot;Vols&quot;,&quot;de&quot;:&quot;Fl\\u00fcge&quot;}},{&quot;value&quot;:&quot;M\\u00fcnchen&quot;,&quot;label&quot;:{&quot;en&quot;:&quot;&quot;,&quot;nl&quot;:&quot;Heen- en retourvlucht M\\u00fcnchen&quot;,&quot;fr&quot;:&quot;Vol aller-retour pour Munich&quot;,&quot;de&quot;:&quot;Voll retour nach M\\u00fcnchen&quot;},&quot;price&quot;:false,&quot;status&quot;:&quot;disabled&quot;,&quot;language_hidden&quot;:[],&quot;startIncrement&quot;:0,&quot;endIncrement&quot;:0,&quot;var_name&quot;:&quot;flights2&quot;,&quot;category_label&quot;:{&quot;en&quot;:&quot;&quot;,&quot;nl&quot;:&quot;Vluchten&quot;,&quot;fr&quot;:&quot;Vols&quot;,&quot;de&quot;:&quot;Fl\\u00fcge&quot;}},{&quot;value&quot;:&quot;no flights&quot;,&quot;label&quot;:{&quot;en&quot;:&quot;&quot;,&quot;nl&quot;:&quot;Geen vluchten&quot;,&quot;fr&quot;:&quot;Pas de vol&quot;,&quot;de&quot;:&quot;Keine Pl\\u00e4tze mehr&quot;},&quot;price&quot;:0,&quot;status&quot;:&quot;available&quot;,&quot;language_hidden&quot;:[],&quot;startIncrement&quot;:0,&quot;endIncrement&quot;:0,&quot;var_name&quot;:&quot;flights2&quot;,&quot;category_label&quot;:{&quot;en&quot;:&quot;&quot;,&quot;nl&quot;:&quot;Vluchten&quot;,&quot;fr&quot;:&quot;Vols&quot;,&quot;de&quot;:&quot;Fl\\u00fcge&quot;}}],&quot;bookable&quot;:true,&quot;bookingUrl&quot;:&quot;https:\\\/\\\/booking.travelbase.eu\\\/jn26a\\\/book?trip=11406&quot;,&quot;packageId&quot;:&quot;JN-JN&quot;}},{&quot;type&quot;:&quot;departures&quot;,&quot;id&quot;:&quot;t11398&quot;,&quot;attributes&quot;:{&quot;name&quot;:&quot;JN26A-W41-WED&quot;,&quot;start&quot;:&quot;2026-10-07T10:00:00.000000Z&quot;,&quot;end&quot;:&quot;2026-10-14T12:00:00.000000Z&quot;,&quot;cheapestPrice&quot;:690,&quot;languages&quot;:[&quot;nl&quot;,&quot;fr&quot;,&quot;de&quot;],&quot;availableSpots&quot;:7,&quot;bookedSpots&quot;:4,&quot;fakeLabel&quot;:&quot;&quot;,&quot;availabilityLabel&quot;:&quot;&quot;,&quot;promoLabel&quot;:null,&quot;calendarToggles&quot;:[{&quot;value&quot;:&quot;Brussels&quot;,&quot;label&quot;:{&quot;en&quot;:&quot;&quot;,&quot;nl&quot;:&quot;Heen- en retourvlucht Brussel&quot;,&quot;fr&quot;:&quot;Vols aller\\\/retour depuis Bruxelles&quot;,&quot;de&quot;:&quot;Fl\\u00fcge hin\\\/zur\\u00fcck von Br\\u00fcssel&quot;},&quot;price&quot;:false,&quot;status&quot;:&quot;disabled&quot;,&quot;language_hidden&quot;:[],&quot;startIncrement&quot;:0,&quot;endIncrement&quot;:0,&quot;var_name&quot;:&quot;flights2&quot;,&quot;category_label&quot;:{&quot;en&quot;:&quot;&quot;,&quot;nl&quot;:&quot;Vluchten&quot;,&quot;fr&quot;:&quot;Vols&quot;,&quot;de&quot;:&quot;Fl\\u00fcge&quot;}},{&quot;value&quot;:&quot;Amsterdam&quot;,&quot;label&quot;:{&quot;en&quot;:&quot;&quot;,&quot;nl&quot;:&quot;Heen- en retourvlucht Amsterdam&quot;,&quot;fr&quot;:&quot;Vols aller\\\/retour depuis Amsterdam&quot;,&quot;de&quot;:&quot;Fl\\u00fcge Hin\\\/R\\u00fcck von Amsterdam&quot;},&quot;price&quot;:495,&quot;status&quot;:&quot;available&quot;,&quot;language_hidden&quot;:[],&quot;startIncrement&quot;:0,&quot;endIncrement&quot;:0,&quot;var_name&quot;:&quot;flights2&quot;,&quot;category_label&quot;:{&quot;en&quot;:&quot;&quot;,&quot;nl&quot;:&quot;Vluchten&quot;,&quot;fr&quot;:&quot;Vols&quot;,&quot;de&quot;:&quot;Fl\\u00fcge&quot;}},{&quot;value&quot;:&quot;Paris&quot;,&quot;label&quot;:{&quot;en&quot;:&quot;&quot;,&quot;nl&quot;:&quot;Heen- en retourvlucht Parijs&quot;,&quot;fr&quot;:&quot;Vols aller\\\/retour depuis Paris&quot;,&quot;de&quot;:&quot;Fl\\u00fcge Hin\\\/R\\u00fcck von Paris&quot;},&quot;price&quot;:false,&quot;status&quot;:&quot;sold_out&quot;,&quot;language_hidden&quot;:[],&quot;startIncrement&quot;:0,&quot;endIncrement&quot;:0,&quot;var_name&quot;:&quot;flights2&quot;,&quot;category_label&quot;:{&quot;en&quot;:&quot;&quot;,&quot;nl&quot;:&quot;Vluchten&quot;,&quot;fr&quot;:&quot;Vols&quot;,&quot;de&quot;:&quot;Fl\\u00fcge&quot;}},{&quot;value&quot;:&quot;Dusseldorf&quot;,&quot;label&quot;:{&quot;en&quot;:&quot;&quot;,&quot;nl&quot;:&quot;Heen- en retourvlucht D\\u00fcsseldorf&quot;,&quot;fr&quot;:&quot;Vols aller\\\/retour depuis Dusseldorf &quot;,&quot;de&quot;:&quot;Fl\\u00fcge hin\\\/zur\\u00fcck von D\\u00fcsseldorf&quot;},&quot;price&quot;:772,&quot;status&quot;:&quot;available&quot;,&quot;language_hidden&quot;:[],&quot;startIncrement&quot;:0,&quot;endIncrement&quot;:0,&quot;var_name&quot;:&quot;flights2&quot;,&quot;category_label&quot;:{&quot;en&quot;:&quot;&quot;,&quot;nl&quot;:&quot;Vluchten&quot;,&quot;fr&quot;:&quot;Vols&quot;,&quot;de&quot;:&quot;Fl\\u00fcge&quot;}},{&quot;value&quot;:&quot;Frankfurt&quot;,&quot;label&quot;:{&quot;en&quot;:&quot;&quot;,&quot;nl&quot;:&quot;Heen- en retourvlucht Frankfurt&quot;,&quot;fr&quot;:&quot;Vol aller-retour vers Francfort&quot;,&quot;de&quot;:&quot;Voll Hin- und R\\u00fcckflug nach Frankfurt&quot;},&quot;price&quot;:false,&quot;status&quot;:&quot;disabled&quot;,&quot;language_hidden&quot;:[],&quot;startIncrement&quot;:0,&quot;endIncrement&quot;:0,&quot;var_name&quot;:&quot;flights2&quot;,&quot;category_label&quot;:{&quot;en&quot;:&quot;&quot;,&quot;nl&quot;:&quot;Vluchten&quot;,&quot;fr&quot;:&quot;Vols&quot;,&quot;de&quot;:&quot;Fl\\u00fcge&quot;}},{&quot;value&quot;:&quot;Berlin&quot;,&quot;label&quot;:{&quot;en&quot;:&quot;&quot;,&quot;nl&quot;:&quot;Heen- en retourvlucht Berlijn&quot;,&quot;fr&quot;:&quot;Vol aller-retour pour Berlin&quot;,&quot;de&quot;:&quot;Vol Hin- und R\\u00fcckflug nach Berlin&quot;},&quot;price&quot;:false,&quot;status&quot;:&quot;disabled&quot;,&quot;language_hidden&quot;:[],&quot;startIncrement&quot;:0,&quot;endIncrement&quot;:0,&quot;var_name&quot;:&quot;flights2&quot;,&quot;category_label&quot;:{&quot;en&quot;:&quot;&quot;,&quot;nl&quot;:&quot;Vluchten&quot;,&quot;fr&quot;:&quot;Vols&quot;,&quot;de&quot;:&quot;Fl\\u00fcge&quot;}},{&quot;value&quot;:&quot;Hamburg&quot;,&quot;label&quot;:{&quot;en&quot;:&quot;&quot;,&quot;nl&quot;:&quot;Heen- en retourvlucht Hamburg&quot;,&quot;fr&quot;:&quot;Vol aller-retour pour Hambourg&quot;,&quot;de&quot;:&quot;Voll Hin- und R\\u00fcckfahrt nach Hamburg&quot;},&quot;price&quot;:700,&quot;status&quot;:&quot;available&quot;,&quot;language_hidden&quot;:[],&quot;startIncrement&quot;:0,&quot;endIncrement&quot;:0,&quot;var_name&quot;:&quot;flights2&quot;,&quot;category_label&quot;:{&quot;en&quot;:&quot;&quot;,&quot;nl&quot;:&quot;Vluchten&quot;,&quot;fr&quot;:&quot;Vols&quot;,&quot;de&quot;:&quot;Fl\\u00fcge&quot;}},{&quot;value&quot;:&quot;M\\u00fcnchen&quot;,&quot;label&quot;:{&quot;en&quot;:&quot;&quot;,&quot;nl&quot;:&quot;Heen- en retourvlucht M\\u00fcnchen&quot;,&quot;fr&quot;:&quot;Vol aller-retour pour Munich&quot;,&quot;de&quot;:&quot;Voll retour nach M\\u00fcnchen&quot;},&quot;price&quot;:1047,&quot;status&quot;:&quot;available&quot;,&quot;language_hidden&quot;:[],&quot;startIncrement&quot;:0,&quot;endIncrement&quot;:0,&quot;var_name&quot;:&quot;flights2&quot;,&quot;category_label&quot;:{&quot;en&quot;:&quot;&quot;,&quot;nl&quot;:&quot;Vluchten&quot;,&quot;fr&quot;:&quot;Vols&quot;,&quot;de&quot;:&quot;Fl\\u00fcge&quot;}},{&quot;value&quot;:&quot;no flights&quot;,&quot;label&quot;:{&quot;en&quot;:&quot;&quot;,&quot;nl&quot;:&quot;Geen vluchten&quot;,&quot;fr&quot;:&quot;Pas de vol&quot;,&quot;de&quot;:&quot;Keine Pl\\u00e4tze mehr&quot;},&quot;price&quot;:0,&quot;status&quot;:&quot;available&quot;,&quot;language_hidden&quot;:[],&quot;startIncrement&quot;:0,&quot;endIncrement&quot;:0,&quot;var_name&quot;:&quot;flights2&quot;,&quot;category_label&quot;:{&quot;en&quot;:&quot;&quot;,&quot;nl&quot;:&quot;Vluchten&quot;,&quot;fr&quot;:&quot;Vols&quot;,&quot;de&quot;:&quot;Fl\\u00fcge&quot;}}],&quot;bookable&quot;:true,&quot;bookingUrl&quot;:&quot;https:\\\/\\\/booking.travelbase.eu\\\/jn26a\\\/book?trip=11398&quot;,&quot;packageId&quot;:&quot;JN-JN&quot;}},{&quot;type&quot;:&quot;departures&quot;,&quot;id&quot;:&quot;t11407&quot;,&quot;attributes&quot;:{&quot;name&quot;:&quot;JN26A-W42-SUN&quot;,&quot;start&quot;:&quot;2026-10-11T10:00:00.000000Z&quot;,&quot;end&quot;:&quot;2026-10-18T12:00:00.000000Z&quot;,&quot;cheapestPrice&quot;:690,&quot;languages&quot;:[&quot;nl&quot;,&quot;fr&quot;,&quot;de&quot;],&quot;availableSpots&quot;:1,&quot;bookedSpots&quot;:0,&quot;fakeLabel&quot;:&quot;&quot;,&quot;availabilityLabel&quot;:&quot;&quot;,&quot;promoLabel&quot;:null,&quot;calendarToggles&quot;:[{&quot;value&quot;:&quot;Brussels&quot;,&quot;label&quot;:{&quot;en&quot;:&quot;&quot;,&quot;nl&quot;:&quot;Heen- en retourvlucht Brussel&quot;,&quot;fr&quot;:&quot;Vols aller\\\/retour depuis Bruxelles&quot;,&quot;de&quot;:&quot;Fl\\u00fcge hin\\\/zur\\u00fcck von Br\\u00fcssel&quot;},&quot;price&quot;:false,&quot;status&quot;:&quot;disabled&quot;,&quot;language_hidden&quot;:[],&quot;startIncrement&quot;:0,&quot;endIncrement&quot;:0,&quot;var_name&quot;:&quot;flights2&quot;,&quot;category_label&quot;:{&quot;en&quot;:&quot;&quot;,&quot;nl&quot;:&quot;Vluchten&quot;,&quot;fr&quot;:&quot;Vols&quot;,&quot;de&quot;:&quot;Fl\\u00fcge&quot;}},{&quot;value&quot;:&quot;Amsterdam&quot;,&quot;label&quot;:{&quot;en&quot;:&quot;&quot;,&quot;nl&quot;:&quot;Heen- en retourvlucht Amsterdam&quot;,&quot;fr&quot;:&quot;Vols aller\\\/retour depuis Amsterdam&quot;,&quot;de&quot;:&quot;Fl\\u00fcge Hin\\\/R\\u00fcck von Amsterdam&quot;},&quot;price&quot;:false,&quot;status&quot;:&quot;disabled&quot;,&quot;language_hidden&quot;:[],&quot;startIncrement&quot;:0,&quot;endIncrement&quot;:0,&quot;var_name&quot;:&quot;flights2&quot;,&quot;category_label&quot;:{&quot;en&quot;:&quot;&quot;,&quot;nl&quot;:&quot;Vluchten&quot;,&quot;fr&quot;:&quot;Vols&quot;,&quot;de&quot;:&quot;Fl\\u00fcge&quot;}},{&quot;value&quot;:&quot;Paris&quot;,&quot;label&quot;:{&quot;en&quot;:&quot;&quot;,&quot;nl&quot;:&quot;Heen- en retourvlucht Parijs&quot;,&quot;fr&quot;:&quot;Vols aller\\\/retour depuis Paris&quot;,&quot;de&quot;:&quot;Fl\\u00fcge Hin\\\/R\\u00fcck von Paris&quot;},&quot;price&quot;:false,&quot;status&quot;:&quot;disabled&quot;,&quot;language_hidden&quot;:[],&quot;startIncrement&quot;:0,&quot;endIncrement&quot;:0,&quot;var_name&quot;:&quot;flights2&quot;,&quot;category_label&quot;:{&quot;en&quot;:&quot;&quot;,&quot;nl&quot;:&quot;Vluchten&quot;,&quot;fr&quot;:&quot;Vols&quot;,&quot;de&quot;:&quot;Fl\\u00fcge&quot;}},{&quot;value&quot;:&quot;Dusseldorf&quot;,&quot;label&quot;:{&quot;en&quot;:&quot;&quot;,&quot;nl&quot;:&quot;Heen- en retourvlucht D\\u00fcsseldorf&quot;,&quot;fr&quot;:&quot;Vols aller\\\/retour depuis Dusseldorf &quot;,&quot;de&quot;:&quot;Fl\\u00fcge hin\\\/zur\\u00fcck von D\\u00fcsseldorf&quot;},&quot;price&quot;:false,&quot;status&quot;:&quot;disabled&quot;,&quot;language_hidden&quot;:[],&quot;startIncrement&quot;:0,&quot;endIncrement&quot;:0,&quot;var_name&quot;:&quot;flights2&quot;,&quot;category_label&quot;:{&quot;en&quot;:&quot;&quot;,&quot;nl&quot;:&quot;Vluchten&quot;,&quot;fr&quot;:&quot;Vols&quot;,&quot;de&quot;:&quot;Fl\\u00fcge&quot;}},{&quot;value&quot;:&quot;Frankfurt&quot;,&quot;label&quot;:{&quot;en&quot;:&quot;&quot;,&quot;nl&quot;:&quot;Heen- en retourvlucht Frankfurt&quot;,&quot;fr&quot;:&quot;Vol aller-retour vers Francfort&quot;,&quot;de&quot;:&quot;Voll Hin- und R\\u00fcckflug nach Frankfurt&quot;},&quot;price&quot;:false,&quot;status&quot;:&quot;disabled&quot;,&quot;language_hidden&quot;:[],&quot;startIncrement&quot;:0,&quot;endIncrement&quot;:0,&quot;var_name&quot;:&quot;flights2&quot;,&quot;category_label&quot;:{&quot;en&quot;:&quot;&quot;,&quot;nl&quot;:&quot;Vluchten&quot;,&quot;fr&quot;:&quot;Vols&quot;,&quot;de&quot;:&quot;Fl\\u00fcge&quot;}},{&quot;value&quot;:&quot;Berlin&quot;,&quot;label&quot;:{&quot;en&quot;:&quot;&quot;,&quot;nl&quot;:&quot;Heen- en retourvlucht Berlijn&quot;,&quot;fr&quot;:&quot;Vol aller-retour pour Berlin&quot;,&quot;de&quot;:&quot;Vol Hin- und R\\u00fcckflug nach Berlin&quot;},&quot;price&quot;:false,&quot;status&quot;:&quot;disabled&quot;,&quot;language_hidden&quot;:[],&quot;startIncrement&quot;:0,&quot;endIncrement&quot;:0,&quot;var_name&quot;:&quot;flights2&quot;,&quot;category_label&quot;:{&quot;en&quot;:&quot;&quot;,&quot;nl&quot;:&quot;Vluchten&quot;,&quot;fr&quot;:&quot;Vols&quot;,&quot;de&quot;:&quot;Fl\\u00fcge&quot;}},{&quot;value&quot;:&quot;Hamburg&quot;,&quot;label&quot;:{&quot;en&quot;:&quot;&quot;,&quot;nl&quot;:&quot;Heen- en retourvlucht Hamburg&quot;,&quot;fr&quot;:&quot;Vol aller-retour pour Hambourg&quot;,&quot;de&quot;:&quot;Voll Hin- und R\\u00fcckfahrt nach Hamburg&quot;},&quot;price&quot;:false,&quot;status&quot;:&quot;disabled&quot;,&quot;language_hidden&quot;:[],&quot;startIncrement&quot;:0,&quot;endIncrement&quot;:0,&quot;var_name&quot;:&quot;flights2&quot;,&quot;category_label&quot;:{&quot;en&quot;:&quot;&quot;,&quot;nl&quot;:&quot;Vluchten&quot;,&quot;fr&quot;:&quot;Vols&quot;,&quot;de&quot;:&quot;Fl\\u00fcge&quot;}},{&quot;value&quot;:&quot;M\\u00fcnchen&quot;,&quot;label&quot;:{&quot;en&quot;:&quot;&quot;,&quot;nl&quot;:&quot;Heen- en retourvlucht M\\u00fcnchen&quot;,&quot;fr&quot;:&quot;Vol aller-retour pour Munich&quot;,&quot;de&quot;:&quot;Voll retour nach M\\u00fcnchen&quot;},&quot;price&quot;:0,&quot;status&quot;:&quot;available&quot;,&quot;language_hidden&quot;:[],&quot;startIncrement&quot;:0,&quot;endIncrement&quot;:0,&quot;var_name&quot;:&quot;flights2&quot;,&quot;category_label&quot;:{&quot;en&quot;:&quot;&quot;,&quot;nl&quot;:&quot;Vluchten&quot;,&quot;fr&quot;:&quot;Vols&quot;,&quot;de&quot;:&quot;Fl\\u00fcge&quot;}},{&quot;value&quot;:&quot;no flights&quot;,&quot;label&quot;:{&quot;en&quot;:&quot;&quot;,&quot;nl&quot;:&quot;Geen vluchten&quot;,&quot;fr&quot;:&quot;Pas de vol&quot;,&quot;de&quot;:&quot;Keine Pl\\u00e4tze mehr&quot;},&quot;price&quot;:0,&quot;status&quot;:&quot;available&quot;,&quot;language_hidden&quot;:[],&quot;startIncrement&quot;:0,&quot;endIncrement&quot;:0,&quot;var_name&quot;:&quot;flights2&quot;,&quot;category_label&quot;:{&quot;en&quot;:&quot;&quot;,&quot;nl&quot;:&quot;Vluchten&quot;,&quot;fr&quot;:&quot;Vols&quot;,&quot;de&quot;:&quot;Fl\\u00fcge&quot;}}],&quot;bookable&quot;:true,&quot;bookingUrl&quot;:&quot;https:\\\/\\\/booking.travelbase.eu\\\/jn26a\\\/book?trip=11407&quot;,&quot;packageId&quot;:&quot;JN-JN&quot;}},{&quot;type&quot;:&quot;departures&quot;,&quot;id&quot;:&quot;t11399&quot;,&quot;attributes&quot;:{&quot;name&quot;:&quot;JN26A-W42-WED&quot;,&quot;start&quot;:&quot;2026-10-14T10:00:00.000000Z&quot;,&quot;end&quot;:&quot;2026-10-21T12:00:00.000000Z&quot;,&quot;cheapestPrice&quot;:690,&quot;languages&quot;:[&quot;nl&quot;,&quot;fr&quot;,&quot;de&quot;],&quot;availableSpots&quot;:7,&quot;bookedSpots&quot;:4,&quot;fakeLabel&quot;:&quot;&quot;,&quot;availabilityLabel&quot;:&quot;&quot;,&quot;promoLabel&quot;:null,&quot;calendarToggles&quot;:[{&quot;value&quot;:&quot;Brussels&quot;,&quot;label&quot;:{&quot;en&quot;:&quot;&quot;,&quot;nl&quot;:&quot;Heen- en retourvlucht Brussel&quot;,&quot;fr&quot;:&quot;Vols aller\\\/retour depuis Bruxelles&quot;,&quot;de&quot;:&quot;Fl\\u00fcge hin\\\/zur\\u00fcck von Br\\u00fcssel&quot;},&quot;price&quot;:false,&quot;status&quot;:&quot;disabled&quot;,&quot;language_hidden&quot;:[],&quot;startIncrement&quot;:0,&quot;endIncrement&quot;:0,&quot;var_name&quot;:&quot;flights2&quot;,&quot;category_label&quot;:{&quot;en&quot;:&quot;&quot;,&quot;nl&quot;:&quot;Vluchten&quot;,&quot;fr&quot;:&quot;Vols&quot;,&quot;de&quot;:&quot;Fl\\u00fcge&quot;}},{&quot;value&quot;:&quot;Amsterdam&quot;,&quot;label&quot;:{&quot;en&quot;:&quot;&quot;,&quot;nl&quot;:&quot;Heen- en retourvlucht Amsterdam&quot;,&quot;fr&quot;:&quot;Vols aller\\\/retour depuis Amsterdam&quot;,&quot;de&quot;:&quot;Fl\\u00fcge Hin\\\/R\\u00fcck von Amsterdam&quot;},&quot;price&quot;:515,&quot;status&quot;:&quot;available&quot;,&quot;language_hidden&quot;:[],&quot;startIncrement&quot;:0,&quot;endIncrement&quot;:0,&quot;var_name&quot;:&quot;flights2&quot;,&quot;category_label&quot;:{&quot;en&quot;:&quot;&quot;,&quot;nl&quot;:&quot;Vluchten&quot;,&quot;fr&quot;:&quot;Vols&quot;,&quot;de&quot;:&quot;Fl\\u00fcge&quot;}},{&quot;value&quot;:&quot;Paris&quot;,&quot;label&quot;:{&quot;en&quot;:&quot;&quot;,&quot;nl&quot;:&quot;Heen- en retourvlucht Parijs&quot;,&quot;fr&quot;:&quot;Vols aller\\\/retour depuis Paris&quot;,&quot;de&quot;:&quot;Fl\\u00fcge Hin\\\/R\\u00fcck von Paris&quot;},&quot;price&quot;:495,&quot;status&quot;:&quot;available&quot;,&quot;language_hidden&quot;:[],&quot;startIncrement&quot;:0,&quot;endIncrement&quot;:0,&quot;var_name&quot;:&quot;flights2&quot;,&quot;category_label&quot;:{&quot;en&quot;:&quot;&quot;,&quot;nl&quot;:&quot;Vluchten&quot;,&quot;fr&quot;:&quot;Vols&quot;,&quot;de&quot;:&quot;Fl\\u00fcge&quot;}},{&quot;value&quot;:&quot;Dusseldorf&quot;,&quot;label&quot;:{&quot;en&quot;:&quot;&quot;,&quot;nl&quot;:&quot;Heen- en retourvlucht D\\u00fcsseldorf&quot;,&quot;fr&quot;:&quot;Vols aller\\\/retour depuis Dusseldorf &quot;,&quot;de&quot;:&quot;Fl\\u00fcge hin\\\/zur\\u00fcck von D\\u00fcsseldorf&quot;},&quot;price&quot;:861,&quot;status&quot;:&quot;available&quot;,&quot;language_hidden&quot;:[],&quot;startIncrement&quot;:0,&quot;endIncrement&quot;:0,&quot;var_name&quot;:&quot;flights2&quot;,&quot;category_label&quot;:{&quot;en&quot;:&quot;&quot;,&quot;nl&quot;:&quot;Vluchten&quot;,&quot;fr&quot;:&quot;Vols&quot;,&quot;de&quot;:&quot;Fl\\u00fcge&quot;}},{&quot;value&quot;:&quot;Frankfurt&quot;,&quot;label&quot;:{&quot;en&quot;:&quot;&quot;,&quot;nl&quot;:&quot;Heen- en retourvlucht Frankfurt&quot;,&quot;fr&quot;:&quot;Vol aller-retour vers Francfort&quot;,&quot;de&quot;:&quot;Voll Hin- und R\\u00fcckflug nach Frankfurt&quot;},&quot;price&quot;:886,&quot;status&quot;:&quot;available&quot;,&quot;language_hidden&quot;:[],&quot;startIncrement&quot;:0,&quot;endIncrement&quot;:0,&quot;var_name&quot;:&quot;flights2&quot;,&quot;category_label&quot;:{&quot;en&quot;:&quot;&quot;,&quot;nl&quot;:&quot;Vluchten&quot;,&quot;fr&quot;:&quot;Vols&quot;,&quot;de&quot;:&quot;Fl\\u00fcge&quot;}},{&quot;value&quot;:&quot;Berlin&quot;,&quot;label&quot;:{&quot;en&quot;:&quot;&quot;,&quot;nl&quot;:&quot;Heen- en retourvlucht Berlijn&quot;,&quot;fr&quot;:&quot;Vol aller-retour pour Berlin&quot;,&quot;de&quot;:&quot;Vol Hin- und R\\u00fcckflug nach Berlin&quot;},&quot;price&quot;:491,&quot;status&quot;:&quot;available&quot;,&quot;language_hidden&quot;:[],&quot;startIncrement&quot;:0,&quot;endIncrement&quot;:0,&quot;var_name&quot;:&quot;flights2&quot;,&quot;category_label&quot;:{&quot;en&quot;:&quot;&quot;,&quot;nl&quot;:&quot;Vluchten&quot;,&quot;fr&quot;:&quot;Vols&quot;,&quot;de&quot;:&quot;Fl\\u00fcge&quot;}},{&quot;value&quot;:&quot;Hamburg&quot;,&quot;label&quot;:{&quot;en&quot;:&quot;&quot;,&quot;nl&quot;:&quot;Heen- en retourvlucht Hamburg&quot;,&quot;fr&quot;:&quot;Vol aller-retour pour Hambourg&quot;,&quot;de&quot;:&quot;Voll Hin- und R\\u00fcckfahrt nach Hamburg&quot;},&quot;price&quot;:700,&quot;status&quot;:&quot;available&quot;,&quot;language_hidden&quot;:[],&quot;startIncrement&quot;:0,&quot;endIncrement&quot;:0,&quot;var_name&quot;:&quot;flights2&quot;,&quot;category_label&quot;:{&quot;en&quot;:&quot;&quot;,&quot;nl&quot;:&quot;Vluchten&quot;,&quot;fr&quot;:&quot;Vols&quot;,&quot;de&quot;:&quot;Fl\\u00fcge&quot;}},{&quot;value&quot;:&quot;M\\u00fcnchen&quot;,&quot;label&quot;:{&quot;en&quot;:&quot;&quot;,&quot;nl&quot;:&quot;Heen- en retourvlucht M\\u00fcnchen&quot;,&quot;fr&quot;:&quot;Vol aller-retour pour Munich&quot;,&quot;de&quot;:&quot;Voll retour nach M\\u00fcnchen&quot;},&quot;price&quot;:703,&quot;status&quot;:&quot;available&quot;,&quot;language_hidden&quot;:[],&quot;startIncrement&quot;:0,&quot;endIncrement&quot;:0,&quot;var_name&quot;:&quot;flights2&quot;,&quot;category_label&quot;:{&quot;en&quot;:&quot;&quot;,&quot;nl&quot;:&quot;Vluchten&quot;,&quot;fr&quot;:&quot;Vols&quot;,&quot;de&quot;:&quot;Fl\\u00fcge&quot;}},{&quot;value&quot;:&quot;no flights&quot;,&quot;label&quot;:{&quot;en&quot;:&quot;&quot;,&quot;nl&quot;:&quot;Geen vluchten&quot;,&quot;fr&quot;:&quot;Pas de vol&quot;,&quot;de&quot;:&quot;Keine Pl\\u00e4tze mehr&quot;},&quot;price&quot;:0,&quot;status&quot;:&quot;available&quot;,&quot;language_hidden&quot;:[],&quot;startIncrement&quot;:0,&quot;endIncrement&quot;:0,&quot;var_name&quot;:&quot;flights2&quot;,&quot;category_label&quot;:{&quot;en&quot;:&quot;&quot;,&quot;nl&quot;:&quot;Vluchten&quot;,&quot;fr&quot;:&quot;Vols&quot;,&quot;de&quot;:&quot;Fl\\u00fcge&quot;}}],&quot;bookable&quot;:true,&quot;bookingUrl&quot;:&quot;https:\\\/\\\/booking.travelbase.eu\\\/jn26a\\\/book?trip=11399&quot;,&quot;packageId&quot;:&quot;JN-JN&quot;}},{&quot;type&quot;:&quot;departures&quot;,&quot;id&quot;:&quot;t11408&quot;,&quot;attributes&quot;:{&quot;name&quot;:&quot;JN26A-W43-SUN&quot;,&quot;start&quot;:&quot;2026-10-18T10:00:00.000000Z&quot;,&quot;end&quot;:&quot;2026-10-25T13:00:00.000000Z&quot;,&quot;cheapestPrice&quot;:690,&quot;languages&quot;:[&quot;nl&quot;,&quot;fr&quot;,&quot;de&quot;],&quot;availableSpots&quot;:1,&quot;bookedSpots&quot;:0,&quot;fakeLabel&quot;:&quot;sold out&quot;,&quot;availabilityLabel&quot;:&quot;sold out&quot;,&quot;promoLabel&quot;:null,&quot;calendarToggles&quot;:[{&quot;value&quot;:&quot;Brussels&quot;,&quot;label&quot;:{&quot;en&quot;:&quot;&quot;,&quot;nl&quot;:&quot;Heen- en retourvlucht Brussel&quot;,&quot;fr&quot;:&quot;Vols aller\\\/retour depuis Bruxelles&quot;,&quot;de&quot;:&quot;Fl\\u00fcge hin\\\/zur\\u00fcck von Br\\u00fcssel&quot;},&quot;price&quot;:false,&quot;status&quot;:&quot;disabled&quot;,&quot;language_hidden&quot;:[],&quot;startIncrement&quot;:0,&quot;endIncrement&quot;:0,&quot;var_name&quot;:&quot;flights2&quot;,&quot;category_label&quot;:{&quot;en&quot;:&quot;&quot;,&quot;nl&quot;:&quot;Vluchten&quot;,&quot;fr&quot;:&quot;Vols&quot;,&quot;de&quot;:&quot;Fl\\u00fcge&quot;}},{&quot;value&quot;:&quot;Amsterdam&quot;,&quot;label&quot;:{&quot;en&quot;:&quot;&quot;,&quot;nl&quot;:&quot;Heen- en retourvlucht Amsterdam&quot;,&quot;fr&quot;:&quot;Vols aller\\\/retour depuis Amsterdam&quot;,&quot;de&quot;:&quot;Fl\\u00fcge Hin\\\/R\\u00fcck von Amsterdam&quot;},&quot;price&quot;:false,&quot;status&quot;:&quot;disabled&quot;,&quot;language_hidden&quot;:[],&quot;startIncrement&quot;:0,&quot;endIncrement&quot;:0,&quot;var_name&quot;:&quot;flights2&quot;,&quot;category_label&quot;:{&quot;en&quot;:&quot;&quot;,&quot;nl&quot;:&quot;Vluchten&quot;,&quot;fr&quot;:&quot;Vols&quot;,&quot;de&quot;:&quot;Fl\\u00fcge&quot;}},{&quot;value&quot;:&quot;Paris&quot;,&quot;label&quot;:{&quot;en&quot;:&quot;&quot;,&quot;nl&quot;:&quot;Heen- en retourvlucht Parijs&quot;,&quot;fr&quot;:&quot;Vols aller\\\/retour depuis Paris&quot;,&quot;de&quot;:&quot;Fl\\u00fcge Hin\\\/R\\u00fcck von Paris&quot;},&quot;price&quot;:false,&quot;status&quot;:&quot;disabled&quot;,&quot;language_hidden&quot;:[],&quot;startIncrement&quot;:0,&quot;endIncrement&quot;:0,&quot;var_name&quot;:&quot;flights2&quot;,&quot;category_label&quot;:{&quot;en&quot;:&quot;&quot;,&quot;nl&quot;:&quot;Vluchten&quot;,&quot;fr&quot;:&quot;Vols&quot;,&quot;de&quot;:&quot;Fl\\u00fcge&quot;}},{&quot;value&quot;:&quot;Dusseldorf&quot;,&quot;label&quot;:{&quot;en&quot;:&quot;&quot;,&quot;nl&quot;:&quot;Heen- en retourvlucht D\\u00fcsseldorf&quot;,&quot;fr&quot;:&quot;Vols aller\\\/retour depuis Dusseldorf &quot;,&quot;de&quot;:&quot;Fl\\u00fcge hin\\\/zur\\u00fcck von D\\u00fcsseldorf&quot;},&quot;price&quot;:false,&quot;status&quot;:&quot;disabled&quot;,&quot;language_hidden&quot;:[],&quot;startIncrement&quot;:0,&quot;endIncrement&quot;:0,&quot;var_name&quot;:&quot;flights2&quot;,&quot;category_label&quot;:{&quot;en&quot;:&quot;&quot;,&quot;nl&quot;:&quot;Vluchten&quot;,&quot;fr&quot;:&quot;Vols&quot;,&quot;de&quot;:&quot;Fl\\u00fcge&quot;}},{&quot;value&quot;:&quot;Frankfurt&quot;,&quot;label&quot;:{&quot;en&quot;:&quot;&quot;,&quot;nl&quot;:&quot;Heen- en retourvlucht Frankfurt&quot;,&quot;fr&quot;:&quot;Vol aller-retour vers Francfort&quot;,&quot;de&quot;:&quot;Voll Hin- und R\\u00fcckflug nach Frankfurt&quot;},&quot;price&quot;:false,&quot;status&quot;:&quot;disabled&quot;,&quot;language_hidden&quot;:[],&quot;startIncrement&quot;:0,&quot;endIncrement&quot;:0,&quot;var_name&quot;:&quot;flights2&quot;,&quot;category_label&quot;:{&quot;en&quot;:&quot;&quot;,&quot;nl&quot;:&quot;Vluchten&quot;,&quot;fr&quot;:&quot;Vols&quot;,&quot;de&quot;:&quot;Fl\\u00fcge&quot;}},{&quot;value&quot;:&quot;Berlin&quot;,&quot;label&quot;:{&quot;en&quot;:&quot;&quot;,&quot;nl&quot;:&quot;Heen- en retourvlucht Berlijn&quot;,&quot;fr&quot;:&quot;Vol aller-retour pour Berlin&quot;,&quot;de&quot;:&quot;Vol Hin- und R\\u00fcckflug nach Berlin&quot;},&quot;price&quot;:false,&quot;status&quot;:&quot;disabled&quot;,&quot;language_hidden&quot;:[],&quot;startIncrement&quot;:0,&quot;endIncrement&quot;:0,&quot;var_name&quot;:&quot;flights2&quot;,&quot;category_label&quot;:{&quot;en&quot;:&quot;&quot;,&quot;nl&quot;:&quot;Vluchten&quot;,&quot;fr&quot;:&quot;Vols&quot;,&quot;de&quot;:&quot;Fl\\u00fcge&quot;}},{&quot;value&quot;:&quot;Hamburg&quot;,&quot;label&quot;:{&quot;en&quot;:&quot;&quot;,&quot;nl&quot;:&quot;Heen- en retourvlucht Hamburg&quot;,&quot;fr&quot;:&quot;Vol aller-retour pour Hambourg&quot;,&quot;de&quot;:&quot;Voll Hin- und R\\u00fcckfahrt nach Hamburg&quot;},&quot;price&quot;:false,&quot;status&quot;:&quot;disabled&quot;,&quot;language_hidden&quot;:[],&quot;startIncrement&quot;:0,&quot;endIncrement&quot;:0,&quot;var_name&quot;:&quot;flights2&quot;,&quot;category_label&quot;:{&quot;en&quot;:&quot;&quot;,&quot;nl&quot;:&quot;Vluchten&quot;,&quot;fr&quot;:&quot;Vols&quot;,&quot;de&quot;:&quot;Fl\\u00fcge&quot;}},{&quot;value&quot;:&quot;M\\u00fcnchen&quot;,&quot;label&quot;:{&quot;en&quot;:&quot;&quot;,&quot;nl&quot;:&quot;Heen- en retourvlucht M\\u00fcnchen&quot;,&quot;fr&quot;:&quot;Vol aller-retour pour Munich&quot;,&quot;de&quot;:&quot;Voll retour nach M\\u00fcnchen&quot;},&quot;price&quot;:false,&quot;status&quot;:&quot;disabled&quot;,&quot;language_hidden&quot;:[],&quot;startIncrement&quot;:0,&quot;endIncrement&quot;:0,&quot;var_name&quot;:&quot;flights2&quot;,&quot;category_label&quot;:{&quot;en&quot;:&quot;&quot;,&quot;nl&quot;:&quot;Vluchten&quot;,&quot;fr&quot;:&quot;Vols&quot;,&quot;de&quot;:&quot;Fl\\u00fcge&quot;}},{&quot;value&quot;:&quot;no flights&quot;,&quot;label&quot;:{&quot;en&quot;:&quot;&quot;,&quot;nl&quot;:&quot;Geen vluchten&quot;,&quot;fr&quot;:&quot;Pas de vol&quot;,&quot;de&quot;:&quot;Keine Pl\\u00e4tze mehr&quot;},&quot;price&quot;:0,&quot;status&quot;:&quot;available&quot;,&quot;language_hidden&quot;:[],&quot;startIncrement&quot;:0,&quot;endIncrement&quot;:0,&quot;var_name&quot;:&quot;flights2&quot;,&quot;category_label&quot;:{&quot;en&quot;:&quot;&quot;,&quot;nl&quot;:&quot;Vluchten&quot;,&quot;fr&quot;:&quot;Vols&quot;,&quot;de&quot;:&quot;Fl\\u00fcge&quot;}}],&quot;bookable&quot;:false,&quot;bookingUrl&quot;:&quot;https:\\\/\\\/booking.travelbase.eu\\\/jn26a\\\/book?trip=11408&quot;,&quot;packageId&quot;:&quot;JN-JN&quot;}},{&quot;type&quot;:&quot;departures&quot;,&quot;id&quot;:&quot;t11400&quot;,&quot;attributes&quot;:{&quot;name&quot;:&quot;JN26A-W43-WED&quot;,&quot;start&quot;:&quot;2026-10-21T10:00:00.000000Z&quot;,&quot;end&quot;:&quot;2026-10-28T13:00:00.000000Z&quot;,&quot;cheapestPrice&quot;:690,&quot;languages&quot;:[&quot;nl&quot;,&quot;fr&quot;,&quot;de&quot;],&quot;availableSpots&quot;:9,&quot;bookedSpots&quot;:2,&quot;fakeLabel&quot;:&quot;&quot;,&quot;availabilityLabel&quot;:&quot;&quot;,&quot;promoLabel&quot;:null,&quot;calendarToggles&quot;:[{&quot;value&quot;:&quot;Brussels&quot;,&quot;label&quot;:{&quot;en&quot;:&quot;&quot;,&quot;nl&quot;:&quot;Heen- en retourvlucht Brussel&quot;,&quot;fr&quot;:&quot;Vols aller\\\/retour depuis Bruxelles&quot;,&quot;de&quot;:&quot;Fl\\u00fcge hin\\\/zur\\u00fcck von Br\\u00fcssel&quot;},&quot;price&quot;:false,&quot;status&quot;:&quot;disabled&quot;,&quot;language_hidden&quot;:[],&quot;startIncrement&quot;:0,&quot;endIncrement&quot;:0,&quot;var_name&quot;:&quot;flights2&quot;,&quot;category_label&quot;:{&quot;en&quot;:&quot;&quot;,&quot;nl&quot;:&quot;Vluchten&quot;,&quot;fr&quot;:&quot;Vols&quot;,&quot;de&quot;:&quot;Fl\\u00fcge&quot;}},{&quot;value&quot;:&quot;Amsterdam&quot;,&quot;label&quot;:{&quot;en&quot;:&quot;&quot;,&quot;nl&quot;:&quot;Heen- en retourvlucht Amsterdam&quot;,&quot;fr&quot;:&quot;Vols aller\\\/retour depuis Amsterdam&quot;,&quot;de&quot;:&quot;Fl\\u00fcge Hin\\\/R\\u00fcck von Amsterdam&quot;},&quot;price&quot;:515,&quot;status&quot;:&quot;available&quot;,&quot;language_hidden&quot;:[],&quot;startIncrement&quot;:0,&quot;endIncrement&quot;:0,&quot;var_name&quot;:&quot;flights2&quot;,&quot;category_label&quot;:{&quot;en&quot;:&quot;&quot;,&quot;nl&quot;:&quot;Vluchten&quot;,&quot;fr&quot;:&quot;Vols&quot;,&quot;de&quot;:&quot;Fl\\u00fcge&quot;}},{&quot;value&quot;:&quot;Paris&quot;,&quot;label&quot;:{&quot;en&quot;:&quot;&quot;,&quot;nl&quot;:&quot;Heen- en retourvlucht Parijs&quot;,&quot;fr&quot;:&quot;Vols aller\\\/retour depuis Paris&quot;,&quot;de&quot;:&quot;Fl\\u00fcge Hin\\\/R\\u00fcck von Paris&quot;},&quot;price&quot;:515,&quot;status&quot;:&quot;available&quot;,&quot;language_hidden&quot;:[],&quot;startIncrement&quot;:0,&quot;endIncrement&quot;:0,&quot;var_name&quot;:&quot;flights2&quot;,&quot;category_label&quot;:{&quot;en&quot;:&quot;&quot;,&quot;nl&quot;:&quot;Vluchten&quot;,&quot;fr&quot;:&quot;Vols&quot;,&quot;de&quot;:&quot;Fl\\u00fcge&quot;}},{&quot;value&quot;:&quot;Dusseldorf&quot;,&quot;label&quot;:{&quot;en&quot;:&quot;&quot;,&quot;nl&quot;:&quot;Heen- en retourvlucht D\\u00fcsseldorf&quot;,&quot;fr&quot;:&quot;Vols aller\\\/retour depuis Dusseldorf &quot;,&quot;de&quot;:&quot;Fl\\u00fcge hin\\\/zur\\u00fcck von D\\u00fcsseldorf&quot;},&quot;price&quot;:772,&quot;status&quot;:&quot;available&quot;,&quot;language_hidden&quot;:[],&quot;startIncrement&quot;:0,&quot;endIncrement&quot;:0,&quot;var_name&quot;:&quot;flights2&quot;,&quot;category_label&quot;:{&quot;en&quot;:&quot;&quot;,&quot;nl&quot;:&quot;Vluchten&quot;,&quot;fr&quot;:&quot;Vols&quot;,&quot;de&quot;:&quot;Fl\\u00fcge&quot;}},{&quot;value&quot;:&quot;Frankfurt&quot;,&quot;label&quot;:{&quot;en&quot;:&quot;&quot;,&quot;nl&quot;:&quot;Heen- en retourvlucht Frankfurt&quot;,&quot;fr&quot;:&quot;Vol aller-retour vers Francfort&quot;,&quot;de&quot;:&quot;Voll Hin- und R\\u00fcckflug nach Frankfurt&quot;},&quot;price&quot;:false,&quot;status&quot;:&quot;disabled&quot;,&quot;language_hidden&quot;:[],&quot;startIncrement&quot;:0,&quot;endIncrement&quot;:0,&quot;var_name&quot;:&quot;flights2&quot;,&quot;category_label&quot;:{&quot;en&quot;:&quot;&quot;,&quot;nl&quot;:&quot;Vluchten&quot;,&quot;fr&quot;:&quot;Vols&quot;,&quot;de&quot;:&quot;Fl\\u00fcge&quot;}},{&quot;value&quot;:&quot;Berlin&quot;,&quot;label&quot;:{&quot;en&quot;:&quot;&quot;,&quot;nl&quot;:&quot;Heen- en retourvlucht Berlijn&quot;,&quot;fr&quot;:&quot;Vol aller-retour pour Berlin&quot;,&quot;de&quot;:&quot;Vol Hin- und R\\u00fcckflug nach Berlin&quot;},&quot;price&quot;:531,&quot;status&quot;:&quot;available&quot;,&quot;language_hidden&quot;:[],&quot;startIncrement&quot;:0,&quot;endIncrement&quot;:0,&quot;var_name&quot;:&quot;flights2&quot;,&quot;category_label&quot;:{&quot;en&quot;:&quot;&quot;,&quot;nl&quot;:&quot;Vluchten&quot;,&quot;fr&quot;:&quot;Vols&quot;,&quot;de&quot;:&quot;Fl\\u00fcge&quot;}},{&quot;value&quot;:&quot;Hamburg&quot;,&quot;label&quot;:{&quot;en&quot;:&quot;&quot;,&quot;nl&quot;:&quot;Heen- en retourvlucht Hamburg&quot;,&quot;fr&quot;:&quot;Vol aller-retour pour Hambourg&quot;,&quot;de&quot;:&quot;Voll Hin- und R\\u00fcckfahrt nach Hamburg&quot;},&quot;price&quot;:992,&quot;status&quot;:&quot;available&quot;,&quot;language_hidden&quot;:[],&quot;startIncrement&quot;:0,&quot;endIncrement&quot;:0,&quot;var_name&quot;:&quot;flights2&quot;,&quot;category_label&quot;:{&quot;en&quot;:&quot;&quot;,&quot;nl&quot;:&quot;Vluchten&quot;,&quot;fr&quot;:&quot;Vols&quot;,&quot;de&quot;:&quot;Fl\\u00fcge&quot;}},{&quot;value&quot;:&quot;M\\u00fcnchen&quot;,&quot;label&quot;:{&quot;en&quot;:&quot;&quot;,&quot;nl&quot;:&quot;Heen- en retourvlucht M\\u00fcnchen&quot;,&quot;fr&quot;:&quot;Vol aller-retour pour Munich&quot;,&quot;de&quot;:&quot;Voll retour nach M\\u00fcnchen&quot;},&quot;price&quot;:false,&quot;status&quot;:&quot;disabled&quot;,&quot;language_hidden&quot;:[],&quot;startIncrement&quot;:0,&quot;endIncrement&quot;:0,&quot;var_name&quot;:&quot;flights2&quot;,&quot;category_label&quot;:{&quot;en&quot;:&quot;&quot;,&quot;nl&quot;:&quot;Vluchten&quot;,&quot;fr&quot;:&quot;Vols&quot;,&quot;de&quot;:&quot;Fl\\u00fcge&quot;}},{&quot;value&quot;:&quot;no flights&quot;,&quot;label&quot;:{&quot;en&quot;:&quot;&quot;,&quot;nl&quot;:&quot;Geen vluchten&quot;,&quot;fr&quot;:&quot;Pas de vol&quot;,&quot;de&quot;:&quot;Keine Pl\\u00e4tze mehr&quot;},&quot;price&quot;:0,&quot;status&quot;:&quot;available&quot;,&quot;language_hidden&quot;:[],&quot;startIncrement&quot;:0,&quot;endIncrement&quot;:0,&quot;var_name&quot;:&quot;flights2&quot;,&quot;category_label&quot;:{&quot;en&quot;:&quot;&quot;,&quot;nl&quot;:&quot;Vluchten&quot;,&quot;fr&quot;:&quot;Vols&quot;,&quot;de&quot;:&quot;Fl\\u00fcge&quot;}}],&quot;bookable&quot;:true,&quot;bookingUrl&quot;:&quot;https:\\\/\\\/booking.travelbase.eu\\\/jn26a\\\/book?trip=11400&quot;,&quot;packageId&quot;:&quot;JN-JN&quot;}},{&quot;type&quot;:&quot;departures&quot;,&quot;id&quot;:&quot;t11409&quot;,&quot;attributes&quot;:{&quot;name&quot;:&quot;JN26A-W44-SUN&quot;,&quot;start&quot;:&quot;2026-10-25T11:00:00.000000Z&quot;,&quot;end&quot;:&quot;2026-11-01T13:00:00.000000Z&quot;,&quot;cheapestPrice&quot;:690,&quot;languages&quot;:[&quot;nl&quot;,&quot;fr&quot;,&quot;de&quot;],&quot;availableSpots&quot;:1,&quot;bookedSpots&quot;:0,&quot;fakeLabel&quot;:&quot;sold out&quot;,&quot;availabilityLabel&quot;:&quot;sold out&quot;,&quot;promoLabel&quot;:null,&quot;calendarToggles&quot;:[{&quot;value&quot;:&quot;Brussels&quot;,&quot;label&quot;:{&quot;en&quot;:&quot;&quot;,&quot;nl&quot;:&quot;Heen- en retourvlucht Brussel&quot;,&quot;fr&quot;:&quot;Vols aller\\\/retour depuis Bruxelles&quot;,&quot;de&quot;:&quot;Fl\\u00fcge hin\\\/zur\\u00fcck von Br\\u00fcssel&quot;},&quot;price&quot;:false,&quot;status&quot;:&quot;disabled&quot;,&quot;language_hidden&quot;:[],&quot;startIncrement&quot;:0,&quot;endIncrement&quot;:0,&quot;var_name&quot;:&quot;flights2&quot;,&quot;category_label&quot;:{&quot;en&quot;:&quot;&quot;,&quot;nl&quot;:&quot;Vluchten&quot;,&quot;fr&quot;:&quot;Vols&quot;,&quot;de&quot;:&quot;Fl\\u00fcge&quot;}},{&quot;value&quot;:&quot;Amsterdam&quot;,&quot;label&quot;:{&quot;en&quot;:&quot;&quot;,&quot;nl&quot;:&quot;Heen- en retourvlucht Amsterdam&quot;,&quot;fr&quot;:&quot;Vols aller\\\/retour depuis Amsterdam&quot;,&quot;de&quot;:&quot;Fl\\u00fcge Hin\\\/R\\u00fcck von Amsterdam&quot;},&quot;price&quot;:false,&quot;status&quot;:&quot;disabled&quot;,&quot;language_hidden&quot;:[],&quot;startIncrement&quot;:0,&quot;endIncrement&quot;:0,&quot;var_name&quot;:&quot;flights2&quot;,&quot;category_label&quot;:{&quot;en&quot;:&quot;&quot;,&quot;nl&quot;:&quot;Vluchten&quot;,&quot;fr&quot;:&quot;Vols&quot;,&quot;de&quot;:&quot;Fl\\u00fcge&quot;}},{&quot;value&quot;:&quot;Paris&quot;,&quot;label&quot;:{&quot;en&quot;:&quot;&quot;,&quot;nl&quot;:&quot;Heen- en retourvlucht Parijs&quot;,&quot;fr&quot;:&quot;Vols aller\\\/retour depuis Paris&quot;,&quot;de&quot;:&quot;Fl\\u00fcge Hin\\\/R\\u00fcck von Paris&quot;},&quot;price&quot;:false,&quot;status&quot;:&quot;disabled&quot;,&quot;language_hidden&quot;:[],&quot;startIncrement&quot;:0,&quot;endIncrement&quot;:0,&quot;var_name&quot;:&quot;flights2&quot;,&quot;category_label&quot;:{&quot;en&quot;:&quot;&quot;,&quot;nl&quot;:&quot;Vluchten&quot;,&quot;fr&quot;:&quot;Vols&quot;,&quot;de&quot;:&quot;Fl\\u00fcge&quot;}},{&quot;value&quot;:&quot;Dusseldorf&quot;,&quot;label&quot;:{&quot;en&quot;:&quot;&quot;,&quot;nl&quot;:&quot;Heen- en retourvlucht D\\u00fcsseldorf&quot;,&quot;fr&quot;:&quot;Vols aller\\\/retour depuis Dusseldorf &quot;,&quot;de&quot;:&quot;Fl\\u00fcge hin\\\/zur\\u00fcck von D\\u00fcsseldorf&quot;},&quot;price&quot;:false,&quot;status&quot;:&quot;disabled&quot;,&quot;language_hidden&quot;:[],&quot;startIncrement&quot;:0,&quot;endIncrement&quot;:0,&quot;var_name&quot;:&quot;flights2&quot;,&quot;category_label&quot;:{&quot;en&quot;:&quot;&quot;,&quot;nl&quot;:&quot;Vluchten&quot;,&quot;fr&quot;:&quot;Vols&quot;,&quot;de&quot;:&quot;Fl\\u00fcge&quot;}},{&quot;value&quot;:&quot;Frankfurt&quot;,&quot;label&quot;:{&quot;en&quot;:&quot;&quot;,&quot;nl&quot;:&quot;Heen- en retourvlucht Frankfurt&quot;,&quot;fr&quot;:&quot;Vol aller-retour vers Francfort&quot;,&quot;de&quot;:&quot;Voll Hin- und R\\u00fcckflug nach Frankfurt&quot;},&quot;price&quot;:false,&quot;status&quot;:&quot;disabled&quot;,&quot;language_hidden&quot;:[],&quot;startIncrement&quot;:0,&quot;endIncrement&quot;:0,&quot;var_name&quot;:&quot;flights2&quot;,&quot;category_label&quot;:{&quot;en&quot;:&quot;&quot;,&quot;nl&quot;:&quot;Vluchten&quot;,&quot;fr&quot;:&quot;Vols&quot;,&quot;de&quot;:&quot;Fl\\u00fcge&quot;}},{&quot;value&quot;:&quot;Berlin&quot;,&quot;label&quot;:{&quot;en&quot;:&quot;&quot;,&quot;nl&quot;:&quot;Heen- en retourvlucht Berlijn&quot;,&quot;fr&quot;:&quot;Vol aller-retour pour Berlin&quot;,&quot;de&quot;:&quot;Vol Hin- und R\\u00fcckflug nach Berlin&quot;},&quot;price&quot;:false,&quot;status&quot;:&quot;disabled&quot;,&quot;language_hidden&quot;:[],&quot;startIncrement&quot;:0,&quot;endIncrement&quot;:0,&quot;var_name&quot;:&quot;flights2&quot;,&quot;category_label&quot;:{&quot;en&quot;:&quot;&quot;,&quot;nl&quot;:&quot;Vluchten&quot;,&quot;fr&quot;:&quot;Vols&quot;,&quot;de&quot;:&quot;Fl\\u00fcge&quot;}},{&quot;value&quot;:&quot;Hamburg&quot;,&quot;label&quot;:{&quot;en&quot;:&quot;&quot;,&quot;nl&quot;:&quot;Heen- en retourvlucht Hamburg&quot;,&quot;fr&quot;:&quot;Vol aller-retour pour Hambourg&quot;,&quot;de&quot;:&quot;Voll Hin- und R\\u00fcckfahrt nach Hamburg&quot;},&quot;price&quot;:false,&quot;status&quot;:&quot;disabled&quot;,&quot;language_hidden&quot;:[],&quot;startIncrement&quot;:0,&quot;endIncrement&quot;:0,&quot;var_name&quot;:&quot;flights2&quot;,&quot;category_label&quot;:{&quot;en&quot;:&quot;&quot;,&quot;nl&quot;:&quot;Vluchten&quot;,&quot;fr&quot;:&quot;Vols&quot;,&quot;de&quot;:&quot;Fl\\u00fcge&quot;}},{&quot;value&quot;:&quot;M\\u00fcnchen&quot;,&quot;label&quot;:{&quot;en&quot;:&quot;&quot;,&quot;nl&quot;:&quot;Heen- en retourvlucht M\\u00fcnchen&quot;,&quot;fr&quot;:&quot;Vol aller-retour pour Munich&quot;,&quot;de&quot;:&quot;Voll retour nach M\\u00fcnchen&quot;},&quot;price&quot;:false,&quot;status&quot;:&quot;disabled&quot;,&quot;language_hidden&quot;:[],&quot;startIncrement&quot;:0,&quot;endIncrement&quot;:0,&quot;var_name&quot;:&quot;flights2&quot;,&quot;category_label&quot;:{&quot;en&quot;:&quot;&quot;,&quot;nl&quot;:&quot;Vluchten&quot;,&quot;fr&quot;:&quot;Vols&quot;,&quot;de&quot;:&quot;Fl\\u00fcge&quot;}},{&quot;value&quot;:&quot;no flights&quot;,&quot;label&quot;:{&quot;en&quot;:&quot;&quot;,&quot;nl&quot;:&quot;Geen vluchten&quot;,&quot;fr&quot;:&quot;Pas de vol&quot;,&quot;de&quot;:&quot;Keine Pl\\u00e4tze mehr&quot;},&quot;price&quot;:0,&quot;status&quot;:&quot;available&quot;,&quot;language_hidden&quot;:[],&quot;startIncrement&quot;:0,&quot;endIncrement&quot;:0,&quot;var_name&quot;:&quot;flights2&quot;,&quot;category_label&quot;:{&quot;en&quot;:&quot;&quot;,&quot;nl&quot;:&quot;Vluchten&quot;,&quot;fr&quot;:&quot;Vols&quot;,&quot;de&quot;:&quot;Fl\\u00fcge&quot;}}],&quot;bookable&quot;:false,&quot;bookingUrl&quot;:&quot;https:\\\/\\\/booking.travelbase.eu\\\/jn26a\\\/book?trip=11409&quot;,&quot;packageId&quot;:&quot;JN-JN&quot;}},{&quot;type&quot;:&quot;departures&quot;,&quot;id&quot;:&quot;t11401&quot;,&quot;attributes&quot;:{&quot;name&quot;:&quot;JN26A-W44-WED&quot;,&quot;start&quot;:&quot;2026-10-28T11:00:00.000000Z&quot;,&quot;end&quot;:&quot;2026-11-04T13:00:00.000000Z&quot;,&quot;cheapestPrice&quot;:690,&quot;languages&quot;:[&quot;nl&quot;,&quot;fr&quot;,&quot;de&quot;],&quot;availableSpots&quot;:7,&quot;bookedSpots&quot;:4,&quot;fakeLabel&quot;:&quot;&quot;,&quot;availabilityLabel&quot;:&quot;&quot;,&quot;promoLabel&quot;:null,&quot;calendarToggles&quot;:[{&quot;value&quot;:&quot;Brussels&quot;,&quot;label&quot;:{&quot;en&quot;:&quot;&quot;,&quot;nl&quot;:&quot;Heen- en retourvlucht Brussel&quot;,&quot;fr&quot;:&quot;Vols aller\\\/retour depuis Bruxelles&quot;,&quot;de&quot;:&quot;Fl\\u00fcge hin\\\/zur\\u00fcck von Br\\u00fcssel&quot;},&quot;price&quot;:false,&quot;status&quot;:&quot;disabled&quot;,&quot;language_hidden&quot;:[],&quot;startIncrement&quot;:0,&quot;endIncrement&quot;:0,&quot;var_name&quot;:&quot;flights2&quot;,&quot;category_label&quot;:{&quot;en&quot;:&quot;&quot;,&quot;nl&quot;:&quot;Vluchten&quot;,&quot;fr&quot;:&quot;Vols&quot;,&quot;de&quot;:&quot;Fl\\u00fcge&quot;}},{&quot;value&quot;:&quot;Amsterdam&quot;,&quot;label&quot;:{&quot;en&quot;:&quot;&quot;,&quot;nl&quot;:&quot;Heen- en retourvlucht Amsterdam&quot;,&quot;fr&quot;:&quot;Vols aller\\\/retour depuis Amsterdam&quot;,&quot;de&quot;:&quot;Fl\\u00fcge Hin\\\/R\\u00fcck von Amsterdam&quot;},&quot;price&quot;:false,&quot;status&quot;:&quot;sold_out&quot;,&quot;language_hidden&quot;:[],&quot;startIncrement&quot;:0,&quot;endIncrement&quot;:0,&quot;var_name&quot;:&quot;flights2&quot;,&quot;category_label&quot;:{&quot;en&quot;:&quot;&quot;,&quot;nl&quot;:&quot;Vluchten&quot;,&quot;fr&quot;:&quot;Vols&quot;,&quot;de&quot;:&quot;Fl\\u00fcge&quot;}},{&quot;value&quot;:&quot;Paris&quot;,&quot;label&quot;:{&quot;en&quot;:&quot;&quot;,&quot;nl&quot;:&quot;Heen- en retourvlucht Parijs&quot;,&quot;fr&quot;:&quot;Vols aller\\\/retour depuis Paris&quot;,&quot;de&quot;:&quot;Fl\\u00fcge Hin\\\/R\\u00fcck von Paris&quot;},&quot;price&quot;:515,&quot;status&quot;:&quot;available&quot;,&quot;language_hidden&quot;:[],&quot;startIncrement&quot;:0,&quot;endIncrement&quot;:0,&quot;var_name&quot;:&quot;flights2&quot;,&quot;category_label&quot;:{&quot;en&quot;:&quot;&quot;,&quot;nl&quot;:&quot;Vluchten&quot;,&quot;fr&quot;:&quot;Vols&quot;,&quot;de&quot;:&quot;Fl\\u00fcge&quot;}},{&quot;value&quot;:&quot;Dusseldorf&quot;,&quot;label&quot;:{&quot;en&quot;:&quot;&quot;,&quot;nl&quot;:&quot;Heen- en retourvlucht D\\u00fcsseldorf&quot;,&quot;fr&quot;:&quot;Vols aller\\\/retour depuis Dusseldorf &quot;,&quot;de&quot;:&quot;Fl\\u00fcge hin\\\/zur\\u00fcck von D\\u00fcsseldorf&quot;},&quot;price&quot;:772,&quot;status&quot;:&quot;available&quot;,&quot;language_hidden&quot;:[],&quot;startIncrement&quot;:0,&quot;endIncrement&quot;:0,&quot;var_name&quot;:&quot;flights2&quot;,&quot;category_label&quot;:{&quot;en&quot;:&quot;&quot;,&quot;nl&quot;:&quot;Vluchten&quot;,&quot;fr&quot;:&quot;Vols&quot;,&quot;de&quot;:&quot;Fl\\u00fcge&quot;}},{&quot;value&quot;:&quot;Frankfurt&quot;,&quot;label&quot;:{&quot;en&quot;:&quot;&quot;,&quot;nl&quot;:&quot;Heen- en retourvlucht Frankfurt&quot;,&quot;fr&quot;:&quot;Vol aller-retour vers Francfort&quot;,&quot;de&quot;:&quot;Voll Hin- und R\\u00fcckflug nach Frankfurt&quot;},&quot;price&quot;:1107,&quot;status&quot;:&quot;available&quot;,&quot;language_hidden&quot;:[],&quot;startIncrement&quot;:0,&quot;endIncrement&quot;:0,&quot;var_name&quot;:&quot;flights2&quot;,&quot;category_label&quot;:{&quot;en&quot;:&quot;&quot;,&quot;nl&quot;:&quot;Vluchten&quot;,&quot;fr&quot;:&quot;Vols&quot;,&quot;de&quot;:&quot;Fl\\u00fcge&quot;}},{&quot;value&quot;:&quot;Berlin&quot;,&quot;label&quot;:{&quot;en&quot;:&quot;&quot;,&quot;nl&quot;:&quot;Heen- en retourvlucht Berlijn&quot;,&quot;fr&quot;:&quot;Vol aller-retour pour Berlin&quot;,&quot;de&quot;:&quot;Vol Hin- und R\\u00fcckflug nach Berlin&quot;},&quot;price&quot;:false,&quot;status&quot;:&quot;disabled&quot;,&quot;language_hidden&quot;:[],&quot;startIncrement&quot;:0,&quot;endIncrement&quot;:0,&quot;var_name&quot;:&quot;flights2&quot;,&quot;category_label&quot;:{&quot;en&quot;:&quot;&quot;,&quot;nl&quot;:&quot;Vluchten&quot;,&quot;fr&quot;:&quot;Vols&quot;,&quot;de&quot;:&quot;Fl\\u00fcge&quot;}},{&quot;value&quot;:&quot;Hamburg&quot;,&quot;label&quot;:{&quot;en&quot;:&quot;&quot;,&quot;nl&quot;:&quot;Heen- en retourvlucht Hamburg&quot;,&quot;fr&quot;:&quot;Vol aller-retour pour Hambourg&quot;,&quot;de&quot;:&quot;Voll Hin- und R\\u00fcckfahrt nach Hamburg&quot;},&quot;price&quot;:700,&quot;status&quot;:&quot;available&quot;,&quot;language_hidden&quot;:[],&quot;startIncrement&quot;:0,&quot;endIncrement&quot;:0,&quot;var_name&quot;:&quot;flights2&quot;,&quot;category_label&quot;:{&quot;en&quot;:&quot;&quot;,&quot;nl&quot;:&quot;Vluchten&quot;,&quot;fr&quot;:&quot;Vols&quot;,&quot;de&quot;:&quot;Fl\\u00fcge&quot;}},{&quot;value&quot;:&quot;M\\u00fcnchen&quot;,&quot;label&quot;:{&quot;en&quot;:&quot;&quot;,&quot;nl&quot;:&quot;Heen- en retourvlucht M\\u00fcnchen&quot;,&quot;fr&quot;:&quot;Vol aller-retour pour Munich&quot;,&quot;de&quot;:&quot;Voll retour nach M\\u00fcnchen&quot;},&quot;price&quot;:703,&quot;status&quot;:&quot;available&quot;,&quot;language_hidden&quot;:[],&quot;startIncrement&quot;:0,&quot;endIncrement&quot;:0,&quot;var_name&quot;:&quot;flights2&quot;,&quot;category_label&quot;:{&quot;en&quot;:&quot;&quot;,&quot;nl&quot;:&quot;Vluchten&quot;,&quot;fr&quot;:&quot;Vols&quot;,&quot;de&quot;:&quot;Fl\\u00fcge&quot;}},{&quot;value&quot;:&quot;no flights&quot;,&quot;label&quot;:{&quot;en&quot;:&quot;&quot;,&quot;nl&quot;:&quot;Geen vluchten&quot;,&quot;fr&quot;:&quot;Pas de vol&quot;,&quot;de&quot;:&quot;Keine Pl\\u00e4tze mehr&quot;},&quot;price&quot;:0,&quot;status&quot;:&quot;available&quot;,&quot;language_hidden&quot;:[],&quot;startIncrement&quot;:0,&quot;endIncrement&quot;:0,&quot;var_name&quot;:&quot;flights2&quot;,&quot;category_label&quot;:{&quot;en&quot;:&quot;&quot;,&quot;nl&quot;:&quot;Vluchten&quot;,&quot;fr&quot;:&quot;Vols&quot;,&quot;de&quot;:&quot;Fl\\u00fcge&quot;}}],&quot;bookable&quot;:true,&quot;bookingUrl&quot;:&quot;https:\\\/\\\/booking.travelbase.eu\\\/jn26a\\\/book?trip=11401&quot;,&quot;packageId&quot;:&quot;JN-JN&quot;}},{&quot;type&quot;:&quot;departures&quot;,&quot;id&quot;:&quot;t11410&quot;,&quot;attributes&quot;:{&quot;name&quot;:&quot;JN26A-W45-SUN&quot;,&quot;start&quot;:&quot;2026-11-01T11:00:00.000000Z&quot;,&quot;end&quot;:&quot;2026-11-08T13:00:00.000000Z&quot;,&quot;cheapestPrice&quot;:690,&quot;languages&quot;:[&quot;nl&quot;,&quot;fr&quot;,&quot;de&quot;],&quot;availableSpots&quot;:1,&quot;bookedSpots&quot;:10,&quot;fakeLabel&quot;:&quot;sold out&quot;,&quot;availabilityLabel&quot;:&quot;sold out&quot;,&quot;promoLabel&quot;:null,&quot;calendarToggles&quot;:[{&quot;value&quot;:&quot;Brussels&quot;,&quot;label&quot;:{&quot;en&quot;:&quot;&quot;,&quot;nl&quot;:&quot;Heen- en retourvlucht Brussel&quot;,&quot;fr&quot;:&quot;Vols aller\\\/retour depuis Bruxelles&quot;,&quot;de&quot;:&quot;Fl\\u00fcge hin\\\/zur\\u00fcck von Br\\u00fcssel&quot;},&quot;price&quot;:false,&quot;status&quot;:&quot;sold_out&quot;,&quot;language_hidden&quot;:[],&quot;startIncrement&quot;:0,&quot;endIncrement&quot;:0,&quot;var_name&quot;:&quot;flights2&quot;,&quot;category_label&quot;:{&quot;en&quot;:&quot;&quot;,&quot;nl&quot;:&quot;Vluchten&quot;,&quot;fr&quot;:&quot;Vols&quot;,&quot;de&quot;:&quot;Fl\\u00fcge&quot;}},{&quot;value&quot;:&quot;Amsterdam&quot;,&quot;label&quot;:{&quot;en&quot;:&quot;&quot;,&quot;nl&quot;:&quot;Heen- en retourvlucht Amsterdam&quot;,&quot;fr&quot;:&quot;Vols aller\\\/retour depuis Amsterdam&quot;,&quot;de&quot;:&quot;Fl\\u00fcge Hin\\\/R\\u00fcck von Amsterdam&quot;},&quot;price&quot;:495,&quot;status&quot;:&quot;available&quot;,&quot;language_hidden&quot;:[],&quot;startIncrement&quot;:0,&quot;endIncrement&quot;:0,&quot;var_name&quot;:&quot;flights2&quot;,&quot;category_label&quot;:{&quot;en&quot;:&quot;&quot;,&quot;nl&quot;:&quot;Vluchten&quot;,&quot;fr&quot;:&quot;Vols&quot;,&quot;de&quot;:&quot;Fl\\u00fcge&quot;}},{&quot;value&quot;:&quot;Paris&quot;,&quot;label&quot;:{&quot;en&quot;:&quot;&quot;,&quot;nl&quot;:&quot;Heen- en retourvlucht Parijs&quot;,&quot;fr&quot;:&quot;Vols aller\\\/retour depuis Paris&quot;,&quot;de&quot;:&quot;Fl\\u00fcge Hin\\\/R\\u00fcck von Paris&quot;},&quot;price&quot;:1109,&quot;status&quot;:&quot;available&quot;,&quot;language_hidden&quot;:[],&quot;startIncrement&quot;:0,&quot;endIncrement&quot;:0,&quot;var_name&quot;:&quot;flights2&quot;,&quot;category_label&quot;:{&quot;en&quot;:&quot;&quot;,&quot;nl&quot;:&quot;Vluchten&quot;,&quot;fr&quot;:&quot;Vols&quot;,&quot;de&quot;:&quot;Fl\\u00fcge&quot;}},{&quot;value&quot;:&quot;Dusseldorf&quot;,&quot;label&quot;:{&quot;en&quot;:&quot;&quot;,&quot;nl&quot;:&quot;Heen- en retourvlucht D\\u00fcsseldorf&quot;,&quot;fr&quot;:&quot;Vols aller\\\/retour depuis Dusseldorf &quot;,&quot;de&quot;:&quot;Fl\\u00fcge hin\\\/zur\\u00fcck von D\\u00fcsseldorf&quot;},&quot;price&quot;:false,&quot;status&quot;:&quot;disabled&quot;,&quot;language_hidden&quot;:[],&quot;startIncrement&quot;:0,&quot;endIncrement&quot;:0,&quot;var_name&quot;:&quot;flights2&quot;,&quot;category_label&quot;:{&quot;en&quot;:&quot;&quot;,&quot;nl&quot;:&quot;Vluchten&quot;,&quot;fr&quot;:&quot;Vols&quot;,&quot;de&quot;:&quot;Fl\\u00fcge&quot;}},{&quot;value&quot;:&quot;Frankfurt&quot;,&quot;label&quot;:{&quot;en&quot;:&quot;&quot;,&quot;nl&quot;:&quot;Heen- en retourvlucht Frankfurt&quot;,&quot;fr&quot;:&quot;Vol aller-retour vers Francfort&quot;,&quot;de&quot;:&quot;Voll Hin- und R\\u00fcckflug nach Frankfurt&quot;},&quot;price&quot;:false,&quot;status&quot;:&quot;disabled&quot;,&quot;language_hidden&quot;:[],&quot;startIncrement&quot;:0,&quot;endIncrement&quot;:0,&quot;var_name&quot;:&quot;flights2&quot;,&quot;category_label&quot;:{&quot;en&quot;:&quot;&quot;,&quot;nl&quot;:&quot;Vluchten&quot;,&quot;fr&quot;:&quot;Vols&quot;,&quot;de&quot;:&quot;Fl\\u00fcge&quot;}},{&quot;value&quot;:&quot;Berlin&quot;,&quot;label&quot;:{&quot;en&quot;:&quot;&quot;,&quot;nl&quot;:&quot;Heen- en retourvlucht Berlijn&quot;,&quot;fr&quot;:&quot;Vol aller-retour pour Berlin&quot;,&quot;de&quot;:&quot;Vol Hin- und R\\u00fcckflug nach Berlin&quot;},&quot;price&quot;:false,&quot;status&quot;:&quot;disabled&quot;,&quot;language_hidden&quot;:[],&quot;startIncrement&quot;:0,&quot;endIncrement&quot;:0,&quot;var_name&quot;:&quot;flights2&quot;,&quot;category_label&quot;:{&quot;en&quot;:&quot;&quot;,&quot;nl&quot;:&quot;Vluchten&quot;,&quot;fr&quot;:&quot;Vols&quot;,&quot;de&quot;:&quot;Fl\\u00fcge&quot;}},{&quot;value&quot;:&quot;Hamburg&quot;,&quot;label&quot;:{&quot;en&quot;:&quot;&quot;,&quot;nl&quot;:&quot;Heen- en retourvlucht Hamburg&quot;,&quot;fr&quot;:&quot;Vol aller-retour pour Hambourg&quot;,&quot;de&quot;:&quot;Voll Hin- und R\\u00fcckfahrt nach Hamburg&quot;},&quot;price&quot;:false,&quot;status&quot;:&quot;disabled&quot;,&quot;language_hidden&quot;:[],&quot;startIncrement&quot;:0,&quot;endIncrement&quot;:0,&quot;var_name&quot;:&quot;flights2&quot;,&quot;category_label&quot;:{&quot;en&quot;:&quot;&quot;,&quot;nl&quot;:&quot;Vluchten&quot;,&quot;fr&quot;:&quot;Vols&quot;,&quot;de&quot;:&quot;Fl\\u00fcge&quot;}},{&quot;value&quot;:&quot;M\\u00fcnchen&quot;,&quot;label&quot;:{&quot;en&quot;:&quot;&quot;,&quot;nl&quot;:&quot;Heen- en retourvlucht M\\u00fcnchen&quot;,&quot;fr&quot;:&quot;Vol aller-retour pour Munich&quot;,&quot;de&quot;:&quot;Voll retour nach M\\u00fcnchen&quot;},&quot;price&quot;:false,&quot;status&quot;:&quot;disabled&quot;,&quot;language_hidden&quot;:[],&quot;startIncrement&quot;:0,&quot;endIncrement&quot;:0,&quot;var_name&quot;:&quot;flights2&quot;,&quot;category_label&quot;:{&quot;en&quot;:&quot;&quot;,&quot;nl&quot;:&quot;Vluchten&quot;,&quot;fr&quot;:&quot;Vols&quot;,&quot;de&quot;:&quot;Fl\\u00fcge&quot;}},{&quot;value&quot;:&quot;no flights&quot;,&quot;label&quot;:{&quot;en&quot;:&quot;&quot;,&quot;nl&quot;:&quot;Geen vluchten&quot;,&quot;fr&quot;:&quot;Pas de vol&quot;,&quot;de&quot;:&quot;Keine Pl\\u00e4tze mehr&quot;},&quot;price&quot;:0,&quot;status&quot;:&quot;available&quot;,&quot;language_hidden&quot;:[],&quot;startIncrement&quot;:0,&quot;endIncrement&quot;:0,&quot;var_name&quot;:&quot;flights2&quot;,&quot;category_label&quot;:{&quot;en&quot;:&quot;&quot;,&quot;nl&quot;:&quot;Vluchten&quot;,&quot;fr&quot;:&quot;Vols&quot;,&quot;de&quot;:&quot;Fl\\u00fcge&quot;}}],&quot;bookable&quot;:false,&quot;bookingUrl&quot;:&quot;https:\\\/\\\/booking.travelbase.eu\\\/jn26a\\\/book?trip=11410&quot;,&quot;packageId&quot;:&quot;JN-JN&quot;}},{&quot;type&quot;:&quot;departures&quot;,&quot;id&quot;:&quot;t11402&quot;,&quot;attributes&quot;:{&quot;name&quot;:&quot;JN26A-W45-WED&quot;,&quot;start&quot;:&quot;2026-11-04T11:00:00.000000Z&quot;,&quot;end&quot;:&quot;2026-11-11T13:00:00.000000Z&quot;,&quot;cheapestPrice&quot;:690,&quot;languages&quot;:[&quot;nl&quot;,&quot;fr&quot;,&quot;de&quot;],&quot;availableSpots&quot;:1,&quot;bookedSpots&quot;:0,&quot;fakeLabel&quot;:&quot;sold out&quot;,&quot;availabilityLabel&quot;:&quot;sold out&quot;,&quot;promoLabel&quot;:null,&quot;calendarToggles&quot;:[{&quot;value&quot;:&quot;Brussels&quot;,&quot;label&quot;:{&quot;en&quot;:&quot;&quot;,&quot;nl&quot;:&quot;Heen- en retourvlucht Brussel&quot;,&quot;fr&quot;:&quot;Vols aller\\\/retour depuis Bruxelles&quot;,&quot;de&quot;:&quot;Fl\\u00fcge hin\\\/zur\\u00fcck von Br\\u00fcssel&quot;},&quot;price&quot;:false,&quot;status&quot;:&quot;disabled&quot;,&quot;language_hidden&quot;:[],&quot;startIncrement&quot;:0,&quot;endIncrement&quot;:0,&quot;var_name&quot;:&quot;flights2&quot;,&quot;category_label&quot;:{&quot;en&quot;:&quot;&quot;,&quot;nl&quot;:&quot;Vluchten&quot;,&quot;fr&quot;:&quot;Vols&quot;,&quot;de&quot;:&quot;Fl\\u00fcge&quot;}},{&quot;value&quot;:&quot;Amsterdam&quot;,&quot;label&quot;:{&quot;en&quot;:&quot;&quot;,&quot;nl&quot;:&quot;Heen- en retourvlucht Amsterdam&quot;,&quot;fr&quot;:&quot;Vols aller\\\/retour depuis Amsterdam&quot;,&quot;de&quot;:&quot;Fl\\u00fcge Hin\\\/R\\u00fcck von Amsterdam&quot;},&quot;price&quot;:false,&quot;status&quot;:&quot;disabled&quot;,&quot;language_hidden&quot;:[],&quot;startIncrement&quot;:0,&quot;endIncrement&quot;:0,&quot;var_name&quot;:&quot;flights2&quot;,&quot;category_label&quot;:{&quot;en&quot;:&quot;&quot;,&quot;nl&quot;:&quot;Vluchten&quot;,&quot;fr&quot;:&quot;Vols&quot;,&quot;de&quot;:&quot;Fl\\u00fcge&quot;}},{&quot;value&quot;:&quot;Paris&quot;,&quot;label&quot;:{&quot;en&quot;:&quot;&quot;,&quot;nl&quot;:&quot;Heen- en retourvlucht Parijs&quot;,&quot;fr&quot;:&quot;Vols aller\\\/retour depuis Paris&quot;,&quot;de&quot;:&quot;Fl\\u00fcge Hin\\\/R\\u00fcck von Paris&quot;},&quot;price&quot;:false,&quot;status&quot;:&quot;disabled&quot;,&quot;language_hidden&quot;:[],&quot;startIncrement&quot;:0,&quot;endIncrement&quot;:0,&quot;var_name&quot;:&quot;flights2&quot;,&quot;category_label&quot;:{&quot;en&quot;:&quot;&quot;,&quot;nl&quot;:&quot;Vluchten&quot;,&quot;fr&quot;:&quot;Vols&quot;,&quot;de&quot;:&quot;Fl\\u00fcge&quot;}},{&quot;value&quot;:&quot;Dusseldorf&quot;,&quot;label&quot;:{&quot;en&quot;:&quot;&quot;,&quot;nl&quot;:&quot;Heen- en retourvlucht D\\u00fcsseldorf&quot;,&quot;fr&quot;:&quot;Vols aller\\\/retour depuis Dusseldorf &quot;,&quot;de&quot;:&quot;Fl\\u00fcge hin\\\/zur\\u00fcck von D\\u00fcsseldorf&quot;},&quot;price&quot;:false,&quot;status&quot;:&quot;disabled&quot;,&quot;language_hidden&quot;:[],&quot;startIncrement&quot;:0,&quot;endIncrement&quot;:0,&quot;var_name&quot;:&quot;flights2&quot;,&quot;category_label&quot;:{&quot;en&quot;:&quot;&quot;,&quot;nl&quot;:&quot;Vluchten&quot;,&quot;fr&quot;:&quot;Vols&quot;,&quot;de&quot;:&quot;Fl\\u00fcge&quot;}},{&quot;value&quot;:&quot;Frankfurt&quot;,&quot;label&quot;:{&quot;en&quot;:&quot;&quot;,&quot;nl&quot;:&quot;Heen- en retourvlucht Frankfurt&quot;,&quot;fr&quot;:&quot;Vol aller-retour vers Francfort&quot;,&quot;de&quot;:&quot;Voll Hin- und R\\u00fcckflug nach Frankfurt&quot;},&quot;price&quot;:false,&quot;status&quot;:&quot;disabled&quot;,&quot;language_hidden&quot;:[],&quot;startIncrement&quot;:0,&quot;endIncrement&quot;:0,&quot;var_name&quot;:&quot;flights2&quot;,&quot;category_label&quot;:{&quot;en&quot;:&quot;&quot;,&quot;nl&quot;:&quot;Vluchten&quot;,&quot;fr&quot;:&quot;Vols&quot;,&quot;de&quot;:&quot;Fl\\u00fcge&quot;}},{&quot;value&quot;:&quot;Berlin&quot;,&quot;label&quot;:{&quot;en&quot;:&quot;&quot;,&quot;nl&quot;:&quot;Heen- en retourvlucht Berlijn&quot;,&quot;fr&quot;:&quot;Vol aller-retour pour Berlin&quot;,&quot;de&quot;:&quot;Vol Hin- und R\\u00fcckflug nach Berlin&quot;},&quot;price&quot;:false,&quot;status&quot;:&quot;disabled&quot;,&quot;language_hidden&quot;:[],&quot;startIncrement&quot;:0,&quot;endIncrement&quot;:0,&quot;var_name&quot;:&quot;flights2&quot;,&quot;category_label&quot;:{&quot;en&quot;:&quot;&quot;,&quot;nl&quot;:&quot;Vluchten&quot;,&quot;fr&quot;:&quot;Vols&quot;,&quot;de&quot;:&quot;Fl\\u00fcge&quot;}},{&quot;value&quot;:&quot;Hamburg&quot;,&quot;label&quot;:{&quot;en&quot;:&quot;&quot;,&quot;nl&quot;:&quot;Heen- en retourvlucht Hamburg&quot;,&quot;fr&quot;:&quot;Vol aller-retour pour Hambourg&quot;,&quot;de&quot;:&quot;Voll Hin- und R\\u00fcckfahrt nach Hamburg&quot;},&quot;price&quot;:966,&quot;status&quot;:&quot;available&quot;,&quot;language_hidden&quot;:[],&quot;startIncrement&quot;:0,&quot;endIncrement&quot;:0,&quot;var_name&quot;:&quot;flights2&quot;,&quot;category_label&quot;:{&quot;en&quot;:&quot;&quot;,&quot;nl&quot;:&quot;Vluchten&quot;,&quot;fr&quot;:&quot;Vols&quot;,&quot;de&quot;:&quot;Fl\\u00fcge&quot;}},{&quot;value&quot;:&quot;M\\u00fcnchen&quot;,&quot;label&quot;:{&quot;en&quot;:&quot;&quot;,&quot;nl&quot;:&quot;Heen- en retourvlucht M\\u00fcnchen&quot;,&quot;fr&quot;:&quot;Vol aller-retour pour Munich&quot;,&quot;de&quot;:&quot;Voll retour nach M\\u00fcnchen&quot;},&quot;price&quot;:783,&quot;status&quot;:&quot;available&quot;,&quot;language_hidden&quot;:[],&quot;startIncrement&quot;:0,&quot;endIncrement&quot;:0,&quot;var_name&quot;:&quot;flights2&quot;,&quot;category_label&quot;:{&quot;en&quot;:&quot;&quot;,&quot;nl&quot;:&quot;Vluchten&quot;,&quot;fr&quot;:&quot;Vols&quot;,&quot;de&quot;:&quot;Fl\\u00fcge&quot;}},{&quot;value&quot;:&quot;no flights&quot;,&quot;label&quot;:{&quot;en&quot;:&quot;&quot;,&quot;nl&quot;:&quot;Geen vluchten&quot;,&quot;fr&quot;:&quot;Pas de vol&quot;,&quot;de&quot;:&quot;Keine Pl\\u00e4tze mehr&quot;},&quot;price&quot;:0,&quot;status&quot;:&quot;available&quot;,&quot;language_hidden&quot;:[],&quot;startIncrement&quot;:0,&quot;endIncrement&quot;:0,&quot;var_name&quot;:&quot;flights2&quot;,&quot;category_label&quot;:{&quot;en&quot;:&quot;&quot;,&quot;nl&quot;:&quot;Vluchten&quot;,&quot;fr&quot;:&quot;Vols&quot;,&quot;de&quot;:&quot;Fl\\u00fcge&quot;}}],&quot;bookable&quot;:false,&quot;bookingUrl&quot;:&quot;https:\\\/\\\/booking.travelbase.eu\\\/jn26a\\\/book?trip=11402&quot;,&quot;packageId&quot;:&quot;JN-JN&quot;}},{&quot;type&quot;:&quot;departures&quot;,&quot;id&quot;:&quot;t11411&quot;,&quot;attributes&quot;:{&quot;name&quot;:&quot;JN26A-W46-SUN&quot;,&quot;start&quot;:&quot;2026-11-08T11:00:00.000000Z&quot;,&quot;end&quot;:&quot;2026-11-15T13:00:00.000000Z&quot;,&quot;cheapestPrice&quot;:690,&quot;languages&quot;:[&quot;nl&quot;,&quot;fr&quot;,&quot;de&quot;],&quot;availableSpots&quot;:7,&quot;bookedSpots&quot;:2,&quot;fakeLabel&quot;:&quot;&quot;,&quot;availabilityLabel&quot;:&quot;&quot;,&quot;promoLabel&quot;:null,&quot;calendarToggles&quot;:[{&quot;value&quot;:&quot;Brussels&quot;,&quot;label&quot;:{&quot;en&quot;:&quot;&quot;,&quot;nl&quot;:&quot;Heen- en retourvlucht Brussel&quot;,&quot;fr&quot;:&quot;Vols aller\\\/retour depuis Bruxelles&quot;,&quot;de&quot;:&quot;Fl\\u00fcge hin\\\/zur\\u00fcck von Br\\u00fcssel&quot;},&quot;price&quot;:490,&quot;status&quot;:&quot;available&quot;,&quot;language_hidden&quot;:[],&quot;startIncrement&quot;:0,&quot;endIncrement&quot;:0,&quot;var_name&quot;:&quot;flights2&quot;,&quot;category_label&quot;:{&quot;en&quot;:&quot;&quot;,&quot;nl&quot;:&quot;Vluchten&quot;,&quot;fr&quot;:&quot;Vols&quot;,&quot;de&quot;:&quot;Fl\\u00fcge&quot;}},{&quot;value&quot;:&quot;Amsterdam&quot;,&quot;label&quot;:{&quot;en&quot;:&quot;&quot;,&quot;nl&quot;:&quot;Heen- en retourvlucht Amsterdam&quot;,&quot;fr&quot;:&quot;Vols aller\\\/retour depuis Amsterdam&quot;,&quot;de&quot;:&quot;Fl\\u00fcge Hin\\\/R\\u00fcck von Amsterdam&quot;},&quot;price&quot;:495,&quot;status&quot;:&quot;available&quot;,&quot;language_hidden&quot;:[],&quot;startIncrement&quot;:0,&quot;endIncrement&quot;:0,&quot;var_name&quot;:&quot;flights2&quot;,&quot;category_label&quot;:{&quot;en&quot;:&quot;&quot;,&quot;nl&quot;:&quot;Vluchten&quot;,&quot;fr&quot;:&quot;Vols&quot;,&quot;de&quot;:&quot;Fl\\u00fcge&quot;}},{&quot;value&quot;:&quot;Paris&quot;,&quot;label&quot;:{&quot;en&quot;:&quot;&quot;,&quot;nl&quot;:&quot;Heen- en retourvlucht Parijs&quot;,&quot;fr&quot;:&quot;Vols aller\\\/retour depuis Paris&quot;,&quot;de&quot;:&quot;Fl\\u00fcge Hin\\\/R\\u00fcck von Paris&quot;},&quot;price&quot;:false,&quot;status&quot;:&quot;disabled&quot;,&quot;language_hidden&quot;:[],&quot;startIncrement&quot;:0,&quot;endIncrement&quot;:0,&quot;var_name&quot;:&quot;flights2&quot;,&quot;category_label&quot;:{&quot;en&quot;:&quot;&quot;,&quot;nl&quot;:&quot;Vluchten&quot;,&quot;fr&quot;:&quot;Vols&quot;,&quot;de&quot;:&quot;Fl\\u00fcge&quot;}},{&quot;value&quot;:&quot;Dusseldorf&quot;,&quot;label&quot;:{&quot;en&quot;:&quot;&quot;,&quot;nl&quot;:&quot;Heen- en retourvlucht D\\u00fcsseldorf&quot;,&quot;fr&quot;:&quot;Vols aller\\\/retour depuis Dusseldorf &quot;,&quot;de&quot;:&quot;Fl\\u00fcge hin\\\/zur\\u00fcck von D\\u00fcsseldorf&quot;},&quot;price&quot;:false,&quot;status&quot;:&quot;disabled&quot;,&quot;language_hidden&quot;:[],&quot;startIncrement&quot;:0,&quot;endIncrement&quot;:0,&quot;var_name&quot;:&quot;flights2&quot;,&quot;category_label&quot;:{&quot;en&quot;:&quot;&quot;,&quot;nl&quot;:&quot;Vluchten&quot;,&quot;fr&quot;:&quot;Vols&quot;,&quot;de&quot;:&quot;Fl\\u00fcge&quot;}},{&quot;value&quot;:&quot;Frankfurt&quot;,&quot;label&quot;:{&quot;en&quot;:&quot;&quot;,&quot;nl&quot;:&quot;Heen- en retourvlucht Frankfurt&quot;,&quot;fr&quot;:&quot;Vol aller-retour vers Francfort&quot;,&quot;de&quot;:&quot;Voll Hin- und R\\u00fcckflug nach Frankfurt&quot;},&quot;price&quot;:false,&quot;status&quot;:&quot;disabled&quot;,&quot;language_hidden&quot;:[],&quot;startIncrement&quot;:0,&quot;endIncrement&quot;:0,&quot;var_name&quot;:&quot;flights2&quot;,&quot;category_label&quot;:{&quot;en&quot;:&quot;&quot;,&quot;nl&quot;:&quot;Vluchten&quot;,&quot;fr&quot;:&quot;Vols&quot;,&quot;de&quot;:&quot;Fl\\u00fcge&quot;}},{&quot;value&quot;:&quot;Berlin&quot;,&quot;label&quot;:{&quot;en&quot;:&quot;&quot;,&quot;nl&quot;:&quot;Heen- en retourvlucht Berlijn&quot;,&quot;fr&quot;:&quot;Vol aller-retour pour Berlin&quot;,&quot;de&quot;:&quot;Vol Hin- und R\\u00fcckflug nach Berlin&quot;},&quot;price&quot;:false,&quot;status&quot;:&quot;disabled&quot;,&quot;language_hidden&quot;:[],&quot;startIncrement&quot;:0,&quot;endIncrement&quot;:0,&quot;var_name&quot;:&quot;flights2&quot;,&quot;category_label&quot;:{&quot;en&quot;:&quot;&quot;,&quot;nl&quot;:&quot;Vluchten&quot;,&quot;fr&quot;:&quot;Vols&quot;,&quot;de&quot;:&quot;Fl\\u00fcge&quot;}},{&quot;value&quot;:&quot;Hamburg&quot;,&quot;label&quot;:{&quot;en&quot;:&quot;&quot;,&quot;nl&quot;:&quot;Heen- en retourvlucht Hamburg&quot;,&quot;fr&quot;:&quot;Vol aller-retour pour Hambourg&quot;,&quot;de&quot;:&quot;Voll Hin- und R\\u00fcckfahrt nach Hamburg&quot;},&quot;price&quot;:false,&quot;status&quot;:&quot;disabled&quot;,&quot;language_hidden&quot;:[],&quot;startIncrement&quot;:0,&quot;endIncrement&quot;:0,&quot;var_name&quot;:&quot;flights2&quot;,&quot;category_label&quot;:{&quot;en&quot;:&quot;&quot;,&quot;nl&quot;:&quot;Vluchten&quot;,&quot;fr&quot;:&quot;Vols&quot;,&quot;de&quot;:&quot;Fl\\u00fcge&quot;}},{&quot;value&quot;:&quot;M\\u00fcnchen&quot;,&quot;label&quot;:{&quot;en&quot;:&quot;&quot;,&quot;nl&quot;:&quot;Heen- en retourvlucht M\\u00fcnchen&quot;,&quot;fr&quot;:&quot;Vol aller-retour pour Munich&quot;,&quot;de&quot;:&quot;Voll retour nach M\\u00fcnchen&quot;},&quot;price&quot;:false,&quot;status&quot;:&quot;disabled&quot;,&quot;language_hidden&quot;:[],&quot;startIncrement&quot;:0,&quot;endIncrement&quot;:0,&quot;var_name&quot;:&quot;flights2&quot;,&quot;category_label&quot;:{&quot;en&quot;:&quot;&quot;,&quot;nl&quot;:&quot;Vluchten&quot;,&quot;fr&quot;:&quot;Vols&quot;,&quot;de&quot;:&quot;Fl\\u00fcge&quot;}},{&quot;value&quot;:&quot;no flights&quot;,&quot;label&quot;:{&quot;en&quot;:&quot;&quot;,&quot;nl&quot;:&quot;Geen vluchten&quot;,&quot;fr&quot;:&quot;Pas de vol&quot;,&quot;de&quot;:&quot;Keine Pl\\u00e4tze mehr&quot;},&quot;price&quot;:0,&quot;status&quot;:&quot;available&quot;,&quot;language_hidden&quot;:[],&quot;startIncrement&quot;:0,&quot;endIncrement&quot;:0,&quot;var_name&quot;:&quot;flights2&quot;,&quot;category_label&quot;:{&quot;en&quot;:&quot;&quot;,&quot;nl&quot;:&quot;Vluchten&quot;,&quot;fr&quot;:&quot;Vols&quot;,&quot;de&quot;:&quot;Fl\\u00fcge&quot;}}],&quot;bookable&quot;:true,&quot;bookingUrl&quot;:&quot;https:\\\/\\\/booking.travelbase.eu\\\/jn26a\\\/book?trip=11411&quot;,&quot;packageId&quot;:&quot;JN-JN&quot;}},{&quot;type&quot;:&quot;departures&quot;,&quot;id&quot;:&quot;t11403&quot;,&quot;attributes&quot;:{&quot;name&quot;:&quot;JN26A-W46-WED&quot;,&quot;start&quot;:&quot;2026-11-11T11:00:00.000000Z&quot;,&quot;end&quot;:&quot;2026-11-18T13:00:00.000000Z&quot;,&quot;cheapestPrice&quot;:690,&quot;languages&quot;:[&quot;nl&quot;,&quot;fr&quot;,&quot;de&quot;],&quot;availableSpots&quot;:1,&quot;bookedSpots&quot;:0,&quot;fakeLabel&quot;:&quot;sold out&quot;,&quot;availabilityLabel&quot;:&quot;sold out&quot;,&quot;promoLabel&quot;:null,&quot;calendarToggles&quot;:[{&quot;value&quot;:&quot;Brussels&quot;,&quot;label&quot;:{&quot;en&quot;:&quot;&quot;,&quot;nl&quot;:&quot;Heen- en retourvlucht Brussel&quot;,&quot;fr&quot;:&quot;Vols aller\\\/retour depuis Bruxelles&quot;,&quot;de&quot;:&quot;Fl\\u00fcge hin\\\/zur\\u00fcck von Br\\u00fcssel&quot;},&quot;price&quot;:false,&quot;status&quot;:&quot;disabled&quot;,&quot;language_hidden&quot;:[],&quot;startIncrement&quot;:0,&quot;endIncrement&quot;:0,&quot;var_name&quot;:&quot;flights2&quot;,&quot;category_label&quot;:{&quot;en&quot;:&quot;&quot;,&quot;nl&quot;:&quot;Vluchten&quot;,&quot;fr&quot;:&quot;Vols&quot;,&quot;de&quot;:&quot;Fl\\u00fcge&quot;}},{&quot;value&quot;:&quot;Amsterdam&quot;,&quot;label&quot;:{&quot;en&quot;:&quot;&quot;,&quot;nl&quot;:&quot;Heen- en retourvlucht Amsterdam&quot;,&quot;fr&quot;:&quot;Vols aller\\\/retour depuis Amsterdam&quot;,&quot;de&quot;:&quot;Fl\\u00fcge Hin\\\/R\\u00fcck von Amsterdam&quot;},&quot;price&quot;:495,&quot;status&quot;:&quot;available&quot;,&quot;language_hidden&quot;:[],&quot;startIncrement&quot;:0,&quot;endIncrement&quot;:0,&quot;var_name&quot;:&quot;flights2&quot;,&quot;category_label&quot;:{&quot;en&quot;:&quot;&quot;,&quot;nl&quot;:&quot;Vluchten&quot;,&quot;fr&quot;:&quot;Vols&quot;,&quot;de&quot;:&quot;Fl\\u00fcge&quot;}},{&quot;value&quot;:&quot;Paris&quot;,&quot;label&quot;:{&quot;en&quot;:&quot;&quot;,&quot;nl&quot;:&quot;Heen- en retourvlucht Parijs&quot;,&quot;fr&quot;:&quot;Vols aller\\\/retour depuis Paris&quot;,&quot;de&quot;:&quot;Fl\\u00fcge Hin\\\/R\\u00fcck von Paris&quot;},&quot;price&quot;:495,&quot;status&quot;:&quot;available&quot;,&quot;language_hidden&quot;:[],&quot;startIncrement&quot;:0,&quot;endIncrement&quot;:0,&quot;var_name&quot;:&quot;flights2&quot;,&quot;category_label&quot;:{&quot;en&quot;:&quot;&quot;,&quot;nl&quot;:&quot;Vluchten&quot;,&quot;fr&quot;:&quot;Vols&quot;,&quot;de&quot;:&quot;Fl\\u00fcge&quot;}},{&quot;value&quot;:&quot;Dusseldorf&quot;,&quot;label&quot;:{&quot;en&quot;:&quot;&quot;,&quot;nl&quot;:&quot;Heen- en retourvlucht D\\u00fcsseldorf&quot;,&quot;fr&quot;:&quot;Vols aller\\\/retour depuis Dusseldorf &quot;,&quot;de&quot;:&quot;Fl\\u00fcge hin\\\/zur\\u00fcck von D\\u00fcsseldorf&quot;},&quot;price&quot;:782,&quot;status&quot;:&quot;available&quot;,&quot;language_hidden&quot;:[],&quot;startIncrement&quot;:0,&quot;endIncrement&quot;:0,&quot;var_name&quot;:&quot;flights2&quot;,&quot;category_label&quot;:{&quot;en&quot;:&quot;&quot;,&quot;nl&quot;:&quot;Vluchten&quot;,&quot;fr&quot;:&quot;Vols&quot;,&quot;de&quot;:&quot;Fl\\u00fcge&quot;}},{&quot;value&quot;:&quot;Frankfurt&quot;,&quot;label&quot;:{&quot;en&quot;:&quot;&quot;,&quot;nl&quot;:&quot;Heen- en retourvlucht Frankfurt&quot;,&quot;fr&quot;:&quot;Vol aller-retour vers Francfort&quot;,&quot;de&quot;:&quot;Voll Hin- und R\\u00fcckflug nach Frankfurt&quot;},&quot;price&quot;:false,&quot;status&quot;:&quot;disabled&quot;,&quot;language_hidden&quot;:[],&quot;startIncrement&quot;:0,&quot;endIncrement&quot;:0,&quot;var_name&quot;:&quot;flights2&quot;,&quot;category_label&quot;:{&quot;en&quot;:&quot;&quot;,&quot;nl&quot;:&quot;Vluchten&quot;,&quot;fr&quot;:&quot;Vols&quot;,&quot;de&quot;:&quot;Fl\\u00fcge&quot;}},{&quot;value&quot;:&quot;Berlin&quot;,&quot;label&quot;:{&quot;en&quot;:&quot;&quot;,&quot;nl&quot;:&quot;Heen- en retourvlucht Berlijn&quot;,&quot;fr&quot;:&quot;Vol aller-retour pour Berlin&quot;,&quot;de&quot;:&quot;Vol Hin- und R\\u00fcckflug nach Berlin&quot;},&quot;price&quot;:511,&quot;status&quot;:&quot;available&quot;,&quot;language_hidden&quot;:[],&quot;startIncrement&quot;:0,&quot;endIncrement&quot;:0,&quot;var_name&quot;:&quot;flights2&quot;,&quot;category_label&quot;:{&quot;en&quot;:&quot;&quot;,&quot;nl&quot;:&quot;Vluchten&quot;,&quot;fr&quot;:&quot;Vols&quot;,&quot;de&quot;:&quot;Fl\\u00fcge&quot;}},{&quot;value&quot;:&quot;Hamburg&quot;,&quot;label&quot;:{&quot;en&quot;:&quot;&quot;,&quot;nl&quot;:&quot;Heen- en retourvlucht Hamburg&quot;,&quot;fr&quot;:&quot;Vol aller-retour pour Hambourg&quot;,&quot;de&quot;:&quot;Voll Hin- und R\\u00fcckfahrt nach Hamburg&quot;},&quot;price&quot;:785,&quot;status&quot;:&quot;available&quot;,&quot;language_hidden&quot;:[],&quot;startIncrement&quot;:0,&quot;endIncrement&quot;:0,&quot;var_name&quot;:&quot;flights2&quot;,&quot;category_label&quot;:{&quot;en&quot;:&quot;&quot;,&quot;nl&quot;:&quot;Vluchten&quot;,&quot;fr&quot;:&quot;Vols&quot;,&quot;de&quot;:&quot;Fl\\u00fcge&quot;}},{&quot;value&quot;:&quot;M\\u00fcnchen&quot;,&quot;label&quot;:{&quot;en&quot;:&quot;&quot;,&quot;nl&quot;:&quot;Heen- en retourvlucht M\\u00fcnchen&quot;,&quot;fr&quot;:&quot;Vol aller-retour pour Munich&quot;,&quot;de&quot;:&quot;Voll retour nach M\\u00fcnchen&quot;},&quot;price&quot;:703,&quot;status&quot;:&quot;available&quot;,&quot;language_hidden&quot;:[],&quot;startIncrement&quot;:0,&quot;endIncrement&quot;:0,&quot;var_name&quot;:&quot;flights2&quot;,&quot;category_label&quot;:{&quot;en&quot;:&quot;&quot;,&quot;nl&quot;:&quot;Vluchten&quot;,&quot;fr&quot;:&quot;Vols&quot;,&quot;de&quot;:&quot;Fl\\u00fcge&quot;}},{&quot;value&quot;:&quot;no flights&quot;,&quot;label&quot;:{&quot;en&quot;:&quot;&quot;,&quot;nl&quot;:&quot;Geen vluchten&quot;,&quot;fr&quot;:&quot;Pas de vol&quot;,&quot;de&quot;:&quot;Keine Pl\\u00e4tze mehr&quot;},&quot;price&quot;:0,&quot;status&quot;:&quot;available&quot;,&quot;language_hidden&quot;:[],&quot;startIncrement&quot;:0,&quot;endIncrement&quot;:0,&quot;var_name&quot;:&quot;flights2&quot;,&quot;category_label&quot;:{&quot;en&quot;:&quot;&quot;,&quot;nl&quot;:&quot;Vluchten&quot;,&quot;fr&quot;:&quot;Vols&quot;,&quot;de&quot;:&quot;Fl\\u00fcge&quot;}}],&quot;bookable&quot;:false,&quot;bookingUrl&quot;:&quot;https:\\\/\\\/booking.travelbase.eu\\\/jn26a\\\/book?trip=11403&quot;,&quot;packageId&quot;:&quot;JN-JN&quot;}},{&quot;type&quot;:&quot;departures&quot;,&quot;id&quot;:&quot;t11412&quot;,&quot;attributes&quot;:{&quot;name&quot;:&quot;JN26A-W47-SUN&quot;,&quot;start&quot;:&quot;2026-11-15T11:00:00.000000Z&quot;,&quot;end&quot;:&quot;2026-11-22T13:00:00.000000Z&quot;,&quot;cheapestPrice&quot;:690,&quot;languages&quot;:[&quot;nl&quot;,&quot;fr&quot;,&quot;de&quot;],&quot;availableSpots&quot;:11,&quot;bookedSpots&quot;:0,&quot;fakeLabel&quot;:&quot;&quot;,&quot;availabilityLabel&quot;:&quot;&quot;,&quot;promoLabel&quot;:null,&quot;calendarToggles&quot;:[{&quot;value&quot;:&quot;Brussels&quot;,&quot;label&quot;:{&quot;en&quot;:&quot;&quot;,&quot;nl&quot;:&quot;Heen- en retourvlucht Brussel&quot;,&quot;fr&quot;:&quot;Vols aller\\\/retour depuis Bruxelles&quot;,&quot;de&quot;:&quot;Fl\\u00fcge hin\\\/zur\\u00fcck von Br\\u00fcssel&quot;},&quot;price&quot;:490,&quot;status&quot;:&quot;available&quot;,&quot;language_hidden&quot;:[],&quot;startIncrement&quot;:0,&quot;endIncrement&quot;:0,&quot;var_name&quot;:&quot;flights2&quot;,&quot;category_label&quot;:{&quot;en&quot;:&quot;&quot;,&quot;nl&quot;:&quot;Vluchten&quot;,&quot;fr&quot;:&quot;Vols&quot;,&quot;de&quot;:&quot;Fl\\u00fcge&quot;}},{&quot;value&quot;:&quot;Amsterdam&quot;,&quot;label&quot;:{&quot;en&quot;:&quot;&quot;,&quot;nl&quot;:&quot;Heen- en retourvlucht Amsterdam&quot;,&quot;fr&quot;:&quot;Vols aller\\\/retour depuis Amsterdam&quot;,&quot;de&quot;:&quot;Fl\\u00fcge Hin\\\/R\\u00fcck von Amsterdam&quot;},&quot;price&quot;:495,&quot;status&quot;:&quot;available&quot;,&quot;language_hidden&quot;:[],&quot;startIncrement&quot;:0,&quot;endIncrement&quot;:0,&quot;var_name&quot;:&quot;flights2&quot;,&quot;category_label&quot;:{&quot;en&quot;:&quot;&quot;,&quot;nl&quot;:&quot;Vluchten&quot;,&quot;fr&quot;:&quot;Vols&quot;,&quot;de&quot;:&quot;Fl\\u00fcge&quot;}},{&quot;value&quot;:&quot;Paris&quot;,&quot;label&quot;:{&quot;en&quot;:&quot;&quot;,&quot;nl&quot;:&quot;Heen- en retourvlucht Parijs&quot;,&quot;fr&quot;:&quot;Vols aller\\\/retour depuis Paris&quot;,&quot;de&quot;:&quot;Fl\\u00fcge Hin\\\/R\\u00fcck von Paris&quot;},&quot;price&quot;:false,&quot;status&quot;:&quot;disabled&quot;,&quot;language_hidden&quot;:[],&quot;startIncrement&quot;:0,&quot;endIncrement&quot;:0,&quot;var_name&quot;:&quot;flights2&quot;,&quot;category_label&quot;:{&quot;en&quot;:&quot;&quot;,&quot;nl&quot;:&quot;Vluchten&quot;,&quot;fr&quot;:&quot;Vols&quot;,&quot;de&quot;:&quot;Fl\\u00fcge&quot;}},{&quot;value&quot;:&quot;Dusseldorf&quot;,&quot;label&quot;:{&quot;en&quot;:&quot;&quot;,&quot;nl&quot;:&quot;Heen- en retourvlucht D\\u00fcsseldorf&quot;,&quot;fr&quot;:&quot;Vols aller\\\/retour depuis Dusseldorf &quot;,&quot;de&quot;:&quot;Fl\\u00fcge hin\\\/zur\\u00fcck von D\\u00fcsseldorf&quot;},&quot;price&quot;:false,&quot;status&quot;:&quot;disabled&quot;,&quot;language_hidden&quot;:[],&quot;startIncrement&quot;:0,&quot;endIncrement&quot;:0,&quot;var_name&quot;:&quot;flights2&quot;,&quot;category_label&quot;:{&quot;en&quot;:&quot;&quot;,&quot;nl&quot;:&quot;Vluchten&quot;,&quot;fr&quot;:&quot;Vols&quot;,&quot;de&quot;:&quot;Fl\\u00fcge&quot;}},{&quot;value&quot;:&quot;Frankfurt&quot;,&quot;label&quot;:{&quot;en&quot;:&quot;&quot;,&quot;nl&quot;:&quot;Heen- en retourvlucht Frankfurt&quot;,&quot;fr&quot;:&quot;Vol aller-retour vers Francfort&quot;,&quot;de&quot;:&quot;Voll Hin- und R\\u00fcckflug nach Frankfurt&quot;},&quot;price&quot;:false,&quot;status&quot;:&quot;disabled&quot;,&quot;language_hidden&quot;:[],&quot;startIncrement&quot;:0,&quot;endIncrement&quot;:0,&quot;var_name&quot;:&quot;flights2&quot;,&quot;category_label&quot;:{&quot;en&quot;:&quot;&quot;,&quot;nl&quot;:&quot;Vluchten&quot;,&quot;fr&quot;:&quot;Vols&quot;,&quot;de&quot;:&quot;Fl\\u00fcge&quot;}},{&quot;value&quot;:&quot;Berlin&quot;,&quot;label&quot;:{&quot;en&quot;:&quot;&quot;,&quot;nl&quot;:&quot;Heen- en retourvlucht Berlijn&quot;,&quot;fr&quot;:&quot;Vol aller-retour pour Berlin&quot;,&quot;de&quot;:&quot;Vol Hin- und R\\u00fcckflug nach Berlin&quot;},&quot;price&quot;:false,&quot;status&quot;:&quot;disabled&quot;,&quot;language_hidden&quot;:[],&quot;startIncrement&quot;:0,&quot;endIncrement&quot;:0,&quot;var_name&quot;:&quot;flights2&quot;,&quot;category_label&quot;:{&quot;en&quot;:&quot;&quot;,&quot;nl&quot;:&quot;Vluchten&quot;,&quot;fr&quot;:&quot;Vols&quot;,&quot;de&quot;:&quot;Fl\\u00fcge&quot;}},{&quot;value&quot;:&quot;Hamburg&quot;,&quot;label&quot;:{&quot;en&quot;:&quot;&quot;,&quot;nl&quot;:&quot;Heen- en retourvlucht Hamburg&quot;,&quot;fr&quot;:&quot;Vol aller-retour pour Hambourg&quot;,&quot;de&quot;:&quot;Voll Hin- und R\\u00fcckfahrt nach Hamburg&quot;},&quot;price&quot;:false,&quot;status&quot;:&quot;disabled&quot;,&quot;language_hidden&quot;:[],&quot;startIncrement&quot;:0,&quot;endIncrement&quot;:0,&quot;var_name&quot;:&quot;flights2&quot;,&quot;category_label&quot;:{&quot;en&quot;:&quot;&quot;,&quot;nl&quot;:&quot;Vluchten&quot;,&quot;fr&quot;:&quot;Vols&quot;,&quot;de&quot;:&quot;Fl\\u00fcge&quot;}},{&quot;value&quot;:&quot;M\\u00fcnchen&quot;,&quot;label&quot;:{&quot;en&quot;:&quot;&quot;,&quot;nl&quot;:&quot;Heen- en retourvlucht M\\u00fcnchen&quot;,&quot;fr&quot;:&quot;Vol aller-retour pour Munich&quot;,&quot;de&quot;:&quot;Voll retour nach M\\u00fcnchen&quot;},&quot;price&quot;:false,&quot;status&quot;:&quot;disabled&quot;,&quot;language_hidden&quot;:[],&quot;startIncrement&quot;:0,&quot;endIncrement&quot;:0,&quot;var_name&quot;:&quot;flights2&quot;,&quot;category_label&quot;:{&quot;en&quot;:&quot;&quot;,&quot;nl&quot;:&quot;Vluchten&quot;,&quot;fr&quot;:&quot;Vols&quot;,&quot;de&quot;:&quot;Fl\\u00fcge&quot;}},{&quot;value&quot;:&quot;no flights&quot;,&quot;label&quot;:{&quot;en&quot;:&quot;&quot;,&quot;nl&quot;:&quot;Geen vluchten&quot;,&quot;fr&quot;:&quot;Pas de vol&quot;,&quot;de&quot;:&quot;Keine Pl\\u00e4tze mehr&quot;},&quot;price&quot;:0,&quot;status&quot;:&quot;available&quot;,&quot;language_hidden&quot;:[],&quot;startIncrement&quot;:0,&quot;endIncrement&quot;:0,&quot;var_name&quot;:&quot;flights2&quot;,&quot;category_label&quot;:{&quot;en&quot;:&quot;&quot;,&quot;nl&quot;:&quot;Vluchten&quot;,&quot;fr&quot;:&quot;Vols&quot;,&quot;de&quot;:&quot;Fl\\u00fcge&quot;}}],&quot;bookable&quot;:true,&quot;bookingUrl&quot;:&quot;https:\\\/\\\/booking.travelbase.eu\\\/jn26a\\\/book?trip=11412&quot;,&quot;packageId&quot;:&quot;JN-JN&quot;}}]}\" data-summary-content=\"Pour valider votre participation, nous vous demandons de payer le montant de l\u2019acompte, soit 35% de la somme totale de votre voyage, dans les 5 jours.\" data-summary-inclusive='[{&quot;remark&quot;:&quot;Un 4x4 enti\\u00e8rement \\u00e9quip\\u00e9&quot;,&quot;rowid&quot;:&quot;67dd6d9c2e254&quot;},{&quot;remark&quot;:&quot;6 nuits dans des h\\u00f4tels (petits d\\u00e9jeuners compris)&quot;,&quot;rowid&quot;:&quot;67dd6d9c2e271&quot;},{&quot;remark&quot;:&quot;1 nuit dans un campement (petit d\\u00e9jeuner et repas du soir inclus)&quot;,&quot;rowid&quot;:&quot;67dd6d9c2e28b&quot;},{&quot;remark&quot;:&quot;Acc\\u00e8s \\u00e0 un syst\\u00e8me de navigation avec l&#039;itin\\u00e9raire complet&quot;,&quot;rowid&quot;:&quot;67dd6d9c2e2a5&quot;},{&quot;remark&quot;:&quot;Assistance avant et pendant votre voyage&quot;,&quot;rowid&quot;:&quot;67dd6d9c2e2bf&quot;}]'><\/div>\n        <\/div>\n    <\/div>\n\n\n\n<div class=\" tb-reviewroll tb-block align-center background-light pattern-none variant-none tb-collapsible-margins\" id=\"reviews\">\n\t\t<div class=\"inner-block tb-fade-in tb-fade-in--subtle\">\n\t\t<div class=\"text-part\">\n\t\t\t<h2>Ce que d&rsquo;autres Nomads ont \u00e9crit sur nous&#8230;.<\/h2>\n\t\t<\/div>\n\n\t\t<div class=\"average-reviews-wrapper\" data-embed-social-id=\"b0ff53b6da69c89beca10ef7bb76aa0ece1708fa\" data-reviews-redirect-url=\"\">\n\t\t<\/div>\n\t<\/div>\n\t<div class=\"inner-block-full-width has-tb-carousel\">\n\t\t<!-- <div class=\"inner-block tb-fade-in tb-fade-in--subtle\"> -->\n\n\t\t<div class=\"reviews-wrapper\" data-embed-social-id=\"b0ff53b6da69c89beca10ef7bb76aa0ece1708fa\" data-per-page=\"5\" data-type-code=\"travelbase\"\">\n\t\t\t<div class=\" tb-ajax-loader\">\n\t\t<\/div>\n\t<\/div>\n\n\t<!-- <\/div> -->\n<\/div>\n<\/div>\n\n\n\n\n<div class=\"hide-some tb-faq tb-block align-center background-dark pattern-none variant-none tb-collapsible-margins\" id=\"faq\">\n\t<div class=\"inner-block tb-fade-in tb-fade-in--subtle\">\n\t\t<div class=\"text-part\">\n\t\t\t<h2>FAQ<\/h2>\n\t\t\t\t\t<div class=\"translation-block\"><p>Voici quelques <strong>questions fr\u00e9quemment pos\u00e9es<\/strong>. Si vous avez d\u2019autres questions, n\u2019h\u00e9sitez pas \u00e0 nous contacter par <a href=\"mailto:info@jordannomads.org\" target=\"_blank\" rel=\"noopener\">e-mail<\/a>.<\/p><\/div>\n\t\t\t<\/div>\n\t<\/div>\n\t<div class=\"inner-block\">\n\n\t\t\t\t\t<div class=\"faq-list tb-accordion tb-accordion--animation two-col\">\n\t\t\t\t\t\t\t\t\t<details class=\"details\">\n\t\t\t\t\t\t<summary class=\"summary\"><div>Quels sont les documents que je dois avoir en ma possession pour partir ?<\/div><\/summary>\n\t\t\t\t\t\t<div class=\"content text-part\">\n\t\t\t\t\t\t\t\t\t<div class=\"translation-block\"><p>Les documents indispensables \u00e0 avoir avec vous sont votre&nbsp;<strong>permis de conduire<\/strong>&nbsp;national ou europ\u00e9en ainsi que votre&nbsp;<strong>passeport avec une dur\u00e9e de validit\u00e9 de 6 mois.<\/strong><\/p>\n<p>Pour entrer en Jordanie, il vous faut \u00e9galement un visa. Vous pouvez vous procurer celui-ci \u00e0 l\u2019a\u00e9roport ou en commandant le <strong>Jordan Pass<\/strong> par notre interm\u00e9diaire qui vous donne acc\u00e8s au visa mais \u00e9galement aux entr\u00e9es pour diff\u00e9rents lieux touristiques par lesquels vous passerez. Rendez-vous sous la rubrique \u00ab\u00a0<a href=\"#practical\">Informations pratiques<\/a>\u00a0\u00bb pour plus de d\u00e9tails.<\/p>\n<p>Il est recommand\u00e9 de&nbsp;<strong>toujours<\/strong>&nbsp;avoir vos papiers sur vous lorsque vous sortez de votre v\u00e9hicule.<\/p><\/div>\n\t\t\t\t\t\t\t<\/div>\n\t\t\t\t\t<\/details>\n\t\t\t\t\t\t\t\t\t<details class=\"details\">\n\t\t\t\t\t\t<summary class=\"summary\"><div>Quelle est la situation g\u00e9opolitique de ce pays ? <\/div><\/summary>\n\t\t\t\t\t\t<div class=\"content text-part\">\n\t\t\t\t\t\t\t\t\t<div class=\"translation-block\"><p>La Jordanie est un pays reconnu pour sa stabilit\u00e9 et sa s\u00e9curit\u00e9 pour les voyageurs. Bien qu\u2019elle se situe au c\u0153ur d\u2019une r\u00e9gion parfois marqu\u00e9e par des tensions, le pays a toujours maintenu une politique \u00e9trang\u00e8re pacifique, favorisant la stabilit\u00e9 interne et des relations diplomatiques \u00e9quilibr\u00e9es avec ses voisins. Cette position en fait depuis longtemps une destination touristique appr\u00e9ci\u00e9e et fiable.<\/p>\n<p>Cependant, nous sommes conscients que le contexte g\u00e9opolitique actuel peut susciter des interrogations. C\u2019est pourquoi nous suivons la situation de tr\u00e8s pr\u00e8s, en collaboration avec nos partenaires locaux et en nous basant sur les recommandations officielles des autorit\u00e9s comp\u00e9tentes.<\/p>\n<p>Les voyageurs concern\u00e9s par des <strong data-start=\"878\" data-end=\"941\">d\u00e9parts au printemps ont d\u00e9j\u00e0 \u00e9t\u00e9 contact\u00e9s personnellement<\/strong>, avec un d\u00e9tail clair des diff\u00e9rentes solutions qui s\u2019offrent \u00e0 eux.<\/p>\n<p>Notre priorit\u00e9 reste la s\u00e9curit\u00e9 et la s\u00e9r\u00e9nit\u00e9 de nos participants. Nous souhaitons avant tout que chacun puisse d\u00e9couvrir la Jordanie dans les meilleures conditions et garder le souvenir d\u2019un pays accueillant, riche en histoire et en paysages spectaculaires, loin des pr\u00e9occupations politiques imm\u00e9diates.<\/p>\n<p>*Mis \u00e0 jour le 11\/03<\/p><\/div>\n\t\t\t\t\t\t\t<\/div>\n\t\t\t\t\t<\/details>\n\t\t\t\t\t\t\t\t\t<details class=\"details\">\n\t\t\t\t\t\t<summary class=\"summary\"><div>Quel \u00e2ge dois-je avoir pour conduire le v\u00e9hicule ?<\/div><\/summary>\n\t\t\t\t\t\t<div class=\"content text-part\">\n\t\t\t\t\t\t\t\t\t<div class=\"translation-block\"><p>Pour ce voyage, vous devez \u00eatre \u00e2g\u00e9 d&rsquo;au moins <b>21 ans<\/b> et \u00eatre titulaire d&rsquo;un permis de conduire depuis <b>2 ans<\/b> minimum pour conduire une voiture.<\/p><\/div>\n\t\t\t\t\t\t\t<\/div>\n\t\t\t\t\t<\/details>\n\t\t\t\t\t\t\t\t\t<details class=\"details\">\n\t\t\t\t\t\t<summary class=\"summary\"><div>Nous sommes plus de deux, comment pouvons-nous r\u00e9server ?<\/div><\/summary>\n\t\t\t\t\t\t<div class=\"content text-part\">\n\t\t\t\t\t\t\t\t\t<div class=\"translation-block\"><p>Ce voyage s\u2019adresse <strong>aux groupes de 2, 3 et 4 personnes<\/strong> dans la limite des disponibilit\u00e9s.<\/p>\n<p>Pour chaque date de d\u00e9part, nous avons un v\u00e9hicule pr\u00e9vu pour un groupe de 3 personnes et une chambre triple dans chaque h\u00f4tel. Les groupes de 3 recevront une r\u00e9duction de 250\u20ac sur la facture finale.<\/p>\n<p>Les autres v\u00e9hicules sont destin\u00e9s aux duos. Si vous souhaitez partir \u00e0 4, cela est envisageable et une r\u00e9duction de 350\u20ac sera appliqu\u00e9e \u00e0 votre facture. A noter que vous serez souvent r\u00e9partis dans 2 chambres de 2 dans les logements.<\/p><\/div>\n\t\t\t\t\t\t\t<\/div>\n\t\t\t\t\t<\/details>\n\t\t\t\t\t\t\t\t\t<details class=\"details\">\n\t\t\t\t\t\t<summary class=\"summary\"><div>Quels sont les frais additionnels \u00e0 compter ?<\/div><\/summary>\n\t\t\t\t\t\t<div class=\"content text-part\">\n\t\t\t\t\t\t\t\t\t<div class=\"translation-block\"><ul>\n<li>Carburant : \u00b1 100JOD donc 150\u20ac par voiture pour l&rsquo;ensemble du voyage<\/li>\n<li>Nourriture et boissons en dehors des petits d\u00e9jeuners qui sont inclus dans votre package de base.<\/li>\n<li>Une carte SIM pr\u00e9pay\u00e9e: entre 3 et 7\u20ac<\/li>\n<\/ul><\/div>\n\t\t\t\t\t\t\t<\/div>\n\t\t\t\t\t<\/details>\n\t\t\t\t\t\t\t\t\t<details class=\"details\">\n\t\t\t\t\t\t<summary class=\"summary\"><div>Est-ce que je dois prendre une couverture d\u00e9g\u00e2ts ?<\/div><\/summary>\n\t\t\t\t\t\t<div class=\"content text-part\">\n\t\t\t\t\t\t\t\t\t<div class=\"translation-block\"><p><strong>Couverture d\u00e9g\u00e2ts<\/strong><\/p>\n<p>Un accident est vite arriv\u00e9, c\u2019est pourquoi nous vous conseillons d\u2019ajouter une&nbsp;<a href=\"https:\/\/admin.travelbase.eu\/u\/source\/Nomads_Trips\/General\/DAMAGE_WAIVER\/Damage_Waiver_FR.pdf\" target=\"_blank\" rel=\"noopener\">couverture d\u00e9g\u00e2ts<\/a>&nbsp;\u00e0 votre r\u00e9servation. Cette couverture vous coutera 37\u20ac par jour et permet d\u2019assurer le v\u00e9hicule lorsqu\u2019un membre de votre \u00e9quipe est au volant. En s\u00e9lectionnant cette couverture, vous n\u2019aurez pas de caution \u00e0 payer.<\/p>\n<p>Si vous choisissez de ne pas prendre de couverture, vous devrez verser une caution de 1000\u20ac avant votre d\u00e9part et une franchise pouvant atteindre 3000\u20ac pourra \u00eatre demand\u00e9e en cas de d\u00e9g\u00e2ts.<\/p><\/div>\n\t\t\t\t\t\t\t<\/div>\n\t\t\t\t\t<\/details>\n\t\t\t\t\t\t\t\t\t<details class=\"details\">\n\t\t\t\t\t\t<summary class=\"summary\"><div>Comment cela se passe-t-il au niveau du paiement ?<\/div><\/summary>\n\t\t\t\t\t\t<div class=\"content text-part\">\n\t\t\t\t\t\t\t\t\t<div class=\"translation-block\"><p>Dans les <strong>5&nbsp;jours<\/strong> suivant votre inscription, vous devrez verser un acompte de <strong>35%<\/strong> pour confirmer votre voyage. Ensuite, vous avez jusqu&rsquo;\u00e0 <strong>45 jours<\/strong> avant le d\u00e9part pour modifier vos options et payer le solde. En cas de modification de vos options, l&rsquo;acompte sera recalcul\u00e9 automatiquement.<\/p>\n<p>Si vous n\u2019avez pas s\u00e9lectionn\u00e9 la <strong>couverture d\u00e9g\u00e2ts<\/strong>, vous devrez \u00e9galement verser une caution de 1000\u20ac peu avant le d\u00e9part (plus d&rsquo;informations dans la section <a href=\"https:\/\/jn.travelblox.eu\/#info\">assurances<\/a>).<\/p>\n<p>Il existe diff\u00e9rentes options de paiement. Votre paiement a \u00e9chou\u00e9 ? Il s&rsquo;agit probablement d&rsquo;une erreur lors de l&rsquo;introduction du num\u00e9ro de r\u00e9f\u00e9rence ou d&rsquo;un d\u00e9passement de la limite de votre compte.<\/p>\n<p>&nbsp;<\/p><\/div>\n\t\t\t\t\t\t\t<\/div>\n\t\t\t\t\t<\/details>\n\t\t\t\t\t\t\t\t\t<details class=\"details\">\n\t\t\t\t\t\t<summary class=\"summary\"><div>Y a-t-il une assistance sur place ?<\/div><\/summary>\n\t\t\t\t\t\t<div class=\"content text-part\">\n\t\t\t\t\t\t\t\t\t<div class=\"translation-block\"><p>Pendant votre road trip, vous trouverez toutes sortes d&rsquo;informations utiles dans notre application. De plus, juste avant votre d\u00e9part, vous recevrez une invitation \u00e0 rejoindre un groupe Whatsapp avec tous les participants partant \u00e0 la m\u00eame date. Dans ce groupe, vous pouvez communiquer entre vous, mais une personne de l&rsquo;\u00e9quipe est \u00e9galement toujours disponible en cas d&rsquo;urgence.<\/p><\/div>\n\t\t\t\t\t\t\t<\/div>\n\t\t\t\t\t<\/details>\n\t\t\t\t\t\t\t\t\t<details class=\"details\">\n\t\t\t\t\t\t<summary class=\"summary\"><div>Est-ce que je peux encore annuler mon voyage ?<\/div><\/summary>\n\t\t\t\t\t\t<div class=\"content text-part\">\n\t\t\t\t\t\t\t\t\t<div class=\"translation-block\"><p>Il est toujours possible d&rsquo;annuler votre voyage. Vous trouverez les conditions d&rsquo;annulation <a href=\"https:\/\/static.travelbase.eu\/u\/source\/Nomads_Trips\/NOMADS_CANCELLATION_INSURANCE_FR.pdf\">ici<\/a>. Vous pouvez \u00e9galement vous r\u00e9f\u00e9rer aux conditions d&rsquo;annulation ultra-flexibles jusqu&rsquo;au <strong>1er juin 2026<\/strong>. Pour plus d&rsquo;informations, consultez la FAQ \u00ab\u00a0Quelles sont les conditions d&rsquo;annulation ultra-flexibles ?\u00a0\u00bb<\/p><\/div>\n\t\t\t\t\t\t\t<\/div>\n\t\t\t\t\t<\/details>\n\t\t\t\t\t\t\t\t\t<details class=\"details\">\n\t\t\t\t\t\t<summary class=\"summary\"><div>Que contient le carnet de route ? <\/div><\/summary>\n\t\t\t\t\t\t<div class=\"content text-part\">\n\t\t\t\t\t\t\t\t\t<div class=\"translation-block\"><p>Le carnet de route vous servira de guide pour explorer la Jordanie. Il comprend un itin\u00e9raire d\u00e9taill\u00e9 qui vous m\u00e8ne \u00e0 travers les sites les plus embl\u00e9matiques du pays, mais aussi des destinations moins connues qui \u00e9chappent souvent aux guides touristiques. Vous aurez ainsi la possibilit\u00e9 de d\u00e9couvrir des lieux uniques. Bien que des suggestions d&rsquo;arr\u00eats soient propos\u00e9s, vous aurez toute libert\u00e9 pour adapter le parcours \u00e0 vos envies et ajouter des \u00e9tapes suppl\u00e9mentaires.<\/p>\n<p>De plus, le carnet de route r\u00e9pertorie une s\u00e9lection d&rsquo;adresses o\u00f9 vous pourrez savourer un verre ou un repas le soir, afin de profiter pleinement de l&rsquo;atmosph\u00e8re locale.<\/p><\/div>\n\t\t\t\t\t\t\t<\/div>\n\t\t\t\t\t<\/details>\n\t\t\t\t\t\t\t\t\t<details class=\"details\">\n\t\t\t\t\t\t<summary class=\"summary\"><div>Vous voulez agir pour la nature ?<\/div><\/summary>\n\t\t\t\t\t\t<div class=\"content text-part\">\n\t\t\t\t\t\t\t\t\t<div class=\"translation-block\"><p>La plan\u00e8te nous offre tant de beaut\u00e9s \u00e0 admirer, mais si nous voulons encore pouvoir le faire \u00e0 l&rsquo;avenir, nous devons la prot\u00e9ger aujourd&rsquo;hui. C&rsquo;est pourquoi nous faisons des efforts suppl\u00e9mentaires pour r\u00e9duire l&rsquo;impact de nos voyages, et vous pouvez, via le formulaire de r\u00e9servation, contribuer de mani\u00e8re fiable \u00e0 un projet climatique de <a href=\"https:\/\/butterfly-foundation.org\/partners\/greentripper\">Greentripper<\/a>, ce qui permet de r\u00e9\u00e9quilibrer les \u00e9missions de CO2 de ton transport.<\/p>\n<p>En contribuant \u00e0 leur projet certifi\u00e9 en Ouganda, vous aidez \u00e0 la distribution de foyers de cuisson plus efficaces qui r\u00e9duisent consid\u00e9rablement la consommation de combustible. Cette initiative de 11 projets locaux prot\u00e8ge les for\u00eats vuln\u00e9rables de la d\u00e9forestation, am\u00e9liore la sant\u00e9 des familles gr\u00e2ce \u00e0 une meilleure qualit\u00e9 de l&rsquo;air int\u00e9rieur et stimule l&rsquo;\u00e9conomie locale en cr\u00e9ant des emplois. Le projet est certifi\u00e9 Gold Standard, ce qui garantit les normes internationales les plus \u00e9lev\u00e9es en mati\u00e8re d&rsquo;int\u00e9grit\u00e9 environnementale.<\/p>\n<p>Si vous choisissez de verser une contribution pour les \u00e9missions de votre transport, Travelbase contribuera elle-m\u00eame davantage pour les \u00e9missions sur place. Apr\u00e8s votre voyage, vous recevrez un certificat officiel de cr\u00e9dit carbone.<\/p>\n<p>Pour en savoir plus sur les efforts et actions mises en place par Travelbase, consultez la page <a href=\"https:\/\/travelbase.fr\/fr\/impact\">travelbase.fr\/impact<\/a>.<\/p><\/div>\n\t\t\t\t\t\t\t<\/div>\n\t\t\t\t\t<\/details>\n\t\t\t\t\t\t\t\t\t<details class=\"details\">\n\t\t\t\t\t\t<summary class=\"summary\"><div>Quelles sont les conditions d&rsquo;annulation ultra-flexibles ?<\/div><\/summary>\n\t\t\t\t\t\t<div class=\"content text-part\">\n\t\t\t\t\t\t\t\t\t<div class=\"translation-block\"><p>Avec l\u2019option de r\u00e9servation ultra-flexible, vous pouvez d\u00e9placer votre voyage dans la m\u00eame ann\u00e9e en fonction de la disponibilit\u00e9 ou l\u2019annuler gratuitement jusqu\u2019au <strong>1 juin 2026<\/strong>. Cette option est disponible gratuitement pour les personnes qui ont r\u00e9serv\u00e9 dans les premi\u00e8res semaines.<\/p><\/div>\n\t\t\t\t\t\t\t<\/div>\n\t\t\t\t\t<\/details>\n\t\t\t\t\t\t\t\t\t<details class=\"details\">\n\t\t\t\t\t\t<summary class=\"summary\"><div>Suis-je oblig\u00e9 de suivre l\u2019itin\u00e9raire ?<\/div><\/summary>\n\t\t\t\t\t\t<div class=\"content text-part\">\n\t\t\t\t\t\t\t\t\t<div class=\"translation-block\"><p>Vous n&rsquo;\u00eates pas oblig\u00e9 de suivre l&rsquo;itin\u00e9raire que nous proposons. Vous voyagez en semi-ind\u00e9pendance, ce qui signifie que vos h\u00e9bergements et les emplacements des camps pour la nuit sont r\u00e9serv\u00e9s pour vous, mais en journ\u00e9e, vous \u00eates libre de faire ce que vous voulez. Notre carnet de route et notre application vous offrent de nombreuses suggestions d&rsquo;activit\u00e9s et de points d&rsquo;int\u00e9r\u00eat, et vous avez la libert\u00e9 de choisir celles qui vous int\u00e9ressent le plus.<\/p><\/div>\n\t\t\t\t\t\t\t<\/div>\n\t\t\t\t\t<\/details>\n\t\t\t\t\t\t\t\t\t<details class=\"details\">\n\t\t\t\t\t\t<summary class=\"summary\"><div>Les drones sont-ils autoris\u00e9s en Jordanie ? <\/div><\/summary>\n\t\t\t\t\t\t<div class=\"content text-part\">\n\t\t\t\t\t\t\t\t\t<div class=\"translation-block\"><p>L\u2019utilisation de drones en Jordanie est strictement r\u00e9glement\u00e9e et g\u00e9n\u00e9ralement interdite pour les voyageurs. Pour pouvoir en faire voler un, il faut obtenir une autorisation sp\u00e9ciale des autorit\u00e9s jordaniennes, ce qui est long et difficile \u00e0 obtenir. Nous vous conseillons donc de laisser votre drone \u00e0 la maison et de profiter des paysages grandioses avec vos propres yeux (et appareil photo classique).<\/p><\/div>\n\t\t\t\t\t\t\t<\/div>\n\t\t\t\t\t<\/details>\n\t\t\t\t\t\t\t\t\t<details class=\"details\">\n\t\t\t\t\t\t<summary class=\"summary\"><div>Dois-je \u00e9changer de l\u2019argent avant mon d\u00e9part ?<\/div><\/summary>\n\t\t\t\t\t\t<div class=\"content text-part\">\n\t\t\t\t\t\t\t\t\t<div class=\"translation-block\"><p>Il est <strong data-start=\"79\" data-end=\"162\">beaucoup plus avantageux d\u2019\u00e9changer vos euros ou dollars sur place, en Jordanie<\/strong>, plut\u00f4t que d\u2019acheter des dinars jordaniens (JOD) avant le d\u00e9part. En effet les taux de change sont bien meilleurs dans les bureaux de change jordaniens qu\u2019en Europe.<\/p>\n<p>&nbsp;<\/p>\n<p>En pratique :<\/p>\n<ul data-start=\"704\" data-end=\"1117\">\n<li>Apportez <strong data-start=\"715\" data-end=\"762\">des euros ou dollars r\u00e9cents et en bon \u00e9tat<\/strong> (les billets d\u00e9chir\u00e9s ou anciens peuvent \u00eatre refus\u00e9s).<\/li>\n<li>Changez <strong data-start=\"831\" data-end=\"864\">une petite somme \u00e0 l\u2019a\u00e9roport<\/strong> pour vos premi\u00e8res d\u00e9penses (taxis, pourboires), puis <strong data-start=\"919\" data-end=\"940\">le reste en ville<\/strong> \u00e0 un meilleur taux.<\/li>\n<li>Les cartes bancaires fonctionnent bien dans les grandes villes, mais <strong data-start=\"1034\" data-end=\"1070\">l\u2019argent liquide reste essentiel<\/strong> dans le d\u00e9sert, les villages ou les march\u00e9s.<\/li>\n<\/ul><\/div>\n\t\t\t\t\t\t\t<\/div>\n\t\t\t\t\t<\/details>\n\t\t\t\t\t\t\t<\/div>\n\t\t\t\t<div class=\"load-more-faqs-container\">\n\t\t\t<div class=\"load-more-faqs-link\">\n\t\t\t\t<a href=\"#\" class=\"tb-buttonlink-with-icon load-more\">\n\t\t\t\t\t<span>Montrer plus de FAQ<\/span>\n\t\t\t\t\t<i class=\"icon fa fa-plus\"><\/i>\n\t\t\t\t<\/a>\n\t\t\t\t<a href=\"#\" class=\"tb-buttonlink-with-icon load-less\">\n\t\t\t\t\t<span>Montrer moins de FAQ<\/span>\n\t\t\t\t\t<i class=\"icon fa fa-minus\"><\/i>\n\t\t\t\t<\/a>\n\t\t\t<\/div>\n\t\t<\/div>\n\t<\/div>\n\t\t\t<div class=\"inner-block tb-fade-in tb-fade-in--subtle\">\n\t\t\t<div class=\"faq-footer text-part\">\n\t\t\t\t<h3>D&rsquo;autres questions ? <\/h3>\t\t\t\t\t\t\t\t\t\t\t\t\t\t\t\t\t<a href=\"https:\/\/jn.travelblox.eu\/contact\/\" class=\"tb-buttonlink-with-icon\">\n\t\t\t\t\t\t<span>Contactez-nous<\/span>\n\t\t\t\t\t\t<i class=\"icon fa fa-arrow-right\"><\/i>\n\t\t\t\t\t<\/a>\n\t\t\t\t\t\t\t<\/div>\n\t\t<\/div>\n\t<\/div>\n\n<div class=\" tb-similartrips tb-block align-center background-light pattern-none variant-none tb-collapsible-margins\" id=\"othertrips\">\n\t\t\t<div class=\"inner-block tb-fade-in tb-fade-in--subtle\">\n\t\t\t<div class=\"text-part\">\n\t\t\t\t\t\t\t\t\t<h2>Envie de d\u00e9couvrir nos autres destinations ?<\/h2>\n\t\t\t\t\t\t\t\t\t\t\t<\/div>\n\t\t<\/div>\n\t\t\t\t\t\t<div class=\"inner-block-full-width has-tb-carousel \" data-no-translation>\n\t\t\t<div class=\"tb-carousel-container\">\n\t\t\t\t<div class=\"entries tb-cards\" data-slider-first=\"1\">\n\t\t\t\t\t\t\t\t\t<a href=\"https:\/\/travelbase.fr\/trip\/namibie-nomads-roadtrip\/\"  target=\"_blank\" class=\"tb-card entry\">\n\t\t\t\t<div class=\"tb-image-part\">\n\t\t\t\t\t\t\t\t\t\t\t<img decoding=\"async\" src=\"https:\/\/travelbase.fr\/app\/uploads\/2023\/12\/NamibiaNomads-819x1024.jpg\" alt=\"Namibia Nomads\" loading=\"lazy\" width=\"819\" class=\"smush-dimensions\" style=\"--smush-image-width: 819px; --smush-image-aspect-ratio: 819\/1024;\" \/>\n\t\t\t\t\t\t\t\t\t\t\t\t\t\t\t\t\t\t\t\t\t\t\t\t<\/div>\n\t\t\t\t<div class=\"tb-card-content\">\n\t\t\t\t\t<h4>\n\t\t\t\t\t\t<span>Namibia Nomads<\/span>\n\t\t\t\t\t\t\t\t\t\t\t\t\t\t\t<\/h4>\n\t\t\t\t\t\t\t\t\t\t\t<div class=\"line\">\n\t\t\t\t\t\t\t\t\t\t\t\t\t\t\t<span class=\"location tb-text-with-icon icon-first\">\n\t\t\t\t\t\t\t\t\t<i class=\"icon fa fa-map-marker\"><\/i>\n\t\t\t\t\t\t\t\t\t<span>Namibie<\/span>\n\t\t\t\t\t\t\t\t<\/span>\n\t\t\t\t\t\t\t\t\t\t\t\t\t\t\t\t\t\t\t\t\t\t<span class=\"duration tb-text-with-icon icon-first\">\n\t\t\t\t\t\t\t\t\t<i class=\"icon fa fa-clock\"><\/i>\n\t\t\t\t\t\t\t\t\t<span>10 jours<\/span>\n\t\t\t\t\t\t\t\t<\/span>\n\t\t\t\t\t\t\t\t\t\t\t\t\t<\/div>\n\t\t\t\t\t\t\t\t\t\t\t\t\t\t\t\t<div class=\"line\">\n\t\t\t\t\t\t\t<span class=\"months tb-text-with-icon icon-first\">\n\t\t\t\t\t\t\t\t<i class=\"icon fa fa-calendar\"><\/i>\n\t\t\t\t\t\t\t\t<span>Mars &#8211; D\u00e9cembre<\/span>\n\t\t\t\t\t\t\t<\/span>\n\t\t\t\t\t\t<\/div>\n\t\t\t\t\t\t\t\t\t<\/div>\n\t\t\t<\/a>\n\t\t\t\t\t<a href=\"https:\/\/travelbase.fr\/trip\/road-trip-au-kirghizistan\/\"  target=\"_blank\" class=\"tb-card entry\">\n\t\t\t\t<div class=\"tb-image-part\">\n\t\t\t\t\t\t\t\t\t\t\t<img decoding=\"async\" src=\"https:\/\/travelbase.fr\/app\/uploads\/2024\/12\/KYRNHeaderImageTBWebsite-1024x819.png\" alt=\"Kyrgyzstan Nomads\" loading=\"lazy\" width=\"1024\" class=\"smush-dimensions\" style=\"--smush-image-width: 1024px; --smush-image-aspect-ratio: 1024\/819;\" \/>\n\t\t\t\t\t\t\t\t\t\t\t\t\t\t\t\t\t\t\t\t\t\t\t\t<\/div>\n\t\t\t\t<div class=\"tb-card-content\">\n\t\t\t\t\t<h4>\n\t\t\t\t\t\t<span>Kyrgyzstan Nomads<\/span>\n\t\t\t\t\t\t\t\t\t\t\t\t\t\t\t<\/h4>\n\t\t\t\t\t\t\t\t\t\t\t<div class=\"line\">\n\t\t\t\t\t\t\t\t\t\t\t\t\t\t\t<span class=\"location tb-text-with-icon icon-first\">\n\t\t\t\t\t\t\t\t\t<i class=\"icon fa fa-map-marker\"><\/i>\n\t\t\t\t\t\t\t\t\t<span>Kirghizistan<\/span>\n\t\t\t\t\t\t\t\t<\/span>\n\t\t\t\t\t\t\t\t\t\t\t\t\t\t\t\t\t\t\t\t\t\t<span class=\"duration tb-text-with-icon icon-first\">\n\t\t\t\t\t\t\t\t\t<i class=\"icon fa fa-clock\"><\/i>\n\t\t\t\t\t\t\t\t\t<span>9 jours<\/span>\n\t\t\t\t\t\t\t\t<\/span>\n\t\t\t\t\t\t\t\t\t\t\t\t\t<\/div>\n\t\t\t\t\t\t\t\t\t\t\t\t\t\t\t\t<div class=\"line\">\n\t\t\t\t\t\t\t<span class=\"months tb-text-with-icon icon-first\">\n\t\t\t\t\t\t\t\t<i class=\"icon fa fa-calendar\"><\/i>\n\t\t\t\t\t\t\t\t<span>Juin &#8211; Septembre<\/span>\n\t\t\t\t\t\t\t<\/span>\n\t\t\t\t\t\t<\/div>\n\t\t\t\t\t\t\t\t\t<\/div>\n\t\t\t<\/a>\n\t\t\t\t\t<a href=\"https:\/\/travelbase.fr\/trip\/maroc-nomads-roadtrip-maroc\/\"  target=\"_blank\" class=\"tb-card entry\">\n\t\t\t\t<div class=\"tb-image-part\">\n\t\t\t\t\t\t\t\t\t\t\t<img decoding=\"async\" src=\"https:\/\/travelbase.fr\/app\/uploads\/2023\/12\/ATL23_EvyVanNispen_LR-570-1024x683.jpg\" alt=\"Morocco Nomads\" loading=\"lazy\" width=\"1024\" class=\"smush-dimensions\" style=\"--smush-image-width: 1024px; --smush-image-aspect-ratio: 1024\/683;\" \/>\n\t\t\t\t\t\t\t\t\t\t\t\t\t\t\t\t\t\t\t\t\t\t\t\t<\/div>\n\t\t\t\t<div class=\"tb-card-content\">\n\t\t\t\t\t<h4>\n\t\t\t\t\t\t<span>Morocco Nomads<\/span>\n\t\t\t\t\t\t\t\t\t\t\t\t\t\t\t<\/h4>\n\t\t\t\t\t\t\t\t\t\t\t<div class=\"line\">\n\t\t\t\t\t\t\t\t\t\t\t\t\t\t\t<span class=\"location tb-text-with-icon icon-first\">\n\t\t\t\t\t\t\t\t\t<i class=\"icon fa fa-map-marker\"><\/i>\n\t\t\t\t\t\t\t\t\t<span>Maroc<\/span>\n\t\t\t\t\t\t\t\t<\/span>\n\t\t\t\t\t\t\t\t\t\t\t\t\t\t\t\t\t\t\t\t\t\t<span class=\"duration tb-text-with-icon icon-first\">\n\t\t\t\t\t\t\t\t\t<i class=\"icon fa fa-clock\"><\/i>\n\t\t\t\t\t\t\t\t\t<span>7 jours<\/span>\n\t\t\t\t\t\t\t\t<\/span>\n\t\t\t\t\t\t\t\t\t\t\t\t\t<\/div>\n\t\t\t\t\t\t\t\t\t\t\t\t\t\t\t\t<div class=\"line\">\n\t\t\t\t\t\t\t<span class=\"months tb-text-with-icon icon-first\">\n\t\t\t\t\t\t\t\t<i class=\"icon fa fa-calendar\"><\/i>\n\t\t\t\t\t\t\t\t<span>Mars &#8211; Novembre<\/span>\n\t\t\t\t\t\t\t<\/span>\n\t\t\t\t\t\t<\/div>\n\t\t\t\t\t\t\t\t\t<\/div>\n\t\t\t<\/a>\n\t\t\t\t\t\t\t\t<\/div>\n\t\t\t\t\t\t<div class=\"tb-carousel-nav\">\n\t\t\t<div class=\"dots\">\n\t\t\t\t<div class=\"dot active\"><\/div>\n\t\t\t\t<div class=\"dot\"><\/div>\n\t\t\t\t<div class=\"dot\"><\/div>\n\t\t\t<\/div>\n\t\t\t<div class=\"arrows\">\n\t\t\t\t<div class=\"prev disabled\">\n\t\t\t\t\t<span><i class=\"fa fa-chevron-left\"><\/i><\/span>\n\t\t\t\t<\/div>\n\t\t\t\t<div class=\"next\">\n\t\t\t\t\t<span><i class=\"fa fa-chevron-right\"><\/i><\/span>\n\t\t\t\t<\/div>\n\t\t\t<\/div>\n\t\t<\/div>\n\t\t\t\t<\/div>\n\t\t<\/div>\n\t\t\t\t\t<div class=\"inner-block tb-buttons tb-fade-in tb-fade-in--subtle\">\n\t\t\t<div class=\"text-part\">\n\t\t\t\t\t\t<a href=\"https:\/\/travelbase.fr\/fr\/\"  target=\"\" class=\"tb-buttonlink\">\n\t\t\tTous nos voyages\t\t<\/a>\n\t\t\t\t\t<\/div>\n\t\t<\/div>\n\t<\/div>\n\n","protected":false},"excerpt":{"rendered":"","protected":false},"author":118,"featured_media":1045,"parent":0,"menu_order":0,"comment_status":"closed","ping_status":"closed","template":"","meta":{"_acf_changed":false,"inline_featured_image":false,"footnotes":""},"class_list":["post-1748","page","type-page","status-publish","has-post-thumbnail","hentry"],"acf":{"page_package_ids":"JN-JN","is_main_package_page":true,"additional_linked_packages":[],"feed_page_to_atlas":true},"_links":{"self":[{"href":"https:\/\/jn.travelblox.eu\/fr\/wp-json\/wp\/v2\/pages\/1748","targetHints":{"allow":["GET"]}}],"collection":[{"href":"https:\/\/jn.travelblox.eu\/fr\/wp-json\/wp\/v2\/pages"}],"about":[{"href":"https:\/\/jn.travelblox.eu\/fr\/wp-json\/wp\/v2\/types\/page"}],"author":[{"embeddable":true,"href":"https:\/\/jn.travelblox.eu\/fr\/wp-json\/wp\/v2\/users\/118"}],"replies":[{"embeddable":true,"href":"https:\/\/jn.travelblox.eu\/fr\/wp-json\/wp\/v2\/comments?post=1748"}],"version-history":[{"count":51,"href":"https:\/\/jn.travelblox.eu\/fr\/wp-json\/wp\/v2\/pages\/1748\/revisions"}],"predecessor-version":[{"id":1966,"href":"https:\/\/jn.travelblox.eu\/fr\/wp-json\/wp\/v2\/pages\/1748\/revisions\/1966"}],"wp:featuredmedia":[{"embeddable":true,"href":"https:\/\/jn.travelblox.eu\/fr\/wp-json\/wp\/v2\/media\/1045"}],"wp:attachment":[{"href":"https:\/\/jn.travelblox.eu\/fr\/wp-json\/wp\/v2\/media?parent=1748"}],"curies":[{"name":"wp","href":"https:\/\/api.w.org\/{rel}","templated":true}]}}