{"id":1748,"date":"2026-02-11T14:38:55","date_gmt":"2026-02-11T14:38:55","guid":{"rendered":"https:\/\/jn.travelblox.eu\/?page_id=1748"},"modified":"2026-03-24T08:52:36","modified_gmt":"2026-03-24T08:52:36","slug":"jn26a","status":"publish","type":"page","link":"https:\/\/jn.travelblox.eu\/nl\/","title":{"rendered":"JN26A"},"content":{"rendered":"<div class=\"tb-header tb-block align-center background-dark pattern-none variant-none\" id=\"header\" data-fallback-background=\"https:\/\/vz-2d98b19f-729.b-cdn.net\/6616b394-e293-4bf7-92e9-0e775033a6e5\/thumbnail.jpg\" style=\"background-image: url('https:\/\/vz-2d98b19f-729.b-cdn.net\/6616b394-e293-4bf7-92e9-0e775033a6e5\/thumbnail.jpg'); background-position:center;\">\n    <div class=\"tb-header-foreground\">\n        <div class=\"inner-block\">\n\n            <div class=\"main-part\">\n                <div class=\"text-part\">\n                                                                                            <h1>\t<span class=\"tb-logo\"  style=\"-webkit-mask-image: url(https:\/\/jn.travelblox.eu\/wp-content\/uploads\/sites\/44\/2023\/10\/round-white.svg); mask-image: url(https:\/\/jn.travelblox.eu\/wp-content\/uploads\/sites\/44\/2023\/10\/round-white.svg)\">\n\t\t<img src='https:\/\/jn.travelblox.eu\/wp-content\/uploads\/sites\/44\/2023\/10\/round-white.svg' width='1024' height='1024' alt='Jordan Nomads logo' title='Jordan Nomads' loading='lazy'>\n\t<\/span>\n<\/h1>\n                                                                                        <h2 class=\"tb-subtitle\">\t\t<div class=\"translation-block\"><p>Een bijzondere roadtrip door Jordani\u00eb<\/p><\/div>\n\t<\/h2>\n                                                                                            <div class=\"tb-properties\">\n                                                                    <div class=\"tb-property\">\n                                                                                    <div class=\"tb-property__icon\">\n                                                \t\t\t\t<i class=\"icon fa-solid fa-calendar-days\" aria-hidden=\"true\"><\/i>\n\t\t\t                                            <\/div>\n                                                                                <div class=\"tb-property__label\">\n                                            7 dagen                                        <\/div>\n                                    <\/div>\n                                    <div class=\"tb-properties__divider\"><\/div>\n                                                                                                    <div class=\"tb-property\">\n                                                                                    <div class=\"tb-property__icon\">\n                                                \t\t\t\t<i class=\"icon fa-solid fa-bed-front\" aria-hidden=\"true\"><\/i>\n\t\t\t                                            <\/div>\n                                                                                <div class=\"tb-property__label\">\n                                            Hotels &amp; Lodges                                        <\/div>\n                                    <\/div>\n                                    <div class=\"tb-properties__divider\"><\/div>\n                                                                                                    <div class=\"tb-property\">\n                                                                                    <div class=\"tb-property__icon\">\n                                                \t\t\t\t<i class=\"icon fa-solid fa-person-simple\" aria-hidden=\"true\"><\/i>\n\t\t\t                                            <\/div>\n                                                                                <div class=\"tb-property__label\">\n                                            2, 3 of 4 personen                                        <\/div>\n                                    <\/div>\n                                                            <\/div>\n                                                                                        <div class=\"tb-buttons-part\">\n                                                            \t\t<a href=\"#join\"  target=\"\" class=\"tb-button\">\n\t\t\tData &amp; prijzen\t\t<\/a>\n\t\t                                                                                        \t\t<a href=\"#concept\"  target=\"\" class=\"tb-buttonlink\">\n\t\t\tMeer informatie\t\t<\/a>\n\t\t                                                    <\/div>\n                                                                <div class=\"average-reviews-wrapper\" data-reviews-redirect-url=\"https:\/\/g.page\/r\/CSl3yZlvVLmIEAE\/review\" data-embed-social-id=\"b0ff53b6da69c89beca10ef7bb76aa0ece1708fa\"><\/div>\n                                    <\/div>\n            <\/div>\n            \n                    <\/div>\n    <\/div>\n\n                        <div class=\"tb-header-background tb-header-background--has-iframe\">\n                        <iframe src=\"https:\/\/iframe.mediadelivery.net\/embed\/306445\/6616b394-e293-4bf7-92e9-0e775033a6e5?autoplay=true&#038;preload=true&#038;loop=true&#038;responsive=true&#038;muted=true\" allow=\"accelerometer;gyroscope;encrypted-media;picture-in-picture;autoplay;muted;\" allowfullscreen=\"true\" style=\"border: none;\" loading=\"lazy\"><\/iframe>                    <\/div>\n    \n    \n        <nav class=\"tb-header__subnav\">\n            <div class=\"inner-block\">\n                <div class=\"tb-header__pagename\">\n                                            \t<span class=\"tb-logo\"  style=\"-webkit-mask-image: url(https:\/\/jn.travelblox.eu\/wp-content\/uploads\/sites\/44\/2023\/10\/round-white.svg); mask-image: url(https:\/\/jn.travelblox.eu\/wp-content\/uploads\/sites\/44\/2023\/10\/round-white.svg)\">\n\t\t<img src='https:\/\/jn.travelblox.eu\/wp-content\/uploads\/sites\/44\/2023\/10\/round-white.svg' width='1024' height='1024' alt='Jordan Nomads logo' title='Jordan Nomads' loading='lazy'>\n\t<\/span>\n                                    <\/div>\n\n                <ul>\n                                            <li>\n                            <a href=\"#route\">Route<\/a>\n                        <\/li>\n\n                                            <li>\n                            <a href=\"#car\">Verblijf &amp; Vervoer<\/a>\n                        <\/li>\n\n                                            <li>\n                            <a href=\"#info\">Praktische info<\/a>\n                        <\/li>\n\n                                            <li>\n                            <a href=\"#activities\">Activiteiten<\/a>\n                        <\/li>\n\n                                            <li>\n                            <a href=\"#transport\">Vluchten<\/a>\n                        <\/li>\n\n                                            <li>\n                            <a href=\"#faq\">FAQ's<\/a>\n                        <\/li>\n\n                    \n                                                <li class=\"tb-header__subnav_cta\">\n                                <a href=\"#join\" class=\"tb-button\" >Schrijf je in vanaf \u20ac690<\/a>\n                            <\/li>\n                                    <\/ul>\n            <\/div>\n        <\/nav>\n\n    \n<\/div>\n\n\n\n\n\n\n<div class=\"tb-intro tb-block align-none background-middle pattern-none variant-none tb-collapsible-margins\" id=\"intro\">\n    <div class=\"inner-block tb-fade-in tb-fade-in--subtle\">\n\n        \n\n        <div class=\"text-part content-part\">\n            <div class=\"title-meta-inclusive\">\n                <div class=\"title-and-meta\">\n                                            <div class=\"title-part\">\n                                                            <h3>JORDAN NOMADS<\/h3>\n                                                                                                                            <h5>\t\t<div class=\"translation-block\">Een 7-daagse roadtrip langs de legendarische handelsroute van het Midden-Oosten<\/div>\n\t<\/h5>\n                                                                                    <\/div>\n                                        <ul class=\"meta-data\">\n                                                    <li>\n                                <i class=\"fa fa-regular fa-tag\"><\/i>\n                                <span>Vanaf \u20ac690<\/span>\n                            <\/li>\n                                                                            <li>\n                                <i class=\"fa fa-regular fa-calendar\"><\/i>\n                                <span><p><a href=\"#join\">mrt. - mei<\/a> (laatste auto's) &amp; <a href=\"#join\">sept. - nov.<\/a><\/p>\n<\/span>\n                            <\/li>\n                                            <\/ul>\n                <\/div>\n                                    <div class=\"inclusive\">\n                                                    <h6>Highlights<\/h6>\n                                                <ul class=\"\">\n                                                            <li class=\"visible\">\n                                                                            \t\t\t\t<i class=\"icon fa-solid fa-car-side\" aria-hidden=\"true\"><\/i>\n\t\t\t                                                                                                                <span>Ga op verkenning met een goed uitgeruste SUV<\/span>\n                                                                    <\/li>\n                                                            <li class=\"visible\">\n                                                                            \t\t\t\t<i class=\"icon fa-solid fa-bed\" aria-hidden=\"true\"><\/i>\n\t\t\t                                                                                                                <span>Overnacht in authentieke lodges, inclusief ontbijt<\/span>\n                                                                    <\/li>\n                                                            <li class=\"visible\">\n                                                                            \t\t\t\t<i class=\"icon fa-solid fa-book-open\" aria-hidden=\"true\"><\/i>\n\t\t\t                                                                                                                <span>Ontdek alle bezienswaardigheden met ons roadbook<\/span>\n                                                                    <\/li>\n                                                            <li class=\"visible\">\n                                                                            \t\t\t\t<i class=\"icon fa-solid fa-star\" aria-hidden=\"true\"><\/i>\n\t\t\t                                                                                                                <span>Neem deel aan onvergetelijke activiteiten, zoals een jeepsafari in de woestijn<\/span>\n                                                                    <\/li>\n                                                    <\/ul>\n                                            <\/div>\n                            <\/div>\n\n                            <div class=\"tb-buttons desktop-only\">\n                                            <a href=\"#concept\" class=\"tb-button\">\n                                                            Ontdek de 7-daagse reis                                                    <\/a>\n                                                                <a href=\"#join\" class=\"tb-buttonlink\">\n                                                            Data &amp; prijzen                                                    <\/a>\n                                    <\/div>\n                    <\/div>\n                                    <div class=\"tb-video-part\">\n                    <iframe src=\"https:\/\/iframe.mediadelivery.net\/embed\/328190\/f3cdbf37-fe2a-4fca-bf7d-def478223f13?autoplay=false&#038;preload=true&#038;loop=true&#038;responsive=true\" allow=\"accelerometer;gyroscope;encrypted-media;picture-in-picture;\" allowfullscreen=\"true\" style=\"border: none;\" loading=\"lazy\"><\/iframe>                <\/div>\n                                        <div class=\"tb-buttons mobile-only\">\n                                    <a href=\"#concept\" class=\"tb-button\">\n                                                    Ontdek de 7-daagse reis                                            <\/a>\n                                                    <a href=\"#join\" class=\"tb-buttonlink\">\n                                                    Data &amp; prijzen                                            <\/a>\n                            <\/div>\n            <\/div>\n<\/div>\n\n\n\n\n\n\n\n\n<div class=\"tb-gallery tb-block align-center background-light pattern-none variant-grid\" id=\"collage\">\n\t<div>\n\t\t<div class=\"desktop tb-has-popup-content\">\n\t\t\t\t\t\t\t<ul class=\"tb-gallery-grid\">\n\t\t\t\t\t\t\t\t\t\t\t\t\t\t\t\t\t\t<li class=\"slide\">\n\t\t\t\t\t\t\t\t<div class=\"tb-popup-trigger\">\n\t\t\t\t\t\t\t\t\t<img src='https:\/\/jn.travelblox.eu\/wp-content\/uploads\/sites\/44\/2025\/01\/JN23_RoyMosterd_LR_4183313.jpeg' width='788' height='1050' alt='Auto op een verlaten weg' loading='lazy'>\t\t\t\t\t\t\t\t<\/div>\n\t\t\t\t\t\t\t<\/li>\n\t\t\t\t\t\t\t\t\t\t\t\t\t<li class=\"slide\">\n\t\t\t\t\t\t\t\t<div class=\"tb-popup-trigger\">\n\t\t\t\t\t\t\t\t\t<img src='https:\/\/jn.travelblox.eu\/wp-content\/uploads\/sites\/44\/2025\/01\/JN23_RoyMosterd_LR_4184231.jpeg' width='2060' height='1545' alt='Zonsondergang in de woestijn' loading='lazy'>\t\t\t\t\t\t\t\t<\/div>\n\t\t\t\t\t\t\t<\/li>\n\t\t\t\t\t\t\t\t\t\t\t\t\t<li class=\"slide\">\n\t\t\t\t\t\t\t\t<div class=\"tb-popup-trigger\">\n\t\t\t\t\t\t\t\t\t<img src='https:\/\/jn.travelblox.eu\/wp-content\/uploads\/sites\/44\/2025\/01\/JN23_RoyMosterd_LR_4172462.jpeg' width='700' height='525' alt='Jordan zingt in een amfitheater.' loading='lazy'>\t\t\t\t\t\t\t\t<\/div>\n\t\t\t\t\t\t\t<\/li>\n\t\t\t\t\t\t\t\t\t\t\t\t\t<li class=\"slide\">\n\t\t\t\t\t\t\t\t<div class=\"tb-popup-trigger\">\n\t\t\t\t\t\t\t\t\t<img src='https:\/\/jn.travelblox.eu\/wp-content\/uploads\/sites\/44\/2023\/08\/355650159_1468926126979139_8326167195922637072_n.jpg' width='1080' height='1350' loading='lazy'>\t\t\t\t\t\t\t\t<\/div>\n\t\t\t\t\t\t\t<\/li>\n\t\t\t\t\t\t\t\t\t\t\t\t\t<li class=\"slide\">\n\t\t\t\t\t\t\t\t<div class=\"tb-popup-trigger\">\n\t\t\t\t\t\t\t\t\t<img src='https:\/\/jn.travelblox.eu\/wp-content\/uploads\/sites\/44\/2025\/01\/JORDAN_NOMADS_SJOERDBRACKE_387A9679.jpeg' width='1000' height='1500' alt='Jordan vlag' loading='lazy'>\t\t\t\t\t\t\t\t<\/div>\n\t\t\t\t\t\t\t<\/li>\n\t\t\t\t\t\t\t\t\t\t\t\t\t<li class=\"slide\">\n\t\t\t\t\t\t\t\t<div class=\"tb-popup-trigger\">\n\t\t\t\t\t\t\t\t\t<img src='https:\/\/jn.travelblox.eu\/wp-content\/uploads\/sites\/44\/2025\/01\/JN23_RoyMosterd_LR_4172669.jpeg' width='932' height='699' alt='Dode Zee' loading='lazy'>\t\t\t\t\t\t\t\t<\/div>\n\t\t\t\t\t\t\t<\/li>\n\t\t\t\t\t\t\t\t\t\t\t\t\t\t\t<\/ul>\n\t\t\t\t\t\t<div class=\"tb-popup tb-popup--open-clicked-image\">\n\t\t\t\t<div class=\"tb-gallery-popup\">\n\t\t\t\t\t<div class=\"tb-image-part\">\n\t\t\t\t\t\t\t\t\t\t<div class=\"inner-block-full-width has-tb-carousel tb-carousel-slider\" >\n\t\t\t<div class=\"tb-carousel-container\">\n\t\t\t\t<div class=\"entries tb-cards\" data-slider-first=\"2\">\n\t\t\t\t\t\t\t\t\t<div class=\"entry\">\n\t\t\t\t<div class=\"tb-image-part\">\n\t\t\t\t\t<figure>\n\t\t\t\t\t\t<img src='https:\/\/jn.travelblox.eu\/wp-content\/uploads\/sites\/44\/2025\/01\/JN23_RoyMosterd_LR_4183313.jpeg' width='788' height='1050' alt='Auto op een verlaten weg' loading='lazy' image_size='full'>\t\t\t\t\t\t\t\t\t\t\t<\/figure>\n\t\t\t\t<\/div>\n\t\t\t<\/div>\n\t\t\t\t\t<div class=\"entry\">\n\t\t\t\t<div class=\"tb-image-part\">\n\t\t\t\t\t<figure>\n\t\t\t\t\t\t<img src='https:\/\/jn.travelblox.eu\/wp-content\/uploads\/sites\/44\/2025\/01\/JN23_RoyMosterd_LR_4184231.jpeg' width='2060' height='1545' alt='Zonsondergang in de woestijn' loading='lazy' image_size='full'>\t\t\t\t\t\t\t\t\t\t\t<\/figure>\n\t\t\t\t<\/div>\n\t\t\t<\/div>\n\t\t\t\t\t<div class=\"entry\">\n\t\t\t\t<div class=\"tb-image-part\">\n\t\t\t\t\t<figure>\n\t\t\t\t\t\t<img src='https:\/\/jn.travelblox.eu\/wp-content\/uploads\/sites\/44\/2025\/01\/JN23_RoyMosterd_LR_4172462.jpeg' width='700' height='525' alt='Jordan zingt in een amfitheater.' loading='lazy' image_size='full'>\t\t\t\t\t\t\t\t\t\t\t<\/figure>\n\t\t\t\t<\/div>\n\t\t\t<\/div>\n\t\t\t\t\t<div class=\"entry\">\n\t\t\t\t<div class=\"tb-image-part\">\n\t\t\t\t\t<figure>\n\t\t\t\t\t\t<img src='https:\/\/jn.travelblox.eu\/wp-content\/uploads\/sites\/44\/2023\/08\/355650159_1468926126979139_8326167195922637072_n.jpg' width='1080' height='1350' loading='lazy' image_size='full'>\t\t\t\t\t\t\t\t\t\t\t<\/figure>\n\t\t\t\t<\/div>\n\t\t\t<\/div>\n\t\t\t\t\t<div class=\"entry\">\n\t\t\t\t<div class=\"tb-image-part\">\n\t\t\t\t\t<figure>\n\t\t\t\t\t\t<img src='https:\/\/jn.travelblox.eu\/wp-content\/uploads\/sites\/44\/2025\/01\/JORDAN_NOMADS_SJOERDBRACKE_387A9679.jpeg' width='1000' height='1500' alt='Jordan vlag' loading='lazy' image_size='full'>\t\t\t\t\t\t\t\t\t\t\t<\/figure>\n\t\t\t\t<\/div>\n\t\t\t<\/div>\n\t\t\t\t\t<div class=\"entry\">\n\t\t\t\t<div class=\"tb-image-part\">\n\t\t\t\t\t<figure>\n\t\t\t\t\t\t<img src='https:\/\/jn.travelblox.eu\/wp-content\/uploads\/sites\/44\/2025\/01\/JN23_RoyMosterd_LR_4172669.jpeg' width='932' height='699' alt='Dode Zee' loading='lazy' image_size='full'>\t\t\t\t\t\t\t\t\t\t\t<\/figure>\n\t\t\t\t<\/div>\n\t\t\t<\/div>\n\t\t\t\t\t\t\t\t<\/div>\n\t\t\t\t\t\t<div class=\"tb-carousel-nav\">\n\t\t\t<div class=\"dots\">\n\t\t\t\t<div class=\"dot active\"><\/div>\n\t\t\t\t<div class=\"dot\"><\/div>\n\t\t\t\t<div class=\"dot\"><\/div>\n\t\t\t<\/div>\n\t\t\t<div class=\"arrows\">\n\t\t\t\t<div class=\"prev disabled\">\n\t\t\t\t\t<span><i class=\"fa fa-chevron-left\"><\/i><\/span>\n\t\t\t\t<\/div>\n\t\t\t\t<div class=\"next\">\n\t\t\t\t\t<span><i class=\"fa fa-chevron-right\"><\/i><\/span>\n\t\t\t\t<\/div>\n\t\t\t<\/div>\n\t\t<\/div>\n\t\t\t\t<\/div>\n\t\t<\/div>\n\t\t\t\t\t\t\t<\/div>\n\t\t\t\t<\/div>\n\t\t\t<\/div>\n\t\t<\/div>\n\t\t<div class=\"mobile\">\n\t\t\t<div class=\"tb-image-part\">\n\t\t\t\t\t\t\t\t<div class=\"inner-block-full-width has-tb-carousel tb-carousel-slider\" >\n\t\t\t<div class=\"tb-carousel-container\">\n\t\t\t\t<div class=\"entries tb-cards\" data-slider-first=\"0\">\n\t\t\t\t\t\t\t\t\t<div class=\"entry\">\n\t\t\t\t<div class=\"tb-image-part\">\n\t\t\t\t\t<figure>\n\t\t\t\t\t\t<img src='https:\/\/jn.travelblox.eu\/wp-content\/uploads\/sites\/44\/2025\/01\/JN23_RoyMosterd_LR_4183313-768x1023.jpeg' width='768' height='1023' alt='Auto op een verlaten weg' loading='lazy' image_size='medium_large'>\t\t\t\t\t\t\t\t\t\t\t<\/figure>\n\t\t\t\t<\/div>\n\t\t\t<\/div>\n\t\t\t\t\t<div class=\"entry\">\n\t\t\t\t<div class=\"tb-image-part\">\n\t\t\t\t\t<figure>\n\t\t\t\t\t\t<img src='https:\/\/jn.travelblox.eu\/wp-content\/uploads\/sites\/44\/2025\/01\/JN23_RoyMosterd_LR_4184231-768x576.jpeg' width='768' height='576' alt='Zonsondergang in de woestijn' loading='lazy' image_size='medium_large'>\t\t\t\t\t\t\t\t\t\t\t<\/figure>\n\t\t\t\t<\/div>\n\t\t\t<\/div>\n\t\t\t\t\t<div class=\"entry\">\n\t\t\t\t<div class=\"tb-image-part\">\n\t\t\t\t\t<figure>\n\t\t\t\t\t\t<img src='https:\/\/jn.travelblox.eu\/wp-content\/uploads\/sites\/44\/2025\/01\/JN23_RoyMosterd_LR_4172462.jpeg' width='700' height='525' alt='Jordan zingt in een amfitheater.' loading='lazy' image_size='medium_large'>\t\t\t\t\t\t\t\t\t\t\t<\/figure>\n\t\t\t\t<\/div>\n\t\t\t<\/div>\n\t\t\t\t\t<div class=\"entry\">\n\t\t\t\t<div class=\"tb-image-part\">\n\t\t\t\t\t<figure>\n\t\t\t\t\t\t<img src='https:\/\/jn.travelblox.eu\/wp-content\/uploads\/sites\/44\/2023\/08\/355650159_1468926126979139_8326167195922637072_n-768x960.jpg' width='768' height='960' loading='lazy' image_size='medium_large'>\t\t\t\t\t\t\t\t\t\t\t<\/figure>\n\t\t\t\t<\/div>\n\t\t\t<\/div>\n\t\t\t\t\t<div class=\"entry\">\n\t\t\t\t<div class=\"tb-image-part\">\n\t\t\t\t\t<figure>\n\t\t\t\t\t\t<img src='https:\/\/jn.travelblox.eu\/wp-content\/uploads\/sites\/44\/2025\/01\/JORDAN_NOMADS_SJOERDBRACKE_387A9679-768x1152.jpeg' width='768' height='1152' alt='Jordan vlag' loading='lazy' image_size='medium_large'>\t\t\t\t\t\t\t\t\t\t\t<\/figure>\n\t\t\t\t<\/div>\n\t\t\t<\/div>\n\t\t\t\t\t<div class=\"entry\">\n\t\t\t\t<div class=\"tb-image-part\">\n\t\t\t\t\t<figure>\n\t\t\t\t\t\t<img src='https:\/\/jn.travelblox.eu\/wp-content\/uploads\/sites\/44\/2025\/01\/JN23_RoyMosterd_LR_4172669-768x576.jpeg' width='768' height='576' alt='Dode Zee' loading='lazy' image_size='medium_large'>\t\t\t\t\t\t\t\t\t\t\t<\/figure>\n\t\t\t\t<\/div>\n\t\t\t<\/div>\n\t\t\t\t\t\t\t\t<\/div>\n\t\t\t\t\t\t<div class=\"tb-carousel-nav\">\n\t\t\t<div class=\"dots\">\n\t\t\t\t<div class=\"dot active\"><\/div>\n\t\t\t\t<div class=\"dot\"><\/div>\n\t\t\t\t<div class=\"dot\"><\/div>\n\t\t\t<\/div>\n\t\t\t<div class=\"arrows\">\n\t\t\t\t<div class=\"prev disabled\">\n\t\t\t\t\t<span><i class=\"fa fa-chevron-left\"><\/i><\/span>\n\t\t\t\t<\/div>\n\t\t\t\t<div class=\"next\">\n\t\t\t\t\t<span><i class=\"fa fa-chevron-right\"><\/i><\/span>\n\t\t\t\t<\/div>\n\t\t\t<\/div>\n\t\t<\/div>\n\t\t\t\t<\/div>\n\t\t<\/div>\n\t\t\t\t\t<\/div>\n\t\t<\/div>\n\t<\/div>\n<\/div>\n\n\n\n\n\n<div class=\"tb-textimage2 tb-block align-left background-light pattern-none variant-text_first tb-collapsible-margins\" id=\"concept\">\n\t<div class=\"inner-block tb-fade-in\">\n\n\t\t\n\t\t<div class=\"tb-columns\">\n\t\t\t<div class=\"tb-column\">\n\t\t\t\t<div class=\"tb-text-part\">\n\t\t\t\t\t<h2>Een rondreis door Jordani\u00eb<\/h2>\n\t\t\t\t\t\t\t<div class=\"translation-block\"><p>Droom je ervan om Jordani\u00eb te ontdekken en hou je van avontuur, maar heb je toch graag een tikkeltje comfort? Dan is Jordan Nomads echt iets voor jou!<\/p><p>Je reis begint in <strong>Amman<\/strong>, de bruisende hoofdstad van Jordani\u00eb. Vervolgens ga je 7 dagen lang op verkenning met de auto! Onderweg naar de <strong>Dode Zee<\/strong> doorkruis je de <strong>Al-Maghtas vallei<\/strong> die op de werelderfgoedlijst prijkt. Daarna bezoek je <strong>Dana<\/strong> en de natuurreservaten eromheen voor je naar <strong>Wadi Ghuweir<\/strong> en <strong>Wadi Musa<\/strong>, de toegangspoort tot <strong>Petra<\/strong>, rijdt.<\/p><p>Je avontuur houdt daar niet op, want je trekt nog naar de <strong>Wadi Rum woestijn<\/strong> met zijn spectaculaire duinen en rotsformaties. Daarna staat een tussenstop in <strong>Aqaba<\/strong>, waar je kan genieten van de Rode Zee, op de planning. Je sluit je reis in schoonheid af met een bezoek aan de <strong>Grand Canyon<\/strong> van Jordani\u00eb en de historische <strong>moza\u00efekstad<\/strong> <strong>Madaba<\/strong>.<\/p><p>Met Jordan Nomads bezoek je niet alleen iconische bezienswaardigheden maar ook verborgen parels. Achter het stuur van je eigen SUV en met ons uitgebreide roadbook in de hand belooft het alvast een onvergetelijke reis te worden!<\/p><p><i>Lees ook deze blog:<\/i> <a href=\"https:\/\/jordannomads.org\/nl\/een-rondreis-door-jordanie-onze-favoriete-plekken-en-5-insider-tips\/\" target=\"_blank\">rondreis Jordani\u00eb - onze favoriete plekken en 5 insider-tips<\/a><\/p><\/div>\n\t\t\t\t\t\t\t\t\t\t\t<div class=\"tb-buttons-part\">\n\t\t\t\t\t\t\t\t<a href=\"#route\"  target=\"\" class=\"tb-button\">\n\t\t\tBekijk de volledige route\t\t<\/a>\n\t\t\t\t\t\t\t\t\t\t<a href=\"https:\/\/jn.travelblox.eu\/nl\/blog\/\"  target=\"\" class=\"tb-buttonlink\">\n\t\t\tLees meer over Jordani\u00eb\t\t<\/a>\n\t\t\t\t\t\t\t<\/div>\n\t\t\t\t<\/div>\n\t\t\t<\/div>\n\t\t\t<div class=\"tb-column\">\n\t\t\t\t\t\t\t\t\t\t\t\t\t\t\t<div class=\"tb-image-part\">\n\t\t\t\t\t\t\t<img src='https:\/\/jn.travelblox.eu\/wp-content\/uploads\/sites\/44\/2025\/09\/JN-Map-EN.svg' width='768' height='1' class='no-cut-off' style='object-position:50% 50%' loading='lazy' image_size='medium_large'>\t\t\t\t\t\t<\/div>\n\t\t\t\t\t\t\t\t\t\t\t\t<\/div>\n\t\t<\/div>\n\t<\/div>\n<\/div>\n\n\n\n\n<div class=\"tb-dayschedule tb-block align-center background-dark pattern-custom variant-none tb-collapsible-margins\" id=\"route\" style=\"background-image: url(https:\/\/jn.travelblox.eu\/wp-content\/uploads\/sites\/44\/2025\/07\/JN3.png)\">\n\n\t<div class=\"inner-block tb-fade-in tb-fade-in--subtle\">\n\t\t<div class=\"text-part\">\n\t\t\t<h2>Je reisroute door Jordani\u00eb<\/h2>\n\t\t\t\t\t<div class=\"translation-block\"><p>Dit is het overzicht van je 7-daagse roadtrip door Jordani\u00eb. Onze route neemt je mee naar de mooiste plekjes van het land. De overnachtingsplaatsen liggen reeds vast, maar overdag kies je zelf welke bezienswaardigheden je wil bezoeken en hoeveel tijd je er spendeert.<\/p><\/div>\n\t\t\t\t\t\t\t\t\t\t\t\t\t<\/div>\n\t<\/div>\n\t\t\t<div class=\"tb-sections\">\n\t\t\t\t\t\t\t\t\t\t\t\t\t\t<div class=\"inner-block-full-width has-tb-carousel tb-section\" id=\"route-section-0\">\n\t\t\t<div class=\"tb-carousel-container\">\n\t\t\t\t<div class=\"entries tb-cards\" data-slider-first=\"1\">\n\t\t\t\t\t\t\t\t\t\t\t\t\t\t\t<div class=\"tb-card entry tb-popup-trigger tb-unfold-on-hover\">\n\t\t\t\t\t\t\t<div class=\"tb-image-part\">\n\t\t\t\t\t\t\t\t<div class=\"tag\">\n\t\t\t\t\t\t\t\t\t<div>Dag 1<\/div>\n\t\t\t\t\t\t\t\t<\/div>\n\n\t\t\t\t\t\t\t\t<img src='https:\/\/jn.travelblox.eu\/wp-content\/uploads\/sites\/44\/2025\/01\/Capture-decran-2025-01-16-a-16.34.30.png' width='577' height='424' alt='Trip in Jordani\u00eb-Vliegtuig' loading='lazy' image_size='medium_large'>\t\t\t\t\t\t\t<\/div>\n\t\t\t\t\t\t\t<div class=\"tb-card-bottom-wrapper\">\n\t\t\t\t\t\t\t\t<div class=\"tb-card-bottom\">\n\n\t\t\t\t\t\t\t\t\t<span class=\"tb-card-bottom__title\">\n\t\t\t\t\t\t\t\t\t\t<span class=\"tb-card-bottom__place\">\n\t\t\t\t\t\t\t\t\t\t\tLuchthaven \u2013 Amman\t\t\t\t\t\t\t\t\t\t\t\t\t\t\t\t\t\t\t\t\t<\/span>\n\n\t\t\t\t\t\t\t\t\t<\/span>\n\t\t\t\t\t\t\t\t\t<div class=\"tb-card-bottom__content\">\n\t\t\t\t\t\t\t\t\t\t<div>\n\t\t\t\t\t\t\t\t\t\t\t\t\t\t\t\t\t\t\t\t\t\t\t<i class=\"icon fa-regular fa-car\"><\/i> 40km - 50min\t\t\t\t\t\t\t\t\t\t\t\t\t\t\t\t\t\t\t\t\t<\/div>\n\t\t\t\t\t\t\t\t\t<\/div>\n\t\t\t\t\t\t\t\t\t<div class=\"tb-card-bottom__teaser tb-unfold-on-hover__content\" data-no-translation>\n\t\t\t\t\t\t\t\t\t\t\t\t\t\t\t\t\t\t\t\t\t\t\t\t\t\t\t\t\t\tVanuit het vliegtuigraampje kan je het indrukwekkende landschap, dat bijna volledig uit zandvlaktes &#8230; <span class=\"link\">Lees meer<\/span>\t\t\t\t\t\t\t\t\t<\/div>\n\t\t\t\t\t\t\t\t<\/div>\n\n\t\t\t\t\t\t\t<\/div>\n\t\t\t\t\t\t\t<dialog class=\"tb-popup tb-popup-with-padding tb-dayschedule-popup-wrapper\">\n\t\t\t\t\t\t\t\t<div class=\"tb-dayschedule-popup\">\n\t\t\t\t\t\t\t\t\t<h5>\n\t\t\t\t\t\t\t\t\t\t\t\t\t\t\t\t\t\t\t\t\t\t\t\t\t\t\t\t\t\t\t<div>\n\t\t\t\t\t\t\t\t\t\t\t\t\t\t\t\t\t\t\t\t\t\t\t\t\tLuchthaven\t\t\t\t\t\t\t\t\t\t\t\t\t\t\t\t\t\t\t\t\t\t\t\t\t\t\t\t\t\t\t\t\t\t\t\t\t\t\t\t\t\t\t\t\t\t\t\t\t\t\t<i class=\"icon fa-solid fa-arrow-right\"><\/i> Amman\t\t\t\t\t\t\t\t\t\t\t\t\t\t\t\t\t\t\t\t\t\t\t\t\t\t\t\t\t\t\t\t\t\t\t\t<\/div>\n\t\t\t\t\t\t\t\t\t\t\t\t\t\t\t\t\t\t\t<\/h5>\n\t\t\t\t\t\t\t\t\t<div class=\"tb-columns\">\n\t\t\t\t\t\t\t\t\t\t<div class=\"tb-column tb-column--text\">\n\t\t\t\t\t\t\t\t\t\t\t<div class=\"text-part\">\n\t\t\t\t\t\t\t\t\t\t\t\t\t\t\t\t\t\t\t\t\t\t\t\t\t<div class=\"tb-dayschedule-popup__icons\">\n\t\t\t\t\t\t\t\t\t\t\t\t\t\t\t\t\t\t\t\t\t\t\t\t\t\t\t\t\t\t\t\t\t\t\t\t\t\t\t\t\t\t\t<div class=\"tb-dayschedule-popup__icon\">\n\t\t\t\t\t\t\t\t\t\t\t\t\t\t\t\t<i class=\"icon fa-regular fa-car\"><\/i>\n\t\t\t\t\t\t\t\t\t\t\t\t\t\t\t\t<span>\n\t\t\t\t\t\t\t\t\t\t\t\t\t\t\t\t\t40km - 50min\t\t\t\t\t\t\t\t\t\t\t\t\t\t\t\t<\/span>\n\t\t\t\t\t\t\t\t\t\t\t\t\t\t\t<\/div>\n\t\t\t\t\t\t\t\t\t\t\t\t\t\t\t\t\t\t\t\t\t\t\t\t\t\t\t<\/div>\n\t\t\t\t\t\t\t\t\t\t\t\t\n\t\t\t\t\t\t\t\t\t\t\t\t\n\t\t\t\t\t\t\t\t\t\t\t\t<div>\n\t\t\t\t\t\t\t\t\t\t\t\t\t<strong>Dag 1<\/strong>\n\t\t\t\t\t\t\t\t\t\t\t\t\t\t\t<div class=\"translation-block\"><p>Vanuit het vliegtuigraampje kan je het indrukwekkende landschap, dat bijna volledig uit zandvlaktes bestaat, al even bewonderen. Zodra je geland bent, haal je de auto op bij onze partners van de autoverhuur op de luchthaven.<\/p><p>Voor vertrek geven ze je nog wat uitleg over de algemene verkeersregels en het roadbook. Nadat je samen de auto hebt gecontroleerd, ben je klaar om de <strong>hoofdstad<\/strong> te ontdekken!<\/p><p><strong>Accommodatie<\/strong>:<br>Je overnacht in een klassiek hotel midden in de hoofdstad Amman. Het hotel ligt op wandelafstand van verschillende restaurants.<\/p><\/div>\n\t\t\t\t\t\t\t\t\t\t\t\t\t<\/div>\n\n\n\t\t\t\t\t\t\t\t\t\t\t<\/div>\n\t\t\t\t\t\t\t\t\t\t<\/div>\n\t\t\t\t\t\t\t\t\t\t<div class=\"tb-column tb-column--image\">\n\n\t\t\t\t\t\t\t\t\t\t\t<div class=\"tb-image-part\">\n\t\t\t\t\t\t\t\t\t\t\t\t\t\t\t\t<div class=\"inner-block-full-width has-tb-carousel tb-carousel-slider\" >\n\t\t\t<div class=\"tb-carousel-container\">\n\t\t\t\t<div class=\"entries tb-cards\" data-slider-first=\"0\">\n\t\t\t\t\t\t\t\t\t<div class=\"entry\">\n\t\t\t\t<div class=\"tb-image-part\">\n\t\t\t\t\t<figure>\n\t\t\t\t\t\t<img src='https:\/\/jn.travelblox.eu\/wp-content\/uploads\/sites\/44\/2025\/01\/Capture-decran-2025-01-16-a-16.34.30.png' width='577' height='424' alt='Trip in Jordani\u00eb-Vliegtuig' loading='lazy' image_size='large'>\t\t\t\t\t\t\t\t\t\t\t<\/figure>\n\t\t\t\t<\/div>\n\t\t\t<\/div>\n\t\t\t\t\t<div class=\"entry\">\n\t\t\t\t<div class=\"tb-image-part\">\n\t\t\t\t\t<figure>\n\t\t\t\t\t\t<img src='https:\/\/jn.travelblox.eu\/wp-content\/uploads\/sites\/44\/2025\/01\/IMG_6644.jpeg' width='639' height='852' alt='Uitzicht op Amman' loading='lazy' image_size='large'>\t\t\t\t\t\t\t\t\t\t\t<\/figure>\n\t\t\t\t<\/div>\n\t\t\t<\/div>\n\t\t\t\t\t<div class=\"entry\">\n\t\t\t\t<div class=\"tb-image-part\">\n\t\t\t\t\t<figure>\n\t\t\t\t\t\t<img src='https:\/\/jn.travelblox.eu\/wp-content\/uploads\/sites\/44\/2026\/01\/amman-misk-hotel-photo-1-1024x680.jpeg' width='1024' height='680' alt='Misk hotel Amman ingang' loading='lazy' image_size='large'>\t\t\t\t\t\t\t\t\t\t\t<\/figure>\n\t\t\t\t<\/div>\n\t\t\t<\/div>\n\t\t\t\t\t<div class=\"entry\">\n\t\t\t\t<div class=\"tb-image-part\">\n\t\t\t\t\t<figure>\n\t\t\t\t\t\t<img src='https:\/\/jn.travelblox.eu\/wp-content\/uploads\/sites\/44\/2026\/01\/misk-hotel_15299527423-1024x682.jpg' width='1024' height='682' alt='Misk Hotel Amman kamer' loading='lazy' image_size='large'>\t\t\t\t\t\t\t\t\t\t\t<\/figure>\n\t\t\t\t<\/div>\n\t\t\t<\/div>\n\t\t\t\t\t\t\t\t<\/div>\n\t\t\t\t\t\t<div class=\"tb-carousel-nav\">\n\t\t\t<div class=\"dots\">\n\t\t\t\t<div class=\"dot active\"><\/div>\n\t\t\t\t<div class=\"dot\"><\/div>\n\t\t\t\t<div class=\"dot\"><\/div>\n\t\t\t<\/div>\n\t\t\t<div class=\"arrows\">\n\t\t\t\t<div class=\"prev disabled\">\n\t\t\t\t\t<span><i class=\"fa fa-chevron-left\"><\/i><\/span>\n\t\t\t\t<\/div>\n\t\t\t\t<div class=\"next\">\n\t\t\t\t\t<span><i class=\"fa fa-chevron-right\"><\/i><\/span>\n\t\t\t\t<\/div>\n\t\t\t<\/div>\n\t\t<\/div>\n\t\t\t\t<\/div>\n\t\t<\/div>\n\t\t\t\t\t\t\t\t\t\t\t\t\t<\/div>\n\t\t\t\t\t\t\t\t\t\t<\/div>\n\t\t\t\t\t\t\t\t\t<\/div>\n\t\t\t\t\t\t\t\t\t\t\t<div class=\"tb-popup-nav\">\n\t\t\t<a href=\"#\" class=\"tb-buttonlink-with-icon tb-buttonlink-with-arrow icon-first tb-popup-previous\">\n\t\t\t\t<i class=\"icon fa fa-chevron-left\"><\/i>\n\t\t\t\t<span>Vorige dag<\/span>\n\t\t\t<\/a>\n\t\t\t<a href=\"#\" class=\"tb-buttonlink-with-icon tb-buttonlink-with-arrow tb-popup-next\">\n\t\t\t\t<span>Volgende dag<\/span>\n\t\t\t\t<i class=\"icon fa fa-chevron-right\"><\/i>\n\t\t\t<\/a>\n\t\t<\/div>\n\t\n\t\t\t\t\t\t\t\t<\/div>\n\t\t\t\t\t\t\t<\/dialog>\n\t\t\t\t\t\t<\/div>\n\t\t\t\t\t\t\t\t\t\t\t<div class=\"tb-card entry tb-popup-trigger tb-unfold-on-hover\">\n\t\t\t\t\t\t\t<div class=\"tb-image-part\">\n\t\t\t\t\t\t\t\t<div class=\"tag\">\n\t\t\t\t\t\t\t\t\t<div>Dag 2<\/div>\n\t\t\t\t\t\t\t\t<\/div>\n\n\t\t\t\t\t\t\t\t<img src='https:\/\/jn.travelblox.eu\/wp-content\/uploads\/sites\/44\/2025\/01\/JN23_RoyMosterd_LR_4172328-768x576.jpeg' width='768' height='576' alt='Oude gebouwen in Amman' loading='lazy' image_size='medium_large'>\t\t\t\t\t\t\t<\/div>\n\t\t\t\t\t\t\t<div class=\"tb-card-bottom-wrapper\">\n\t\t\t\t\t\t\t\t<div class=\"tb-card-bottom\">\n\n\t\t\t\t\t\t\t\t\t<span class=\"tb-card-bottom__title\">\n\t\t\t\t\t\t\t\t\t\t<span class=\"tb-card-bottom__place\">\n\t\t\t\t\t\t\t\t\t\t\tAmman\t\t\t\t\t\t\t\t\t\t\t\t\t\t\t\t\t\t\t\t\t\t\t&#8211; Dana\t\t\t\t\t\t\t\t\t\t\t\t\t\t\t\t\t\t\t\t\t<\/span>\n\n\t\t\t\t\t\t\t\t\t<\/span>\n\t\t\t\t\t\t\t\t\t<div class=\"tb-card-bottom__content\">\n\t\t\t\t\t\t\t\t\t\t<div>\n\t\t\t\t\t\t\t\t\t\t\t\t\t\t\t\t\t\t\t\t\t\t\t<i class=\"icon fa-regular fa-car\"><\/i> 250km - 4u20\t\t\t\t\t\t\t\t\t\t\t\t\t\t\t\t\t\t\t\t\t<\/div>\n\t\t\t\t\t\t\t\t\t<\/div>\n\t\t\t\t\t\t\t\t\t<div class=\"tb-card-bottom__teaser tb-unfold-on-hover__content\" data-no-translation>\n\t\t\t\t\t\t\t\t\t\t\t\t\t\t\t\t\t\t\t\t\t\t\t\t\t\t\t\t\t\tJe wordt wakker in het hart van Amman, op een steenworp afstand van de befaamde Rainbow Street. Er s&#8230; <span class=\"link\">Lees meer<\/span>\t\t\t\t\t\t\t\t\t<\/div>\n\t\t\t\t\t\t\t\t<\/div>\n\n\t\t\t\t\t\t\t<\/div>\n\t\t\t\t\t\t\t<dialog class=\"tb-popup tb-popup-with-padding tb-dayschedule-popup-wrapper\">\n\t\t\t\t\t\t\t\t<div class=\"tb-dayschedule-popup\">\n\t\t\t\t\t\t\t\t\t<h5>\n\t\t\t\t\t\t\t\t\t\t\t\t\t\t\t\t\t\t\t\t\t\t\t\t\t\t\t\t\t\t\t<div>\n\t\t\t\t\t\t\t\t\t\t\t\t\t\t\t\t\t\t\t\t\t\t\t\t\tAmman\t\t\t\t\t\t\t\t\t\t\t\t\t\t\t\t\t\t\t\t\t\t\t\t\t\t\t\t\t\t\t\t\t\t\t\t\t\t\t\t\t\t\t\t\t\t\t\t\t\t\t<i class=\"icon fa-solid fa-arrow-right\"><\/i> Dana\t\t\t\t\t\t\t\t\t\t\t\t\t\t\t\t\t\t\t\t\t\t\t\t\t\t\t\t\t\t\t\t\t\t\t\t<\/div>\n\t\t\t\t\t\t\t\t\t\t\t\t\t\t\t\t\t\t\t<\/h5>\n\t\t\t\t\t\t\t\t\t<div class=\"tb-columns\">\n\t\t\t\t\t\t\t\t\t\t<div class=\"tb-column tb-column--text\">\n\t\t\t\t\t\t\t\t\t\t\t<div class=\"text-part\">\n\t\t\t\t\t\t\t\t\t\t\t\t\t\t\t\t\t\t\t\t\t\t\t\t\t<div class=\"tb-dayschedule-popup__icons\">\n\t\t\t\t\t\t\t\t\t\t\t\t\t\t\t\t\t\t\t\t\t\t\t\t\t\t\t\t\t\t\t\t\t\t\t\t\t\t\t\t\t\t\t<div class=\"tb-dayschedule-popup__icon\">\n\t\t\t\t\t\t\t\t\t\t\t\t\t\t\t\t<i class=\"icon fa-regular fa-car\"><\/i>\n\t\t\t\t\t\t\t\t\t\t\t\t\t\t\t\t<span>\n\t\t\t\t\t\t\t\t\t\t\t\t\t\t\t\t\t250km - 4u20\t\t\t\t\t\t\t\t\t\t\t\t\t\t\t\t<\/span>\n\t\t\t\t\t\t\t\t\t\t\t\t\t\t\t<\/div>\n\t\t\t\t\t\t\t\t\t\t\t\t\t\t\t\t\t\t\t\t\t\t\t\t\t\t\t<\/div>\n\t\t\t\t\t\t\t\t\t\t\t\t\n\t\t\t\t\t\t\t\t\t\t\t\t\n\t\t\t\t\t\t\t\t\t\t\t\t<div>\n\t\t\t\t\t\t\t\t\t\t\t\t\t<strong>Dag 2<\/strong>\n\t\t\t\t\t\t\t\t\t\t\t\t\t\t\t<div class=\"translation-block\"><p>Je wordt wakker in het hart van <strong>Amman<\/strong>, op een steenworp afstand van de befaamde Rainbow Street. Er staan een aantal archeologische bezienswaardigheden en historische monumenten in de omgeving op het programma vandaag, waaronder het Romeinse theater, de citadel, een moskee en nog veel meer\u2026<\/p><p>Vervolgens rijd je naar de prachtige <strong>Wadi Mujib canyon<\/strong> en de <strong>Dode Zee<\/strong>, waar je even kan blijven drijven op het extreem zoute water.<\/p><p><strong>Accommodatie<\/strong>:<br>Je overnacht in een comfortabel hotel met zicht op de Dana vallei.<\/p><\/div>\n\t\t\t\t\t\t\t\t\t\t\t\t\t<\/div>\n\n\n\t\t\t\t\t\t\t\t\t\t\t<\/div>\n\t\t\t\t\t\t\t\t\t\t<\/div>\n\t\t\t\t\t\t\t\t\t\t<div class=\"tb-column tb-column--image\">\n\n\t\t\t\t\t\t\t\t\t\t\t<div class=\"tb-image-part\">\n\t\t\t\t\t\t\t\t\t\t\t\t\t\t\t\t<div class=\"inner-block-full-width has-tb-carousel tb-carousel-slider\" >\n\t\t\t<div class=\"tb-carousel-container\">\n\t\t\t\t<div class=\"entries tb-cards\" data-slider-first=\"0\">\n\t\t\t\t\t\t\t\t\t<div class=\"entry\">\n\t\t\t\t<div class=\"tb-image-part\">\n\t\t\t\t\t<figure>\n\t\t\t\t\t\t<img src='https:\/\/jn.travelblox.eu\/wp-content\/uploads\/sites\/44\/2025\/01\/JN23_RoyMosterd_LR_4172328-1024x768.jpeg' width='1024' height='768' alt='Oude gebouwen in Amman' loading='lazy' image_size='large'>\t\t\t\t\t\t\t\t\t\t\t<\/figure>\n\t\t\t\t<\/div>\n\t\t\t<\/div>\n\t\t\t\t\t<div class=\"entry\">\n\t\t\t\t<div class=\"tb-image-part\">\n\t\t\t\t\t<figure>\n\t\t\t\t\t\t<img src='https:\/\/jn.travelblox.eu\/wp-content\/uploads\/sites\/44\/2025\/01\/JN23_RoyMosterd_LR_4172305.jpeg' width='638' height='850' alt='Uitzichtpunt in Amman' loading='lazy' image_size='large'>\t\t\t\t\t\t\t\t\t\t\t<\/figure>\n\t\t\t\t<\/div>\n\t\t\t<\/div>\n\t\t\t\t\t<div class=\"entry\">\n\t\t\t\t<div class=\"tb-image-part\">\n\t\t\t\t\t<figure>\n\t\t\t\t\t\t<img src='https:\/\/jn.travelblox.eu\/wp-content\/uploads\/sites\/44\/2025\/01\/IMG_6646.jpeg' width='684' height='912' alt='Moskee in Amman' loading='lazy' image_size='large'>\t\t\t\t\t\t\t\t\t\t\t<\/figure>\n\t\t\t\t<\/div>\n\t\t\t<\/div>\n\t\t\t\t\t<div class=\"entry\">\n\t\t\t\t<div class=\"tb-image-part\">\n\t\t\t\t\t<figure>\n\t\t\t\t\t\t<img src='https:\/\/jn.travelblox.eu\/wp-content\/uploads\/sites\/44\/2026\/01\/DSC_0526-684x1024.jpg' width='684' height='1024' alt='Hotel Dana' loading='lazy' image_size='large'>\t\t\t\t\t\t\t\t\t\t\t<\/figure>\n\t\t\t\t<\/div>\n\t\t\t<\/div>\n\t\t\t\t\t<div class=\"entry\">\n\t\t\t\t<div class=\"tb-image-part\">\n\t\t\t\t\t<figure>\n\t\t\t\t\t\t<img src='https:\/\/jn.travelblox.eu\/wp-content\/uploads\/sites\/44\/2026\/01\/IMG_3664-copie-1024x768.jpg' width='1024' height='768' alt='Hotelkamer Dana' loading='lazy' image_size='large'>\t\t\t\t\t\t\t\t\t\t\t<\/figure>\n\t\t\t\t<\/div>\n\t\t\t<\/div>\n\t\t\t\t\t\t\t\t<\/div>\n\t\t\t\t\t\t<div class=\"tb-carousel-nav\">\n\t\t\t<div class=\"dots\">\n\t\t\t\t<div class=\"dot active\"><\/div>\n\t\t\t\t<div class=\"dot\"><\/div>\n\t\t\t\t<div class=\"dot\"><\/div>\n\t\t\t<\/div>\n\t\t\t<div class=\"arrows\">\n\t\t\t\t<div class=\"prev disabled\">\n\t\t\t\t\t<span><i class=\"fa fa-chevron-left\"><\/i><\/span>\n\t\t\t\t<\/div>\n\t\t\t\t<div class=\"next\">\n\t\t\t\t\t<span><i class=\"fa fa-chevron-right\"><\/i><\/span>\n\t\t\t\t<\/div>\n\t\t\t<\/div>\n\t\t<\/div>\n\t\t\t\t<\/div>\n\t\t<\/div>\n\t\t\t\t\t\t\t\t\t\t\t\t\t<\/div>\n\t\t\t\t\t\t\t\t\t\t<\/div>\n\t\t\t\t\t\t\t\t\t<\/div>\n\t\t\t\t\t\t\t\t\t\t\t<div class=\"tb-popup-nav\">\n\t\t\t<a href=\"#\" class=\"tb-buttonlink-with-icon tb-buttonlink-with-arrow icon-first tb-popup-previous\">\n\t\t\t\t<i class=\"icon fa fa-chevron-left\"><\/i>\n\t\t\t\t<span>Vorige dag<\/span>\n\t\t\t<\/a>\n\t\t\t<a href=\"#\" class=\"tb-buttonlink-with-icon tb-buttonlink-with-arrow tb-popup-next\">\n\t\t\t\t<span>Volgende dag<\/span>\n\t\t\t\t<i class=\"icon fa fa-chevron-right\"><\/i>\n\t\t\t<\/a>\n\t\t<\/div>\n\t\n\t\t\t\t\t\t\t\t<\/div>\n\t\t\t\t\t\t\t<\/dialog>\n\t\t\t\t\t\t<\/div>\n\t\t\t\t\t\t\t\t\t\t\t<div class=\"tb-card entry tb-popup-trigger tb-unfold-on-hover\">\n\t\t\t\t\t\t\t<div class=\"tb-image-part\">\n\t\t\t\t\t\t\t\t<div class=\"tag\">\n\t\t\t\t\t\t\t\t\t<div>Dag 3<\/div>\n\t\t\t\t\t\t\t\t<\/div>\n\n\t\t\t\t\t\t\t\t<img src='https:\/\/jn.travelblox.eu\/wp-content\/uploads\/sites\/44\/2025\/01\/IMG_6972.jpeg' width='504' height='672' style='object-position:50% 50%' loading='lazy' image_size='medium_large'>\t\t\t\t\t\t\t<\/div>\n\t\t\t\t\t\t\t<div class=\"tb-card-bottom-wrapper\">\n\t\t\t\t\t\t\t\t<div class=\"tb-card-bottom\">\n\n\t\t\t\t\t\t\t\t\t<span class=\"tb-card-bottom__title\">\n\t\t\t\t\t\t\t\t\t\t<span class=\"tb-card-bottom__place\">\n\t\t\t\t\t\t\t\t\t\t\tDana\t\t\t\t\t\t\t\t\t\t\t\t\t\t\t\t\t\t\t\t\t\t\t&#8211; Petra\t\t\t\t\t\t\t\t\t\t\t\t\t\t\t\t\t\t\t\t\t<\/span>\n\n\t\t\t\t\t\t\t\t\t<\/span>\n\t\t\t\t\t\t\t\t\t<div class=\"tb-card-bottom__content\">\n\t\t\t\t\t\t\t\t\t\t<div>\n\t\t\t\t\t\t\t\t\t\t\t\t\t\t\t\t\t\t\t\t\t\t\t<i class=\"icon fa-regular fa-car\"><\/i> 100km - 2u\t\t\t\t\t\t\t\t\t\t\t\t\t\t\t\t\t\t\t\t\t<\/div>\n\t\t\t\t\t\t\t\t\t<\/div>\n\t\t\t\t\t\t\t\t\t<div class=\"tb-card-bottom__teaser tb-unfold-on-hover__content\" data-no-translation>\n\t\t\t\t\t\t\t\t\t\t\t\t\t\t\t\t\t\t\t\t\t\t\t\t\t\t\t\t\t\tJe dag begint met een lokaal ontbijt en daarna is het tijd om je wandelschoenen aan te trekken, want&#8230; <span class=\"link\">Lees meer<\/span>\t\t\t\t\t\t\t\t\t<\/div>\n\t\t\t\t\t\t\t\t<\/div>\n\n\t\t\t\t\t\t\t<\/div>\n\t\t\t\t\t\t\t<dialog class=\"tb-popup tb-popup-with-padding tb-dayschedule-popup-wrapper\">\n\t\t\t\t\t\t\t\t<div class=\"tb-dayschedule-popup\">\n\t\t\t\t\t\t\t\t\t<h5>\n\t\t\t\t\t\t\t\t\t\t\t\t\t\t\t\t\t\t\t\t\t\t\t\t\t\t\t\t\t\t\t<div>\n\t\t\t\t\t\t\t\t\t\t\t\t\t\t\t\t\t\t\t\t\t\t\t\t\tDana\t\t\t\t\t\t\t\t\t\t\t\t\t\t\t\t\t\t\t\t\t\t\t\t\t\t\t\t\t\t\t\t\t\t\t\t\t\t\t\t\t\t\t\t\t\t\t\t\t\t\t<i class=\"icon fa-solid fa-arrow-right\"><\/i> Petra\t\t\t\t\t\t\t\t\t\t\t\t\t\t\t\t\t\t\t\t\t\t\t\t\t\t\t\t\t\t\t\t\t\t\t\t<\/div>\n\t\t\t\t\t\t\t\t\t\t\t\t\t\t\t\t\t\t\t<\/h5>\n\t\t\t\t\t\t\t\t\t<div class=\"tb-columns\">\n\t\t\t\t\t\t\t\t\t\t<div class=\"tb-column tb-column--text\">\n\t\t\t\t\t\t\t\t\t\t\t<div class=\"text-part\">\n\t\t\t\t\t\t\t\t\t\t\t\t\t\t\t\t\t\t\t\t\t\t\t\t\t<div class=\"tb-dayschedule-popup__icons\">\n\t\t\t\t\t\t\t\t\t\t\t\t\t\t\t\t\t\t\t\t\t\t\t\t\t\t\t\t\t\t\t\t\t\t\t\t\t\t\t\t\t\t\t<div class=\"tb-dayschedule-popup__icon\">\n\t\t\t\t\t\t\t\t\t\t\t\t\t\t\t\t<i class=\"icon fa-regular fa-car\"><\/i>\n\t\t\t\t\t\t\t\t\t\t\t\t\t\t\t\t<span>\n\t\t\t\t\t\t\t\t\t\t\t\t\t\t\t\t\t100km - 2u\t\t\t\t\t\t\t\t\t\t\t\t\t\t\t\t<\/span>\n\t\t\t\t\t\t\t\t\t\t\t\t\t\t\t<\/div>\n\t\t\t\t\t\t\t\t\t\t\t\t\t\t\t\t\t\t\t\t\t\t\t\t\t\t\t<\/div>\n\t\t\t\t\t\t\t\t\t\t\t\t\n\t\t\t\t\t\t\t\t\t\t\t\t\n\t\t\t\t\t\t\t\t\t\t\t\t<div>\n\t\t\t\t\t\t\t\t\t\t\t\t\t<strong>Dag 3<\/strong>\n\t\t\t\t\t\t\t\t\t\t\t\t\t\t\t<div class=\"translation-block\"><p>Je dag begint met een lokaal ontbijt en daarna is het tijd om je wandelschoenen aan te trekken, want je gaat ongeveer 3,5u lang op verkenning in de <strong>Wadi Ghuweir canyon<\/strong>.<\/p><p>Kruip vervolgens terug achter het stuur van je auto, want je neemt de <strong>Kings Highway<\/strong>, een weg vol panoramische vergezichten.<\/p><p>Aan het einde van de dag kom je aan in <strong>Wadi Musa<\/strong>, je overnachtingsplaats vlakbij de historische stad Petra.<\/p><p>Nood aan wat ontspanning? Ga dan voor een <strong>Turks bad<\/strong>, \u00e9\u00e9n van de <a href=\"https:\/\/jordannomads.org\/nl\/#activities\">optionele activiteiten<\/a> die we aanbieden.<\/p><\/div>\n\t\t\t\t\t\t\t\t\t\t\t\t\t<\/div>\n\n\n\t\t\t\t\t\t\t\t\t\t\t<\/div>\n\t\t\t\t\t\t\t\t\t\t<\/div>\n\t\t\t\t\t\t\t\t\t\t<div class=\"tb-column tb-column--image\">\n\n\t\t\t\t\t\t\t\t\t\t\t<div class=\"tb-image-part\">\n\t\t\t\t\t\t\t\t\t\t\t\t\t\t\t\t<div class=\"inner-block-full-width has-tb-carousel tb-carousel-slider\" >\n\t\t\t<div class=\"tb-carousel-container\">\n\t\t\t\t<div class=\"entries tb-cards\" data-slider-first=\"0\">\n\t\t\t\t\t\t\t\t\t<div class=\"entry\">\n\t\t\t\t<div class=\"tb-image-part\">\n\t\t\t\t\t<figure>\n\t\t\t\t\t\t<img src='https:\/\/jn.travelblox.eu\/wp-content\/uploads\/sites\/44\/2025\/01\/IMG_6972.jpeg' width='504' height='672' style='object-position:50% 50%' loading='lazy' image_size='large'>\t\t\t\t\t\t\t\t\t\t\t<\/figure>\n\t\t\t\t<\/div>\n\t\t\t<\/div>\n\t\t\t\t\t<div class=\"entry\">\n\t\t\t\t<div class=\"tb-image-part\">\n\t\t\t\t\t<figure>\n\t\t\t\t\t\t<img src='https:\/\/jn.travelblox.eu\/wp-content\/uploads\/sites\/44\/2025\/01\/JN23_RoyMosterd_LR_4183188.jpeg' width='740' height='555' alt='Weg op de King Highway in Jordani\u00eb' loading='lazy' image_size='large'>\t\t\t\t\t\t\t\t\t\t\t<\/figure>\n\t\t\t\t<\/div>\n\t\t\t<\/div>\n\t\t\t\t\t<div class=\"entry\">\n\t\t\t\t<div class=\"tb-image-part\">\n\t\t\t\t\t<figure>\n\t\t\t\t\t\t<img src='https:\/\/jn.travelblox.eu\/wp-content\/uploads\/sites\/44\/2026\/01\/JordanNomadsXWhereSheGoes-06NomadsHotelendiner-Petra1-681x1024.jpg' width='681' height='1024' alt='Terass hotel Wadi Musa' loading='lazy' image_size='large'>\t\t\t\t\t\t\t\t\t\t\t<\/figure>\n\t\t\t\t<\/div>\n\t\t\t<\/div>\n\t\t\t\t\t<div class=\"entry\">\n\t\t\t\t<div class=\"tb-image-part\">\n\t\t\t\t\t<figure>\n\t\t\t\t\t\t<img src='https:\/\/jn.travelblox.eu\/wp-content\/uploads\/sites\/44\/2026\/01\/JordanNomadsXWhereSheGoes-06NomadsHotelendiner-Petra9-681x1024.jpg' width='681' height='1024' alt='Hotel Wadi Musa' loading='lazy' image_size='large'>\t\t\t\t\t\t\t\t\t\t\t<\/figure>\n\t\t\t\t<\/div>\n\t\t\t<\/div>\n\t\t\t\t\t\t\t\t<\/div>\n\t\t\t\t\t\t<div class=\"tb-carousel-nav\">\n\t\t\t<div class=\"dots\">\n\t\t\t\t<div class=\"dot active\"><\/div>\n\t\t\t\t<div class=\"dot\"><\/div>\n\t\t\t\t<div class=\"dot\"><\/div>\n\t\t\t<\/div>\n\t\t\t<div class=\"arrows\">\n\t\t\t\t<div class=\"prev disabled\">\n\t\t\t\t\t<span><i class=\"fa fa-chevron-left\"><\/i><\/span>\n\t\t\t\t<\/div>\n\t\t\t\t<div class=\"next\">\n\t\t\t\t\t<span><i class=\"fa fa-chevron-right\"><\/i><\/span>\n\t\t\t\t<\/div>\n\t\t\t<\/div>\n\t\t<\/div>\n\t\t\t\t<\/div>\n\t\t<\/div>\n\t\t\t\t\t\t\t\t\t\t\t\t\t<\/div>\n\t\t\t\t\t\t\t\t\t\t<\/div>\n\t\t\t\t\t\t\t\t\t<\/div>\n\t\t\t\t\t\t\t\t\t\t\t<div class=\"tb-popup-nav\">\n\t\t\t<a href=\"#\" class=\"tb-buttonlink-with-icon tb-buttonlink-with-arrow icon-first tb-popup-previous\">\n\t\t\t\t<i class=\"icon fa fa-chevron-left\"><\/i>\n\t\t\t\t<span>Vorige dag<\/span>\n\t\t\t<\/a>\n\t\t\t<a href=\"#\" class=\"tb-buttonlink-with-icon tb-buttonlink-with-arrow tb-popup-next\">\n\t\t\t\t<span>Volgende dag<\/span>\n\t\t\t\t<i class=\"icon fa fa-chevron-right\"><\/i>\n\t\t\t<\/a>\n\t\t<\/div>\n\t\n\t\t\t\t\t\t\t\t<\/div>\n\t\t\t\t\t\t\t<\/dialog>\n\t\t\t\t\t\t<\/div>\n\t\t\t\t\t\t\t\t\t\t\t<div class=\"tb-card entry tb-popup-trigger tb-unfold-on-hover\">\n\t\t\t\t\t\t\t<div class=\"tb-image-part\">\n\t\t\t\t\t\t\t\t<div class=\"tag\">\n\t\t\t\t\t\t\t\t\t<div>Dag 4<\/div>\n\t\t\t\t\t\t\t\t<\/div>\n\n\t\t\t\t\t\t\t\t<img src='https:\/\/jn.travelblox.eu\/wp-content\/uploads\/sites\/44\/2025\/01\/0H4A1294-768x1152.jpeg' width='768' height='1152' alt='Petra, een van de 7 wonders' loading='lazy' image_size='medium_large'>\t\t\t\t\t\t\t<\/div>\n\t\t\t\t\t\t\t<div class=\"tb-card-bottom-wrapper\">\n\t\t\t\t\t\t\t\t<div class=\"tb-card-bottom\">\n\n\t\t\t\t\t\t\t\t\t<span class=\"tb-card-bottom__title\">\n\t\t\t\t\t\t\t\t\t\t<span class=\"tb-card-bottom__place\">\n\t\t\t\t\t\t\t\t\t\t\tPetra\t\t\t\t\t\t\t\t\t\t\t\t\t\t\t\t\t\t\t\t\t\t\t&#8211; Wadi Rum\t\t\t\t\t\t\t\t\t\t\t\t\t\t\t\t\t\t\t\t\t<\/span>\n\n\t\t\t\t\t\t\t\t\t<\/span>\n\t\t\t\t\t\t\t\t\t<div class=\"tb-card-bottom__content\">\n\t\t\t\t\t\t\t\t\t\t<div>\n\t\t\t\t\t\t\t\t\t\t\t\t\t\t\t\t\t\t\t\t\t\t\t<i class=\"icon fa-regular fa-car\"><\/i> 115km - 2u\t\t\t\t\t\t\t\t\t\t\t\t\t\t\t\t\t\t\t\t\t<\/div>\n\t\t\t\t\t\t\t\t\t<\/div>\n\t\t\t\t\t\t\t\t\t<div class=\"tb-card-bottom__teaser tb-unfold-on-hover__content\" data-no-translation>\n\t\t\t\t\t\t\t\t\t\t\t\t\t\t\t\t\t\t\t\t\t\t\t\t\t\t\t\t\t\tDag 4 staat in het teken van de historische stad Petra, \u00e9\u00e9n van de zeven wereldwonderen. Je ontdekt &#8230; <span class=\"link\">Lees meer<\/span>\t\t\t\t\t\t\t\t\t<\/div>\n\t\t\t\t\t\t\t\t<\/div>\n\n\t\t\t\t\t\t\t<\/div>\n\t\t\t\t\t\t\t<dialog class=\"tb-popup tb-popup-with-padding tb-dayschedule-popup-wrapper\">\n\t\t\t\t\t\t\t\t<div class=\"tb-dayschedule-popup\">\n\t\t\t\t\t\t\t\t\t<h5>\n\t\t\t\t\t\t\t\t\t\t\t\t\t\t\t\t\t\t\t\t\t\t\t\t\t\t\t\t\t\t\t<div>\n\t\t\t\t\t\t\t\t\t\t\t\t\t\t\t\t\t\t\t\t\t\t\t\t\tPetra\t\t\t\t\t\t\t\t\t\t\t\t\t\t\t\t\t\t\t\t\t\t\t\t\t\t\t\t\t\t\t\t\t\t\t\t\t\t\t\t\t\t\t\t\t\t\t\t\t\t\t<i class=\"icon fa-solid fa-arrow-right\"><\/i> Wadi Rum\t\t\t\t\t\t\t\t\t\t\t\t\t\t\t\t\t\t\t\t\t\t\t\t\t\t\t\t\t\t\t\t\t\t\t\t<\/div>\n\t\t\t\t\t\t\t\t\t\t\t\t\t\t\t\t\t\t\t<\/h5>\n\t\t\t\t\t\t\t\t\t<div class=\"tb-columns\">\n\t\t\t\t\t\t\t\t\t\t<div class=\"tb-column tb-column--text\">\n\t\t\t\t\t\t\t\t\t\t\t<div class=\"text-part\">\n\t\t\t\t\t\t\t\t\t\t\t\t\t\t\t\t\t\t\t\t\t\t\t\t\t<div class=\"tb-dayschedule-popup__icons\">\n\t\t\t\t\t\t\t\t\t\t\t\t\t\t\t\t\t\t\t\t\t\t\t\t\t\t\t\t\t\t\t\t\t\t\t\t\t\t\t\t\t\t\t<div class=\"tb-dayschedule-popup__icon\">\n\t\t\t\t\t\t\t\t\t\t\t\t\t\t\t\t<i class=\"icon fa-regular fa-car\"><\/i>\n\t\t\t\t\t\t\t\t\t\t\t\t\t\t\t\t<span>\n\t\t\t\t\t\t\t\t\t\t\t\t\t\t\t\t\t115km - 2u\t\t\t\t\t\t\t\t\t\t\t\t\t\t\t\t<\/span>\n\t\t\t\t\t\t\t\t\t\t\t\t\t\t\t<\/div>\n\t\t\t\t\t\t\t\t\t\t\t\t\t\t\t\t\t\t\t\t\t\t\t\t\t\t\t<\/div>\n\t\t\t\t\t\t\t\t\t\t\t\t\n\t\t\t\t\t\t\t\t\t\t\t\t\n\t\t\t\t\t\t\t\t\t\t\t\t<div>\n\t\t\t\t\t\t\t\t\t\t\t\t\t<strong>Dag 4<\/strong>\n\t\t\t\t\t\t\t\t\t\t\t\t\t\t\t<div class=\"translation-block\"><p>Dag 4 staat in het teken van de historische stad <strong>Petra<\/strong>, \u00e9\u00e9n van de zeven <strong>wereldwonderen<\/strong>. Je ontdekt de volledige archeologische site van de beroemde schatkamer tot het minder bekende klooster. Beide zijn slechts enkele van de indrukwekkende bouwwerken die diep uit de zandstenen rotsen uitgehouwen zijn.<\/p><p>In de late namiddag rijd je naar <strong>Wadi Rum<\/strong>, een uitgestrekte zandwoestijn vol indrukwekkende rotsformaties.<\/p><p><strong>Accommodatie<\/strong>:<br>Je overnacht in een authentiek tentenkamp, waar je \u2018s avonds kan genieten van een traditionele maaltijd die met veel liefde klaargemaakt is door de lokale bevolking. Het avondmaal is trouwens inbegrepen in de basisprijs van je reis!<\/p><\/div>\n\t\t\t\t\t\t\t\t\t\t\t\t\t<\/div>\n\n\n\t\t\t\t\t\t\t\t\t\t\t<\/div>\n\t\t\t\t\t\t\t\t\t\t<\/div>\n\t\t\t\t\t\t\t\t\t\t<div class=\"tb-column tb-column--image\">\n\n\t\t\t\t\t\t\t\t\t\t\t<div class=\"tb-image-part\">\n\t\t\t\t\t\t\t\t\t\t\t\t\t\t\t\t<div class=\"inner-block-full-width has-tb-carousel tb-carousel-slider\" >\n\t\t\t<div class=\"tb-carousel-container\">\n\t\t\t\t<div class=\"entries tb-cards\" data-slider-first=\"0\">\n\t\t\t\t\t\t\t\t\t<div class=\"entry\">\n\t\t\t\t<div class=\"tb-image-part\">\n\t\t\t\t\t<figure>\n\t\t\t\t\t\t<img src='https:\/\/jn.travelblox.eu\/wp-content\/uploads\/sites\/44\/2025\/01\/0H4A1294-683x1024.jpeg' width='683' height='1024' alt='Petra, een van de 7 wonders' loading='lazy' image_size='large'>\t\t\t\t\t\t\t\t\t\t\t<\/figure>\n\t\t\t\t<\/div>\n\t\t\t<\/div>\n\t\t\t\t\t<div class=\"entry\">\n\t\t\t\t<div class=\"tb-image-part\">\n\t\t\t\t\t<figure>\n\t\t\t\t\t\t<img src='https:\/\/jn.travelblox.eu\/wp-content\/uploads\/sites\/44\/2025\/01\/IMG_9304.jpeg' width='523' height='784' alt='Petra: een van de zeven wereldwonderen' loading='lazy' image_size='large'>\t\t\t\t\t\t\t\t\t\t\t<\/figure>\n\t\t\t\t<\/div>\n\t\t\t<\/div>\n\t\t\t\t\t<div class=\"entry\">\n\t\t\t\t<div class=\"tb-image-part\">\n\t\t\t\t\t<figure>\n\t\t\t\t\t\t<img src='https:\/\/jn.travelblox.eu\/wp-content\/uploads\/sites\/44\/2025\/01\/JORDAN_NOMADS_SJOERDBRACKE_387A0041.jpeg' width='800' height='534' loading='lazy' image_size='large'>\t\t\t\t\t\t\t\t\t\t\t<\/figure>\n\t\t\t\t<\/div>\n\t\t\t<\/div>\n\t\t\t\t\t<div class=\"entry\">\n\t\t\t\t<div class=\"tb-image-part\">\n\t\t\t\t\t<figure>\n\t\t\t\t\t\t<img src='https:\/\/jn.travelblox.eu\/wp-content\/uploads\/sites\/44\/2025\/01\/JN23_RoyMosterd_LR_-2.jpeg' width='860' height='645' alt='Slaapkamer in de woestijn' loading='lazy' image_size='large'>\t\t\t\t\t\t\t\t\t\t\t<\/figure>\n\t\t\t\t<\/div>\n\t\t\t<\/div>\n\t\t\t\t\t\t\t\t<\/div>\n\t\t\t\t\t\t<div class=\"tb-carousel-nav\">\n\t\t\t<div class=\"dots\">\n\t\t\t\t<div class=\"dot active\"><\/div>\n\t\t\t\t<div class=\"dot\"><\/div>\n\t\t\t\t<div class=\"dot\"><\/div>\n\t\t\t<\/div>\n\t\t\t<div class=\"arrows\">\n\t\t\t\t<div class=\"prev disabled\">\n\t\t\t\t\t<span><i class=\"fa fa-chevron-left\"><\/i><\/span>\n\t\t\t\t<\/div>\n\t\t\t\t<div class=\"next\">\n\t\t\t\t\t<span><i class=\"fa fa-chevron-right\"><\/i><\/span>\n\t\t\t\t<\/div>\n\t\t\t<\/div>\n\t\t<\/div>\n\t\t\t\t<\/div>\n\t\t<\/div>\n\t\t\t\t\t\t\t\t\t\t\t\t\t<\/div>\n\t\t\t\t\t\t\t\t\t\t<\/div>\n\t\t\t\t\t\t\t\t\t<\/div>\n\t\t\t\t\t\t\t\t\t\t\t<div class=\"tb-popup-nav\">\n\t\t\t<a href=\"#\" class=\"tb-buttonlink-with-icon tb-buttonlink-with-arrow icon-first tb-popup-previous\">\n\t\t\t\t<i class=\"icon fa fa-chevron-left\"><\/i>\n\t\t\t\t<span>Vorige dag<\/span>\n\t\t\t<\/a>\n\t\t\t<a href=\"#\" class=\"tb-buttonlink-with-icon tb-buttonlink-with-arrow tb-popup-next\">\n\t\t\t\t<span>Volgende dag<\/span>\n\t\t\t\t<i class=\"icon fa fa-chevron-right\"><\/i>\n\t\t\t<\/a>\n\t\t<\/div>\n\t\n\t\t\t\t\t\t\t\t<\/div>\n\t\t\t\t\t\t\t<\/dialog>\n\t\t\t\t\t\t<\/div>\n\t\t\t\t\t\t\t\t\t\t\t<div class=\"tb-card entry tb-popup-trigger tb-unfold-on-hover\">\n\t\t\t\t\t\t\t<div class=\"tb-image-part\">\n\t\t\t\t\t\t\t\t<div class=\"tag\">\n\t\t\t\t\t\t\t\t\t<div>Dag 5<\/div>\n\t\t\t\t\t\t\t\t<\/div>\n\n\t\t\t\t\t\t\t\t<img src='https:\/\/jn.travelblox.eu\/wp-content\/uploads\/sites\/44\/2025\/01\/8bc4bc40-a65d-46db-b26e-13e808c54478-768x1024.jpeg' width='768' height='1024' alt='Arch in de Wadi Rum' loading='lazy' image_size='medium_large'>\t\t\t\t\t\t\t<\/div>\n\t\t\t\t\t\t\t<div class=\"tb-card-bottom-wrapper\">\n\t\t\t\t\t\t\t\t<div class=\"tb-card-bottom\">\n\n\t\t\t\t\t\t\t\t\t<span class=\"tb-card-bottom__title\">\n\t\t\t\t\t\t\t\t\t\t<span class=\"tb-card-bottom__place\">\n\t\t\t\t\t\t\t\t\t\t\tWadi Rum \u2013 Aqaba\t\t\t\t\t\t\t\t\t\t\t\t\t\t\t\t\t\t\t\t\t<\/span>\n\n\t\t\t\t\t\t\t\t\t<\/span>\n\t\t\t\t\t\t\t\t\t<div class=\"tb-card-bottom__content\">\n\t\t\t\t\t\t\t\t\t\t<div>\n\t\t\t\t\t\t\t\t\t\t\t\t\t\t\t\t\t\t\t\t\t\t\t<i class=\"icon fa-regular fa-car\"><\/i> Dag in de woestijn\t\t\t\t\t\t\t\t\t\t\t\t\t\t\t\t\t\t\t\t\t<\/div>\n\t\t\t\t\t\t\t\t\t<\/div>\n\t\t\t\t\t\t\t\t\t<div class=\"tb-card-bottom__teaser tb-unfold-on-hover__content\" data-no-translation>\n\t\t\t\t\t\t\t\t\t\t\t\t\t\t\t\t\t\t\t\t\t\t\t\t\t\t\t\t\t\tVandaag breng je een volledige dag door in de Wadi Rum woestijn. Je kan kiezen uit verschillende opt&#8230; <span class=\"link\">Lees meer<\/span>\t\t\t\t\t\t\t\t\t<\/div>\n\t\t\t\t\t\t\t\t<\/div>\n\n\t\t\t\t\t\t\t<\/div>\n\t\t\t\t\t\t\t<dialog class=\"tb-popup tb-popup-with-padding tb-dayschedule-popup-wrapper\">\n\t\t\t\t\t\t\t\t<div class=\"tb-dayschedule-popup\">\n\t\t\t\t\t\t\t\t\t<h5>\n\t\t\t\t\t\t\t\t\t\t\t\t\t\t\t\t\t\t\t\t\t\t\t\t\t\t\t\t\t\t\t<div>\n\t\t\t\t\t\t\t\t\t\t\t\t\t\t\t\t\t\t\t\t\t\t\t\t\tWadi Rum\t\t\t\t\t\t\t\t\t\t\t\t\t\t\t\t\t\t\t\t\t\t\t\t\t\t\t\t\t\t\t\t\t\t\t\t\t\t\t\t\t\t\t\t\t\t\t\t\t\t\t<i class=\"icon fa-solid fa-arrow-right\"><\/i> Aqaba\t\t\t\t\t\t\t\t\t\t\t\t\t\t\t\t\t\t\t\t\t\t\t\t\t\t\t\t\t\t\t\t\t\t\t\t<\/div>\n\t\t\t\t\t\t\t\t\t\t\t\t\t\t\t\t\t\t\t<\/h5>\n\t\t\t\t\t\t\t\t\t<div class=\"tb-columns\">\n\t\t\t\t\t\t\t\t\t\t<div class=\"tb-column tb-column--text\">\n\t\t\t\t\t\t\t\t\t\t\t<div class=\"text-part\">\n\t\t\t\t\t\t\t\t\t\t\t\t\t\t\t\t\t\t\t\t\t\t\t\t\t<div class=\"tb-dayschedule-popup__icons\">\n\t\t\t\t\t\t\t\t\t\t\t\t\t\t\t\t\t\t\t\t\t\t\t\t\t\t\t\t\t\t\t\t\t\t\t\t\t\t\t\t\t\t\t<div class=\"tb-dayschedule-popup__icon\">\n\t\t\t\t\t\t\t\t\t\t\t\t\t\t\t\t<i class=\"icon fa-regular fa-car\"><\/i>\n\t\t\t\t\t\t\t\t\t\t\t\t\t\t\t\t<span>\n\t\t\t\t\t\t\t\t\t\t\t\t\t\t\t\t\tDag in de woestijn\t\t\t\t\t\t\t\t\t\t\t\t\t\t\t\t<\/span>\n\t\t\t\t\t\t\t\t\t\t\t\t\t\t\t<\/div>\n\t\t\t\t\t\t\t\t\t\t\t\t\t\t\t\t\t\t\t\t\t\t\t\t\t\t\t<\/div>\n\t\t\t\t\t\t\t\t\t\t\t\t\n\t\t\t\t\t\t\t\t\t\t\t\t\n\t\t\t\t\t\t\t\t\t\t\t\t<div>\n\t\t\t\t\t\t\t\t\t\t\t\t\t<strong>Dag 5<\/strong>\n\t\t\t\t\t\t\t\t\t\t\t\t\t\t\t<div class=\"translation-block\"><p>Vandaag breng je een volledige dag door in de <strong>Wadi Rum woestijn<\/strong>. Je kan kiezen uit verschillende <a href=\"https:\/\/jordannomads.org\/nl\/#activities\">optionele activiteiten<\/a>. Zo kan je deelnemen aan een <strong>jeepsafari<\/strong> met lokale gidsen die je meenemen naar de mooiste plekken van de woestijn: natuurlijke rotsbogen, verborgen canyons en zandduinen.<\/p><p>Doe je het liever wat rustiger aan? Dan kan je er ook voor kiezen om in het tentenkamp te blijven.<\/p><p>Het belooft alvast een onvergetelijke dag te worden!<\/p><p><strong>Accommodatie<\/strong>:<br>Je overnacht in een comfortabel hotel met zwembad op een paar minuten wandelen van het centrum van Aqaba.<\/p><\/div>\n\t\t\t\t\t\t\t\t\t\t\t\t\t<\/div>\n\n\n\t\t\t\t\t\t\t\t\t\t\t<\/div>\n\t\t\t\t\t\t\t\t\t\t<\/div>\n\t\t\t\t\t\t\t\t\t\t<div class=\"tb-column tb-column--image\">\n\n\t\t\t\t\t\t\t\t\t\t\t<div class=\"tb-image-part\">\n\t\t\t\t\t\t\t\t\t\t\t\t\t\t\t\t<div class=\"inner-block-full-width has-tb-carousel tb-carousel-slider\" >\n\t\t\t<div class=\"tb-carousel-container\">\n\t\t\t\t<div class=\"entries tb-cards\" data-slider-first=\"0\">\n\t\t\t\t\t\t\t\t\t<div class=\"entry\">\n\t\t\t\t<div class=\"tb-image-part\">\n\t\t\t\t\t<figure>\n\t\t\t\t\t\t<img src='https:\/\/jn.travelblox.eu\/wp-content\/uploads\/sites\/44\/2025\/01\/8bc4bc40-a65d-46db-b26e-13e808c54478-768x1024.jpeg' width='768' height='1024' alt='Arch in de Wadi Rum' loading='lazy' image_size='large'>\t\t\t\t\t\t\t\t\t\t\t<\/figure>\n\t\t\t\t<\/div>\n\t\t\t<\/div>\n\t\t\t\t\t<div class=\"entry\">\n\t\t\t\t<div class=\"tb-image-part\">\n\t\t\t\t\t<figure>\n\t\t\t\t\t\t<img src='https:\/\/jn.travelblox.eu\/wp-content\/uploads\/sites\/44\/2025\/01\/0H4A0684-819x1024.jpeg' width='819' height='1024' alt='Wanderlust in de woestijn' loading='lazy' image_size='large'>\t\t\t\t\t\t\t\t\t\t\t<\/figure>\n\t\t\t\t<\/div>\n\t\t\t<\/div>\n\t\t\t\t\t<div class=\"entry\">\n\t\t\t\t<div class=\"tb-image-part\">\n\t\t\t\t\t<figure>\n\t\t\t\t\t\t<img src='https:\/\/jn.travelblox.eu\/wp-content\/uploads\/sites\/44\/2026\/01\/img-golden-tulip-aqaba-aqaba-33-1024x682.jpeg' width='1024' height='682' loading='lazy' image_size='large'>\t\t\t\t\t\t\t\t\t\t\t<\/figure>\n\t\t\t\t<\/div>\n\t\t\t<\/div>\n\t\t\t\t\t<div class=\"entry\">\n\t\t\t\t<div class=\"tb-image-part\">\n\t\t\t\t\t<figure>\n\t\t\t\t\t\t<img src='https:\/\/jn.travelblox.eu\/wp-content\/uploads\/sites\/44\/2026\/01\/img-golden-tulip-aqaba-aqaba-51-1024x682.jpeg' width='1024' height='682' alt='zwembad hotel Aqaba' loading='lazy' image_size='large'>\t\t\t\t\t\t\t\t\t\t\t<\/figure>\n\t\t\t\t<\/div>\n\t\t\t<\/div>\n\t\t\t\t\t\t\t\t<\/div>\n\t\t\t\t\t\t<div class=\"tb-carousel-nav\">\n\t\t\t<div class=\"dots\">\n\t\t\t\t<div class=\"dot active\"><\/div>\n\t\t\t\t<div class=\"dot\"><\/div>\n\t\t\t\t<div class=\"dot\"><\/div>\n\t\t\t<\/div>\n\t\t\t<div class=\"arrows\">\n\t\t\t\t<div class=\"prev disabled\">\n\t\t\t\t\t<span><i class=\"fa fa-chevron-left\"><\/i><\/span>\n\t\t\t\t<\/div>\n\t\t\t\t<div class=\"next\">\n\t\t\t\t\t<span><i class=\"fa fa-chevron-right\"><\/i><\/span>\n\t\t\t\t<\/div>\n\t\t\t<\/div>\n\t\t<\/div>\n\t\t\t\t<\/div>\n\t\t<\/div>\n\t\t\t\t\t\t\t\t\t\t\t\t\t<\/div>\n\t\t\t\t\t\t\t\t\t\t<\/div>\n\t\t\t\t\t\t\t\t\t<\/div>\n\t\t\t\t\t\t\t\t\t\t\t<div class=\"tb-popup-nav\">\n\t\t\t<a href=\"#\" class=\"tb-buttonlink-with-icon tb-buttonlink-with-arrow icon-first tb-popup-previous\">\n\t\t\t\t<i class=\"icon fa fa-chevron-left\"><\/i>\n\t\t\t\t<span>Vorige dag<\/span>\n\t\t\t<\/a>\n\t\t\t<a href=\"#\" class=\"tb-buttonlink-with-icon tb-buttonlink-with-arrow tb-popup-next\">\n\t\t\t\t<span>Volgende dag<\/span>\n\t\t\t\t<i class=\"icon fa fa-chevron-right\"><\/i>\n\t\t\t<\/a>\n\t\t<\/div>\n\t\n\t\t\t\t\t\t\t\t<\/div>\n\t\t\t\t\t\t\t<\/dialog>\n\t\t\t\t\t\t<\/div>\n\t\t\t\t\t\t\t\t\t\t\t<div class=\"tb-card entry tb-popup-trigger tb-unfold-on-hover\">\n\t\t\t\t\t\t\t<div class=\"tb-image-part\">\n\t\t\t\t\t\t\t\t<div class=\"tag\">\n\t\t\t\t\t\t\t\t\t<div>Dag 6<\/div>\n\t\t\t\t\t\t\t\t<\/div>\n\n\t\t\t\t\t\t\t\t<img src='https:\/\/jn.travelblox.eu\/wp-content\/uploads\/sites\/44\/2025\/01\/Capture-decran-2025-01-23-a-164724.jpeg' width='458' height='521' alt='Vissen in de Rode Zee' loading='lazy' image_size='medium_large'>\t\t\t\t\t\t\t<\/div>\n\t\t\t\t\t\t\t<div class=\"tb-card-bottom-wrapper\">\n\t\t\t\t\t\t\t\t<div class=\"tb-card-bottom\">\n\n\t\t\t\t\t\t\t\t\t<span class=\"tb-card-bottom__title\">\n\t\t\t\t\t\t\t\t\t\t<span class=\"tb-card-bottom__place\">\n\t\t\t\t\t\t\t\t\t\t\tAqaba \t\t\t\t\t\t\t\t\t\t\t\t\t\t\t\t\t\t\t\t\t\t\t&#8211; Dana\t\t\t\t\t\t\t\t\t\t\t\t\t\t\t\t\t\t\t\t\t<\/span>\n\n\t\t\t\t\t\t\t\t\t<\/span>\n\t\t\t\t\t\t\t\t\t<div class=\"tb-card-bottom__content\">\n\t\t\t\t\t\t\t\t\t\t<div>\n\t\t\t\t\t\t\t\t\t\t\t\t\t\t\t\t\t\t\t\t\t\t\t<i class=\"icon fa-regular fa-car\"><\/i> 350km \u2013 5u\t\t\t\t\t\t\t\t\t\t\t\t\t\t\t\t\t\t\t\t\t<\/div>\n\t\t\t\t\t\t\t\t\t<\/div>\n\t\t\t\t\t\t\t\t\t<div class=\"tb-card-bottom__teaser tb-unfold-on-hover__content\" data-no-translation>\n\t\t\t\t\t\t\t\t\t\t\t\t\t\t\t\t\t\t\t\t\t\t\t\t\t\t\t\t\t\tBegin de dag met een verfrissende snorkelsessie in de Golf van Aqaba. Dit is \u00e9\u00e9n van de optionele ac&#8230; <span class=\"link\">Lees meer<\/span>\t\t\t\t\t\t\t\t\t<\/div>\n\t\t\t\t\t\t\t\t<\/div>\n\n\t\t\t\t\t\t\t<\/div>\n\t\t\t\t\t\t\t<dialog class=\"tb-popup tb-popup-with-padding tb-dayschedule-popup-wrapper\">\n\t\t\t\t\t\t\t\t<div class=\"tb-dayschedule-popup\">\n\t\t\t\t\t\t\t\t\t<h5>\n\t\t\t\t\t\t\t\t\t\t\t\t\t\t\t\t\t\t\t\t\t\t\t\t\t\t\t\t\t\t\t<div>\n\t\t\t\t\t\t\t\t\t\t\t\t\t\t\t\t\t\t\t\t\t\t\t\t\tAqaba \t\t\t\t\t\t\t\t\t\t\t\t\t\t\t\t\t\t\t\t\t\t\t\t\t\t\t\t\t\t\t\t\t\t\t\t\t\t\t\t\t\t\t\t\t\t\t\t\t\t\t<i class=\"icon fa-solid fa-arrow-right\"><\/i> Dana\t\t\t\t\t\t\t\t\t\t\t\t\t\t\t\t\t\t\t\t\t\t\t\t\t\t\t\t\t\t\t\t\t\t\t\t<\/div>\n\t\t\t\t\t\t\t\t\t\t\t\t\t\t\t\t\t\t\t<\/h5>\n\t\t\t\t\t\t\t\t\t<div class=\"tb-columns\">\n\t\t\t\t\t\t\t\t\t\t<div class=\"tb-column tb-column--text\">\n\t\t\t\t\t\t\t\t\t\t\t<div class=\"text-part\">\n\t\t\t\t\t\t\t\t\t\t\t\t\t\t\t\t\t\t\t\t\t\t\t\t\t<div class=\"tb-dayschedule-popup__icons\">\n\t\t\t\t\t\t\t\t\t\t\t\t\t\t\t\t\t\t\t\t\t\t\t\t\t\t\t\t\t\t\t\t\t\t\t\t\t\t\t\t\t\t\t<div class=\"tb-dayschedule-popup__icon\">\n\t\t\t\t\t\t\t\t\t\t\t\t\t\t\t\t<i class=\"icon fa-regular fa-car\"><\/i>\n\t\t\t\t\t\t\t\t\t\t\t\t\t\t\t\t<span>\n\t\t\t\t\t\t\t\t\t\t\t\t\t\t\t\t\t350km \u2013 5u\t\t\t\t\t\t\t\t\t\t\t\t\t\t\t\t<\/span>\n\t\t\t\t\t\t\t\t\t\t\t\t\t\t\t<\/div>\n\t\t\t\t\t\t\t\t\t\t\t\t\t\t\t\t\t\t\t\t\t\t\t\t\t\t\t<\/div>\n\t\t\t\t\t\t\t\t\t\t\t\t\n\t\t\t\t\t\t\t\t\t\t\t\t\n\t\t\t\t\t\t\t\t\t\t\t\t<div>\n\t\t\t\t\t\t\t\t\t\t\t\t\t<strong>Dag 6<\/strong>\n\t\t\t\t\t\t\t\t\t\t\t\t\t\t\t<div class=\"translation-block\"><p>Begin de dag met een verfrissende snorkelsessie in de Golf van <strong>Aqaba<\/strong>. Dit is \u00e9\u00e9n van de <a href=\"#activities\">optionele activiteiten<\/a> die we aanbieden. Geen zin om te snorkelen? Dan kan je ook gewoon een plekje uitzoeken op het strand.<\/p><p>In de namiddag verlaat je de <strong>Rode Zee<\/strong> en ga je naar de <strong>valleien van Araba en Dana<\/strong>. In Dana kan je nog een mooie wandeling langs de Sheq Al-Reesh route maken, waar je wordt getrakteerd op mooie uitzichten.<\/p><p><strong>Accommodatie<\/strong>:<br>Je overnacht opnieuw in Dana in een gezellige lodge op de top van de heuvel.<\/p><\/div>\n\t\t\t\t\t\t\t\t\t\t\t\t\t<\/div>\n\n\n\t\t\t\t\t\t\t\t\t\t\t<\/div>\n\t\t\t\t\t\t\t\t\t\t<\/div>\n\t\t\t\t\t\t\t\t\t\t<div class=\"tb-column tb-column--image\">\n\n\t\t\t\t\t\t\t\t\t\t\t<div class=\"tb-image-part\">\n\t\t\t\t\t\t\t\t\t\t\t\t\t\t\t\t<div class=\"inner-block-full-width has-tb-carousel tb-carousel-slider\" >\n\t\t\t<div class=\"tb-carousel-container\">\n\t\t\t\t<div class=\"entries tb-cards\" data-slider-first=\"0\">\n\t\t\t\t\t\t\t\t\t<div class=\"entry\">\n\t\t\t\t<div class=\"tb-image-part\">\n\t\t\t\t\t<figure>\n\t\t\t\t\t\t<img src='https:\/\/jn.travelblox.eu\/wp-content\/uploads\/sites\/44\/2025\/01\/Capture-decran-2025-01-23-a-164724.jpeg' width='458' height='521' alt='Vissen in de Rode Zee' loading='lazy' image_size='large'>\t\t\t\t\t\t\t\t\t\t\t<\/figure>\n\t\t\t\t<\/div>\n\t\t\t<\/div>\n\t\t\t\t\t<div class=\"entry\">\n\t\t\t\t<div class=\"tb-image-part\">\n\t\t\t\t\t<figure>\n\t\t\t\t\t\t<img src='https:\/\/jn.travelblox.eu\/wp-content\/uploads\/sites\/44\/2025\/01\/JORDAN_NOMADS_SJOERDBRACKE_387A9548.jpeg' width='880' height='587' alt='Hotel in Dana' loading='lazy' image_size='large'>\t\t\t\t\t\t\t\t\t\t\t<\/figure>\n\t\t\t\t<\/div>\n\t\t\t<\/div>\n\t\t\t\t\t<div class=\"entry\">\n\t\t\t\t<div class=\"tb-image-part\">\n\t\t\t\t\t<figure>\n\t\t\t\t\t\t<img src='https:\/\/jn.travelblox.eu\/wp-content\/uploads\/sites\/44\/2025\/01\/JN23_RoyMosterd_LR_4183055-1024x768.jpeg' width='1024' height='768' alt='Uitzichtpunt op de Dana-vallei' loading='lazy' image_size='large'>\t\t\t\t\t\t\t\t\t\t\t<\/figure>\n\t\t\t\t<\/div>\n\t\t\t<\/div>\n\t\t\t\t\t\t\t\t<\/div>\n\t\t\t\t\t\t<div class=\"tb-carousel-nav\">\n\t\t\t<div class=\"dots\">\n\t\t\t\t<div class=\"dot active\"><\/div>\n\t\t\t\t<div class=\"dot\"><\/div>\n\t\t\t\t<div class=\"dot\"><\/div>\n\t\t\t<\/div>\n\t\t\t<div class=\"arrows\">\n\t\t\t\t<div class=\"prev disabled\">\n\t\t\t\t\t<span><i class=\"fa fa-chevron-left\"><\/i><\/span>\n\t\t\t\t<\/div>\n\t\t\t\t<div class=\"next\">\n\t\t\t\t\t<span><i class=\"fa fa-chevron-right\"><\/i><\/span>\n\t\t\t\t<\/div>\n\t\t\t<\/div>\n\t\t<\/div>\n\t\t\t\t<\/div>\n\t\t<\/div>\n\t\t\t\t\t\t\t\t\t\t\t\t\t<\/div>\n\t\t\t\t\t\t\t\t\t\t<\/div>\n\t\t\t\t\t\t\t\t\t<\/div>\n\t\t\t\t\t\t\t\t\t\t\t<div class=\"tb-popup-nav\">\n\t\t\t<a href=\"#\" class=\"tb-buttonlink-with-icon tb-buttonlink-with-arrow icon-first tb-popup-previous\">\n\t\t\t\t<i class=\"icon fa fa-chevron-left\"><\/i>\n\t\t\t\t<span>Vorige dag<\/span>\n\t\t\t<\/a>\n\t\t\t<a href=\"#\" class=\"tb-buttonlink-with-icon tb-buttonlink-with-arrow tb-popup-next\">\n\t\t\t\t<span>Volgende dag<\/span>\n\t\t\t\t<i class=\"icon fa fa-chevron-right\"><\/i>\n\t\t\t<\/a>\n\t\t<\/div>\n\t\n\t\t\t\t\t\t\t\t<\/div>\n\t\t\t\t\t\t\t<\/dialog>\n\t\t\t\t\t\t<\/div>\n\t\t\t\t\t\t\t\t\t\t\t<div class=\"tb-card entry tb-popup-trigger tb-unfold-on-hover\">\n\t\t\t\t\t\t\t<div class=\"tb-image-part\">\n\t\t\t\t\t\t\t\t<div class=\"tag\">\n\t\t\t\t\t\t\t\t\t<div>Dag 7<\/div>\n\t\t\t\t\t\t\t\t<\/div>\n\n\t\t\t\t\t\t\t\t<img src='https:\/\/jn.travelblox.eu\/wp-content\/uploads\/sites\/44\/2026\/01\/JordanNomadsXWhereSheGoes-11Madaba13-768x1154.jpg' width='768' height='1154' alt='Madaba Straat' loading='lazy' image_size='medium_large'>\t\t\t\t\t\t\t<\/div>\n\t\t\t\t\t\t\t<div class=\"tb-card-bottom-wrapper\">\n\t\t\t\t\t\t\t\t<div class=\"tb-card-bottom\">\n\n\t\t\t\t\t\t\t\t\t<span class=\"tb-card-bottom__title\">\n\t\t\t\t\t\t\t\t\t\t<span class=\"tb-card-bottom__place\">\n\t\t\t\t\t\t\t\t\t\t\tDana\t\t\t\t\t\t\t\t\t\t\t\t\t\t\t\t\t\t\t\t\t\t\t&#8211; Madaba\t\t\t\t\t\t\t\t\t\t\t\t\t\t\t\t\t\t\t\t\t<\/span>\n\n\t\t\t\t\t\t\t\t\t<\/span>\n\t\t\t\t\t\t\t\t\t<div class=\"tb-card-bottom__content\">\n\t\t\t\t\t\t\t\t\t\t<div>\n\t\t\t\t\t\t\t\t\t\t\t\t\t\t\t\t\t\t\t\t\t\t\t<i class=\"icon fa-regular fa-car\"><\/i> 180km \u2013 2u20\t\t\t\t\t\t\t\t\t\t\t\t\t\t\t\t\t\t\t\t\t<\/div>\n\t\t\t\t\t\t\t\t\t<\/div>\n\t\t\t\t\t\t\t\t\t<div class=\"tb-card-bottom__teaser tb-unfold-on-hover__content\" data-no-translation>\n\t\t\t\t\t\t\t\t\t\t\t\t\t\t\t\t\t\t\t\t\t\t\t\t\t\t\t\t\t\tDe route van dag 7 neemt je mee naar Madaba.Voor je daar aankomt doorkruis je dorre landschappen en &#8230; <span class=\"link\">Lees meer<\/span>\t\t\t\t\t\t\t\t\t<\/div>\n\t\t\t\t\t\t\t\t<\/div>\n\n\t\t\t\t\t\t\t<\/div>\n\t\t\t\t\t\t\t<dialog class=\"tb-popup tb-popup-with-padding tb-dayschedule-popup-wrapper\">\n\t\t\t\t\t\t\t\t<div class=\"tb-dayschedule-popup\">\n\t\t\t\t\t\t\t\t\t<h5>\n\t\t\t\t\t\t\t\t\t\t\t\t\t\t\t\t\t\t\t\t\t\t\t\t\t\t\t\t\t\t\t<div>\n\t\t\t\t\t\t\t\t\t\t\t\t\t\t\t\t\t\t\t\t\t\t\t\t\tDana\t\t\t\t\t\t\t\t\t\t\t\t\t\t\t\t\t\t\t\t\t\t\t\t\t\t\t\t\t\t\t\t\t\t\t\t\t\t\t\t\t\t\t\t\t\t\t\t\t\t\t<i class=\"icon fa-solid fa-arrow-right\"><\/i> Madaba\t\t\t\t\t\t\t\t\t\t\t\t\t\t\t\t\t\t\t\t\t\t\t\t\t\t\t\t\t\t\t\t\t\t\t\t<\/div>\n\t\t\t\t\t\t\t\t\t\t\t\t\t\t\t\t\t\t\t<\/h5>\n\t\t\t\t\t\t\t\t\t<div class=\"tb-columns\">\n\t\t\t\t\t\t\t\t\t\t<div class=\"tb-column tb-column--text\">\n\t\t\t\t\t\t\t\t\t\t\t<div class=\"text-part\">\n\t\t\t\t\t\t\t\t\t\t\t\t\t\t\t\t\t\t\t\t\t\t\t\t\t<div class=\"tb-dayschedule-popup__icons\">\n\t\t\t\t\t\t\t\t\t\t\t\t\t\t\t\t\t\t\t\t\t\t\t\t\t\t\t\t\t\t\t\t\t\t\t\t\t\t\t\t\t\t\t<div class=\"tb-dayschedule-popup__icon\">\n\t\t\t\t\t\t\t\t\t\t\t\t\t\t\t\t<i class=\"icon fa-regular fa-car\"><\/i>\n\t\t\t\t\t\t\t\t\t\t\t\t\t\t\t\t<span>\n\t\t\t\t\t\t\t\t\t\t\t\t\t\t\t\t\t180km \u2013 2u20\t\t\t\t\t\t\t\t\t\t\t\t\t\t\t\t<\/span>\n\t\t\t\t\t\t\t\t\t\t\t\t\t\t\t<\/div>\n\t\t\t\t\t\t\t\t\t\t\t\t\t\t\t\t\t\t\t\t\t\t\t\t\t\t\t<\/div>\n\t\t\t\t\t\t\t\t\t\t\t\t\n\t\t\t\t\t\t\t\t\t\t\t\t\n\t\t\t\t\t\t\t\t\t\t\t\t<div>\n\t\t\t\t\t\t\t\t\t\t\t\t\t<strong>Dag 7<\/strong>\n\t\t\t\t\t\t\t\t\t\t\t\t\t\t\t<div class=\"translation-block\"><p>De route van dag 7 neemt je mee naar <strong>Madaba<\/strong>.<\/p><p>Voor je daar aankomt doorkruis je dorre landschappen en houd je even halt bij <strong>Al-Karak<\/strong>, een imposant fort dat gebouwd werd tijdens de middeleeuwen en een spectaculair uitzicht biedt op de omliggende vallei. Je stopt ook nog even bij <strong>Wadi Mujib<\/strong>, de Grand Canyon van Jordani\u00eb, en sluit vervolgens de dag af in de <strong>stad van de moza\u00efeken<\/strong>.<\/p><p><strong>Accommodatie<\/strong>:<br>Je overnacht in een comfortabel hotel met ruim terras op slechts 500m van de belangrijkste bezienswaardigheden in Madaba.<\/p><\/div>\n\t\t\t\t\t\t\t\t\t\t\t\t\t<\/div>\n\n\n\t\t\t\t\t\t\t\t\t\t\t<\/div>\n\t\t\t\t\t\t\t\t\t\t<\/div>\n\t\t\t\t\t\t\t\t\t\t<div class=\"tb-column tb-column--image\">\n\n\t\t\t\t\t\t\t\t\t\t\t<div class=\"tb-image-part\">\n\t\t\t\t\t\t\t\t\t\t\t\t\t\t\t\t<div class=\"inner-block-full-width has-tb-carousel tb-carousel-slider\" >\n\t\t\t<div class=\"tb-carousel-container\">\n\t\t\t\t<div class=\"entries tb-cards\" data-slider-first=\"0\">\n\t\t\t\t\t\t\t\t\t<div class=\"entry\">\n\t\t\t\t<div class=\"tb-image-part\">\n\t\t\t\t\t<figure>\n\t\t\t\t\t\t<img src='https:\/\/jn.travelblox.eu\/wp-content\/uploads\/sites\/44\/2026\/01\/JordanNomadsXWhereSheGoes-11Madaba13-681x1024.jpg' width='681' height='1024' alt='Madaba Straat' loading='lazy' image_size='large'>\t\t\t\t\t\t\t\t\t\t\t<\/figure>\n\t\t\t\t<\/div>\n\t\t\t<\/div>\n\t\t\t\t\t<div class=\"entry\">\n\t\t\t\t<div class=\"tb-image-part\">\n\t\t\t\t\t<figure>\n\t\t\t\t\t\t<img src='https:\/\/jn.travelblox.eu\/wp-content\/uploads\/sites\/44\/2026\/01\/JordanNomadsXWhereSheGoes-11Madaba20-681x1024.jpg' width='681' height='1024' alt='museum Madaba' loading='lazy' image_size='large'>\t\t\t\t\t\t\t\t\t\t\t<\/figure>\n\t\t\t\t<\/div>\n\t\t\t<\/div>\n\t\t\t\t\t<div class=\"entry\">\n\t\t\t\t<div class=\"tb-image-part\">\n\t\t\t\t\t<figure>\n\t\t\t\t\t\t<img src='https:\/\/jn.travelblox.eu\/wp-content\/uploads\/sites\/44\/2025\/01\/JN23_RoyMosterd_LR_4227292.jpeg' width='954' height='716' alt='Moza\u00efeken in Madaba' loading='lazy' image_size='large'>\t\t\t\t\t\t\t\t\t\t\t<\/figure>\n\t\t\t\t<\/div>\n\t\t\t<\/div>\n\t\t\t\t\t<div class=\"entry\">\n\t\t\t\t<div class=\"tb-image-part\">\n\t\t\t\t\t<figure>\n\t\t\t\t\t\t<img src='https:\/\/jn.travelblox.eu\/wp-content\/uploads\/sites\/44\/2026\/01\/461443489.jpg' width='577' height='768' alt='Madaba zwarte iris kamer' loading='lazy' image_size='large'>\t\t\t\t\t\t\t\t\t\t\t<\/figure>\n\t\t\t\t<\/div>\n\t\t\t<\/div>\n\t\t\t\t\t\t\t\t<\/div>\n\t\t\t\t\t\t<div class=\"tb-carousel-nav\">\n\t\t\t<div class=\"dots\">\n\t\t\t\t<div class=\"dot active\"><\/div>\n\t\t\t\t<div class=\"dot\"><\/div>\n\t\t\t\t<div class=\"dot\"><\/div>\n\t\t\t<\/div>\n\t\t\t<div class=\"arrows\">\n\t\t\t\t<div class=\"prev disabled\">\n\t\t\t\t\t<span><i class=\"fa fa-chevron-left\"><\/i><\/span>\n\t\t\t\t<\/div>\n\t\t\t\t<div class=\"next\">\n\t\t\t\t\t<span><i class=\"fa fa-chevron-right\"><\/i><\/span>\n\t\t\t\t<\/div>\n\t\t\t<\/div>\n\t\t<\/div>\n\t\t\t\t<\/div>\n\t\t<\/div>\n\t\t\t\t\t\t\t\t\t\t\t\t\t<\/div>\n\t\t\t\t\t\t\t\t\t\t<\/div>\n\t\t\t\t\t\t\t\t\t<\/div>\n\t\t\t\t\t\t\t\t\t\t\t<div class=\"tb-popup-nav\">\n\t\t\t<a href=\"#\" class=\"tb-buttonlink-with-icon tb-buttonlink-with-arrow icon-first tb-popup-previous\">\n\t\t\t\t<i class=\"icon fa fa-chevron-left\"><\/i>\n\t\t\t\t<span>Vorige dag<\/span>\n\t\t\t<\/a>\n\t\t\t<a href=\"#\" class=\"tb-buttonlink-with-icon tb-buttonlink-with-arrow tb-popup-next\">\n\t\t\t\t<span>Volgende dag<\/span>\n\t\t\t\t<i class=\"icon fa fa-chevron-right\"><\/i>\n\t\t\t<\/a>\n\t\t<\/div>\n\t\n\t\t\t\t\t\t\t\t<\/div>\n\t\t\t\t\t\t\t<\/dialog>\n\t\t\t\t\t\t<\/div>\n\t\t\t\t\t\t\t\t\t\t\t<div class=\"tb-card entry tb-popup-trigger tb-unfold-on-hover\">\n\t\t\t\t\t\t\t<div class=\"tb-image-part\">\n\t\t\t\t\t\t\t\t<div class=\"tag\">\n\t\t\t\t\t\t\t\t\t<div>Dag 8<\/div>\n\t\t\t\t\t\t\t\t<\/div>\n\n\t\t\t\t\t\t\t\t<img src='https:\/\/jn.travelblox.eu\/wp-content\/uploads\/sites\/44\/2025\/01\/JN23_RoyMosterd_LR_4227416-768x1024.jpeg' width='768' height='1024' alt='Auto op onverharde weg' loading='lazy' image_size='medium_large'>\t\t\t\t\t\t\t<\/div>\n\t\t\t\t\t\t\t<div class=\"tb-card-bottom-wrapper\">\n\t\t\t\t\t\t\t\t<div class=\"tb-card-bottom\">\n\n\t\t\t\t\t\t\t\t\t<span class=\"tb-card-bottom__title\">\n\t\t\t\t\t\t\t\t\t\t<span class=\"tb-card-bottom__place\">\n\t\t\t\t\t\t\t\t\t\t\tMadaba\t\t\t\t\t\t\t\t\t\t\t\t\t\t\t\t\t\t\t\t\t\t\t&#8211; Luchthaven\t\t\t\t\t\t\t\t\t\t\t\t\t\t\t\t\t\t\t\t\t<\/span>\n\n\t\t\t\t\t\t\t\t\t<\/span>\n\t\t\t\t\t\t\t\t\t<div class=\"tb-card-bottom__content\">\n\t\t\t\t\t\t\t\t\t\t<div>\n\t\t\t\t\t\t\t\t\t\t\t\t\t\t\t\t\t\t\t\t\t\t\t<i class=\"icon fa-regular fa-car\"><\/i> 20km \u2013 30min\t\t\t\t\t\t\t\t\t\t\t\t\t\t\t\t\t\t\t\t\t<\/div>\n\t\t\t\t\t\t\t\t\t<\/div>\n\t\t\t\t\t\t\t\t\t<div class=\"tb-card-bottom__teaser tb-unfold-on-hover__content\" data-no-translation>\n\t\t\t\t\t\t\t\t\t\t\t\t\t\t\t\t\t\t\t\t\t\t\t\t\t\t\t\t\t\tJe avontuur zit erop! Na je laatste overnachting met ontbijt is het tijd om terug te keren naar huis&#8230; <span class=\"link\">Lees meer<\/span>\t\t\t\t\t\t\t\t\t<\/div>\n\t\t\t\t\t\t\t\t<\/div>\n\n\t\t\t\t\t\t\t<\/div>\n\t\t\t\t\t\t\t<dialog class=\"tb-popup tb-popup-with-padding tb-dayschedule-popup-wrapper\">\n\t\t\t\t\t\t\t\t<div class=\"tb-dayschedule-popup\">\n\t\t\t\t\t\t\t\t\t<h5>\n\t\t\t\t\t\t\t\t\t\t\t\t\t\t\t\t\t\t\t\t\t\t\t\t\t\t\t\t\t\t\t<div>\n\t\t\t\t\t\t\t\t\t\t\t\t\t\t\t\t\t\t\t\t\t\t\t\t\tMadaba\t\t\t\t\t\t\t\t\t\t\t\t\t\t\t\t\t\t\t\t\t\t\t\t\t\t\t\t\t\t\t\t\t\t\t\t\t\t\t\t\t\t\t\t\t\t\t\t\t\t\t<i class=\"icon fa-solid fa-arrow-right\"><\/i> Luchthaven\t\t\t\t\t\t\t\t\t\t\t\t\t\t\t\t\t\t\t\t\t\t\t\t\t\t\t\t\t\t\t\t\t\t\t\t<\/div>\n\t\t\t\t\t\t\t\t\t\t\t\t\t\t\t\t\t\t\t<\/h5>\n\t\t\t\t\t\t\t\t\t<div class=\"tb-columns\">\n\t\t\t\t\t\t\t\t\t\t<div class=\"tb-column tb-column--text\">\n\t\t\t\t\t\t\t\t\t\t\t<div class=\"text-part\">\n\t\t\t\t\t\t\t\t\t\t\t\t\t\t\t\t\t\t\t\t\t\t\t\t\t<div class=\"tb-dayschedule-popup__icons\">\n\t\t\t\t\t\t\t\t\t\t\t\t\t\t\t\t\t\t\t\t\t\t\t\t\t\t\t\t\t\t\t\t\t\t\t\t\t\t\t\t\t\t\t<div class=\"tb-dayschedule-popup__icon\">\n\t\t\t\t\t\t\t\t\t\t\t\t\t\t\t\t<i class=\"icon fa-regular fa-car\"><\/i>\n\t\t\t\t\t\t\t\t\t\t\t\t\t\t\t\t<span>\n\t\t\t\t\t\t\t\t\t\t\t\t\t\t\t\t\t20km \u2013 30min\t\t\t\t\t\t\t\t\t\t\t\t\t\t\t\t<\/span>\n\t\t\t\t\t\t\t\t\t\t\t\t\t\t\t<\/div>\n\t\t\t\t\t\t\t\t\t\t\t\t\t\t\t\t\t\t\t\t\t\t\t\t\t\t\t<\/div>\n\t\t\t\t\t\t\t\t\t\t\t\t\n\t\t\t\t\t\t\t\t\t\t\t\t\n\t\t\t\t\t\t\t\t\t\t\t\t<div>\n\t\t\t\t\t\t\t\t\t\t\t\t\t<strong>Dag 8<\/strong>\n\t\t\t\t\t\t\t\t\t\t\t\t\t\t\t<div class=\"translation-block\"><p>Je avontuur zit erop! Na je laatste overnachting met ontbijt is het tijd om terug te keren naar huis. Je moet je auto voor 10u inleveren op de luchthaven van <strong>Amman<\/strong>.<\/p><\/div>\n\t\t\t\t\t\t\t\t\t\t\t\t\t<\/div>\n\n\n\t\t\t\t\t\t\t\t\t\t\t<\/div>\n\t\t\t\t\t\t\t\t\t\t<\/div>\n\t\t\t\t\t\t\t\t\t\t<div class=\"tb-column tb-column--image\">\n\n\t\t\t\t\t\t\t\t\t\t\t<div class=\"tb-image-part\">\n\t\t\t\t\t\t\t\t\t\t\t\t<img src='https:\/\/jn.travelblox.eu\/wp-content\/uploads\/sites\/44\/2025\/01\/JN23_RoyMosterd_LR_4227416-768x1024.jpeg' width='768' height='1024' alt='Auto op onverharde weg' loading='lazy' image_size='large'>\t\t\t\t\t\t\t\t\t\t\t<\/div>\n\t\t\t\t\t\t\t\t\t\t<\/div>\n\t\t\t\t\t\t\t\t\t<\/div>\n\t\t\t\t\t\t\t\t\t\t\t<div class=\"tb-popup-nav\">\n\t\t\t<a href=\"#\" class=\"tb-buttonlink-with-icon tb-buttonlink-with-arrow icon-first tb-popup-previous\">\n\t\t\t\t<i class=\"icon fa fa-chevron-left\"><\/i>\n\t\t\t\t<span>Vorige dag<\/span>\n\t\t\t<\/a>\n\t\t\t<a href=\"#\" class=\"tb-buttonlink-with-icon tb-buttonlink-with-arrow tb-popup-next\">\n\t\t\t\t<span>Volgende dag<\/span>\n\t\t\t\t<i class=\"icon fa fa-chevron-right\"><\/i>\n\t\t\t<\/a>\n\t\t<\/div>\n\t\n\t\t\t\t\t\t\t\t<\/div>\n\t\t\t\t\t\t\t<\/dialog>\n\t\t\t\t\t\t<\/div>\n\t\t\t\t\t\t\t\t\t\t\t\t\t\t<\/div>\n\t\t\t\t\t\t<div class=\"tb-carousel-nav\">\n\t\t\t<div class=\"dots\">\n\t\t\t\t<div class=\"dot active\"><\/div>\n\t\t\t\t<div class=\"dot\"><\/div>\n\t\t\t\t<div class=\"dot\"><\/div>\n\t\t\t<\/div>\n\t\t\t<div class=\"arrows\">\n\t\t\t\t<div class=\"prev disabled\">\n\t\t\t\t\t<span><i class=\"fa fa-chevron-left\"><\/i><\/span>\n\t\t\t\t<\/div>\n\t\t\t\t<div class=\"next\">\n\t\t\t\t\t<span><i class=\"fa fa-chevron-right\"><\/i><\/span>\n\t\t\t\t<\/div>\n\t\t\t<\/div>\n\t\t<\/div>\n\t\t\t\t<\/div>\n\t\t<\/div>\n\t\t\t\t\t\t\t\t\t\t<\/div>\n\t\n<\/div>\n\n\n<div class=\"tb-colcompare tb-block align-center background-light pattern-none variant-cards tb-collapsible-margins\" id=\"car\">\n\t<div class=\"inner-block tb-fade-in tb-fade-in--subtle\">\n\t\t<div class=\"text-part\">\n\t\t\t<h2>Je auto en overnachtingsplaatsen in Jordani\u00eb<\/h2>\n\t\t\t\t\t<div class=\"translation-block\"><\/div>\n\t\t\t<\/div>\n\t<\/div>\n\t\t\t\t\t<div class=\"inner-block-full-width has-tb-carousel tb-justified\" >\n\t\t\t<div class=\"tb-carousel-container\">\n\t\t\t\t<div class=\"entries tb-cards\" data-slider-first=\"1\">\n\t\t\t\t\t\t\t\t\t<div class=\"tb-card entry tb-fade-in tb-fade-in--subtle\">\n\t\t\t\t<div class=\"tb-image-part\">\n\t\t\t\t\t\t\t\t\t<div class=\"inner-block-full-width has-tb-carousel tb-carousel-slider\" >\n\t\t\t<div class=\"tb-carousel-container\">\n\t\t\t\t<div class=\"entries tb-cards\" data-slider-first=\"0\">\n\t\t\t\t\t\t\t\t\t<div class=\"entry\">\n\t\t\t\t<div class=\"tb-image-part\">\n\t\t\t\t\t<figure>\n\t\t\t\t\t\t<img src='https:\/\/jn.travelblox.eu\/wp-content\/uploads\/sites\/44\/2025\/01\/0H4A0931-768x960.jpeg' width='768' height='960' alt='Roadbook' loading='lazy' image_size='medium_large'>\t\t\t\t\t\t\t\t\t\t\t<\/figure>\n\t\t\t\t<\/div>\n\t\t\t<\/div>\n\t\t\t\t\t<div class=\"entry\">\n\t\t\t\t<div class=\"tb-image-part\">\n\t\t\t\t\t<figure>\n\t\t\t\t\t\t<img src='https:\/\/jn.travelblox.eu\/wp-content\/uploads\/sites\/44\/2025\/12\/6715e012-3fb1-4f11-b255-bcba904277c4-768x640.jpg' width='768' height='640' alt='Auto voor de kloof' loading='lazy' image_size='medium_large'>\t\t\t\t\t\t\t\t\t\t\t<\/figure>\n\t\t\t\t<\/div>\n\t\t\t<\/div>\n\t\t\t\t\t<div class=\"entry\">\n\t\t\t\t<div class=\"tb-image-part\">\n\t\t\t\t\t<figure>\n\t\t\t\t\t\t<img src='https:\/\/jn.travelblox.eu\/wp-content\/uploads\/sites\/44\/2025\/12\/c180007f-e3a6-418e-8837-d171f9e98b93-768x655.jpg' width='768' height='655' alt='Binnenin de auto' loading='lazy' image_size='medium_large'>\t\t\t\t\t\t\t\t\t\t\t<\/figure>\n\t\t\t\t<\/div>\n\t\t\t<\/div>\n\t\t\t\t\t\t\t\t<\/div>\n\t\t\t\t\t\t<div class=\"tb-carousel-nav\">\n\t\t\t<div class=\"dots\">\n\t\t\t\t<div class=\"dot active\"><\/div>\n\t\t\t\t<div class=\"dot\"><\/div>\n\t\t\t\t<div class=\"dot\"><\/div>\n\t\t\t<\/div>\n\t\t\t<div class=\"arrows\">\n\t\t\t\t<div class=\"prev disabled\">\n\t\t\t\t\t<span><i class=\"fa fa-chevron-left\"><\/i><\/span>\n\t\t\t\t<\/div>\n\t\t\t\t<div class=\"next\">\n\t\t\t\t\t<span><i class=\"fa fa-chevron-right\"><\/i><\/span>\n\t\t\t\t<\/div>\n\t\t\t<\/div>\n\t\t<\/div>\n\t\t\t\t<\/div>\n\t\t<\/div>\n\t\t\t\t\t\t<\/div>\n\t\t\t\t<div class=\"tb-card-content text-part\">\n\t\t\t\t\t<h5>\t\t\t\t<i class=\"icon fa-solid fa-car\" aria-hidden=\"true\"><\/i>\n\t\t\t Je auto<\/h5>\n\t\t\t\t\t\t\t<div class=\"translation-block\"><p>Je doorkruist Jordani\u00eb in een <strong>Chevrolet Captiva<\/strong>, een ruime SUV waarmee je makkelijk alle wegen kan trotseren.<\/p><p>De auto is automatisch.<\/p><p>Meer concrete informatie over de verzekeringsopties kan je terugvinden onder de rubriek <a href=\"#info\">praktische informatie<\/a><i>.<\/i><\/p><p>Om te navigeren krijg je toegang tot een exclusieve <strong>app met interactieve kaart<\/strong> en ontvang je ter plaatse nog een uitgebreid <strong>roadbook<\/strong> met de volledige route en uitleg over alle bezienswaardigheden die je onderweg zal tegenkomen.<\/p><\/div>\n\t\t\t\t\t\t<div class=\"tb-buttons-part\">\n\t\t\t\t\t\t\t\t\t\t\t<\/div>\n\t\t\t\t<\/div>\n\t\t\t<\/div>\n\t\t\t\t\t<div class=\"tb-card entry tb-fade-in tb-fade-in--subtle\">\n\t\t\t\t<div class=\"tb-image-part\">\n\t\t\t\t\t\t\t\t\t<div class=\"inner-block-full-width has-tb-carousel tb-carousel-slider\" >\n\t\t\t<div class=\"tb-carousel-container\">\n\t\t\t\t<div class=\"entries tb-cards\" data-slider-first=\"0\">\n\t\t\t\t\t\t\t\t\t<div class=\"entry\">\n\t\t\t\t<div class=\"tb-image-part\">\n\t\t\t\t\t<figure>\n\t\t\t\t\t\t<img src='https:\/\/jn.travelblox.eu\/wp-content\/uploads\/sites\/44\/2025\/01\/JN23_RoyMosterd_LR_-2-768x576.jpeg' width='768' height='576' alt='Slaapkamer in de woestijn' loading='lazy' image_size='medium_large'>\t\t\t\t\t\t\t\t\t\t\t<\/figure>\n\t\t\t\t<\/div>\n\t\t\t<\/div>\n\t\t\t\t\t<div class=\"entry\">\n\t\t\t\t<div class=\"tb-image-part\">\n\t\t\t\t\t<figure>\n\t\t\t\t\t\t<img src='https:\/\/jn.travelblox.eu\/wp-content\/uploads\/sites\/44\/2025\/11\/IMG_4237-768x576.jpg' width='768' height='576' loading='lazy' image_size='medium_large'>\t\t\t\t\t\t\t\t\t\t\t<\/figure>\n\t\t\t\t<\/div>\n\t\t\t<\/div>\n\t\t\t\t\t<div class=\"entry\">\n\t\t\t\t<div class=\"tb-image-part\">\n\t\t\t\t\t<figure>\n\t\t\t\t\t\t<img src='https:\/\/jn.travelblox.eu\/wp-content\/uploads\/sites\/44\/2025\/11\/IMG_4223-768x576.jpg' width='768' height='576' loading='lazy' image_size='medium_large'>\t\t\t\t\t\t\t\t\t\t\t<\/figure>\n\t\t\t\t<\/div>\n\t\t\t<\/div>\n\t\t\t\t\t<div class=\"entry\">\n\t\t\t\t<div class=\"tb-image-part\">\n\t\t\t\t\t<figure>\n\t\t\t\t\t\t<img src='https:\/\/jn.travelblox.eu\/wp-content\/uploads\/sites\/44\/2025\/01\/c6a04ad6-a5af-48d2-9e2f-340714994562-1.jpg' width='576' height='563' alt='Slaapkamer in Dana' loading='lazy' image_size='medium_large'>\t\t\t\t\t\t\t\t\t\t\t<\/figure>\n\t\t\t\t<\/div>\n\t\t\t<\/div>\n\t\t\t\t\t<div class=\"entry\">\n\t\t\t\t<div class=\"tb-image-part\">\n\t\t\t\t\t<figure>\n\t\t\t\t\t\t<img src='https:\/\/jn.travelblox.eu\/wp-content\/uploads\/sites\/44\/2025\/11\/IMG_3656-768x576.jpg' width='768' height='576' loading='lazy' image_size='medium_large'>\t\t\t\t\t\t\t\t\t\t\t<\/figure>\n\t\t\t\t<\/div>\n\t\t\t<\/div>\n\t\t\t\t\t<div class=\"entry\">\n\t\t\t\t<div class=\"tb-image-part\">\n\t\t\t\t\t<figure>\n\t\t\t\t\t\t<img src='https:\/\/jn.travelblox.eu\/wp-content\/uploads\/sites\/44\/2025\/12\/9f8e852f-2fa4-4fff-b32e-9a979762de28-768x960.jpg' width='768' height='960' alt='Hotel in Wadi Musa' loading='lazy' image_size='medium_large'>\t\t\t\t\t\t\t\t\t\t\t<\/figure>\n\t\t\t\t<\/div>\n\t\t\t<\/div>\n\t\t\t\t\t\t\t\t<\/div>\n\t\t\t\t\t\t<div class=\"tb-carousel-nav\">\n\t\t\t<div class=\"dots\">\n\t\t\t\t<div class=\"dot active\"><\/div>\n\t\t\t\t<div class=\"dot\"><\/div>\n\t\t\t\t<div class=\"dot\"><\/div>\n\t\t\t<\/div>\n\t\t\t<div class=\"arrows\">\n\t\t\t\t<div class=\"prev disabled\">\n\t\t\t\t\t<span><i class=\"fa fa-chevron-left\"><\/i><\/span>\n\t\t\t\t<\/div>\n\t\t\t\t<div class=\"next\">\n\t\t\t\t\t<span><i class=\"fa fa-chevron-right\"><\/i><\/span>\n\t\t\t\t<\/div>\n\t\t\t<\/div>\n\t\t<\/div>\n\t\t\t\t<\/div>\n\t\t<\/div>\n\t\t\t\t\t\t<\/div>\n\t\t\t\t<div class=\"tb-card-content text-part\">\n\t\t\t\t\t<h5>\t\t\t\t<i class=\"icon fa-solid fa-bed\" aria-hidden=\"true\"><\/i>\n\t\t\t Je overnachtingsplaatsen<\/h5>\n\t\t\t\t\t\t\t<div class=\"translation-block\"><p>Tijdens je roadtrip door Jordani\u00eb overnacht je in <strong>comfortabele hotels en lodges<\/strong> op unieke locaties, zodat je volledig tot rust kan komen na een dag vol belevenissen.<\/p><p>Het hoogtepunt van je reis zal ongetwijfeld de overnachting midden in de woestijn zijn!<br><br>We hebben in elk hotel een <strong>kamer met badkamer<\/strong> voor je gereserveerd. Verder is er elke ochtend een heerlijk, <strong>lokaal ontbijt<\/strong> voorzien!<\/p><p>Meer concrete informatie over de overnachtingsplaatsen kan je terugvinden onder de rubriek <a href=\"#route\">je reisroute door Jordani\u00eb<\/a>.<\/p><\/div>\n\t\t\t\t\t\t<div class=\"tb-buttons-part\">\n\t\t\t\t\t\t\t\t\t\t\t<\/div>\n\t\t\t\t<\/div>\n\t\t\t<\/div>\n\t\t\t\t\t\t\t\t<\/div>\n\t\t\t\t\t\t<div class=\"tb-carousel-nav\">\n\t\t\t<div class=\"dots\">\n\t\t\t\t<div class=\"dot active\"><\/div>\n\t\t\t\t<div class=\"dot\"><\/div>\n\t\t\t\t<div class=\"dot\"><\/div>\n\t\t\t<\/div>\n\t\t\t<div class=\"arrows\">\n\t\t\t\t<div class=\"prev disabled\">\n\t\t\t\t\t<span><i class=\"fa fa-chevron-left\"><\/i><\/span>\n\t\t\t\t<\/div>\n\t\t\t\t<div class=\"next\">\n\t\t\t\t\t<span><i class=\"fa fa-chevron-right\"><\/i><\/span>\n\t\t\t\t<\/div>\n\t\t\t<\/div>\n\t\t<\/div>\n\t\t\t\t<\/div>\n\t\t<\/div>\n\t\t\t\t\t<div class=\"inner-block\">\n\t\t\t<div class=\"text-part\">\n\t\t\t\t\t\t<div class=\"translation-block\"><\/div>\n\t\t\t\t\t<div class=\"tb-buttons-part\">\n\t\t\t\t\t\t\t<a href=\"#join\"  target=\"\" class=\"tb-button\">\n\t\t\tSchrijf je in vanaf \u20ac690\t\t<\/a>\n\t\t\t\t\t\t<\/div>\n\t\t\t<\/div>\n\t\t<\/div>\n\t<\/div>\n\n\n<div class=\"tb-practical tb-block align-none background-light pattern-none variant-none tb-collapsible-margins\" id=\"info\">\n\t<div class=\"inner-block tb-fade-in\">\n\t\t<div class=\"text-part\">\n\t\t\t<h2>Praktische informatie<\/h2>\n\t\t\t\t\t<div class=\"translation-block\"><\/div>\n\t\t\t<\/div>\n\t<\/div>\n\t<div class=\"inner-block tb-fade-in\">\n\t\t\t\t\t<div class=\"practical-cols\">\n\t\t\t\t<div class=\"practical-nav-container\">\n\t\t\t\t\t<ul class=\"practical-nav tb-style-block\">\n\t\t\t\t\t\t\t\t\t\t\t\t\t<li><a href=\"#info-block-0\">Beschikbaarheden<\/a><\/li>\n\t\t\t\t\t\t\t\t\t\t\t\t\t<li><a href=\"#info-block-1\">Wat is er inbegrepen? <\/a><\/li>\n\t\t\t\t\t\t\t\t\t\t\t\t\t<li><a href=\"#info-block-2\">Extra opties<\/a><\/li>\n\t\t\t\t\t\t\t\t\t\t\t\t\t<li><a href=\"#info-block-3\">Eten en drinken<\/a><\/li>\n\t\t\t\t\t\t\t\t\t\t\t\t\t<li><a href=\"#info-block-4\">FAQ's<\/a><\/li>\n\t\t\t\t\t\t\t\t\t\t\t<\/ul>\n\t\t\t\t<\/div>\n\t\t\t\t<div class=\"tb-accordion tb-accordion--animation tb-accordion-mobile-only text-part\">\n\t\t\t\t\t\t\t\t\t\t\t<div class=\"details\" id=\"info-block-0\">\n\t\t\t\t\t\t\t<div class=\"summary\">\n\t\t\t\t\t\t\t\t\t\t\t\t<i class=\"icon fa-solid fa-calendar tb-style-block\" aria-hidden=\"true\"><\/i>\n\t\t\t Beschikbaarheden\t\t\t\t\t\t\t<\/div>\n\t\t\t\t\t\t\t<div class=\"content\">\n\t\t\t\t\t\t\t\t\t\t<div class=\"translation-block\"><p>Je kan een Jordan Nomads roadtrip maken tijdens het <strong>voor- en najaar<\/strong>. Via de <a href=\"https:\/\/jordannomads.org\/nl\/#join\">kalender<\/a> onderaan de website kan je alle beschikbaarheden raadplegen.<\/p><p><strong>Voorjaar 2026<\/strong><\/p><p>De voorjaarseditie vindt plaats van <strong>25 maart tot 24 mei 2026<\/strong> en is bijna uitverkocht. <a href=\"https:\/\/jordannomads.org\/nl\/#join\">Schrijf je nu in<\/a> voor het te laat is!<\/p><p><strong>Najaar 2026<\/strong><\/p><p>De najaarseditie vindt plaats van <strong>16 september en 22 november<\/strong>. <a href=\"https:\/\/jordannomads.org\/nl\/#join\">Schrijf je nu in<\/a> voor het te laat is!<\/p><\/div>\n\t\t\t\t\t\t\t\t<\/div>\n\t\t\t\t\t\t<\/div>\n\t\t\t\t\t\t\t\t\t\t\t<div class=\"details\" id=\"info-block-1\">\n\t\t\t\t\t\t\t<div class=\"summary\">\n\t\t\t\t\t\t\t\t\t\t\t\t<i class=\"icon fa-solid fa-tag tb-style-block\" aria-hidden=\"true\"><\/i>\n\t\t\t Wat is er inbegrepen? \t\t\t\t\t\t\t<\/div>\n\t\t\t\t\t\t\t<div class=\"content\">\n\t\t\t\t\t\t\t\t\t\t<div class=\"translation-block\"><p>De <strong>basisprijs<\/strong> voor deze reis bedraagt <strong>\u20ac690<\/strong> (exclusief vluchten) per persoon. Die prijs is berekend op basis van 2 personen per auto.<\/p><p>In de basisprijs zijn de volgende zaken inbegrepen:<\/p><ul><li>Een volledig uitgeruste SUV.<\/li><li>7 overnachtingen in comfortabele hotels (inclusief ontbijt).<\/li><li>Een uitgebreid roadbook met de volledige route, uitleg over alle bezienswaardigheden en nuttige tips &amp; tricks.<\/li><li>Toegang tot een exclusieve app met allerlei informatie en een interactieve kaart.<\/li><li>Ondersteuning voor en tijdens je reis.<\/li><\/ul><\/div>\n\t\t\t\t\t\t\t\t<\/div>\n\t\t\t\t\t\t<\/div>\n\t\t\t\t\t\t\t\t\t\t\t<div class=\"details\" id=\"info-block-2\">\n\t\t\t\t\t\t\t<div class=\"summary\">\n\t\t\t\t\t\t\t\t\t\t\t\t<i class=\"icon fa-solid fa-circle-plus tb-style-block\" aria-hidden=\"true\"><\/i>\n\t\t\t Extra opties\t\t\t\t\t\t\t<\/div>\n\t\t\t\t\t\t\t<div class=\"content\">\n\t\t\t\t\t\t\t\t\t\t<div class=\"translation-block\"><p>Je kan de volgende opties toevoegen aan je reis:<\/p><ul><li><a href=\"#transport\">Heen- en retourvlucht<\/a>: vanaf \u20ac490 per persoon<\/li><li>Ruimbagage (23kg): \u20ac55 per stuk<\/li><li>CO2-compensatie van je reis naar Jordani\u00eb: \u20ac34 per persoon<\/li><li><a href=\"https:\/\/admin.travelbase.eu\/u\/source\/Nomads_Trips\/General\/DAMAGE_WAIVER\/Damage_Waiver_NL.pdf\" target=\"_blank\">Schadevrijstelling<\/a>: \u20ac259 per auto<\/li><li><a href=\"https:\/\/jordannomads.org\/nl\/travelinsurance\/\" target=\"_blank\">Reis- en bijstandsverzekering<\/a>: \u20ac49 per persoon<\/li><li><a href=\"https:\/\/static.travelbase.eu\/u\/source\/Nomads_Trips\/NOMADS_CANCELLATION_INSURANCE_NL.pdf\">Annuleringsverzekering<\/a>: \u20ac89 per persoon<\/li><li><a href=\"#activities\">Optionele activiteiten<\/a> (Turks bad, traditioneel diner, jeepsafari, snorkeltocht)<\/li><li>Jordan Pass: \u20ac114. De Jordan Pass biedt toegang tot Petra (1 dag), Wadi Rum en verschillende bezienswaardigheden in Amman en Madaba. De Jordan Pass omvat ook je <strong>visum<\/strong> voor Jordani\u00eb.<\/li><\/ul><\/div>\n\t\t\t\t\t\t\t\t<\/div>\n\t\t\t\t\t\t<\/div>\n\t\t\t\t\t\t\t\t\t\t\t<div class=\"details\" id=\"info-block-3\">\n\t\t\t\t\t\t\t<div class=\"summary\">\n\t\t\t\t\t\t\t\t\t\t\t\t<i class=\"icon fa-solid fa-utensils tb-style-block\" aria-hidden=\"true\"><\/i>\n\t\t\t Eten en drinken\t\t\t\t\t\t\t<\/div>\n\t\t\t\t\t\t\t<div class=\"content\">\n\t\t\t\t\t\t\t\t\t\t<div class=\"translation-block\"><p>Tijdens je roadtrip door Jordani\u00eb kan je elke ochtend genieten van een heerlijk, <strong>lokaal ontbijt<\/strong> op de plaats waar je overnacht hebt. In de woestijn is er ook een <strong>avondmaal<\/strong> voorzien.<\/p><p>Voor de <strong>andere maaltijden<\/strong> kan je zelf op zoek gaan naar leuke restaurants, maar in het roadbook vermelden we alvast enkele van onze favoriete adresjes, waar je kan kennismaken met de traditionele Jordaanse keuken.<\/p><p><i>Lees ook deze blog:<\/i> <a href=\"https:\/\/jordannomads.org\/nl\/5-specialites-culinaires-incontournables-de-jordanie\/\">5 traditionele gerechten die je moet proeven<\/a><\/p><\/div>\n\t\t\t\t\t\t\t\t<\/div>\n\t\t\t\t\t\t<\/div>\n\t\t\t\t\t\t\t\t\t\t\t<div class=\"details\" id=\"info-block-4\">\n\t\t\t\t\t\t\t<div class=\"summary\">\n\t\t\t\t\t\t\t\t\t\t\t\t<i class=\"icon fa-solid fa-question tb-style-block\" aria-hidden=\"true\"><\/i>\n\t\t\t FAQ's\t\t\t\t\t\t\t<\/div>\n\t\t\t\t\t\t\t<div class=\"content\">\n\t\t\t\t\t\t\t\t\t\t<div class=\"translation-block\"><p>Wil je nog meer te weten komen over deze roadtrip door Jordani\u00eb? Neem dan een kijkje tussen de <a href=\"https:\/\/jordannomads.org\/nl\/#faq\">veelgestelde vragen<\/a>.<\/p><\/div>\n\t\t\t\t\t\t\t\t<\/div>\n\t\t\t\t\t\t<\/div>\n\t\t\t\t\t\t\t\t\t<\/div>\n\t\t\t<\/div>\n\t\t\t<\/div>\n<\/div>\n\n\n\n<div class=\"tb-highlights tb-block align-center background-dark pattern-none variant-none tb-collapsible-margins\" id=\"activities\">\n\t<div class=\"inner-block tb-fade-in tb-fade-in--subtle\">\n\t\t<div class=\"text-part\">\n\t\t\t<h2>5 must-do activiteiten in Jordani\u00eb<\/h2>\n\t\t\t\t\t<div class=\"translation-block\"><p>Ben je op zoek naar wat extra beleving? Maak je reis helemaal af met \u00e9\u00e9n of meerdere optionele activiteiten!<\/p><\/div>\n\t\t\t\t\t\t<\/div>\n\t<\/div>\n\t\t\t<div class=\"tb-sections tb-fade-in tb-fade-in--subtle\">\n\t\t\t\t\t\t\t\t\t\t\t\t\t\t<div class=\"inner-block-full-width has-tb-carousel tb-section\" id=\"activities-section-0\">\n\t\t\t<div class=\"tb-carousel-container\">\n\t\t\t\t<div class=\"entries tb-cards\" data-slider-first=\"1\">\n\t\t\t\t\t\t\t\t\t\t\t\t\t\t\t<div class=\"tb-card entry tb-popup-trigger desktop-only-popup\">\n\t\t\t\t\t\t\t<div class=\"tb-image-part desktop\">\n\t\t\t\t\t\t\t\t<img src='https:\/\/jn.travelblox.eu\/wp-content\/uploads\/sites\/44\/2023\/08\/16784433431103.jpg' width='510' height='340' loading='lazy'>\t\t\t\t\t\t\t\t\t\t\t\t\t\t\t\t\t<div class=\"tag tiny-body-font\"><p>Dag 3<\/p><\/div>\t\t\t\t\t\t\t\t\t\t\t\t\t\t\t\t\t<div class=\"price tiny-body-font desktop translation-block\"><p>\u20ac35<\/p><\/div>\t\t\t\t\t\t\t<\/div>\n\t\t\t\t\t\t\t<div class=\"tb-image-part mobile\">\n\t\t\t\t\t\t\t\t\t\t\t\t<div class=\"inner-block-full-width has-tb-carousel tb-carousel-slider\" >\n\t\t\t<div class=\"tb-carousel-container\">\n\t\t\t\t<div class=\"entries tb-cards\" data-slider-first=\"0\">\n\t\t\t\t\t\t\t\t\t<div class=\"entry\">\n\t\t\t\t<div class=\"tb-image-part\">\n\t\t\t\t\t<figure>\n\t\t\t\t\t\t<img src='https:\/\/jn.travelblox.eu\/wp-content\/uploads\/sites\/44\/2023\/08\/16784433431103.jpg' width='510' height='340' loading='lazy' image_size='medium_large'>\t\t\t\t\t\t\t\t\t\t\t<\/figure>\n\t\t\t\t<\/div>\n\t\t\t<\/div>\n\t\t\t\t\t<div class=\"entry\">\n\t\t\t\t<div class=\"tb-image-part\">\n\t\t\t\t\t<figure>\n\t\t\t\t\t\t<img src='https:\/\/jn.travelblox.eu\/wp-content\/uploads\/sites\/44\/2023\/08\/16784432919226.jpg' width='600' height='500' loading='lazy' image_size='medium_large'>\t\t\t\t\t\t\t\t\t\t\t<\/figure>\n\t\t\t\t<\/div>\n\t\t\t<\/div>\n\t\t\t\t\t\t\t\t<\/div>\n\t\t\t\t\t\t<div class=\"tb-carousel-nav\">\n\t\t\t<div class=\"dots\">\n\t\t\t\t<div class=\"dot active\"><\/div>\n\t\t\t\t<div class=\"dot\"><\/div>\n\t\t\t\t<div class=\"dot\"><\/div>\n\t\t\t<\/div>\n\t\t\t<div class=\"arrows\">\n\t\t\t\t<div class=\"prev disabled\">\n\t\t\t\t\t<span><i class=\"fa fa-chevron-left\"><\/i><\/span>\n\t\t\t\t<\/div>\n\t\t\t\t<div class=\"next\">\n\t\t\t\t\t<span><i class=\"fa fa-chevron-right\"><\/i><\/span>\n\t\t\t\t<\/div>\n\t\t\t<\/div>\n\t\t<\/div>\n\t\t\t\t<\/div>\n\t\t<\/div>\n\t\t\t\t\t\t\t\t\t\t\t\t\t\t\t\t\t\t\t<div class=\"tag tiny-body-font\"><p>Dag 3<\/p><\/div>\t\t\t\t\t\t\t<\/div>\n\t\t\t\t\t\t\t<div class=\"tb-card-content\">\n\t\t\t\t\t\t\t\t<h5>\n\t\t\t\t\t\t\t\t\t\t\t\t\t\t\t\t\t\t<span>Turks bad<\/span>\n\t\t\t\t\t\t\t\t<\/h5>\n\t\t\t\t\t\t\t\t\t\t\t\t\t\t\t\t\t<div class=\"price tiny-body-font mobile\"><p>35\u20ac<\/p><\/div>\t\t\t\t\t\t\t\t<div class=\"content readmore-content content--clamped\">\t\t<div class=\"translation-block\"><p>Trakteer jezelf op een Turks bad en kom tot rust in drie verschillende fases. Eerst breng je 15 \u00e0 20 minuten door in een <strong>hamam<\/strong>. Daarna krijg je een <strong>intensieve huidverzorging<\/strong> en tot slot word je nog 10 \u00e0 15 minuten <strong>gemasseerd<\/strong>. De volledige ervaring duurt ongeveer 1u en 30 minuten.<\/p><p>Deze activiteit is afgestemd op je reisroute, zodat je nog voldoende tijd hebt om andere bezienswaardigheden te verkennen gedurende de rest van de dag.<\/p><\/div>\n\t<\/div>\n\t\t\t\t\t\t\t\t\t\t\t\t\t\t\t\t<div class=\"readmore link js-readmore\">\n\t\t\t\t\t\t\t\t\t<span><i class=\"fa-solid fa-circle-plus\"><\/i><u>Lees meer<\/u><\/span>\n\t\t\t\t\t\t\t\t\t<span><i class=\"fa-solid fa-circle-minus\"><\/i><u>Lees minder<\/u><\/span>\n\t\t\t\t\t\t\t\t<\/div>\n\t\t\t\t\t\t\t\t\t\t\t\t\t\t\t\t<dialog class=\"tb-popup\">\n\t\t\t\t\t\t\t\t\t<div class=\"tb-highlights-popup\">\n\t\t\t\t\t\t\t\t\t\t<div class=\"tb-image-part\">\n\t\t\t\t\t\t\t\t\t\t\t\t\t\t\t<div class=\"inner-block-full-width has-tb-carousel tb-carousel-slider\" >\n\t\t\t<div class=\"tb-carousel-container\">\n\t\t\t\t<div class=\"entries tb-cards\" data-slider-first=\"0\">\n\t\t\t\t\t\t\t\t\t<div class=\"entry\">\n\t\t\t\t<div class=\"tb-image-part\">\n\t\t\t\t\t<figure>\n\t\t\t\t\t\t<img src='https:\/\/jn.travelblox.eu\/wp-content\/uploads\/sites\/44\/2023\/08\/16784433431103.jpg' width='510' height='340' loading='lazy' image_size='medium_large'>\t\t\t\t\t\t\t\t\t\t\t<\/figure>\n\t\t\t\t<\/div>\n\t\t\t<\/div>\n\t\t\t\t\t<div class=\"entry\">\n\t\t\t\t<div class=\"tb-image-part\">\n\t\t\t\t\t<figure>\n\t\t\t\t\t\t<img src='https:\/\/jn.travelblox.eu\/wp-content\/uploads\/sites\/44\/2023\/08\/16784432919226.jpg' width='600' height='500' loading='lazy' image_size='medium_large'>\t\t\t\t\t\t\t\t\t\t\t<\/figure>\n\t\t\t\t<\/div>\n\t\t\t<\/div>\n\t\t\t\t\t\t\t\t<\/div>\n\t\t\t\t\t\t<div class=\"tb-carousel-nav\">\n\t\t\t<div class=\"dots\">\n\t\t\t\t<div class=\"dot active\"><\/div>\n\t\t\t\t<div class=\"dot\"><\/div>\n\t\t\t\t<div class=\"dot\"><\/div>\n\t\t\t<\/div>\n\t\t\t<div class=\"arrows\">\n\t\t\t\t<div class=\"prev disabled\">\n\t\t\t\t\t<span><i class=\"fa fa-chevron-left\"><\/i><\/span>\n\t\t\t\t<\/div>\n\t\t\t\t<div class=\"next\">\n\t\t\t\t\t<span><i class=\"fa fa-chevron-right\"><\/i><\/span>\n\t\t\t\t<\/div>\n\t\t\t<\/div>\n\t\t<\/div>\n\t\t\t\t<\/div>\n\t\t<\/div>\n\t\t\t\t\t\t\t\t\t\t\t\t<\/div>\n\t\t\t\t\t\t\t\t\t\t<div class=\"tb-popup-content\">\n\t\t\t\t\t\t\t\t\t\t\t<h5>Turks bad<\/h5>\n\t\t\t\t\t\t\t\t\t\t\t<div class=\"content\">\t\t<div class=\"translation-block\"><p>Trakteer jezelf op een Turks bad en kom tot rust in drie verschillende fases. Eerst breng je 15 \u00e0 20 minuten door in een <strong>hamam<\/strong>. Daarna krijg je een <strong>intensieve huidverzorging<\/strong> en tot slot word je nog 10 \u00e0 15 minuten <strong>gemasseerd<\/strong>. De volledige ervaring duurt ongeveer 1u en 30 minuten.<\/p><p>Deze activiteit is afgestemd op je reisroute, zodat je nog voldoende tijd hebt om andere bezienswaardigheden te verkennen gedurende de rest van de dag.<\/p><\/div>\n\t<\/div>\n\t\t\t\t\t\t\t\t\t\t<\/div>\n\t\t\t\t\t\t\t\t\t<\/div>\n\t\t\t\t\t\t\t\t<\/dialog>\n\t\t\t\t\t\t\t<\/div>\n\t\t\t\t\t\t<\/div>\n\t\t\t\t\t\t\t\t\t\t\t<div class=\"tb-card entry tb-popup-trigger desktop-only-popup\">\n\t\t\t\t\t\t\t<div class=\"tb-image-part desktop\">\n\t\t\t\t\t\t\t\t<img src='https:\/\/jn.travelblox.eu\/wp-content\/uploads\/sites\/44\/2026\/02\/1H4A5063.jpg' width='1276' height='1914' alt='Jordanese voeding, Mansaf' style='object-position:50% 50%' loading='lazy'>\t\t\t\t\t\t\t\t\t\t\t\t\t\t\t\t\t<div class=\"tag tiny-body-font\"><p>Dag 3<\/p><\/div>\t\t\t\t\t\t\t\t\t\t\t\t\t\t\t\t\t<div class=\"price tiny-body-font desktop translation-block\"><p>\u20ac21<\/p><\/div>\t\t\t\t\t\t\t<\/div>\n\t\t\t\t\t\t\t<div class=\"tb-image-part mobile\">\n\t\t\t\t\t\t\t\t<img src='https:\/\/jn.travelblox.eu\/wp-content\/uploads\/sites\/44\/2026\/02\/1H4A5063-768x1152.jpg' width='768' height='1152' alt='Jordanese voeding, Mansaf' style='object-position:50% 50%' loading='lazy' image_size='medium_large'>\t\t\t\t\t\t\t\t\t\t\t\t\t\t\t\t\t<div class=\"tag tiny-body-font\"><p>Dag 3<\/p><\/div>\t\t\t\t\t\t\t<\/div>\n\t\t\t\t\t\t\t<div class=\"tb-card-content\">\n\t\t\t\t\t\t\t\t<h5>\n\t\t\t\t\t\t\t\t\t\t\t\t\t\t\t\t\t\t<span>Traditioneel diner<\/span>\n\t\t\t\t\t\t\t\t<\/h5>\n\t\t\t\t\t\t\t\t\t\t\t\t\t\t\t\t\t<div class=\"price tiny-body-font mobile\"><p>21\u20ac<\/p><\/div>\t\t\t\t\t\t\t\t<div class=\"content readmore-content content--clamped\">\t\t<div class=\"translation-block\"><p>Wil je kennismaken met de traditionele Jordaanse keuken? Neem dan plaats aan een gedekte tafel vol <strong>lokale<\/strong> (ook vegetarische) <strong>specialiteiten<\/strong> en laat je verrassen door de authentieke smaken van de Arabische keuken.<\/p><p>Je wordt hartelijk ontvangen door een Jordaanse familie en krijgt de kans om meer te weten te komen over hun cultuur, tradities en gastvrijheid.<\/p><p>Deze activiteit is afgestemd op je reisroute, zodat je nog voldoende tijd hebt om andere bezienswaardigheden te verkennen gedurende de rest van de dag.<\/p><\/div>\n\t<\/div>\n\t\t\t\t\t\t\t\t\t\t\t\t\t\t\t\t<div class=\"readmore link js-readmore\">\n\t\t\t\t\t\t\t\t\t<span><i class=\"fa-solid fa-circle-plus\"><\/i><u>Lees meer<\/u><\/span>\n\t\t\t\t\t\t\t\t\t<span><i class=\"fa-solid fa-circle-minus\"><\/i><u>Lees minder<\/u><\/span>\n\t\t\t\t\t\t\t\t<\/div>\n\t\t\t\t\t\t\t\t\t\t\t\t\t\t\t\t<dialog class=\"tb-popup\">\n\t\t\t\t\t\t\t\t\t<div class=\"tb-highlights-popup\">\n\t\t\t\t\t\t\t\t\t\t<div class=\"tb-image-part\">\n\t\t\t\t\t\t\t\t\t\t\t<img src='https:\/\/jn.travelblox.eu\/wp-content\/uploads\/sites\/44\/2026\/02\/1H4A5063-768x1152.jpg' width='768' height='1152' alt='Jordanese voeding, Mansaf' style='object-position:50% 50%' loading='lazy' image_size='medium_large'>\t\t\t\t\t\t\t\t\t\t<\/div>\n\t\t\t\t\t\t\t\t\t\t<div class=\"tb-popup-content\">\n\t\t\t\t\t\t\t\t\t\t\t<h5>Traditioneel diner<\/h5>\n\t\t\t\t\t\t\t\t\t\t\t<div class=\"content\">\t\t<div class=\"translation-block\"><p>Wil je kennismaken met de traditionele Jordaanse keuken? Neem dan plaats aan een gedekte tafel vol <strong>lokale<\/strong> (ook vegetarische) <strong>specialiteiten<\/strong> en laat je verrassen door de authentieke smaken van de Arabische keuken.<\/p><p>Je wordt hartelijk ontvangen door een Jordaanse familie en krijgt de kans om meer te weten te komen over hun cultuur, tradities en gastvrijheid.<\/p><p>Deze activiteit is afgestemd op je reisroute, zodat je nog voldoende tijd hebt om andere bezienswaardigheden te verkennen gedurende de rest van de dag.<\/p><\/div>\n\t<\/div>\n\t\t\t\t\t\t\t\t\t\t<\/div>\n\t\t\t\t\t\t\t\t\t<\/div>\n\t\t\t\t\t\t\t\t<\/dialog>\n\t\t\t\t\t\t\t<\/div>\n\t\t\t\t\t\t<\/div>\n\t\t\t\t\t\t\t\t\t\t\t<div class=\"tb-card entry tb-popup-trigger desktop-only-popup\">\n\t\t\t\t\t\t\t<div class=\"tb-image-part desktop\">\n\t\t\t\t\t\t\t\t<img src='https:\/\/jn.travelblox.eu\/wp-content\/uploads\/sites\/44\/2025\/01\/JN23_RoyMosterd_LR_4205494.jpeg' width='1135' height='851' alt='Jeep Safari in de woestijn' loading='lazy'>\t\t\t\t\t\t\t\t\t\t\t\t\t\t\t\t\t<div class=\"tag tiny-body-font\"><p>Dag 5<\/p><\/div>\t\t\t\t\t\t\t\t\t\t\t\t\t\t\t\t\t<div class=\"price tiny-body-font desktop translation-block\"><p>\u20ac50<\/p><\/div>\t\t\t\t\t\t\t<\/div>\n\t\t\t\t\t\t\t<div class=\"tb-image-part mobile\">\n\t\t\t\t\t\t\t\t\t\t\t\t<div class=\"inner-block-full-width has-tb-carousel tb-carousel-slider\" >\n\t\t\t<div class=\"tb-carousel-container\">\n\t\t\t\t<div class=\"entries tb-cards\" data-slider-first=\"0\">\n\t\t\t\t\t\t\t\t\t<div class=\"entry\">\n\t\t\t\t<div class=\"tb-image-part\">\n\t\t\t\t\t<figure>\n\t\t\t\t\t\t<img src='https:\/\/jn.travelblox.eu\/wp-content\/uploads\/sites\/44\/2025\/01\/JN23_RoyMosterd_LR_4205494-768x576.jpeg' width='768' height='576' alt='Jeep Safari in de woestijn' loading='lazy' image_size='medium_large'>\t\t\t\t\t\t\t\t\t\t\t<\/figure>\n\t\t\t\t<\/div>\n\t\t\t<\/div>\n\t\t\t\t\t<div class=\"entry\">\n\t\t\t\t<div class=\"tb-image-part\">\n\t\t\t\t\t<figure>\n\t\t\t\t\t\t<img src='https:\/\/jn.travelblox.eu\/wp-content\/uploads\/sites\/44\/2025\/01\/Copy-of-DSC00985-768x512.jpeg' width='768' height='512' alt='Groep die een jeepsafari in de woestijn doet' loading='lazy' image_size='medium_large'>\t\t\t\t\t\t\t\t\t\t\t<\/figure>\n\t\t\t\t<\/div>\n\t\t\t<\/div>\n\t\t\t\t\t\t\t\t<\/div>\n\t\t\t\t\t\t<div class=\"tb-carousel-nav\">\n\t\t\t<div class=\"dots\">\n\t\t\t\t<div class=\"dot active\"><\/div>\n\t\t\t\t<div class=\"dot\"><\/div>\n\t\t\t\t<div class=\"dot\"><\/div>\n\t\t\t<\/div>\n\t\t\t<div class=\"arrows\">\n\t\t\t\t<div class=\"prev disabled\">\n\t\t\t\t\t<span><i class=\"fa fa-chevron-left\"><\/i><\/span>\n\t\t\t\t<\/div>\n\t\t\t\t<div class=\"next\">\n\t\t\t\t\t<span><i class=\"fa fa-chevron-right\"><\/i><\/span>\n\t\t\t\t<\/div>\n\t\t\t<\/div>\n\t\t<\/div>\n\t\t\t\t<\/div>\n\t\t<\/div>\n\t\t\t\t\t\t\t\t\t\t\t\t\t\t\t\t\t\t\t<div class=\"tag tiny-body-font\"><p>Dag 5<\/p><\/div>\t\t\t\t\t\t\t<\/div>\n\t\t\t\t\t\t\t<div class=\"tb-card-content\">\n\t\t\t\t\t\t\t\t<h5>\n\t\t\t\t\t\t\t\t\t\t\t\t\t\t\t\t\t\t<span>Jeep Safari in de woestijn<\/span>\n\t\t\t\t\t\t\t\t<\/h5>\n\t\t\t\t\t\t\t\t\t\t\t\t\t\t\t\t\t<div class=\"price tiny-body-font mobile\"><p>50\u20ac<\/p><\/div>\t\t\t\t\t\t\t\t<div class=\"content readmore-content content--clamped\">\t\t<div class=\"translation-block\"><p>De Wadi Rum woestijn staat bekend om zijn oranjekleurige zand en indrukwekkende rotsformaties.<\/p><p>De woestijn beslaat een immense oppervlakte en de beste manier om er op verkenning te gaan is met een lokale gids, omdat je er zelf niet mag rijden en zou kunnen verdwalen.<\/p><p>Tijdens een 6u lange <strong>jeepsafari<\/strong>, neemt een lokale gids je mee naar de mooiste plekjes en kom je meer te weten over de geschiedenis van de woestijn. Over de middag is er een lichte <strong>lunch<\/strong> voorzien bij \u00e9\u00e9n van de indrukwekkende uitzichtpunten.<\/p><p>Deze activiteit is afgestemd op je reisroute, zodat je nog voldoende tijd hebt om andere bezienswaardigheden te verkennen gedurende de rest van de dag.<\/p><p><i>Lees ook deze blog:<\/i> <a href=\"https:\/\/jordannomads.org\/nl\/top-4-activiteiten-in-de-wadi-rum-woestijn-van-jordanie\/\" target=\"_blank\">top 4 activiteiten in de Wadi Rum woestijn van Jordani\u00eb<\/a><\/p><\/div>\n\t<\/div>\n\t\t\t\t\t\t\t\t\t\t\t\t\t\t\t\t<div class=\"readmore link js-readmore\">\n\t\t\t\t\t\t\t\t\t<span><i class=\"fa-solid fa-circle-plus\"><\/i><u>Lees meer<\/u><\/span>\n\t\t\t\t\t\t\t\t\t<span><i class=\"fa-solid fa-circle-minus\"><\/i><u>Lees minder<\/u><\/span>\n\t\t\t\t\t\t\t\t<\/div>\n\t\t\t\t\t\t\t\t\t\t\t\t\t\t\t\t<dialog class=\"tb-popup\">\n\t\t\t\t\t\t\t\t\t<div class=\"tb-highlights-popup\">\n\t\t\t\t\t\t\t\t\t\t<div class=\"tb-image-part\">\n\t\t\t\t\t\t\t\t\t\t\t\t\t\t\t<div class=\"inner-block-full-width has-tb-carousel tb-carousel-slider\" >\n\t\t\t<div class=\"tb-carousel-container\">\n\t\t\t\t<div class=\"entries tb-cards\" data-slider-first=\"0\">\n\t\t\t\t\t\t\t\t\t<div class=\"entry\">\n\t\t\t\t<div class=\"tb-image-part\">\n\t\t\t\t\t<figure>\n\t\t\t\t\t\t<img src='https:\/\/jn.travelblox.eu\/wp-content\/uploads\/sites\/44\/2025\/01\/JN23_RoyMosterd_LR_4205494-768x576.jpeg' width='768' height='576' alt='Jeep Safari in de woestijn' loading='lazy' image_size='medium_large'>\t\t\t\t\t\t\t\t\t\t\t<\/figure>\n\t\t\t\t<\/div>\n\t\t\t<\/div>\n\t\t\t\t\t<div class=\"entry\">\n\t\t\t\t<div class=\"tb-image-part\">\n\t\t\t\t\t<figure>\n\t\t\t\t\t\t<img src='https:\/\/jn.travelblox.eu\/wp-content\/uploads\/sites\/44\/2025\/01\/Copy-of-DSC00985-768x512.jpeg' width='768' height='512' alt='Groep die een jeepsafari in de woestijn doet' loading='lazy' image_size='medium_large'>\t\t\t\t\t\t\t\t\t\t\t<\/figure>\n\t\t\t\t<\/div>\n\t\t\t<\/div>\n\t\t\t\t\t\t\t\t<\/div>\n\t\t\t\t\t\t<div class=\"tb-carousel-nav\">\n\t\t\t<div class=\"dots\">\n\t\t\t\t<div class=\"dot active\"><\/div>\n\t\t\t\t<div class=\"dot\"><\/div>\n\t\t\t\t<div class=\"dot\"><\/div>\n\t\t\t<\/div>\n\t\t\t<div class=\"arrows\">\n\t\t\t\t<div class=\"prev disabled\">\n\t\t\t\t\t<span><i class=\"fa fa-chevron-left\"><\/i><\/span>\n\t\t\t\t<\/div>\n\t\t\t\t<div class=\"next\">\n\t\t\t\t\t<span><i class=\"fa fa-chevron-right\"><\/i><\/span>\n\t\t\t\t<\/div>\n\t\t\t<\/div>\n\t\t<\/div>\n\t\t\t\t<\/div>\n\t\t<\/div>\n\t\t\t\t\t\t\t\t\t\t\t\t<\/div>\n\t\t\t\t\t\t\t\t\t\t<div class=\"tb-popup-content\">\n\t\t\t\t\t\t\t\t\t\t\t<h5>Jeep Safari in de woestijn<\/h5>\n\t\t\t\t\t\t\t\t\t\t\t<div class=\"content\">\t\t<div class=\"translation-block\"><p>De Wadi Rum woestijn staat bekend om zijn oranjekleurige zand en indrukwekkende rotsformaties.<\/p><p>De woestijn beslaat een immense oppervlakte en de beste manier om er op verkenning te gaan is met een lokale gids, omdat je er zelf niet mag rijden en zou kunnen verdwalen.<\/p><p>Tijdens een 6u lange <strong>jeepsafari<\/strong>, neemt een lokale gids je mee naar de mooiste plekjes en kom je meer te weten over de geschiedenis van de woestijn. Over de middag is er een lichte <strong>lunch<\/strong> voorzien bij \u00e9\u00e9n van de indrukwekkende uitzichtpunten.<\/p><p>Deze activiteit is afgestemd op je reisroute, zodat je nog voldoende tijd hebt om andere bezienswaardigheden te verkennen gedurende de rest van de dag.<\/p><p><i>Lees ook deze blog:<\/i> <a href=\"https:\/\/jordannomads.org\/nl\/top-4-activiteiten-in-de-wadi-rum-woestijn-van-jordanie\/\" target=\"_blank\">top 4 activiteiten in de Wadi Rum woestijn van Jordani\u00eb<\/a><\/p><\/div>\n\t<\/div>\n\t\t\t\t\t\t\t\t\t\t<\/div>\n\t\t\t\t\t\t\t\t\t<\/div>\n\t\t\t\t\t\t\t\t<\/dialog>\n\t\t\t\t\t\t\t<\/div>\n\t\t\t\t\t\t<\/div>\n\t\t\t\t\t\t\t\t\t\t\t<div class=\"tb-card entry tb-popup-trigger desktop-only-popup\">\n\t\t\t\t\t\t\t<div class=\"tb-image-part desktop\">\n\t\t\t\t\t\t\t\t<img src='https:\/\/jn.travelblox.eu\/wp-content\/uploads\/sites\/44\/2026\/02\/IMG_9813-Edited-scaled.jpg' width='2560' height='2149' alt='Sandboarden in Wadi Rum' loading='lazy'>\t\t\t\t\t\t\t\t\t\t\t\t\t\t\t\t\t<div class=\"tag tiny-body-font\"><p>Dag 5<\/p><\/div>\t\t\t\t\t\t\t\t\t\t\t\t\t\t\t\t\t<div class=\"price tiny-body-font desktop translation-block\"><p>Gratis<\/p><\/div>\t\t\t\t\t\t\t<\/div>\n\t\t\t\t\t\t\t<div class=\"tb-image-part mobile\">\n\t\t\t\t\t\t\t\t\t\t\t\t<div class=\"inner-block-full-width has-tb-carousel tb-carousel-slider\" >\n\t\t\t<div class=\"tb-carousel-container\">\n\t\t\t\t<div class=\"entries tb-cards\" data-slider-first=\"0\">\n\t\t\t\t\t\t\t\t\t<div class=\"entry\">\n\t\t\t\t<div class=\"tb-image-part\">\n\t\t\t\t\t<figure>\n\t\t\t\t\t\t<img src='https:\/\/jn.travelblox.eu\/wp-content\/uploads\/sites\/44\/2026\/02\/IMG_9813-Edited-768x645.jpg' width='768' height='645' alt='Sandboarden in Wadi Rum' loading='lazy' image_size='medium_large'>\t\t\t\t\t\t\t\t\t\t\t<\/figure>\n\t\t\t\t<\/div>\n\t\t\t<\/div>\n\t\t\t\t\t<div class=\"entry\">\n\t\t\t\t<div class=\"tb-image-part\">\n\t\t\t\t\t<figure>\n\t\t\t\t\t\t<img src='https:\/\/jn.travelblox.eu\/wp-content\/uploads\/sites\/44\/2025\/02\/pexels-ramon-hernandez-243129494-30296716-768x960.jpeg' width='768' height='960' loading='lazy' image_size='medium_large'>\t\t\t\t\t\t\t\t\t\t\t<\/figure>\n\t\t\t\t<\/div>\n\t\t\t<\/div>\n\t\t\t\t\t\t\t\t<\/div>\n\t\t\t\t\t\t<div class=\"tb-carousel-nav\">\n\t\t\t<div class=\"dots\">\n\t\t\t\t<div class=\"dot active\"><\/div>\n\t\t\t\t<div class=\"dot\"><\/div>\n\t\t\t\t<div class=\"dot\"><\/div>\n\t\t\t<\/div>\n\t\t\t<div class=\"arrows\">\n\t\t\t\t<div class=\"prev disabled\">\n\t\t\t\t\t<span><i class=\"fa fa-chevron-left\"><\/i><\/span>\n\t\t\t\t<\/div>\n\t\t\t\t<div class=\"next\">\n\t\t\t\t\t<span><i class=\"fa fa-chevron-right\"><\/i><\/span>\n\t\t\t\t<\/div>\n\t\t\t<\/div>\n\t\t<\/div>\n\t\t\t\t<\/div>\n\t\t<\/div>\n\t\t\t\t\t\t\t\t\t\t\t\t\t\t\t\t\t\t\t<div class=\"tag tiny-body-font\"><p>Dag 5<\/p><\/div>\t\t\t\t\t\t\t<\/div>\n\t\t\t\t\t\t\t<div class=\"tb-card-content\">\n\t\t\t\t\t\t\t\t<h5>\n\t\t\t\t\t\t\t\t\t\t\t\t\t\t\t\t\t\t<span>Sandboarding in Wadi Rum<\/span>\n\t\t\t\t\t\t\t\t<\/h5>\n\t\t\t\t\t\t\t\t\t\t\t\t\t\t\t\t\t<div class=\"price tiny-body-font mobile\"><p>Gratis<\/p><\/div>\t\t\t\t\t\t\t\t<div class=\"content readmore-content content--clamped\">\t\t<div class=\"translation-block\"><p>Glijd over de duinen van Wadi Rum woestijn tijdens een onvergetelijke <strong>sandboardsessie<\/strong>.<\/p><p>Deze activiteit is afgestemd op je reisroute, zodat je nog voldoende tijd hebt om andere bezienswaardigheden te verkennen gedurende de rest van de dag.<\/p><\/div>\n\t<\/div>\n\t\t\t\t\t\t\t\t\t\t\t\t\t\t\t\t<div class=\"readmore link js-readmore\">\n\t\t\t\t\t\t\t\t\t<span><i class=\"fa-solid fa-circle-plus\"><\/i><u>Lees meer<\/u><\/span>\n\t\t\t\t\t\t\t\t\t<span><i class=\"fa-solid fa-circle-minus\"><\/i><u>Lees minder<\/u><\/span>\n\t\t\t\t\t\t\t\t<\/div>\n\t\t\t\t\t\t\t\t\t\t\t\t\t\t\t\t<dialog class=\"tb-popup\">\n\t\t\t\t\t\t\t\t\t<div class=\"tb-highlights-popup\">\n\t\t\t\t\t\t\t\t\t\t<div class=\"tb-image-part\">\n\t\t\t\t\t\t\t\t\t\t\t\t\t\t\t<div class=\"inner-block-full-width has-tb-carousel tb-carousel-slider\" >\n\t\t\t<div class=\"tb-carousel-container\">\n\t\t\t\t<div class=\"entries tb-cards\" data-slider-first=\"0\">\n\t\t\t\t\t\t\t\t\t<div class=\"entry\">\n\t\t\t\t<div class=\"tb-image-part\">\n\t\t\t\t\t<figure>\n\t\t\t\t\t\t<img src='https:\/\/jn.travelblox.eu\/wp-content\/uploads\/sites\/44\/2026\/02\/IMG_9813-Edited-768x645.jpg' width='768' height='645' alt='Sandboarden in Wadi Rum' loading='lazy' image_size='medium_large'>\t\t\t\t\t\t\t\t\t\t\t<\/figure>\n\t\t\t\t<\/div>\n\t\t\t<\/div>\n\t\t\t\t\t<div class=\"entry\">\n\t\t\t\t<div class=\"tb-image-part\">\n\t\t\t\t\t<figure>\n\t\t\t\t\t\t<img src='https:\/\/jn.travelblox.eu\/wp-content\/uploads\/sites\/44\/2025\/02\/pexels-ramon-hernandez-243129494-30296716-768x960.jpeg' width='768' height='960' loading='lazy' image_size='medium_large'>\t\t\t\t\t\t\t\t\t\t\t<\/figure>\n\t\t\t\t<\/div>\n\t\t\t<\/div>\n\t\t\t\t\t\t\t\t<\/div>\n\t\t\t\t\t\t<div class=\"tb-carousel-nav\">\n\t\t\t<div class=\"dots\">\n\t\t\t\t<div class=\"dot active\"><\/div>\n\t\t\t\t<div class=\"dot\"><\/div>\n\t\t\t\t<div class=\"dot\"><\/div>\n\t\t\t<\/div>\n\t\t\t<div class=\"arrows\">\n\t\t\t\t<div class=\"prev disabled\">\n\t\t\t\t\t<span><i class=\"fa fa-chevron-left\"><\/i><\/span>\n\t\t\t\t<\/div>\n\t\t\t\t<div class=\"next\">\n\t\t\t\t\t<span><i class=\"fa fa-chevron-right\"><\/i><\/span>\n\t\t\t\t<\/div>\n\t\t\t<\/div>\n\t\t<\/div>\n\t\t\t\t<\/div>\n\t\t<\/div>\n\t\t\t\t\t\t\t\t\t\t\t\t<\/div>\n\t\t\t\t\t\t\t\t\t\t<div class=\"tb-popup-content\">\n\t\t\t\t\t\t\t\t\t\t\t<h5>Sandboarding in Wadi Rum<\/h5>\n\t\t\t\t\t\t\t\t\t\t\t<div class=\"content\">\t\t<div class=\"translation-block\"><p>Glijd over de duinen van Wadi Rum woestijn tijdens een onvergetelijke <strong>sandboardsessie<\/strong>.<\/p><p>Deze activiteit is afgestemd op je reisroute, zodat je nog voldoende tijd hebt om andere bezienswaardigheden te verkennen gedurende de rest van de dag.<\/p><\/div>\n\t<\/div>\n\t\t\t\t\t\t\t\t\t\t<\/div>\n\t\t\t\t\t\t\t\t\t<\/div>\n\t\t\t\t\t\t\t\t<\/dialog>\n\t\t\t\t\t\t\t<\/div>\n\t\t\t\t\t\t<\/div>\n\t\t\t\t\t\t\t\t\t\t\t<div class=\"tb-card entry tb-popup-trigger desktop-only-popup\">\n\t\t\t\t\t\t\t<div class=\"tb-image-part desktop\">\n\t\t\t\t\t\t\t\t<img src='https:\/\/jn.travelblox.eu\/wp-content\/uploads\/sites\/44\/2025\/01\/WhatsApp-Image-2024-11-15-at-132014.jpeg' width='750' height='1000' alt='Snorkelen in Aqaba' loading='lazy'>\t\t\t\t\t\t\t\t\t\t\t\t\t\t\t\t\t<div class=\"tag tiny-body-font\"><p>Dag 6<\/p><\/div>\t\t\t\t\t\t\t\t\t\t\t\t\t\t\t\t\t<div class=\"price tiny-body-font desktop translation-block\"><p>\u20ac35<\/p><\/div>\t\t\t\t\t\t\t<\/div>\n\t\t\t\t\t\t\t<div class=\"tb-image-part mobile\">\n\t\t\t\t\t\t\t\t\t\t\t\t<div class=\"inner-block-full-width has-tb-carousel tb-carousel-slider\" >\n\t\t\t<div class=\"tb-carousel-container\">\n\t\t\t\t<div class=\"entries tb-cards\" data-slider-first=\"0\">\n\t\t\t\t\t\t\t\t\t<div class=\"entry\">\n\t\t\t\t<div class=\"tb-image-part\">\n\t\t\t\t\t<figure>\n\t\t\t\t\t\t<img src='https:\/\/jn.travelblox.eu\/wp-content\/uploads\/sites\/44\/2025\/01\/WhatsApp-Image-2024-11-15-at-132014.jpeg' width='750' height='1000' alt='Snorkelen in Aqaba' loading='lazy' image_size='medium_large'>\t\t\t\t\t\t\t\t\t\t\t<\/figure>\n\t\t\t\t<\/div>\n\t\t\t<\/div>\n\t\t\t\t\t<div class=\"entry\">\n\t\t\t\t<div class=\"tb-image-part\">\n\t\t\t\t\t<figure>\n\t\t\t\t\t\t<img src='https:\/\/jn.travelblox.eu\/wp-content\/uploads\/sites\/44\/2025\/02\/neom-WLeWJW_WneE-unsplash.jpeg' width='680' height='453' loading='lazy' image_size='medium_large'>\t\t\t\t\t\t\t\t\t\t\t<\/figure>\n\t\t\t\t<\/div>\n\t\t\t<\/div>\n\t\t\t\t\t\t\t\t<\/div>\n\t\t\t\t\t\t<div class=\"tb-carousel-nav\">\n\t\t\t<div class=\"dots\">\n\t\t\t\t<div class=\"dot active\"><\/div>\n\t\t\t\t<div class=\"dot\"><\/div>\n\t\t\t\t<div class=\"dot\"><\/div>\n\t\t\t<\/div>\n\t\t\t<div class=\"arrows\">\n\t\t\t\t<div class=\"prev disabled\">\n\t\t\t\t\t<span><i class=\"fa fa-chevron-left\"><\/i><\/span>\n\t\t\t\t<\/div>\n\t\t\t\t<div class=\"next\">\n\t\t\t\t\t<span><i class=\"fa fa-chevron-right\"><\/i><\/span>\n\t\t\t\t<\/div>\n\t\t\t<\/div>\n\t\t<\/div>\n\t\t\t\t<\/div>\n\t\t<\/div>\n\t\t\t\t\t\t\t\t\t\t\t\t\t\t\t\t\t\t\t<div class=\"tag tiny-body-font\"><p>Dag 6<\/p><\/div>\t\t\t\t\t\t\t<\/div>\n\t\t\t\t\t\t\t<div class=\"tb-card-content\">\n\t\t\t\t\t\t\t\t<h5>\n\t\t\t\t\t\t\t\t\t\t\t\t\t\t\t\t\t\t<span>Snorkeltocht in de Rode Zee<\/span>\n\t\t\t\t\t\t\t\t<\/h5>\n\t\t\t\t\t\t\t\t\t\t\t\t\t\t\t\t\t<div class=\"price tiny-body-font mobile\"><p>35\u20ac<\/p><\/div>\t\t\t\t\t\t\t\t<div class=\"content readmore-content content--clamped\">\t\t<div class=\"translation-block\"><p>De <strong>Golf van Aqaba<\/strong> is wereldberoemd om haar biodiversiteit en een snorkeltocht is de ideale manier om al dat moois te bewonderen. Trek een wetsuit aan, zet een duikbril op en maak je klaar om 2u lang op ontdekking te gaan met een Engelstalige gids.<\/p><p>De prijs is inclusief foto's en video's die de gids met een GoPro maakt.<\/p><p>Deze activiteit is afgestemd op je reisroute, zodat je nog voldoende tijd hebt om andere bezienswaardigheden te verkennen gedurende de rest van de dag.<\/p><p><strong>Deelnamevoorwaarden<\/strong>:<\/p><ul><li>De minimumleeftijd is 12 jaar.<\/li><li>Je moet zelfstandig kunnen zwemmen.<\/li><li>Een basiskennis van het Engels is vereist om de veiligheidsinstructies te kunnen begrijpen<\/li><\/ul><\/div>\n\t<\/div>\n\t\t\t\t\t\t\t\t\t\t\t\t\t\t\t\t<div class=\"readmore link js-readmore\">\n\t\t\t\t\t\t\t\t\t<span><i class=\"fa-solid fa-circle-plus\"><\/i><u>Lees meer<\/u><\/span>\n\t\t\t\t\t\t\t\t\t<span><i class=\"fa-solid fa-circle-minus\"><\/i><u>Lees minder<\/u><\/span>\n\t\t\t\t\t\t\t\t<\/div>\n\t\t\t\t\t\t\t\t\t\t\t\t\t\t\t\t<dialog class=\"tb-popup\">\n\t\t\t\t\t\t\t\t\t<div class=\"tb-highlights-popup\">\n\t\t\t\t\t\t\t\t\t\t<div class=\"tb-image-part\">\n\t\t\t\t\t\t\t\t\t\t\t\t\t\t\t<div class=\"inner-block-full-width has-tb-carousel tb-carousel-slider\" >\n\t\t\t<div class=\"tb-carousel-container\">\n\t\t\t\t<div class=\"entries tb-cards\" data-slider-first=\"0\">\n\t\t\t\t\t\t\t\t\t<div class=\"entry\">\n\t\t\t\t<div class=\"tb-image-part\">\n\t\t\t\t\t<figure>\n\t\t\t\t\t\t<img src='https:\/\/jn.travelblox.eu\/wp-content\/uploads\/sites\/44\/2025\/01\/WhatsApp-Image-2024-11-15-at-132014.jpeg' width='750' height='1000' alt='Snorkelen in Aqaba' loading='lazy' image_size='medium_large'>\t\t\t\t\t\t\t\t\t\t\t<\/figure>\n\t\t\t\t<\/div>\n\t\t\t<\/div>\n\t\t\t\t\t<div class=\"entry\">\n\t\t\t\t<div class=\"tb-image-part\">\n\t\t\t\t\t<figure>\n\t\t\t\t\t\t<img src='https:\/\/jn.travelblox.eu\/wp-content\/uploads\/sites\/44\/2025\/02\/neom-WLeWJW_WneE-unsplash.jpeg' width='680' height='453' loading='lazy' image_size='medium_large'>\t\t\t\t\t\t\t\t\t\t\t<\/figure>\n\t\t\t\t<\/div>\n\t\t\t<\/div>\n\t\t\t\t\t\t\t\t<\/div>\n\t\t\t\t\t\t<div class=\"tb-carousel-nav\">\n\t\t\t<div class=\"dots\">\n\t\t\t\t<div class=\"dot active\"><\/div>\n\t\t\t\t<div class=\"dot\"><\/div>\n\t\t\t\t<div class=\"dot\"><\/div>\n\t\t\t<\/div>\n\t\t\t<div class=\"arrows\">\n\t\t\t\t<div class=\"prev disabled\">\n\t\t\t\t\t<span><i class=\"fa fa-chevron-left\"><\/i><\/span>\n\t\t\t\t<\/div>\n\t\t\t\t<div class=\"next\">\n\t\t\t\t\t<span><i class=\"fa fa-chevron-right\"><\/i><\/span>\n\t\t\t\t<\/div>\n\t\t\t<\/div>\n\t\t<\/div>\n\t\t\t\t<\/div>\n\t\t<\/div>\n\t\t\t\t\t\t\t\t\t\t\t\t<\/div>\n\t\t\t\t\t\t\t\t\t\t<div class=\"tb-popup-content\">\n\t\t\t\t\t\t\t\t\t\t\t<h5>Snorkeltocht in de Rode Zee<\/h5>\n\t\t\t\t\t\t\t\t\t\t\t<div class=\"content\">\t\t<div class=\"translation-block\"><p>De <strong>Golf van Aqaba<\/strong> is wereldberoemd om haar biodiversiteit en een snorkeltocht is de ideale manier om al dat moois te bewonderen. Trek een wetsuit aan, zet een duikbril op en maak je klaar om 2u lang op ontdekking te gaan met een Engelstalige gids.<\/p><p>De prijs is inclusief foto's en video's die de gids met een GoPro maakt.<\/p><p>Deze activiteit is afgestemd op je reisroute, zodat je nog voldoende tijd hebt om andere bezienswaardigheden te verkennen gedurende de rest van de dag.<\/p><p><strong>Deelnamevoorwaarden<\/strong>:<\/p><ul><li>De minimumleeftijd is 12 jaar.<\/li><li>Je moet zelfstandig kunnen zwemmen.<\/li><li>Een basiskennis van het Engels is vereist om de veiligheidsinstructies te kunnen begrijpen<\/li><\/ul><\/div>\n\t<\/div>\n\t\t\t\t\t\t\t\t\t\t<\/div>\n\t\t\t\t\t\t\t\t\t<\/div>\n\t\t\t\t\t\t\t\t<\/dialog>\n\t\t\t\t\t\t\t<\/div>\n\t\t\t\t\t\t<\/div>\n\t\t\t\t\t\t\t\t\t\t\t\t\t\t<\/div>\n\t\t\t\t\t\t<div class=\"tb-carousel-nav\">\n\t\t\t<div class=\"dots\">\n\t\t\t\t<div class=\"dot active\"><\/div>\n\t\t\t\t<div class=\"dot\"><\/div>\n\t\t\t\t<div class=\"dot\"><\/div>\n\t\t\t<\/div>\n\t\t\t<div class=\"arrows\">\n\t\t\t\t<div class=\"prev disabled\">\n\t\t\t\t\t<span><i class=\"fa fa-chevron-left\"><\/i><\/span>\n\t\t\t\t<\/div>\n\t\t\t\t<div class=\"next\">\n\t\t\t\t\t<span><i class=\"fa fa-chevron-right\"><\/i><\/span>\n\t\t\t\t<\/div>\n\t\t\t<\/div>\n\t\t<\/div>\n\t\t\t\t<\/div>\n\t\t<\/div>\n\t\t\t\t\t\t\t\t\t\t<\/div>\n\t\t<\/div>\n\n\n<div class=\"tb-howtogetthere tb-block align-none background-light pattern-none variant-none tb-collapsible-margins\" id=\"transport\">\n\t<div class=\"inner-block tb-fade-in tb-fade-in--subtle\">\n\t\t<div class=\"text-part\">\n\t\t\t<h2>Waar word je verwacht en hoe geraak je ter plaatse?<\/h2>\n\t\t\t\t\t<div class=\"translation-block\"><p>Je reis begint in <strong>Amman<\/strong>.<\/p><p>We verwachten je de eerste dag vanaf 18u op de luchthaven om je auto op te halen.<\/p><p>Er zijn verschillende opties om ter plaatse te geraken. Zo kan je ervoor kiezen om je vluchten via ons te boeken of je eigen vluchten te boeken.<\/p><\/div>\n\t\t\t\t\t\t\t\t<div class=\"select-part\">\n\t\t\t\t\t<label>Reizen vanuit<\/label>\n\t\t\t\t\t<select>\n\t\t\t\t\t\t\t\t\t\t\t\t\t<option value=\"0\" data-section=\"transport-section-0\">\ud83c\udde7\ud83c\uddea Belgi\u00eb<\/option>\n\t\t\t\t\t\t\t\t\t\t\t\t\t<option value=\"1\" data-section=\"transport-section-1\">\ud83c\uddeb\ud83c\uddf7 Frankrijk<\/option>\n\t\t\t\t\t\t\t\t\t\t\t\t\t<option value=\"2\" data-section=\"transport-section-2\">\ud83c\uddf3\ud83c\uddf1 Nederland<\/option>\n\t\t\t\t\t\t\t\t\t\t\t\t\t<option value=\"3\" data-section=\"transport-section-3\">\ud83c\udde9\ud83c\uddea Duitsland<\/option>\n\t\t\t\t\t\t\t\t\t\t\t<\/select>\n\t\t\t\t<\/div>\n\t\t\t\t\t<\/div>\n\t<\/div>\n\t\t\t<div class=\"inner-block tb-fade-in tb-fade-in--subtle\">\n\t\t\t\t\t\t\t<div class=\"tb-sections\">\n\t\t\t\t\t\t\t\t\t\t\t\t\t\t\t\t\t\t<div class=\"tb-section entries\" id=\"transport-section-0\">\n\t\t\t\t\t\t\t\t\t\t\t\t\t\t\t\t\t<div class=\"entry\">\n\t\t\t\t\t\t\t\t\t\t\t\t\t\t<i class=\"icon fa-solid fa-plane\" aria-hidden=\"true\"><\/i>\n\t\t\t\t\t\t\t\t\t\t\t\t\t<div class=\"text-part\">\n\t\t\t\t\t\t\t\t\t\t\t<h4>Vluchten<\/h4>\n\t\t\t\t\t\t\t\t\t\t\t\t\t<div class=\"translation-block\"><p><strong>Boek je vluchten via Jordan Nomads<\/strong><\/p><p>Voor de reizen met vertrek op zondag bieden we rechtstreekse vluchten aan naar Amman <strong>vanuit Brussel<\/strong> (Zaventem) <strong>vanaf \u20ac490<\/strong> per persoon (exclusief ruimbagage).<\/p><p>Als je vluchten via ons boekt, zijn die afgestemd op je <a href=\"#route\">reisprogramma<\/a> en kan je rekenen op onze ondersteuning in geval van problemen.<\/p><p>Hier vind je een concreet overzicht van de vluchtinformatie:<\/p><ul><li><strong>Heenvlucht<\/strong>: vertrek om 15u15 (dag 1 van je roadtrip), aankomst om 22u (dag 1 van je roadtrip)<br>&nbsp;<\/li><li><strong>Retourvlucht<\/strong>: vertrek om 10u45 (dag 8 van je roadtrip), aankomst on 14u05 (dag 8 van je roadtrip)<\/li><\/ul><p>Via de <a href=\"https:\/\/jordannomads.org\/nl\/#join\">kalender<\/a> onderaan de website kan je alle vluchtprijzen per vertrekdatum raadplegen.<\/p><p><strong>Boek je eigen vluchten<\/strong><\/p><p>Boek je liever je eigen vluchten? Houd dan zeker rekening met de <a href=\"#route\">weekplanning<\/a> en aarzel niet om ons te <a href=\"\/nl\/jordannomads.org\/nl\/contact\/\">contacteren<\/a> als je vragen hebt.<\/p><\/div>\n\t\t\t\t\t\t\t\t\t\t\t<\/div>\n\t\t\t\t\t\t\t\t\t<\/div>\n\t\t\t\t\t\t\t\t\t\t\t\t\t\t\t\t\t<div class=\"entry\">\n\t\t\t\t\t\t\t\t\t\t\t\t\t\t<i class=\"icon fa-kit fa-tb-icon-jeep\" aria-hidden=\"true\"><\/i>\n\t\t\t\t\t\t\t\t\t\t\t\t\t<div class=\"text-part\">\n\t\t\t\t\t\t\t\t\t\t\t<h4>Waar en wanneer kan je de auto ophalen?<\/h4>\n\t\t\t\t\t\t\t\t\t\t\t\t\t<div class=\"translation-block\"><p>Op <strong>dag 1<\/strong> kan je de auto <strong>vanaf 18u<\/strong> ophalen bij onze partner van de autoverhuur op de luchthaven.<\/p><p>Op <strong>dag 8<\/strong> moet je de auto <strong>uiterlijk om 10u<\/strong> terug inleveren op dezelfde locatie.<\/p><\/div>\n\t\t\t\t\t\t\t\t\t\t\t<\/div>\n\t\t\t\t\t\t\t\t\t<\/div>\n\t\t\t\t\t\t\t\t\t\t\t\t\t\t\t\t\t<div class=\"entry\">\n\t\t\t\t\t\t\t\t\t\t\t\t\t\t<i class=\"icon fa-solid fa-location-pin\" aria-hidden=\"true\"><\/i>\n\t\t\t\t\t\t\t\t\t\t\t\t\t<div class=\"text-part\">\n\t\t\t\t\t\t\t\t\t\t\t<h4>Waar verblijf je de eerste en laatste nacht? <\/h4>\n\t\t\t\t\t\t\t\t\t\t\t\t\t<div class=\"translation-block\"><p>De eerste nacht van je reis breng je door in het <a href=\"https:\/\/miskhotel.com-amman.com\">Misk Hotel<\/a> in <strong>Amman<\/strong>.<\/p><p>De laatste nacht van je reis breng je door in het <a href=\"https:\/\/blackirishotel.com\">Black Iris Hotel<\/a> in <strong>Madaba<\/strong>.<\/p><\/div>\n\t\t\t\t\t\t\t\t\t\t\t<\/div>\n\t\t\t\t\t\t\t\t\t<\/div>\n\t\t\t\t\t\t\t\t\t\t\t\t\t\t\t<\/div>\n\t\t\t\t\t\t\t\t\t\t\t\t\t\t\t\t\t\t\t\t\t\t\t\t<div class=\"tb-section entries hidden\" id=\"transport-section-1\">\n\t\t\t\t\t\t\t\t\t\t\t\t\t\t\t\t\t<div class=\"entry\">\n\t\t\t\t\t\t\t\t\t\t\t\t\t\t<i class=\"icon fa-solid fa-plane\" aria-hidden=\"true\"><\/i>\n\t\t\t\t\t\t\t\t\t\t\t\t\t<div class=\"text-part\">\n\t\t\t\t\t\t\t\t\t\t\t<h4>Vluchten<\/h4>\n\t\t\t\t\t\t\t\t\t\t\t\t\t<div class=\"translation-block\"><p><strong>Boek je vluchten via Jordan Nomads<\/strong><\/p><p>Voor sommige reizen met vertrek op woensdag en zondag bieden we rechtstreekse vluchten aan naar Amman <strong>vanuit Parijs<\/strong> <strong>vanaf \u20ac520<\/strong> per persoon (exclusief ruimbagage).<\/p><p>Als je vluchten via ons boekt, zijn die afgestemd op je <a href=\"#route\">reisprogramma<\/a> en kan je rekenen op onze ondersteuning in geval van problemen.<\/p><p>Hier vind je een concreet overzicht van de vluchtinformatie:<\/p><ul><li><strong>Heenvlucht<\/strong>: vertrek om 15u20 (dag 1 van je roadtrip), aankomst om 22u10 (dag 1 van je roadtrip)<br>&nbsp;<\/li><li><strong>Retourvlucht<\/strong>: vertrek om 10u45 (dag 8 van je roadtrip), aankomst on 14u10 (dag 8 van je roadtrip)<\/li><\/ul><p>Via de <a href=\"https:\/\/jordannomads.org\/nl\/#join\">kalender<\/a> onderaan de website kan je alle vluchtprijzen per vertrekdatum raadplegen.<\/p><p><strong>Boek je eigen vluchten<\/strong><\/p><p>Boek je liever je eigen vluchten? Houd dan zeker rekening met de <a href=\"#route\">weekplanning<\/a> en aarzel niet om ons te <a href=\"\/nl\/jordannomads.org\/nl\/contact\/\">contacteren<\/a> als je vragen hebt.<\/p><\/div>\n\t\t\t\t\t\t\t\t\t\t\t<\/div>\n\t\t\t\t\t\t\t\t\t<\/div>\n\t\t\t\t\t\t\t\t\t\t\t\t\t\t\t\t\t<div class=\"entry\">\n\t\t\t\t\t\t\t\t\t\t\t\t\t\t<i class=\"icon fa-kit fa-tb-icon-jeep\" aria-hidden=\"true\"><\/i>\n\t\t\t\t\t\t\t\t\t\t\t\t\t<div class=\"text-part\">\n\t\t\t\t\t\t\t\t\t\t\t<h4>Waar en wanneer kan je de auto ophalen?<\/h4>\n\t\t\t\t\t\t\t\t\t\t\t\t\t<div class=\"translation-block\"><p>Op <strong>dag 1<\/strong> kan je de auto <strong>vanaf 18u<\/strong> ophalen bij onze partner van de autoverhuur op de luchthaven.<\/p><p>Op <strong>dag 8<\/strong> moet je de auto <strong>uiterlijk om 10u<\/strong> terug inleveren op dezelfde locatie.<\/p><\/div>\n\t\t\t\t\t\t\t\t\t\t\t<\/div>\n\t\t\t\t\t\t\t\t\t<\/div>\n\t\t\t\t\t\t\t\t\t\t\t\t\t\t\t\t\t<div class=\"entry\">\n\t\t\t\t\t\t\t\t\t\t\t\t\t\t<i class=\"icon fa-solid fa-location-pin\" aria-hidden=\"true\"><\/i>\n\t\t\t\t\t\t\t\t\t\t\t\t\t<div class=\"text-part\">\n\t\t\t\t\t\t\t\t\t\t\t<h4>Waar verblijf je de eerste en laatste nacht? <\/h4>\n\t\t\t\t\t\t\t\t\t\t\t\t\t<div class=\"translation-block\"><p>De eerste nacht van je reis breng je door in het <a href=\"https:\/\/miskhotel.com-amman.com\">Misk Hotel<\/a> in <strong>Amman<\/strong>.<\/p><p>De laatste nacht van je reis breng je door in het <a href=\"https:\/\/blackirishotel.com\">Black Iris Hotel<\/a> in <strong>Madaba<\/strong>.<\/p><\/div>\n\t\t\t\t\t\t\t\t\t\t\t<\/div>\n\t\t\t\t\t\t\t\t\t<\/div>\n\t\t\t\t\t\t\t\t\t\t\t\t\t\t\t<\/div>\n\t\t\t\t\t\t\t\t\t\t\t\t\t\t\t\t\t\t\t\t\t\t\t\t<div class=\"tb-section entries hidden\" id=\"transport-section-2\">\n\t\t\t\t\t\t\t\t\t\t\t\t\t\t\t\t\t<div class=\"entry\">\n\t\t\t\t\t\t\t\t\t\t\t\t\t\t<i class=\"icon fa-solid fa-plane\" aria-hidden=\"true\"><\/i>\n\t\t\t\t\t\t\t\t\t\t\t\t\t<div class=\"text-part\">\n\t\t\t\t\t\t\t\t\t\t\t<h4>Vluchten<\/h4>\n\t\t\t\t\t\t\t\t\t\t\t\t\t<div class=\"translation-block\"><p><strong>Boek je vluchten via Jordan Nomads<\/strong><\/p><p>Voor sommige reizen met vertrek op woensdag en zondag bieden we rechtstreekse vluchten aan naar Amman <strong>vanuit Amsterdam<\/strong> <strong>vanaf \u20ac520<\/strong> per persoon (exclusief ruimbagage).<\/p><p>Als je vluchten via ons boekt, zijn die afgestemd op je <a href=\"#route\">reisprogramma<\/a> en kan je rekenen op onze ondersteuning in geval van problemen.<\/p><p>Hier vind je een concreet overzicht van de vluchtinformatie:<\/p><ul><li><strong>Heenvlucht<\/strong>: vertrek om 15u20 (dag 1 van je roadtrip), aankomst om 22u (dag 1 van je roadtrip)<br>&nbsp;<\/li><li><strong>Retourvlucht<\/strong>: vertrek om 10u35 (dag 8 van je roadtrip), aankomst on 14u05 (dag 8 van je roadtrip)<\/li><\/ul><p>Via de <a href=\"https:\/\/jordannomads.org\/nl\/#join\">kalender<\/a> onderaan de website kan je alle vluchtprijzen per vertrekdatum raadplegen.<\/p><p><strong>Boek je eigen vluchten<\/strong><\/p><p>Boek je liever je eigen vluchten? Houd dan zeker rekening met de <a href=\"#route\">weekplanning<\/a> en aarzel niet om ons te <a href=\"\/nl\/jordannomads.org\/nl\/contact\/\">contacteren<\/a> als je vragen hebt.<\/p><\/div>\n\t\t\t\t\t\t\t\t\t\t\t<\/div>\n\t\t\t\t\t\t\t\t\t<\/div>\n\t\t\t\t\t\t\t\t\t\t\t\t\t\t\t\t\t<div class=\"entry\">\n\t\t\t\t\t\t\t\t\t\t\t\t\t\t<i class=\"icon fa-kit fa-tb-icon-jeep\" aria-hidden=\"true\"><\/i>\n\t\t\t\t\t\t\t\t\t\t\t\t\t<div class=\"text-part\">\n\t\t\t\t\t\t\t\t\t\t\t<h4>Waar en wanneer kan je de auto ophalen?<\/h4>\n\t\t\t\t\t\t\t\t\t\t\t\t\t<div class=\"translation-block\"><p>Op <strong>dag 1<\/strong> kan je de auto <strong>vanaf 18u<\/strong> ophalen bij onze partner van de autoverhuur op de luchthaven.<\/p><p>Op <strong>dag 8<\/strong> moet je de auto <strong>uiterlijk om 10u<\/strong> terug inleveren op dezelfde locatie.<\/p><\/div>\n\t\t\t\t\t\t\t\t\t\t\t<\/div>\n\t\t\t\t\t\t\t\t\t<\/div>\n\t\t\t\t\t\t\t\t\t\t\t\t\t\t\t\t\t<div class=\"entry\">\n\t\t\t\t\t\t\t\t\t\t\t\t\t\t<i class=\"icon fa-solid fa-location-pin\" aria-hidden=\"true\"><\/i>\n\t\t\t\t\t\t\t\t\t\t\t\t\t<div class=\"text-part\">\n\t\t\t\t\t\t\t\t\t\t\t<h4>Waar verblijf je de eerste en laatste nacht? <\/h4>\n\t\t\t\t\t\t\t\t\t\t\t\t\t<div class=\"translation-block\"><p>De eerste nacht van je reis breng je door in het <a href=\"https:\/\/miskhotel.com-amman.com\">Misk Hotel<\/a> in <strong>Amman<\/strong>.<\/p><p>De laatste nacht van je reis breng je door in het <a href=\"https:\/\/blackirishotel.com\">Black Iris Hotel<\/a> in <strong>Madaba<\/strong>.<\/p><\/div>\n\t\t\t\t\t\t\t\t\t\t\t<\/div>\n\t\t\t\t\t\t\t\t\t<\/div>\n\t\t\t\t\t\t\t\t\t\t\t\t\t\t\t<\/div>\n\t\t\t\t\t\t\t\t\t\t\t\t\t\t\t\t\t\t\t\t\t\t\t\t<div class=\"tb-section entries hidden\" id=\"transport-section-3\">\n\t\t\t\t\t\t\t\t\t\t\t\t\t\t\t\t\t<div class=\"entry\">\n\t\t\t\t\t\t\t\t\t\t\t\t\t\t<i class=\"icon fa-solid fa-plane\" aria-hidden=\"true\"><\/i>\n\t\t\t\t\t\t\t\t\t\t\t\t\t<div class=\"text-part\">\n\t\t\t\t\t\t\t\t\t\t\t<h4>Vluchten<\/h4>\n\t\t\t\t\t\t\t\t\t\t\t\t\t<div class=\"translation-block\"><p><strong>Boek je vluchten via Jordan Nomads<\/strong><\/p><p>Voor de reizen met vertrek op woensdag bieden we rechtstreekse vluchten aan naar Amman <strong>vanuit D\u00fcsseldorf<\/strong>, <strong>Frankfurt<\/strong>, <strong>Berlijn<\/strong>, <strong>Hamburg<\/strong> of <strong>M\u00fcnchen<\/strong> <strong>vanaf \u20ac520<\/strong> per persoon (exclusief ruimbagage).<\/p><p>Als je vluchten via ons boekt, zijn die afgestemd op je <a href=\"#route\">reisprogramma<\/a> en kan je rekenen op onze ondersteuning in geval van problemen.<\/p><p>Via de <a href=\"https:\/\/jordannomads.org\/nl\/#join\">kalender<\/a> onderaan de website kan je alle vluchtprijzen per vertrekdatum raadplegen.<\/p><p><strong>Boek je eigen vluchten<\/strong><\/p><p>Boek je liever je eigen vluchten? Houd dan zeker rekening met de <a href=\"#route\">weekplanning<\/a> en aarzel niet om ons te <a href=\"\/nl\/jordannomads.org\/nl\/contact\/\">contacteren<\/a> als je vragen hebt.<\/p><\/div>\n\t\t\t\t\t\t\t\t\t\t\t<\/div>\n\t\t\t\t\t\t\t\t\t<\/div>\n\t\t\t\t\t\t\t\t\t\t\t\t\t\t\t\t\t<div class=\"entry\">\n\t\t\t\t\t\t\t\t\t\t\t\t\t\t<i class=\"icon fa-kit fa-tb-icon-jeep\" aria-hidden=\"true\"><\/i>\n\t\t\t\t\t\t\t\t\t\t\t\t\t<div class=\"text-part\">\n\t\t\t\t\t\t\t\t\t\t\t<h4>Waar en wanneer kan je de auto ophalen?<\/h4>\n\t\t\t\t\t\t\t\t\t\t\t\t\t<div class=\"translation-block\"><p>Op <strong>dag 1<\/strong> kan je de auto <strong>vanaf 18u<\/strong> ophalen bij onze partner van de autoverhuur op de luchthaven.<\/p><p>Op <strong>dag 8<\/strong> moet je de auto <strong>uiterlijk om 10u<\/strong> terug inleveren op dezelfde locatie.<\/p><\/div>\n\t\t\t\t\t\t\t\t\t\t\t<\/div>\n\t\t\t\t\t\t\t\t\t<\/div>\n\t\t\t\t\t\t\t\t\t\t\t\t\t\t\t\t\t<div class=\"entry\">\n\t\t\t\t\t\t\t\t\t\t\t\t\t\t<i class=\"icon fa-solid fa-location-pin\" aria-hidden=\"true\"><\/i>\n\t\t\t\t\t\t\t\t\t\t\t\t\t<div class=\"text-part\">\n\t\t\t\t\t\t\t\t\t\t\t<h4>Waar verblijf je de eerste en laatste nacht? <\/h4>\n\t\t\t\t\t\t\t\t\t\t\t\t\t<div class=\"translation-block\"><p>De eerste nacht van je reis breng je door in het <a href=\"https:\/\/miskhotel.com-amman.com\">Misk Hotel<\/a> in <strong>Amman<\/strong>.<\/p><p>De laatste nacht van je reis breng je door in het <a href=\"https:\/\/blackirishotel.com\">Black Iris Hotel<\/a> in <strong>Madaba<\/strong>.<\/p><\/div>\n\t\t\t\t\t\t\t\t\t\t\t<\/div>\n\t\t\t\t\t\t\t\t\t<\/div>\n\t\t\t\t\t\t\t\t\t\t\t\t\t\t\t<\/div>\n\t\t\t\t\t\t\t\t\t\t\t\t\t\t\t<\/div>\n\t\t\t\t\t<\/div>\n\t<\/div>\n\n\n\n\n<div class=\"tb-blog tb-block align-center background-light pattern-none variant-none tb-collapsible-margins\" id=\"blog\">\n    <div class=\"inner-block tb-fade-in tb-fade-in--subtle\">\n        <div class=\"text-part\">\n            <h2>Roadtrip reisverhalen<\/h2>\n                    <\/div>\n    <\/div>\n    <div class=\"tb-sections tb-fade-in tb-fade-in--subtle\">\n                    \t\t<div class=\"inner-block-full-width has-tb-carousel\" >\n\t\t\t<div class=\"tb-carousel-container\">\n\t\t\t\t<div class=\"entries tb-cards\" data-slider-first=\"1\">\n\t\t\t\t                                                <a class=\"tb-card entry\" href=\"https:\/\/www.theoutdoors.nl\/jordan-nomads-jordanie\/\"  target=\"_blank\">\n                                                            <div class=\"tb-image-part\">\n                                                                                                                <img src='https:\/\/jn.travelblox.eu\/wp-content\/uploads\/sites\/44\/2025\/12\/Copy-of-andrea-leopardi-8XLihaFJAf0-unsplash-scaled-1-768x959.jpg' width='768' height='959' loading='lazy' image_size='medium_large'>                                                                    <\/div>\n                                                        <div class=\"tb-card-bottom\">\n                                                                <h4 class=\"tb-card-bottom__title\">Jordan Nomads: de droom van elke roadtripper<\/h4>\n                                                                    <div class=\"tb-card-bottom__content\">\n                                        <div class=\"tb-card__author\"><small>door The Outdoors<\/small><\/div>\n                                    <\/div>\n                                                                                            <\/div>\n                        <\/a>\n                                        <a class=\"tb-card entry\" href=\"https:\/\/coordinotes.be\/road-trip-through-jordan\/\"  target=\"_blank\">\n                                                            <div class=\"tb-image-part\">\n                                                                                                                <img src='https:\/\/jn.travelblox.eu\/wp-content\/uploads\/sites\/44\/2025\/12\/Jordan-03097.jpg-768x1152.webp' width='768' height='1152' loading='lazy' image_size='medium_large'>                                                                    <\/div>\n                                                        <div class=\"tb-card-bottom\">\n                                                                <h4 class=\"tb-card-bottom__title\">De Ultieme 7 Dagen Roadtrip Route<\/h4>\n                                                                    <div class=\"tb-card-bottom__content\">\n                                        <div class=\"tb-card__author\"><small>door Coordinotes<\/small><\/div>\n                                    <\/div>\n                                                                                            <\/div>\n                        <\/a>\n                                        <a class=\"tb-card entry\" href=\"https:\/\/www.whereshegoes.nl\/7-daagse-jordan-nomads-roadtrip-de-mooiste-plekken-van-jordanie-in-een-avontuurlijke-rondreis\"  target=\"_blank\">\n                                                            <div class=\"tb-image-part\">\n                                                                                                                <img src='https:\/\/jn.travelblox.eu\/wp-content\/uploads\/sites\/44\/2025\/12\/Capture-decran.png' width='510' height='442' loading='lazy' image_size='medium_large'>                                                                    <\/div>\n                                                        <div class=\"tb-card-bottom\">\n                                                                <h4 class=\"tb-card-bottom__title\">De mooiste plekken van Jordani\u00eb in \u00e9\u00e9n avontuurlijke rondreis<\/h4>\n                                                                    <div class=\"tb-card-bottom__content\">\n                                        <div class=\"tb-card__author\"><small>door Where She Goes<\/small><\/div>\n                                    <\/div>\n                                                                                            <\/div>\n                        <\/a>\n                                                                    \t\t\t\t<\/div>\n\t\t\t\t\t\t<div class=\"tb-carousel-nav\">\n\t\t\t<div class=\"dots\">\n\t\t\t\t<div class=\"dot active\"><\/div>\n\t\t\t\t<div class=\"dot\"><\/div>\n\t\t\t\t<div class=\"dot\"><\/div>\n\t\t\t<\/div>\n\t\t\t<div class=\"arrows\">\n\t\t\t\t<div class=\"prev disabled\">\n\t\t\t\t\t<span><i class=\"fa fa-chevron-left\"><\/i><\/span>\n\t\t\t\t<\/div>\n\t\t\t\t<div class=\"next\">\n\t\t\t\t\t<span><i class=\"fa fa-chevron-right\"><\/i><\/span>\n\t\t\t\t<\/div>\n\t\t\t<\/div>\n\t\t<\/div>\n\t\t\t\t<\/div>\n\t\t<\/div>\n\t                    <\/div>\n            <div class=\"inner-block tb-buttons-part tb-fade-in tb-fade-in--subtle\">\n            \t\t<a href=\"https:\/\/jn.travelblox.eu\/nl\/blog\/\" target=\"\" class=\"tb-text-with-icon tb-buttonlink\">\n\t\t\t\t\t\t\t<span>Andere blogs<\/span>\n\t\t\t\t\t<i class=\"icon fa-solid fa-arrow-right fa-fw\" aria-hidden=\"true\"><\/i>\n\t\t\t\t\t<\/a>\n\t        <\/div>\n    <\/div>\n\n\n    <div class=\"tb-calendarv2 tb-block align-center background-light pattern-none variant-none tb-collapsible-margins\" id=\"join\" data-field-packages='[{&quot;package_id&quot;:&quot;JN-JN&quot;,&quot;prereg_url&quot;:&quot;&quot;,&quot;package_summary_content&quot;:&quot;&quot;,&quot;package_summary_inclusive&quot;:false,&quot;rowid&quot;:&quot;67dd68866ceed&quot;}]' data-package-ids='[\"JN-JN\"]' data-brands='[{&quot;type&quot;:&quot;brands&quot;,&quot;id&quot;:&quot;76&quot;,&quot;attributes&quot;:{&quot;name&quot;:&quot;Jordan Nomads&quot;,&quot;translatableName&quot;:{&quot;nl&quot;:&quot;Jordan Nomads&quot;,&quot;en&quot;:&quot;&quot;,&quot;fr&quot;:&quot;Jordan Nomads&quot;,&quot;de&quot;:&quot;Jordan Nomads&quot;}}}]' data-language='nl' data-allow-collapse-consecutive-sold-out-items='1' data-show-prereg-items='1' data-show-participants='0' data-show-departure-hours='0' data-no-participants-title=\"Nog geen deelnemers\" data-no-participants-text=\"De deelnemers van deze reis zijn nog niet bekend.\" data-sold-out-cta=\"\" data-show-months-toggle=\"1\" data-show-waiting-list-buttons=\"1\" data-show-price-toggle=\"1\" data-show-quote-request=\"1\" data-sort-filter-options-by-az-order='0' data-launch-unfiltered='0' data-merge-duplicate-filters='0'>\n        <div class=\"inner-block tb-fade-in tb-fade-in--subtle\">\n            <div class=\"text-part tb-fade-in tb-fade-in--subtle\">\n                                    <h2>Plan je reis naar Jordani\u00eb<\/h2>\n                                                    \t\t<div class=\"translation-block\"><p>Je kan een Jordan Nomads roadtrip maken tijdens het <strong>voor- en najaar<\/strong>.<\/p><p><strong>Voorjaar 2026<\/strong>: schrijf je nu in voor het te laat is!<\/p><p><strong>Najaar 2026<\/strong>: de editie vindt plaats tussen <strong>16 september en 22 november<\/strong>. Schrijf je nu in voor het te laat is!<\/p><\/div>\n\t                                                    <div class=\"tb-buttons-part\">\n                                                                            \t\t<a href=\"https:\/\/booking.travelbase.eu\/jn26s\/book\"  target=\"_blank\" class=\"tb-button\">\n\t\t\tInschrijvingen | Voorjaar 2026\t\t<\/a>\n\t\t                                                                                                                                        <a href=\"https:\/\/booking.travelbase.eu\/jn26s\/offer\" class=\"tb-buttonlink tb-quote-request\" target=\"_blank\"><span>Ontvang een prijsofferte<\/span><\/a>\n                                                                                                                                                        <\/div>\n                            <\/div>\n\n            \n            \n<div class=\"tb-skeleton tb-skeleton--calendar-v2 tb-skeleton--inactive\">\n    <!-- <div class=\"section-toggler section-toggler--small tb-skeleton__border tb-skeleton__disabled\">\n        <div class=\"section-toggler__inner\">\n            <div class=\"section-toggler__toggle-wrapper\">\n                <div class=\"section-toggler__toggles\">\n                    <input type=\"radio\" name=\"2025\" checked>\n                    <label class=\"tb-skeleton__background tb-skeleton__border\" for=\"\"><span class=\"tb-skeleton__bone\"><span class=\"tb-skeleton__invisible-text\">2025<\/span><\/span><\/label>\n                    <input type=\"radio\" name=\"2026\">\n                    <label class=\"tb-skeleton__border\" for=\"\"><span class=\"tb-skeleton__bone\"><span class=\"tb-skeleton__invisible-text\">2026<\/span><\/span><\/label>\n                <\/div>\n            <\/div>\n        <\/div>\n    <\/div> -->\n    <div class=\"tb-calendar-v2__year\" id=\"year-section-0\">\n        <div class=\"tb-block\">\n            <div class=\"section-toggler section-toggler--fake section-toggler--blocks tb-skeleton__border tb-skeleton__disabled\">\n                <div class=\"section-toggler__inner\">\n                    <div class=\"section-toggler__toggle-wrapper\">\n                        <div class=\"section-toggler__toggles\">\n                            <input type=\"radio\" name=\"Jan\" checked>\n                            <label class=\"tb-skeleton__background tb-skeleton__border\" for=\"\"><span class=\"tb-skeleton__bone\"><span class=\"tb-skeleton__invisible-text\">Jan<\/span><\/span><\/label>\n                            <input type=\"radio\" name=\"Feb\">\n                            <label class=\"tb-skeleton__border\" for=\"\"><span class=\"tb-skeleton__bone\"><span class=\"tb-skeleton__invisible-text\">Feb<\/span><\/span><\/label>\n                            <input type=\"radio\" name=\"Mar\">\n                            <label class=\"tb-skeleton__border\" for=\"\"><span class=\"tb-skeleton__bone\"><span class=\"tb-skeleton__invisible-text\">Mar<\/span><\/span><\/label>\n                            <input type=\"radio\" name=\"Apr\">\n                            <label class=\"tb-skeleton__border\" for=\"\"><span class=\"tb-skeleton__bone\"><span class=\"tb-skeleton__invisible-text\">Apr<\/span><\/span><\/label>\n                            <input type=\"radio\" name=\"May\">\n                            <label class=\"tb-skeleton__border\" for=\"\"><span class=\"tb-skeleton__bone\"><span class=\"tb-skeleton__invisible-text\">May<\/span><\/span><\/label>\n                        <\/div>\n                    <\/div>\n                <\/div>\n            <\/div>\n            <div class=\"tb-calendar-v2__month\" id=\"year-0-month-section-0\">\n                <ul class=\"tb-calendar-v2__departures\">\n                                            <li class=\"tb-calendar-v2__departure tb-calendar-v2-departure tb-skeleton__border\" data-availability=\"free\">\n                            <div class=\"tb-calendar-v2-departure__essential\">\n                                <div class=\"tb-calendar-v2-departure__first-part\">\n                                    <div class=\"tb-calendar-v2-departure__destination desktop-only\">\n                                        <span class=\"tb-skeleton__bone\"><span class=\"tb-skeleton__invisible-text\"><strong>Voorbeeldreis<\/strong><\/span><\/span>\n                                    <\/div>\n                                    <div class=\"tb-calendar-v2-departure__dates\">\n                                        <div class=\"tb-calendar-v2-departure__startdate\">\n                                            <span class=\"tb-skeleton__bone\"><span class=\"tb-skeleton__invisible-text\">Maandag<\/span><\/span>\n                                            <span class=\"tb-skeleton__bone\"><span class=\"tb-skeleton__invisible-text\"><strong>20 jan 2025<\/strong><\/span><\/span>\n                                        <\/div>\n                                        <span class=\"tb-skeleton__bone\"><span class=\"tb-skeleton__invisible-text\"><i class=\"fa-solid fa-arrow-right\"><\/i><\/span><\/span>\n                                        <div class=\"tb-calendar-v2-departure__enddate\">\n                                            <span class=\"tb-skeleton__bone\"><span class=\"tb-skeleton__invisible-text\">Zondag<\/span><\/span>\n                                            <span class=\"tb-skeleton__bone\"><span class=\"tb-skeleton__invisible-text\"><strong>26 jan 2025<\/strong><\/span><\/span>\n                                        <\/div>\n                                    <\/div>\n                                    <div class=\"tb-calendar-v2-departure__divider desktop-only tb-skeleton__bone\"><\/div>\n                                    <div class=\"tb-calendar-v2-departure__availability desktop-only\" data-availability=\"free\"><strong>\n                                            <span class=\"tb-skeleton__bone\"><span class=\"tb-skeleton__invisible-text\">Beschikbaar<\/span><\/span>\n                                        <\/strong><\/div>\n                                    <div class=\"tb-calendar-v2-departure__spots desktop-only\">\n                                        <span class=\"tb-skeleton__bone\"><span class=\"tb-skeleton__invisible-text\">\n                                                                                             <\/span><\/span>\n                                    <\/div>\n                                <\/div>\n                                <div class=\"tb-calendar-v2-departure__last-part\">\n                                    <div class=\"tb-calendar-v2-departure__price\"><span class=\"tb-skeleton__bone\"><span class=\"tb-skeleton__invisible-text\"><strong>\u20ac 1450<\/strong><\/span><\/span><\/div>\n                                    <div class=\"tb-calendar-v2-departure__availability mobile-only\" data-availability=\"free\">\n                                        <strong>\n                                            <span class=\"tb-skeleton__bone\"><span class=\"tb-skeleton__invisible-text\">Beschikbaar<\/span><\/span>\n                                        <\/strong>\n                                    <\/div>\n                                    <div class=\"tb-calendar-v2-departure__expand-button tb-skeleton__disabled desktop-only\" disabled>\n                                        <span class=\"tb-skeleton__bone\"><span class=\"tb-skeleton__invisible-text\"><i class=\"fa-solid fa-chevron-down\"><\/i><\/span><\/span>\n                                    <\/div>\n                                <\/div>\n                            <\/div>\n                            <div class=\"tb-calendar-v2-departure__divider mobile-only tb-skeleton__bone\"><\/div>\n                            <div class=\"tb-calendar-v2-departure__expand-button mobile-only tb-skeleton__disabled\" disabled>\n                                <span class=\"tb-skeleton__bone\"><span class=\"tb-skeleton__invisible-text\"><span class=\"more-info\">Meer info<\/span> <span class=\"less-info\">Minder info<\/span> <i class=\"fa-solid fa-chevron-down\"><\/i><\/span><\/span>\n                            <\/div>\n                        <\/li>\n                                            <li class=\"tb-calendar-v2__departure tb-calendar-v2-departure tb-skeleton__border\" data-availability=\"free\">\n                            <div class=\"tb-calendar-v2-departure__essential\">\n                                <div class=\"tb-calendar-v2-departure__first-part\">\n                                    <div class=\"tb-calendar-v2-departure__destination desktop-only\">\n                                        <span class=\"tb-skeleton__bone\"><span class=\"tb-skeleton__invisible-text\"><strong>Voorbeeldreis<\/strong><\/span><\/span>\n                                    <\/div>\n                                    <div class=\"tb-calendar-v2-departure__dates\">\n                                        <div class=\"tb-calendar-v2-departure__startdate\">\n                                            <span class=\"tb-skeleton__bone\"><span class=\"tb-skeleton__invisible-text\">Maandag<\/span><\/span>\n                                            <span class=\"tb-skeleton__bone\"><span class=\"tb-skeleton__invisible-text\"><strong>20 jan 2025<\/strong><\/span><\/span>\n                                        <\/div>\n                                        <span class=\"tb-skeleton__bone\"><span class=\"tb-skeleton__invisible-text\"><i class=\"fa-solid fa-arrow-right\"><\/i><\/span><\/span>\n                                        <div class=\"tb-calendar-v2-departure__enddate\">\n                                            <span class=\"tb-skeleton__bone\"><span class=\"tb-skeleton__invisible-text\">Zondag<\/span><\/span>\n                                            <span class=\"tb-skeleton__bone\"><span class=\"tb-skeleton__invisible-text\"><strong>26 jan 2025<\/strong><\/span><\/span>\n                                        <\/div>\n                                    <\/div>\n                                    <div class=\"tb-calendar-v2-departure__divider desktop-only tb-skeleton__bone\"><\/div>\n                                    <div class=\"tb-calendar-v2-departure__availability desktop-only\" data-availability=\"free\"><strong>\n                                            <span class=\"tb-skeleton__bone\"><span class=\"tb-skeleton__invisible-text\">Beschikbaar<\/span><\/span>\n                                        <\/strong><\/div>\n                                    <div class=\"tb-calendar-v2-departure__spots desktop-only\">\n                                        <span class=\"tb-skeleton__bone\"><span class=\"tb-skeleton__invisible-text\">\n                                                                                             <\/span><\/span>\n                                    <\/div>\n                                <\/div>\n                                <div class=\"tb-calendar-v2-departure__last-part\">\n                                    <div class=\"tb-calendar-v2-departure__price\"><span class=\"tb-skeleton__bone\"><span class=\"tb-skeleton__invisible-text\"><strong>\u20ac 1450<\/strong><\/span><\/span><\/div>\n                                    <div class=\"tb-calendar-v2-departure__availability mobile-only\" data-availability=\"free\">\n                                        <strong>\n                                            <span class=\"tb-skeleton__bone\"><span class=\"tb-skeleton__invisible-text\">Beschikbaar<\/span><\/span>\n                                        <\/strong>\n                                    <\/div>\n                                    <div class=\"tb-calendar-v2-departure__expand-button tb-skeleton__disabled desktop-only\" disabled>\n                                        <span class=\"tb-skeleton__bone\"><span class=\"tb-skeleton__invisible-text\"><i class=\"fa-solid fa-chevron-down\"><\/i><\/span><\/span>\n                                    <\/div>\n                                <\/div>\n                            <\/div>\n                            <div class=\"tb-calendar-v2-departure__divider mobile-only tb-skeleton__bone\"><\/div>\n                            <div class=\"tb-calendar-v2-departure__expand-button mobile-only tb-skeleton__disabled\" disabled>\n                                <span class=\"tb-skeleton__bone\"><span class=\"tb-skeleton__invisible-text\"><span class=\"more-info\">Meer info<\/span> <span class=\"less-info\">Minder info<\/span> <i class=\"fa-solid fa-chevron-down\"><\/i><\/span><\/span>\n                            <\/div>\n                        <\/li>\n                                            <li class=\"tb-calendar-v2__departure tb-calendar-v2-departure tb-skeleton__border\" data-availability=\"free\">\n                            <div class=\"tb-calendar-v2-departure__essential\">\n                                <div class=\"tb-calendar-v2-departure__first-part\">\n                                    <div class=\"tb-calendar-v2-departure__destination desktop-only\">\n                                        <span class=\"tb-skeleton__bone\"><span class=\"tb-skeleton__invisible-text\"><strong>Voorbeeldreis<\/strong><\/span><\/span>\n                                    <\/div>\n                                    <div class=\"tb-calendar-v2-departure__dates\">\n                                        <div class=\"tb-calendar-v2-departure__startdate\">\n                                            <span class=\"tb-skeleton__bone\"><span class=\"tb-skeleton__invisible-text\">Maandag<\/span><\/span>\n                                            <span class=\"tb-skeleton__bone\"><span class=\"tb-skeleton__invisible-text\"><strong>20 jan 2025<\/strong><\/span><\/span>\n                                        <\/div>\n                                        <span class=\"tb-skeleton__bone\"><span class=\"tb-skeleton__invisible-text\"><i class=\"fa-solid fa-arrow-right\"><\/i><\/span><\/span>\n                                        <div class=\"tb-calendar-v2-departure__enddate\">\n                                            <span class=\"tb-skeleton__bone\"><span class=\"tb-skeleton__invisible-text\">Zondag<\/span><\/span>\n                                            <span class=\"tb-skeleton__bone\"><span class=\"tb-skeleton__invisible-text\"><strong>26 jan 2025<\/strong><\/span><\/span>\n                                        <\/div>\n                                    <\/div>\n                                    <div class=\"tb-calendar-v2-departure__divider desktop-only tb-skeleton__bone\"><\/div>\n                                    <div class=\"tb-calendar-v2-departure__availability desktop-only\" data-availability=\"free\"><strong>\n                                            <span class=\"tb-skeleton__bone\"><span class=\"tb-skeleton__invisible-text\">Beschikbaar<\/span><\/span>\n                                        <\/strong><\/div>\n                                    <div class=\"tb-calendar-v2-departure__spots desktop-only\">\n                                        <span class=\"tb-skeleton__bone\"><span class=\"tb-skeleton__invisible-text\">\n                                                                                             <\/span><\/span>\n                                    <\/div>\n                                <\/div>\n                                <div class=\"tb-calendar-v2-departure__last-part\">\n                                    <div class=\"tb-calendar-v2-departure__price\"><span class=\"tb-skeleton__bone\"><span class=\"tb-skeleton__invisible-text\"><strong>\u20ac 1450<\/strong><\/span><\/span><\/div>\n                                    <div class=\"tb-calendar-v2-departure__availability mobile-only\" data-availability=\"free\">\n                                        <strong>\n                                            <span class=\"tb-skeleton__bone\"><span class=\"tb-skeleton__invisible-text\">Beschikbaar<\/span><\/span>\n                                        <\/strong>\n                                    <\/div>\n                                    <div class=\"tb-calendar-v2-departure__expand-button tb-skeleton__disabled desktop-only\" disabled>\n                                        <span class=\"tb-skeleton__bone\"><span class=\"tb-skeleton__invisible-text\"><i class=\"fa-solid fa-chevron-down\"><\/i><\/span><\/span>\n                                    <\/div>\n                                <\/div>\n                            <\/div>\n                            <div class=\"tb-calendar-v2-departure__divider mobile-only tb-skeleton__bone\"><\/div>\n                            <div class=\"tb-calendar-v2-departure__expand-button mobile-only tb-skeleton__disabled\" disabled>\n                                <span class=\"tb-skeleton__bone\"><span class=\"tb-skeleton__invisible-text\"><span class=\"more-info\">Meer info<\/span> <span class=\"less-info\">Minder info<\/span> <i class=\"fa-solid fa-chevron-down\"><\/i><\/span><\/span>\n                            <\/div>\n                        <\/li>\n                                            <li class=\"tb-calendar-v2__departure tb-calendar-v2-departure tb-skeleton__border\" data-availability=\"free\">\n                            <div class=\"tb-calendar-v2-departure__essential\">\n                                <div class=\"tb-calendar-v2-departure__first-part\">\n                                    <div class=\"tb-calendar-v2-departure__destination desktop-only\">\n                                        <span class=\"tb-skeleton__bone\"><span class=\"tb-skeleton__invisible-text\"><strong>Voorbeeldreis<\/strong><\/span><\/span>\n                                    <\/div>\n                                    <div class=\"tb-calendar-v2-departure__dates\">\n                                        <div class=\"tb-calendar-v2-departure__startdate\">\n                                            <span class=\"tb-skeleton__bone\"><span class=\"tb-skeleton__invisible-text\">Maandag<\/span><\/span>\n                                            <span class=\"tb-skeleton__bone\"><span class=\"tb-skeleton__invisible-text\"><strong>20 jan 2025<\/strong><\/span><\/span>\n                                        <\/div>\n                                        <span class=\"tb-skeleton__bone\"><span class=\"tb-skeleton__invisible-text\"><i class=\"fa-solid fa-arrow-right\"><\/i><\/span><\/span>\n                                        <div class=\"tb-calendar-v2-departure__enddate\">\n                                            <span class=\"tb-skeleton__bone\"><span class=\"tb-skeleton__invisible-text\">Zondag<\/span><\/span>\n                                            <span class=\"tb-skeleton__bone\"><span class=\"tb-skeleton__invisible-text\"><strong>26 jan 2025<\/strong><\/span><\/span>\n                                        <\/div>\n                                    <\/div>\n                                    <div class=\"tb-calendar-v2-departure__divider desktop-only tb-skeleton__bone\"><\/div>\n                                    <div class=\"tb-calendar-v2-departure__availability desktop-only\" data-availability=\"free\"><strong>\n                                            <span class=\"tb-skeleton__bone\"><span class=\"tb-skeleton__invisible-text\">Beschikbaar<\/span><\/span>\n                                        <\/strong><\/div>\n                                    <div class=\"tb-calendar-v2-departure__spots desktop-only\">\n                                        <span class=\"tb-skeleton__bone\"><span class=\"tb-skeleton__invisible-text\">\n                                                                                             <\/span><\/span>\n                                    <\/div>\n                                <\/div>\n                                <div class=\"tb-calendar-v2-departure__last-part\">\n                                    <div class=\"tb-calendar-v2-departure__price\"><span class=\"tb-skeleton__bone\"><span class=\"tb-skeleton__invisible-text\"><strong>\u20ac 1450<\/strong><\/span><\/span><\/div>\n                                    <div class=\"tb-calendar-v2-departure__availability mobile-only\" data-availability=\"free\">\n                                        <strong>\n                                            <span class=\"tb-skeleton__bone\"><span class=\"tb-skeleton__invisible-text\">Beschikbaar<\/span><\/span>\n                                        <\/strong>\n                                    <\/div>\n                                    <div class=\"tb-calendar-v2-departure__expand-button tb-skeleton__disabled desktop-only\" disabled>\n                                        <span class=\"tb-skeleton__bone\"><span class=\"tb-skeleton__invisible-text\"><i class=\"fa-solid fa-chevron-down\"><\/i><\/span><\/span>\n                                    <\/div>\n                                <\/div>\n                            <\/div>\n                            <div class=\"tb-calendar-v2-departure__divider mobile-only tb-skeleton__bone\"><\/div>\n                            <div class=\"tb-calendar-v2-departure__expand-button mobile-only tb-skeleton__disabled\" disabled>\n                                <span class=\"tb-skeleton__bone\"><span class=\"tb-skeleton__invisible-text\"><span class=\"more-info\">Meer info<\/span> <span class=\"less-info\">Minder info<\/span> <i class=\"fa-solid fa-chevron-down\"><\/i><\/span><\/span>\n                            <\/div>\n                        <\/li>\n                                            <li class=\"tb-calendar-v2__departure tb-calendar-v2-departure tb-skeleton__border\" data-availability=\"free\">\n                            <div class=\"tb-calendar-v2-departure__essential\">\n                                <div class=\"tb-calendar-v2-departure__first-part\">\n                                    <div class=\"tb-calendar-v2-departure__destination desktop-only\">\n                                        <span class=\"tb-skeleton__bone\"><span class=\"tb-skeleton__invisible-text\"><strong>Voorbeeldreis<\/strong><\/span><\/span>\n                                    <\/div>\n                                    <div class=\"tb-calendar-v2-departure__dates\">\n                                        <div class=\"tb-calendar-v2-departure__startdate\">\n                                            <span class=\"tb-skeleton__bone\"><span class=\"tb-skeleton__invisible-text\">Maandag<\/span><\/span>\n                                            <span class=\"tb-skeleton__bone\"><span class=\"tb-skeleton__invisible-text\"><strong>20 jan 2025<\/strong><\/span><\/span>\n                                        <\/div>\n                                        <span class=\"tb-skeleton__bone\"><span class=\"tb-skeleton__invisible-text\"><i class=\"fa-solid fa-arrow-right\"><\/i><\/span><\/span>\n                                        <div class=\"tb-calendar-v2-departure__enddate\">\n                                            <span class=\"tb-skeleton__bone\"><span class=\"tb-skeleton__invisible-text\">Zondag<\/span><\/span>\n                                            <span class=\"tb-skeleton__bone\"><span class=\"tb-skeleton__invisible-text\"><strong>26 jan 2025<\/strong><\/span><\/span>\n                                        <\/div>\n                                    <\/div>\n                                    <div class=\"tb-calendar-v2-departure__divider desktop-only tb-skeleton__bone\"><\/div>\n                                    <div class=\"tb-calendar-v2-departure__availability desktop-only\" data-availability=\"free\"><strong>\n                                            <span class=\"tb-skeleton__bone\"><span class=\"tb-skeleton__invisible-text\">Beschikbaar<\/span><\/span>\n                                        <\/strong><\/div>\n                                    <div class=\"tb-calendar-v2-departure__spots desktop-only\">\n                                        <span class=\"tb-skeleton__bone\"><span class=\"tb-skeleton__invisible-text\">\n                                                                                             <\/span><\/span>\n                                    <\/div>\n                                <\/div>\n                                <div class=\"tb-calendar-v2-departure__last-part\">\n                                    <div class=\"tb-calendar-v2-departure__price\"><span class=\"tb-skeleton__bone\"><span class=\"tb-skeleton__invisible-text\"><strong>\u20ac 1450<\/strong><\/span><\/span><\/div>\n                                    <div class=\"tb-calendar-v2-departure__availability mobile-only\" data-availability=\"free\">\n                                        <strong>\n                                            <span class=\"tb-skeleton__bone\"><span class=\"tb-skeleton__invisible-text\">Beschikbaar<\/span><\/span>\n                                        <\/strong>\n                                    <\/div>\n                                    <div class=\"tb-calendar-v2-departure__expand-button tb-skeleton__disabled desktop-only\" disabled>\n                                        <span class=\"tb-skeleton__bone\"><span class=\"tb-skeleton__invisible-text\"><i class=\"fa-solid fa-chevron-down\"><\/i><\/span><\/span>\n                                    <\/div>\n                                <\/div>\n                            <\/div>\n                            <div class=\"tb-calendar-v2-departure__divider mobile-only tb-skeleton__bone\"><\/div>\n                            <div class=\"tb-calendar-v2-departure__expand-button mobile-only tb-skeleton__disabled\" disabled>\n                                <span class=\"tb-skeleton__bone\"><span class=\"tb-skeleton__invisible-text\"><span class=\"more-info\">Meer info<\/span> <span class=\"less-info\">Minder info<\/span> <i class=\"fa-solid fa-chevron-down\"><\/i><\/span><\/span>\n                            <\/div>\n                        <\/li>\n                                            <li class=\"tb-calendar-v2__departure tb-calendar-v2-departure tb-skeleton__border\" data-availability=\"free\">\n                            <div class=\"tb-calendar-v2-departure__essential\">\n                                <div class=\"tb-calendar-v2-departure__first-part\">\n                                    <div class=\"tb-calendar-v2-departure__destination desktop-only\">\n                                        <span class=\"tb-skeleton__bone\"><span class=\"tb-skeleton__invisible-text\"><strong>Voorbeeldreis<\/strong><\/span><\/span>\n                                    <\/div>\n                                    <div class=\"tb-calendar-v2-departure__dates\">\n                                        <div class=\"tb-calendar-v2-departure__startdate\">\n                                            <span class=\"tb-skeleton__bone\"><span class=\"tb-skeleton__invisible-text\">Maandag<\/span><\/span>\n                                            <span class=\"tb-skeleton__bone\"><span class=\"tb-skeleton__invisible-text\"><strong>20 jan 2025<\/strong><\/span><\/span>\n                                        <\/div>\n                                        <span class=\"tb-skeleton__bone\"><span class=\"tb-skeleton__invisible-text\"><i class=\"fa-solid fa-arrow-right\"><\/i><\/span><\/span>\n                                        <div class=\"tb-calendar-v2-departure__enddate\">\n                                            <span class=\"tb-skeleton__bone\"><span class=\"tb-skeleton__invisible-text\">Zondag<\/span><\/span>\n                                            <span class=\"tb-skeleton__bone\"><span class=\"tb-skeleton__invisible-text\"><strong>26 jan 2025<\/strong><\/span><\/span>\n                                        <\/div>\n                                    <\/div>\n                                    <div class=\"tb-calendar-v2-departure__divider desktop-only tb-skeleton__bone\"><\/div>\n                                    <div class=\"tb-calendar-v2-departure__availability desktop-only\" data-availability=\"free\"><strong>\n                                            <span class=\"tb-skeleton__bone\"><span class=\"tb-skeleton__invisible-text\">Beschikbaar<\/span><\/span>\n                                        <\/strong><\/div>\n                                    <div class=\"tb-calendar-v2-departure__spots desktop-only\">\n                                        <span class=\"tb-skeleton__bone\"><span class=\"tb-skeleton__invisible-text\">\n                                                                                             <\/span><\/span>\n                                    <\/div>\n                                <\/div>\n                                <div class=\"tb-calendar-v2-departure__last-part\">\n                                    <div class=\"tb-calendar-v2-departure__price\"><span class=\"tb-skeleton__bone\"><span class=\"tb-skeleton__invisible-text\"><strong>\u20ac 1450<\/strong><\/span><\/span><\/div>\n                                    <div class=\"tb-calendar-v2-departure__availability mobile-only\" data-availability=\"free\">\n                                        <strong>\n                                            <span class=\"tb-skeleton__bone\"><span class=\"tb-skeleton__invisible-text\">Beschikbaar<\/span><\/span>\n                                        <\/strong>\n                                    <\/div>\n                                    <div class=\"tb-calendar-v2-departure__expand-button tb-skeleton__disabled desktop-only\" disabled>\n                                        <span class=\"tb-skeleton__bone\"><span class=\"tb-skeleton__invisible-text\"><i class=\"fa-solid fa-chevron-down\"><\/i><\/span><\/span>\n                                    <\/div>\n                                <\/div>\n                            <\/div>\n                            <div class=\"tb-calendar-v2-departure__divider mobile-only tb-skeleton__bone\"><\/div>\n                            <div class=\"tb-calendar-v2-departure__expand-button mobile-only tb-skeleton__disabled\" disabled>\n                                <span class=\"tb-skeleton__bone\"><span class=\"tb-skeleton__invisible-text\"><span class=\"more-info\">Meer info<\/span> <span class=\"less-info\">Minder info<\/span> <i class=\"fa-solid fa-chevron-down\"><\/i><\/span><\/span>\n                            <\/div>\n                        <\/li>\n                                    <\/ul>\n            <\/div>\n        <\/div>\n    <\/div>\n<\/div>            <div class=\"tb-calendar-v2 tb-sections\" data-calendar-data=\"{&quot;brands&quot;:[{&quot;type&quot;:&quot;brands&quot;,&quot;id&quot;:&quot;76&quot;,&quot;attributes&quot;:{&quot;name&quot;:&quot;Jordan Nomads&quot;,&quot;translatableName&quot;:{&quot;nl&quot;:&quot;Jordan Nomads&quot;,&quot;en&quot;:&quot;&quot;,&quot;fr&quot;:&quot;Jordan Nomads&quot;,&quot;de&quot;:&quot;Jordan Nomads&quot;}}}],&quot;packages&quot;:[{&quot;type&quot;:&quot;packages&quot;,&quot;id&quot;:&quot;JN-JN&quot;,&quot;attributes&quot;:{&quot;name&quot;:&quot;Jordan Nomads - Jordan Nomads &quot;,&quot;destinationName&quot;:&quot;Jordan &quot;,&quot;destinationCountry&quot;:&quot;JO&quot;,&quot;destinationTitle&quot;:{&quot;nl&quot;:&quot;Jordan &quot;,&quot;en&quot;:&quot;Jordan &quot;,&quot;fr&quot;:&quot;Jordan &quot;,&quot;de&quot;:&quot;Jordan &quot;},&quot;status&quot;:&quot;active&quot;,&quot;updatedAt&quot;:&quot;2026-03-11T16:49:33.000000Z&quot;},&quot;relationships&quot;:{&quot;brand&quot;:{&quot;data&quot;:{&quot;type&quot;:&quot;brands&quot;,&quot;id&quot;:&quot;76&quot;}}}}],&quot;departures&quot;:[{&quot;type&quot;:&quot;departures&quot;,&quot;id&quot;:&quot;t9339&quot;,&quot;attributes&quot;:{&quot;name&quot;:&quot;JN26S-W19-SUN&quot;,&quot;start&quot;:&quot;2026-05-03T10:00:00.000000Z&quot;,&quot;end&quot;:&quot;2026-05-10T12:00:00.000000Z&quot;,&quot;cheapestPrice&quot;:790,&quot;languages&quot;:[],&quot;availableSpots&quot;:15,&quot;bookedSpots&quot;:0,&quot;fakeLabel&quot;:&quot;sold out&quot;,&quot;availabilityLabel&quot;:&quot;sold out&quot;,&quot;promoLabel&quot;:&quot;&quot;,&quot;calendarToggles&quot;:[{&quot;value&quot;:&quot;Brussels&quot;,&quot;label&quot;:{&quot;en&quot;:&quot;&quot;,&quot;nl&quot;:&quot;Heen- en retourvlucht Brussels&quot;,&quot;fr&quot;:&quot;Vols aller\\\/retour depuis Bruxelles&quot;,&quot;de&quot;:&quot;&quot;},&quot;price&quot;:490,&quot;status&quot;:&quot;available&quot;,&quot;language_hidden&quot;:[],&quot;startIncrement&quot;:0,&quot;endIncrement&quot;:0,&quot;var_name&quot;:&quot;flights2&quot;,&quot;category_label&quot;:{&quot;en&quot;:&quot;&quot;,&quot;nl&quot;:&quot;Vluchten&quot;,&quot;fr&quot;:&quot;Vols&quot;,&quot;de&quot;:&quot;&quot;}},{&quot;value&quot;:&quot;Amsterdam&quot;,&quot;label&quot;:{&quot;en&quot;:&quot;&quot;,&quot;nl&quot;:&quot;Heen- en retourvlucht Amsterdam&quot;,&quot;fr&quot;:&quot;Vols aller\\\/retour depuis Amsterdam&quot;,&quot;de&quot;:&quot;&quot;},&quot;price&quot;:520,&quot;status&quot;:&quot;available&quot;,&quot;language_hidden&quot;:[],&quot;startIncrement&quot;:0,&quot;endIncrement&quot;:0,&quot;var_name&quot;:&quot;flights2&quot;,&quot;category_label&quot;:{&quot;en&quot;:&quot;&quot;,&quot;nl&quot;:&quot;Vluchten&quot;,&quot;fr&quot;:&quot;Vols&quot;,&quot;de&quot;:&quot;&quot;}},{&quot;value&quot;:&quot;Dusseldorf&quot;,&quot;label&quot;:{&quot;en&quot;:&quot;&quot;,&quot;nl&quot;:&quot;Heen- en retourvlucht D\\u00fcsseldorf&quot;,&quot;fr&quot;:&quot;Vols aller\\\/retour depuis Dusseldorf &quot;,&quot;de&quot;:&quot;&quot;},&quot;price&quot;:0,&quot;status&quot;:&quot;available&quot;,&quot;language_hidden&quot;:[],&quot;startIncrement&quot;:0,&quot;endIncrement&quot;:0,&quot;var_name&quot;:&quot;flights2&quot;,&quot;category_label&quot;:{&quot;en&quot;:&quot;&quot;,&quot;nl&quot;:&quot;Vluchten&quot;,&quot;fr&quot;:&quot;Vols&quot;,&quot;de&quot;:&quot;&quot;}},{&quot;value&quot;:&quot;Paris&quot;,&quot;label&quot;:{&quot;en&quot;:&quot;&quot;,&quot;nl&quot;:&quot;Heen- en retourvlucht Paris&quot;,&quot;fr&quot;:&quot;Vols aller\\\/retour depuis Paris&quot;,&quot;de&quot;:&quot;&quot;},&quot;price&quot;:false,&quot;status&quot;:&quot;disabled&quot;,&quot;language_hidden&quot;:[],&quot;startIncrement&quot;:0,&quot;endIncrement&quot;:0,&quot;var_name&quot;:&quot;flights2&quot;,&quot;category_label&quot;:{&quot;en&quot;:&quot;&quot;,&quot;nl&quot;:&quot;Vluchten&quot;,&quot;fr&quot;:&quot;Vols&quot;,&quot;de&quot;:&quot;&quot;}},{&quot;value&quot;:&quot;no flights&quot;,&quot;label&quot;:{&quot;en&quot;:&quot;&quot;,&quot;nl&quot;:&quot;Geen vluchten&quot;,&quot;fr&quot;:&quot;Pas de vol&quot;,&quot;de&quot;:&quot;&quot;},&quot;price&quot;:0,&quot;status&quot;:&quot;available&quot;,&quot;language_hidden&quot;:[],&quot;startIncrement&quot;:0,&quot;endIncrement&quot;:0,&quot;var_name&quot;:&quot;flights2&quot;,&quot;category_label&quot;:{&quot;en&quot;:&quot;&quot;,&quot;nl&quot;:&quot;Vluchten&quot;,&quot;fr&quot;:&quot;Vols&quot;,&quot;de&quot;:&quot;&quot;}}],&quot;bookable&quot;:false,&quot;bookingUrl&quot;:&quot;https:\\\/\\\/booking.travelbase.eu\\\/jn26s\\\/book?trip=9339&quot;,&quot;packageId&quot;:&quot;JN-JN&quot;}},{&quot;type&quot;:&quot;departures&quot;,&quot;id&quot;:&quot;t9332&quot;,&quot;attributes&quot;:{&quot;name&quot;:&quot;JN26S-W19-WED&quot;,&quot;start&quot;:&quot;2026-05-06T10:00:00.000000Z&quot;,&quot;end&quot;:&quot;2026-05-13T12:00:00.000000Z&quot;,&quot;cheapestPrice&quot;:790,&quot;languages&quot;:[],&quot;availableSpots&quot;:9,&quot;bookedSpots&quot;:0,&quot;fakeLabel&quot;:&quot;&quot;,&quot;availabilityLabel&quot;:&quot;&quot;,&quot;promoLabel&quot;:&quot;new&quot;,&quot;calendarToggles&quot;:[{&quot;value&quot;:&quot;Brussels&quot;,&quot;label&quot;:{&quot;en&quot;:&quot;&quot;,&quot;nl&quot;:&quot;Heen- en retourvlucht Brussels&quot;,&quot;fr&quot;:&quot;Vols aller\\\/retour depuis Bruxelles&quot;,&quot;de&quot;:&quot;&quot;},&quot;price&quot;:false,&quot;status&quot;:&quot;disabled&quot;,&quot;language_hidden&quot;:[],&quot;startIncrement&quot;:0,&quot;endIncrement&quot;:0,&quot;var_name&quot;:&quot;flights2&quot;,&quot;category_label&quot;:{&quot;en&quot;:&quot;&quot;,&quot;nl&quot;:&quot;Vluchten&quot;,&quot;fr&quot;:&quot;Vols&quot;,&quot;de&quot;:&quot;&quot;}},{&quot;value&quot;:&quot;Amsterdam&quot;,&quot;label&quot;:{&quot;en&quot;:&quot;&quot;,&quot;nl&quot;:&quot;Heen- en retourvlucht Amsterdam&quot;,&quot;fr&quot;:&quot;Vols aller\\\/retour depuis Amsterdam&quot;,&quot;de&quot;:&quot;&quot;},&quot;price&quot;:520,&quot;status&quot;:&quot;available&quot;,&quot;language_hidden&quot;:[],&quot;startIncrement&quot;:0,&quot;endIncrement&quot;:0,&quot;var_name&quot;:&quot;flights2&quot;,&quot;category_label&quot;:{&quot;en&quot;:&quot;&quot;,&quot;nl&quot;:&quot;Vluchten&quot;,&quot;fr&quot;:&quot;Vols&quot;,&quot;de&quot;:&quot;&quot;}},{&quot;value&quot;:&quot;Dusseldorf&quot;,&quot;label&quot;:{&quot;en&quot;:&quot;&quot;,&quot;nl&quot;:&quot;Heen- en retourvlucht D\\u00fcsseldorf&quot;,&quot;fr&quot;:&quot;Vols aller\\\/retour depuis Dusseldorf &quot;,&quot;de&quot;:&quot;&quot;},&quot;price&quot;:0,&quot;status&quot;:&quot;available&quot;,&quot;language_hidden&quot;:[],&quot;startIncrement&quot;:0,&quot;endIncrement&quot;:0,&quot;var_name&quot;:&quot;flights2&quot;,&quot;category_label&quot;:{&quot;en&quot;:&quot;&quot;,&quot;nl&quot;:&quot;Vluchten&quot;,&quot;fr&quot;:&quot;Vols&quot;,&quot;de&quot;:&quot;&quot;}},{&quot;value&quot;:&quot;Paris&quot;,&quot;label&quot;:{&quot;en&quot;:&quot;&quot;,&quot;nl&quot;:&quot;Heen- en retourvlucht Paris&quot;,&quot;fr&quot;:&quot;Vols aller\\\/retour depuis Paris&quot;,&quot;de&quot;:&quot;&quot;},&quot;price&quot;:520,&quot;status&quot;:&quot;available&quot;,&quot;language_hidden&quot;:[],&quot;startIncrement&quot;:0,&quot;endIncrement&quot;:0,&quot;var_name&quot;:&quot;flights2&quot;,&quot;category_label&quot;:{&quot;en&quot;:&quot;&quot;,&quot;nl&quot;:&quot;Vluchten&quot;,&quot;fr&quot;:&quot;Vols&quot;,&quot;de&quot;:&quot;&quot;}},{&quot;value&quot;:&quot;no flights&quot;,&quot;label&quot;:{&quot;en&quot;:&quot;&quot;,&quot;nl&quot;:&quot;Geen vluchten&quot;,&quot;fr&quot;:&quot;Pas de vol&quot;,&quot;de&quot;:&quot;&quot;},&quot;price&quot;:0,&quot;status&quot;:&quot;available&quot;,&quot;language_hidden&quot;:[],&quot;startIncrement&quot;:0,&quot;endIncrement&quot;:0,&quot;var_name&quot;:&quot;flights2&quot;,&quot;category_label&quot;:{&quot;en&quot;:&quot;&quot;,&quot;nl&quot;:&quot;Vluchten&quot;,&quot;fr&quot;:&quot;Vols&quot;,&quot;de&quot;:&quot;&quot;}}],&quot;bookable&quot;:true,&quot;bookingUrl&quot;:&quot;https:\\\/\\\/booking.travelbase.eu\\\/jn26s\\\/book?trip=9332&quot;,&quot;packageId&quot;:&quot;JN-JN&quot;}},{&quot;type&quot;:&quot;departures&quot;,&quot;id&quot;:&quot;t9340&quot;,&quot;attributes&quot;:{&quot;name&quot;:&quot;JN26S-W20-SUN&quot;,&quot;start&quot;:&quot;2026-05-10T10:00:00.000000Z&quot;,&quot;end&quot;:&quot;2026-05-17T12:00:00.000000Z&quot;,&quot;cheapestPrice&quot;:790,&quot;languages&quot;:[],&quot;availableSpots&quot;:7,&quot;bookedSpots&quot;:2,&quot;fakeLabel&quot;:&quot;last stock&quot;,&quot;availabilityLabel&quot;:&quot;last spots&quot;,&quot;promoLabel&quot;:&quot;&quot;,&quot;calendarToggles&quot;:[{&quot;value&quot;:&quot;Brussels&quot;,&quot;label&quot;:{&quot;en&quot;:&quot;&quot;,&quot;nl&quot;:&quot;Heen- en retourvlucht Brussels&quot;,&quot;fr&quot;:&quot;Vols aller\\\/retour depuis Bruxelles&quot;,&quot;de&quot;:&quot;&quot;},&quot;price&quot;:490,&quot;status&quot;:&quot;available&quot;,&quot;language_hidden&quot;:[],&quot;startIncrement&quot;:0,&quot;endIncrement&quot;:0,&quot;var_name&quot;:&quot;flights2&quot;,&quot;category_label&quot;:{&quot;en&quot;:&quot;&quot;,&quot;nl&quot;:&quot;Vluchten&quot;,&quot;fr&quot;:&quot;Vols&quot;,&quot;de&quot;:&quot;&quot;}},{&quot;value&quot;:&quot;Amsterdam&quot;,&quot;label&quot;:{&quot;en&quot;:&quot;&quot;,&quot;nl&quot;:&quot;Heen- en retourvlucht Amsterdam&quot;,&quot;fr&quot;:&quot;Vols aller\\\/retour depuis Amsterdam&quot;,&quot;de&quot;:&quot;&quot;},&quot;price&quot;:490,&quot;status&quot;:&quot;available&quot;,&quot;language_hidden&quot;:[],&quot;startIncrement&quot;:0,&quot;endIncrement&quot;:0,&quot;var_name&quot;:&quot;flights2&quot;,&quot;category_label&quot;:{&quot;en&quot;:&quot;&quot;,&quot;nl&quot;:&quot;Vluchten&quot;,&quot;fr&quot;:&quot;Vols&quot;,&quot;de&quot;:&quot;&quot;}},{&quot;value&quot;:&quot;Dusseldorf&quot;,&quot;label&quot;:{&quot;en&quot;:&quot;&quot;,&quot;nl&quot;:&quot;Heen- en retourvlucht D\\u00fcsseldorf&quot;,&quot;fr&quot;:&quot;Vols aller\\\/retour depuis Dusseldorf &quot;,&quot;de&quot;:&quot;&quot;},&quot;price&quot;:0,&quot;status&quot;:&quot;available&quot;,&quot;language_hidden&quot;:[],&quot;startIncrement&quot;:0,&quot;endIncrement&quot;:0,&quot;var_name&quot;:&quot;flights2&quot;,&quot;category_label&quot;:{&quot;en&quot;:&quot;&quot;,&quot;nl&quot;:&quot;Vluchten&quot;,&quot;fr&quot;:&quot;Vols&quot;,&quot;de&quot;:&quot;&quot;}},{&quot;value&quot;:&quot;Paris&quot;,&quot;label&quot;:{&quot;en&quot;:&quot;&quot;,&quot;nl&quot;:&quot;Heen- en retourvlucht Paris&quot;,&quot;fr&quot;:&quot;Vols aller\\\/retour depuis Paris&quot;,&quot;de&quot;:&quot;&quot;},&quot;price&quot;:false,&quot;status&quot;:&quot;disabled&quot;,&quot;language_hidden&quot;:[],&quot;startIncrement&quot;:0,&quot;endIncrement&quot;:0,&quot;var_name&quot;:&quot;flights2&quot;,&quot;category_label&quot;:{&quot;en&quot;:&quot;&quot;,&quot;nl&quot;:&quot;Vluchten&quot;,&quot;fr&quot;:&quot;Vols&quot;,&quot;de&quot;:&quot;&quot;}},{&quot;value&quot;:&quot;no flights&quot;,&quot;label&quot;:{&quot;en&quot;:&quot;&quot;,&quot;nl&quot;:&quot;Geen vluchten&quot;,&quot;fr&quot;:&quot;Pas de vol&quot;,&quot;de&quot;:&quot;&quot;},&quot;price&quot;:0,&quot;status&quot;:&quot;available&quot;,&quot;language_hidden&quot;:[],&quot;startIncrement&quot;:0,&quot;endIncrement&quot;:0,&quot;var_name&quot;:&quot;flights2&quot;,&quot;category_label&quot;:{&quot;en&quot;:&quot;&quot;,&quot;nl&quot;:&quot;Vluchten&quot;,&quot;fr&quot;:&quot;Vols&quot;,&quot;de&quot;:&quot;&quot;}}],&quot;bookable&quot;:true,&quot;bookingUrl&quot;:&quot;https:\\\/\\\/booking.travelbase.eu\\\/jn26s\\\/book?trip=9340&quot;,&quot;packageId&quot;:&quot;JN-JN&quot;}},{&quot;type&quot;:&quot;departures&quot;,&quot;id&quot;:&quot;t9333&quot;,&quot;attributes&quot;:{&quot;name&quot;:&quot;JN26S-W20-WED&quot;,&quot;start&quot;:&quot;2026-05-13T10:00:00.000000Z&quot;,&quot;end&quot;:&quot;2026-05-20T12:00:00.000000Z&quot;,&quot;cheapestPrice&quot;:790,&quot;languages&quot;:[],&quot;availableSpots&quot;:9,&quot;bookedSpots&quot;:0,&quot;fakeLabel&quot;:&quot;sold out&quot;,&quot;availabilityLabel&quot;:&quot;sold out&quot;,&quot;promoLabel&quot;:&quot;&quot;,&quot;calendarToggles&quot;:[{&quot;value&quot;:&quot;Brussels&quot;,&quot;label&quot;:{&quot;en&quot;:&quot;&quot;,&quot;nl&quot;:&quot;Heen- en retourvlucht Brussels&quot;,&quot;fr&quot;:&quot;Vols aller\\\/retour depuis Bruxelles&quot;,&quot;de&quot;:&quot;&quot;},&quot;price&quot;:false,&quot;status&quot;:&quot;disabled&quot;,&quot;language_hidden&quot;:[],&quot;startIncrement&quot;:0,&quot;endIncrement&quot;:0,&quot;var_name&quot;:&quot;flights2&quot;,&quot;category_label&quot;:{&quot;en&quot;:&quot;&quot;,&quot;nl&quot;:&quot;Vluchten&quot;,&quot;fr&quot;:&quot;Vols&quot;,&quot;de&quot;:&quot;&quot;}},{&quot;value&quot;:&quot;Amsterdam&quot;,&quot;label&quot;:{&quot;en&quot;:&quot;&quot;,&quot;nl&quot;:&quot;Heen- en retourvlucht Amsterdam&quot;,&quot;fr&quot;:&quot;Vols aller\\\/retour depuis Amsterdam&quot;,&quot;de&quot;:&quot;&quot;},&quot;price&quot;:520,&quot;status&quot;:&quot;available&quot;,&quot;language_hidden&quot;:[],&quot;startIncrement&quot;:0,&quot;endIncrement&quot;:0,&quot;var_name&quot;:&quot;flights2&quot;,&quot;category_label&quot;:{&quot;en&quot;:&quot;&quot;,&quot;nl&quot;:&quot;Vluchten&quot;,&quot;fr&quot;:&quot;Vols&quot;,&quot;de&quot;:&quot;&quot;}},{&quot;value&quot;:&quot;Dusseldorf&quot;,&quot;label&quot;:{&quot;en&quot;:&quot;&quot;,&quot;nl&quot;:&quot;Heen- en retourvlucht D\\u00fcsseldorf&quot;,&quot;fr&quot;:&quot;Vols aller\\\/retour depuis Dusseldorf &quot;,&quot;de&quot;:&quot;&quot;},&quot;price&quot;:0,&quot;status&quot;:&quot;available&quot;,&quot;language_hidden&quot;:[],&quot;startIncrement&quot;:0,&quot;endIncrement&quot;:0,&quot;var_name&quot;:&quot;flights2&quot;,&quot;category_label&quot;:{&quot;en&quot;:&quot;&quot;,&quot;nl&quot;:&quot;Vluchten&quot;,&quot;fr&quot;:&quot;Vols&quot;,&quot;de&quot;:&quot;&quot;}},{&quot;value&quot;:&quot;Paris&quot;,&quot;label&quot;:{&quot;en&quot;:&quot;&quot;,&quot;nl&quot;:&quot;Heen- en retourvlucht Paris&quot;,&quot;fr&quot;:&quot;Vols aller\\\/retour depuis Paris&quot;,&quot;de&quot;:&quot;&quot;},&quot;price&quot;:520,&quot;status&quot;:&quot;available&quot;,&quot;language_hidden&quot;:[],&quot;startIncrement&quot;:0,&quot;endIncrement&quot;:0,&quot;var_name&quot;:&quot;flights2&quot;,&quot;category_label&quot;:{&quot;en&quot;:&quot;&quot;,&quot;nl&quot;:&quot;Vluchten&quot;,&quot;fr&quot;:&quot;Vols&quot;,&quot;de&quot;:&quot;&quot;}},{&quot;value&quot;:&quot;no flights&quot;,&quot;label&quot;:{&quot;en&quot;:&quot;&quot;,&quot;nl&quot;:&quot;Geen vluchten&quot;,&quot;fr&quot;:&quot;Pas de vol&quot;,&quot;de&quot;:&quot;&quot;},&quot;price&quot;:0,&quot;status&quot;:&quot;available&quot;,&quot;language_hidden&quot;:[],&quot;startIncrement&quot;:0,&quot;endIncrement&quot;:0,&quot;var_name&quot;:&quot;flights2&quot;,&quot;category_label&quot;:{&quot;en&quot;:&quot;&quot;,&quot;nl&quot;:&quot;Vluchten&quot;,&quot;fr&quot;:&quot;Vols&quot;,&quot;de&quot;:&quot;&quot;}}],&quot;bookable&quot;:false,&quot;bookingUrl&quot;:&quot;https:\\\/\\\/booking.travelbase.eu\\\/jn26s\\\/book?trip=9333&quot;,&quot;packageId&quot;:&quot;JN-JN&quot;}},{&quot;type&quot;:&quot;departures&quot;,&quot;id&quot;:&quot;t9341&quot;,&quot;attributes&quot;:{&quot;name&quot;:&quot;JN26S-W21-SUN&quot;,&quot;start&quot;:&quot;2026-05-17T10:00:00.000000Z&quot;,&quot;end&quot;:&quot;2026-05-24T12:00:00.000000Z&quot;,&quot;cheapestPrice&quot;:750,&quot;languages&quot;:[],&quot;availableSpots&quot;:7,&quot;bookedSpots&quot;:2,&quot;fakeLabel&quot;:&quot;&quot;,&quot;availabilityLabel&quot;:&quot;&quot;,&quot;promoLabel&quot;:&quot;&quot;,&quot;calendarToggles&quot;:[{&quot;value&quot;:&quot;Brussels&quot;,&quot;label&quot;:{&quot;en&quot;:&quot;&quot;,&quot;nl&quot;:&quot;Heen- en retourvlucht Brussels&quot;,&quot;fr&quot;:&quot;Vols aller\\\/retour depuis Bruxelles&quot;,&quot;de&quot;:&quot;&quot;},&quot;price&quot;:510,&quot;status&quot;:&quot;available&quot;,&quot;language_hidden&quot;:[],&quot;startIncrement&quot;:0,&quot;endIncrement&quot;:0,&quot;var_name&quot;:&quot;flights2&quot;,&quot;category_label&quot;:{&quot;en&quot;:&quot;&quot;,&quot;nl&quot;:&quot;Vluchten&quot;,&quot;fr&quot;:&quot;Vols&quot;,&quot;de&quot;:&quot;&quot;}},{&quot;value&quot;:&quot;Amsterdam&quot;,&quot;label&quot;:{&quot;en&quot;:&quot;&quot;,&quot;nl&quot;:&quot;Heen- en retourvlucht Amsterdam&quot;,&quot;fr&quot;:&quot;Vols aller\\\/retour depuis Amsterdam&quot;,&quot;de&quot;:&quot;&quot;},&quot;price&quot;:560,&quot;status&quot;:&quot;available&quot;,&quot;language_hidden&quot;:[],&quot;startIncrement&quot;:0,&quot;endIncrement&quot;:0,&quot;var_name&quot;:&quot;flights2&quot;,&quot;category_label&quot;:{&quot;en&quot;:&quot;&quot;,&quot;nl&quot;:&quot;Vluchten&quot;,&quot;fr&quot;:&quot;Vols&quot;,&quot;de&quot;:&quot;&quot;}},{&quot;value&quot;:&quot;Dusseldorf&quot;,&quot;label&quot;:{&quot;en&quot;:&quot;&quot;,&quot;nl&quot;:&quot;Heen- en retourvlucht D\\u00fcsseldorf&quot;,&quot;fr&quot;:&quot;Vols aller\\\/retour depuis Dusseldorf &quot;,&quot;de&quot;:&quot;&quot;},&quot;price&quot;:0,&quot;status&quot;:&quot;available&quot;,&quot;language_hidden&quot;:[],&quot;startIncrement&quot;:0,&quot;endIncrement&quot;:0,&quot;var_name&quot;:&quot;flights2&quot;,&quot;category_label&quot;:{&quot;en&quot;:&quot;&quot;,&quot;nl&quot;:&quot;Vluchten&quot;,&quot;fr&quot;:&quot;Vols&quot;,&quot;de&quot;:&quot;&quot;}},{&quot;value&quot;:&quot;Paris&quot;,&quot;label&quot;:{&quot;en&quot;:&quot;&quot;,&quot;nl&quot;:&quot;Heen- en retourvlucht Paris&quot;,&quot;fr&quot;:&quot;Vols aller\\\/retour depuis Paris&quot;,&quot;de&quot;:&quot;&quot;},&quot;price&quot;:false,&quot;status&quot;:&quot;disabled&quot;,&quot;language_hidden&quot;:[],&quot;startIncrement&quot;:0,&quot;endIncrement&quot;:0,&quot;var_name&quot;:&quot;flights2&quot;,&quot;category_label&quot;:{&quot;en&quot;:&quot;&quot;,&quot;nl&quot;:&quot;Vluchten&quot;,&quot;fr&quot;:&quot;Vols&quot;,&quot;de&quot;:&quot;&quot;}},{&quot;value&quot;:&quot;no flights&quot;,&quot;label&quot;:{&quot;en&quot;:&quot;&quot;,&quot;nl&quot;:&quot;Geen vluchten&quot;,&quot;fr&quot;:&quot;Pas de vol&quot;,&quot;de&quot;:&quot;&quot;},&quot;price&quot;:0,&quot;status&quot;:&quot;available&quot;,&quot;language_hidden&quot;:[],&quot;startIncrement&quot;:0,&quot;endIncrement&quot;:0,&quot;var_name&quot;:&quot;flights2&quot;,&quot;category_label&quot;:{&quot;en&quot;:&quot;&quot;,&quot;nl&quot;:&quot;Vluchten&quot;,&quot;fr&quot;:&quot;Vols&quot;,&quot;de&quot;:&quot;&quot;}}],&quot;bookable&quot;:true,&quot;bookingUrl&quot;:&quot;https:\\\/\\\/booking.travelbase.eu\\\/jn26s\\\/book?trip=9341&quot;,&quot;packageId&quot;:&quot;JN-JN&quot;}},{&quot;type&quot;:&quot;departures&quot;,&quot;id&quot;:&quot;t11395&quot;,&quot;attributes&quot;:{&quot;name&quot;:&quot;JN26A-W38-WED&quot;,&quot;start&quot;:&quot;2026-09-16T10:00:00.000000Z&quot;,&quot;end&quot;:&quot;2026-09-23T12:00:00.000000Z&quot;,&quot;cheapestPrice&quot;:690,&quot;languages&quot;:[&quot;nl&quot;,&quot;fr&quot;,&quot;de&quot;],&quot;availableSpots&quot;:7,&quot;bookedSpots&quot;:4,&quot;fakeLabel&quot;:&quot;last stock&quot;,&quot;availabilityLabel&quot;:&quot;last spots&quot;,&quot;promoLabel&quot;:null,&quot;calendarToggles&quot;:[{&quot;value&quot;:&quot;Brussels&quot;,&quot;label&quot;:{&quot;en&quot;:&quot;&quot;,&quot;nl&quot;:&quot;Heen- en retourvlucht Brussel&quot;,&quot;fr&quot;:&quot;Vols aller\\\/retour depuis Bruxelles&quot;,&quot;de&quot;:&quot;Fl\\u00fcge hin\\\/zur\\u00fcck von Br\\u00fcssel&quot;},&quot;price&quot;:false,&quot;status&quot;:&quot;disabled&quot;,&quot;language_hidden&quot;:[],&quot;startIncrement&quot;:0,&quot;endIncrement&quot;:0,&quot;var_name&quot;:&quot;flights2&quot;,&quot;category_label&quot;:{&quot;en&quot;:&quot;&quot;,&quot;nl&quot;:&quot;Vluchten&quot;,&quot;fr&quot;:&quot;Vols&quot;,&quot;de&quot;:&quot;Fl\\u00fcge&quot;}},{&quot;value&quot;:&quot;Amsterdam&quot;,&quot;label&quot;:{&quot;en&quot;:&quot;&quot;,&quot;nl&quot;:&quot;Heen- en retourvlucht Amsterdam&quot;,&quot;fr&quot;:&quot;Vols aller\\\/retour depuis Amsterdam&quot;,&quot;de&quot;:&quot;Fl\\u00fcge Hin\\\/R\\u00fcck von Amsterdam&quot;},&quot;price&quot;:485,&quot;status&quot;:&quot;available&quot;,&quot;language_hidden&quot;:[],&quot;startIncrement&quot;:0,&quot;endIncrement&quot;:0,&quot;var_name&quot;:&quot;flights2&quot;,&quot;category_label&quot;:{&quot;en&quot;:&quot;&quot;,&quot;nl&quot;:&quot;Vluchten&quot;,&quot;fr&quot;:&quot;Vols&quot;,&quot;de&quot;:&quot;Fl\\u00fcge&quot;}},{&quot;value&quot;:&quot;Paris&quot;,&quot;label&quot;:{&quot;en&quot;:&quot;&quot;,&quot;nl&quot;:&quot;Heen- en retourvlucht Parijs&quot;,&quot;fr&quot;:&quot;Vols aller\\\/retour depuis Paris&quot;,&quot;de&quot;:&quot;Fl\\u00fcge Hin\\\/R\\u00fcck von Paris&quot;},&quot;price&quot;:485,&quot;status&quot;:&quot;available&quot;,&quot;language_hidden&quot;:[],&quot;startIncrement&quot;:0,&quot;endIncrement&quot;:0,&quot;var_name&quot;:&quot;flights2&quot;,&quot;category_label&quot;:{&quot;en&quot;:&quot;&quot;,&quot;nl&quot;:&quot;Vluchten&quot;,&quot;fr&quot;:&quot;Vols&quot;,&quot;de&quot;:&quot;Fl\\u00fcge&quot;}},{&quot;value&quot;:&quot;Dusseldorf&quot;,&quot;label&quot;:{&quot;en&quot;:&quot;&quot;,&quot;nl&quot;:&quot;Heen- en retourvlucht D\\u00fcsseldorf&quot;,&quot;fr&quot;:&quot;Vols aller\\\/retour depuis Dusseldorf &quot;,&quot;de&quot;:&quot;Fl\\u00fcge hin\\\/zur\\u00fcck von D\\u00fcsseldorf&quot;},&quot;price&quot;:false,&quot;status&quot;:&quot;disabled&quot;,&quot;language_hidden&quot;:[],&quot;startIncrement&quot;:0,&quot;endIncrement&quot;:0,&quot;var_name&quot;:&quot;flights2&quot;,&quot;category_label&quot;:{&quot;en&quot;:&quot;&quot;,&quot;nl&quot;:&quot;Vluchten&quot;,&quot;fr&quot;:&quot;Vols&quot;,&quot;de&quot;:&quot;Fl\\u00fcge&quot;}},{&quot;value&quot;:&quot;Frankfurt&quot;,&quot;label&quot;:{&quot;en&quot;:&quot;&quot;,&quot;nl&quot;:&quot;Heen- en retourvlucht Frankfurt&quot;,&quot;fr&quot;:&quot;Vol aller-retour vers Francfort&quot;,&quot;de&quot;:&quot;Voll Hin- und R\\u00fcckflug nach Frankfurt&quot;},&quot;price&quot;:1059,&quot;status&quot;:&quot;available&quot;,&quot;language_hidden&quot;:[],&quot;startIncrement&quot;:0,&quot;endIncrement&quot;:0,&quot;var_name&quot;:&quot;flights2&quot;,&quot;category_label&quot;:{&quot;en&quot;:&quot;&quot;,&quot;nl&quot;:&quot;Vluchten&quot;,&quot;fr&quot;:&quot;Vols&quot;,&quot;de&quot;:&quot;Fl\\u00fcge&quot;}},{&quot;value&quot;:&quot;Berlin&quot;,&quot;label&quot;:{&quot;en&quot;:&quot;&quot;,&quot;nl&quot;:&quot;Heen- en retourvlucht Berlijn&quot;,&quot;fr&quot;:&quot;Vol aller-retour pour Berlin&quot;,&quot;de&quot;:&quot;Vol Hin- und R\\u00fcckflug nach Berlin&quot;},&quot;price&quot;:511,&quot;status&quot;:&quot;available&quot;,&quot;language_hidden&quot;:[],&quot;startIncrement&quot;:0,&quot;endIncrement&quot;:0,&quot;var_name&quot;:&quot;flights2&quot;,&quot;category_label&quot;:{&quot;en&quot;:&quot;&quot;,&quot;nl&quot;:&quot;Vluchten&quot;,&quot;fr&quot;:&quot;Vols&quot;,&quot;de&quot;:&quot;Fl\\u00fcge&quot;}},{&quot;value&quot;:&quot;Hamburg&quot;,&quot;label&quot;:{&quot;en&quot;:&quot;&quot;,&quot;nl&quot;:&quot;Heen- en retourvlucht Hamburg&quot;,&quot;fr&quot;:&quot;Vol aller-retour pour Hambourg&quot;,&quot;de&quot;:&quot;Voll Hin- und R\\u00fcckfahrt nach Hamburg&quot;},&quot;price&quot;:700,&quot;status&quot;:&quot;available&quot;,&quot;language_hidden&quot;:[],&quot;startIncrement&quot;:0,&quot;endIncrement&quot;:0,&quot;var_name&quot;:&quot;flights2&quot;,&quot;category_label&quot;:{&quot;en&quot;:&quot;&quot;,&quot;nl&quot;:&quot;Vluchten&quot;,&quot;fr&quot;:&quot;Vols&quot;,&quot;de&quot;:&quot;Fl\\u00fcge&quot;}},{&quot;value&quot;:&quot;M\\u00fcnchen&quot;,&quot;label&quot;:{&quot;en&quot;:&quot;&quot;,&quot;nl&quot;:&quot;Heen- en retourvlucht M\\u00fcnchen&quot;,&quot;fr&quot;:&quot;Vol aller-retour pour Munich&quot;,&quot;de&quot;:&quot;Voll retour nach M\\u00fcnchen&quot;},&quot;price&quot;:990,&quot;status&quot;:&quot;available&quot;,&quot;language_hidden&quot;:[],&quot;startIncrement&quot;:0,&quot;endIncrement&quot;:0,&quot;var_name&quot;:&quot;flights2&quot;,&quot;category_label&quot;:{&quot;en&quot;:&quot;&quot;,&quot;nl&quot;:&quot;Vluchten&quot;,&quot;fr&quot;:&quot;Vols&quot;,&quot;de&quot;:&quot;Fl\\u00fcge&quot;}},{&quot;value&quot;:&quot;no flights&quot;,&quot;label&quot;:{&quot;en&quot;:&quot;&quot;,&quot;nl&quot;:&quot;Geen vluchten&quot;,&quot;fr&quot;:&quot;Pas de vol&quot;,&quot;de&quot;:&quot;Keine Pl\\u00e4tze mehr&quot;},&quot;price&quot;:0,&quot;status&quot;:&quot;available&quot;,&quot;language_hidden&quot;:[],&quot;startIncrement&quot;:0,&quot;endIncrement&quot;:0,&quot;var_name&quot;:&quot;flights2&quot;,&quot;category_label&quot;:{&quot;en&quot;:&quot;&quot;,&quot;nl&quot;:&quot;Vluchten&quot;,&quot;fr&quot;:&quot;Vols&quot;,&quot;de&quot;:&quot;Fl\\u00fcge&quot;}}],&quot;bookable&quot;:true,&quot;bookingUrl&quot;:&quot;https:\\\/\\\/booking.travelbase.eu\\\/jn26a\\\/book?trip=11395&quot;,&quot;packageId&quot;:&quot;JN-JN&quot;}},{&quot;type&quot;:&quot;departures&quot;,&quot;id&quot;:&quot;t11404&quot;,&quot;attributes&quot;:{&quot;name&quot;:&quot;JN26A-W39-SUN&quot;,&quot;start&quot;:&quot;2026-09-20T10:00:00.000000Z&quot;,&quot;end&quot;:&quot;2026-09-27T12:00:00.000000Z&quot;,&quot;cheapestPrice&quot;:690,&quot;languages&quot;:[&quot;nl&quot;,&quot;fr&quot;,&quot;de&quot;],&quot;availableSpots&quot;:11,&quot;bookedSpots&quot;:0,&quot;fakeLabel&quot;:&quot;&quot;,&quot;availabilityLabel&quot;:&quot;&quot;,&quot;promoLabel&quot;:null,&quot;calendarToggles&quot;:[{&quot;value&quot;:&quot;Brussels&quot;,&quot;label&quot;:{&quot;en&quot;:&quot;&quot;,&quot;nl&quot;:&quot;Heen- en retourvlucht Brussel&quot;,&quot;fr&quot;:&quot;Vols aller\\\/retour depuis Bruxelles&quot;,&quot;de&quot;:&quot;Fl\\u00fcge hin\\\/zur\\u00fcck von Br\\u00fcssel&quot;},&quot;price&quot;:470,&quot;status&quot;:&quot;available&quot;,&quot;language_hidden&quot;:[],&quot;startIncrement&quot;:0,&quot;endIncrement&quot;:0,&quot;var_name&quot;:&quot;flights2&quot;,&quot;category_label&quot;:{&quot;en&quot;:&quot;&quot;,&quot;nl&quot;:&quot;Vluchten&quot;,&quot;fr&quot;:&quot;Vols&quot;,&quot;de&quot;:&quot;Fl\\u00fcge&quot;}},{&quot;value&quot;:&quot;Amsterdam&quot;,&quot;label&quot;:{&quot;en&quot;:&quot;&quot;,&quot;nl&quot;:&quot;Heen- en retourvlucht Amsterdam&quot;,&quot;fr&quot;:&quot;Vols aller\\\/retour depuis Amsterdam&quot;,&quot;de&quot;:&quot;Fl\\u00fcge Hin\\\/R\\u00fcck von Amsterdam&quot;},&quot;price&quot;:485,&quot;status&quot;:&quot;available&quot;,&quot;language_hidden&quot;:[],&quot;startIncrement&quot;:0,&quot;endIncrement&quot;:0,&quot;var_name&quot;:&quot;flights2&quot;,&quot;category_label&quot;:{&quot;en&quot;:&quot;&quot;,&quot;nl&quot;:&quot;Vluchten&quot;,&quot;fr&quot;:&quot;Vols&quot;,&quot;de&quot;:&quot;Fl\\u00fcge&quot;}},{&quot;value&quot;:&quot;Paris&quot;,&quot;label&quot;:{&quot;en&quot;:&quot;&quot;,&quot;nl&quot;:&quot;Heen- en retourvlucht Parijs&quot;,&quot;fr&quot;:&quot;Vols aller\\\/retour depuis Paris&quot;,&quot;de&quot;:&quot;Fl\\u00fcge Hin\\\/R\\u00fcck von Paris&quot;},&quot;price&quot;:false,&quot;status&quot;:&quot;disabled&quot;,&quot;language_hidden&quot;:[],&quot;startIncrement&quot;:0,&quot;endIncrement&quot;:0,&quot;var_name&quot;:&quot;flights2&quot;,&quot;category_label&quot;:{&quot;en&quot;:&quot;&quot;,&quot;nl&quot;:&quot;Vluchten&quot;,&quot;fr&quot;:&quot;Vols&quot;,&quot;de&quot;:&quot;Fl\\u00fcge&quot;}},{&quot;value&quot;:&quot;Dusseldorf&quot;,&quot;label&quot;:{&quot;en&quot;:&quot;&quot;,&quot;nl&quot;:&quot;Heen- en retourvlucht D\\u00fcsseldorf&quot;,&quot;fr&quot;:&quot;Vols aller\\\/retour depuis Dusseldorf &quot;,&quot;de&quot;:&quot;Fl\\u00fcge hin\\\/zur\\u00fcck von D\\u00fcsseldorf&quot;},&quot;price&quot;:false,&quot;status&quot;:&quot;disabled&quot;,&quot;language_hidden&quot;:[],&quot;startIncrement&quot;:0,&quot;endIncrement&quot;:0,&quot;var_name&quot;:&quot;flights2&quot;,&quot;category_label&quot;:{&quot;en&quot;:&quot;&quot;,&quot;nl&quot;:&quot;Vluchten&quot;,&quot;fr&quot;:&quot;Vols&quot;,&quot;de&quot;:&quot;Fl\\u00fcge&quot;}},{&quot;value&quot;:&quot;Frankfurt&quot;,&quot;label&quot;:{&quot;en&quot;:&quot;&quot;,&quot;nl&quot;:&quot;Heen- en retourvlucht Frankfurt&quot;,&quot;fr&quot;:&quot;Vol aller-retour vers Francfort&quot;,&quot;de&quot;:&quot;Voll Hin- und R\\u00fcckflug nach Frankfurt&quot;},&quot;price&quot;:false,&quot;status&quot;:&quot;disabled&quot;,&quot;language_hidden&quot;:[],&quot;startIncrement&quot;:0,&quot;endIncrement&quot;:0,&quot;var_name&quot;:&quot;flights2&quot;,&quot;category_label&quot;:{&quot;en&quot;:&quot;&quot;,&quot;nl&quot;:&quot;Vluchten&quot;,&quot;fr&quot;:&quot;Vols&quot;,&quot;de&quot;:&quot;Fl\\u00fcge&quot;}},{&quot;value&quot;:&quot;Berlin&quot;,&quot;label&quot;:{&quot;en&quot;:&quot;&quot;,&quot;nl&quot;:&quot;Heen- en retourvlucht Berlijn&quot;,&quot;fr&quot;:&quot;Vol aller-retour pour Berlin&quot;,&quot;de&quot;:&quot;Vol Hin- und R\\u00fcckflug nach Berlin&quot;},&quot;price&quot;:false,&quot;status&quot;:&quot;disabled&quot;,&quot;language_hidden&quot;:[],&quot;startIncrement&quot;:0,&quot;endIncrement&quot;:0,&quot;var_name&quot;:&quot;flights2&quot;,&quot;category_label&quot;:{&quot;en&quot;:&quot;&quot;,&quot;nl&quot;:&quot;Vluchten&quot;,&quot;fr&quot;:&quot;Vols&quot;,&quot;de&quot;:&quot;Fl\\u00fcge&quot;}},{&quot;value&quot;:&quot;Hamburg&quot;,&quot;label&quot;:{&quot;en&quot;:&quot;&quot;,&quot;nl&quot;:&quot;Heen- en retourvlucht Hamburg&quot;,&quot;fr&quot;:&quot;Vol aller-retour pour Hambourg&quot;,&quot;de&quot;:&quot;Voll Hin- und R\\u00fcckfahrt nach Hamburg&quot;},&quot;price&quot;:false,&quot;status&quot;:&quot;disabled&quot;,&quot;language_hidden&quot;:[],&quot;startIncrement&quot;:0,&quot;endIncrement&quot;:0,&quot;var_name&quot;:&quot;flights2&quot;,&quot;category_label&quot;:{&quot;en&quot;:&quot;&quot;,&quot;nl&quot;:&quot;Vluchten&quot;,&quot;fr&quot;:&quot;Vols&quot;,&quot;de&quot;:&quot;Fl\\u00fcge&quot;}},{&quot;value&quot;:&quot;M\\u00fcnchen&quot;,&quot;label&quot;:{&quot;en&quot;:&quot;&quot;,&quot;nl&quot;:&quot;Heen- en retourvlucht M\\u00fcnchen&quot;,&quot;fr&quot;:&quot;Vol aller-retour pour Munich&quot;,&quot;de&quot;:&quot;Voll retour nach M\\u00fcnchen&quot;},&quot;price&quot;:false,&quot;status&quot;:&quot;disabled&quot;,&quot;language_hidden&quot;:[],&quot;startIncrement&quot;:0,&quot;endIncrement&quot;:0,&quot;var_name&quot;:&quot;flights2&quot;,&quot;category_label&quot;:{&quot;en&quot;:&quot;&quot;,&quot;nl&quot;:&quot;Vluchten&quot;,&quot;fr&quot;:&quot;Vols&quot;,&quot;de&quot;:&quot;Fl\\u00fcge&quot;}},{&quot;value&quot;:&quot;no flights&quot;,&quot;label&quot;:{&quot;en&quot;:&quot;&quot;,&quot;nl&quot;:&quot;Geen vluchten&quot;,&quot;fr&quot;:&quot;Pas de vol&quot;,&quot;de&quot;:&quot;Keine Pl\\u00e4tze mehr&quot;},&quot;price&quot;:0,&quot;status&quot;:&quot;available&quot;,&quot;language_hidden&quot;:[],&quot;startIncrement&quot;:0,&quot;endIncrement&quot;:0,&quot;var_name&quot;:&quot;flights2&quot;,&quot;category_label&quot;:{&quot;en&quot;:&quot;&quot;,&quot;nl&quot;:&quot;Vluchten&quot;,&quot;fr&quot;:&quot;Vols&quot;,&quot;de&quot;:&quot;Fl\\u00fcge&quot;}}],&quot;bookable&quot;:true,&quot;bookingUrl&quot;:&quot;https:\\\/\\\/booking.travelbase.eu\\\/jn26a\\\/book?trip=11404&quot;,&quot;packageId&quot;:&quot;JN-JN&quot;}},{&quot;type&quot;:&quot;departures&quot;,&quot;id&quot;:&quot;t11396&quot;,&quot;attributes&quot;:{&quot;name&quot;:&quot;JN26A-W39-WED&quot;,&quot;start&quot;:&quot;2026-09-23T10:00:00.000000Z&quot;,&quot;end&quot;:&quot;2026-09-30T12:00:00.000000Z&quot;,&quot;cheapestPrice&quot;:690,&quot;languages&quot;:[&quot;nl&quot;,&quot;fr&quot;,&quot;de&quot;],&quot;availableSpots&quot;:11,&quot;bookedSpots&quot;:0,&quot;fakeLabel&quot;:&quot;&quot;,&quot;availabilityLabel&quot;:&quot;&quot;,&quot;promoLabel&quot;:null,&quot;calendarToggles&quot;:[{&quot;value&quot;:&quot;Brussels&quot;,&quot;label&quot;:{&quot;en&quot;:&quot;&quot;,&quot;nl&quot;:&quot;Heen- en retourvlucht Brussel&quot;,&quot;fr&quot;:&quot;Vols aller\\\/retour depuis Bruxelles&quot;,&quot;de&quot;:&quot;Fl\\u00fcge hin\\\/zur\\u00fcck von Br\\u00fcssel&quot;},&quot;price&quot;:false,&quot;status&quot;:&quot;disabled&quot;,&quot;language_hidden&quot;:[],&quot;startIncrement&quot;:0,&quot;endIncrement&quot;:0,&quot;var_name&quot;:&quot;flights2&quot;,&quot;category_label&quot;:{&quot;en&quot;:&quot;&quot;,&quot;nl&quot;:&quot;Vluchten&quot;,&quot;fr&quot;:&quot;Vols&quot;,&quot;de&quot;:&quot;Fl\\u00fcge&quot;}},{&quot;value&quot;:&quot;Amsterdam&quot;,&quot;label&quot;:{&quot;en&quot;:&quot;&quot;,&quot;nl&quot;:&quot;Heen- en retourvlucht Amsterdam&quot;,&quot;fr&quot;:&quot;Vols aller\\\/retour depuis Amsterdam&quot;,&quot;de&quot;:&quot;Fl\\u00fcge Hin\\\/R\\u00fcck von Amsterdam&quot;},&quot;price&quot;:485,&quot;status&quot;:&quot;available&quot;,&quot;language_hidden&quot;:[],&quot;startIncrement&quot;:0,&quot;endIncrement&quot;:0,&quot;var_name&quot;:&quot;flights2&quot;,&quot;category_label&quot;:{&quot;en&quot;:&quot;&quot;,&quot;nl&quot;:&quot;Vluchten&quot;,&quot;fr&quot;:&quot;Vols&quot;,&quot;de&quot;:&quot;Fl\\u00fcge&quot;}},{&quot;value&quot;:&quot;Paris&quot;,&quot;label&quot;:{&quot;en&quot;:&quot;&quot;,&quot;nl&quot;:&quot;Heen- en retourvlucht Parijs&quot;,&quot;fr&quot;:&quot;Vols aller\\\/retour depuis Paris&quot;,&quot;de&quot;:&quot;Fl\\u00fcge Hin\\\/R\\u00fcck von Paris&quot;},&quot;price&quot;:485,&quot;status&quot;:&quot;available&quot;,&quot;language_hidden&quot;:[],&quot;startIncrement&quot;:0,&quot;endIncrement&quot;:0,&quot;var_name&quot;:&quot;flights2&quot;,&quot;category_label&quot;:{&quot;en&quot;:&quot;&quot;,&quot;nl&quot;:&quot;Vluchten&quot;,&quot;fr&quot;:&quot;Vols&quot;,&quot;de&quot;:&quot;Fl\\u00fcge&quot;}},{&quot;value&quot;:&quot;Dusseldorf&quot;,&quot;label&quot;:{&quot;en&quot;:&quot;&quot;,&quot;nl&quot;:&quot;Heen- en retourvlucht D\\u00fcsseldorf&quot;,&quot;fr&quot;:&quot;Vols aller\\\/retour depuis Dusseldorf &quot;,&quot;de&quot;:&quot;Fl\\u00fcge hin\\\/zur\\u00fcck von D\\u00fcsseldorf&quot;},&quot;price&quot;:false,&quot;status&quot;:&quot;disabled&quot;,&quot;language_hidden&quot;:[],&quot;startIncrement&quot;:0,&quot;endIncrement&quot;:0,&quot;var_name&quot;:&quot;flights2&quot;,&quot;category_label&quot;:{&quot;en&quot;:&quot;&quot;,&quot;nl&quot;:&quot;Vluchten&quot;,&quot;fr&quot;:&quot;Vols&quot;,&quot;de&quot;:&quot;Fl\\u00fcge&quot;}},{&quot;value&quot;:&quot;Frankfurt&quot;,&quot;label&quot;:{&quot;en&quot;:&quot;&quot;,&quot;nl&quot;:&quot;Heen- en retourvlucht Frankfurt&quot;,&quot;fr&quot;:&quot;Vol aller-retour vers Francfort&quot;,&quot;de&quot;:&quot;Voll Hin- und R\\u00fcckflug nach Frankfurt&quot;},&quot;price&quot;:false,&quot;status&quot;:&quot;disabled&quot;,&quot;language_hidden&quot;:[],&quot;startIncrement&quot;:0,&quot;endIncrement&quot;:0,&quot;var_name&quot;:&quot;flights2&quot;,&quot;category_label&quot;:{&quot;en&quot;:&quot;&quot;,&quot;nl&quot;:&quot;Vluchten&quot;,&quot;fr&quot;:&quot;Vols&quot;,&quot;de&quot;:&quot;Fl\\u00fcge&quot;}},{&quot;value&quot;:&quot;Berlin&quot;,&quot;label&quot;:{&quot;en&quot;:&quot;&quot;,&quot;nl&quot;:&quot;Heen- en retourvlucht Berlijn&quot;,&quot;fr&quot;:&quot;Vol aller-retour pour Berlin&quot;,&quot;de&quot;:&quot;Vol Hin- und R\\u00fcckflug nach Berlin&quot;},&quot;price&quot;:501,&quot;status&quot;:&quot;available&quot;,&quot;language_hidden&quot;:[],&quot;startIncrement&quot;:0,&quot;endIncrement&quot;:0,&quot;var_name&quot;:&quot;flights2&quot;,&quot;category_label&quot;:{&quot;en&quot;:&quot;&quot;,&quot;nl&quot;:&quot;Vluchten&quot;,&quot;fr&quot;:&quot;Vols&quot;,&quot;de&quot;:&quot;Fl\\u00fcge&quot;}},{&quot;value&quot;:&quot;Hamburg&quot;,&quot;label&quot;:{&quot;en&quot;:&quot;&quot;,&quot;nl&quot;:&quot;Heen- en retourvlucht Hamburg&quot;,&quot;fr&quot;:&quot;Vol aller-retour pour Hambourg&quot;,&quot;de&quot;:&quot;Voll Hin- und R\\u00fcckfahrt nach Hamburg&quot;},&quot;price&quot;:700,&quot;status&quot;:&quot;available&quot;,&quot;language_hidden&quot;:[],&quot;startIncrement&quot;:0,&quot;endIncrement&quot;:0,&quot;var_name&quot;:&quot;flights2&quot;,&quot;category_label&quot;:{&quot;en&quot;:&quot;&quot;,&quot;nl&quot;:&quot;Vluchten&quot;,&quot;fr&quot;:&quot;Vols&quot;,&quot;de&quot;:&quot;Fl\\u00fcge&quot;}},{&quot;value&quot;:&quot;M\\u00fcnchen&quot;,&quot;label&quot;:{&quot;en&quot;:&quot;&quot;,&quot;nl&quot;:&quot;Heen- en retourvlucht M\\u00fcnchen&quot;,&quot;fr&quot;:&quot;Vol aller-retour pour Munich&quot;,&quot;de&quot;:&quot;Voll retour nach M\\u00fcnchen&quot;},&quot;price&quot;:990,&quot;status&quot;:&quot;available&quot;,&quot;language_hidden&quot;:[],&quot;startIncrement&quot;:0,&quot;endIncrement&quot;:0,&quot;var_name&quot;:&quot;flights2&quot;,&quot;category_label&quot;:{&quot;en&quot;:&quot;&quot;,&quot;nl&quot;:&quot;Vluchten&quot;,&quot;fr&quot;:&quot;Vols&quot;,&quot;de&quot;:&quot;Fl\\u00fcge&quot;}},{&quot;value&quot;:&quot;no flights&quot;,&quot;label&quot;:{&quot;en&quot;:&quot;&quot;,&quot;nl&quot;:&quot;Geen vluchten&quot;,&quot;fr&quot;:&quot;Pas de vol&quot;,&quot;de&quot;:&quot;Keine Pl\\u00e4tze mehr&quot;},&quot;price&quot;:0,&quot;status&quot;:&quot;available&quot;,&quot;language_hidden&quot;:[],&quot;startIncrement&quot;:0,&quot;endIncrement&quot;:0,&quot;var_name&quot;:&quot;flights2&quot;,&quot;category_label&quot;:{&quot;en&quot;:&quot;&quot;,&quot;nl&quot;:&quot;Vluchten&quot;,&quot;fr&quot;:&quot;Vols&quot;,&quot;de&quot;:&quot;Fl\\u00fcge&quot;}}],&quot;bookable&quot;:true,&quot;bookingUrl&quot;:&quot;https:\\\/\\\/booking.travelbase.eu\\\/jn26a\\\/book?trip=11396&quot;,&quot;packageId&quot;:&quot;JN-JN&quot;}},{&quot;type&quot;:&quot;departures&quot;,&quot;id&quot;:&quot;t11405&quot;,&quot;attributes&quot;:{&quot;name&quot;:&quot;JN26A-W40-SUN&quot;,&quot;start&quot;:&quot;2026-09-27T10:00:00.000000Z&quot;,&quot;end&quot;:&quot;2026-10-04T12:00:00.000000Z&quot;,&quot;cheapestPrice&quot;:690,&quot;languages&quot;:[&quot;nl&quot;,&quot;fr&quot;,&quot;de&quot;],&quot;availableSpots&quot;:7,&quot;bookedSpots&quot;:2,&quot;fakeLabel&quot;:&quot;&quot;,&quot;availabilityLabel&quot;:&quot;&quot;,&quot;promoLabel&quot;:null,&quot;calendarToggles&quot;:[{&quot;value&quot;:&quot;Brussels&quot;,&quot;label&quot;:{&quot;en&quot;:&quot;&quot;,&quot;nl&quot;:&quot;Heen- en retourvlucht Brussel&quot;,&quot;fr&quot;:&quot;Vols aller\\\/retour depuis Bruxelles&quot;,&quot;de&quot;:&quot;Fl\\u00fcge hin\\\/zur\\u00fcck von Br\\u00fcssel&quot;},&quot;price&quot;:495,&quot;status&quot;:&quot;available&quot;,&quot;language_hidden&quot;:[],&quot;startIncrement&quot;:0,&quot;endIncrement&quot;:0,&quot;var_name&quot;:&quot;flights2&quot;,&quot;category_label&quot;:{&quot;en&quot;:&quot;&quot;,&quot;nl&quot;:&quot;Vluchten&quot;,&quot;fr&quot;:&quot;Vols&quot;,&quot;de&quot;:&quot;Fl\\u00fcge&quot;}},{&quot;value&quot;:&quot;Amsterdam&quot;,&quot;label&quot;:{&quot;en&quot;:&quot;&quot;,&quot;nl&quot;:&quot;Heen- en retourvlucht Amsterdam&quot;,&quot;fr&quot;:&quot;Vols aller\\\/retour depuis Amsterdam&quot;,&quot;de&quot;:&quot;Fl\\u00fcge Hin\\\/R\\u00fcck von Amsterdam&quot;},&quot;price&quot;:495,&quot;status&quot;:&quot;available&quot;,&quot;language_hidden&quot;:[],&quot;startIncrement&quot;:0,&quot;endIncrement&quot;:0,&quot;var_name&quot;:&quot;flights2&quot;,&quot;category_label&quot;:{&quot;en&quot;:&quot;&quot;,&quot;nl&quot;:&quot;Vluchten&quot;,&quot;fr&quot;:&quot;Vols&quot;,&quot;de&quot;:&quot;Fl\\u00fcge&quot;}},{&quot;value&quot;:&quot;Paris&quot;,&quot;label&quot;:{&quot;en&quot;:&quot;&quot;,&quot;nl&quot;:&quot;Heen- en retourvlucht Parijs&quot;,&quot;fr&quot;:&quot;Vols aller\\\/retour depuis Paris&quot;,&quot;de&quot;:&quot;Fl\\u00fcge Hin\\\/R\\u00fcck von Paris&quot;},&quot;price&quot;:false,&quot;status&quot;:&quot;disabled&quot;,&quot;language_hidden&quot;:[],&quot;startIncrement&quot;:0,&quot;endIncrement&quot;:0,&quot;var_name&quot;:&quot;flights2&quot;,&quot;category_label&quot;:{&quot;en&quot;:&quot;&quot;,&quot;nl&quot;:&quot;Vluchten&quot;,&quot;fr&quot;:&quot;Vols&quot;,&quot;de&quot;:&quot;Fl\\u00fcge&quot;}},{&quot;value&quot;:&quot;Dusseldorf&quot;,&quot;label&quot;:{&quot;en&quot;:&quot;&quot;,&quot;nl&quot;:&quot;Heen- en retourvlucht D\\u00fcsseldorf&quot;,&quot;fr&quot;:&quot;Vols aller\\\/retour depuis Dusseldorf &quot;,&quot;de&quot;:&quot;Fl\\u00fcge hin\\\/zur\\u00fcck von D\\u00fcsseldorf&quot;},&quot;price&quot;:false,&quot;status&quot;:&quot;disabled&quot;,&quot;language_hidden&quot;:[],&quot;startIncrement&quot;:0,&quot;endIncrement&quot;:0,&quot;var_name&quot;:&quot;flights2&quot;,&quot;category_label&quot;:{&quot;en&quot;:&quot;&quot;,&quot;nl&quot;:&quot;Vluchten&quot;,&quot;fr&quot;:&quot;Vols&quot;,&quot;de&quot;:&quot;Fl\\u00fcge&quot;}},{&quot;value&quot;:&quot;Frankfurt&quot;,&quot;label&quot;:{&quot;en&quot;:&quot;&quot;,&quot;nl&quot;:&quot;Heen- en retourvlucht Frankfurt&quot;,&quot;fr&quot;:&quot;Vol aller-retour vers Francfort&quot;,&quot;de&quot;:&quot;Voll Hin- und R\\u00fcckflug nach Frankfurt&quot;},&quot;price&quot;:false,&quot;status&quot;:&quot;disabled&quot;,&quot;language_hidden&quot;:[],&quot;startIncrement&quot;:0,&quot;endIncrement&quot;:0,&quot;var_name&quot;:&quot;flights2&quot;,&quot;category_label&quot;:{&quot;en&quot;:&quot;&quot;,&quot;nl&quot;:&quot;Vluchten&quot;,&quot;fr&quot;:&quot;Vols&quot;,&quot;de&quot;:&quot;Fl\\u00fcge&quot;}},{&quot;value&quot;:&quot;Berlin&quot;,&quot;label&quot;:{&quot;en&quot;:&quot;&quot;,&quot;nl&quot;:&quot;Heen- en retourvlucht Berlijn&quot;,&quot;fr&quot;:&quot;Vol aller-retour pour Berlin&quot;,&quot;de&quot;:&quot;Vol Hin- und R\\u00fcckflug nach Berlin&quot;},&quot;price&quot;:false,&quot;status&quot;:&quot;disabled&quot;,&quot;language_hidden&quot;:[],&quot;startIncrement&quot;:0,&quot;endIncrement&quot;:0,&quot;var_name&quot;:&quot;flights2&quot;,&quot;category_label&quot;:{&quot;en&quot;:&quot;&quot;,&quot;nl&quot;:&quot;Vluchten&quot;,&quot;fr&quot;:&quot;Vols&quot;,&quot;de&quot;:&quot;Fl\\u00fcge&quot;}},{&quot;value&quot;:&quot;Hamburg&quot;,&quot;label&quot;:{&quot;en&quot;:&quot;&quot;,&quot;nl&quot;:&quot;Heen- en retourvlucht Hamburg&quot;,&quot;fr&quot;:&quot;Vol aller-retour pour Hambourg&quot;,&quot;de&quot;:&quot;Voll Hin- und R\\u00fcckfahrt nach Hamburg&quot;},&quot;price&quot;:false,&quot;status&quot;:&quot;disabled&quot;,&quot;language_hidden&quot;:[],&quot;startIncrement&quot;:0,&quot;endIncrement&quot;:0,&quot;var_name&quot;:&quot;flights2&quot;,&quot;category_label&quot;:{&quot;en&quot;:&quot;&quot;,&quot;nl&quot;:&quot;Vluchten&quot;,&quot;fr&quot;:&quot;Vols&quot;,&quot;de&quot;:&quot;Fl\\u00fcge&quot;}},{&quot;value&quot;:&quot;M\\u00fcnchen&quot;,&quot;label&quot;:{&quot;en&quot;:&quot;&quot;,&quot;nl&quot;:&quot;Heen- en retourvlucht M\\u00fcnchen&quot;,&quot;fr&quot;:&quot;Vol aller-retour pour Munich&quot;,&quot;de&quot;:&quot;Voll retour nach M\\u00fcnchen&quot;},&quot;price&quot;:false,&quot;status&quot;:&quot;disabled&quot;,&quot;language_hidden&quot;:[],&quot;startIncrement&quot;:0,&quot;endIncrement&quot;:0,&quot;var_name&quot;:&quot;flights2&quot;,&quot;category_label&quot;:{&quot;en&quot;:&quot;&quot;,&quot;nl&quot;:&quot;Vluchten&quot;,&quot;fr&quot;:&quot;Vols&quot;,&quot;de&quot;:&quot;Fl\\u00fcge&quot;}},{&quot;value&quot;:&quot;no flights&quot;,&quot;label&quot;:{&quot;en&quot;:&quot;&quot;,&quot;nl&quot;:&quot;Geen vluchten&quot;,&quot;fr&quot;:&quot;Pas de vol&quot;,&quot;de&quot;:&quot;Keine Pl\\u00e4tze mehr&quot;},&quot;price&quot;:0,&quot;status&quot;:&quot;available&quot;,&quot;language_hidden&quot;:[],&quot;startIncrement&quot;:0,&quot;endIncrement&quot;:0,&quot;var_name&quot;:&quot;flights2&quot;,&quot;category_label&quot;:{&quot;en&quot;:&quot;&quot;,&quot;nl&quot;:&quot;Vluchten&quot;,&quot;fr&quot;:&quot;Vols&quot;,&quot;de&quot;:&quot;Fl\\u00fcge&quot;}}],&quot;bookable&quot;:true,&quot;bookingUrl&quot;:&quot;https:\\\/\\\/booking.travelbase.eu\\\/jn26a\\\/book?trip=11405&quot;,&quot;packageId&quot;:&quot;JN-JN&quot;}},{&quot;type&quot;:&quot;departures&quot;,&quot;id&quot;:&quot;t11397&quot;,&quot;attributes&quot;:{&quot;name&quot;:&quot;JN26A-W40-WED&quot;,&quot;start&quot;:&quot;2026-09-30T10:00:00.000000Z&quot;,&quot;end&quot;:&quot;2026-10-07T12:00:00.000000Z&quot;,&quot;cheapestPrice&quot;:690,&quot;languages&quot;:[&quot;nl&quot;,&quot;fr&quot;,&quot;de&quot;],&quot;availableSpots&quot;:11,&quot;bookedSpots&quot;:0,&quot;fakeLabel&quot;:&quot;&quot;,&quot;availabilityLabel&quot;:&quot;&quot;,&quot;promoLabel&quot;:null,&quot;calendarToggles&quot;:[{&quot;value&quot;:&quot;Brussels&quot;,&quot;label&quot;:{&quot;en&quot;:&quot;&quot;,&quot;nl&quot;:&quot;Heen- en retourvlucht Brussel&quot;,&quot;fr&quot;:&quot;Vols aller\\\/retour depuis Bruxelles&quot;,&quot;de&quot;:&quot;Fl\\u00fcge hin\\\/zur\\u00fcck von Br\\u00fcssel&quot;},&quot;price&quot;:false,&quot;status&quot;:&quot;disabled&quot;,&quot;language_hidden&quot;:[],&quot;startIncrement&quot;:0,&quot;endIncrement&quot;:0,&quot;var_name&quot;:&quot;flights2&quot;,&quot;category_label&quot;:{&quot;en&quot;:&quot;&quot;,&quot;nl&quot;:&quot;Vluchten&quot;,&quot;fr&quot;:&quot;Vols&quot;,&quot;de&quot;:&quot;Fl\\u00fcge&quot;}},{&quot;value&quot;:&quot;Amsterdam&quot;,&quot;label&quot;:{&quot;en&quot;:&quot;&quot;,&quot;nl&quot;:&quot;Heen- en retourvlucht Amsterdam&quot;,&quot;fr&quot;:&quot;Vols aller\\\/retour depuis Amsterdam&quot;,&quot;de&quot;:&quot;Fl\\u00fcge Hin\\\/R\\u00fcck von Amsterdam&quot;},&quot;price&quot;:495,&quot;status&quot;:&quot;available&quot;,&quot;language_hidden&quot;:[],&quot;startIncrement&quot;:0,&quot;endIncrement&quot;:0,&quot;var_name&quot;:&quot;flights2&quot;,&quot;category_label&quot;:{&quot;en&quot;:&quot;&quot;,&quot;nl&quot;:&quot;Vluchten&quot;,&quot;fr&quot;:&quot;Vols&quot;,&quot;de&quot;:&quot;Fl\\u00fcge&quot;}},{&quot;value&quot;:&quot;Paris&quot;,&quot;label&quot;:{&quot;en&quot;:&quot;&quot;,&quot;nl&quot;:&quot;Heen- en retourvlucht Parijs&quot;,&quot;fr&quot;:&quot;Vols aller\\\/retour depuis Paris&quot;,&quot;de&quot;:&quot;Fl\\u00fcge Hin\\\/R\\u00fcck von Paris&quot;},&quot;price&quot;:490,&quot;status&quot;:&quot;available&quot;,&quot;language_hidden&quot;:[],&quot;startIncrement&quot;:0,&quot;endIncrement&quot;:0,&quot;var_name&quot;:&quot;flights2&quot;,&quot;category_label&quot;:{&quot;en&quot;:&quot;&quot;,&quot;nl&quot;:&quot;Vluchten&quot;,&quot;fr&quot;:&quot;Vols&quot;,&quot;de&quot;:&quot;Fl\\u00fcge&quot;}},{&quot;value&quot;:&quot;Dusseldorf&quot;,&quot;label&quot;:{&quot;en&quot;:&quot;&quot;,&quot;nl&quot;:&quot;Heen- en retourvlucht D\\u00fcsseldorf&quot;,&quot;fr&quot;:&quot;Vols aller\\\/retour depuis Dusseldorf &quot;,&quot;de&quot;:&quot;Fl\\u00fcge hin\\\/zur\\u00fcck von D\\u00fcsseldorf&quot;},&quot;price&quot;:false,&quot;status&quot;:&quot;disabled&quot;,&quot;language_hidden&quot;:[],&quot;startIncrement&quot;:0,&quot;endIncrement&quot;:0,&quot;var_name&quot;:&quot;flights2&quot;,&quot;category_label&quot;:{&quot;en&quot;:&quot;&quot;,&quot;nl&quot;:&quot;Vluchten&quot;,&quot;fr&quot;:&quot;Vols&quot;,&quot;de&quot;:&quot;Fl\\u00fcge&quot;}},{&quot;value&quot;:&quot;Frankfurt&quot;,&quot;label&quot;:{&quot;en&quot;:&quot;&quot;,&quot;nl&quot;:&quot;Heen- en retourvlucht Frankfurt&quot;,&quot;fr&quot;:&quot;Vol aller-retour vers Francfort&quot;,&quot;de&quot;:&quot;Voll Hin- und R\\u00fcckflug nach Frankfurt&quot;},&quot;price&quot;:1107,&quot;status&quot;:&quot;available&quot;,&quot;language_hidden&quot;:[],&quot;startIncrement&quot;:0,&quot;endIncrement&quot;:0,&quot;var_name&quot;:&quot;flights2&quot;,&quot;category_label&quot;:{&quot;en&quot;:&quot;&quot;,&quot;nl&quot;:&quot;Vluchten&quot;,&quot;fr&quot;:&quot;Vols&quot;,&quot;de&quot;:&quot;Fl\\u00fcge&quot;}},{&quot;value&quot;:&quot;Berlin&quot;,&quot;label&quot;:{&quot;en&quot;:&quot;&quot;,&quot;nl&quot;:&quot;Heen- en retourvlucht Berlijn&quot;,&quot;fr&quot;:&quot;Vol aller-retour pour Berlin&quot;,&quot;de&quot;:&quot;Vol Hin- und R\\u00fcckflug nach Berlin&quot;},&quot;price&quot;:false,&quot;status&quot;:&quot;disabled&quot;,&quot;language_hidden&quot;:[],&quot;startIncrement&quot;:0,&quot;endIncrement&quot;:0,&quot;var_name&quot;:&quot;flights2&quot;,&quot;category_label&quot;:{&quot;en&quot;:&quot;&quot;,&quot;nl&quot;:&quot;Vluchten&quot;,&quot;fr&quot;:&quot;Vols&quot;,&quot;de&quot;:&quot;Fl\\u00fcge&quot;}},{&quot;value&quot;:&quot;Hamburg&quot;,&quot;label&quot;:{&quot;en&quot;:&quot;&quot;,&quot;nl&quot;:&quot;Heen- en retourvlucht Hamburg&quot;,&quot;fr&quot;:&quot;Vol aller-retour pour Hambourg&quot;,&quot;de&quot;:&quot;Voll Hin- und R\\u00fcckfahrt nach Hamburg&quot;},&quot;price&quot;:700,&quot;status&quot;:&quot;available&quot;,&quot;language_hidden&quot;:[],&quot;startIncrement&quot;:0,&quot;endIncrement&quot;:0,&quot;var_name&quot;:&quot;flights2&quot;,&quot;category_label&quot;:{&quot;en&quot;:&quot;&quot;,&quot;nl&quot;:&quot;Vluchten&quot;,&quot;fr&quot;:&quot;Vols&quot;,&quot;de&quot;:&quot;Fl\\u00fcge&quot;}},{&quot;value&quot;:&quot;M\\u00fcnchen&quot;,&quot;label&quot;:{&quot;en&quot;:&quot;&quot;,&quot;nl&quot;:&quot;Heen- en retourvlucht M\\u00fcnchen&quot;,&quot;fr&quot;:&quot;Vol aller-retour pour Munich&quot;,&quot;de&quot;:&quot;Voll retour nach M\\u00fcnchen&quot;},&quot;price&quot;:703,&quot;status&quot;:&quot;available&quot;,&quot;language_hidden&quot;:[],&quot;startIncrement&quot;:0,&quot;endIncrement&quot;:0,&quot;var_name&quot;:&quot;flights2&quot;,&quot;category_label&quot;:{&quot;en&quot;:&quot;&quot;,&quot;nl&quot;:&quot;Vluchten&quot;,&quot;fr&quot;:&quot;Vols&quot;,&quot;de&quot;:&quot;Fl\\u00fcge&quot;}},{&quot;value&quot;:&quot;no flights&quot;,&quot;label&quot;:{&quot;en&quot;:&quot;&quot;,&quot;nl&quot;:&quot;Geen vluchten&quot;,&quot;fr&quot;:&quot;Pas de vol&quot;,&quot;de&quot;:&quot;Keine Pl\\u00e4tze mehr&quot;},&quot;price&quot;:0,&quot;status&quot;:&quot;available&quot;,&quot;language_hidden&quot;:[],&quot;startIncrement&quot;:0,&quot;endIncrement&quot;:0,&quot;var_name&quot;:&quot;flights2&quot;,&quot;category_label&quot;:{&quot;en&quot;:&quot;&quot;,&quot;nl&quot;:&quot;Vluchten&quot;,&quot;fr&quot;:&quot;Vols&quot;,&quot;de&quot;:&quot;Fl\\u00fcge&quot;}}],&quot;bookable&quot;:true,&quot;bookingUrl&quot;:&quot;https:\\\/\\\/booking.travelbase.eu\\\/jn26a\\\/book?trip=11397&quot;,&quot;packageId&quot;:&quot;JN-JN&quot;}},{&quot;type&quot;:&quot;departures&quot;,&quot;id&quot;:&quot;t11406&quot;,&quot;attributes&quot;:{&quot;name&quot;:&quot;JN26A-W41-SUN&quot;,&quot;start&quot;:&quot;2026-10-04T10:00:00.000000Z&quot;,&quot;end&quot;:&quot;2026-10-11T12:00:00.000000Z&quot;,&quot;cheapestPrice&quot;:690,&quot;languages&quot;:[&quot;nl&quot;,&quot;fr&quot;,&quot;de&quot;],&quot;availableSpots&quot;:11,&quot;bookedSpots&quot;:0,&quot;fakeLabel&quot;:&quot;&quot;,&quot;availabilityLabel&quot;:&quot;&quot;,&quot;promoLabel&quot;:null,&quot;calendarToggles&quot;:[{&quot;value&quot;:&quot;Brussels&quot;,&quot;label&quot;:{&quot;en&quot;:&quot;&quot;,&quot;nl&quot;:&quot;Heen- en retourvlucht Brussel&quot;,&quot;fr&quot;:&quot;Vols aller\\\/retour depuis Bruxelles&quot;,&quot;de&quot;:&quot;Fl\\u00fcge hin\\\/zur\\u00fcck von Br\\u00fcssel&quot;},&quot;price&quot;:495,&quot;status&quot;:&quot;available&quot;,&quot;language_hidden&quot;:[],&quot;startIncrement&quot;:0,&quot;endIncrement&quot;:0,&quot;var_name&quot;:&quot;flights2&quot;,&quot;category_label&quot;:{&quot;en&quot;:&quot;&quot;,&quot;nl&quot;:&quot;Vluchten&quot;,&quot;fr&quot;:&quot;Vols&quot;,&quot;de&quot;:&quot;Fl\\u00fcge&quot;}},{&quot;value&quot;:&quot;Amsterdam&quot;,&quot;label&quot;:{&quot;en&quot;:&quot;&quot;,&quot;nl&quot;:&quot;Heen- en retourvlucht Amsterdam&quot;,&quot;fr&quot;:&quot;Vols aller\\\/retour depuis Amsterdam&quot;,&quot;de&quot;:&quot;Fl\\u00fcge Hin\\\/R\\u00fcck von Amsterdam&quot;},&quot;price&quot;:495,&quot;status&quot;:&quot;available&quot;,&quot;language_hidden&quot;:[],&quot;startIncrement&quot;:0,&quot;endIncrement&quot;:0,&quot;var_name&quot;:&quot;flights2&quot;,&quot;category_label&quot;:{&quot;en&quot;:&quot;&quot;,&quot;nl&quot;:&quot;Vluchten&quot;,&quot;fr&quot;:&quot;Vols&quot;,&quot;de&quot;:&quot;Fl\\u00fcge&quot;}},{&quot;value&quot;:&quot;Paris&quot;,&quot;label&quot;:{&quot;en&quot;:&quot;&quot;,&quot;nl&quot;:&quot;Heen- en retourvlucht Parijs&quot;,&quot;fr&quot;:&quot;Vols aller\\\/retour depuis Paris&quot;,&quot;de&quot;:&quot;Fl\\u00fcge Hin\\\/R\\u00fcck von Paris&quot;},&quot;price&quot;:false,&quot;status&quot;:&quot;disabled&quot;,&quot;language_hidden&quot;:[],&quot;startIncrement&quot;:0,&quot;endIncrement&quot;:0,&quot;var_name&quot;:&quot;flights2&quot;,&quot;category_label&quot;:{&quot;en&quot;:&quot;&quot;,&quot;nl&quot;:&quot;Vluchten&quot;,&quot;fr&quot;:&quot;Vols&quot;,&quot;de&quot;:&quot;Fl\\u00fcge&quot;}},{&quot;value&quot;:&quot;Dusseldorf&quot;,&quot;label&quot;:{&quot;en&quot;:&quot;&quot;,&quot;nl&quot;:&quot;Heen- en retourvlucht D\\u00fcsseldorf&quot;,&quot;fr&quot;:&quot;Vols aller\\\/retour depuis Dusseldorf &quot;,&quot;de&quot;:&quot;Fl\\u00fcge hin\\\/zur\\u00fcck von D\\u00fcsseldorf&quot;},&quot;price&quot;:false,&quot;status&quot;:&quot;disabled&quot;,&quot;language_hidden&quot;:[],&quot;startIncrement&quot;:0,&quot;endIncrement&quot;:0,&quot;var_name&quot;:&quot;flights2&quot;,&quot;category_label&quot;:{&quot;en&quot;:&quot;&quot;,&quot;nl&quot;:&quot;Vluchten&quot;,&quot;fr&quot;:&quot;Vols&quot;,&quot;de&quot;:&quot;Fl\\u00fcge&quot;}},{&quot;value&quot;:&quot;Frankfurt&quot;,&quot;label&quot;:{&quot;en&quot;:&quot;&quot;,&quot;nl&quot;:&quot;Heen- en retourvlucht Frankfurt&quot;,&quot;fr&quot;:&quot;Vol aller-retour vers Francfort&quot;,&quot;de&quot;:&quot;Voll Hin- und R\\u00fcckflug nach Frankfurt&quot;},&quot;price&quot;:false,&quot;status&quot;:&quot;disabled&quot;,&quot;language_hidden&quot;:[],&quot;startIncrement&quot;:0,&quot;endIncrement&quot;:0,&quot;var_name&quot;:&quot;flights2&quot;,&quot;category_label&quot;:{&quot;en&quot;:&quot;&quot;,&quot;nl&quot;:&quot;Vluchten&quot;,&quot;fr&quot;:&quot;Vols&quot;,&quot;de&quot;:&quot;Fl\\u00fcge&quot;}},{&quot;value&quot;:&quot;Berlin&quot;,&quot;label&quot;:{&quot;en&quot;:&quot;&quot;,&quot;nl&quot;:&quot;Heen- en retourvlucht Berlijn&quot;,&quot;fr&quot;:&quot;Vol aller-retour pour Berlin&quot;,&quot;de&quot;:&quot;Vol Hin- und R\\u00fcckflug nach Berlin&quot;},&quot;price&quot;:false,&quot;status&quot;:&quot;disabled&quot;,&quot;language_hidden&quot;:[],&quot;startIncrement&quot;:0,&quot;endIncrement&quot;:0,&quot;var_name&quot;:&quot;flights2&quot;,&quot;category_label&quot;:{&quot;en&quot;:&quot;&quot;,&quot;nl&quot;:&quot;Vluchten&quot;,&quot;fr&quot;:&quot;Vols&quot;,&quot;de&quot;:&quot;Fl\\u00fcge&quot;}},{&quot;value&quot;:&quot;Hamburg&quot;,&quot;label&quot;:{&quot;en&quot;:&quot;&quot;,&quot;nl&quot;:&quot;Heen- en retourvlucht Hamburg&quot;,&quot;fr&quot;:&quot;Vol aller-retour pour Hambourg&quot;,&quot;de&quot;:&quot;Voll Hin- und R\\u00fcckfahrt nach Hamburg&quot;},&quot;price&quot;:false,&quot;status&quot;:&quot;disabled&quot;,&quot;language_hidden&quot;:[],&quot;startIncrement&quot;:0,&quot;endIncrement&quot;:0,&quot;var_name&quot;:&quot;flights2&quot;,&quot;category_label&quot;:{&quot;en&quot;:&quot;&quot;,&quot;nl&quot;:&quot;Vluchten&quot;,&quot;fr&quot;:&quot;Vols&quot;,&quot;de&quot;:&quot;Fl\\u00fcge&quot;}},{&quot;value&quot;:&quot;M\\u00fcnchen&quot;,&quot;label&quot;:{&quot;en&quot;:&quot;&quot;,&quot;nl&quot;:&quot;Heen- en retourvlucht M\\u00fcnchen&quot;,&quot;fr&quot;:&quot;Vol aller-retour pour Munich&quot;,&quot;de&quot;:&quot;Voll retour nach M\\u00fcnchen&quot;},&quot;price&quot;:false,&quot;status&quot;:&quot;disabled&quot;,&quot;language_hidden&quot;:[],&quot;startIncrement&quot;:0,&quot;endIncrement&quot;:0,&quot;var_name&quot;:&quot;flights2&quot;,&quot;category_label&quot;:{&quot;en&quot;:&quot;&quot;,&quot;nl&quot;:&quot;Vluchten&quot;,&quot;fr&quot;:&quot;Vols&quot;,&quot;de&quot;:&quot;Fl\\u00fcge&quot;}},{&quot;value&quot;:&quot;no flights&quot;,&quot;label&quot;:{&quot;en&quot;:&quot;&quot;,&quot;nl&quot;:&quot;Geen vluchten&quot;,&quot;fr&quot;:&quot;Pas de vol&quot;,&quot;de&quot;:&quot;Keine Pl\\u00e4tze mehr&quot;},&quot;price&quot;:0,&quot;status&quot;:&quot;available&quot;,&quot;language_hidden&quot;:[],&quot;startIncrement&quot;:0,&quot;endIncrement&quot;:0,&quot;var_name&quot;:&quot;flights2&quot;,&quot;category_label&quot;:{&quot;en&quot;:&quot;&quot;,&quot;nl&quot;:&quot;Vluchten&quot;,&quot;fr&quot;:&quot;Vols&quot;,&quot;de&quot;:&quot;Fl\\u00fcge&quot;}}],&quot;bookable&quot;:true,&quot;bookingUrl&quot;:&quot;https:\\\/\\\/booking.travelbase.eu\\\/jn26a\\\/book?trip=11406&quot;,&quot;packageId&quot;:&quot;JN-JN&quot;}},{&quot;type&quot;:&quot;departures&quot;,&quot;id&quot;:&quot;t11398&quot;,&quot;attributes&quot;:{&quot;name&quot;:&quot;JN26A-W41-WED&quot;,&quot;start&quot;:&quot;2026-10-07T10:00:00.000000Z&quot;,&quot;end&quot;:&quot;2026-10-14T12:00:00.000000Z&quot;,&quot;cheapestPrice&quot;:690,&quot;languages&quot;:[&quot;nl&quot;,&quot;fr&quot;,&quot;de&quot;],&quot;availableSpots&quot;:7,&quot;bookedSpots&quot;:4,&quot;fakeLabel&quot;:&quot;&quot;,&quot;availabilityLabel&quot;:&quot;&quot;,&quot;promoLabel&quot;:null,&quot;calendarToggles&quot;:[{&quot;value&quot;:&quot;Brussels&quot;,&quot;label&quot;:{&quot;en&quot;:&quot;&quot;,&quot;nl&quot;:&quot;Heen- en retourvlucht Brussel&quot;,&quot;fr&quot;:&quot;Vols aller\\\/retour depuis Bruxelles&quot;,&quot;de&quot;:&quot;Fl\\u00fcge hin\\\/zur\\u00fcck von Br\\u00fcssel&quot;},&quot;price&quot;:false,&quot;status&quot;:&quot;disabled&quot;,&quot;language_hidden&quot;:[],&quot;startIncrement&quot;:0,&quot;endIncrement&quot;:0,&quot;var_name&quot;:&quot;flights2&quot;,&quot;category_label&quot;:{&quot;en&quot;:&quot;&quot;,&quot;nl&quot;:&quot;Vluchten&quot;,&quot;fr&quot;:&quot;Vols&quot;,&quot;de&quot;:&quot;Fl\\u00fcge&quot;}},{&quot;value&quot;:&quot;Amsterdam&quot;,&quot;label&quot;:{&quot;en&quot;:&quot;&quot;,&quot;nl&quot;:&quot;Heen- en retourvlucht Amsterdam&quot;,&quot;fr&quot;:&quot;Vols aller\\\/retour depuis Amsterdam&quot;,&quot;de&quot;:&quot;Fl\\u00fcge Hin\\\/R\\u00fcck von Amsterdam&quot;},&quot;price&quot;:495,&quot;status&quot;:&quot;available&quot;,&quot;language_hidden&quot;:[],&quot;startIncrement&quot;:0,&quot;endIncrement&quot;:0,&quot;var_name&quot;:&quot;flights2&quot;,&quot;category_label&quot;:{&quot;en&quot;:&quot;&quot;,&quot;nl&quot;:&quot;Vluchten&quot;,&quot;fr&quot;:&quot;Vols&quot;,&quot;de&quot;:&quot;Fl\\u00fcge&quot;}},{&quot;value&quot;:&quot;Paris&quot;,&quot;label&quot;:{&quot;en&quot;:&quot;&quot;,&quot;nl&quot;:&quot;Heen- en retourvlucht Parijs&quot;,&quot;fr&quot;:&quot;Vols aller\\\/retour depuis Paris&quot;,&quot;de&quot;:&quot;Fl\\u00fcge Hin\\\/R\\u00fcck von Paris&quot;},&quot;price&quot;:false,&quot;status&quot;:&quot;sold_out&quot;,&quot;language_hidden&quot;:[],&quot;startIncrement&quot;:0,&quot;endIncrement&quot;:0,&quot;var_name&quot;:&quot;flights2&quot;,&quot;category_label&quot;:{&quot;en&quot;:&quot;&quot;,&quot;nl&quot;:&quot;Vluchten&quot;,&quot;fr&quot;:&quot;Vols&quot;,&quot;de&quot;:&quot;Fl\\u00fcge&quot;}},{&quot;value&quot;:&quot;Dusseldorf&quot;,&quot;label&quot;:{&quot;en&quot;:&quot;&quot;,&quot;nl&quot;:&quot;Heen- en retourvlucht D\\u00fcsseldorf&quot;,&quot;fr&quot;:&quot;Vols aller\\\/retour depuis Dusseldorf &quot;,&quot;de&quot;:&quot;Fl\\u00fcge hin\\\/zur\\u00fcck von D\\u00fcsseldorf&quot;},&quot;price&quot;:772,&quot;status&quot;:&quot;available&quot;,&quot;language_hidden&quot;:[],&quot;startIncrement&quot;:0,&quot;endIncrement&quot;:0,&quot;var_name&quot;:&quot;flights2&quot;,&quot;category_label&quot;:{&quot;en&quot;:&quot;&quot;,&quot;nl&quot;:&quot;Vluchten&quot;,&quot;fr&quot;:&quot;Vols&quot;,&quot;de&quot;:&quot;Fl\\u00fcge&quot;}},{&quot;value&quot;:&quot;Frankfurt&quot;,&quot;label&quot;:{&quot;en&quot;:&quot;&quot;,&quot;nl&quot;:&quot;Heen- en retourvlucht Frankfurt&quot;,&quot;fr&quot;:&quot;Vol aller-retour vers Francfort&quot;,&quot;de&quot;:&quot;Voll Hin- und R\\u00fcckflug nach Frankfurt&quot;},&quot;price&quot;:false,&quot;status&quot;:&quot;disabled&quot;,&quot;language_hidden&quot;:[],&quot;startIncrement&quot;:0,&quot;endIncrement&quot;:0,&quot;var_name&quot;:&quot;flights2&quot;,&quot;category_label&quot;:{&quot;en&quot;:&quot;&quot;,&quot;nl&quot;:&quot;Vluchten&quot;,&quot;fr&quot;:&quot;Vols&quot;,&quot;de&quot;:&quot;Fl\\u00fcge&quot;}},{&quot;value&quot;:&quot;Berlin&quot;,&quot;label&quot;:{&quot;en&quot;:&quot;&quot;,&quot;nl&quot;:&quot;Heen- en retourvlucht Berlijn&quot;,&quot;fr&quot;:&quot;Vol aller-retour pour Berlin&quot;,&quot;de&quot;:&quot;Vol Hin- und R\\u00fcckflug nach Berlin&quot;},&quot;price&quot;:false,&quot;status&quot;:&quot;disabled&quot;,&quot;language_hidden&quot;:[],&quot;startIncrement&quot;:0,&quot;endIncrement&quot;:0,&quot;var_name&quot;:&quot;flights2&quot;,&quot;category_label&quot;:{&quot;en&quot;:&quot;&quot;,&quot;nl&quot;:&quot;Vluchten&quot;,&quot;fr&quot;:&quot;Vols&quot;,&quot;de&quot;:&quot;Fl\\u00fcge&quot;}},{&quot;value&quot;:&quot;Hamburg&quot;,&quot;label&quot;:{&quot;en&quot;:&quot;&quot;,&quot;nl&quot;:&quot;Heen- en retourvlucht Hamburg&quot;,&quot;fr&quot;:&quot;Vol aller-retour pour Hambourg&quot;,&quot;de&quot;:&quot;Voll Hin- und R\\u00fcckfahrt nach Hamburg&quot;},&quot;price&quot;:700,&quot;status&quot;:&quot;available&quot;,&quot;language_hidden&quot;:[],&quot;startIncrement&quot;:0,&quot;endIncrement&quot;:0,&quot;var_name&quot;:&quot;flights2&quot;,&quot;category_label&quot;:{&quot;en&quot;:&quot;&quot;,&quot;nl&quot;:&quot;Vluchten&quot;,&quot;fr&quot;:&quot;Vols&quot;,&quot;de&quot;:&quot;Fl\\u00fcge&quot;}},{&quot;value&quot;:&quot;M\\u00fcnchen&quot;,&quot;label&quot;:{&quot;en&quot;:&quot;&quot;,&quot;nl&quot;:&quot;Heen- en retourvlucht M\\u00fcnchen&quot;,&quot;fr&quot;:&quot;Vol aller-retour pour Munich&quot;,&quot;de&quot;:&quot;Voll retour nach M\\u00fcnchen&quot;},&quot;price&quot;:1047,&quot;status&quot;:&quot;available&quot;,&quot;language_hidden&quot;:[],&quot;startIncrement&quot;:0,&quot;endIncrement&quot;:0,&quot;var_name&quot;:&quot;flights2&quot;,&quot;category_label&quot;:{&quot;en&quot;:&quot;&quot;,&quot;nl&quot;:&quot;Vluchten&quot;,&quot;fr&quot;:&quot;Vols&quot;,&quot;de&quot;:&quot;Fl\\u00fcge&quot;}},{&quot;value&quot;:&quot;no flights&quot;,&quot;label&quot;:{&quot;en&quot;:&quot;&quot;,&quot;nl&quot;:&quot;Geen vluchten&quot;,&quot;fr&quot;:&quot;Pas de vol&quot;,&quot;de&quot;:&quot;Keine Pl\\u00e4tze mehr&quot;},&quot;price&quot;:0,&quot;status&quot;:&quot;available&quot;,&quot;language_hidden&quot;:[],&quot;startIncrement&quot;:0,&quot;endIncrement&quot;:0,&quot;var_name&quot;:&quot;flights2&quot;,&quot;category_label&quot;:{&quot;en&quot;:&quot;&quot;,&quot;nl&quot;:&quot;Vluchten&quot;,&quot;fr&quot;:&quot;Vols&quot;,&quot;de&quot;:&quot;Fl\\u00fcge&quot;}}],&quot;bookable&quot;:true,&quot;bookingUrl&quot;:&quot;https:\\\/\\\/booking.travelbase.eu\\\/jn26a\\\/book?trip=11398&quot;,&quot;packageId&quot;:&quot;JN-JN&quot;}},{&quot;type&quot;:&quot;departures&quot;,&quot;id&quot;:&quot;t11407&quot;,&quot;attributes&quot;:{&quot;name&quot;:&quot;JN26A-W42-SUN&quot;,&quot;start&quot;:&quot;2026-10-11T10:00:00.000000Z&quot;,&quot;end&quot;:&quot;2026-10-18T12:00:00.000000Z&quot;,&quot;cheapestPrice&quot;:690,&quot;languages&quot;:[&quot;nl&quot;,&quot;fr&quot;,&quot;de&quot;],&quot;availableSpots&quot;:1,&quot;bookedSpots&quot;:0,&quot;fakeLabel&quot;:&quot;&quot;,&quot;availabilityLabel&quot;:&quot;&quot;,&quot;promoLabel&quot;:null,&quot;calendarToggles&quot;:[{&quot;value&quot;:&quot;Brussels&quot;,&quot;label&quot;:{&quot;en&quot;:&quot;&quot;,&quot;nl&quot;:&quot;Heen- en retourvlucht Brussel&quot;,&quot;fr&quot;:&quot;Vols aller\\\/retour depuis Bruxelles&quot;,&quot;de&quot;:&quot;Fl\\u00fcge hin\\\/zur\\u00fcck von Br\\u00fcssel&quot;},&quot;price&quot;:false,&quot;status&quot;:&quot;disabled&quot;,&quot;language_hidden&quot;:[],&quot;startIncrement&quot;:0,&quot;endIncrement&quot;:0,&quot;var_name&quot;:&quot;flights2&quot;,&quot;category_label&quot;:{&quot;en&quot;:&quot;&quot;,&quot;nl&quot;:&quot;Vluchten&quot;,&quot;fr&quot;:&quot;Vols&quot;,&quot;de&quot;:&quot;Fl\\u00fcge&quot;}},{&quot;value&quot;:&quot;Amsterdam&quot;,&quot;label&quot;:{&quot;en&quot;:&quot;&quot;,&quot;nl&quot;:&quot;Heen- en retourvlucht Amsterdam&quot;,&quot;fr&quot;:&quot;Vols aller\\\/retour depuis Amsterdam&quot;,&quot;de&quot;:&quot;Fl\\u00fcge Hin\\\/R\\u00fcck von Amsterdam&quot;},&quot;price&quot;:false,&quot;status&quot;:&quot;disabled&quot;,&quot;language_hidden&quot;:[],&quot;startIncrement&quot;:0,&quot;endIncrement&quot;:0,&quot;var_name&quot;:&quot;flights2&quot;,&quot;category_label&quot;:{&quot;en&quot;:&quot;&quot;,&quot;nl&quot;:&quot;Vluchten&quot;,&quot;fr&quot;:&quot;Vols&quot;,&quot;de&quot;:&quot;Fl\\u00fcge&quot;}},{&quot;value&quot;:&quot;Paris&quot;,&quot;label&quot;:{&quot;en&quot;:&quot;&quot;,&quot;nl&quot;:&quot;Heen- en retourvlucht Parijs&quot;,&quot;fr&quot;:&quot;Vols aller\\\/retour depuis Paris&quot;,&quot;de&quot;:&quot;Fl\\u00fcge Hin\\\/R\\u00fcck von Paris&quot;},&quot;price&quot;:false,&quot;status&quot;:&quot;disabled&quot;,&quot;language_hidden&quot;:[],&quot;startIncrement&quot;:0,&quot;endIncrement&quot;:0,&quot;var_name&quot;:&quot;flights2&quot;,&quot;category_label&quot;:{&quot;en&quot;:&quot;&quot;,&quot;nl&quot;:&quot;Vluchten&quot;,&quot;fr&quot;:&quot;Vols&quot;,&quot;de&quot;:&quot;Fl\\u00fcge&quot;}},{&quot;value&quot;:&quot;Dusseldorf&quot;,&quot;label&quot;:{&quot;en&quot;:&quot;&quot;,&quot;nl&quot;:&quot;Heen- en retourvlucht D\\u00fcsseldorf&quot;,&quot;fr&quot;:&quot;Vols aller\\\/retour depuis Dusseldorf &quot;,&quot;de&quot;:&quot;Fl\\u00fcge hin\\\/zur\\u00fcck von D\\u00fcsseldorf&quot;},&quot;price&quot;:false,&quot;status&quot;:&quot;disabled&quot;,&quot;language_hidden&quot;:[],&quot;startIncrement&quot;:0,&quot;endIncrement&quot;:0,&quot;var_name&quot;:&quot;flights2&quot;,&quot;category_label&quot;:{&quot;en&quot;:&quot;&quot;,&quot;nl&quot;:&quot;Vluchten&quot;,&quot;fr&quot;:&quot;Vols&quot;,&quot;de&quot;:&quot;Fl\\u00fcge&quot;}},{&quot;value&quot;:&quot;Frankfurt&quot;,&quot;label&quot;:{&quot;en&quot;:&quot;&quot;,&quot;nl&quot;:&quot;Heen- en retourvlucht Frankfurt&quot;,&quot;fr&quot;:&quot;Vol aller-retour vers Francfort&quot;,&quot;de&quot;:&quot;Voll Hin- und R\\u00fcckflug nach Frankfurt&quot;},&quot;price&quot;:false,&quot;status&quot;:&quot;disabled&quot;,&quot;language_hidden&quot;:[],&quot;startIncrement&quot;:0,&quot;endIncrement&quot;:0,&quot;var_name&quot;:&quot;flights2&quot;,&quot;category_label&quot;:{&quot;en&quot;:&quot;&quot;,&quot;nl&quot;:&quot;Vluchten&quot;,&quot;fr&quot;:&quot;Vols&quot;,&quot;de&quot;:&quot;Fl\\u00fcge&quot;}},{&quot;value&quot;:&quot;Berlin&quot;,&quot;label&quot;:{&quot;en&quot;:&quot;&quot;,&quot;nl&quot;:&quot;Heen- en retourvlucht Berlijn&quot;,&quot;fr&quot;:&quot;Vol aller-retour pour Berlin&quot;,&quot;de&quot;:&quot;Vol Hin- und R\\u00fcckflug nach Berlin&quot;},&quot;price&quot;:false,&quot;status&quot;:&quot;disabled&quot;,&quot;language_hidden&quot;:[],&quot;startIncrement&quot;:0,&quot;endIncrement&quot;:0,&quot;var_name&quot;:&quot;flights2&quot;,&quot;category_label&quot;:{&quot;en&quot;:&quot;&quot;,&quot;nl&quot;:&quot;Vluchten&quot;,&quot;fr&quot;:&quot;Vols&quot;,&quot;de&quot;:&quot;Fl\\u00fcge&quot;}},{&quot;value&quot;:&quot;Hamburg&quot;,&quot;label&quot;:{&quot;en&quot;:&quot;&quot;,&quot;nl&quot;:&quot;Heen- en retourvlucht Hamburg&quot;,&quot;fr&quot;:&quot;Vol aller-retour pour Hambourg&quot;,&quot;de&quot;:&quot;Voll Hin- und R\\u00fcckfahrt nach Hamburg&quot;},&quot;price&quot;:false,&quot;status&quot;:&quot;disabled&quot;,&quot;language_hidden&quot;:[],&quot;startIncrement&quot;:0,&quot;endIncrement&quot;:0,&quot;var_name&quot;:&quot;flights2&quot;,&quot;category_label&quot;:{&quot;en&quot;:&quot;&quot;,&quot;nl&quot;:&quot;Vluchten&quot;,&quot;fr&quot;:&quot;Vols&quot;,&quot;de&quot;:&quot;Fl\\u00fcge&quot;}},{&quot;value&quot;:&quot;M\\u00fcnchen&quot;,&quot;label&quot;:{&quot;en&quot;:&quot;&quot;,&quot;nl&quot;:&quot;Heen- en retourvlucht M\\u00fcnchen&quot;,&quot;fr&quot;:&quot;Vol aller-retour pour Munich&quot;,&quot;de&quot;:&quot;Voll retour nach M\\u00fcnchen&quot;},&quot;price&quot;:0,&quot;status&quot;:&quot;available&quot;,&quot;language_hidden&quot;:[],&quot;startIncrement&quot;:0,&quot;endIncrement&quot;:0,&quot;var_name&quot;:&quot;flights2&quot;,&quot;category_label&quot;:{&quot;en&quot;:&quot;&quot;,&quot;nl&quot;:&quot;Vluchten&quot;,&quot;fr&quot;:&quot;Vols&quot;,&quot;de&quot;:&quot;Fl\\u00fcge&quot;}},{&quot;value&quot;:&quot;no flights&quot;,&quot;label&quot;:{&quot;en&quot;:&quot;&quot;,&quot;nl&quot;:&quot;Geen vluchten&quot;,&quot;fr&quot;:&quot;Pas de vol&quot;,&quot;de&quot;:&quot;Keine Pl\\u00e4tze mehr&quot;},&quot;price&quot;:0,&quot;status&quot;:&quot;available&quot;,&quot;language_hidden&quot;:[],&quot;startIncrement&quot;:0,&quot;endIncrement&quot;:0,&quot;var_name&quot;:&quot;flights2&quot;,&quot;category_label&quot;:{&quot;en&quot;:&quot;&quot;,&quot;nl&quot;:&quot;Vluchten&quot;,&quot;fr&quot;:&quot;Vols&quot;,&quot;de&quot;:&quot;Fl\\u00fcge&quot;}}],&quot;bookable&quot;:true,&quot;bookingUrl&quot;:&quot;https:\\\/\\\/booking.travelbase.eu\\\/jn26a\\\/book?trip=11407&quot;,&quot;packageId&quot;:&quot;JN-JN&quot;}},{&quot;type&quot;:&quot;departures&quot;,&quot;id&quot;:&quot;t11399&quot;,&quot;attributes&quot;:{&quot;name&quot;:&quot;JN26A-W42-WED&quot;,&quot;start&quot;:&quot;2026-10-14T10:00:00.000000Z&quot;,&quot;end&quot;:&quot;2026-10-21T12:00:00.000000Z&quot;,&quot;cheapestPrice&quot;:690,&quot;languages&quot;:[&quot;nl&quot;,&quot;fr&quot;,&quot;de&quot;],&quot;availableSpots&quot;:7,&quot;bookedSpots&quot;:4,&quot;fakeLabel&quot;:&quot;&quot;,&quot;availabilityLabel&quot;:&quot;&quot;,&quot;promoLabel&quot;:null,&quot;calendarToggles&quot;:[{&quot;value&quot;:&quot;Brussels&quot;,&quot;label&quot;:{&quot;en&quot;:&quot;&quot;,&quot;nl&quot;:&quot;Heen- en retourvlucht Brussel&quot;,&quot;fr&quot;:&quot;Vols aller\\\/retour depuis Bruxelles&quot;,&quot;de&quot;:&quot;Fl\\u00fcge hin\\\/zur\\u00fcck von Br\\u00fcssel&quot;},&quot;price&quot;:false,&quot;status&quot;:&quot;disabled&quot;,&quot;language_hidden&quot;:[],&quot;startIncrement&quot;:0,&quot;endIncrement&quot;:0,&quot;var_name&quot;:&quot;flights2&quot;,&quot;category_label&quot;:{&quot;en&quot;:&quot;&quot;,&quot;nl&quot;:&quot;Vluchten&quot;,&quot;fr&quot;:&quot;Vols&quot;,&quot;de&quot;:&quot;Fl\\u00fcge&quot;}},{&quot;value&quot;:&quot;Amsterdam&quot;,&quot;label&quot;:{&quot;en&quot;:&quot;&quot;,&quot;nl&quot;:&quot;Heen- en retourvlucht Amsterdam&quot;,&quot;fr&quot;:&quot;Vols aller\\\/retour depuis Amsterdam&quot;,&quot;de&quot;:&quot;Fl\\u00fcge Hin\\\/R\\u00fcck von Amsterdam&quot;},&quot;price&quot;:515,&quot;status&quot;:&quot;available&quot;,&quot;language_hidden&quot;:[],&quot;startIncrement&quot;:0,&quot;endIncrement&quot;:0,&quot;var_name&quot;:&quot;flights2&quot;,&quot;category_label&quot;:{&quot;en&quot;:&quot;&quot;,&quot;nl&quot;:&quot;Vluchten&quot;,&quot;fr&quot;:&quot;Vols&quot;,&quot;de&quot;:&quot;Fl\\u00fcge&quot;}},{&quot;value&quot;:&quot;Paris&quot;,&quot;label&quot;:{&quot;en&quot;:&quot;&quot;,&quot;nl&quot;:&quot;Heen- en retourvlucht Parijs&quot;,&quot;fr&quot;:&quot;Vols aller\\\/retour depuis Paris&quot;,&quot;de&quot;:&quot;Fl\\u00fcge Hin\\\/R\\u00fcck von Paris&quot;},&quot;price&quot;:495,&quot;status&quot;:&quot;available&quot;,&quot;language_hidden&quot;:[],&quot;startIncrement&quot;:0,&quot;endIncrement&quot;:0,&quot;var_name&quot;:&quot;flights2&quot;,&quot;category_label&quot;:{&quot;en&quot;:&quot;&quot;,&quot;nl&quot;:&quot;Vluchten&quot;,&quot;fr&quot;:&quot;Vols&quot;,&quot;de&quot;:&quot;Fl\\u00fcge&quot;}},{&quot;value&quot;:&quot;Dusseldorf&quot;,&quot;label&quot;:{&quot;en&quot;:&quot;&quot;,&quot;nl&quot;:&quot;Heen- en retourvlucht D\\u00fcsseldorf&quot;,&quot;fr&quot;:&quot;Vols aller\\\/retour depuis Dusseldorf &quot;,&quot;de&quot;:&quot;Fl\\u00fcge hin\\\/zur\\u00fcck von D\\u00fcsseldorf&quot;},&quot;price&quot;:861,&quot;status&quot;:&quot;available&quot;,&quot;language_hidden&quot;:[],&quot;startIncrement&quot;:0,&quot;endIncrement&quot;:0,&quot;var_name&quot;:&quot;flights2&quot;,&quot;category_label&quot;:{&quot;en&quot;:&quot;&quot;,&quot;nl&quot;:&quot;Vluchten&quot;,&quot;fr&quot;:&quot;Vols&quot;,&quot;de&quot;:&quot;Fl\\u00fcge&quot;}},{&quot;value&quot;:&quot;Frankfurt&quot;,&quot;label&quot;:{&quot;en&quot;:&quot;&quot;,&quot;nl&quot;:&quot;Heen- en retourvlucht Frankfurt&quot;,&quot;fr&quot;:&quot;Vol aller-retour vers Francfort&quot;,&quot;de&quot;:&quot;Voll Hin- und R\\u00fcckflug nach Frankfurt&quot;},&quot;price&quot;:886,&quot;status&quot;:&quot;available&quot;,&quot;language_hidden&quot;:[],&quot;startIncrement&quot;:0,&quot;endIncrement&quot;:0,&quot;var_name&quot;:&quot;flights2&quot;,&quot;category_label&quot;:{&quot;en&quot;:&quot;&quot;,&quot;nl&quot;:&quot;Vluchten&quot;,&quot;fr&quot;:&quot;Vols&quot;,&quot;de&quot;:&quot;Fl\\u00fcge&quot;}},{&quot;value&quot;:&quot;Berlin&quot;,&quot;label&quot;:{&quot;en&quot;:&quot;&quot;,&quot;nl&quot;:&quot;Heen- en retourvlucht Berlijn&quot;,&quot;fr&quot;:&quot;Vol aller-retour pour Berlin&quot;,&quot;de&quot;:&quot;Vol Hin- und R\\u00fcckflug nach Berlin&quot;},&quot;price&quot;:491,&quot;status&quot;:&quot;available&quot;,&quot;language_hidden&quot;:[],&quot;startIncrement&quot;:0,&quot;endIncrement&quot;:0,&quot;var_name&quot;:&quot;flights2&quot;,&quot;category_label&quot;:{&quot;en&quot;:&quot;&quot;,&quot;nl&quot;:&quot;Vluchten&quot;,&quot;fr&quot;:&quot;Vols&quot;,&quot;de&quot;:&quot;Fl\\u00fcge&quot;}},{&quot;value&quot;:&quot;Hamburg&quot;,&quot;label&quot;:{&quot;en&quot;:&quot;&quot;,&quot;nl&quot;:&quot;Heen- en retourvlucht Hamburg&quot;,&quot;fr&quot;:&quot;Vol aller-retour pour Hambourg&quot;,&quot;de&quot;:&quot;Voll Hin- und R\\u00fcckfahrt nach Hamburg&quot;},&quot;price&quot;:700,&quot;status&quot;:&quot;available&quot;,&quot;language_hidden&quot;:[],&quot;startIncrement&quot;:0,&quot;endIncrement&quot;:0,&quot;var_name&quot;:&quot;flights2&quot;,&quot;category_label&quot;:{&quot;en&quot;:&quot;&quot;,&quot;nl&quot;:&quot;Vluchten&quot;,&quot;fr&quot;:&quot;Vols&quot;,&quot;de&quot;:&quot;Fl\\u00fcge&quot;}},{&quot;value&quot;:&quot;M\\u00fcnchen&quot;,&quot;label&quot;:{&quot;en&quot;:&quot;&quot;,&quot;nl&quot;:&quot;Heen- en retourvlucht M\\u00fcnchen&quot;,&quot;fr&quot;:&quot;Vol aller-retour pour Munich&quot;,&quot;de&quot;:&quot;Voll retour nach M\\u00fcnchen&quot;},&quot;price&quot;:703,&quot;status&quot;:&quot;available&quot;,&quot;language_hidden&quot;:[],&quot;startIncrement&quot;:0,&quot;endIncrement&quot;:0,&quot;var_name&quot;:&quot;flights2&quot;,&quot;category_label&quot;:{&quot;en&quot;:&quot;&quot;,&quot;nl&quot;:&quot;Vluchten&quot;,&quot;fr&quot;:&quot;Vols&quot;,&quot;de&quot;:&quot;Fl\\u00fcge&quot;}},{&quot;value&quot;:&quot;no flights&quot;,&quot;label&quot;:{&quot;en&quot;:&quot;&quot;,&quot;nl&quot;:&quot;Geen vluchten&quot;,&quot;fr&quot;:&quot;Pas de vol&quot;,&quot;de&quot;:&quot;Keine Pl\\u00e4tze mehr&quot;},&quot;price&quot;:0,&quot;status&quot;:&quot;available&quot;,&quot;language_hidden&quot;:[],&quot;startIncrement&quot;:0,&quot;endIncrement&quot;:0,&quot;var_name&quot;:&quot;flights2&quot;,&quot;category_label&quot;:{&quot;en&quot;:&quot;&quot;,&quot;nl&quot;:&quot;Vluchten&quot;,&quot;fr&quot;:&quot;Vols&quot;,&quot;de&quot;:&quot;Fl\\u00fcge&quot;}}],&quot;bookable&quot;:true,&quot;bookingUrl&quot;:&quot;https:\\\/\\\/booking.travelbase.eu\\\/jn26a\\\/book?trip=11399&quot;,&quot;packageId&quot;:&quot;JN-JN&quot;}},{&quot;type&quot;:&quot;departures&quot;,&quot;id&quot;:&quot;t11408&quot;,&quot;attributes&quot;:{&quot;name&quot;:&quot;JN26A-W43-SUN&quot;,&quot;start&quot;:&quot;2026-10-18T10:00:00.000000Z&quot;,&quot;end&quot;:&quot;2026-10-25T13:00:00.000000Z&quot;,&quot;cheapestPrice&quot;:690,&quot;languages&quot;:[&quot;nl&quot;,&quot;fr&quot;,&quot;de&quot;],&quot;availableSpots&quot;:1,&quot;bookedSpots&quot;:0,&quot;fakeLabel&quot;:&quot;sold out&quot;,&quot;availabilityLabel&quot;:&quot;sold out&quot;,&quot;promoLabel&quot;:null,&quot;calendarToggles&quot;:[{&quot;value&quot;:&quot;Brussels&quot;,&quot;label&quot;:{&quot;en&quot;:&quot;&quot;,&quot;nl&quot;:&quot;Heen- en retourvlucht Brussel&quot;,&quot;fr&quot;:&quot;Vols aller\\\/retour depuis Bruxelles&quot;,&quot;de&quot;:&quot;Fl\\u00fcge hin\\\/zur\\u00fcck von Br\\u00fcssel&quot;},&quot;price&quot;:false,&quot;status&quot;:&quot;disabled&quot;,&quot;language_hidden&quot;:[],&quot;startIncrement&quot;:0,&quot;endIncrement&quot;:0,&quot;var_name&quot;:&quot;flights2&quot;,&quot;category_label&quot;:{&quot;en&quot;:&quot;&quot;,&quot;nl&quot;:&quot;Vluchten&quot;,&quot;fr&quot;:&quot;Vols&quot;,&quot;de&quot;:&quot;Fl\\u00fcge&quot;}},{&quot;value&quot;:&quot;Amsterdam&quot;,&quot;label&quot;:{&quot;en&quot;:&quot;&quot;,&quot;nl&quot;:&quot;Heen- en retourvlucht Amsterdam&quot;,&quot;fr&quot;:&quot;Vols aller\\\/retour depuis Amsterdam&quot;,&quot;de&quot;:&quot;Fl\\u00fcge Hin\\\/R\\u00fcck von Amsterdam&quot;},&quot;price&quot;:false,&quot;status&quot;:&quot;disabled&quot;,&quot;language_hidden&quot;:[],&quot;startIncrement&quot;:0,&quot;endIncrement&quot;:0,&quot;var_name&quot;:&quot;flights2&quot;,&quot;category_label&quot;:{&quot;en&quot;:&quot;&quot;,&quot;nl&quot;:&quot;Vluchten&quot;,&quot;fr&quot;:&quot;Vols&quot;,&quot;de&quot;:&quot;Fl\\u00fcge&quot;}},{&quot;value&quot;:&quot;Paris&quot;,&quot;label&quot;:{&quot;en&quot;:&quot;&quot;,&quot;nl&quot;:&quot;Heen- en retourvlucht Parijs&quot;,&quot;fr&quot;:&quot;Vols aller\\\/retour depuis Paris&quot;,&quot;de&quot;:&quot;Fl\\u00fcge Hin\\\/R\\u00fcck von Paris&quot;},&quot;price&quot;:false,&quot;status&quot;:&quot;disabled&quot;,&quot;language_hidden&quot;:[],&quot;startIncrement&quot;:0,&quot;endIncrement&quot;:0,&quot;var_name&quot;:&quot;flights2&quot;,&quot;category_label&quot;:{&quot;en&quot;:&quot;&quot;,&quot;nl&quot;:&quot;Vluchten&quot;,&quot;fr&quot;:&quot;Vols&quot;,&quot;de&quot;:&quot;Fl\\u00fcge&quot;}},{&quot;value&quot;:&quot;Dusseldorf&quot;,&quot;label&quot;:{&quot;en&quot;:&quot;&quot;,&quot;nl&quot;:&quot;Heen- en retourvlucht D\\u00fcsseldorf&quot;,&quot;fr&quot;:&quot;Vols aller\\\/retour depuis Dusseldorf &quot;,&quot;de&quot;:&quot;Fl\\u00fcge hin\\\/zur\\u00fcck von D\\u00fcsseldorf&quot;},&quot;price&quot;:false,&quot;status&quot;:&quot;disabled&quot;,&quot;language_hidden&quot;:[],&quot;startIncrement&quot;:0,&quot;endIncrement&quot;:0,&quot;var_name&quot;:&quot;flights2&quot;,&quot;category_label&quot;:{&quot;en&quot;:&quot;&quot;,&quot;nl&quot;:&quot;Vluchten&quot;,&quot;fr&quot;:&quot;Vols&quot;,&quot;de&quot;:&quot;Fl\\u00fcge&quot;}},{&quot;value&quot;:&quot;Frankfurt&quot;,&quot;label&quot;:{&quot;en&quot;:&quot;&quot;,&quot;nl&quot;:&quot;Heen- en retourvlucht Frankfurt&quot;,&quot;fr&quot;:&quot;Vol aller-retour vers Francfort&quot;,&quot;de&quot;:&quot;Voll Hin- und R\\u00fcckflug nach Frankfurt&quot;},&quot;price&quot;:false,&quot;status&quot;:&quot;disabled&quot;,&quot;language_hidden&quot;:[],&quot;startIncrement&quot;:0,&quot;endIncrement&quot;:0,&quot;var_name&quot;:&quot;flights2&quot;,&quot;category_label&quot;:{&quot;en&quot;:&quot;&quot;,&quot;nl&quot;:&quot;Vluchten&quot;,&quot;fr&quot;:&quot;Vols&quot;,&quot;de&quot;:&quot;Fl\\u00fcge&quot;}},{&quot;value&quot;:&quot;Berlin&quot;,&quot;label&quot;:{&quot;en&quot;:&quot;&quot;,&quot;nl&quot;:&quot;Heen- en retourvlucht Berlijn&quot;,&quot;fr&quot;:&quot;Vol aller-retour pour Berlin&quot;,&quot;de&quot;:&quot;Vol Hin- und R\\u00fcckflug nach Berlin&quot;},&quot;price&quot;:false,&quot;status&quot;:&quot;disabled&quot;,&quot;language_hidden&quot;:[],&quot;startIncrement&quot;:0,&quot;endIncrement&quot;:0,&quot;var_name&quot;:&quot;flights2&quot;,&quot;category_label&quot;:{&quot;en&quot;:&quot;&quot;,&quot;nl&quot;:&quot;Vluchten&quot;,&quot;fr&quot;:&quot;Vols&quot;,&quot;de&quot;:&quot;Fl\\u00fcge&quot;}},{&quot;value&quot;:&quot;Hamburg&quot;,&quot;label&quot;:{&quot;en&quot;:&quot;&quot;,&quot;nl&quot;:&quot;Heen- en retourvlucht Hamburg&quot;,&quot;fr&quot;:&quot;Vol aller-retour pour Hambourg&quot;,&quot;de&quot;:&quot;Voll Hin- und R\\u00fcckfahrt nach Hamburg&quot;},&quot;price&quot;:false,&quot;status&quot;:&quot;disabled&quot;,&quot;language_hidden&quot;:[],&quot;startIncrement&quot;:0,&quot;endIncrement&quot;:0,&quot;var_name&quot;:&quot;flights2&quot;,&quot;category_label&quot;:{&quot;en&quot;:&quot;&quot;,&quot;nl&quot;:&quot;Vluchten&quot;,&quot;fr&quot;:&quot;Vols&quot;,&quot;de&quot;:&quot;Fl\\u00fcge&quot;}},{&quot;value&quot;:&quot;M\\u00fcnchen&quot;,&quot;label&quot;:{&quot;en&quot;:&quot;&quot;,&quot;nl&quot;:&quot;Heen- en retourvlucht M\\u00fcnchen&quot;,&quot;fr&quot;:&quot;Vol aller-retour pour Munich&quot;,&quot;de&quot;:&quot;Voll retour nach M\\u00fcnchen&quot;},&quot;price&quot;:false,&quot;status&quot;:&quot;disabled&quot;,&quot;language_hidden&quot;:[],&quot;startIncrement&quot;:0,&quot;endIncrement&quot;:0,&quot;var_name&quot;:&quot;flights2&quot;,&quot;category_label&quot;:{&quot;en&quot;:&quot;&quot;,&quot;nl&quot;:&quot;Vluchten&quot;,&quot;fr&quot;:&quot;Vols&quot;,&quot;de&quot;:&quot;Fl\\u00fcge&quot;}},{&quot;value&quot;:&quot;no flights&quot;,&quot;label&quot;:{&quot;en&quot;:&quot;&quot;,&quot;nl&quot;:&quot;Geen vluchten&quot;,&quot;fr&quot;:&quot;Pas de vol&quot;,&quot;de&quot;:&quot;Keine Pl\\u00e4tze mehr&quot;},&quot;price&quot;:0,&quot;status&quot;:&quot;available&quot;,&quot;language_hidden&quot;:[],&quot;startIncrement&quot;:0,&quot;endIncrement&quot;:0,&quot;var_name&quot;:&quot;flights2&quot;,&quot;category_label&quot;:{&quot;en&quot;:&quot;&quot;,&quot;nl&quot;:&quot;Vluchten&quot;,&quot;fr&quot;:&quot;Vols&quot;,&quot;de&quot;:&quot;Fl\\u00fcge&quot;}}],&quot;bookable&quot;:false,&quot;bookingUrl&quot;:&quot;https:\\\/\\\/booking.travelbase.eu\\\/jn26a\\\/book?trip=11408&quot;,&quot;packageId&quot;:&quot;JN-JN&quot;}},{&quot;type&quot;:&quot;departures&quot;,&quot;id&quot;:&quot;t11400&quot;,&quot;attributes&quot;:{&quot;name&quot;:&quot;JN26A-W43-WED&quot;,&quot;start&quot;:&quot;2026-10-21T10:00:00.000000Z&quot;,&quot;end&quot;:&quot;2026-10-28T13:00:00.000000Z&quot;,&quot;cheapestPrice&quot;:690,&quot;languages&quot;:[&quot;nl&quot;,&quot;fr&quot;,&quot;de&quot;],&quot;availableSpots&quot;:9,&quot;bookedSpots&quot;:2,&quot;fakeLabel&quot;:&quot;&quot;,&quot;availabilityLabel&quot;:&quot;&quot;,&quot;promoLabel&quot;:null,&quot;calendarToggles&quot;:[{&quot;value&quot;:&quot;Brussels&quot;,&quot;label&quot;:{&quot;en&quot;:&quot;&quot;,&quot;nl&quot;:&quot;Heen- en retourvlucht Brussel&quot;,&quot;fr&quot;:&quot;Vols aller\\\/retour depuis Bruxelles&quot;,&quot;de&quot;:&quot;Fl\\u00fcge hin\\\/zur\\u00fcck von Br\\u00fcssel&quot;},&quot;price&quot;:false,&quot;status&quot;:&quot;disabled&quot;,&quot;language_hidden&quot;:[],&quot;startIncrement&quot;:0,&quot;endIncrement&quot;:0,&quot;var_name&quot;:&quot;flights2&quot;,&quot;category_label&quot;:{&quot;en&quot;:&quot;&quot;,&quot;nl&quot;:&quot;Vluchten&quot;,&quot;fr&quot;:&quot;Vols&quot;,&quot;de&quot;:&quot;Fl\\u00fcge&quot;}},{&quot;value&quot;:&quot;Amsterdam&quot;,&quot;label&quot;:{&quot;en&quot;:&quot;&quot;,&quot;nl&quot;:&quot;Heen- en retourvlucht Amsterdam&quot;,&quot;fr&quot;:&quot;Vols aller\\\/retour depuis Amsterdam&quot;,&quot;de&quot;:&quot;Fl\\u00fcge Hin\\\/R\\u00fcck von Amsterdam&quot;},&quot;price&quot;:515,&quot;status&quot;:&quot;available&quot;,&quot;language_hidden&quot;:[],&quot;startIncrement&quot;:0,&quot;endIncrement&quot;:0,&quot;var_name&quot;:&quot;flights2&quot;,&quot;category_label&quot;:{&quot;en&quot;:&quot;&quot;,&quot;nl&quot;:&quot;Vluchten&quot;,&quot;fr&quot;:&quot;Vols&quot;,&quot;de&quot;:&quot;Fl\\u00fcge&quot;}},{&quot;value&quot;:&quot;Paris&quot;,&quot;label&quot;:{&quot;en&quot;:&quot;&quot;,&quot;nl&quot;:&quot;Heen- en retourvlucht Parijs&quot;,&quot;fr&quot;:&quot;Vols aller\\\/retour depuis Paris&quot;,&quot;de&quot;:&quot;Fl\\u00fcge Hin\\\/R\\u00fcck von Paris&quot;},&quot;price&quot;:515,&quot;status&quot;:&quot;available&quot;,&quot;language_hidden&quot;:[],&quot;startIncrement&quot;:0,&quot;endIncrement&quot;:0,&quot;var_name&quot;:&quot;flights2&quot;,&quot;category_label&quot;:{&quot;en&quot;:&quot;&quot;,&quot;nl&quot;:&quot;Vluchten&quot;,&quot;fr&quot;:&quot;Vols&quot;,&quot;de&quot;:&quot;Fl\\u00fcge&quot;}},{&quot;value&quot;:&quot;Dusseldorf&quot;,&quot;label&quot;:{&quot;en&quot;:&quot;&quot;,&quot;nl&quot;:&quot;Heen- en retourvlucht D\\u00fcsseldorf&quot;,&quot;fr&quot;:&quot;Vols aller\\\/retour depuis Dusseldorf &quot;,&quot;de&quot;:&quot;Fl\\u00fcge hin\\\/zur\\u00fcck von D\\u00fcsseldorf&quot;},&quot;price&quot;:772,&quot;status&quot;:&quot;available&quot;,&quot;language_hidden&quot;:[],&quot;startIncrement&quot;:0,&quot;endIncrement&quot;:0,&quot;var_name&quot;:&quot;flights2&quot;,&quot;category_label&quot;:{&quot;en&quot;:&quot;&quot;,&quot;nl&quot;:&quot;Vluchten&quot;,&quot;fr&quot;:&quot;Vols&quot;,&quot;de&quot;:&quot;Fl\\u00fcge&quot;}},{&quot;value&quot;:&quot;Frankfurt&quot;,&quot;label&quot;:{&quot;en&quot;:&quot;&quot;,&quot;nl&quot;:&quot;Heen- en retourvlucht Frankfurt&quot;,&quot;fr&quot;:&quot;Vol aller-retour vers Francfort&quot;,&quot;de&quot;:&quot;Voll Hin- und R\\u00fcckflug nach Frankfurt&quot;},&quot;price&quot;:false,&quot;status&quot;:&quot;disabled&quot;,&quot;language_hidden&quot;:[],&quot;startIncrement&quot;:0,&quot;endIncrement&quot;:0,&quot;var_name&quot;:&quot;flights2&quot;,&quot;category_label&quot;:{&quot;en&quot;:&quot;&quot;,&quot;nl&quot;:&quot;Vluchten&quot;,&quot;fr&quot;:&quot;Vols&quot;,&quot;de&quot;:&quot;Fl\\u00fcge&quot;}},{&quot;value&quot;:&quot;Berlin&quot;,&quot;label&quot;:{&quot;en&quot;:&quot;&quot;,&quot;nl&quot;:&quot;Heen- en retourvlucht Berlijn&quot;,&quot;fr&quot;:&quot;Vol aller-retour pour Berlin&quot;,&quot;de&quot;:&quot;Vol Hin- und R\\u00fcckflug nach Berlin&quot;},&quot;price&quot;:531,&quot;status&quot;:&quot;available&quot;,&quot;language_hidden&quot;:[],&quot;startIncrement&quot;:0,&quot;endIncrement&quot;:0,&quot;var_name&quot;:&quot;flights2&quot;,&quot;category_label&quot;:{&quot;en&quot;:&quot;&quot;,&quot;nl&quot;:&quot;Vluchten&quot;,&quot;fr&quot;:&quot;Vols&quot;,&quot;de&quot;:&quot;Fl\\u00fcge&quot;}},{&quot;value&quot;:&quot;Hamburg&quot;,&quot;label&quot;:{&quot;en&quot;:&quot;&quot;,&quot;nl&quot;:&quot;Heen- en retourvlucht Hamburg&quot;,&quot;fr&quot;:&quot;Vol aller-retour pour Hambourg&quot;,&quot;de&quot;:&quot;Voll Hin- und R\\u00fcckfahrt nach Hamburg&quot;},&quot;price&quot;:992,&quot;status&quot;:&quot;available&quot;,&quot;language_hidden&quot;:[],&quot;startIncrement&quot;:0,&quot;endIncrement&quot;:0,&quot;var_name&quot;:&quot;flights2&quot;,&quot;category_label&quot;:{&quot;en&quot;:&quot;&quot;,&quot;nl&quot;:&quot;Vluchten&quot;,&quot;fr&quot;:&quot;Vols&quot;,&quot;de&quot;:&quot;Fl\\u00fcge&quot;}},{&quot;value&quot;:&quot;M\\u00fcnchen&quot;,&quot;label&quot;:{&quot;en&quot;:&quot;&quot;,&quot;nl&quot;:&quot;Heen- en retourvlucht M\\u00fcnchen&quot;,&quot;fr&quot;:&quot;Vol aller-retour pour Munich&quot;,&quot;de&quot;:&quot;Voll retour nach M\\u00fcnchen&quot;},&quot;price&quot;:false,&quot;status&quot;:&quot;disabled&quot;,&quot;language_hidden&quot;:[],&quot;startIncrement&quot;:0,&quot;endIncrement&quot;:0,&quot;var_name&quot;:&quot;flights2&quot;,&quot;category_label&quot;:{&quot;en&quot;:&quot;&quot;,&quot;nl&quot;:&quot;Vluchten&quot;,&quot;fr&quot;:&quot;Vols&quot;,&quot;de&quot;:&quot;Fl\\u00fcge&quot;}},{&quot;value&quot;:&quot;no flights&quot;,&quot;label&quot;:{&quot;en&quot;:&quot;&quot;,&quot;nl&quot;:&quot;Geen vluchten&quot;,&quot;fr&quot;:&quot;Pas de vol&quot;,&quot;de&quot;:&quot;Keine Pl\\u00e4tze mehr&quot;},&quot;price&quot;:0,&quot;status&quot;:&quot;available&quot;,&quot;language_hidden&quot;:[],&quot;startIncrement&quot;:0,&quot;endIncrement&quot;:0,&quot;var_name&quot;:&quot;flights2&quot;,&quot;category_label&quot;:{&quot;en&quot;:&quot;&quot;,&quot;nl&quot;:&quot;Vluchten&quot;,&quot;fr&quot;:&quot;Vols&quot;,&quot;de&quot;:&quot;Fl\\u00fcge&quot;}}],&quot;bookable&quot;:true,&quot;bookingUrl&quot;:&quot;https:\\\/\\\/booking.travelbase.eu\\\/jn26a\\\/book?trip=11400&quot;,&quot;packageId&quot;:&quot;JN-JN&quot;}},{&quot;type&quot;:&quot;departures&quot;,&quot;id&quot;:&quot;t11409&quot;,&quot;attributes&quot;:{&quot;name&quot;:&quot;JN26A-W44-SUN&quot;,&quot;start&quot;:&quot;2026-10-25T11:00:00.000000Z&quot;,&quot;end&quot;:&quot;2026-11-01T13:00:00.000000Z&quot;,&quot;cheapestPrice&quot;:690,&quot;languages&quot;:[&quot;nl&quot;,&quot;fr&quot;,&quot;de&quot;],&quot;availableSpots&quot;:1,&quot;bookedSpots&quot;:0,&quot;fakeLabel&quot;:&quot;sold out&quot;,&quot;availabilityLabel&quot;:&quot;sold out&quot;,&quot;promoLabel&quot;:null,&quot;calendarToggles&quot;:[{&quot;value&quot;:&quot;Brussels&quot;,&quot;label&quot;:{&quot;en&quot;:&quot;&quot;,&quot;nl&quot;:&quot;Heen- en retourvlucht Brussel&quot;,&quot;fr&quot;:&quot;Vols aller\\\/retour depuis Bruxelles&quot;,&quot;de&quot;:&quot;Fl\\u00fcge hin\\\/zur\\u00fcck von Br\\u00fcssel&quot;},&quot;price&quot;:false,&quot;status&quot;:&quot;disabled&quot;,&quot;language_hidden&quot;:[],&quot;startIncrement&quot;:0,&quot;endIncrement&quot;:0,&quot;var_name&quot;:&quot;flights2&quot;,&quot;category_label&quot;:{&quot;en&quot;:&quot;&quot;,&quot;nl&quot;:&quot;Vluchten&quot;,&quot;fr&quot;:&quot;Vols&quot;,&quot;de&quot;:&quot;Fl\\u00fcge&quot;}},{&quot;value&quot;:&quot;Amsterdam&quot;,&quot;label&quot;:{&quot;en&quot;:&quot;&quot;,&quot;nl&quot;:&quot;Heen- en retourvlucht Amsterdam&quot;,&quot;fr&quot;:&quot;Vols aller\\\/retour depuis Amsterdam&quot;,&quot;de&quot;:&quot;Fl\\u00fcge Hin\\\/R\\u00fcck von Amsterdam&quot;},&quot;price&quot;:false,&quot;status&quot;:&quot;disabled&quot;,&quot;language_hidden&quot;:[],&quot;startIncrement&quot;:0,&quot;endIncrement&quot;:0,&quot;var_name&quot;:&quot;flights2&quot;,&quot;category_label&quot;:{&quot;en&quot;:&quot;&quot;,&quot;nl&quot;:&quot;Vluchten&quot;,&quot;fr&quot;:&quot;Vols&quot;,&quot;de&quot;:&quot;Fl\\u00fcge&quot;}},{&quot;value&quot;:&quot;Paris&quot;,&quot;label&quot;:{&quot;en&quot;:&quot;&quot;,&quot;nl&quot;:&quot;Heen- en retourvlucht Parijs&quot;,&quot;fr&quot;:&quot;Vols aller\\\/retour depuis Paris&quot;,&quot;de&quot;:&quot;Fl\\u00fcge Hin\\\/R\\u00fcck von Paris&quot;},&quot;price&quot;:false,&quot;status&quot;:&quot;disabled&quot;,&quot;language_hidden&quot;:[],&quot;startIncrement&quot;:0,&quot;endIncrement&quot;:0,&quot;var_name&quot;:&quot;flights2&quot;,&quot;category_label&quot;:{&quot;en&quot;:&quot;&quot;,&quot;nl&quot;:&quot;Vluchten&quot;,&quot;fr&quot;:&quot;Vols&quot;,&quot;de&quot;:&quot;Fl\\u00fcge&quot;}},{&quot;value&quot;:&quot;Dusseldorf&quot;,&quot;label&quot;:{&quot;en&quot;:&quot;&quot;,&quot;nl&quot;:&quot;Heen- en retourvlucht D\\u00fcsseldorf&quot;,&quot;fr&quot;:&quot;Vols aller\\\/retour depuis Dusseldorf &quot;,&quot;de&quot;:&quot;Fl\\u00fcge hin\\\/zur\\u00fcck von D\\u00fcsseldorf&quot;},&quot;price&quot;:false,&quot;status&quot;:&quot;disabled&quot;,&quot;language_hidden&quot;:[],&quot;startIncrement&quot;:0,&quot;endIncrement&quot;:0,&quot;var_name&quot;:&quot;flights2&quot;,&quot;category_label&quot;:{&quot;en&quot;:&quot;&quot;,&quot;nl&quot;:&quot;Vluchten&quot;,&quot;fr&quot;:&quot;Vols&quot;,&quot;de&quot;:&quot;Fl\\u00fcge&quot;}},{&quot;value&quot;:&quot;Frankfurt&quot;,&quot;label&quot;:{&quot;en&quot;:&quot;&quot;,&quot;nl&quot;:&quot;Heen- en retourvlucht Frankfurt&quot;,&quot;fr&quot;:&quot;Vol aller-retour vers Francfort&quot;,&quot;de&quot;:&quot;Voll Hin- und R\\u00fcckflug nach Frankfurt&quot;},&quot;price&quot;:false,&quot;status&quot;:&quot;disabled&quot;,&quot;language_hidden&quot;:[],&quot;startIncrement&quot;:0,&quot;endIncrement&quot;:0,&quot;var_name&quot;:&quot;flights2&quot;,&quot;category_label&quot;:{&quot;en&quot;:&quot;&quot;,&quot;nl&quot;:&quot;Vluchten&quot;,&quot;fr&quot;:&quot;Vols&quot;,&quot;de&quot;:&quot;Fl\\u00fcge&quot;}},{&quot;value&quot;:&quot;Berlin&quot;,&quot;label&quot;:{&quot;en&quot;:&quot;&quot;,&quot;nl&quot;:&quot;Heen- en retourvlucht Berlijn&quot;,&quot;fr&quot;:&quot;Vol aller-retour pour Berlin&quot;,&quot;de&quot;:&quot;Vol Hin- und R\\u00fcckflug nach Berlin&quot;},&quot;price&quot;:false,&quot;status&quot;:&quot;disabled&quot;,&quot;language_hidden&quot;:[],&quot;startIncrement&quot;:0,&quot;endIncrement&quot;:0,&quot;var_name&quot;:&quot;flights2&quot;,&quot;category_label&quot;:{&quot;en&quot;:&quot;&quot;,&quot;nl&quot;:&quot;Vluchten&quot;,&quot;fr&quot;:&quot;Vols&quot;,&quot;de&quot;:&quot;Fl\\u00fcge&quot;}},{&quot;value&quot;:&quot;Hamburg&quot;,&quot;label&quot;:{&quot;en&quot;:&quot;&quot;,&quot;nl&quot;:&quot;Heen- en retourvlucht Hamburg&quot;,&quot;fr&quot;:&quot;Vol aller-retour pour Hambourg&quot;,&quot;de&quot;:&quot;Voll Hin- und R\\u00fcckfahrt nach Hamburg&quot;},&quot;price&quot;:false,&quot;status&quot;:&quot;disabled&quot;,&quot;language_hidden&quot;:[],&quot;startIncrement&quot;:0,&quot;endIncrement&quot;:0,&quot;var_name&quot;:&quot;flights2&quot;,&quot;category_label&quot;:{&quot;en&quot;:&quot;&quot;,&quot;nl&quot;:&quot;Vluchten&quot;,&quot;fr&quot;:&quot;Vols&quot;,&quot;de&quot;:&quot;Fl\\u00fcge&quot;}},{&quot;value&quot;:&quot;M\\u00fcnchen&quot;,&quot;label&quot;:{&quot;en&quot;:&quot;&quot;,&quot;nl&quot;:&quot;Heen- en retourvlucht M\\u00fcnchen&quot;,&quot;fr&quot;:&quot;Vol aller-retour pour Munich&quot;,&quot;de&quot;:&quot;Voll retour nach M\\u00fcnchen&quot;},&quot;price&quot;:false,&quot;status&quot;:&quot;disabled&quot;,&quot;language_hidden&quot;:[],&quot;startIncrement&quot;:0,&quot;endIncrement&quot;:0,&quot;var_name&quot;:&quot;flights2&quot;,&quot;category_label&quot;:{&quot;en&quot;:&quot;&quot;,&quot;nl&quot;:&quot;Vluchten&quot;,&quot;fr&quot;:&quot;Vols&quot;,&quot;de&quot;:&quot;Fl\\u00fcge&quot;}},{&quot;value&quot;:&quot;no flights&quot;,&quot;label&quot;:{&quot;en&quot;:&quot;&quot;,&quot;nl&quot;:&quot;Geen vluchten&quot;,&quot;fr&quot;:&quot;Pas de vol&quot;,&quot;de&quot;:&quot;Keine Pl\\u00e4tze mehr&quot;},&quot;price&quot;:0,&quot;status&quot;:&quot;available&quot;,&quot;language_hidden&quot;:[],&quot;startIncrement&quot;:0,&quot;endIncrement&quot;:0,&quot;var_name&quot;:&quot;flights2&quot;,&quot;category_label&quot;:{&quot;en&quot;:&quot;&quot;,&quot;nl&quot;:&quot;Vluchten&quot;,&quot;fr&quot;:&quot;Vols&quot;,&quot;de&quot;:&quot;Fl\\u00fcge&quot;}}],&quot;bookable&quot;:false,&quot;bookingUrl&quot;:&quot;https:\\\/\\\/booking.travelbase.eu\\\/jn26a\\\/book?trip=11409&quot;,&quot;packageId&quot;:&quot;JN-JN&quot;}},{&quot;type&quot;:&quot;departures&quot;,&quot;id&quot;:&quot;t11401&quot;,&quot;attributes&quot;:{&quot;name&quot;:&quot;JN26A-W44-WED&quot;,&quot;start&quot;:&quot;2026-10-28T11:00:00.000000Z&quot;,&quot;end&quot;:&quot;2026-11-04T13:00:00.000000Z&quot;,&quot;cheapestPrice&quot;:690,&quot;languages&quot;:[&quot;nl&quot;,&quot;fr&quot;,&quot;de&quot;],&quot;availableSpots&quot;:7,&quot;bookedSpots&quot;:4,&quot;fakeLabel&quot;:&quot;&quot;,&quot;availabilityLabel&quot;:&quot;&quot;,&quot;promoLabel&quot;:null,&quot;calendarToggles&quot;:[{&quot;value&quot;:&quot;Brussels&quot;,&quot;label&quot;:{&quot;en&quot;:&quot;&quot;,&quot;nl&quot;:&quot;Heen- en retourvlucht Brussel&quot;,&quot;fr&quot;:&quot;Vols aller\\\/retour depuis Bruxelles&quot;,&quot;de&quot;:&quot;Fl\\u00fcge hin\\\/zur\\u00fcck von Br\\u00fcssel&quot;},&quot;price&quot;:false,&quot;status&quot;:&quot;disabled&quot;,&quot;language_hidden&quot;:[],&quot;startIncrement&quot;:0,&quot;endIncrement&quot;:0,&quot;var_name&quot;:&quot;flights2&quot;,&quot;category_label&quot;:{&quot;en&quot;:&quot;&quot;,&quot;nl&quot;:&quot;Vluchten&quot;,&quot;fr&quot;:&quot;Vols&quot;,&quot;de&quot;:&quot;Fl\\u00fcge&quot;}},{&quot;value&quot;:&quot;Amsterdam&quot;,&quot;label&quot;:{&quot;en&quot;:&quot;&quot;,&quot;nl&quot;:&quot;Heen- en retourvlucht Amsterdam&quot;,&quot;fr&quot;:&quot;Vols aller\\\/retour depuis Amsterdam&quot;,&quot;de&quot;:&quot;Fl\\u00fcge Hin\\\/R\\u00fcck von Amsterdam&quot;},&quot;price&quot;:false,&quot;status&quot;:&quot;sold_out&quot;,&quot;language_hidden&quot;:[],&quot;startIncrement&quot;:0,&quot;endIncrement&quot;:0,&quot;var_name&quot;:&quot;flights2&quot;,&quot;category_label&quot;:{&quot;en&quot;:&quot;&quot;,&quot;nl&quot;:&quot;Vluchten&quot;,&quot;fr&quot;:&quot;Vols&quot;,&quot;de&quot;:&quot;Fl\\u00fcge&quot;}},{&quot;value&quot;:&quot;Paris&quot;,&quot;label&quot;:{&quot;en&quot;:&quot;&quot;,&quot;nl&quot;:&quot;Heen- en retourvlucht Parijs&quot;,&quot;fr&quot;:&quot;Vols aller\\\/retour depuis Paris&quot;,&quot;de&quot;:&quot;Fl\\u00fcge Hin\\\/R\\u00fcck von Paris&quot;},&quot;price&quot;:515,&quot;status&quot;:&quot;available&quot;,&quot;language_hidden&quot;:[],&quot;startIncrement&quot;:0,&quot;endIncrement&quot;:0,&quot;var_name&quot;:&quot;flights2&quot;,&quot;category_label&quot;:{&quot;en&quot;:&quot;&quot;,&quot;nl&quot;:&quot;Vluchten&quot;,&quot;fr&quot;:&quot;Vols&quot;,&quot;de&quot;:&quot;Fl\\u00fcge&quot;}},{&quot;value&quot;:&quot;Dusseldorf&quot;,&quot;label&quot;:{&quot;en&quot;:&quot;&quot;,&quot;nl&quot;:&quot;Heen- en retourvlucht D\\u00fcsseldorf&quot;,&quot;fr&quot;:&quot;Vols aller\\\/retour depuis Dusseldorf &quot;,&quot;de&quot;:&quot;Fl\\u00fcge hin\\\/zur\\u00fcck von D\\u00fcsseldorf&quot;},&quot;price&quot;:772,&quot;status&quot;:&quot;available&quot;,&quot;language_hidden&quot;:[],&quot;startIncrement&quot;:0,&quot;endIncrement&quot;:0,&quot;var_name&quot;:&quot;flights2&quot;,&quot;category_label&quot;:{&quot;en&quot;:&quot;&quot;,&quot;nl&quot;:&quot;Vluchten&quot;,&quot;fr&quot;:&quot;Vols&quot;,&quot;de&quot;:&quot;Fl\\u00fcge&quot;}},{&quot;value&quot;:&quot;Frankfurt&quot;,&quot;label&quot;:{&quot;en&quot;:&quot;&quot;,&quot;nl&quot;:&quot;Heen- en retourvlucht Frankfurt&quot;,&quot;fr&quot;:&quot;Vol aller-retour vers Francfort&quot;,&quot;de&quot;:&quot;Voll Hin- und R\\u00fcckflug nach Frankfurt&quot;},&quot;price&quot;:1107,&quot;status&quot;:&quot;available&quot;,&quot;language_hidden&quot;:[],&quot;startIncrement&quot;:0,&quot;endIncrement&quot;:0,&quot;var_name&quot;:&quot;flights2&quot;,&quot;category_label&quot;:{&quot;en&quot;:&quot;&quot;,&quot;nl&quot;:&quot;Vluchten&quot;,&quot;fr&quot;:&quot;Vols&quot;,&quot;de&quot;:&quot;Fl\\u00fcge&quot;}},{&quot;value&quot;:&quot;Berlin&quot;,&quot;label&quot;:{&quot;en&quot;:&quot;&quot;,&quot;nl&quot;:&quot;Heen- en retourvlucht Berlijn&quot;,&quot;fr&quot;:&quot;Vol aller-retour pour Berlin&quot;,&quot;de&quot;:&quot;Vol Hin- und R\\u00fcckflug nach Berlin&quot;},&quot;price&quot;:false,&quot;status&quot;:&quot;disabled&quot;,&quot;language_hidden&quot;:[],&quot;startIncrement&quot;:0,&quot;endIncrement&quot;:0,&quot;var_name&quot;:&quot;flights2&quot;,&quot;category_label&quot;:{&quot;en&quot;:&quot;&quot;,&quot;nl&quot;:&quot;Vluchten&quot;,&quot;fr&quot;:&quot;Vols&quot;,&quot;de&quot;:&quot;Fl\\u00fcge&quot;}},{&quot;value&quot;:&quot;Hamburg&quot;,&quot;label&quot;:{&quot;en&quot;:&quot;&quot;,&quot;nl&quot;:&quot;Heen- en retourvlucht Hamburg&quot;,&quot;fr&quot;:&quot;Vol aller-retour pour Hambourg&quot;,&quot;de&quot;:&quot;Voll Hin- und R\\u00fcckfahrt nach Hamburg&quot;},&quot;price&quot;:700,&quot;status&quot;:&quot;available&quot;,&quot;language_hidden&quot;:[],&quot;startIncrement&quot;:0,&quot;endIncrement&quot;:0,&quot;var_name&quot;:&quot;flights2&quot;,&quot;category_label&quot;:{&quot;en&quot;:&quot;&quot;,&quot;nl&quot;:&quot;Vluchten&quot;,&quot;fr&quot;:&quot;Vols&quot;,&quot;de&quot;:&quot;Fl\\u00fcge&quot;}},{&quot;value&quot;:&quot;M\\u00fcnchen&quot;,&quot;label&quot;:{&quot;en&quot;:&quot;&quot;,&quot;nl&quot;:&quot;Heen- en retourvlucht M\\u00fcnchen&quot;,&quot;fr&quot;:&quot;Vol aller-retour pour Munich&quot;,&quot;de&quot;:&quot;Voll retour nach M\\u00fcnchen&quot;},&quot;price&quot;:703,&quot;status&quot;:&quot;available&quot;,&quot;language_hidden&quot;:[],&quot;startIncrement&quot;:0,&quot;endIncrement&quot;:0,&quot;var_name&quot;:&quot;flights2&quot;,&quot;category_label&quot;:{&quot;en&quot;:&quot;&quot;,&quot;nl&quot;:&quot;Vluchten&quot;,&quot;fr&quot;:&quot;Vols&quot;,&quot;de&quot;:&quot;Fl\\u00fcge&quot;}},{&quot;value&quot;:&quot;no flights&quot;,&quot;label&quot;:{&quot;en&quot;:&quot;&quot;,&quot;nl&quot;:&quot;Geen vluchten&quot;,&quot;fr&quot;:&quot;Pas de vol&quot;,&quot;de&quot;:&quot;Keine Pl\\u00e4tze mehr&quot;},&quot;price&quot;:0,&quot;status&quot;:&quot;available&quot;,&quot;language_hidden&quot;:[],&quot;startIncrement&quot;:0,&quot;endIncrement&quot;:0,&quot;var_name&quot;:&quot;flights2&quot;,&quot;category_label&quot;:{&quot;en&quot;:&quot;&quot;,&quot;nl&quot;:&quot;Vluchten&quot;,&quot;fr&quot;:&quot;Vols&quot;,&quot;de&quot;:&quot;Fl\\u00fcge&quot;}}],&quot;bookable&quot;:true,&quot;bookingUrl&quot;:&quot;https:\\\/\\\/booking.travelbase.eu\\\/jn26a\\\/book?trip=11401&quot;,&quot;packageId&quot;:&quot;JN-JN&quot;}},{&quot;type&quot;:&quot;departures&quot;,&quot;id&quot;:&quot;t11410&quot;,&quot;attributes&quot;:{&quot;name&quot;:&quot;JN26A-W45-SUN&quot;,&quot;start&quot;:&quot;2026-11-01T11:00:00.000000Z&quot;,&quot;end&quot;:&quot;2026-11-08T13:00:00.000000Z&quot;,&quot;cheapestPrice&quot;:690,&quot;languages&quot;:[&quot;nl&quot;,&quot;fr&quot;,&quot;de&quot;],&quot;availableSpots&quot;:1,&quot;bookedSpots&quot;:10,&quot;fakeLabel&quot;:&quot;sold out&quot;,&quot;availabilityLabel&quot;:&quot;sold out&quot;,&quot;promoLabel&quot;:null,&quot;calendarToggles&quot;:[{&quot;value&quot;:&quot;Brussels&quot;,&quot;label&quot;:{&quot;en&quot;:&quot;&quot;,&quot;nl&quot;:&quot;Heen- en retourvlucht Brussel&quot;,&quot;fr&quot;:&quot;Vols aller\\\/retour depuis Bruxelles&quot;,&quot;de&quot;:&quot;Fl\\u00fcge hin\\\/zur\\u00fcck von Br\\u00fcssel&quot;},&quot;price&quot;:false,&quot;status&quot;:&quot;sold_out&quot;,&quot;language_hidden&quot;:[],&quot;startIncrement&quot;:0,&quot;endIncrement&quot;:0,&quot;var_name&quot;:&quot;flights2&quot;,&quot;category_label&quot;:{&quot;en&quot;:&quot;&quot;,&quot;nl&quot;:&quot;Vluchten&quot;,&quot;fr&quot;:&quot;Vols&quot;,&quot;de&quot;:&quot;Fl\\u00fcge&quot;}},{&quot;value&quot;:&quot;Amsterdam&quot;,&quot;label&quot;:{&quot;en&quot;:&quot;&quot;,&quot;nl&quot;:&quot;Heen- en retourvlucht Amsterdam&quot;,&quot;fr&quot;:&quot;Vols aller\\\/retour depuis Amsterdam&quot;,&quot;de&quot;:&quot;Fl\\u00fcge Hin\\\/R\\u00fcck von Amsterdam&quot;},&quot;price&quot;:495,&quot;status&quot;:&quot;available&quot;,&quot;language_hidden&quot;:[],&quot;startIncrement&quot;:0,&quot;endIncrement&quot;:0,&quot;var_name&quot;:&quot;flights2&quot;,&quot;category_label&quot;:{&quot;en&quot;:&quot;&quot;,&quot;nl&quot;:&quot;Vluchten&quot;,&quot;fr&quot;:&quot;Vols&quot;,&quot;de&quot;:&quot;Fl\\u00fcge&quot;}},{&quot;value&quot;:&quot;Paris&quot;,&quot;label&quot;:{&quot;en&quot;:&quot;&quot;,&quot;nl&quot;:&quot;Heen- en retourvlucht Parijs&quot;,&quot;fr&quot;:&quot;Vols aller\\\/retour depuis Paris&quot;,&quot;de&quot;:&quot;Fl\\u00fcge Hin\\\/R\\u00fcck von Paris&quot;},&quot;price&quot;:1109,&quot;status&quot;:&quot;available&quot;,&quot;language_hidden&quot;:[],&quot;startIncrement&quot;:0,&quot;endIncrement&quot;:0,&quot;var_name&quot;:&quot;flights2&quot;,&quot;category_label&quot;:{&quot;en&quot;:&quot;&quot;,&quot;nl&quot;:&quot;Vluchten&quot;,&quot;fr&quot;:&quot;Vols&quot;,&quot;de&quot;:&quot;Fl\\u00fcge&quot;}},{&quot;value&quot;:&quot;Dusseldorf&quot;,&quot;label&quot;:{&quot;en&quot;:&quot;&quot;,&quot;nl&quot;:&quot;Heen- en retourvlucht D\\u00fcsseldorf&quot;,&quot;fr&quot;:&quot;Vols aller\\\/retour depuis Dusseldorf &quot;,&quot;de&quot;:&quot;Fl\\u00fcge hin\\\/zur\\u00fcck von D\\u00fcsseldorf&quot;},&quot;price&quot;:false,&quot;status&quot;:&quot;disabled&quot;,&quot;language_hidden&quot;:[],&quot;startIncrement&quot;:0,&quot;endIncrement&quot;:0,&quot;var_name&quot;:&quot;flights2&quot;,&quot;category_label&quot;:{&quot;en&quot;:&quot;&quot;,&quot;nl&quot;:&quot;Vluchten&quot;,&quot;fr&quot;:&quot;Vols&quot;,&quot;de&quot;:&quot;Fl\\u00fcge&quot;}},{&quot;value&quot;:&quot;Frankfurt&quot;,&quot;label&quot;:{&quot;en&quot;:&quot;&quot;,&quot;nl&quot;:&quot;Heen- en retourvlucht Frankfurt&quot;,&quot;fr&quot;:&quot;Vol aller-retour vers Francfort&quot;,&quot;de&quot;:&quot;Voll Hin- und R\\u00fcckflug nach Frankfurt&quot;},&quot;price&quot;:false,&quot;status&quot;:&quot;disabled&quot;,&quot;language_hidden&quot;:[],&quot;startIncrement&quot;:0,&quot;endIncrement&quot;:0,&quot;var_name&quot;:&quot;flights2&quot;,&quot;category_label&quot;:{&quot;en&quot;:&quot;&quot;,&quot;nl&quot;:&quot;Vluchten&quot;,&quot;fr&quot;:&quot;Vols&quot;,&quot;de&quot;:&quot;Fl\\u00fcge&quot;}},{&quot;value&quot;:&quot;Berlin&quot;,&quot;label&quot;:{&quot;en&quot;:&quot;&quot;,&quot;nl&quot;:&quot;Heen- en retourvlucht Berlijn&quot;,&quot;fr&quot;:&quot;Vol aller-retour pour Berlin&quot;,&quot;de&quot;:&quot;Vol Hin- und R\\u00fcckflug nach Berlin&quot;},&quot;price&quot;:false,&quot;status&quot;:&quot;disabled&quot;,&quot;language_hidden&quot;:[],&quot;startIncrement&quot;:0,&quot;endIncrement&quot;:0,&quot;var_name&quot;:&quot;flights2&quot;,&quot;category_label&quot;:{&quot;en&quot;:&quot;&quot;,&quot;nl&quot;:&quot;Vluchten&quot;,&quot;fr&quot;:&quot;Vols&quot;,&quot;de&quot;:&quot;Fl\\u00fcge&quot;}},{&quot;value&quot;:&quot;Hamburg&quot;,&quot;label&quot;:{&quot;en&quot;:&quot;&quot;,&quot;nl&quot;:&quot;Heen- en retourvlucht Hamburg&quot;,&quot;fr&quot;:&quot;Vol aller-retour pour Hambourg&quot;,&quot;de&quot;:&quot;Voll Hin- und R\\u00fcckfahrt nach Hamburg&quot;},&quot;price&quot;:false,&quot;status&quot;:&quot;disabled&quot;,&quot;language_hidden&quot;:[],&quot;startIncrement&quot;:0,&quot;endIncrement&quot;:0,&quot;var_name&quot;:&quot;flights2&quot;,&quot;category_label&quot;:{&quot;en&quot;:&quot;&quot;,&quot;nl&quot;:&quot;Vluchten&quot;,&quot;fr&quot;:&quot;Vols&quot;,&quot;de&quot;:&quot;Fl\\u00fcge&quot;}},{&quot;value&quot;:&quot;M\\u00fcnchen&quot;,&quot;label&quot;:{&quot;en&quot;:&quot;&quot;,&quot;nl&quot;:&quot;Heen- en retourvlucht M\\u00fcnchen&quot;,&quot;fr&quot;:&quot;Vol aller-retour pour Munich&quot;,&quot;de&quot;:&quot;Voll retour nach M\\u00fcnchen&quot;},&quot;price&quot;:false,&quot;status&quot;:&quot;disabled&quot;,&quot;language_hidden&quot;:[],&quot;startIncrement&quot;:0,&quot;endIncrement&quot;:0,&quot;var_name&quot;:&quot;flights2&quot;,&quot;category_label&quot;:{&quot;en&quot;:&quot;&quot;,&quot;nl&quot;:&quot;Vluchten&quot;,&quot;fr&quot;:&quot;Vols&quot;,&quot;de&quot;:&quot;Fl\\u00fcge&quot;}},{&quot;value&quot;:&quot;no flights&quot;,&quot;label&quot;:{&quot;en&quot;:&quot;&quot;,&quot;nl&quot;:&quot;Geen vluchten&quot;,&quot;fr&quot;:&quot;Pas de vol&quot;,&quot;de&quot;:&quot;Keine Pl\\u00e4tze mehr&quot;},&quot;price&quot;:0,&quot;status&quot;:&quot;available&quot;,&quot;language_hidden&quot;:[],&quot;startIncrement&quot;:0,&quot;endIncrement&quot;:0,&quot;var_name&quot;:&quot;flights2&quot;,&quot;category_label&quot;:{&quot;en&quot;:&quot;&quot;,&quot;nl&quot;:&quot;Vluchten&quot;,&quot;fr&quot;:&quot;Vols&quot;,&quot;de&quot;:&quot;Fl\\u00fcge&quot;}}],&quot;bookable&quot;:false,&quot;bookingUrl&quot;:&quot;https:\\\/\\\/booking.travelbase.eu\\\/jn26a\\\/book?trip=11410&quot;,&quot;packageId&quot;:&quot;JN-JN&quot;}},{&quot;type&quot;:&quot;departures&quot;,&quot;id&quot;:&quot;t11402&quot;,&quot;attributes&quot;:{&quot;name&quot;:&quot;JN26A-W45-WED&quot;,&quot;start&quot;:&quot;2026-11-04T11:00:00.000000Z&quot;,&quot;end&quot;:&quot;2026-11-11T13:00:00.000000Z&quot;,&quot;cheapestPrice&quot;:690,&quot;languages&quot;:[&quot;nl&quot;,&quot;fr&quot;,&quot;de&quot;],&quot;availableSpots&quot;:1,&quot;bookedSpots&quot;:0,&quot;fakeLabel&quot;:&quot;sold out&quot;,&quot;availabilityLabel&quot;:&quot;sold out&quot;,&quot;promoLabel&quot;:null,&quot;calendarToggles&quot;:[{&quot;value&quot;:&quot;Brussels&quot;,&quot;label&quot;:{&quot;en&quot;:&quot;&quot;,&quot;nl&quot;:&quot;Heen- en retourvlucht Brussel&quot;,&quot;fr&quot;:&quot;Vols aller\\\/retour depuis Bruxelles&quot;,&quot;de&quot;:&quot;Fl\\u00fcge hin\\\/zur\\u00fcck von Br\\u00fcssel&quot;},&quot;price&quot;:false,&quot;status&quot;:&quot;disabled&quot;,&quot;language_hidden&quot;:[],&quot;startIncrement&quot;:0,&quot;endIncrement&quot;:0,&quot;var_name&quot;:&quot;flights2&quot;,&quot;category_label&quot;:{&quot;en&quot;:&quot;&quot;,&quot;nl&quot;:&quot;Vluchten&quot;,&quot;fr&quot;:&quot;Vols&quot;,&quot;de&quot;:&quot;Fl\\u00fcge&quot;}},{&quot;value&quot;:&quot;Amsterdam&quot;,&quot;label&quot;:{&quot;en&quot;:&quot;&quot;,&quot;nl&quot;:&quot;Heen- en retourvlucht Amsterdam&quot;,&quot;fr&quot;:&quot;Vols aller\\\/retour depuis Amsterdam&quot;,&quot;de&quot;:&quot;Fl\\u00fcge Hin\\\/R\\u00fcck von Amsterdam&quot;},&quot;price&quot;:false,&quot;status&quot;:&quot;disabled&quot;,&quot;language_hidden&quot;:[],&quot;startIncrement&quot;:0,&quot;endIncrement&quot;:0,&quot;var_name&quot;:&quot;flights2&quot;,&quot;category_label&quot;:{&quot;en&quot;:&quot;&quot;,&quot;nl&quot;:&quot;Vluchten&quot;,&quot;fr&quot;:&quot;Vols&quot;,&quot;de&quot;:&quot;Fl\\u00fcge&quot;}},{&quot;value&quot;:&quot;Paris&quot;,&quot;label&quot;:{&quot;en&quot;:&quot;&quot;,&quot;nl&quot;:&quot;Heen- en retourvlucht Parijs&quot;,&quot;fr&quot;:&quot;Vols aller\\\/retour depuis Paris&quot;,&quot;de&quot;:&quot;Fl\\u00fcge Hin\\\/R\\u00fcck von Paris&quot;},&quot;price&quot;:false,&quot;status&quot;:&quot;disabled&quot;,&quot;language_hidden&quot;:[],&quot;startIncrement&quot;:0,&quot;endIncrement&quot;:0,&quot;var_name&quot;:&quot;flights2&quot;,&quot;category_label&quot;:{&quot;en&quot;:&quot;&quot;,&quot;nl&quot;:&quot;Vluchten&quot;,&quot;fr&quot;:&quot;Vols&quot;,&quot;de&quot;:&quot;Fl\\u00fcge&quot;}},{&quot;value&quot;:&quot;Dusseldorf&quot;,&quot;label&quot;:{&quot;en&quot;:&quot;&quot;,&quot;nl&quot;:&quot;Heen- en retourvlucht D\\u00fcsseldorf&quot;,&quot;fr&quot;:&quot;Vols aller\\\/retour depuis Dusseldorf &quot;,&quot;de&quot;:&quot;Fl\\u00fcge hin\\\/zur\\u00fcck von D\\u00fcsseldorf&quot;},&quot;price&quot;:false,&quot;status&quot;:&quot;disabled&quot;,&quot;language_hidden&quot;:[],&quot;startIncrement&quot;:0,&quot;endIncrement&quot;:0,&quot;var_name&quot;:&quot;flights2&quot;,&quot;category_label&quot;:{&quot;en&quot;:&quot;&quot;,&quot;nl&quot;:&quot;Vluchten&quot;,&quot;fr&quot;:&quot;Vols&quot;,&quot;de&quot;:&quot;Fl\\u00fcge&quot;}},{&quot;value&quot;:&quot;Frankfurt&quot;,&quot;label&quot;:{&quot;en&quot;:&quot;&quot;,&quot;nl&quot;:&quot;Heen- en retourvlucht Frankfurt&quot;,&quot;fr&quot;:&quot;Vol aller-retour vers Francfort&quot;,&quot;de&quot;:&quot;Voll Hin- und R\\u00fcckflug nach Frankfurt&quot;},&quot;price&quot;:false,&quot;status&quot;:&quot;disabled&quot;,&quot;language_hidden&quot;:[],&quot;startIncrement&quot;:0,&quot;endIncrement&quot;:0,&quot;var_name&quot;:&quot;flights2&quot;,&quot;category_label&quot;:{&quot;en&quot;:&quot;&quot;,&quot;nl&quot;:&quot;Vluchten&quot;,&quot;fr&quot;:&quot;Vols&quot;,&quot;de&quot;:&quot;Fl\\u00fcge&quot;}},{&quot;value&quot;:&quot;Berlin&quot;,&quot;label&quot;:{&quot;en&quot;:&quot;&quot;,&quot;nl&quot;:&quot;Heen- en retourvlucht Berlijn&quot;,&quot;fr&quot;:&quot;Vol aller-retour pour Berlin&quot;,&quot;de&quot;:&quot;Vol Hin- und R\\u00fcckflug nach Berlin&quot;},&quot;price&quot;:false,&quot;status&quot;:&quot;disabled&quot;,&quot;language_hidden&quot;:[],&quot;startIncrement&quot;:0,&quot;endIncrement&quot;:0,&quot;var_name&quot;:&quot;flights2&quot;,&quot;category_label&quot;:{&quot;en&quot;:&quot;&quot;,&quot;nl&quot;:&quot;Vluchten&quot;,&quot;fr&quot;:&quot;Vols&quot;,&quot;de&quot;:&quot;Fl\\u00fcge&quot;}},{&quot;value&quot;:&quot;Hamburg&quot;,&quot;label&quot;:{&quot;en&quot;:&quot;&quot;,&quot;nl&quot;:&quot;Heen- en retourvlucht Hamburg&quot;,&quot;fr&quot;:&quot;Vol aller-retour pour Hambourg&quot;,&quot;de&quot;:&quot;Voll Hin- und R\\u00fcckfahrt nach Hamburg&quot;},&quot;price&quot;:966,&quot;status&quot;:&quot;available&quot;,&quot;language_hidden&quot;:[],&quot;startIncrement&quot;:0,&quot;endIncrement&quot;:0,&quot;var_name&quot;:&quot;flights2&quot;,&quot;category_label&quot;:{&quot;en&quot;:&quot;&quot;,&quot;nl&quot;:&quot;Vluchten&quot;,&quot;fr&quot;:&quot;Vols&quot;,&quot;de&quot;:&quot;Fl\\u00fcge&quot;}},{&quot;value&quot;:&quot;M\\u00fcnchen&quot;,&quot;label&quot;:{&quot;en&quot;:&quot;&quot;,&quot;nl&quot;:&quot;Heen- en retourvlucht M\\u00fcnchen&quot;,&quot;fr&quot;:&quot;Vol aller-retour pour Munich&quot;,&quot;de&quot;:&quot;Voll retour nach M\\u00fcnchen&quot;},&quot;price&quot;:783,&quot;status&quot;:&quot;available&quot;,&quot;language_hidden&quot;:[],&quot;startIncrement&quot;:0,&quot;endIncrement&quot;:0,&quot;var_name&quot;:&quot;flights2&quot;,&quot;category_label&quot;:{&quot;en&quot;:&quot;&quot;,&quot;nl&quot;:&quot;Vluchten&quot;,&quot;fr&quot;:&quot;Vols&quot;,&quot;de&quot;:&quot;Fl\\u00fcge&quot;}},{&quot;value&quot;:&quot;no flights&quot;,&quot;label&quot;:{&quot;en&quot;:&quot;&quot;,&quot;nl&quot;:&quot;Geen vluchten&quot;,&quot;fr&quot;:&quot;Pas de vol&quot;,&quot;de&quot;:&quot;Keine Pl\\u00e4tze mehr&quot;},&quot;price&quot;:0,&quot;status&quot;:&quot;available&quot;,&quot;language_hidden&quot;:[],&quot;startIncrement&quot;:0,&quot;endIncrement&quot;:0,&quot;var_name&quot;:&quot;flights2&quot;,&quot;category_label&quot;:{&quot;en&quot;:&quot;&quot;,&quot;nl&quot;:&quot;Vluchten&quot;,&quot;fr&quot;:&quot;Vols&quot;,&quot;de&quot;:&quot;Fl\\u00fcge&quot;}}],&quot;bookable&quot;:false,&quot;bookingUrl&quot;:&quot;https:\\\/\\\/booking.travelbase.eu\\\/jn26a\\\/book?trip=11402&quot;,&quot;packageId&quot;:&quot;JN-JN&quot;}},{&quot;type&quot;:&quot;departures&quot;,&quot;id&quot;:&quot;t11411&quot;,&quot;attributes&quot;:{&quot;name&quot;:&quot;JN26A-W46-SUN&quot;,&quot;start&quot;:&quot;2026-11-08T11:00:00.000000Z&quot;,&quot;end&quot;:&quot;2026-11-15T13:00:00.000000Z&quot;,&quot;cheapestPrice&quot;:690,&quot;languages&quot;:[&quot;nl&quot;,&quot;fr&quot;,&quot;de&quot;],&quot;availableSpots&quot;:7,&quot;bookedSpots&quot;:2,&quot;fakeLabel&quot;:&quot;&quot;,&quot;availabilityLabel&quot;:&quot;&quot;,&quot;promoLabel&quot;:null,&quot;calendarToggles&quot;:[{&quot;value&quot;:&quot;Brussels&quot;,&quot;label&quot;:{&quot;en&quot;:&quot;&quot;,&quot;nl&quot;:&quot;Heen- en retourvlucht Brussel&quot;,&quot;fr&quot;:&quot;Vols aller\\\/retour depuis Bruxelles&quot;,&quot;de&quot;:&quot;Fl\\u00fcge hin\\\/zur\\u00fcck von Br\\u00fcssel&quot;},&quot;price&quot;:490,&quot;status&quot;:&quot;available&quot;,&quot;language_hidden&quot;:[],&quot;startIncrement&quot;:0,&quot;endIncrement&quot;:0,&quot;var_name&quot;:&quot;flights2&quot;,&quot;category_label&quot;:{&quot;en&quot;:&quot;&quot;,&quot;nl&quot;:&quot;Vluchten&quot;,&quot;fr&quot;:&quot;Vols&quot;,&quot;de&quot;:&quot;Fl\\u00fcge&quot;}},{&quot;value&quot;:&quot;Amsterdam&quot;,&quot;label&quot;:{&quot;en&quot;:&quot;&quot;,&quot;nl&quot;:&quot;Heen- en retourvlucht Amsterdam&quot;,&quot;fr&quot;:&quot;Vols aller\\\/retour depuis Amsterdam&quot;,&quot;de&quot;:&quot;Fl\\u00fcge Hin\\\/R\\u00fcck von Amsterdam&quot;},&quot;price&quot;:495,&quot;status&quot;:&quot;available&quot;,&quot;language_hidden&quot;:[],&quot;startIncrement&quot;:0,&quot;endIncrement&quot;:0,&quot;var_name&quot;:&quot;flights2&quot;,&quot;category_label&quot;:{&quot;en&quot;:&quot;&quot;,&quot;nl&quot;:&quot;Vluchten&quot;,&quot;fr&quot;:&quot;Vols&quot;,&quot;de&quot;:&quot;Fl\\u00fcge&quot;}},{&quot;value&quot;:&quot;Paris&quot;,&quot;label&quot;:{&quot;en&quot;:&quot;&quot;,&quot;nl&quot;:&quot;Heen- en retourvlucht Parijs&quot;,&quot;fr&quot;:&quot;Vols aller\\\/retour depuis Paris&quot;,&quot;de&quot;:&quot;Fl\\u00fcge Hin\\\/R\\u00fcck von Paris&quot;},&quot;price&quot;:false,&quot;status&quot;:&quot;disabled&quot;,&quot;language_hidden&quot;:[],&quot;startIncrement&quot;:0,&quot;endIncrement&quot;:0,&quot;var_name&quot;:&quot;flights2&quot;,&quot;category_label&quot;:{&quot;en&quot;:&quot;&quot;,&quot;nl&quot;:&quot;Vluchten&quot;,&quot;fr&quot;:&quot;Vols&quot;,&quot;de&quot;:&quot;Fl\\u00fcge&quot;}},{&quot;value&quot;:&quot;Dusseldorf&quot;,&quot;label&quot;:{&quot;en&quot;:&quot;&quot;,&quot;nl&quot;:&quot;Heen- en retourvlucht D\\u00fcsseldorf&quot;,&quot;fr&quot;:&quot;Vols aller\\\/retour depuis Dusseldorf &quot;,&quot;de&quot;:&quot;Fl\\u00fcge hin\\\/zur\\u00fcck von D\\u00fcsseldorf&quot;},&quot;price&quot;:false,&quot;status&quot;:&quot;disabled&quot;,&quot;language_hidden&quot;:[],&quot;startIncrement&quot;:0,&quot;endIncrement&quot;:0,&quot;var_name&quot;:&quot;flights2&quot;,&quot;category_label&quot;:{&quot;en&quot;:&quot;&quot;,&quot;nl&quot;:&quot;Vluchten&quot;,&quot;fr&quot;:&quot;Vols&quot;,&quot;de&quot;:&quot;Fl\\u00fcge&quot;}},{&quot;value&quot;:&quot;Frankfurt&quot;,&quot;label&quot;:{&quot;en&quot;:&quot;&quot;,&quot;nl&quot;:&quot;Heen- en retourvlucht Frankfurt&quot;,&quot;fr&quot;:&quot;Vol aller-retour vers Francfort&quot;,&quot;de&quot;:&quot;Voll Hin- und R\\u00fcckflug nach Frankfurt&quot;},&quot;price&quot;:false,&quot;status&quot;:&quot;disabled&quot;,&quot;language_hidden&quot;:[],&quot;startIncrement&quot;:0,&quot;endIncrement&quot;:0,&quot;var_name&quot;:&quot;flights2&quot;,&quot;category_label&quot;:{&quot;en&quot;:&quot;&quot;,&quot;nl&quot;:&quot;Vluchten&quot;,&quot;fr&quot;:&quot;Vols&quot;,&quot;de&quot;:&quot;Fl\\u00fcge&quot;}},{&quot;value&quot;:&quot;Berlin&quot;,&quot;label&quot;:{&quot;en&quot;:&quot;&quot;,&quot;nl&quot;:&quot;Heen- en retourvlucht Berlijn&quot;,&quot;fr&quot;:&quot;Vol aller-retour pour Berlin&quot;,&quot;de&quot;:&quot;Vol Hin- und R\\u00fcckflug nach Berlin&quot;},&quot;price&quot;:false,&quot;status&quot;:&quot;disabled&quot;,&quot;language_hidden&quot;:[],&quot;startIncrement&quot;:0,&quot;endIncrement&quot;:0,&quot;var_name&quot;:&quot;flights2&quot;,&quot;category_label&quot;:{&quot;en&quot;:&quot;&quot;,&quot;nl&quot;:&quot;Vluchten&quot;,&quot;fr&quot;:&quot;Vols&quot;,&quot;de&quot;:&quot;Fl\\u00fcge&quot;}},{&quot;value&quot;:&quot;Hamburg&quot;,&quot;label&quot;:{&quot;en&quot;:&quot;&quot;,&quot;nl&quot;:&quot;Heen- en retourvlucht Hamburg&quot;,&quot;fr&quot;:&quot;Vol aller-retour pour Hambourg&quot;,&quot;de&quot;:&quot;Voll Hin- und R\\u00fcckfahrt nach Hamburg&quot;},&quot;price&quot;:false,&quot;status&quot;:&quot;disabled&quot;,&quot;language_hidden&quot;:[],&quot;startIncrement&quot;:0,&quot;endIncrement&quot;:0,&quot;var_name&quot;:&quot;flights2&quot;,&quot;category_label&quot;:{&quot;en&quot;:&quot;&quot;,&quot;nl&quot;:&quot;Vluchten&quot;,&quot;fr&quot;:&quot;Vols&quot;,&quot;de&quot;:&quot;Fl\\u00fcge&quot;}},{&quot;value&quot;:&quot;M\\u00fcnchen&quot;,&quot;label&quot;:{&quot;en&quot;:&quot;&quot;,&quot;nl&quot;:&quot;Heen- en retourvlucht M\\u00fcnchen&quot;,&quot;fr&quot;:&quot;Vol aller-retour pour Munich&quot;,&quot;de&quot;:&quot;Voll retour nach M\\u00fcnchen&quot;},&quot;price&quot;:false,&quot;status&quot;:&quot;disabled&quot;,&quot;language_hidden&quot;:[],&quot;startIncrement&quot;:0,&quot;endIncrement&quot;:0,&quot;var_name&quot;:&quot;flights2&quot;,&quot;category_label&quot;:{&quot;en&quot;:&quot;&quot;,&quot;nl&quot;:&quot;Vluchten&quot;,&quot;fr&quot;:&quot;Vols&quot;,&quot;de&quot;:&quot;Fl\\u00fcge&quot;}},{&quot;value&quot;:&quot;no flights&quot;,&quot;label&quot;:{&quot;en&quot;:&quot;&quot;,&quot;nl&quot;:&quot;Geen vluchten&quot;,&quot;fr&quot;:&quot;Pas de vol&quot;,&quot;de&quot;:&quot;Keine Pl\\u00e4tze mehr&quot;},&quot;price&quot;:0,&quot;status&quot;:&quot;available&quot;,&quot;language_hidden&quot;:[],&quot;startIncrement&quot;:0,&quot;endIncrement&quot;:0,&quot;var_name&quot;:&quot;flights2&quot;,&quot;category_label&quot;:{&quot;en&quot;:&quot;&quot;,&quot;nl&quot;:&quot;Vluchten&quot;,&quot;fr&quot;:&quot;Vols&quot;,&quot;de&quot;:&quot;Fl\\u00fcge&quot;}}],&quot;bookable&quot;:true,&quot;bookingUrl&quot;:&quot;https:\\\/\\\/booking.travelbase.eu\\\/jn26a\\\/book?trip=11411&quot;,&quot;packageId&quot;:&quot;JN-JN&quot;}},{&quot;type&quot;:&quot;departures&quot;,&quot;id&quot;:&quot;t11403&quot;,&quot;attributes&quot;:{&quot;name&quot;:&quot;JN26A-W46-WED&quot;,&quot;start&quot;:&quot;2026-11-11T11:00:00.000000Z&quot;,&quot;end&quot;:&quot;2026-11-18T13:00:00.000000Z&quot;,&quot;cheapestPrice&quot;:690,&quot;languages&quot;:[&quot;nl&quot;,&quot;fr&quot;,&quot;de&quot;],&quot;availableSpots&quot;:1,&quot;bookedSpots&quot;:0,&quot;fakeLabel&quot;:&quot;sold out&quot;,&quot;availabilityLabel&quot;:&quot;sold out&quot;,&quot;promoLabel&quot;:null,&quot;calendarToggles&quot;:[{&quot;value&quot;:&quot;Brussels&quot;,&quot;label&quot;:{&quot;en&quot;:&quot;&quot;,&quot;nl&quot;:&quot;Heen- en retourvlucht Brussel&quot;,&quot;fr&quot;:&quot;Vols aller\\\/retour depuis Bruxelles&quot;,&quot;de&quot;:&quot;Fl\\u00fcge hin\\\/zur\\u00fcck von Br\\u00fcssel&quot;},&quot;price&quot;:false,&quot;status&quot;:&quot;disabled&quot;,&quot;language_hidden&quot;:[],&quot;startIncrement&quot;:0,&quot;endIncrement&quot;:0,&quot;var_name&quot;:&quot;flights2&quot;,&quot;category_label&quot;:{&quot;en&quot;:&quot;&quot;,&quot;nl&quot;:&quot;Vluchten&quot;,&quot;fr&quot;:&quot;Vols&quot;,&quot;de&quot;:&quot;Fl\\u00fcge&quot;}},{&quot;value&quot;:&quot;Amsterdam&quot;,&quot;label&quot;:{&quot;en&quot;:&quot;&quot;,&quot;nl&quot;:&quot;Heen- en retourvlucht Amsterdam&quot;,&quot;fr&quot;:&quot;Vols aller\\\/retour depuis Amsterdam&quot;,&quot;de&quot;:&quot;Fl\\u00fcge Hin\\\/R\\u00fcck von Amsterdam&quot;},&quot;price&quot;:495,&quot;status&quot;:&quot;available&quot;,&quot;language_hidden&quot;:[],&quot;startIncrement&quot;:0,&quot;endIncrement&quot;:0,&quot;var_name&quot;:&quot;flights2&quot;,&quot;category_label&quot;:{&quot;en&quot;:&quot;&quot;,&quot;nl&quot;:&quot;Vluchten&quot;,&quot;fr&quot;:&quot;Vols&quot;,&quot;de&quot;:&quot;Fl\\u00fcge&quot;}},{&quot;value&quot;:&quot;Paris&quot;,&quot;label&quot;:{&quot;en&quot;:&quot;&quot;,&quot;nl&quot;:&quot;Heen- en retourvlucht Parijs&quot;,&quot;fr&quot;:&quot;Vols aller\\\/retour depuis Paris&quot;,&quot;de&quot;:&quot;Fl\\u00fcge Hin\\\/R\\u00fcck von Paris&quot;},&quot;price&quot;:495,&quot;status&quot;:&quot;available&quot;,&quot;language_hidden&quot;:[],&quot;startIncrement&quot;:0,&quot;endIncrement&quot;:0,&quot;var_name&quot;:&quot;flights2&quot;,&quot;category_label&quot;:{&quot;en&quot;:&quot;&quot;,&quot;nl&quot;:&quot;Vluchten&quot;,&quot;fr&quot;:&quot;Vols&quot;,&quot;de&quot;:&quot;Fl\\u00fcge&quot;}},{&quot;value&quot;:&quot;Dusseldorf&quot;,&quot;label&quot;:{&quot;en&quot;:&quot;&quot;,&quot;nl&quot;:&quot;Heen- en retourvlucht D\\u00fcsseldorf&quot;,&quot;fr&quot;:&quot;Vols aller\\\/retour depuis Dusseldorf &quot;,&quot;de&quot;:&quot;Fl\\u00fcge hin\\\/zur\\u00fcck von D\\u00fcsseldorf&quot;},&quot;price&quot;:782,&quot;status&quot;:&quot;available&quot;,&quot;language_hidden&quot;:[],&quot;startIncrement&quot;:0,&quot;endIncrement&quot;:0,&quot;var_name&quot;:&quot;flights2&quot;,&quot;category_label&quot;:{&quot;en&quot;:&quot;&quot;,&quot;nl&quot;:&quot;Vluchten&quot;,&quot;fr&quot;:&quot;Vols&quot;,&quot;de&quot;:&quot;Fl\\u00fcge&quot;}},{&quot;value&quot;:&quot;Frankfurt&quot;,&quot;label&quot;:{&quot;en&quot;:&quot;&quot;,&quot;nl&quot;:&quot;Heen- en retourvlucht Frankfurt&quot;,&quot;fr&quot;:&quot;Vol aller-retour vers Francfort&quot;,&quot;de&quot;:&quot;Voll Hin- und R\\u00fcckflug nach Frankfurt&quot;},&quot;price&quot;:false,&quot;status&quot;:&quot;disabled&quot;,&quot;language_hidden&quot;:[],&quot;startIncrement&quot;:0,&quot;endIncrement&quot;:0,&quot;var_name&quot;:&quot;flights2&quot;,&quot;category_label&quot;:{&quot;en&quot;:&quot;&quot;,&quot;nl&quot;:&quot;Vluchten&quot;,&quot;fr&quot;:&quot;Vols&quot;,&quot;de&quot;:&quot;Fl\\u00fcge&quot;}},{&quot;value&quot;:&quot;Berlin&quot;,&quot;label&quot;:{&quot;en&quot;:&quot;&quot;,&quot;nl&quot;:&quot;Heen- en retourvlucht Berlijn&quot;,&quot;fr&quot;:&quot;Vol aller-retour pour Berlin&quot;,&quot;de&quot;:&quot;Vol Hin- und R\\u00fcckflug nach Berlin&quot;},&quot;price&quot;:511,&quot;status&quot;:&quot;available&quot;,&quot;language_hidden&quot;:[],&quot;startIncrement&quot;:0,&quot;endIncrement&quot;:0,&quot;var_name&quot;:&quot;flights2&quot;,&quot;category_label&quot;:{&quot;en&quot;:&quot;&quot;,&quot;nl&quot;:&quot;Vluchten&quot;,&quot;fr&quot;:&quot;Vols&quot;,&quot;de&quot;:&quot;Fl\\u00fcge&quot;}},{&quot;value&quot;:&quot;Hamburg&quot;,&quot;label&quot;:{&quot;en&quot;:&quot;&quot;,&quot;nl&quot;:&quot;Heen- en retourvlucht Hamburg&quot;,&quot;fr&quot;:&quot;Vol aller-retour pour Hambourg&quot;,&quot;de&quot;:&quot;Voll Hin- und R\\u00fcckfahrt nach Hamburg&quot;},&quot;price&quot;:785,&quot;status&quot;:&quot;available&quot;,&quot;language_hidden&quot;:[],&quot;startIncrement&quot;:0,&quot;endIncrement&quot;:0,&quot;var_name&quot;:&quot;flights2&quot;,&quot;category_label&quot;:{&quot;en&quot;:&quot;&quot;,&quot;nl&quot;:&quot;Vluchten&quot;,&quot;fr&quot;:&quot;Vols&quot;,&quot;de&quot;:&quot;Fl\\u00fcge&quot;}},{&quot;value&quot;:&quot;M\\u00fcnchen&quot;,&quot;label&quot;:{&quot;en&quot;:&quot;&quot;,&quot;nl&quot;:&quot;Heen- en retourvlucht M\\u00fcnchen&quot;,&quot;fr&quot;:&quot;Vol aller-retour pour Munich&quot;,&quot;de&quot;:&quot;Voll retour nach M\\u00fcnchen&quot;},&quot;price&quot;:703,&quot;status&quot;:&quot;available&quot;,&quot;language_hidden&quot;:[],&quot;startIncrement&quot;:0,&quot;endIncrement&quot;:0,&quot;var_name&quot;:&quot;flights2&quot;,&quot;category_label&quot;:{&quot;en&quot;:&quot;&quot;,&quot;nl&quot;:&quot;Vluchten&quot;,&quot;fr&quot;:&quot;Vols&quot;,&quot;de&quot;:&quot;Fl\\u00fcge&quot;}},{&quot;value&quot;:&quot;no flights&quot;,&quot;label&quot;:{&quot;en&quot;:&quot;&quot;,&quot;nl&quot;:&quot;Geen vluchten&quot;,&quot;fr&quot;:&quot;Pas de vol&quot;,&quot;de&quot;:&quot;Keine Pl\\u00e4tze mehr&quot;},&quot;price&quot;:0,&quot;status&quot;:&quot;available&quot;,&quot;language_hidden&quot;:[],&quot;startIncrement&quot;:0,&quot;endIncrement&quot;:0,&quot;var_name&quot;:&quot;flights2&quot;,&quot;category_label&quot;:{&quot;en&quot;:&quot;&quot;,&quot;nl&quot;:&quot;Vluchten&quot;,&quot;fr&quot;:&quot;Vols&quot;,&quot;de&quot;:&quot;Fl\\u00fcge&quot;}}],&quot;bookable&quot;:false,&quot;bookingUrl&quot;:&quot;https:\\\/\\\/booking.travelbase.eu\\\/jn26a\\\/book?trip=11403&quot;,&quot;packageId&quot;:&quot;JN-JN&quot;}},{&quot;type&quot;:&quot;departures&quot;,&quot;id&quot;:&quot;t11412&quot;,&quot;attributes&quot;:{&quot;name&quot;:&quot;JN26A-W47-SUN&quot;,&quot;start&quot;:&quot;2026-11-15T11:00:00.000000Z&quot;,&quot;end&quot;:&quot;2026-11-22T13:00:00.000000Z&quot;,&quot;cheapestPrice&quot;:690,&quot;languages&quot;:[&quot;nl&quot;,&quot;fr&quot;,&quot;de&quot;],&quot;availableSpots&quot;:11,&quot;bookedSpots&quot;:0,&quot;fakeLabel&quot;:&quot;&quot;,&quot;availabilityLabel&quot;:&quot;&quot;,&quot;promoLabel&quot;:null,&quot;calendarToggles&quot;:[{&quot;value&quot;:&quot;Brussels&quot;,&quot;label&quot;:{&quot;en&quot;:&quot;&quot;,&quot;nl&quot;:&quot;Heen- en retourvlucht Brussel&quot;,&quot;fr&quot;:&quot;Vols aller\\\/retour depuis Bruxelles&quot;,&quot;de&quot;:&quot;Fl\\u00fcge hin\\\/zur\\u00fcck von Br\\u00fcssel&quot;},&quot;price&quot;:490,&quot;status&quot;:&quot;available&quot;,&quot;language_hidden&quot;:[],&quot;startIncrement&quot;:0,&quot;endIncrement&quot;:0,&quot;var_name&quot;:&quot;flights2&quot;,&quot;category_label&quot;:{&quot;en&quot;:&quot;&quot;,&quot;nl&quot;:&quot;Vluchten&quot;,&quot;fr&quot;:&quot;Vols&quot;,&quot;de&quot;:&quot;Fl\\u00fcge&quot;}},{&quot;value&quot;:&quot;Amsterdam&quot;,&quot;label&quot;:{&quot;en&quot;:&quot;&quot;,&quot;nl&quot;:&quot;Heen- en retourvlucht Amsterdam&quot;,&quot;fr&quot;:&quot;Vols aller\\\/retour depuis Amsterdam&quot;,&quot;de&quot;:&quot;Fl\\u00fcge Hin\\\/R\\u00fcck von Amsterdam&quot;},&quot;price&quot;:495,&quot;status&quot;:&quot;available&quot;,&quot;language_hidden&quot;:[],&quot;startIncrement&quot;:0,&quot;endIncrement&quot;:0,&quot;var_name&quot;:&quot;flights2&quot;,&quot;category_label&quot;:{&quot;en&quot;:&quot;&quot;,&quot;nl&quot;:&quot;Vluchten&quot;,&quot;fr&quot;:&quot;Vols&quot;,&quot;de&quot;:&quot;Fl\\u00fcge&quot;}},{&quot;value&quot;:&quot;Paris&quot;,&quot;label&quot;:{&quot;en&quot;:&quot;&quot;,&quot;nl&quot;:&quot;Heen- en retourvlucht Parijs&quot;,&quot;fr&quot;:&quot;Vols aller\\\/retour depuis Paris&quot;,&quot;de&quot;:&quot;Fl\\u00fcge Hin\\\/R\\u00fcck von Paris&quot;},&quot;price&quot;:false,&quot;status&quot;:&quot;disabled&quot;,&quot;language_hidden&quot;:[],&quot;startIncrement&quot;:0,&quot;endIncrement&quot;:0,&quot;var_name&quot;:&quot;flights2&quot;,&quot;category_label&quot;:{&quot;en&quot;:&quot;&quot;,&quot;nl&quot;:&quot;Vluchten&quot;,&quot;fr&quot;:&quot;Vols&quot;,&quot;de&quot;:&quot;Fl\\u00fcge&quot;}},{&quot;value&quot;:&quot;Dusseldorf&quot;,&quot;label&quot;:{&quot;en&quot;:&quot;&quot;,&quot;nl&quot;:&quot;Heen- en retourvlucht D\\u00fcsseldorf&quot;,&quot;fr&quot;:&quot;Vols aller\\\/retour depuis Dusseldorf &quot;,&quot;de&quot;:&quot;Fl\\u00fcge hin\\\/zur\\u00fcck von D\\u00fcsseldorf&quot;},&quot;price&quot;:false,&quot;status&quot;:&quot;disabled&quot;,&quot;language_hidden&quot;:[],&quot;startIncrement&quot;:0,&quot;endIncrement&quot;:0,&quot;var_name&quot;:&quot;flights2&quot;,&quot;category_label&quot;:{&quot;en&quot;:&quot;&quot;,&quot;nl&quot;:&quot;Vluchten&quot;,&quot;fr&quot;:&quot;Vols&quot;,&quot;de&quot;:&quot;Fl\\u00fcge&quot;}},{&quot;value&quot;:&quot;Frankfurt&quot;,&quot;label&quot;:{&quot;en&quot;:&quot;&quot;,&quot;nl&quot;:&quot;Heen- en retourvlucht Frankfurt&quot;,&quot;fr&quot;:&quot;Vol aller-retour vers Francfort&quot;,&quot;de&quot;:&quot;Voll Hin- und R\\u00fcckflug nach Frankfurt&quot;},&quot;price&quot;:false,&quot;status&quot;:&quot;disabled&quot;,&quot;language_hidden&quot;:[],&quot;startIncrement&quot;:0,&quot;endIncrement&quot;:0,&quot;var_name&quot;:&quot;flights2&quot;,&quot;category_label&quot;:{&quot;en&quot;:&quot;&quot;,&quot;nl&quot;:&quot;Vluchten&quot;,&quot;fr&quot;:&quot;Vols&quot;,&quot;de&quot;:&quot;Fl\\u00fcge&quot;}},{&quot;value&quot;:&quot;Berlin&quot;,&quot;label&quot;:{&quot;en&quot;:&quot;&quot;,&quot;nl&quot;:&quot;Heen- en retourvlucht Berlijn&quot;,&quot;fr&quot;:&quot;Vol aller-retour pour Berlin&quot;,&quot;de&quot;:&quot;Vol Hin- und R\\u00fcckflug nach Berlin&quot;},&quot;price&quot;:false,&quot;status&quot;:&quot;disabled&quot;,&quot;language_hidden&quot;:[],&quot;startIncrement&quot;:0,&quot;endIncrement&quot;:0,&quot;var_name&quot;:&quot;flights2&quot;,&quot;category_label&quot;:{&quot;en&quot;:&quot;&quot;,&quot;nl&quot;:&quot;Vluchten&quot;,&quot;fr&quot;:&quot;Vols&quot;,&quot;de&quot;:&quot;Fl\\u00fcge&quot;}},{&quot;value&quot;:&quot;Hamburg&quot;,&quot;label&quot;:{&quot;en&quot;:&quot;&quot;,&quot;nl&quot;:&quot;Heen- en retourvlucht Hamburg&quot;,&quot;fr&quot;:&quot;Vol aller-retour pour Hambourg&quot;,&quot;de&quot;:&quot;Voll Hin- und R\\u00fcckfahrt nach Hamburg&quot;},&quot;price&quot;:false,&quot;status&quot;:&quot;disabled&quot;,&quot;language_hidden&quot;:[],&quot;startIncrement&quot;:0,&quot;endIncrement&quot;:0,&quot;var_name&quot;:&quot;flights2&quot;,&quot;category_label&quot;:{&quot;en&quot;:&quot;&quot;,&quot;nl&quot;:&quot;Vluchten&quot;,&quot;fr&quot;:&quot;Vols&quot;,&quot;de&quot;:&quot;Fl\\u00fcge&quot;}},{&quot;value&quot;:&quot;M\\u00fcnchen&quot;,&quot;label&quot;:{&quot;en&quot;:&quot;&quot;,&quot;nl&quot;:&quot;Heen- en retourvlucht M\\u00fcnchen&quot;,&quot;fr&quot;:&quot;Vol aller-retour pour Munich&quot;,&quot;de&quot;:&quot;Voll retour nach M\\u00fcnchen&quot;},&quot;price&quot;:false,&quot;status&quot;:&quot;disabled&quot;,&quot;language_hidden&quot;:[],&quot;startIncrement&quot;:0,&quot;endIncrement&quot;:0,&quot;var_name&quot;:&quot;flights2&quot;,&quot;category_label&quot;:{&quot;en&quot;:&quot;&quot;,&quot;nl&quot;:&quot;Vluchten&quot;,&quot;fr&quot;:&quot;Vols&quot;,&quot;de&quot;:&quot;Fl\\u00fcge&quot;}},{&quot;value&quot;:&quot;no flights&quot;,&quot;label&quot;:{&quot;en&quot;:&quot;&quot;,&quot;nl&quot;:&quot;Geen vluchten&quot;,&quot;fr&quot;:&quot;Pas de vol&quot;,&quot;de&quot;:&quot;Keine Pl\\u00e4tze mehr&quot;},&quot;price&quot;:0,&quot;status&quot;:&quot;available&quot;,&quot;language_hidden&quot;:[],&quot;startIncrement&quot;:0,&quot;endIncrement&quot;:0,&quot;var_name&quot;:&quot;flights2&quot;,&quot;category_label&quot;:{&quot;en&quot;:&quot;&quot;,&quot;nl&quot;:&quot;Vluchten&quot;,&quot;fr&quot;:&quot;Vols&quot;,&quot;de&quot;:&quot;Fl\\u00fcge&quot;}}],&quot;bookable&quot;:true,&quot;bookingUrl&quot;:&quot;https:\\\/\\\/booking.travelbase.eu\\\/jn26a\\\/book?trip=11412&quot;,&quot;packageId&quot;:&quot;JN-JN&quot;}}]}\" data-summary-content=\"Pour valider votre participation, nous vous demandons de payer le montant de l\u2019acompte, soit 35% de la somme totale de votre voyage, dans les 5 jours.\" data-summary-inclusive='[{&quot;remark&quot;:&quot;Un 4x4 enti\\u00e8rement \\u00e9quip\\u00e9&quot;,&quot;rowid&quot;:&quot;67dd6d9c2e254&quot;},{&quot;remark&quot;:&quot;6 nuits dans des h\\u00f4tels (petits d\\u00e9jeuners compris)&quot;,&quot;rowid&quot;:&quot;67dd6d9c2e271&quot;},{&quot;remark&quot;:&quot;1 nuit dans un campement (petit d\\u00e9jeuner et repas du soir inclus)&quot;,&quot;rowid&quot;:&quot;67dd6d9c2e28b&quot;},{&quot;remark&quot;:&quot;Acc\\u00e8s \\u00e0 un syst\\u00e8me de navigation avec l&#039;itin\\u00e9raire complet&quot;,&quot;rowid&quot;:&quot;67dd6d9c2e2a5&quot;},{&quot;remark&quot;:&quot;Assistance avant et pendant votre voyage&quot;,&quot;rowid&quot;:&quot;67dd6d9c2e2bf&quot;}]'><\/div>\n        <\/div>\n    <\/div>\n\n\n\n<div class=\"tb-reviewroll tb-block align-center background-light pattern-none variant-none tb-collapsible-margins\" id=\"reviews\">\n\t\t<div class=\"inner-block tb-fade-in tb-fade-in--subtle\">\n\t\t<div class=\"text-part\">\n\t\t\t<h2>Deze reizigers gingen je voor\u2026<\/h2>\n\t\t<\/div>\n\n\t\t<div class=\"average-reviews-wrapper\" data-embed-social-id=\"b0ff53b6da69c89beca10ef7bb76aa0ece1708fa\" data-reviews-redirect-url=\"\">\n\t\t<\/div>\n\t<\/div>\n\t<div class=\"inner-block-full-width has-tb-carousel\">\n\t\t<!-- <div class=\"inner-block tb-fade-in tb-fade-in--subtle\"> -->\n\n\t\t<div class=\"reviews-wrapper\" data-embed-social-id=\"b0ff53b6da69c89beca10ef7bb76aa0ece1708fa\" data-per-page=\"5\" data-type-code=\"travelbase\"\">\n\t\t\t<div class=\"tb-ajax-loader\">\n\t\t<\/div>\n\t<\/div>\n\n\t<!-- <\/div> -->\n<\/div>\n<\/div>\n\n\n\n\n<div class=\"hide-some tb-faq tb-block align-center background-dark pattern-none variant-none tb-collapsible-margins\" id=\"faq\">\n\t<div class=\"inner-block tb-fade-in tb-fade-in--subtle\">\n\t\t<div class=\"text-part\">\n\t\t\t<h2>FAQ's<\/h2>\n\t\t\t\t\t<div class=\"translation-block\"><p>Hier vind je alvast enkele <strong>veelgestelde vragen over Jordan Nomads<\/strong>. Mocht je nog bijkomende vragen hebben, aarzel dan niet om ons te <a href=\"\/nl\/jordannomads.org\/contact\/\">contacteren<\/a>.<\/p><\/div>\n\t\t\t<\/div>\n\t<\/div>\n\t<div class=\"inner-block\">\n\n\t\t\t\t\t<div class=\"faq-list tb-accordion tb-accordion--animation two-col\">\n\t\t\t\t\t\t\t\t\t<details class=\"details\">\n\t\t\t\t\t\t<summary class=\"summary\"><div>Welke documenten heb ik nodig om naar Jordani\u00eb te reizen?<\/div><\/summary>\n\t\t\t\t\t\t<div class=\"content text-part\">\n\t\t\t\t\t\t\t\t\t<div class=\"translation-block\"><ul><li>Een <strong>internationaal paspoort<\/strong> dat nog minstens 6 maanden geldig is na je reis.<\/li><li>Een nationaal of Europees <strong>rijbewijs<\/strong>.<\/li><\/ul><p>Om Jordani\u00eb binnen te mogen, heb je ook een visum nodig. Dat visum kan je aankopen op de luchthaven of verkrijgen via ons door een Jordan Pass te bestellen. De Jordan Pass bevat niet alleen je visum, maar biedt ook toegang tot verschillende bezienswaardigheden.<\/p><\/div>\n\t\t\t\t\t\t\t<\/div>\n\t\t\t\t\t<\/details>\n\t\t\t\t\t\t\t\t\t<details class=\"details\">\n\t\t\t\t\t\t<summary class=\"summary\"><div>Wat zijn de huidige geopolitieke omstandigheden in Jordani\u00eb? <\/div><\/summary>\n\t\t\t\t\t\t<div class=\"content text-part\">\n\t\t\t\t\t\t\t\t\t<div class=\"translation-block\"><p>Jordani\u00eb is een land dat bekend staat om zijn stabiliteit en veiligheid voor reizigers. Hoewel het land zich in een regio bevindt die soms door spanningen wordt getroffen, heeft Jordani\u00eb altijd een vreedzaam buitenlands beleid gevoerd, waardoor de interne stabiliteit en de diplomatieke betrekkingen met de buurlanden gewaarborgd blijven. Dit maakt het al lange tijd een betrouwbare en gewaardeerde toeristische bestemming.<\/p><p>We zijn ons er echter van bewust dat de huidige geopolitieke situatie vragen kan oproepen. Daarom volgen we de situatie nauwgezet op, in samenwerking met onze lokale partners en op basis van de offici\u00eble aanbevelingen van de bevoegde autoriteiten.<\/p><p>Reizigers die gepland hadden te vertrekken in het voorjaar zijn <strong>persoonlijk op de hoogte gebracht<\/strong>, met duidelijke uitleg over de verschillende opties die zij hebben: verplaatsen naar een andere Travelbase-reis, een Travelbase-voucher met een geldigheid van twee jaar of wachten op een definitieve beslissing afhankelijk van de verdere evolutie van het reisadvies.<\/p><p>Onze hoogste prioriteit blijft de veiligheid en gemoedsrust van onze deelnemers. We willen vooral dat iedereen Jordani\u00eb kan ontdekken onder de beste omstandigheden en het land herinnert als een gastvrije bestemming, rijk aan geschiedenis en adembenemende landschappen, ver weg van onmiddellijke politieke zorgen.<\/p><p>*Laatste update: 11 maart 2026<\/p><\/div>\n\t\t\t\t\t\t\t<\/div>\n\t\t\t\t\t<\/details>\n\t\t\t\t\t\t\t\t\t<details class=\"details\">\n\t\t\t\t\t\t<summary class=\"summary\"><div>Hoe oud moet ik zijn om te kunnen rijden in Jordani\u00eb?<\/div><\/summary>\n\t\t\t\t\t\t<div class=\"content text-part\">\n\t\t\t\t\t\t\t\t\t<div class=\"translation-block\"><p>Voor deze reis moet je minstens <strong>21 jaar<\/strong> oud zijn en al <strong>2 jaar<\/strong> in het bezit zijn van een rijbewijs om een auto te mogen besturen in Jordani\u00eb.<\/p><\/div>\n\t\t\t\t\t\t\t<\/div>\n\t\t\t\t\t<\/details>\n\t\t\t\t\t\t\t\t\t<details class=\"details\">\n\t\t\t\t\t\t<summary class=\"summary\"><div>Met hoeveel personen kunnen we deze reis maken?<\/div><\/summary>\n\t\t\t\t\t\t<div class=\"content text-part\">\n\t\t\t\t\t\t\t\t\t<div class=\"translation-block\"><p>Jordan Nomads is specifiek uitgewerkt voor groepen van <strong>2<\/strong>, <strong>3<\/strong> <strong>of 4 personen<\/strong>.<\/p><p>Een standaard reisgezelschap bestaat uit <strong>2 personen<\/strong>, maar per vertrekdatum kan er ook \u00e9\u00e9n groep van <strong>3 personen<\/strong> deelnemen. We voorzien dan een auto en driepersoonskamer in elk hotel. Groepen van 3 personen ontvangen een korting van \u20ac250 op de eindfactuur.<\/p><p>Wil je graag met <strong>4 personen<\/strong> in \u00e9\u00e9n auto reizen? Dat kan, dan ontvang je een korting van \u20ac350 op de eindfactuur. Houd er wel rekening mee dat je in de meeste accommodaties twee tweepersoonskamers toegewezen zal krijgen in plaats van \u00e9\u00e9n vierpersoonskamer.<\/p><p>Ben je <strong>alleen<\/strong>? Dan raden we je aan om een kijkje te nemen op de website van <a href=\"https:\/\/weadventures.com\/\">WeAdventures<\/a>. Zij bieden de Jordan Nomads roadtrip aan als groepsreis voor soloreizigers.<\/p><\/div>\n\t\t\t\t\t\t\t<\/div>\n\t\t\t\t\t<\/details>\n\t\t\t\t\t\t\t\t\t<details class=\"details\">\n\t\t\t\t\t\t<summary class=\"summary\"><div>Wat zijn de extra kosten?<\/div><\/summary>\n\t\t\t\t\t\t<div class=\"content text-part\">\n\t\t\t\t\t\t\t\t\t<div class=\"translation-block\"><ul><li><strong>Brandstof<\/strong>: \u00b1 85 JOD, oftewel \u20ac115 per auto voor de volledige roadtrip<\/li><li><strong>Eten en drinken<\/strong> (meer info onder de rubriek <a href=\"#info\">eten en drinken<\/a>)<\/li><li>Lokale <strong>simkaart<\/strong>: \u20ac3 \u00e0 \u20ac7<\/li><\/ul><\/div>\n\t\t\t\t\t\t\t<\/div>\n\t\t\t\t\t<\/details>\n\t\t\t\t\t\t\t\t\t<details class=\"details\">\n\t\t\t\t\t\t<summary class=\"summary\"><div>Moet ik een schadeverzekering nemen?<\/div><\/summary>\n\t\t\t\t\t\t<div class=\"content text-part\">\n\t\t\t\t\t\t\t\t\t<div class=\"translation-block\"><p><strong>Schadeverzekering<\/strong><\/p><p>Een ongeluk zit in een klein hoekje, daarom raden we je aan om een <a href=\"https:\/\/admin.travelbase.eu\/u\/source\/Nomads_Trips\/General\/DAMAGE_WAIVER\/Damage_Waiver_FR.pdf\" target=\"_blank\">schadeverzekering<\/a> toe te voegen aan je reservering. Deze verzekering kost je 37\u20ac per dag en dekt het voertuig wanneer een lid van je team achter het stuur zit. Door deze verzekering te kiezen, hoef je geen borg te betalen.<\/p><p>Als je ervoor kiest om geen verzekering te nemen, moet je een borg van 1000\u20ac betalen voor je vertrek en kan er een eigen risico van maximaal 3000\u20ac worden gevraagd in geval van schade.<\/p><\/div>\n\t\t\t\t\t\t\t<\/div>\n\t\t\t\t\t<\/details>\n\t\t\t\t\t\t\t\t\t<details class=\"details\">\n\t\t\t\t\t\t<summary class=\"summary\"><div>Hoe verloopt de betalingsprocedure?<\/div><\/summary>\n\t\t\t\t\t\t<div class=\"content text-part\">\n\t\t\t\t\t\t\t\t\t<div class=\"translation-block\"><p>Binnen de 5 dagen na je inschrijving zal je een <strong>voorschot<\/strong> <strong>van 35%<\/strong> moeten betalen om je roadtrip te bevestigen. Daarna heb je nog tot 45 dagen voor vertrek om je opties te wijzigen en het restbedrag te betalen. Als je wijzigingen aanbrengt, wordt het voorschot automatisch herberekend.<\/p><p>Daarnaast zal je kort voor vertrek ook nog een <strong>waarborg<\/strong> moeten betalen als je geen schadevrijstelling afgesloten hebt (meer info onder de rubriek <a href=\"#info\">verzekeringen<\/a>).<\/p><p>Er zijn <strong>diverse betaalmogelijkheden<\/strong>. Is je betaling mislukt? Dan is er waarschijnlijk een fout opgetreden bij het invoeren van het referentienummer of heb je de limiet van je rekening overschreden.<\/p><\/div>\n\t\t\t\t\t\t\t<\/div>\n\t\t\t\t\t<\/details>\n\t\t\t\t\t\t\t\t\t<details class=\"details\">\n\t\t\t\t\t\t<summary class=\"summary\"><div>Is er ondersteuning ter plaatse?<\/div><\/summary>\n\t\t\t\t\t\t<div class=\"content text-part\">\n\t\t\t\t\t\t\t\t\t<div class=\"translation-block\"><p>Bij je aankomst in Jordani\u00eb word je hartelijk ontvangen door <strong>onze partners<\/strong> ter plaatse. Zij verwelkomen je en geven je een woordje uitleg voor je aan je reis begint.<\/p><p>Tijdens je roadtrip kan je allerlei nuttige informatie terugvinden in onze <strong>app<\/strong>. Daarnaast krijg je net voor je vertrek toegang tot een <strong>Whatsappgroep<\/strong> met alle deelnemers die op dezelfde datum vertrekken. In die groep kunnen jullie onderling communiceren, maar in geval van nood is er ook steeds iemand van het team bereikbaar.<\/p><\/div>\n\t\t\t\t\t\t\t<\/div>\n\t\t\t\t\t<\/details>\n\t\t\t\t\t\t\t\t\t<details class=\"details\">\n\t\t\t\t\t\t<summary class=\"summary\"><div>Kan ik mijn reis nog annuleren?<\/div><\/summary>\n\t\t\t\t\t\t<div class=\"content text-part\">\n\t\t\t\t\t\t\t\t\t<div class=\"translation-block\"><p>Het is altijd mogelijk om je roadtrip te annuleren. Hier vind je de <a href=\"https:\/\/static.travelbase.eu\/u\/source\/Nomads_Trips\/NOMADS_CANCELLATION_INSURANCE_NL.pdf\" target=\"_blank\">voorwaarden<\/a> alvast terug.<\/p><p>Daarnaast kan je ook terugvallen op de <strong>Superflex<\/strong> <strong>annulatievoorwaarden<\/strong> tot 1 december 2025 (voor de voorjaarseditie in 2026) en 1 juni 2026 (voor de najaarseditie in 2026). Meer info onder de FAQ \u2018Wat zijn de Superflex annulatievoorwaarden?\u2019<\/p><\/div>\n\t\t\t\t\t\t\t<\/div>\n\t\t\t\t\t<\/details>\n\t\t\t\t\t\t\t\t\t<details class=\"details\">\n\t\t\t\t\t\t<summary class=\"summary\"><div>Wat staat er in het roadbook? <\/div><\/summary>\n\t\t\t\t\t\t<div class=\"content text-part\">\n\t\t\t\t\t\t\t\t\t<div class=\"translation-block\"><p>Ons roadbook bevat alle informatie die je nodig hebt voor een geslaagde roadtrip in Jordani\u00eb.<\/p><p>Enerzijds bevat het de <strong>volledige route<\/strong>, inclusief alle <strong>hotspots<\/strong> en <strong>verborgen parels<\/strong> die je niet terugvindt in grote reisgidsen. De plekken die we aanbevelen zijn steeds suggestief: je kan zelf namelijk kiezen welke bezienswaardigheden je bezoekt en hoeveel tijd je er spendeert.<\/p><p>Daarnaast bevat ons roadbook ook allerlei leuke adresjes waar je iets kan gaan eten of drinken.<\/p><\/div>\n\t\t\t\t\t\t\t<\/div>\n\t\t\t\t\t<\/details>\n\t\t\t\t\t\t\t\t\t<details class=\"details\">\n\t\t\t\t\t\t<summary class=\"summary\"><div>Wil je graag je steentje bijdragen aan de natuur?<\/div><\/summary>\n\t\t\t\t\t\t<div class=\"content text-part\">\n\t\t\t\t\t\t\t\t\t<div class=\"translation-block\"><p>Via onze samenwerking met <strong>Greentripper<\/strong>, kan je de CO2-uitstoot van je reis terug in balans te brengen. Jouw bijdrage gaat naar het gecertificeerde Wildlife Cambodia project dat allerlei bossen en de wilde dieren die er wonen, beschermt. Bovendien draagt Travelbase ook bij aan elke bijdrage.<\/p><p><a href=\"https:\/\/travelbase.eu\/duurzaamheid\/\">Ontdek hier alles over de inspanningen die Travelbase levert<\/a>.<\/p><\/div>\n\t\t\t\t\t\t\t<\/div>\n\t\t\t\t\t<\/details>\n\t\t\t\t\t\t\t\t\t<details class=\"details\">\n\t\t\t\t\t\t<summary class=\"summary\"><div>Wat zijn de Superflex annulatievoorwaarden?<\/div><\/summary>\n\t\t\t\t\t\t<div class=\"content text-part\">\n\t\t\t\t\t\t\t\t\t<div class=\"translation-block\"><p>Deze voorwaarden zijn beschikbaar voor iedereen die vroeg boekt. Je kan er je <strong>roadtrip mee verplaatsen<\/strong> naar een andere periode binnen hetzelfde seizoen (afhankelijk van de beschikbaarheden) <strong>of kosteloos annuleren<\/strong> voor 1 december 2025 (voor de voorjaarseditie in 2026) en 1 juni 2026 (voor de najaarseditie in 2026).<\/p><\/div>\n\t\t\t\t\t\t\t<\/div>\n\t\t\t\t\t<\/details>\n\t\t\t\t\t\t\t\t\t<details class=\"details\">\n\t\t\t\t\t\t<summary class=\"summary\"><div>Kan ik de reis naar eigen wens aanpassen?<\/div><\/summary>\n\t\t\t\t\t\t<div class=\"content text-part\">\n\t\t\t\t\t\t\t\t\t<div class=\"translation-block\"><p>Wij bieden een volledig uitgestippelde roadtrip aan, waardoor het <strong>niet mogelijk<\/strong> is <strong>om de reisduur en planning aan te passen<\/strong>. Je bent uiteraard vrij om je reis op eigen initiatief te verlengen door nadien bijvoorbeeld nog enkele dagen in Jordani\u00eb te verblijven of door te reizen naar een ander land.<\/p><\/div>\n\t\t\t\t\t\t\t<\/div>\n\t\t\t\t\t<\/details>\n\t\t\t\t\t\t\t\t\t<details class=\"details\">\n\t\t\t\t\t\t<summary class=\"summary\"><div>Mag ik een drone meenemen naar Jordani\u00eb? <\/div><\/summary>\n\t\t\t\t\t\t<div class=\"content text-part\">\n\t\t\t\t\t\t\t\t\t<div class=\"translation-block\"><p>Als toerist moet je een <strong>speciale vergunning<\/strong> aanvragen om met je drone te mogen vliegen. Die vergunning is erg moeilijk te verkrijgen, waardoor we je aanraden om je drone thuis te laten en met je eigen ogen te genieten van de landschappen.<\/p><\/div>\n\t\t\t\t\t\t\t<\/div>\n\t\t\t\t\t<\/details>\n\t\t\t\t\t\t\t\t\t<details class=\"details\">\n\t\t\t\t\t\t<summary class=\"summary\"><div>Moet ik geld wisselen v\u00f3\u00f3r mijn vertrek?<\/div><\/summary>\n\t\t\t\t\t\t<div class=\"content text-part\">\n\t\t\t\t\t\t\t\t\t<div class=\"translation-block\"><p>Het is voordeliger om <strong>ter plaatse<\/strong> geld af te halen of in te wisselen.<\/p><p>Tips:<\/p><ul><li>Neem eurobiljetten (in goede staat) mee.<\/li><li>Wissel een klein bedrag op de luchthaven voor je eerste uitgaven, en de rest in de stad tegen een betere koers.<\/li><li>Bankkaarten werken in de grote steden, maar contant geld blijft essentieel in de woestijn, de dorpen of op de markten.<\/li><\/ul><\/div>\n\t\t\t\t\t\t\t<\/div>\n\t\t\t\t\t<\/details>\n\t\t\t\t\t\t\t<\/div>\n\t\t\t\t<div class=\"load-more-faqs-container\">\n\t\t\t<div class=\"load-more-faqs-link\">\n\t\t\t\t<a href=\"#\" class=\"tb-buttonlink-with-icon load-more\">\n\t\t\t\t\t<span>Toon meer FAQ\u2019s<\/span>\n\t\t\t\t\t<i class=\"icon fa fa-plus\"><\/i>\n\t\t\t\t<\/a>\n\t\t\t\t<a href=\"#\" class=\"tb-buttonlink-with-icon load-less\">\n\t\t\t\t\t<span>Toon minder FAQ\u2019s<\/span>\n\t\t\t\t\t<i class=\"icon fa fa-minus\"><\/i>\n\t\t\t\t<\/a>\n\t\t\t<\/div>\n\t\t<\/div>\n\t<\/div>\n\t\t\t<div class=\"inner-block tb-fade-in tb-fade-in--subtle\">\n\t\t\t<div class=\"faq-footer text-part\">\n\t\t\t\t<h3>Heb je nog andere vragen? <\/h3>\t\t\t\t\t\t\t\t\t\t\t\t\t\t\t\t\t<a href=\"mailto:info@jordannomads.org\" class=\"tb-buttonlink-with-icon\">\n\t\t\t\t\t\t<span>Contacteer ons!<\/span>\n\t\t\t\t\t\t<i class=\"icon fa fa-arrow-right\"><\/i>\n\t\t\t\t\t<\/a>\n\t\t\t\t\t\t\t<\/div>\n\t\t<\/div>\n\t<\/div>\n\n<div class=\"tb-similartrips tb-block align-center background-light pattern-none variant-none tb-collapsible-margins\" id=\"othertrips\">\n\t\t\t<div class=\"inner-block tb-fade-in tb-fade-in--subtle\">\n\t\t\t<div class=\"text-part\">\n\t\t\t\t\t\t\t\t\t<h2>Benieuwd naar onze andere avonturen?<\/h2>\n\t\t\t\t\t\t\t\t\t\t\t<\/div>\n\t\t<\/div>\n\t\t\t\t\t\t<div class=\"inner-block-full-width has-tb-carousel\" data-no-translation>\n\t\t\t<div class=\"tb-carousel-container\">\n\t\t\t\t<div class=\"entries tb-cards\" data-slider-first=\"1\">\n\t\t\t\t\t\t\t\t\t<a href=\"https:\/\/travelbase.eu\/trip\/kyrgyzstan-nomads-roadtrip\/\"  target=\"_blank\" class=\"tb-card entry\">\n\t\t\t\t<div class=\"tb-image-part\">\n\t\t\t\t\t\t\t\t\t\t\t<img decoding=\"async\" src=\"https:\/\/travelbase.eu\/app\/uploads\/2024\/12\/KYRNHeaderImageTBWebsite-1024x819.png\" alt=\"Kyrgyzstan Nomads\" loading=\"lazy\" width=\"1024\" class=\"smush-dimensions\" style=\"--smush-image-width: 1024px; --smush-image-aspect-ratio: 1024\/819;\" \/>\n\t\t\t\t\t\t\t\t\t\t\t\t\t\t\t\t\t\t\t\t\t\t\t\t<\/div>\n\t\t\t\t<div class=\"tb-card-content\">\n\t\t\t\t\t<h4>\n\t\t\t\t\t\t<span>Kyrgyzstan Nomads<\/span>\n\t\t\t\t\t\t\t\t\t\t\t\t\t\t\t<\/h4>\n\t\t\t\t\t\t\t\t\t\t\t<div class=\"line\">\n\t\t\t\t\t\t\t\t\t\t\t\t\t\t\t<span class=\"location tb-text-with-icon icon-first\">\n\t\t\t\t\t\t\t\t\t<i class=\"icon fa fa-map-marker\"><\/i>\n\t\t\t\t\t\t\t\t\t<span>Kirgizi\u00eb<\/span>\n\t\t\t\t\t\t\t\t<\/span>\n\t\t\t\t\t\t\t\t\t\t\t\t\t\t\t\t\t\t\t\t\t\t<span class=\"duration tb-text-with-icon icon-first\">\n\t\t\t\t\t\t\t\t\t<i class=\"icon fa fa-clock\"><\/i>\n\t\t\t\t\t\t\t\t\t<span>9 dagen<\/span>\n\t\t\t\t\t\t\t\t<\/span>\n\t\t\t\t\t\t\t\t\t\t\t\t\t<\/div>\n\t\t\t\t\t\t\t\t\t\t\t\t\t\t\t\t<div class=\"line\">\n\t\t\t\t\t\t\t<span class=\"months tb-text-with-icon icon-first\">\n\t\t\t\t\t\t\t\t<i class=\"icon fa fa-calendar\"><\/i>\n\t\t\t\t\t\t\t\t<span>Juni &#8211; September<\/span>\n\t\t\t\t\t\t\t<\/span>\n\t\t\t\t\t\t<\/div>\n\t\t\t\t\t\t\t\t\t<\/div>\n\t\t\t<\/a>\n\t\t\t\t\t<a href=\"https:\/\/travelbase.eu\/trip\/oman-nomads-roadtrip\/\"  target=\"_blank\" class=\"tb-card entry\">\n\t\t\t\t<div class=\"tb-image-part\">\n\t\t\t\t\t\t\t\t\t\t\t<img decoding=\"async\" src=\"https:\/\/travelbase.eu\/app\/uploads\/2023\/11\/Portrait-2-682x1024.jpg\" alt=\"Oman Nomads\" loading=\"lazy\" width=\"682\" class=\"smush-dimensions\" style=\"--smush-image-width: 682px; --smush-image-aspect-ratio: 682\/1024;\" \/>\n\t\t\t\t\t\t\t\t\t\t\t\t\t\t\t\t\t\t\t\t\t\t\t\t<\/div>\n\t\t\t\t<div class=\"tb-card-content\">\n\t\t\t\t\t<h4>\n\t\t\t\t\t\t<span>Oman Nomads<\/span>\n\t\t\t\t\t\t\t\t\t\t\t\t\t\t\t<\/h4>\n\t\t\t\t\t\t\t\t\t\t\t<div class=\"line\">\n\t\t\t\t\t\t\t\t\t\t\t\t\t\t\t<span class=\"location tb-text-with-icon icon-first\">\n\t\t\t\t\t\t\t\t\t<i class=\"icon fa fa-map-marker\"><\/i>\n\t\t\t\t\t\t\t\t\t<span>Oman<\/span>\n\t\t\t\t\t\t\t\t<\/span>\n\t\t\t\t\t\t\t\t\t\t\t\t\t\t\t\t\t\t\t\t\t\t<span class=\"duration tb-text-with-icon icon-first\">\n\t\t\t\t\t\t\t\t\t<i class=\"icon fa fa-clock\"><\/i>\n\t\t\t\t\t\t\t\t\t<span>7 dagen<\/span>\n\t\t\t\t\t\t\t\t<\/span>\n\t\t\t\t\t\t\t\t\t\t\t\t\t<\/div>\n\t\t\t\t\t\t\t\t\t\t\t\t\t\t\t\t<div class=\"line\">\n\t\t\t\t\t\t\t<span class=\"months tb-text-with-icon icon-first\">\n\t\t\t\t\t\t\t\t<i class=\"icon fa fa-calendar\"><\/i>\n\t\t\t\t\t\t\t\t<span>Januari &#8211; December<\/span>\n\t\t\t\t\t\t\t<\/span>\n\t\t\t\t\t\t<\/div>\n\t\t\t\t\t\t\t\t\t<\/div>\n\t\t\t<\/a>\n\t\t\t\t\t<a href=\"https:\/\/travelbase.eu\/trip\/morocco-nomads-roadtrip\/\"  target=\"_blank\" class=\"tb-card entry\">\n\t\t\t\t<div class=\"tb-image-part\">\n\t\t\t\t\t\t\t\t\t\t\t<img decoding=\"async\" src=\"https:\/\/travelbase.eu\/app\/uploads\/2023\/12\/ATL23_EvyVanNispen_LR-570-1024x683.jpg\" alt=\"Morocco Nomads\" loading=\"lazy\" width=\"1024\" class=\"smush-dimensions\" style=\"--smush-image-width: 1024px; --smush-image-aspect-ratio: 1024\/683;\" \/>\n\t\t\t\t\t\t\t\t\t\t\t\t\t\t\t\t\t\t\t\t\t\t\t\t<\/div>\n\t\t\t\t<div class=\"tb-card-content\">\n\t\t\t\t\t<h4>\n\t\t\t\t\t\t<span>Morocco Nomads<\/span>\n\t\t\t\t\t\t\t\t\t\t\t\t\t\t\t<\/h4>\n\t\t\t\t\t\t\t\t\t\t\t<div class=\"line\">\n\t\t\t\t\t\t\t\t\t\t\t\t\t\t\t<span class=\"location tb-text-with-icon icon-first\">\n\t\t\t\t\t\t\t\t\t<i class=\"icon fa fa-map-marker\"><\/i>\n\t\t\t\t\t\t\t\t\t<span>Marokko<\/span>\n\t\t\t\t\t\t\t\t<\/span>\n\t\t\t\t\t\t\t\t\t\t\t\t\t\t\t\t\t\t\t\t\t\t<span class=\"duration tb-text-with-icon icon-first\">\n\t\t\t\t\t\t\t\t\t<i class=\"icon fa fa-clock\"><\/i>\n\t\t\t\t\t\t\t\t\t<span>7 dagen<\/span>\n\t\t\t\t\t\t\t\t<\/span>\n\t\t\t\t\t\t\t\t\t\t\t\t\t<\/div>\n\t\t\t\t\t\t\t\t\t\t\t\t\t\t\t\t<div class=\"line\">\n\t\t\t\t\t\t\t<span class=\"months tb-text-with-icon icon-first\">\n\t\t\t\t\t\t\t\t<i class=\"icon fa fa-calendar\"><\/i>\n\t\t\t\t\t\t\t\t<span>Maart &#8211; November<\/span>\n\t\t\t\t\t\t\t<\/span>\n\t\t\t\t\t\t<\/div>\n\t\t\t\t\t\t\t\t\t<\/div>\n\t\t\t<\/a>\n\t\t\t\t\t\t\t\t<\/div>\n\t\t\t\t\t\t<div class=\"tb-carousel-nav\">\n\t\t\t<div class=\"dots\">\n\t\t\t\t<div class=\"dot active\"><\/div>\n\t\t\t\t<div class=\"dot\"><\/div>\n\t\t\t\t<div class=\"dot\"><\/div>\n\t\t\t<\/div>\n\t\t\t<div class=\"arrows\">\n\t\t\t\t<div class=\"prev disabled\">\n\t\t\t\t\t<span><i class=\"fa fa-chevron-left\"><\/i><\/span>\n\t\t\t\t<\/div>\n\t\t\t\t<div class=\"next\">\n\t\t\t\t\t<span><i class=\"fa fa-chevron-right\"><\/i><\/span>\n\t\t\t\t<\/div>\n\t\t\t<\/div>\n\t\t<\/div>\n\t\t\t\t<\/div>\n\t\t<\/div>\n\t\t\t\t\t<div class=\"inner-block tb-buttons tb-fade-in tb-fade-in--subtle\">\n\t\t\t<div class=\"text-part\">\n\t\t\t\t\t\t<a href=\"https:\/\/travelbase.eu\/nl\/\"  target=\"\" class=\"tb-buttonlink\">\n\t\t\tOntdek alle Travelbase reizen\t\t<\/a>\n\t\t\t\t\t<\/div>\n\t\t<\/div>\n\t<\/div>","protected":false},"excerpt":{"rendered":"","protected":false},"author":118,"featured_media":1045,"parent":0,"menu_order":0,"comment_status":"closed","ping_status":"closed","template":"","meta":{"_acf_changed":false,"inline_featured_image":false,"footnotes":""},"class_list":["post-1748","page","type-page","status-publish","has-post-thumbnail","hentry"],"acf":{"page_package_ids":"JN-JN","is_main_package_page":true,"additional_linked_packages":[],"feed_page_to_atlas":true},"_links":{"self":[{"href":"https:\/\/jn.travelblox.eu\/nl\/wp-json\/wp\/v2\/pages\/1748","targetHints":{"allow":["GET"]}}],"collection":[{"href":"https:\/\/jn.travelblox.eu\/nl\/wp-json\/wp\/v2\/pages"}],"about":[{"href":"https:\/\/jn.travelblox.eu\/nl\/wp-json\/wp\/v2\/types\/page"}],"author":[{"embeddable":true,"href":"https:\/\/jn.travelblox.eu\/nl\/wp-json\/wp\/v2\/users\/118"}],"replies":[{"embeddable":true,"href":"https:\/\/jn.travelblox.eu\/nl\/wp-json\/wp\/v2\/comments?post=1748"}],"version-history":[{"count":51,"href":"https:\/\/jn.travelblox.eu\/nl\/wp-json\/wp\/v2\/pages\/1748\/revisions"}],"predecessor-version":[{"id":1966,"href":"https:\/\/jn.travelblox.eu\/nl\/wp-json\/wp\/v2\/pages\/1748\/revisions\/1966"}],"wp:featuredmedia":[{"embeddable":true,"href":"https:\/\/jn.travelblox.eu\/nl\/wp-json\/wp\/v2\/media\/1045"}],"wp:attachment":[{"href":"https:\/\/jn.travelblox.eu\/nl\/wp-json\/wp\/v2\/media?parent=1748"}],"curies":[{"name":"wp","href":"https:\/\/api.w.org\/{rel}","templated":true}]}}